{"data":{"id":193287,"slug":"11-apartments-in-a-beachfront-complex-in-izmir-foca","type":"real_estate","title":"1+1 Apartments in a Beachfront Complex in \u0130zmir Fo\u00e7a","description":"1 Bedroom Apartments in a Beachfront Complex in \u0130zmir Fo\u00e7a\nThese apartments in Fo\u00e7a district are located in \u0130zmir, a cosmopolitan city. \u0130zmir is known for its rich historical past, beautiful sea, and active city life. It is also home to many museums, social and cultural activity areas, universities, and resorts.\nFo\u00e7a district is a holiday destination where sea tourism and water sports are developed with its 330 yacht capacity marina. Fo\u00e7a offers a peaceful and tranquil life away from the crowds of city life. \nThe apartments for sale in \u0130zmir  Fo\u00e7a are only 15 meters from the beach, 300 meters from the market, 8.1 kilometers from the pharmacy, 9.1 kilometers from the hospital, 30 kilometers from \u0130zban Train line, 107 kilometers from \u0130zmir Adnan Menderes Airport, and 155 kilometers from the historical Ancient City of Ephesus.\nDesigned as a wheelchair-friendly project, this 150,000 square meter area has comfort-enhancing features such as a communal garden, outdoor parking lot, 24\/7 security service, and security cameras.\n1 bedroom sea view apartment has a private garden, steel door, balcony, shower cabin, central satellite system, PVC window system, and kitchen appliances. ADB-00001","language":"en","is_translated":false,"price":"185000.00","currency":"USD","status":"active","noindex":false,"location":{"address":null,"full_address":null,"city":"\u0130zmir","country":"TR","latitude":38.7498868,"longitude":26.825936},"metadata":{"cctv":true,"floor":1,"rooms":2,"floors":2,"garden":true,"region":"Fo\u00e7a","area_m2":55,"balcony":true,"parking":true,"bedrooms":1,"features":["Air Conditioning","Balcony","Kitchen Appliances","Open-Plan Kitchen","Shower","Satellite TV","Basketball Field","Car Park","Caretaker","Communal Garden","Football Field","In A Complex","Playground","Private Garden","Security 7\/24","Security Camera","Volleyball Field","Wheelchair Friendly","Airport (100+ Km)","Beach Front","Sea Front","Sea View","Beautiful Nature View","Forest View","Bus Station","Air Conditioning","West","East","North","South","North-West","North-East","South-West","South-East"],"sea_view":true,"security":true,"bathrooms":1,"accessible":true,"agency_ref":"ADB-00001-1-GroundFloor","year_built":2024,"postal_code":"35687","source_type":"Apartments\/Ground Floor","listing_type":"sale","neighborhood":"Fatih","property_type":"apartment","distance_to_sea":"0 m","gated_community":true,"air_conditioning":true,"distance_to_beach":"0 m","distance_to_airport":"100+ km"},"user_id":87,"is_sponsored":false,"views_count":0,"ai_views_count":3,"ai_vendor_counts":{"openai":1,"anthropic":2},"visibility":"public","submission_source":null,"submission_ai_name":null,"has_owner_email":true,"can_contact_owner":true,"phone":null,"user":{"id":87,"slug":"tekce-overseas-87","name":"TEKCE","bio":"TEKCE Real Estate is an international company with a global presence, operating 20 offices in five countries: Spain, Turkey, North Cyprus, Sweden, and the United Arab Emirates. Every office is owned by TEKCE and under its direct management. More than 250 professional real estate agents work with us, following the same principles in every country and sharing a common enthusiasm. Our multinational team speaks over 30 languages.","nationality":null,"languages":["en","es","tr","nl","sv","de","ar","el"],"service_areas":[{"lat":39.29408,"lng":35.23166,"osm":"R174737","name":"Turkey","type":"country","country_code":"TR"},{"lat":39.32607,"lng":-4.83798,"osm":"R1311341","name":"Spain","type":"country","country_code":"ES"},{"lat":24.00025,"lng":53.99948,"osm":"R307763","name":"United Arab Emirates","type":"country","country_code":"AE"},{"lat":34.9823,"lng":33.14513,"osm":"R307787","name":"Cyprus","type":"country","country_code":"CY"}],"card_style":null,"card_palette":null,"avatar_url":"https:\/\/cdn.assetlog.ai\/avatars\/87\/avatar_max.webp?v=1788592651","avatar_thumb_url":"https:\/\/cdn.assetlog.ai\/avatars\/87\/avatar_small.webp?v=1788592651","reviews_count":0,"avg_rating":null,"seller_badge":null,"can_calendar":true,"joined_at":"2026-09-04T13:08:26+00:00","primary_intent":null,"seeking":[],"asset_types":["real_estate"],"public_assets_count":7267,"public_prompts_count":0,"followers_count":0},"images":[{"id":314219,"max":"https:\/\/cdn.assetlog.ai\/assets\/193287\/11-apartments-in-a-beachfront-complex-in-izmir-foca_1_max.webp","medium":"https:\/\/cdn.assetlog.ai\/assets\/193287\/11-apartments-in-a-beachfront-complex-in-izmir-foca_1_medium.webp","small":"https:\/\/cdn.assetlog.ai\/assets\/193287\/11-apartments-in-a-beachfront-complex-in-izmir-foca_1_small.webp"},{"id":314220,"max":"https:\/\/cdn.assetlog.ai\/assets\/193287\/11-apartments-in-a-beachfront-complex-in-izmir-foca_2_max.webp","medium":"https:\/\/cdn.assetlog.ai\/assets\/193287\/11-apartments-in-a-beachfront-complex-in-izmir-foca_2_medium.webp","small":"https:\/\/cdn.assetlog.ai\/assets\/193287\/11-apartments-in-a-beachfront-complex-in-izmir-foca_2_small.webp"},{"id":314221,"max":"https:\/\/cdn.assetlog.ai\/assets\/193287\/11-apartments-in-a-beachfront-complex-in-izmir-foca_3_max.webp","medium":"https:\/\/cdn.assetlog.ai\/assets\/193287\/11-apartments-in-a-beachfront-complex-in-izmir-foca_3_medium.webp","small":"https:\/\/cdn.assetlog.ai\/assets\/193287\/11-apartments-in-a-beachfront-complex-in-izmir-foca_3_small.webp"},{"id":314223,"max":"https:\/\/cdn.assetlog.ai\/assets\/193287\/11-apartments-in-a-beachfront-complex-in-izmir-foca_4_max.webp","medium":"https:\/\/cdn.assetlog.ai\/assets\/193287\/11-apartments-in-a-beachfront-complex-in-izmir-foca_4_medium.webp","small":"https:\/\/cdn.assetlog.ai\/assets\/193287\/11-apartments-in-a-beachfront-complex-in-izmir-foca_4_small.webp"},{"id":314222,"max":"https:\/\/cdn.assetlog.ai\/assets\/193287\/11-apartments-in-a-beachfront-complex-in-izmir-foca_5_max.webp","medium":"https:\/\/cdn.assetlog.ai\/assets\/193287\/11-apartments-in-a-beachfront-complex-in-izmir-foca_5_medium.webp","small":"https:\/\/cdn.assetlog.ai\/assets\/193287\/11-apartments-in-a-beachfront-complex-in-izmir-foca_5_small.webp"},{"id":314224,"max":"https:\/\/cdn.assetlog.ai\/assets\/193287\/11-apartments-in-a-beachfront-complex-in-izmir-foca_6_max.webp","medium":"https:\/\/cdn.assetlog.ai\/assets\/193287\/11-apartments-in-a-beachfront-complex-in-izmir-foca_6_medium.webp","small":"https:\/\/cdn.assetlog.ai\/assets\/193287\/11-apartments-in-a-beachfront-complex-in-izmir-foca_6_small.webp"},{"id":314225,"max":"https:\/\/cdn.assetlog.ai\/assets\/193287\/11-apartments-in-a-beachfront-complex-in-izmir-foca_7_max.webp","medium":"https:\/\/cdn.assetlog.ai\/assets\/193287\/11-apartments-in-a-beachfront-complex-in-izmir-foca_7_medium.webp","small":"https:\/\/cdn.assetlog.ai\/assets\/193287\/11-apartments-in-a-beachfront-complex-in-izmir-foca_7_small.webp"},{"id":314226,"max":"https:\/\/cdn.assetlog.ai\/assets\/193287\/11-apartments-in-a-beachfront-complex-in-izmir-foca_8_max.webp","medium":"https:\/\/cdn.assetlog.ai\/assets\/193287\/11-apartments-in-a-beachfront-complex-in-izmir-foca_8_medium.webp","small":"https:\/\/cdn.assetlog.ai\/assets\/193287\/11-apartments-in-a-beachfront-complex-in-izmir-foca_8_small.webp"},{"id":314227,"max":"https:\/\/cdn.assetlog.ai\/assets\/193287\/11-apartments-in-a-beachfront-complex-in-izmir-foca_9_max.webp","medium":"https:\/\/cdn.assetlog.ai\/assets\/193287\/11-apartments-in-a-beachfront-complex-in-izmir-foca_9_medium.webp","small":"https:\/\/cdn.assetlog.ai\/assets\/193287\/11-apartments-in-a-beachfront-complex-in-izmir-foca_9_small.webp"},{"id":314228,"max":"https:\/\/cdn.assetlog.ai\/assets\/193287\/11-apartments-in-a-beachfront-complex-in-izmir-foca_10_max.webp","medium":"https:\/\/cdn.assetlog.ai\/assets\/193287\/11-apartments-in-a-beachfront-complex-in-izmir-foca_10_medium.webp","small":"https:\/\/cdn.assetlog.ai\/assets\/193287\/11-apartments-in-a-beachfront-complex-in-izmir-foca_10_small.webp"},{"id":314229,"max":"https:\/\/cdn.assetlog.ai\/assets\/193287\/11-apartments-in-a-beachfront-complex-in-izmir-foca_11_max.webp","medium":"https:\/\/cdn.assetlog.ai\/assets\/193287\/11-apartments-in-a-beachfront-complex-in-izmir-foca_11_medium.webp","small":"https:\/\/cdn.assetlog.ai\/assets\/193287\/11-apartments-in-a-beachfront-complex-in-izmir-foca_11_small.webp"},{"id":314230,"max":"https:\/\/cdn.assetlog.ai\/assets\/193287\/11-apartments-in-a-beachfront-complex-in-izmir-foca_12_max.webp","medium":"https:\/\/cdn.assetlog.ai\/assets\/193287\/11-apartments-in-a-beachfront-complex-in-izmir-foca_12_medium.webp","small":"https:\/\/cdn.assetlog.ai\/assets\/193287\/11-apartments-in-a-beachfront-complex-in-izmir-foca_12_small.webp"},{"id":314231,"max":"https:\/\/cdn.assetlog.ai\/assets\/193287\/11-apartments-in-a-beachfront-complex-in-izmir-foca_13_max.webp","medium":"https:\/\/cdn.assetlog.ai\/assets\/193287\/11-apartments-in-a-beachfront-complex-in-izmir-foca_13_medium.webp","small":"https:\/\/cdn.assetlog.ai\/assets\/193287\/11-apartments-in-a-beachfront-complex-in-izmir-foca_13_small.webp"},{"id":314233,"max":"https:\/\/cdn.assetlog.ai\/assets\/193287\/11-apartments-in-a-beachfront-complex-in-izmir-foca_14_max.webp","medium":"https:\/\/cdn.assetlog.ai\/assets\/193287\/11-apartments-in-a-beachfront-complex-in-izmir-foca_14_medium.webp","small":"https:\/\/cdn.assetlog.ai\/assets\/193287\/11-apartments-in-a-beachfront-complex-in-izmir-foca_14_small.webp"},{"id":314232,"max":"https:\/\/cdn.assetlog.ai\/assets\/193287\/11-apartments-in-a-beachfront-complex-in-izmir-foca_15_max.webp","medium":"https:\/\/cdn.assetlog.ai\/assets\/193287\/11-apartments-in-a-beachfront-complex-in-izmir-foca_15_medium.webp","small":"https:\/\/cdn.assetlog.ai\/assets\/193287\/11-apartments-in-a-beachfront-complex-in-izmir-foca_15_small.webp"},{"id":314234,"max":"https:\/\/cdn.assetlog.ai\/assets\/193287\/11-apartments-in-a-beachfront-complex-in-izmir-foca_16_max.webp","medium":"https:\/\/cdn.assetlog.ai\/assets\/193287\/11-apartments-in-a-beachfront-complex-in-izmir-foca_16_medium.webp","small":"https:\/\/cdn.assetlog.ai\/assets\/193287\/11-apartments-in-a-beachfront-complex-in-izmir-foca_16_small.webp"},{"id":314235,"max":"https:\/\/cdn.assetlog.ai\/assets\/193287\/11-apartments-in-a-beachfront-complex-in-izmir-foca_17_max.webp","medium":"https:\/\/cdn.assetlog.ai\/assets\/193287\/11-apartments-in-a-beachfront-complex-in-izmir-foca_17_medium.webp","small":"https:\/\/cdn.assetlog.ai\/assets\/193287\/11-apartments-in-a-beachfront-complex-in-izmir-foca_17_small.webp"},{"id":314237,"max":"https:\/\/cdn.assetlog.ai\/assets\/193287\/11-apartments-in-a-beachfront-complex-in-izmir-foca_18_max.webp","medium":"https:\/\/cdn.assetlog.ai\/assets\/193287\/11-apartments-in-a-beachfront-complex-in-izmir-foca_18_medium.webp","small":"https:\/\/cdn.assetlog.ai\/assets\/193287\/11-apartments-in-a-beachfront-complex-in-izmir-foca_18_small.webp"},{"id":314236,"max":"https:\/\/cdn.assetlog.ai\/assets\/193287\/11-apartments-in-a-beachfront-complex-in-izmir-foca_19_max.webp","medium":"https:\/\/cdn.assetlog.ai\/assets\/193287\/11-apartments-in-a-beachfront-complex-in-izmir-foca_19_medium.webp","small":"https:\/\/cdn.assetlog.ai\/assets\/193287\/11-apartments-in-a-beachfront-complex-in-izmir-foca_19_small.webp"},{"id":314238,"max":"https:\/\/cdn.assetlog.ai\/assets\/193287\/11-apartments-in-a-beachfront-complex-in-izmir-foca_20_max.webp","medium":"https:\/\/cdn.assetlog.ai\/assets\/193287\/11-apartments-in-a-beachfront-complex-in-izmir-foca_20_medium.webp","small":"https:\/\/cdn.assetlog.ai\/assets\/193287\/11-apartments-in-a-beachfront-complex-in-izmir-foca_20_small.webp"},{"id":314242,"max":"https:\/\/cdn.assetlog.ai\/assets\/193287\/11-apartments-in-a-beachfront-complex-in-izmir-foca_21_max.webp","medium":"https:\/\/cdn.assetlog.ai\/assets\/193287\/11-apartments-in-a-beachfront-complex-in-izmir-foca_21_medium.webp","small":"https:\/\/cdn.assetlog.ai\/assets\/193287\/11-apartments-in-a-beachfront-complex-in-izmir-foca_21_small.webp"},{"id":314239,"max":"https:\/\/cdn.assetlog.ai\/assets\/193287\/11-apartments-in-a-beachfront-complex-in-izmir-foca_22_max.webp","medium":"https:\/\/cdn.assetlog.ai\/assets\/193287\/11-apartments-in-a-beachfront-complex-in-izmir-foca_22_medium.webp","small":"https:\/\/cdn.assetlog.ai\/assets\/193287\/11-apartments-in-a-beachfront-complex-in-izmir-foca_22_small.webp"},{"id":314241,"max":"https:\/\/cdn.assetlog.ai\/assets\/193287\/11-apartments-in-a-beachfront-complex-in-izmir-foca_23_max.webp","medium":"https:\/\/cdn.assetlog.ai\/assets\/193287\/11-apartments-in-a-beachfront-complex-in-izmir-foca_23_medium.webp","small":"https:\/\/cdn.assetlog.ai\/assets\/193287\/11-apartments-in-a-beachfront-complex-in-izmir-foca_23_small.webp"},{"id":314240,"max":"https:\/\/cdn.assetlog.ai\/assets\/193287\/11-apartments-in-a-beachfront-complex-in-izmir-foca_24_max.webp","medium":"https:\/\/cdn.assetlog.ai\/assets\/193287\/11-apartments-in-a-beachfront-complex-in-izmir-foca_24_medium.webp","small":"https:\/\/cdn.assetlog.ai\/assets\/193287\/11-apartments-in-a-beachfront-complex-in-izmir-foca_24_small.webp"},{"id":314244,"max":"https:\/\/cdn.assetlog.ai\/assets\/193287\/11-apartments-in-a-beachfront-complex-in-izmir-foca_25_max.webp","medium":"https:\/\/cdn.assetlog.ai\/assets\/193287\/11-apartments-in-a-beachfront-complex-in-izmir-foca_25_medium.webp","small":"https:\/\/cdn.assetlog.ai\/assets\/193287\/11-apartments-in-a-beachfront-complex-in-izmir-foca_25_small.webp"},{"id":314243,"max":"https:\/\/cdn.assetlog.ai\/assets\/193287\/11-apartments-in-a-beachfront-complex-in-izmir-foca_26_max.webp","medium":"https:\/\/cdn.assetlog.ai\/assets\/193287\/11-apartments-in-a-beachfront-complex-in-izmir-foca_26_medium.webp","small":"https:\/\/cdn.assetlog.ai\/assets\/193287\/11-apartments-in-a-beachfront-complex-in-izmir-foca_26_small.webp"},{"id":314245,"max":"https:\/\/cdn.assetlog.ai\/assets\/193287\/11-apartments-in-a-beachfront-complex-in-izmir-foca_27_max.webp","medium":"https:\/\/cdn.assetlog.ai\/assets\/193287\/11-apartments-in-a-beachfront-complex-in-izmir-foca_27_medium.webp","small":"https:\/\/cdn.assetlog.ai\/assets\/193287\/11-apartments-in-a-beachfront-complex-in-izmir-foca_27_small.webp"},{"id":314246,"max":"https:\/\/cdn.assetlog.ai\/assets\/193287\/11-apartments-in-a-beachfront-complex-in-izmir-foca_28_max.webp","medium":"https:\/\/cdn.assetlog.ai\/assets\/193287\/11-apartments-in-a-beachfront-complex-in-izmir-foca_28_medium.webp","small":"https:\/\/cdn.assetlog.ai\/assets\/193287\/11-apartments-in-a-beachfront-complex-in-izmir-foca_28_small.webp"},{"id":314248,"max":"https:\/\/cdn.assetlog.ai\/assets\/193287\/11-apartments-in-a-beachfront-complex-in-izmir-foca_29_max.webp","medium":"https:\/\/cdn.assetlog.ai\/assets\/193287\/11-apartments-in-a-beachfront-complex-in-izmir-foca_29_medium.webp","small":"https:\/\/cdn.assetlog.ai\/assets\/193287\/11-apartments-in-a-beachfront-complex-in-izmir-foca_29_small.webp"},{"id":314247,"max":"https:\/\/cdn.assetlog.ai\/assets\/193287\/11-apartments-in-a-beachfront-complex-in-izmir-foca_30_max.webp","medium":"https:\/\/cdn.assetlog.ai\/assets\/193287\/11-apartments-in-a-beachfront-complex-in-izmir-foca_30_medium.webp","small":"https:\/\/cdn.assetlog.ai\/assets\/193287\/11-apartments-in-a-beachfront-complex-in-izmir-foca_30_small.webp"},{"id":314249,"max":"https:\/\/cdn.assetlog.ai\/assets\/193287\/11-apartments-in-a-beachfront-complex-in-izmir-foca_31_max.webp","medium":"https:\/\/cdn.assetlog.ai\/assets\/193287\/11-apartments-in-a-beachfront-complex-in-izmir-foca_31_medium.webp","small":"https:\/\/cdn.assetlog.ai\/assets\/193287\/11-apartments-in-a-beachfront-complex-in-izmir-foca_31_small.webp"},{"id":314250,"max":"https:\/\/cdn.assetlog.ai\/assets\/193287\/11-apartments-in-a-beachfront-complex-in-izmir-foca_32_max.webp","medium":"https:\/\/cdn.assetlog.ai\/assets\/193287\/11-apartments-in-a-beachfront-complex-in-izmir-foca_32_medium.webp","small":"https:\/\/cdn.assetlog.ai\/assets\/193287\/11-apartments-in-a-beachfront-complex-in-izmir-foca_32_small.webp"},{"id":314251,"max":"https:\/\/cdn.assetlog.ai\/assets\/193287\/11-apartments-in-a-beachfront-complex-in-izmir-foca_33_max.webp","medium":"https:\/\/cdn.assetlog.ai\/assets\/193287\/11-apartments-in-a-beachfront-complex-in-izmir-foca_33_medium.webp","small":"https:\/\/cdn.assetlog.ai\/assets\/193287\/11-apartments-in-a-beachfront-complex-in-izmir-foca_33_small.webp"},{"id":314254,"max":"https:\/\/cdn.assetlog.ai\/assets\/193287\/11-apartments-in-a-beachfront-complex-in-izmir-foca_34_max.webp","medium":"https:\/\/cdn.assetlog.ai\/assets\/193287\/11-apartments-in-a-beachfront-complex-in-izmir-foca_34_medium.webp","small":"https:\/\/cdn.assetlog.ai\/assets\/193287\/11-apartments-in-a-beachfront-complex-in-izmir-foca_34_small.webp"},{"id":314252,"max":"https:\/\/cdn.assetlog.ai\/assets\/193287\/11-apartments-in-a-beachfront-complex-in-izmir-foca_35_max.webp","medium":"https:\/\/cdn.assetlog.ai\/assets\/193287\/11-apartments-in-a-beachfront-complex-in-izmir-foca_35_medium.webp","small":"https:\/\/cdn.assetlog.ai\/assets\/193287\/11-apartments-in-a-beachfront-complex-in-izmir-foca_35_small.webp"}],"published_at":null,"expires_at":null,"created_at":"2026-09-04T13:58:08+00:00","updated_at":"2026-09-05T01:00:16+00:00"}}