{"data":{"id":180376,"slug":"arbetsterapeut-till-sektionen-for-myndighet-och-kommunal-primarvard","type":"job","title":"Occupational Therapist for the Municipal Primary Care Authority Section","description":"We are now recruiting a Licensed Occupational Therapist for the Municipal Primary Care Authority Section. Here you will be offered a position where you have the opportunity to use your expertise in healthcare in a varied way. Does this sound like an exciting opportunity for you? We welcome your application!\nWORK DUTIES\nYou will work with a health promotion perspective based on home healthcare services' mission to strengthen the individual's participation and health. You will work independently based on a person-centered approach in combination with the occupational therapy process. In this position, you will conduct ADL assessments as well as activity and function assessments, and prescribe and follow up on assistive devices according to the prescription process. Furthermore, you will assess and implement interventions based on the Health and Medical Services Act (HSL), as well as supervise and educate staff.\nAs a Licensed Occupational Therapist in municipal primary care, you will work in a team close to physical therapists, nursing assistants, and registered nurses. Collaboration with other healthcare personnel takes place both within the municipality and externally.\nQUALIFICATIONS\nWe are looking for someone who is a licensed occupational therapist. Previous experience in municipal primary care and experience working in the Combine journal system are merits. You have good knowledge of the Swedish language and digital proficiency. A Class B driver's license is a requirement.\nFor this role to be a good fit, we also believe you are\/have:\nFlexible: You easily adapt to changing circumstances. You can quickly change your perspective and approach, and see the opportunities in change.\nSelf-driven: You take responsibility for your tasks, structure your approach on your own, and drive your processes forward.\nCollaboration-oriented: You work well with other people and relate to them in a responsive and flexible way. You listen, communicate, and resolve conflicts in a constructive manner.\nJudgment: You make correct assessments and prioritizations. You weigh complex information and different types of considerations and demonstrate judgment in your statements, actions, and decisions.\n\nWe place great importance on personal suitability.\nABOUT THE WORKPLACE\nMunicipal Health and Care Rehabilitation Unit works with all residents in the municipality who need support in their homes at the primary care level.\nWe work based on area divisions, which means that you typically have assignments both for a special residential facility and ordinary housing, or assignments for persons with disabilities (LSS).\nWe are a unit with extensive experience where you have the opportunity to develop within the municipal primary care assignment and where there are opportunities to work on improvements in the areas we serve.\nThe Municipal Primary Care Authority Section is part of the Care and Social Services Administration. Read more about the administration at https:\/\/tranas.se\/kommun-och-politik\/kommunens-organisation\/forvaltningar\/\nSALARY AND BENEFITS\nIn Tran\u00e5s Municipality, we apply individual salary setting.\nTran\u00e5s Municipality continuously works to increase our employees' well-being. Read more about our benefits at https:\/\/tranas.se\/arbete-och-naringsliv\/arbeta-i-tranas-kommun\/formaner\/\nAPPLICATION\nTo ensure quality in the recruitment process in Tran\u00e5s Municipality, we use the recruitment tool Talent Recruiter. We therefore ask you to submit your application via Talent Recruiter by clicking the application link in the advertisement.\nInterviews may take place on an ongoing basis during the application period.\nWe warmly welcome your application!","language":"sv","is_translated":true,"title_original":"Arbetsterapeut till sektionen f\u00f6r myndighet och kommunal prim\u00e4rv\u00e5rd","description_original":"Vi s\u00f6ker nu en Leg. Arbetsterapeut\u00a0till sektionen f\u00f6r myndighet och kommunal prim\u00e4rv\u00e5rd. H\u00e4r erbjuds du ett arbete d\u00e4r du f\u00e5r m\u00f6jlighet att anv\u00e4nda dina kompetenser inom h\u00e4lso- och sjukv\u00e5rd p\u00e5 ett variationsrikt s\u00e4tt. L\u00e5ter det som en sp\u00e4nnande tj\u00e4nst f\u00f6r dig? V\u00e4lkommen med din ans\u00f6kan!\nARBETSUPPGIFTER\nDu kommer arbeta f\u00f6r ett h\u00e4lsofr\u00e4mjande perspektiv utifr\u00e5n hemsjukv\u00e5rdens uppdrag f\u00f6r att st\u00e4rka individens delaktighet och h\u00e4lsa. Du kommer arbeta sj\u00e4lvst\u00e4ndigt utifr\u00e5n ett personcentrerat f\u00f6rh\u00e5llnings\u00e4tt i kombination med arbetsterapiprocessen. I tj\u00e4nsten kommer du att genomf\u00f6ra ADL-bed\u00f6mningar samt aktivitets och funktionsbed\u00f6mningar, samt f\u00f6rskriva och f\u00f6lja upp hj\u00e4lpmedel enligt f\u00f6rskrivningsprocessen. Vidare kommer du bed\u00f6ma och utf\u00f6ra insatser utifr\u00e5n HSL-lagen, samt handleda och utbilda personal.\nSom Leg. Arbetsterapeut inom kommunal prim\u00e4rv\u00e5rd kommer du arbeta i team n\u00e4ra b\u00e5de fysioterapeuter, undersk\u00f6terskor och sjuksk\u00f6terskor. Samverkan med annan v\u00e5rdpersonal sker b\u00e5de inom kommunen och externt.\nKVALIFIKATIONER\nVi s\u00f6ker dig som \u00e4r legitimerad arbetsterapeut. Tidigare erfarenhet av kommunal prim\u00e4rv\u00e5rd och erfarenhet av arbete i journalsystemet combine \u00e4r meriterande. Du har goda kunskaper i det svenska spr\u00e5ket och digital vana. B-k\u00f6rkort \u00e4r ett krav.\nF\u00f6r att passa i denna roll tror vi dessutom att du \u00e4r\/har:\nFlexibel: Du har l\u00e4tt f\u00f6r att anpassa dig till \u00e4ndrade omst\u00e4ndigheter. Du kan snabbt \u00e4ndra ditt syns\u00e4tt och f\u00f6rh\u00e5llningss\u00e4tt och ser m\u00f6jligheterna i f\u00f6r\u00e4ndringar.\nSj\u00e4lvg\u00e5ende: Du tar ansvar f\u00f6r din uppgift, strukturerar sj\u00e4lv ditt angreppss\u00e4tt och driver dina processer vidare.\nSamarbetsorienterad: Du arbetar bra med andra m\u00e4nniskor och relaterar dig till dem p\u00e5 ett lyh\u00f6rt och smidigt s\u00e4tt. Du lyssnar, kommunicerar och l\u00f6ser konflikter p\u00e5 ett konstruktivt s\u00e4tt.\nOmd\u00f6me:\u00a0Du g\u00f6r korrekta avv\u00e4gningar och prioriteringar. Du v\u00e4ger samman komplex information och olika typer av h\u00e4nsynstaganden och visar omd\u00f6me vid uttalanden, agerande och beslut.\n\nVi l\u00e4gger stor vikt vid personlig l\u00e4mplighet.\nOM ARBETSPLATSEN\nKommunal h\u00e4lso-och sjukv\u00e5rds rehabiliteringsenhet arbetar mot alla kommunens inv\u00e5nare som har ett behov av st\u00f6d i sitt hem p\u00e5 prim\u00e4rv\u00e5rdsniv\u00e5.\u00a0\nVi arbetar utifr\u00e5n omr\u00e5desindelningar, vilket inneb\u00e4r att du som oftast har ett uppdrag b\u00e5de mot ett s\u00e4rskilt boende och ordin\u00e4rt boende alternativt uppdrag mot LSS.\u00a0\nVi \u00e4r en enhet som har mycket erfarenhet och d\u00e4r du f\u00e5r m\u00f6jlighet att b\u00e5de utvecklas inom det kommunala prim\u00e4rv\u00e5rdsuppdraget samt att det finns m\u00f6jligheter att jobba med f\u00f6rb\u00e4ttringar i de omr\u00e5den vi befinner oss i.\u00a0\nSektionen f\u00f6r myndighet och kommunal prim\u00e4rv\u00e5rd tillh\u00f6r V\u00e5rd- och omsorgsf\u00f6rvaltningen. L\u00e4s mer om f\u00f6rvaltningen https:\/\/tranas.se\/kommun-och-politik\/kommunens-organisation\/forvaltningar\/\nL\u00d6N OCH F\u00d6RM\u00c5NER\nI Tran\u00e5s kommun till\u00e4mpar vi individuell l\u00f6nes\u00e4ttning.\nTran\u00e5s kommun arbetar st\u00e4ndigt f\u00f6r att \u00f6ka v\u00e5ra medarbetares v\u00e4lbefinnande. L\u00e4s mer om v\u00e5ra f\u00f6rm\u00e5ner\u00a0https:\/\/tranas.se\/arbete-och-naringsliv\/arbeta-i-tranas-kommun\/formaner\/https:\/\/tranas.se\/arbete-och-naringsliv\/arbeta-i-tranas-kommun\/formaner\/\nANS\u00d6KAN\nF\u00f6r att kvalitetss\u00e4kra rekryteringsprocessen i Tran\u00e5s kommun anv\u00e4nder vi rekryteringsverktyget Talent Recruiter. Vi ber dig d\u00e4rf\u00f6r skicka in din ans\u00f6kan via Talent Recruiter genom att klicka p\u00e5 ans\u00f6kningsl\u00e4nken i annonsen.\nIntervjuer kan ske l\u00f6pande under ans\u00f6kningsperioden.\u00a0\nVarmt v\u00e4lkommen med din ans\u00f6kan!","price":null,"currency":"SEK","status":"active","noindex":true,"location":{"address":null,"full_address":null,"city":"Tran\u00e5s","country":"SE","latitude":58.0317917,"longitude":14.9686021},"metadata":{"region":"J\u00f6nk\u00f6pings l\u00e4n","duration":"Tills vidare","employer":"Tran\u00e5s kommun","postcode":"57382","positions":1,"profession":"Arbetsterapeut","salary_type":"Fast m\u00e5nads- vecko- eller timl\u00f6n","employer_url":"https:\/\/www.tranas.se\/","scope_of_work":"100\u2013100 %","working_hours":"Heltid","contact_person":"Evelina Israelsson","driving_license":true,"employment_type":"full_time","occupation_field":"H\u00e4lso- och sjukv\u00e5rd","employer_workplace":"Tran\u00e5s Kommun","experience_required":true,"employment_type_label":"Vanlig anst\u00e4llning"},"user_id":null,"is_sponsored":false,"views_count":1,"ai_views_count":2,"ai_vendor_counts":{"anthropic":2},"visibility":"public","submission_source":null,"submission_ai_name":null,"has_owner_email":true,"can_contact_owner":true,"phone":null,"owner_email":"evelina.israelsson@tranas.se","images":[],"published_at":"2026-08-31T11:11:09+00:00","expires_at":"2026-09-21T23:59:59+00:00","created_at":"2026-09-01T03:14:19+00:00","updated_at":"2026-09-03T03:03:48+00:00"}}