{"data":{"id":181162,"slug":"audi-a7-30-tfsi-mhev-s-line-quattro-250kw-a7-zaruka-aj-na-splatky-protiucet","type":"vehicle","title":"Audi A7 3.0 TFSI mHEV S Line Quattro \/ 250kW \/ A7 \/ WARRANTY \/ ENGLISH AVAILABLE \/ INSTALLMENTS \/ TRADE-IN","description":"Elegant and dynamic Audi A7 Sportback 55 3.0 TFSI S line, which combines striking design, comfort and the power of a six-cylinder petrol engine. The S line equipment gives the car a more sporty character and more attractive appearance.\n\nThe vehicle was purchased in Slovakia. In the first years, it was serviced directly at an authorized Audi service center, including oil and fluid changes outside of scheduled intervals. Subsequently, it was serviced at a private service center. With higher mileage, extensive service work was also performed.\n\nService history:\n\nFirst years serviced at Audi, including oil and fluid changes outside of scheduled intervals\nAt 120,000 km \u2013 complete replacement of front and rear brakes\nAt 120,000 km \u2013 transmission oil change\nAt 120,000 km \u2013 transfer case oil change and differential oil change\nAt 134,000 km \u2013 transfer case replacement\n\nFurther information:\n\n2nd owner\nPurchased in Slovakia\n3.0 TFSI engine\nS line equipment\n\nCommission sale - you buy the vehicle directly from the owner.\n\nWe offer favorable financing in monthly installments, so you can enjoy your new car immediately and without waiting with a 0% down payment and payments up to 96 months.\n\nIf you already own a car, you don't have to worry about selling it - we will take it directly from you. Just come to us with it, we will value it and deduct the costs from the value of your new car. This way you will save time, worry and money, and the whole process will be quick and easy - you drive away in your new car without unnecessary paperwork.\n\nTHE VEHICLE IS LOCATED IN Bratislava.\nMore information will be provided to you at telephone number 0950 261 833. Registration: BL888UE. Technical inspection valid until: 2027-09-24. Emissions test valid until: 2027-09-24.\n\nTechnical specifications\n\nYear of manufacture: 09\/19, 2995cm\u00b3, 250kW (340PS), Vehicle generation: , Drive: 4\u00d74, Automatic transmission (7-speed), Petrol, EURO 6, 5-door, (4-seater), 133,791 km, Grey metallic, VIN WAUZZZF24KN123071\n\nVehicle consumption (l\/100km)\n\nIn the city: 10.1, outside the city: 5.7, combined: 7.3\n\nLeasing possible, Like new purchased in SR, Credit possible","language":"cs","is_translated":true,"title_original":"Audi A7 3.0 TFSI mHEV S Line Quattro \/ 250kW \/ A7 \/ Z\u00c1RUKA \/ AJ NA SPL\u00c1TKY \/ PROTI\u00da\u010cET","description_original":"Elegantn\u00ed a dynamick\u00e9 Audi A7 Sportback 55 3.0 TFSI S line, kter\u00e9 spojuje v\u00fdrazn\u00fd design, komfort a v\u00fdkon \u0161estiv\u00e1lcov\u00e9ho benz\u00ednov\u00e9ho motoru. V\u00fdbava S line dod\u00e1v\u00e1 vozu sportovn\u011bj\u0161\u00ed charakter a atraktivn\u011bj\u0161\u00ed vzhled.\n\nVozidlo bylo zakoupeno na Slovensku. V prvn\u00edch letech bylo servisov\u00e1no p\u0159\u00edmo v autorizovan\u00e9m servisu Audi, v\u010detn\u011b v\u00fdm\u011bn oleje a provozn\u00edch kapalin mimo pl\u00e1novan\u00e9 intervaly. N\u00e1sledn\u011b bylo servisov\u00e1no v soukrom\u00e9m servisu. P\u0159i vy\u0161\u0161\u00edm po\u010dtu najet\u00fdch kilometr\u016f byly z\u00e1rove\u0148 provedeny rozs\u00e1hl\u00e9 servisn\u00ed \u00fakony.\n\nSlu\u017eba:\n\nPrvn\u00ed roky servisov\u00e1ny v Audi, v\u010detn\u011b v\u00fdm\u011bn oleje a kapalin mimo pl\u00e1novan\u00e9 intervaly\nP\u0159i 120 000 km \u2013 kompletn\u00ed v\u00fdm\u011bna p\u0159edn\u00edch a zadn\u00edch brzd\nP\u0159i 120 000 km \u2013 v\u00fdm\u011bna oleje v p\u0159evodovce\nP\u0159i 120 000 km \u2013 v\u00fdm\u011bna oleje v rozd\u011blovac\u00ed p\u0159evodovce a diferenci\u00e1lech\nP\u0159i 134 000 km \u2013 v\u00fdm\u011bna rozd\u011blovac\u00ed p\u0159evodovky\n\nDal\u0161\u00ed informace:\n\n2. majitel\nZakoupeno na Slovensku\nMotor 3.0 TFSI\nV\u00fdbava S line\n\nKomisn\u00ed prodej - vozidlo kupujete p\u0159\u00edmo od majitele.\n\nNab\u00edz\u00edme v\u00fdhodn\u00e9 financov\u00e1n\u00ed na m\u011bs\u00ed\u010dn\u00ed spl\u00e1tky, tak\u017ee si sv\u016fj nov\u00fd v\u016fz m\u016f\u017eete u\u017e\u00edvat hned a bez \u010dek\u00e1n\u00ed s akontac\u00ed 0 % a spl\u00e1tkami a\u017e na 96 m\u011bs\u00edc\u016f.\n\nPokud ji\u017e v\u016fz vlastn\u00edte, nemus\u00edte se zab\u00fdvat jeho prodejem - na opl\u00e1tku si ho od v\u00e1s p\u0159\u00edmo vezmeme. Sta\u010d\u00ed, kdy\u017e k n\u00e1m s n\u00edm p\u0159ijdete, my ho ocen\u00edme a n\u00e1klady ode\u010dteme od hodnoty va\u0161eho nov\u00e9ho vozu. U\u0161et\u0159\u00edte tak \u010das, starosti i pen\u00edze a cel\u00fd proces bude rychl\u00fd a snadn\u00fd - odjedete rovnou ve sv\u00e9m nov\u00e9m voze bez zbyte\u010dn\u00e9ho pap\u00edrov\u00e1n\u00ed.\n\nVOZIDLO SE NACH\u00c1Z\u00cd V Bratislava.\nViac inform\u00e1ci\u00ed V\u00e1m poskytneme na telefonn\u00edm \u010d\u00edsle 0950 261 833. E\u010cV: BL888UE. EK platn\u00e1 do: 2027-09-24. STK platn\u00e1 do: 2027-09-24.\n\nTechnick\u00e9 \u00fadaje\n\nv.v.: 09\/19, 2995cm\u00b3, 250kW (340PS), Generace vozidla: , Pohon: 4\u00d74, Automatick\u00e1 p\u0159evodovka (7 st.), Benz\u00edn, EURO 6, 5 dv., (4-m\u00edstn\u00fd), 133 791km, \u0160ed\u00e1 metal\u00edza, VIN WAUZZZF24KN123071\n\nSpot\u0159eba vozidla (l\/100km)\n\nVe m\u011bst\u011b: 10.1, mimo m\u011bsto: 5.7, kombinovan\u00e1: 7.3\n\nMo\u017en\u00fd leasing, Jako nov\u00e9 koupen\u00e9 v SR, Mo\u017en\u00fd \u00fav\u011br","price":"1013250.00","currency":"CZK","status":"active","noindex":true,"location":{"address":null,"full_address":null,"city":"Bratislava","country":"SK","latitude":48.1516988,"longitude":17.1093063},"metadata":{"vin":"WAUZZZF24KN123071","fuel":"petrol","year":2019,"brand":"Audi","color":"Grey","doors":5,"drive":"AWD \/ 4x4","model":"A7","seats":4,"region":"Bratislavsk\u00fd kraj","mileage":133791,"emisions":"Euro 6","features":["Alarm","8x airbag","EBD\/EBV","ABS","ESP","Protiprokluzov\u00fd syst\u00e9m kol (TC, ASR)","ADS","Brzdov\u00fd asistent (EBA, BAS)","ISOFIX na zadn\u00edch sedadlech","Deaktivace airbagu spolujezdce","Nat\u00e1\u010dec\u00ed sv\u011btlomety","Senzor tlaku","Syst\u00e9m rozpozn\u00e1v\u00e1n\u00ed dopravn\u00edch zna\u010dek","Sledov\u00e1n\u00ed \u00fanavy \u0159idi\u010de","Asistent d\u00e1lkov\u00fdch sv\u011btel (HBA)","Centr\u00e1ln\u00ed zamyk\u00e1n\u00ed","Zadn\u00ed el. stahovateln\u00e1 okna","El. nastaviteln\u00e1 p\u0159edn\u00ed sedadla","Elektricky nastaviteln\u00e1 zp\u011btn\u00e1 zrc\u00e1tka","Centr\u00e1ln\u00ed zamyk\u00e1n\u00ed na d\u00e1lkov\u00e9 ovl\u00e1d\u00e1n\u00ed","Automatick\u00e1 4-z\u00f3nov\u00e1 klimatizace","Autor\u00e1dio","Multifunk\u010dn\u00ed volant","Loketn\u00ed op\u011brka vp\u0159edu","Head-up display","Start\/Stop syst\u00e9m","Vzduchov\u00e9 odpru\u017een\u00ed","Klimatizovan\u00e1 p\u0159ihr\u00e1dka","Ost\u0159ikova\u010de sv\u011btlomet\u016f","Apple Car Play","Android Auto","Welcome light","Digit\u00e1ln\u00ed p\u0159\u00edstrojov\u00e1 deska","Bezdr\u00e1tov\u00e1 nab\u00edje\u010dka mobiln\u00edch telefon\u016f","Lit\u00e1 kola","Mlhovky","Imobiliz\u00e9r","Palubn\u00ed po\u010d\u00edta\u010d","Navigace","Automatick\u00e9 parkov\u00e1n\u00ed","Tempomat","Vyh\u0159\u00edvan\u00e1 sedadla","Elektricky vyh\u0159\u00edvan\u00e1 zp\u011btn\u00e1 zrc\u00e1tka","Senzor st\u011bra\u010d\u016f","Sv\u011bteln\u00fd senzor","Parkovac\u00ed kamera","P\u0159edn\u00ed a zadn\u00ed parkovac\u00ed senzory","Adaptivn\u00ed tempomat","Elektrick\u00e9 dov\u00edr\u00e1n\u00ed v\u0161ech dve\u0159\u00ed","Bezkl\u00ed\u010dov\u00fd vstup","El. ovl\u00e1dan\u00fd kufr","Elektrick\u00e9 dov\u00edr\u00e1n\u00ed zavazadlov\u00e9ho prostoru","Bluetooth","LED sv\u011btlomety","Bezdotykov\u00e9 ovl\u00e1d\u00e1n\u00ed v\u00edka zavazadlov\u00e9ho prostoru","Pam\u011b\u0165 nastaven\u00ed sedadla \u0159idi\u010de","Ambientn\u00ed LED osv\u011btlen\u00ed interi\u00e9ru","Mo\u017en\u00fd leasing","Ako nov\u00e9 k\u00fapen\u00e9 v SR","Mo\u017en\u00fd \u00faver","Adaptivn\u00ed podvozek","Ko\u017een\u00fd paket","Odo-pass","Asistent udr\u017eov\u00e1n\u00ed v j\u00edzdn\u00edm pruhu","Asistent rozjezdu do kopce","Hl\u00edd\u00e1n\u00ed mrtv\u00e9ho \u00fahlu"],"power_kw":250,"body_type":"Liftback","condition":"Used","transmission":"automatic","vat_deductible":false,"consumption_city":10.1,"translation_hash":"4244193095b20662a9652fdd151160e4ae396f44","vehicle_category":"car","engine_volume_cm3":2995,"first_registration":"2019-09-01","translation_status":"done","consumption_highway":5.7,"consumption_combined":7.3},"user_id":41,"is_sponsored":false,"views_count":0,"ai_views_count":1,"ai_vendor_counts":{"anthropic":1},"visibility":"public","submission_source":null,"submission_ai_name":null,"has_owner_email":true,"can_contact_owner":true,"phone":"0950 261 833","owner_email":"hromada@autorro.sk","user":{"id":41,"slug":"matej-hromada-41","name":"Matej Hromada","bio":"Makl\u00e9r. P\u016fsob\u00edm v Malack\u00e1ch a okol\u00ed.\n\nP\u016fsobnost: Malacky","nationality":"SK","languages":["cs","sk"],"service_areas":[],"card_style":null,"card_palette":null,"avatar_url":"https:\/\/cdn.assetlog.ai\/avatars\/41\/avatar_max.webp?v=1786535213","avatar_thumb_url":"https:\/\/cdn.assetlog.ai\/avatars\/41\/avatar_small.webp?v=1786535213","reviews_count":0,"avg_rating":null,"seller_badge":"silver","can_calendar":true},"images":[{"id":141184,"max":"https:\/\/cdn.assetlog.ai\/assets\/181162\/audi-a7-30-tfsi-mhev-s-line-quattro-250kw-a7-zaruka-aj-na-splatky-protiucet_1_max.webp","medium":"https:\/\/cdn.assetlog.ai\/assets\/181162\/audi-a7-30-tfsi-mhev-s-line-quattro-250kw-a7-zaruka-aj-na-splatky-protiucet_1_medium.webp","small":"https:\/\/cdn.assetlog.ai\/assets\/181162\/audi-a7-30-tfsi-mhev-s-line-quattro-250kw-a7-zaruka-aj-na-splatky-protiucet_1_small.webp"},{"id":141185,"max":"https:\/\/cdn.assetlog.ai\/assets\/181162\/audi-a7-30-tfsi-mhev-s-line-quattro-250kw-a7-zaruka-aj-na-splatky-protiucet_2_max.webp","medium":"https:\/\/cdn.assetlog.ai\/assets\/181162\/audi-a7-30-tfsi-mhev-s-line-quattro-250kw-a7-zaruka-aj-na-splatky-protiucet_2_medium.webp","small":"https:\/\/cdn.assetlog.ai\/assets\/181162\/audi-a7-30-tfsi-mhev-s-line-quattro-250kw-a7-zaruka-aj-na-splatky-protiucet_2_small.webp"},{"id":141186,"max":"https:\/\/cdn.assetlog.ai\/assets\/181162\/audi-a7-30-tfsi-mhev-s-line-quattro-250kw-a7-zaruka-aj-na-splatky-protiucet_3_max.webp","medium":"https:\/\/cdn.assetlog.ai\/assets\/181162\/audi-a7-30-tfsi-mhev-s-line-quattro-250kw-a7-zaruka-aj-na-splatky-protiucet_3_medium.webp","small":"https:\/\/cdn.assetlog.ai\/assets\/181162\/audi-a7-30-tfsi-mhev-s-line-quattro-250kw-a7-zaruka-aj-na-splatky-protiucet_3_small.webp"},{"id":141187,"max":"https:\/\/cdn.assetlog.ai\/assets\/181162\/audi-a7-30-tfsi-mhev-s-line-quattro-250kw-a7-zaruka-aj-na-splatky-protiucet_4_max.webp","medium":"https:\/\/cdn.assetlog.ai\/assets\/181162\/audi-a7-30-tfsi-mhev-s-line-quattro-250kw-a7-zaruka-aj-na-splatky-protiucet_4_medium.webp","small":"https:\/\/cdn.assetlog.ai\/assets\/181162\/audi-a7-30-tfsi-mhev-s-line-quattro-250kw-a7-zaruka-aj-na-splatky-protiucet_4_small.webp"},{"id":141188,"max":"https:\/\/cdn.assetlog.ai\/assets\/181162\/audi-a7-30-tfsi-mhev-s-line-quattro-250kw-a7-zaruka-aj-na-splatky-protiucet_5_max.webp","medium":"https:\/\/cdn.assetlog.ai\/assets\/181162\/audi-a7-30-tfsi-mhev-s-line-quattro-250kw-a7-zaruka-aj-na-splatky-protiucet_5_medium.webp","small":"https:\/\/cdn.assetlog.ai\/assets\/181162\/audi-a7-30-tfsi-mhev-s-line-quattro-250kw-a7-zaruka-aj-na-splatky-protiucet_5_small.webp"},{"id":141189,"max":"https:\/\/cdn.assetlog.ai\/assets\/181162\/audi-a7-30-tfsi-mhev-s-line-quattro-250kw-a7-zaruka-aj-na-splatky-protiucet_6_max.webp","medium":"https:\/\/cdn.assetlog.ai\/assets\/181162\/audi-a7-30-tfsi-mhev-s-line-quattro-250kw-a7-zaruka-aj-na-splatky-protiucet_6_medium.webp","small":"https:\/\/cdn.assetlog.ai\/assets\/181162\/audi-a7-30-tfsi-mhev-s-line-quattro-250kw-a7-zaruka-aj-na-splatky-protiucet_6_small.webp"},{"id":141190,"max":"https:\/\/cdn.assetlog.ai\/assets\/181162\/audi-a7-30-tfsi-mhev-s-line-quattro-250kw-a7-zaruka-aj-na-splatky-protiucet_7_max.webp","medium":"https:\/\/cdn.assetlog.ai\/assets\/181162\/audi-a7-30-tfsi-mhev-s-line-quattro-250kw-a7-zaruka-aj-na-splatky-protiucet_7_medium.webp","small":"https:\/\/cdn.assetlog.ai\/assets\/181162\/audi-a7-30-tfsi-mhev-s-line-quattro-250kw-a7-zaruka-aj-na-splatky-protiucet_7_small.webp"},{"id":141191,"max":"https:\/\/cdn.assetlog.ai\/assets\/181162\/audi-a7-30-tfsi-mhev-s-line-quattro-250kw-a7-zaruka-aj-na-splatky-protiucet_8_max.webp","medium":"https:\/\/cdn.assetlog.ai\/assets\/181162\/audi-a7-30-tfsi-mhev-s-line-quattro-250kw-a7-zaruka-aj-na-splatky-protiucet_8_medium.webp","small":"https:\/\/cdn.assetlog.ai\/assets\/181162\/audi-a7-30-tfsi-mhev-s-line-quattro-250kw-a7-zaruka-aj-na-splatky-protiucet_8_small.webp"},{"id":141192,"max":"https:\/\/cdn.assetlog.ai\/assets\/181162\/audi-a7-30-tfsi-mhev-s-line-quattro-250kw-a7-zaruka-aj-na-splatky-protiucet_9_max.webp","medium":"https:\/\/cdn.assetlog.ai\/assets\/181162\/audi-a7-30-tfsi-mhev-s-line-quattro-250kw-a7-zaruka-aj-na-splatky-protiucet_9_medium.webp","small":"https:\/\/cdn.assetlog.ai\/assets\/181162\/audi-a7-30-tfsi-mhev-s-line-quattro-250kw-a7-zaruka-aj-na-splatky-protiucet_9_small.webp"},{"id":141193,"max":"https:\/\/cdn.assetlog.ai\/assets\/181162\/audi-a7-30-tfsi-mhev-s-line-quattro-250kw-a7-zaruka-aj-na-splatky-protiucet_10_max.webp","medium":"https:\/\/cdn.assetlog.ai\/assets\/181162\/audi-a7-30-tfsi-mhev-s-line-quattro-250kw-a7-zaruka-aj-na-splatky-protiucet_10_medium.webp","small":"https:\/\/cdn.assetlog.ai\/assets\/181162\/audi-a7-30-tfsi-mhev-s-line-quattro-250kw-a7-zaruka-aj-na-splatky-protiucet_10_small.webp"},{"id":141194,"max":"https:\/\/cdn.assetlog.ai\/assets\/181162\/audi-a7-30-tfsi-mhev-s-line-quattro-250kw-a7-zaruka-aj-na-splatky-protiucet_11_max.webp","medium":"https:\/\/cdn.assetlog.ai\/assets\/181162\/audi-a7-30-tfsi-mhev-s-line-quattro-250kw-a7-zaruka-aj-na-splatky-protiucet_11_medium.webp","small":"https:\/\/cdn.assetlog.ai\/assets\/181162\/audi-a7-30-tfsi-mhev-s-line-quattro-250kw-a7-zaruka-aj-na-splatky-protiucet_11_small.webp"},{"id":141195,"max":"https:\/\/cdn.assetlog.ai\/assets\/181162\/audi-a7-30-tfsi-mhev-s-line-quattro-250kw-a7-zaruka-aj-na-splatky-protiucet_12_max.webp","medium":"https:\/\/cdn.assetlog.ai\/assets\/181162\/audi-a7-30-tfsi-mhev-s-line-quattro-250kw-a7-zaruka-aj-na-splatky-protiucet_12_medium.webp","small":"https:\/\/cdn.assetlog.ai\/assets\/181162\/audi-a7-30-tfsi-mhev-s-line-quattro-250kw-a7-zaruka-aj-na-splatky-protiucet_12_small.webp"},{"id":141196,"max":"https:\/\/cdn.assetlog.ai\/assets\/181162\/audi-a7-30-tfsi-mhev-s-line-quattro-250kw-a7-zaruka-aj-na-splatky-protiucet_13_max.webp","medium":"https:\/\/cdn.assetlog.ai\/assets\/181162\/audi-a7-30-tfsi-mhev-s-line-quattro-250kw-a7-zaruka-aj-na-splatky-protiucet_13_medium.webp","small":"https:\/\/cdn.assetlog.ai\/assets\/181162\/audi-a7-30-tfsi-mhev-s-line-quattro-250kw-a7-zaruka-aj-na-splatky-protiucet_13_small.webp"},{"id":141197,"max":"https:\/\/cdn.assetlog.ai\/assets\/181162\/audi-a7-30-tfsi-mhev-s-line-quattro-250kw-a7-zaruka-aj-na-splatky-protiucet_14_max.webp","medium":"https:\/\/cdn.assetlog.ai\/assets\/181162\/audi-a7-30-tfsi-mhev-s-line-quattro-250kw-a7-zaruka-aj-na-splatky-protiucet_14_medium.webp","small":"https:\/\/cdn.assetlog.ai\/assets\/181162\/audi-a7-30-tfsi-mhev-s-line-quattro-250kw-a7-zaruka-aj-na-splatky-protiucet_14_small.webp"},{"id":141198,"max":"https:\/\/cdn.assetlog.ai\/assets\/181162\/audi-a7-30-tfsi-mhev-s-line-quattro-250kw-a7-zaruka-aj-na-splatky-protiucet_15_max.webp","medium":"https:\/\/cdn.assetlog.ai\/assets\/181162\/audi-a7-30-tfsi-mhev-s-line-quattro-250kw-a7-zaruka-aj-na-splatky-protiucet_15_medium.webp","small":"https:\/\/cdn.assetlog.ai\/assets\/181162\/audi-a7-30-tfsi-mhev-s-line-quattro-250kw-a7-zaruka-aj-na-splatky-protiucet_15_small.webp"},{"id":141199,"max":"https:\/\/cdn.assetlog.ai\/assets\/181162\/audi-a7-30-tfsi-mhev-s-line-quattro-250kw-a7-zaruka-aj-na-splatky-protiucet_16_max.webp","medium":"https:\/\/cdn.assetlog.ai\/assets\/181162\/audi-a7-30-tfsi-mhev-s-line-quattro-250kw-a7-zaruka-aj-na-splatky-protiucet_16_medium.webp","small":"https:\/\/cdn.assetlog.ai\/assets\/181162\/audi-a7-30-tfsi-mhev-s-line-quattro-250kw-a7-zaruka-aj-na-splatky-protiucet_16_small.webp"},{"id":141200,"max":"https:\/\/cdn.assetlog.ai\/assets\/181162\/audi-a7-30-tfsi-mhev-s-line-quattro-250kw-a7-zaruka-aj-na-splatky-protiucet_17_max.webp","medium":"https:\/\/cdn.assetlog.ai\/assets\/181162\/audi-a7-30-tfsi-mhev-s-line-quattro-250kw-a7-zaruka-aj-na-splatky-protiucet_17_medium.webp","small":"https:\/\/cdn.assetlog.ai\/assets\/181162\/audi-a7-30-tfsi-mhev-s-line-quattro-250kw-a7-zaruka-aj-na-splatky-protiucet_17_small.webp"},{"id":141201,"max":"https:\/\/cdn.assetlog.ai\/assets\/181162\/audi-a7-30-tfsi-mhev-s-line-quattro-250kw-a7-zaruka-aj-na-splatky-protiucet_18_max.webp","medium":"https:\/\/cdn.assetlog.ai\/assets\/181162\/audi-a7-30-tfsi-mhev-s-line-quattro-250kw-a7-zaruka-aj-na-splatky-protiucet_18_medium.webp","small":"https:\/\/cdn.assetlog.ai\/assets\/181162\/audi-a7-30-tfsi-mhev-s-line-quattro-250kw-a7-zaruka-aj-na-splatky-protiucet_18_small.webp"},{"id":141202,"max":"https:\/\/cdn.assetlog.ai\/assets\/181162\/audi-a7-30-tfsi-mhev-s-line-quattro-250kw-a7-zaruka-aj-na-splatky-protiucet_19_max.webp","medium":"https:\/\/cdn.assetlog.ai\/assets\/181162\/audi-a7-30-tfsi-mhev-s-line-quattro-250kw-a7-zaruka-aj-na-splatky-protiucet_19_medium.webp","small":"https:\/\/cdn.assetlog.ai\/assets\/181162\/audi-a7-30-tfsi-mhev-s-line-quattro-250kw-a7-zaruka-aj-na-splatky-protiucet_19_small.webp"},{"id":141203,"max":"https:\/\/cdn.assetlog.ai\/assets\/181162\/audi-a7-30-tfsi-mhev-s-line-quattro-250kw-a7-zaruka-aj-na-splatky-protiucet_20_max.webp","medium":"https:\/\/cdn.assetlog.ai\/assets\/181162\/audi-a7-30-tfsi-mhev-s-line-quattro-250kw-a7-zaruka-aj-na-splatky-protiucet_20_medium.webp","small":"https:\/\/cdn.assetlog.ai\/assets\/181162\/audi-a7-30-tfsi-mhev-s-line-quattro-250kw-a7-zaruka-aj-na-splatky-protiucet_20_small.webp"},{"id":141204,"max":"https:\/\/cdn.assetlog.ai\/assets\/181162\/audi-a7-30-tfsi-mhev-s-line-quattro-250kw-a7-zaruka-aj-na-splatky-protiucet_21_max.webp","medium":"https:\/\/cdn.assetlog.ai\/assets\/181162\/audi-a7-30-tfsi-mhev-s-line-quattro-250kw-a7-zaruka-aj-na-splatky-protiucet_21_medium.webp","small":"https:\/\/cdn.assetlog.ai\/assets\/181162\/audi-a7-30-tfsi-mhev-s-line-quattro-250kw-a7-zaruka-aj-na-splatky-protiucet_21_small.webp"},{"id":141205,"max":"https:\/\/cdn.assetlog.ai\/assets\/181162\/audi-a7-30-tfsi-mhev-s-line-quattro-250kw-a7-zaruka-aj-na-splatky-protiucet_22_max.webp","medium":"https:\/\/cdn.assetlog.ai\/assets\/181162\/audi-a7-30-tfsi-mhev-s-line-quattro-250kw-a7-zaruka-aj-na-splatky-protiucet_22_medium.webp","small":"https:\/\/cdn.assetlog.ai\/assets\/181162\/audi-a7-30-tfsi-mhev-s-line-quattro-250kw-a7-zaruka-aj-na-splatky-protiucet_22_small.webp"},{"id":141206,"max":"https:\/\/cdn.assetlog.ai\/assets\/181162\/audi-a7-30-tfsi-mhev-s-line-quattro-250kw-a7-zaruka-aj-na-splatky-protiucet_23_max.webp","medium":"https:\/\/cdn.assetlog.ai\/assets\/181162\/audi-a7-30-tfsi-mhev-s-line-quattro-250kw-a7-zaruka-aj-na-splatky-protiucet_23_medium.webp","small":"https:\/\/cdn.assetlog.ai\/assets\/181162\/audi-a7-30-tfsi-mhev-s-line-quattro-250kw-a7-zaruka-aj-na-splatky-protiucet_23_small.webp"},{"id":141207,"max":"https:\/\/cdn.assetlog.ai\/assets\/181162\/audi-a7-30-tfsi-mhev-s-line-quattro-250kw-a7-zaruka-aj-na-splatky-protiucet_24_max.webp","medium":"https:\/\/cdn.assetlog.ai\/assets\/181162\/audi-a7-30-tfsi-mhev-s-line-quattro-250kw-a7-zaruka-aj-na-splatky-protiucet_24_medium.webp","small":"https:\/\/cdn.assetlog.ai\/assets\/181162\/audi-a7-30-tfsi-mhev-s-line-quattro-250kw-a7-zaruka-aj-na-splatky-protiucet_24_small.webp"},{"id":141208,"max":"https:\/\/cdn.assetlog.ai\/assets\/181162\/audi-a7-30-tfsi-mhev-s-line-quattro-250kw-a7-zaruka-aj-na-splatky-protiucet_25_max.webp","medium":"https:\/\/cdn.assetlog.ai\/assets\/181162\/audi-a7-30-tfsi-mhev-s-line-quattro-250kw-a7-zaruka-aj-na-splatky-protiucet_25_medium.webp","small":"https:\/\/cdn.assetlog.ai\/assets\/181162\/audi-a7-30-tfsi-mhev-s-line-quattro-250kw-a7-zaruka-aj-na-splatky-protiucet_25_small.webp"},{"id":141209,"max":"https:\/\/cdn.assetlog.ai\/assets\/181162\/audi-a7-30-tfsi-mhev-s-line-quattro-250kw-a7-zaruka-aj-na-splatky-protiucet_26_max.webp","medium":"https:\/\/cdn.assetlog.ai\/assets\/181162\/audi-a7-30-tfsi-mhev-s-line-quattro-250kw-a7-zaruka-aj-na-splatky-protiucet_26_medium.webp","small":"https:\/\/cdn.assetlog.ai\/assets\/181162\/audi-a7-30-tfsi-mhev-s-line-quattro-250kw-a7-zaruka-aj-na-splatky-protiucet_26_small.webp"},{"id":141210,"max":"https:\/\/cdn.assetlog.ai\/assets\/181162\/audi-a7-30-tfsi-mhev-s-line-quattro-250kw-a7-zaruka-aj-na-splatky-protiucet_27_max.webp","medium":"https:\/\/cdn.assetlog.ai\/assets\/181162\/audi-a7-30-tfsi-mhev-s-line-quattro-250kw-a7-zaruka-aj-na-splatky-protiucet_27_medium.webp","small":"https:\/\/cdn.assetlog.ai\/assets\/181162\/audi-a7-30-tfsi-mhev-s-line-quattro-250kw-a7-zaruka-aj-na-splatky-protiucet_27_small.webp"},{"id":141211,"max":"https:\/\/cdn.assetlog.ai\/assets\/181162\/audi-a7-30-tfsi-mhev-s-line-quattro-250kw-a7-zaruka-aj-na-splatky-protiucet_28_max.webp","medium":"https:\/\/cdn.assetlog.ai\/assets\/181162\/audi-a7-30-tfsi-mhev-s-line-quattro-250kw-a7-zaruka-aj-na-splatky-protiucet_28_medium.webp","small":"https:\/\/cdn.assetlog.ai\/assets\/181162\/audi-a7-30-tfsi-mhev-s-line-quattro-250kw-a7-zaruka-aj-na-splatky-protiucet_28_small.webp"},{"id":141212,"max":"https:\/\/cdn.assetlog.ai\/assets\/181162\/audi-a7-30-tfsi-mhev-s-line-quattro-250kw-a7-zaruka-aj-na-splatky-protiucet_29_max.webp","medium":"https:\/\/cdn.assetlog.ai\/assets\/181162\/audi-a7-30-tfsi-mhev-s-line-quattro-250kw-a7-zaruka-aj-na-splatky-protiucet_29_medium.webp","small":"https:\/\/cdn.assetlog.ai\/assets\/181162\/audi-a7-30-tfsi-mhev-s-line-quattro-250kw-a7-zaruka-aj-na-splatky-protiucet_29_small.webp"},{"id":141213,"max":"https:\/\/cdn.assetlog.ai\/assets\/181162\/audi-a7-30-tfsi-mhev-s-line-quattro-250kw-a7-zaruka-aj-na-splatky-protiucet_30_max.webp","medium":"https:\/\/cdn.assetlog.ai\/assets\/181162\/audi-a7-30-tfsi-mhev-s-line-quattro-250kw-a7-zaruka-aj-na-splatky-protiucet_30_medium.webp","small":"https:\/\/cdn.assetlog.ai\/assets\/181162\/audi-a7-30-tfsi-mhev-s-line-quattro-250kw-a7-zaruka-aj-na-splatky-protiucet_30_small.webp"},{"id":141214,"max":"https:\/\/cdn.assetlog.ai\/assets\/181162\/audi-a7-30-tfsi-mhev-s-line-quattro-250kw-a7-zaruka-aj-na-splatky-protiucet_31_max.webp","medium":"https:\/\/cdn.assetlog.ai\/assets\/181162\/audi-a7-30-tfsi-mhev-s-line-quattro-250kw-a7-zaruka-aj-na-splatky-protiucet_31_medium.webp","small":"https:\/\/cdn.assetlog.ai\/assets\/181162\/audi-a7-30-tfsi-mhev-s-line-quattro-250kw-a7-zaruka-aj-na-splatky-protiucet_31_small.webp"},{"id":141215,"max":"https:\/\/cdn.assetlog.ai\/assets\/181162\/audi-a7-30-tfsi-mhev-s-line-quattro-250kw-a7-zaruka-aj-na-splatky-protiucet_32_max.webp","medium":"https:\/\/cdn.assetlog.ai\/assets\/181162\/audi-a7-30-tfsi-mhev-s-line-quattro-250kw-a7-zaruka-aj-na-splatky-protiucet_32_medium.webp","small":"https:\/\/cdn.assetlog.ai\/assets\/181162\/audi-a7-30-tfsi-mhev-s-line-quattro-250kw-a7-zaruka-aj-na-splatky-protiucet_32_small.webp"},{"id":141216,"max":"https:\/\/cdn.assetlog.ai\/assets\/181162\/audi-a7-30-tfsi-mhev-s-line-quattro-250kw-a7-zaruka-aj-na-splatky-protiucet_33_max.webp","medium":"https:\/\/cdn.assetlog.ai\/assets\/181162\/audi-a7-30-tfsi-mhev-s-line-quattro-250kw-a7-zaruka-aj-na-splatky-protiucet_33_medium.webp","small":"https:\/\/cdn.assetlog.ai\/assets\/181162\/audi-a7-30-tfsi-mhev-s-line-quattro-250kw-a7-zaruka-aj-na-splatky-protiucet_33_small.webp"},{"id":141217,"max":"https:\/\/cdn.assetlog.ai\/assets\/181162\/audi-a7-30-tfsi-mhev-s-line-quattro-250kw-a7-zaruka-aj-na-splatky-protiucet_34_max.webp","medium":"https:\/\/cdn.assetlog.ai\/assets\/181162\/audi-a7-30-tfsi-mhev-s-line-quattro-250kw-a7-zaruka-aj-na-splatky-protiucet_34_medium.webp","small":"https:\/\/cdn.assetlog.ai\/assets\/181162\/audi-a7-30-tfsi-mhev-s-line-quattro-250kw-a7-zaruka-aj-na-splatky-protiucet_34_small.webp"},{"id":141218,"max":"https:\/\/cdn.assetlog.ai\/assets\/181162\/audi-a7-30-tfsi-mhev-s-line-quattro-250kw-a7-zaruka-aj-na-splatky-protiucet_35_max.webp","medium":"https:\/\/cdn.assetlog.ai\/assets\/181162\/audi-a7-30-tfsi-mhev-s-line-quattro-250kw-a7-zaruka-aj-na-splatky-protiucet_35_medium.webp","small":"https:\/\/cdn.assetlog.ai\/assets\/181162\/audi-a7-30-tfsi-mhev-s-line-quattro-250kw-a7-zaruka-aj-na-splatky-protiucet_35_small.webp"},{"id":141219,"max":"https:\/\/cdn.assetlog.ai\/assets\/181162\/audi-a7-30-tfsi-mhev-s-line-quattro-250kw-a7-zaruka-aj-na-splatky-protiucet_36_max.webp","medium":"https:\/\/cdn.assetlog.ai\/assets\/181162\/audi-a7-30-tfsi-mhev-s-line-quattro-250kw-a7-zaruka-aj-na-splatky-protiucet_36_medium.webp","small":"https:\/\/cdn.assetlog.ai\/assets\/181162\/audi-a7-30-tfsi-mhev-s-line-quattro-250kw-a7-zaruka-aj-na-splatky-protiucet_36_small.webp"},{"id":141220,"max":"https:\/\/cdn.assetlog.ai\/assets\/181162\/audi-a7-30-tfsi-mhev-s-line-quattro-250kw-a7-zaruka-aj-na-splatky-protiucet_37_max.webp","medium":"https:\/\/cdn.assetlog.ai\/assets\/181162\/audi-a7-30-tfsi-mhev-s-line-quattro-250kw-a7-zaruka-aj-na-splatky-protiucet_37_medium.webp","small":"https:\/\/cdn.assetlog.ai\/assets\/181162\/audi-a7-30-tfsi-mhev-s-line-quattro-250kw-a7-zaruka-aj-na-splatky-protiucet_37_small.webp"},{"id":141221,"max":"https:\/\/cdn.assetlog.ai\/assets\/181162\/audi-a7-30-tfsi-mhev-s-line-quattro-250kw-a7-zaruka-aj-na-splatky-protiucet_38_max.webp","medium":"https:\/\/cdn.assetlog.ai\/assets\/181162\/audi-a7-30-tfsi-mhev-s-line-quattro-250kw-a7-zaruka-aj-na-splatky-protiucet_38_medium.webp","small":"https:\/\/cdn.assetlog.ai\/assets\/181162\/audi-a7-30-tfsi-mhev-s-line-quattro-250kw-a7-zaruka-aj-na-splatky-protiucet_38_small.webp"},{"id":141222,"max":"https:\/\/cdn.assetlog.ai\/assets\/181162\/audi-a7-30-tfsi-mhev-s-line-quattro-250kw-a7-zaruka-aj-na-splatky-protiucet_39_max.webp","medium":"https:\/\/cdn.assetlog.ai\/assets\/181162\/audi-a7-30-tfsi-mhev-s-line-quattro-250kw-a7-zaruka-aj-na-splatky-protiucet_39_medium.webp","small":"https:\/\/cdn.assetlog.ai\/assets\/181162\/audi-a7-30-tfsi-mhev-s-line-quattro-250kw-a7-zaruka-aj-na-splatky-protiucet_39_small.webp"},{"id":141223,"max":"https:\/\/cdn.assetlog.ai\/assets\/181162\/audi-a7-30-tfsi-mhev-s-line-quattro-250kw-a7-zaruka-aj-na-splatky-protiucet_40_max.webp","medium":"https:\/\/cdn.assetlog.ai\/assets\/181162\/audi-a7-30-tfsi-mhev-s-line-quattro-250kw-a7-zaruka-aj-na-splatky-protiucet_40_medium.webp","small":"https:\/\/cdn.assetlog.ai\/assets\/181162\/audi-a7-30-tfsi-mhev-s-line-quattro-250kw-a7-zaruka-aj-na-splatky-protiucet_40_small.webp"}],"published_at":null,"expires_at":null,"created_at":"2026-09-01T03:40:10+00:00","updated_at":"2026-09-01T04:00:11+00:00"}}