{"data":{"id":130704,"slug":"audi-a8-at8-4x4-190kw-aj-na-splatky-protiucet","type":"vehicle","title":"Audi A8 AT\/8 4x4 190kW \/ AVAILABLE FOR INSTALLMENT PAYMENTS \/ TRADE-IN \/","description":"Commission sale - you are buying the vehicle directly from the owner.\n\nI am selling an Audi A8, model year 2016, in black metallic, like new purchased in Slovakia, currently owned by the second owner. The vehicle includes two keys, service booklet, complete service history and invoices are available for all work performed. The vehicle underwent service including complete timing chain and belt replacement at 304,000 kilometers, complete engine sealing, air intake flap replacement, EGR valve replacement and installation of all injectors at an authorized Moris Slovakia service in 2024 and 2025. In 2024, a new GPS antenna was installed and in 2025 professional DPF filter cleaning was performed. At 320,000 kilometers, brake discs and brake pads were replaced on both front and rear axles, with precise wheel alignment performed in 2026. The drivetrain has been exemplarily maintained, transmission oil was regularly changed every 60,000 kilometers, with the last change at 300,000 kilometers when the Haldex oil, transfer gearbox oil and differential oil were also replaced. The vehicle includes seasonal tires in the form of two-year-old Continental summer tires and two-year-old Hankook winter tires.\n\nThe vehicle passed insurance record checks, execution checks, paint measurement and document verification. Physically inspected, also verified through the vehicle operating records register.\n\nWe offer favorable financing for monthly installments, so you can enjoy your new car right away without waiting with 0% down payment and installments up to 96 months.\n\nIf you already own a vehicle, you don't have to worry about selling it - in return, we will take it directly from you. Just come to us with it, we will evaluate it and deduct the costs from the value of your new vehicle. You will save time, hassle and money and the entire process will be quick and easy - you drive away in your new vehicle without unnecessary paperwork.\n\nThe vehicle is located directly in Ko\u0161ice.\nI will be happy to provide more information by phone +421 918 256 844. Vehicle number: RV994CP. Validity of technical inspection until: June 4, 2028. Validity of technical inspection until: June 4, 2028.\n\nTechnical specifications\n\nYear of manufacture: 01\/16, 2967cc, 190kW (258 HP), Drive: 4x4, Automatic transmission (8-speed), Diesel, EURO 6, 4-door, (5-seater), 327,007 km, Black metallic, VIN WAUZZZ4H0FN032599\n\nFuel consumption (l\/100km)\n\nCity: , highway: , combined: 5.9\n\nService booklet, Leasing available, Like new purchased in Slovakia, Financing available, Complete service history","language":"cs","is_translated":true,"title_original":"Audi A8 AT\/8 4x4 190kW \/ AJ NA SPL\u00c1TKY \/ PROTI\u00da\u010cET\/","description_original":"Komisn\u00ed prodej - vozidlo kupujete p\u0159\u00edmo od majitele.\n\nProd\u00e1v\u00e1m Audi A8, modelov\u00fd rok 2016, v \u010dern\u00e9 metal\u00edze, jako nov\u00e9 zakoupen\u00e9 na Slovensku, v sou\u010dasn\u00e9 dob\u011b ve vlastnictv\u00ed druh\u00e9ho majitele. Sou\u010d\u00e1st\u00ed vozu jsou dva kl\u00ed\u010de, servisn\u00ed kn\u00ed\u017eka, kompletn\u00ed servisn\u00ed historie a k dispozici jsou faktury za v\u0161echny proveden\u00e9 \u00fakony. Vozidlo pro\u0161lo servisem v\u010detn\u011b kompletn\u00ed v\u00fdm\u011bny rozvodov\u00e9ho \u0159et\u011bzu a rozvod\u016f p\u0159i 304 000 kilometrech, kompletn\u00edho ut\u011bsn\u011bn\u00ed motoru, v\u00fdm\u011bny klapky p\u0159\u00edvodu vzduchu, ventilu EGR a instalace v\u0161ech vst\u0159ikova\u010d\u016f v autorizovan\u00e9m servisu Moris Slovakia v letech 2024 a 2025. V roce 2024 byla namontov\u00e1na nov\u00e1 GPS ant\u00e9na a v roce 2025 prob\u011bhlo profesion\u00e1ln\u00ed \u010di\u0161t\u011bn\u00ed filtru DPF. P\u0159i 320 000 kilometrech byly vym\u011bn\u011bny brzdov\u00e9 kotou\u010de i brzdov\u00e9 desti\u010dky na p\u0159edn\u00ed i zadn\u00ed n\u00e1prav\u011b, p\u0159i\u010dem\u017e v roce 2026 byla provedena p\u0159esn\u00e1 geometrie. O pohonn\u00fd syst\u00e9m bylo vzorn\u011b postar\u00e1no, olej v p\u0159evodovce byl pravideln\u011b m\u011bn\u011bn ka\u017ed\u00fdch 60 000 kilometr\u016f, p\u0159i\u010dem\u017e posledn\u00ed v\u00fdm\u011bna prob\u011bhla p\u0159i 300 000 kilometrech, kdy byl sou\u010dasn\u011b vym\u011bn\u011bn i olej v haldexu, rozd\u011blovac\u00ed p\u0159evodovce a diferenci\u00e1lu. Sou\u010d\u00e1st\u00ed vozu je sez\u00f3nn\u00ed obuta v podob\u011b dvoulet\u00fdch letn\u00edch pneumatik Continental a dvoulet\u00fdch zimn\u00edch pneumatik Hankook.\n\nVozidlo pro\u0161lo kontrolou z\u00e1znam\u016f o poji\u0161t\u011bn\u00ed, exekuc\u00ed, m\u011b\u0159en\u00edm laku a kontrolou doklad\u016f. Zkontrolov\u00e1no fyzicky, tak\u00e9 prost\u0159ednictv\u00edm registru provozn\u00edch z\u00e1znam\u016f vozidla.\n\nNab\u00edz\u00edme v\u00fdhodn\u00e9 financov\u00e1n\u00ed na m\u011bs\u00ed\u010dn\u00ed spl\u00e1tky, tak\u017ee si sv\u016fj nov\u00fd v\u016fz m\u016f\u017eete u\u017e\u00edvat hned a bez \u010dek\u00e1n\u00ed s akontac\u00ed 0 % a spl\u00e1tkami a\u017e na 96 m\u011bs\u00edc\u016f.\n\nPokud ji\u017e v\u016fz vlastn\u00edte, nemus\u00edte se zab\u00fdvat jeho prodejem - na opl\u00e1tku si ho od v\u00e1s p\u0159\u00edmo vezmeme. Sta\u010d\u00ed, kdy\u017e k n\u00e1m s n\u00edm p\u0159ijdete, my ho ocen\u00edme a n\u00e1klady ode\u010dteme od hodnoty va\u0161eho nov\u00e9ho vozu. U\u0161et\u0159\u00edte tak \u010das, starosti i pen\u00edze a cel\u00fd proces bude rychl\u00fd a snadn\u00fd - odjedete rovnou ve sv\u00e9m nov\u00e9m voze bez zbyte\u010dn\u00e9ho pap\u00edrov\u00e1n\u00ed.\n\nVozidlo se nach\u00e1z\u00ed p\u0159\u00edmo v Ko\u0161ic\u00edch.\nDal\u0161\u00ed informace v\u00e1m r\u00e1d poskytnu na telefonn\u00edm \u010d\u00edsle +421 918 256 844. \u010c\u00edslo vozidla: RV994CP. Platnost technick\u00e9 kontroly do: 4. 6. 2028. Platnost technick\u00e9 kontroly do: 4. 6. 2028.\n\nTechnick\u00e9 \u00fadaje\n\nv.v.: 01\/16, 2967cm\u00b3, 190kW (258PS), Pohon: 4\u00d74, Automatick\u00e1 p\u0159evodovka (8 st.), Diesel, EURO 6, 4 dv., (5-m\u00edstn\u00fd), 327 007km, \u010cern\u00e1 metal\u00edza, VIN WAUZZZ4H0FN032599\n\nSpot\u0159eba vozidla (l\/100km)\n\nVe m\u011bst\u011b: , mimo m\u011bsto: , kombinovan\u00e1: 5.9\n\nServisn\u00ed kn\u00ed\u017eka, Mo\u017en\u00fd leasing, Jako nov\u00e9 koupen\u00e9 v SR, Mo\u017en\u00fd \u00fav\u011br, \u00dapln\u00e1 servisn\u00ed historie","price":"446718.00","currency":"CZK","status":"active","noindex":true,"location":{"address":null,"full_address":null,"city":"Ko\u0161ice","country":"SK","latitude":48.7172272,"longitude":21.2496774},"metadata":{"vin":"WAUZZZ4H0FN032599","fuel":"diesel","year":2016,"brand":"Audi","color":"Black","doors":4,"drive":"AWD \/ 4x4","model":"A8","seats":5,"region":"Ko\u0161ick\u00fd kraj","mileage":327007,"emisions":"Euro 6","features":["Alarm","EBD\/EBV","Posilova\u010d \u0159\u00edzen\u00ed","ABS","ESP","Protiprokluzov\u00fd syst\u00e9m kol (TC, ASR)","ADS","DSC\/DTC","Brzdov\u00fd asistent (EBA, BAS)","ISOFIX na zadn\u00edch sedadlech","Nat\u00e1\u010dec\u00ed sv\u011btlomety","Senzor tlaku","Syst\u00e9m rozpozn\u00e1v\u00e1n\u00ed dopravn\u00edch zna\u010dek","Sledov\u00e1n\u00ed \u00fanavy \u0159idi\u010de","360\u00b0 monitorovac\u00ed syst\u00e9m (AVM)","Asistent d\u00e1lkov\u00fdch sv\u011btel (HBA)","CD p\u0159ehr\u00e1va\u010d","Centr\u00e1ln\u00ed zamyk\u00e1n\u00ed","Zadn\u00ed el. stahovateln\u00e1 okna","El. nastaviteln\u00e1 p\u0159edn\u00ed sedadla","Elektricky nastaviteln\u00e1 zp\u011btn\u00e1 zrc\u00e1tka","Centr\u00e1ln\u00ed zamyk\u00e1n\u00ed na d\u00e1lkov\u00e9 ovl\u00e1d\u00e1n\u00ed","Automatick\u00e1 4-z\u00f3nov\u00e1 klimatizace","Autor\u00e1dio","Multifunk\u010dn\u00ed volant","Loketn\u00ed op\u011brka vp\u0159edu","Head-up display","Start\/Stop syst\u00e9m","Vzduchov\u00e9 odpru\u017een\u00ed","Klimatizovan\u00e1 p\u0159ihr\u00e1dka","Welcome light","Lit\u00e1 kola","Mlhovky","Imobiliz\u00e9r","Palubn\u00ed po\u010d\u00edta\u010d","Navigace","Automatick\u00e9 parkov\u00e1n\u00ed","St\u0159e\u0161n\u00ed okno","Tempomat","Ko\u017een\u00fd interi\u00e9r","Vyh\u0159\u00edvan\u00e1 sedadla","Elektricky vyh\u0159\u00edvan\u00e1 zp\u011btn\u00e1 zrc\u00e1tka","F\u00f3lie","Senzor st\u011bra\u010d\u016f","Sv\u011bteln\u00fd senzor","Parkovac\u00ed kamera","P\u0159edn\u00ed a zadn\u00ed parkovac\u00ed senzory","Adaptivn\u00ed tempomat","Elektrick\u00e9 dov\u00edr\u00e1n\u00ed v\u0161ech dve\u0159\u00ed","No\u010dn\u00ed vid\u011bn\u00ed","Bezkl\u00ed\u010dov\u00fd vstup","El. ovl\u00e1dan\u00fd kufr","Elektrick\u00e9 dov\u00edr\u00e1n\u00ed zavazadlov\u00e9ho prostoru","Ventilovan\u00e1 p\u0159edn\u00ed sedadla","Panoramatick\u00e1 st\u0159echa","Bluetooth","Bezdotykov\u00e9 ovl\u00e1d\u00e1n\u00ed v\u00edka zavazadlov\u00e9ho prostoru","Pam\u011b\u0165 nastaven\u00ed sedadla \u0159idi\u010de","Ambientn\u00ed LED osv\u011btlen\u00ed interi\u00e9ru","Serv. kni\u017eka","Mo\u017en\u00fd leasing","Ako nov\u00e9 k\u00fapen\u00e9 v SR","Mo\u017en\u00fd \u00faver","\u00dapln\u00e1 servisn\u00e1 hist\u00f3ria","Odo-pass","Asistent udr\u017eov\u00e1n\u00ed j\u00edzdn\u00edho pruhu","Asistent rozjezdu do kopce","Syst\u00e9m sledov\u00e1n\u00ed mrtv\u00e9ho \u00fahlu","ACC","Drive Select (j\u00edzdy re\u017eimy)","Pr\u00e9miov\u00fd audiosyst\u00e9m Bose","Elektricky sklopn\u00e1 zp\u011btn\u00e1 zrc\u00e1tka","elektricky nastaviteln\u00fd volant","Rozpozn\u00e1v\u00e1n\u00ed chodc\u016f","elektricky vysouvac\u00ed roletky na zadn\u00edch oknech","elektricky vysouvac\u00ed roletka na zadn\u00edm skle","popeln\u00edky v zadn\u00edch dve\u0159\u00edch","plnohodnotn\u00e1 rezerva","origin\u00e1ln\u00ed de\u0161tn\u00edk Audi v zavazadlov\u00e9m prostoru"],"power_kw":190,"body_type":"Sedan","condition":"Used","transmission":"automatic","vat_deductible":false,"consumption_city":null,"translation_hash":"2a8591938d49ab3c72c0c5d9dd4ababfa07e889b","vehicle_category":"car","engine_volume_cm3":2967,"first_registration":"2016-01-01","translation_status":"done","consumption_highway":null,"consumption_combined":5.9},"user_id":31,"is_sponsored":false,"views_count":16,"ai_views_count":10,"ai_vendor_counts":{"meta":3,"other":1,"openai":2,"anthropic":4},"visibility":"public","submission_source":null,"submission_ai_name":null,"has_owner_email":true,"can_contact_owner":true,"phone":"0918 256 844","owner_email":"somsag@autorro.sk","user":{"id":31,"slug":"adrian-somsag-31","name":"Adri\u00e1n \u0160om\u0161\u00e1g","bio":"Makl\u00e9r. P\u016fsob\u00edm v Ko\u0161iciach a okol\u00ed.\n\nP\u016fsobnost: Ko\u0161ice","nationality":"SK","languages":["cs","sk"],"service_areas":[],"card_style":null,"card_palette":null,"avatar_url":"https:\/\/cdn.assetlog.ai\/avatars\/31\/avatar_max.webp?v=1786535213","avatar_thumb_url":"https:\/\/cdn.assetlog.ai\/avatars\/31\/avatar_small.webp?v=1786535213","reviews_count":0,"avg_rating":null,"seller_badge":"silver","can_calendar":true},"images":[{"id":104964,"max":"https:\/\/cdn.assetlog.ai\/assets\/130704\/audi-a8-at8-4x4-190kw-aj-na-splatky-protiucet_1_max.webp","medium":"https:\/\/cdn.assetlog.ai\/assets\/130704\/audi-a8-at8-4x4-190kw-aj-na-splatky-protiucet_1_medium.webp","small":"https:\/\/cdn.assetlog.ai\/assets\/130704\/audi-a8-at8-4x4-190kw-aj-na-splatky-protiucet_1_small.webp"},{"id":104965,"max":"https:\/\/cdn.assetlog.ai\/assets\/130704\/audi-a8-at8-4x4-190kw-aj-na-splatky-protiucet_2_max.webp","medium":"https:\/\/cdn.assetlog.ai\/assets\/130704\/audi-a8-at8-4x4-190kw-aj-na-splatky-protiucet_2_medium.webp","small":"https:\/\/cdn.assetlog.ai\/assets\/130704\/audi-a8-at8-4x4-190kw-aj-na-splatky-protiucet_2_small.webp"},{"id":104966,"max":"https:\/\/cdn.assetlog.ai\/assets\/130704\/audi-a8-at8-4x4-190kw-aj-na-splatky-protiucet_3_max.webp","medium":"https:\/\/cdn.assetlog.ai\/assets\/130704\/audi-a8-at8-4x4-190kw-aj-na-splatky-protiucet_3_medium.webp","small":"https:\/\/cdn.assetlog.ai\/assets\/130704\/audi-a8-at8-4x4-190kw-aj-na-splatky-protiucet_3_small.webp"},{"id":104967,"max":"https:\/\/cdn.assetlog.ai\/assets\/130704\/audi-a8-at8-4x4-190kw-aj-na-splatky-protiucet_4_max.webp","medium":"https:\/\/cdn.assetlog.ai\/assets\/130704\/audi-a8-at8-4x4-190kw-aj-na-splatky-protiucet_4_medium.webp","small":"https:\/\/cdn.assetlog.ai\/assets\/130704\/audi-a8-at8-4x4-190kw-aj-na-splatky-protiucet_4_small.webp"},{"id":104968,"max":"https:\/\/cdn.assetlog.ai\/assets\/130704\/audi-a8-at8-4x4-190kw-aj-na-splatky-protiucet_5_max.webp","medium":"https:\/\/cdn.assetlog.ai\/assets\/130704\/audi-a8-at8-4x4-190kw-aj-na-splatky-protiucet_5_medium.webp","small":"https:\/\/cdn.assetlog.ai\/assets\/130704\/audi-a8-at8-4x4-190kw-aj-na-splatky-protiucet_5_small.webp"},{"id":104969,"max":"https:\/\/cdn.assetlog.ai\/assets\/130704\/audi-a8-at8-4x4-190kw-aj-na-splatky-protiucet_6_max.webp","medium":"https:\/\/cdn.assetlog.ai\/assets\/130704\/audi-a8-at8-4x4-190kw-aj-na-splatky-protiucet_6_medium.webp","small":"https:\/\/cdn.assetlog.ai\/assets\/130704\/audi-a8-at8-4x4-190kw-aj-na-splatky-protiucet_6_small.webp"},{"id":104970,"max":"https:\/\/cdn.assetlog.ai\/assets\/130704\/audi-a8-at8-4x4-190kw-aj-na-splatky-protiucet_7_max.webp","medium":"https:\/\/cdn.assetlog.ai\/assets\/130704\/audi-a8-at8-4x4-190kw-aj-na-splatky-protiucet_7_medium.webp","small":"https:\/\/cdn.assetlog.ai\/assets\/130704\/audi-a8-at8-4x4-190kw-aj-na-splatky-protiucet_7_small.webp"},{"id":104971,"max":"https:\/\/cdn.assetlog.ai\/assets\/130704\/audi-a8-at8-4x4-190kw-aj-na-splatky-protiucet_8_max.webp","medium":"https:\/\/cdn.assetlog.ai\/assets\/130704\/audi-a8-at8-4x4-190kw-aj-na-splatky-protiucet_8_medium.webp","small":"https:\/\/cdn.assetlog.ai\/assets\/130704\/audi-a8-at8-4x4-190kw-aj-na-splatky-protiucet_8_small.webp"},{"id":104972,"max":"https:\/\/cdn.assetlog.ai\/assets\/130704\/audi-a8-at8-4x4-190kw-aj-na-splatky-protiucet_9_max.webp","medium":"https:\/\/cdn.assetlog.ai\/assets\/130704\/audi-a8-at8-4x4-190kw-aj-na-splatky-protiucet_9_medium.webp","small":"https:\/\/cdn.assetlog.ai\/assets\/130704\/audi-a8-at8-4x4-190kw-aj-na-splatky-protiucet_9_small.webp"},{"id":104973,"max":"https:\/\/cdn.assetlog.ai\/assets\/130704\/audi-a8-at8-4x4-190kw-aj-na-splatky-protiucet_10_max.webp","medium":"https:\/\/cdn.assetlog.ai\/assets\/130704\/audi-a8-at8-4x4-190kw-aj-na-splatky-protiucet_10_medium.webp","small":"https:\/\/cdn.assetlog.ai\/assets\/130704\/audi-a8-at8-4x4-190kw-aj-na-splatky-protiucet_10_small.webp"},{"id":104974,"max":"https:\/\/cdn.assetlog.ai\/assets\/130704\/audi-a8-at8-4x4-190kw-aj-na-splatky-protiucet_11_max.webp","medium":"https:\/\/cdn.assetlog.ai\/assets\/130704\/audi-a8-at8-4x4-190kw-aj-na-splatky-protiucet_11_medium.webp","small":"https:\/\/cdn.assetlog.ai\/assets\/130704\/audi-a8-at8-4x4-190kw-aj-na-splatky-protiucet_11_small.webp"},{"id":104975,"max":"https:\/\/cdn.assetlog.ai\/assets\/130704\/audi-a8-at8-4x4-190kw-aj-na-splatky-protiucet_12_max.webp","medium":"https:\/\/cdn.assetlog.ai\/assets\/130704\/audi-a8-at8-4x4-190kw-aj-na-splatky-protiucet_12_medium.webp","small":"https:\/\/cdn.assetlog.ai\/assets\/130704\/audi-a8-at8-4x4-190kw-aj-na-splatky-protiucet_12_small.webp"},{"id":104976,"max":"https:\/\/cdn.assetlog.ai\/assets\/130704\/audi-a8-at8-4x4-190kw-aj-na-splatky-protiucet_13_max.webp","medium":"https:\/\/cdn.assetlog.ai\/assets\/130704\/audi-a8-at8-4x4-190kw-aj-na-splatky-protiucet_13_medium.webp","small":"https:\/\/cdn.assetlog.ai\/assets\/130704\/audi-a8-at8-4x4-190kw-aj-na-splatky-protiucet_13_small.webp"},{"id":104977,"max":"https:\/\/cdn.assetlog.ai\/assets\/130704\/audi-a8-at8-4x4-190kw-aj-na-splatky-protiucet_14_max.webp","medium":"https:\/\/cdn.assetlog.ai\/assets\/130704\/audi-a8-at8-4x4-190kw-aj-na-splatky-protiucet_14_medium.webp","small":"https:\/\/cdn.assetlog.ai\/assets\/130704\/audi-a8-at8-4x4-190kw-aj-na-splatky-protiucet_14_small.webp"},{"id":104978,"max":"https:\/\/cdn.assetlog.ai\/assets\/130704\/audi-a8-at8-4x4-190kw-aj-na-splatky-protiucet_15_max.webp","medium":"https:\/\/cdn.assetlog.ai\/assets\/130704\/audi-a8-at8-4x4-190kw-aj-na-splatky-protiucet_15_medium.webp","small":"https:\/\/cdn.assetlog.ai\/assets\/130704\/audi-a8-at8-4x4-190kw-aj-na-splatky-protiucet_15_small.webp"},{"id":104979,"max":"https:\/\/cdn.assetlog.ai\/assets\/130704\/audi-a8-at8-4x4-190kw-aj-na-splatky-protiucet_16_max.webp","medium":"https:\/\/cdn.assetlog.ai\/assets\/130704\/audi-a8-at8-4x4-190kw-aj-na-splatky-protiucet_16_medium.webp","small":"https:\/\/cdn.assetlog.ai\/assets\/130704\/audi-a8-at8-4x4-190kw-aj-na-splatky-protiucet_16_small.webp"},{"id":104980,"max":"https:\/\/cdn.assetlog.ai\/assets\/130704\/audi-a8-at8-4x4-190kw-aj-na-splatky-protiucet_17_max.webp","medium":"https:\/\/cdn.assetlog.ai\/assets\/130704\/audi-a8-at8-4x4-190kw-aj-na-splatky-protiucet_17_medium.webp","small":"https:\/\/cdn.assetlog.ai\/assets\/130704\/audi-a8-at8-4x4-190kw-aj-na-splatky-protiucet_17_small.webp"},{"id":104981,"max":"https:\/\/cdn.assetlog.ai\/assets\/130704\/audi-a8-at8-4x4-190kw-aj-na-splatky-protiucet_18_max.webp","medium":"https:\/\/cdn.assetlog.ai\/assets\/130704\/audi-a8-at8-4x4-190kw-aj-na-splatky-protiucet_18_medium.webp","small":"https:\/\/cdn.assetlog.ai\/assets\/130704\/audi-a8-at8-4x4-190kw-aj-na-splatky-protiucet_18_small.webp"},{"id":104982,"max":"https:\/\/cdn.assetlog.ai\/assets\/130704\/audi-a8-at8-4x4-190kw-aj-na-splatky-protiucet_19_max.webp","medium":"https:\/\/cdn.assetlog.ai\/assets\/130704\/audi-a8-at8-4x4-190kw-aj-na-splatky-protiucet_19_medium.webp","small":"https:\/\/cdn.assetlog.ai\/assets\/130704\/audi-a8-at8-4x4-190kw-aj-na-splatky-protiucet_19_small.webp"},{"id":104983,"max":"https:\/\/cdn.assetlog.ai\/assets\/130704\/audi-a8-at8-4x4-190kw-aj-na-splatky-protiucet_20_max.webp","medium":"https:\/\/cdn.assetlog.ai\/assets\/130704\/audi-a8-at8-4x4-190kw-aj-na-splatky-protiucet_20_medium.webp","small":"https:\/\/cdn.assetlog.ai\/assets\/130704\/audi-a8-at8-4x4-190kw-aj-na-splatky-protiucet_20_small.webp"},{"id":104984,"max":"https:\/\/cdn.assetlog.ai\/assets\/130704\/audi-a8-at8-4x4-190kw-aj-na-splatky-protiucet_21_max.webp","medium":"https:\/\/cdn.assetlog.ai\/assets\/130704\/audi-a8-at8-4x4-190kw-aj-na-splatky-protiucet_21_medium.webp","small":"https:\/\/cdn.assetlog.ai\/assets\/130704\/audi-a8-at8-4x4-190kw-aj-na-splatky-protiucet_21_small.webp"},{"id":104985,"max":"https:\/\/cdn.assetlog.ai\/assets\/130704\/audi-a8-at8-4x4-190kw-aj-na-splatky-protiucet_22_max.webp","medium":"https:\/\/cdn.assetlog.ai\/assets\/130704\/audi-a8-at8-4x4-190kw-aj-na-splatky-protiucet_22_medium.webp","small":"https:\/\/cdn.assetlog.ai\/assets\/130704\/audi-a8-at8-4x4-190kw-aj-na-splatky-protiucet_22_small.webp"},{"id":104986,"max":"https:\/\/cdn.assetlog.ai\/assets\/130704\/audi-a8-at8-4x4-190kw-aj-na-splatky-protiucet_23_max.webp","medium":"https:\/\/cdn.assetlog.ai\/assets\/130704\/audi-a8-at8-4x4-190kw-aj-na-splatky-protiucet_23_medium.webp","small":"https:\/\/cdn.assetlog.ai\/assets\/130704\/audi-a8-at8-4x4-190kw-aj-na-splatky-protiucet_23_small.webp"},{"id":104987,"max":"https:\/\/cdn.assetlog.ai\/assets\/130704\/audi-a8-at8-4x4-190kw-aj-na-splatky-protiucet_24_max.webp","medium":"https:\/\/cdn.assetlog.ai\/assets\/130704\/audi-a8-at8-4x4-190kw-aj-na-splatky-protiucet_24_medium.webp","small":"https:\/\/cdn.assetlog.ai\/assets\/130704\/audi-a8-at8-4x4-190kw-aj-na-splatky-protiucet_24_small.webp"},{"id":104988,"max":"https:\/\/cdn.assetlog.ai\/assets\/130704\/audi-a8-at8-4x4-190kw-aj-na-splatky-protiucet_25_max.webp","medium":"https:\/\/cdn.assetlog.ai\/assets\/130704\/audi-a8-at8-4x4-190kw-aj-na-splatky-protiucet_25_medium.webp","small":"https:\/\/cdn.assetlog.ai\/assets\/130704\/audi-a8-at8-4x4-190kw-aj-na-splatky-protiucet_25_small.webp"},{"id":104989,"max":"https:\/\/cdn.assetlog.ai\/assets\/130704\/audi-a8-at8-4x4-190kw-aj-na-splatky-protiucet_26_max.webp","medium":"https:\/\/cdn.assetlog.ai\/assets\/130704\/audi-a8-at8-4x4-190kw-aj-na-splatky-protiucet_26_medium.webp","small":"https:\/\/cdn.assetlog.ai\/assets\/130704\/audi-a8-at8-4x4-190kw-aj-na-splatky-protiucet_26_small.webp"},{"id":104990,"max":"https:\/\/cdn.assetlog.ai\/assets\/130704\/audi-a8-at8-4x4-190kw-aj-na-splatky-protiucet_27_max.webp","medium":"https:\/\/cdn.assetlog.ai\/assets\/130704\/audi-a8-at8-4x4-190kw-aj-na-splatky-protiucet_27_medium.webp","small":"https:\/\/cdn.assetlog.ai\/assets\/130704\/audi-a8-at8-4x4-190kw-aj-na-splatky-protiucet_27_small.webp"},{"id":104991,"max":"https:\/\/cdn.assetlog.ai\/assets\/130704\/audi-a8-at8-4x4-190kw-aj-na-splatky-protiucet_28_max.webp","medium":"https:\/\/cdn.assetlog.ai\/assets\/130704\/audi-a8-at8-4x4-190kw-aj-na-splatky-protiucet_28_medium.webp","small":"https:\/\/cdn.assetlog.ai\/assets\/130704\/audi-a8-at8-4x4-190kw-aj-na-splatky-protiucet_28_small.webp"},{"id":104992,"max":"https:\/\/cdn.assetlog.ai\/assets\/130704\/audi-a8-at8-4x4-190kw-aj-na-splatky-protiucet_29_max.webp","medium":"https:\/\/cdn.assetlog.ai\/assets\/130704\/audi-a8-at8-4x4-190kw-aj-na-splatky-protiucet_29_medium.webp","small":"https:\/\/cdn.assetlog.ai\/assets\/130704\/audi-a8-at8-4x4-190kw-aj-na-splatky-protiucet_29_small.webp"},{"id":104993,"max":"https:\/\/cdn.assetlog.ai\/assets\/130704\/audi-a8-at8-4x4-190kw-aj-na-splatky-protiucet_30_max.webp","medium":"https:\/\/cdn.assetlog.ai\/assets\/130704\/audi-a8-at8-4x4-190kw-aj-na-splatky-protiucet_30_medium.webp","small":"https:\/\/cdn.assetlog.ai\/assets\/130704\/audi-a8-at8-4x4-190kw-aj-na-splatky-protiucet_30_small.webp"},{"id":104994,"max":"https:\/\/cdn.assetlog.ai\/assets\/130704\/audi-a8-at8-4x4-190kw-aj-na-splatky-protiucet_31_max.webp","medium":"https:\/\/cdn.assetlog.ai\/assets\/130704\/audi-a8-at8-4x4-190kw-aj-na-splatky-protiucet_31_medium.webp","small":"https:\/\/cdn.assetlog.ai\/assets\/130704\/audi-a8-at8-4x4-190kw-aj-na-splatky-protiucet_31_small.webp"},{"id":104995,"max":"https:\/\/cdn.assetlog.ai\/assets\/130704\/audi-a8-at8-4x4-190kw-aj-na-splatky-protiucet_32_max.webp","medium":"https:\/\/cdn.assetlog.ai\/assets\/130704\/audi-a8-at8-4x4-190kw-aj-na-splatky-protiucet_32_medium.webp","small":"https:\/\/cdn.assetlog.ai\/assets\/130704\/audi-a8-at8-4x4-190kw-aj-na-splatky-protiucet_32_small.webp"},{"id":104996,"max":"https:\/\/cdn.assetlog.ai\/assets\/130704\/audi-a8-at8-4x4-190kw-aj-na-splatky-protiucet_33_max.webp","medium":"https:\/\/cdn.assetlog.ai\/assets\/130704\/audi-a8-at8-4x4-190kw-aj-na-splatky-protiucet_33_medium.webp","small":"https:\/\/cdn.assetlog.ai\/assets\/130704\/audi-a8-at8-4x4-190kw-aj-na-splatky-protiucet_33_small.webp"},{"id":104997,"max":"https:\/\/cdn.assetlog.ai\/assets\/130704\/audi-a8-at8-4x4-190kw-aj-na-splatky-protiucet_34_max.webp","medium":"https:\/\/cdn.assetlog.ai\/assets\/130704\/audi-a8-at8-4x4-190kw-aj-na-splatky-protiucet_34_medium.webp","small":"https:\/\/cdn.assetlog.ai\/assets\/130704\/audi-a8-at8-4x4-190kw-aj-na-splatky-protiucet_34_small.webp"},{"id":104998,"max":"https:\/\/cdn.assetlog.ai\/assets\/130704\/audi-a8-at8-4x4-190kw-aj-na-splatky-protiucet_35_max.webp","medium":"https:\/\/cdn.assetlog.ai\/assets\/130704\/audi-a8-at8-4x4-190kw-aj-na-splatky-protiucet_35_medium.webp","small":"https:\/\/cdn.assetlog.ai\/assets\/130704\/audi-a8-at8-4x4-190kw-aj-na-splatky-protiucet_35_small.webp"},{"id":104999,"max":"https:\/\/cdn.assetlog.ai\/assets\/130704\/audi-a8-at8-4x4-190kw-aj-na-splatky-protiucet_36_max.webp","medium":"https:\/\/cdn.assetlog.ai\/assets\/130704\/audi-a8-at8-4x4-190kw-aj-na-splatky-protiucet_36_medium.webp","small":"https:\/\/cdn.assetlog.ai\/assets\/130704\/audi-a8-at8-4x4-190kw-aj-na-splatky-protiucet_36_small.webp"},{"id":105000,"max":"https:\/\/cdn.assetlog.ai\/assets\/130704\/audi-a8-at8-4x4-190kw-aj-na-splatky-protiucet_37_max.webp","medium":"https:\/\/cdn.assetlog.ai\/assets\/130704\/audi-a8-at8-4x4-190kw-aj-na-splatky-protiucet_37_medium.webp","small":"https:\/\/cdn.assetlog.ai\/assets\/130704\/audi-a8-at8-4x4-190kw-aj-na-splatky-protiucet_37_small.webp"},{"id":105001,"max":"https:\/\/cdn.assetlog.ai\/assets\/130704\/audi-a8-at8-4x4-190kw-aj-na-splatky-protiucet_38_max.webp","medium":"https:\/\/cdn.assetlog.ai\/assets\/130704\/audi-a8-at8-4x4-190kw-aj-na-splatky-protiucet_38_medium.webp","small":"https:\/\/cdn.assetlog.ai\/assets\/130704\/audi-a8-at8-4x4-190kw-aj-na-splatky-protiucet_38_small.webp"},{"id":105002,"max":"https:\/\/cdn.assetlog.ai\/assets\/130704\/audi-a8-at8-4x4-190kw-aj-na-splatky-protiucet_39_max.webp","medium":"https:\/\/cdn.assetlog.ai\/assets\/130704\/audi-a8-at8-4x4-190kw-aj-na-splatky-protiucet_39_medium.webp","small":"https:\/\/cdn.assetlog.ai\/assets\/130704\/audi-a8-at8-4x4-190kw-aj-na-splatky-protiucet_39_small.webp"},{"id":105003,"max":"https:\/\/cdn.assetlog.ai\/assets\/130704\/audi-a8-at8-4x4-190kw-aj-na-splatky-protiucet_40_max.webp","medium":"https:\/\/cdn.assetlog.ai\/assets\/130704\/audi-a8-at8-4x4-190kw-aj-na-splatky-protiucet_40_medium.webp","small":"https:\/\/cdn.assetlog.ai\/assets\/130704\/audi-a8-at8-4x4-190kw-aj-na-splatky-protiucet_40_small.webp"}],"published_at":null,"expires_at":null,"created_at":"2026-07-26T03:40:02+00:00","updated_at":"2026-09-01T03:40:56+00:00"}}