{"data":{"id":177387,"slug":"audi-q5-20-tfsi-e-hybrid-str-s-line-270kw-a7-zaruka-aj-na-splatky-protiucet","type":"vehicle","title":"Audi Q5 2.0 TFSI e-Hybrid STR S-Line \/ 270kW \/ A7 \/ WARRANTY \/ ENGLISH AVAILABLE \/ INSTALLMENTS \/ TRADE-IN","description":"Modern Audi Q5 2.0 TFSI e-Hybrid in the popular S line equipment, which combines the comfort of a premium SUV with the benefits of plug-in hybrid drive.\n\nThe vehicle was purchased in Slovakia and has only one owner. Complete service history is available and the vehicle is still under warranty. A practical bonus is also a second set of wheels with winter tires.\n\nFurther information:\n\n1st owner\nPurchased in Slovakia\nComplete service history\nVehicle under warranty\nS line equipment\nSecond set of wheels with winter tires for the vehicle\nVAT deduction possible\n\nCommission sale - you are buying the vehicle directly from the owner.\n\nThe vehicle has passed insurance records checks, execution checks, paint depth measurement and document verification. Physically inspected and also checked via the vehicle service records register.\n\nWe offer favorable financing on monthly installments, so you can enjoy your new car right away and without waiting with 0% down payment and installments up to 96 months.\n\nFor your greater comfort and peace of mind, we can provide you with extended warranty up to 12-36 months.\n\nIf you already own a car, you don't have to worry about selling it - in return, we will take it directly from you. Just come to us with it, we will evaluate it and deduct the costs from the value of your new car. You will save time, worries and money and the whole process will be quick and easy - you will drive away in your new car right away without unnecessary paperwork.\n\nVEHICLE IS LOCATED IN Martin.\nMore information can be provided by phone at 0908 315 471. Registration number: AB076FE. MOT valid until: 2029-12-15. Technical inspection valid until: 2029-12-15.\n\nTechnical data\n\nManufactured: 12\/25, 1984cc, 185kW (252PS), Vehicle generation: , Drive: 4\u00d74, Automatic transmission (7-speed), Hybrid (electric + petrol), EURO, 4-door, (5-seater), 2,265 km, Orange metallic, VIN WAUZZZGU5S2099476\n\nVehicle consumption (l\/100km)\n\nUrban: , out of town: , combined: 3.1\n\nFirst owner, Leasing possible, Purchased as new in Slovakia, VAT deduction possible, Loan possible, Under warranty, Full service history","language":"cs","is_translated":true,"title_original":"Audi Q5 2.0 TFSI e-Hybrid STR S-Line \/ 270kW \/ A7 \/ Z\u00c1RUKA \/ AJ NA SPL\u00c1TKY \/ PROTI\u00da\u010cET","description_original":"Modern\u00ed Audi Q5 2.0 TFSI e-Hybrid v obl\u00edben\u00e9 v\u00fdbav\u011b S line, kter\u00e9 spojuje komfort pr\u00e9miov\u00e9ho SUV s v\u00fdhodami plug-in hybridn\u00edho pohonu.\n\nVozidlo bylo zakoupeno na Slovensku a m\u00e1 pouze jednoho majitele. K dispozici je kompletn\u00ed servisn\u00ed historie a vozidlo je st\u00e1le v z\u00e1ruce. Praktick\u00fdm bonusem je tak\u00e9 druh\u00e1 sada kol se zimn\u00edmi pneumatikami.\n\nDal\u0161\u00ed informace:\n\n1. majitel\nZakoupeno na Slovensku\nKompletn\u00ed servisn\u00ed historie\nVozidlo v z\u00e1ruce\nV\u00fdbava S line\nDruh\u00e1 sada kol se zimn\u00edmi pneumatikami k vozidlu\nMo\u017enost odpo\u010dtu DPH\n\nKomisn\u00ed prodej - vozidlo kupujete p\u0159\u00edmo od majitele.\n\nVozidlo pro\u0161lo kontrolou z\u00e1znam\u016f o poji\u0161t\u011bn\u00ed, exekuc\u00ed, m\u011b\u0159en\u00edm laku a kontrolou doklad\u016f. Zkontrolov\u00e1no fyzicky, tak\u00e9 prost\u0159ednictv\u00edm registru provozn\u00edch z\u00e1znam\u016f vozidla.\n\nNab\u00edz\u00edme v\u00fdhodn\u00e9 financov\u00e1n\u00ed na m\u011bs\u00ed\u010dn\u00ed spl\u00e1tky, tak\u017ee si sv\u016fj nov\u00fd v\u016fz m\u016f\u017eete u\u017e\u00edvat hned a bez \u010dek\u00e1n\u00ed s akontac\u00ed 0 % a spl\u00e1tkami a\u017e na 96 m\u011bs\u00edc\u016f.\n\nPro va\u0161e v\u011bt\u0161\u00ed pohodl\u00ed a jistotu v\u00e1m m\u016f\u017eeme poskytnout prodlou\u017eenou z\u00e1ruku a\u017e na 12-36 m\u011bs\u00edc\u016f.\n\nPokud ji\u017e v\u016fz vlastn\u00edte, nemus\u00edte se zab\u00fdvat jeho prodejem - na opl\u00e1tku si ho od v\u00e1s p\u0159\u00edmo vezmeme. Sta\u010d\u00ed, kdy\u017e k n\u00e1m s n\u00edm p\u0159ijdete, my ho ocen\u00edme a n\u00e1klady ode\u010dteme od hodnoty va\u0161eho nov\u00e9ho vozu. U\u0161et\u0159\u00edte tak \u010das, starosti i pen\u00edze a cel\u00fd proces bude rychl\u00fd a snadn\u00fd - odjedete rovnou ve sv\u00e9m nov\u00e9m voze bez zbyte\u010dn\u00e9ho pap\u00edrov\u00e1n\u00ed.\n\nVOZIDLO SE NACH\u00c1Z\u00cd V Martine.\nViac inform\u00e1ci\u00ed V\u00e1m rada poskytnem na telefonn\u00edm \u010d\u00edsle 0908 315 471.E\u010cV: AB076FE. EK platn\u00e1 do: 2029-12-15. STK platn\u00e1 do: 2029-12-15.\n\nTechnick\u00e9 \u00fadaje\n\nv.v.: 12\/25, 1984cm\u00b3, 185kW (252PS), Generace vozidla: , Pohon: 4\u00d74, Automatick\u00e1 p\u0159evodovka (7 st.), Hybrid (elektro + benz\u00edn), EURO , 4 dv., (5-m\u00edstn\u00fd), 2 265km, Oran\u017eov\u00e1 metal\u00edza, VIN WAUZZZGU5S2099476\n\nSpot\u0159eba vozidla (l\/100km)\n\nVe m\u011bst\u011b: , mimo m\u011bsto: , kombinovan\u00e1: 3.1\n\nPrvn\u00ed majitel, Mo\u017en\u00fd leasing, Jako nov\u00e9 koupen\u00e9 v SR, Mo\u017en\u00fd odpo\u010det DPH, Mo\u017en\u00fd \u00fav\u011br, V z\u00e1ruce, \u00dapln\u00e1 servisn\u00ed historie","price":"2051900.00","currency":"CZK","status":"active","noindex":true,"location":{"address":null,"full_address":null,"city":"Ru\u017eomberok","country":"SK","latitude":49.0815718,"longitude":19.3034168},"metadata":{"vin":"WAUZZZGU5S2099476","fuel":"petrol","year":2025,"brand":"Audi","color":"Orange","doors":4,"drive":"AWD \/ 4x4","model":"Q5","seats":5,"region":"\u017dilinsk\u00fd kraj","mileage":2265,"emisions":"Euro 1","features":["Alarm","EBD\/EBV","ABS","ESP","Brzdov\u00fd asistent (EBA, BAS)","ISOFIX na zadn\u00edch sedadlech","Deaktivace airbagu spolujezdce","Nat\u00e1\u010dec\u00ed sv\u011btlomety","Senzor tlaku","Syst\u00e9m rozpozn\u00e1v\u00e1n\u00ed dopravn\u00edch zna\u010dek","Sledov\u00e1n\u00ed \u00fanavy \u0159idi\u010de","360\u00b0 monitorovac\u00ed syst\u00e9m (AVM)","Asistent d\u00e1lkov\u00fdch sv\u011btel (HBA)","Centr\u00e1ln\u00ed zamyk\u00e1n\u00ed","Zadn\u00ed el. stahovateln\u00e1 okna","El. nastaviteln\u00e1 p\u0159edn\u00ed sedadla","Elektricky nastaviteln\u00e1 zp\u011btn\u00e1 zrc\u00e1tka","Centr\u00e1ln\u00ed zamyk\u00e1n\u00ed na d\u00e1lkov\u00e9 ovl\u00e1d\u00e1n\u00ed","Autor\u00e1dio","Vyh\u0159\u00edvan\u00e9 \u010deln\u00ed sklo","Multifunk\u010dn\u00ed volant","Loketn\u00ed op\u011brka vp\u0159edu","Head-up display","Start\/Stop syst\u00e9m","Klimatizovan\u00e1 p\u0159ihr\u00e1dka","Ost\u0159ikova\u010de sv\u011btlomet\u016f","Automatick\u00e1 3-z\u00f3nov\u00e1 klimatizace","Apple Car Play","Android Auto","Welcome light","Digit\u00e1ln\u00ed p\u0159\u00edstrojov\u00e1 deska","P\u00e1dla pod volantem","Bezdr\u00e1tov\u00e1 nab\u00edje\u010dka mobiln\u00edch telefon\u016f","Lit\u00e1 kola","Palubn\u00ed po\u010d\u00edta\u010d","Navigace","Automatick\u00e9 parkov\u00e1n\u00ed","St\u0159e\u0161n\u00ed okno","St\u0159e\u0161n\u00ed nosi\u010d","Ko\u017een\u00fd interi\u00e9r","Vyh\u0159\u00edvan\u00e1 sedadla","Elektricky vyh\u0159\u00edvan\u00e1 zp\u011btn\u00e1 zrc\u00e1tka","Senzor st\u011bra\u010d\u016f","Sv\u011bteln\u00fd senzor","Zimn\u00ed sada kol","Parkovac\u00ed kamera","P\u0159edn\u00ed a zadn\u00ed parkovac\u00ed senzory","Adaptivn\u00ed tempomat","No\u010dn\u00ed vid\u011bn\u00ed","Bezkl\u00ed\u010dov\u00fd vstup","El. ovl\u00e1dan\u00fd kufr","Elektrick\u00e9 dov\u00edr\u00e1n\u00ed zavazadlov\u00e9ho prostoru","Mas\u00e1\u017en\u00ed sedadlo \u0159idi\u010de","Ventilovan\u00e1 p\u0159edn\u00ed sedadla","Panoramatick\u00e1 st\u0159echa","Bluetooth","Vyh\u0159\u00edvan\u00fd volant","Denn\u00ed sv\u00edcen\u00ed","LED sv\u011btlomety","Bezdotykov\u00e9 ovl\u00e1d\u00e1n\u00ed v\u00edka zavazadlov\u00e9ho prostoru","Pam\u011b\u0165 nastaven\u00ed sedadla \u0159idi\u010de","Ambientn\u00ed LED osv\u011btlen\u00ed interi\u00e9ru","Prv\u00fd majite\u013e","Mo\u017en\u00fd leasing","Ako nov\u00e9 k\u00fapen\u00e9 v SR","Mo\u017en\u00fd odpo\u010det DPH","Mo\u017en\u00fd \u00faver","v z\u00e1ruke","\u00dapln\u00e1 servisn\u00e1 hist\u00f3ria","Adaptivn\u00ed podvozek","Odo-pass","Asistent udr\u017eov\u00e1n\u00ed j\u00edzdn\u00edho pruhu","Asistent rozjezdu do kopce","Sledov\u00e1n\u00ed mrtv\u00e9ho \u00fahlu","audiosyst\u00e9m Bang &amp","Olufsen"],"power_kw":185,"body_type":"SUV","condition":"New","transmission":"automatic","vat_deductible":true,"consumption_city":null,"translation_hash":"6f4a27fa549274aefba61ae534652e04e111b5bf","vehicle_category":"car","engine_volume_cm3":1984,"first_registration":"2025-12-01","translation_status":"done","consumption_highway":null,"consumption_combined":3.1},"user_id":48,"is_sponsored":false,"views_count":5,"ai_views_count":7,"ai_vendor_counts":{"meta":3,"other":2,"openai":1,"anthropic":1},"visibility":"public","submission_source":null,"submission_ai_name":null,"has_owner_email":true,"can_contact_owner":true,"phone":"0944 737 704","owner_email":"hess@autorro.sk","user":{"id":48,"slug":"wlodzimierz-hess-48","name":"Wlodzimierz Hess","bio":"Makl\u00e9r. P\u016fsob\u00edm v Martine a okol\u00ed.\n\nP\u016fsobnost: Martin","nationality":"SK","languages":["cs","sk"],"service_areas":[],"card_style":null,"card_palette":null,"avatar_url":"https:\/\/cdn.assetlog.ai\/avatars\/48\/avatar_max.webp?v=1786535213","avatar_thumb_url":"https:\/\/cdn.assetlog.ai\/avatars\/48\/avatar_small.webp?v=1786535213","reviews_count":0,"avg_rating":null,"seller_badge":"silver","can_calendar":true,"joined_at":"2026-06-07T14:17:01+00:00","primary_intent":null,"seeking":[],"public_assets_count":32,"public_prompts_count":0,"followers_count":0},"images":[{"id":140047,"max":"https:\/\/cdn.assetlog.ai\/assets\/177387\/audi-q5-20-tfsi-e-hybrid-str-s-line-270kw-a7-zaruka-aj-na-splatky-protiucet_1_max.webp","medium":"https:\/\/cdn.assetlog.ai\/assets\/177387\/audi-q5-20-tfsi-e-hybrid-str-s-line-270kw-a7-zaruka-aj-na-splatky-protiucet_1_medium.webp","small":"https:\/\/cdn.assetlog.ai\/assets\/177387\/audi-q5-20-tfsi-e-hybrid-str-s-line-270kw-a7-zaruka-aj-na-splatky-protiucet_1_small.webp"},{"id":140048,"max":"https:\/\/cdn.assetlog.ai\/assets\/177387\/audi-q5-20-tfsi-e-hybrid-str-s-line-270kw-a7-zaruka-aj-na-splatky-protiucet_2_max.webp","medium":"https:\/\/cdn.assetlog.ai\/assets\/177387\/audi-q5-20-tfsi-e-hybrid-str-s-line-270kw-a7-zaruka-aj-na-splatky-protiucet_2_medium.webp","small":"https:\/\/cdn.assetlog.ai\/assets\/177387\/audi-q5-20-tfsi-e-hybrid-str-s-line-270kw-a7-zaruka-aj-na-splatky-protiucet_2_small.webp"},{"id":140049,"max":"https:\/\/cdn.assetlog.ai\/assets\/177387\/audi-q5-20-tfsi-e-hybrid-str-s-line-270kw-a7-zaruka-aj-na-splatky-protiucet_3_max.webp","medium":"https:\/\/cdn.assetlog.ai\/assets\/177387\/audi-q5-20-tfsi-e-hybrid-str-s-line-270kw-a7-zaruka-aj-na-splatky-protiucet_3_medium.webp","small":"https:\/\/cdn.assetlog.ai\/assets\/177387\/audi-q5-20-tfsi-e-hybrid-str-s-line-270kw-a7-zaruka-aj-na-splatky-protiucet_3_small.webp"},{"id":140050,"max":"https:\/\/cdn.assetlog.ai\/assets\/177387\/audi-q5-20-tfsi-e-hybrid-str-s-line-270kw-a7-zaruka-aj-na-splatky-protiucet_4_max.webp","medium":"https:\/\/cdn.assetlog.ai\/assets\/177387\/audi-q5-20-tfsi-e-hybrid-str-s-line-270kw-a7-zaruka-aj-na-splatky-protiucet_4_medium.webp","small":"https:\/\/cdn.assetlog.ai\/assets\/177387\/audi-q5-20-tfsi-e-hybrid-str-s-line-270kw-a7-zaruka-aj-na-splatky-protiucet_4_small.webp"},{"id":140051,"max":"https:\/\/cdn.assetlog.ai\/assets\/177387\/audi-q5-20-tfsi-e-hybrid-str-s-line-270kw-a7-zaruka-aj-na-splatky-protiucet_5_max.webp","medium":"https:\/\/cdn.assetlog.ai\/assets\/177387\/audi-q5-20-tfsi-e-hybrid-str-s-line-270kw-a7-zaruka-aj-na-splatky-protiucet_5_medium.webp","small":"https:\/\/cdn.assetlog.ai\/assets\/177387\/audi-q5-20-tfsi-e-hybrid-str-s-line-270kw-a7-zaruka-aj-na-splatky-protiucet_5_small.webp"},{"id":140052,"max":"https:\/\/cdn.assetlog.ai\/assets\/177387\/audi-q5-20-tfsi-e-hybrid-str-s-line-270kw-a7-zaruka-aj-na-splatky-protiucet_6_max.webp","medium":"https:\/\/cdn.assetlog.ai\/assets\/177387\/audi-q5-20-tfsi-e-hybrid-str-s-line-270kw-a7-zaruka-aj-na-splatky-protiucet_6_medium.webp","small":"https:\/\/cdn.assetlog.ai\/assets\/177387\/audi-q5-20-tfsi-e-hybrid-str-s-line-270kw-a7-zaruka-aj-na-splatky-protiucet_6_small.webp"},{"id":140053,"max":"https:\/\/cdn.assetlog.ai\/assets\/177387\/audi-q5-20-tfsi-e-hybrid-str-s-line-270kw-a7-zaruka-aj-na-splatky-protiucet_7_max.webp","medium":"https:\/\/cdn.assetlog.ai\/assets\/177387\/audi-q5-20-tfsi-e-hybrid-str-s-line-270kw-a7-zaruka-aj-na-splatky-protiucet_7_medium.webp","small":"https:\/\/cdn.assetlog.ai\/assets\/177387\/audi-q5-20-tfsi-e-hybrid-str-s-line-270kw-a7-zaruka-aj-na-splatky-protiucet_7_small.webp"},{"id":140054,"max":"https:\/\/cdn.assetlog.ai\/assets\/177387\/audi-q5-20-tfsi-e-hybrid-str-s-line-270kw-a7-zaruka-aj-na-splatky-protiucet_8_max.webp","medium":"https:\/\/cdn.assetlog.ai\/assets\/177387\/audi-q5-20-tfsi-e-hybrid-str-s-line-270kw-a7-zaruka-aj-na-splatky-protiucet_8_medium.webp","small":"https:\/\/cdn.assetlog.ai\/assets\/177387\/audi-q5-20-tfsi-e-hybrid-str-s-line-270kw-a7-zaruka-aj-na-splatky-protiucet_8_small.webp"},{"id":140055,"max":"https:\/\/cdn.assetlog.ai\/assets\/177387\/audi-q5-20-tfsi-e-hybrid-str-s-line-270kw-a7-zaruka-aj-na-splatky-protiucet_9_max.webp","medium":"https:\/\/cdn.assetlog.ai\/assets\/177387\/audi-q5-20-tfsi-e-hybrid-str-s-line-270kw-a7-zaruka-aj-na-splatky-protiucet_9_medium.webp","small":"https:\/\/cdn.assetlog.ai\/assets\/177387\/audi-q5-20-tfsi-e-hybrid-str-s-line-270kw-a7-zaruka-aj-na-splatky-protiucet_9_small.webp"},{"id":140056,"max":"https:\/\/cdn.assetlog.ai\/assets\/177387\/audi-q5-20-tfsi-e-hybrid-str-s-line-270kw-a7-zaruka-aj-na-splatky-protiucet_10_max.webp","medium":"https:\/\/cdn.assetlog.ai\/assets\/177387\/audi-q5-20-tfsi-e-hybrid-str-s-line-270kw-a7-zaruka-aj-na-splatky-protiucet_10_medium.webp","small":"https:\/\/cdn.assetlog.ai\/assets\/177387\/audi-q5-20-tfsi-e-hybrid-str-s-line-270kw-a7-zaruka-aj-na-splatky-protiucet_10_small.webp"},{"id":140057,"max":"https:\/\/cdn.assetlog.ai\/assets\/177387\/audi-q5-20-tfsi-e-hybrid-str-s-line-270kw-a7-zaruka-aj-na-splatky-protiucet_11_max.webp","medium":"https:\/\/cdn.assetlog.ai\/assets\/177387\/audi-q5-20-tfsi-e-hybrid-str-s-line-270kw-a7-zaruka-aj-na-splatky-protiucet_11_medium.webp","small":"https:\/\/cdn.assetlog.ai\/assets\/177387\/audi-q5-20-tfsi-e-hybrid-str-s-line-270kw-a7-zaruka-aj-na-splatky-protiucet_11_small.webp"},{"id":140058,"max":"https:\/\/cdn.assetlog.ai\/assets\/177387\/audi-q5-20-tfsi-e-hybrid-str-s-line-270kw-a7-zaruka-aj-na-splatky-protiucet_12_max.webp","medium":"https:\/\/cdn.assetlog.ai\/assets\/177387\/audi-q5-20-tfsi-e-hybrid-str-s-line-270kw-a7-zaruka-aj-na-splatky-protiucet_12_medium.webp","small":"https:\/\/cdn.assetlog.ai\/assets\/177387\/audi-q5-20-tfsi-e-hybrid-str-s-line-270kw-a7-zaruka-aj-na-splatky-protiucet_12_small.webp"},{"id":140059,"max":"https:\/\/cdn.assetlog.ai\/assets\/177387\/audi-q5-20-tfsi-e-hybrid-str-s-line-270kw-a7-zaruka-aj-na-splatky-protiucet_13_max.webp","medium":"https:\/\/cdn.assetlog.ai\/assets\/177387\/audi-q5-20-tfsi-e-hybrid-str-s-line-270kw-a7-zaruka-aj-na-splatky-protiucet_13_medium.webp","small":"https:\/\/cdn.assetlog.ai\/assets\/177387\/audi-q5-20-tfsi-e-hybrid-str-s-line-270kw-a7-zaruka-aj-na-splatky-protiucet_13_small.webp"},{"id":140060,"max":"https:\/\/cdn.assetlog.ai\/assets\/177387\/audi-q5-20-tfsi-e-hybrid-str-s-line-270kw-a7-zaruka-aj-na-splatky-protiucet_14_max.webp","medium":"https:\/\/cdn.assetlog.ai\/assets\/177387\/audi-q5-20-tfsi-e-hybrid-str-s-line-270kw-a7-zaruka-aj-na-splatky-protiucet_14_medium.webp","small":"https:\/\/cdn.assetlog.ai\/assets\/177387\/audi-q5-20-tfsi-e-hybrid-str-s-line-270kw-a7-zaruka-aj-na-splatky-protiucet_14_small.webp"},{"id":140061,"max":"https:\/\/cdn.assetlog.ai\/assets\/177387\/audi-q5-20-tfsi-e-hybrid-str-s-line-270kw-a7-zaruka-aj-na-splatky-protiucet_15_max.webp","medium":"https:\/\/cdn.assetlog.ai\/assets\/177387\/audi-q5-20-tfsi-e-hybrid-str-s-line-270kw-a7-zaruka-aj-na-splatky-protiucet_15_medium.webp","small":"https:\/\/cdn.assetlog.ai\/assets\/177387\/audi-q5-20-tfsi-e-hybrid-str-s-line-270kw-a7-zaruka-aj-na-splatky-protiucet_15_small.webp"},{"id":140062,"max":"https:\/\/cdn.assetlog.ai\/assets\/177387\/audi-q5-20-tfsi-e-hybrid-str-s-line-270kw-a7-zaruka-aj-na-splatky-protiucet_16_max.webp","medium":"https:\/\/cdn.assetlog.ai\/assets\/177387\/audi-q5-20-tfsi-e-hybrid-str-s-line-270kw-a7-zaruka-aj-na-splatky-protiucet_16_medium.webp","small":"https:\/\/cdn.assetlog.ai\/assets\/177387\/audi-q5-20-tfsi-e-hybrid-str-s-line-270kw-a7-zaruka-aj-na-splatky-protiucet_16_small.webp"},{"id":140063,"max":"https:\/\/cdn.assetlog.ai\/assets\/177387\/audi-q5-20-tfsi-e-hybrid-str-s-line-270kw-a7-zaruka-aj-na-splatky-protiucet_17_max.webp","medium":"https:\/\/cdn.assetlog.ai\/assets\/177387\/audi-q5-20-tfsi-e-hybrid-str-s-line-270kw-a7-zaruka-aj-na-splatky-protiucet_17_medium.webp","small":"https:\/\/cdn.assetlog.ai\/assets\/177387\/audi-q5-20-tfsi-e-hybrid-str-s-line-270kw-a7-zaruka-aj-na-splatky-protiucet_17_small.webp"},{"id":140064,"max":"https:\/\/cdn.assetlog.ai\/assets\/177387\/audi-q5-20-tfsi-e-hybrid-str-s-line-270kw-a7-zaruka-aj-na-splatky-protiucet_18_max.webp","medium":"https:\/\/cdn.assetlog.ai\/assets\/177387\/audi-q5-20-tfsi-e-hybrid-str-s-line-270kw-a7-zaruka-aj-na-splatky-protiucet_18_medium.webp","small":"https:\/\/cdn.assetlog.ai\/assets\/177387\/audi-q5-20-tfsi-e-hybrid-str-s-line-270kw-a7-zaruka-aj-na-splatky-protiucet_18_small.webp"},{"id":140065,"max":"https:\/\/cdn.assetlog.ai\/assets\/177387\/audi-q5-20-tfsi-e-hybrid-str-s-line-270kw-a7-zaruka-aj-na-splatky-protiucet_19_max.webp","medium":"https:\/\/cdn.assetlog.ai\/assets\/177387\/audi-q5-20-tfsi-e-hybrid-str-s-line-270kw-a7-zaruka-aj-na-splatky-protiucet_19_medium.webp","small":"https:\/\/cdn.assetlog.ai\/assets\/177387\/audi-q5-20-tfsi-e-hybrid-str-s-line-270kw-a7-zaruka-aj-na-splatky-protiucet_19_small.webp"},{"id":140066,"max":"https:\/\/cdn.assetlog.ai\/assets\/177387\/audi-q5-20-tfsi-e-hybrid-str-s-line-270kw-a7-zaruka-aj-na-splatky-protiucet_20_max.webp","medium":"https:\/\/cdn.assetlog.ai\/assets\/177387\/audi-q5-20-tfsi-e-hybrid-str-s-line-270kw-a7-zaruka-aj-na-splatky-protiucet_20_medium.webp","small":"https:\/\/cdn.assetlog.ai\/assets\/177387\/audi-q5-20-tfsi-e-hybrid-str-s-line-270kw-a7-zaruka-aj-na-splatky-protiucet_20_small.webp"},{"id":140067,"max":"https:\/\/cdn.assetlog.ai\/assets\/177387\/audi-q5-20-tfsi-e-hybrid-str-s-line-270kw-a7-zaruka-aj-na-splatky-protiucet_21_max.webp","medium":"https:\/\/cdn.assetlog.ai\/assets\/177387\/audi-q5-20-tfsi-e-hybrid-str-s-line-270kw-a7-zaruka-aj-na-splatky-protiucet_21_medium.webp","small":"https:\/\/cdn.assetlog.ai\/assets\/177387\/audi-q5-20-tfsi-e-hybrid-str-s-line-270kw-a7-zaruka-aj-na-splatky-protiucet_21_small.webp"},{"id":140068,"max":"https:\/\/cdn.assetlog.ai\/assets\/177387\/audi-q5-20-tfsi-e-hybrid-str-s-line-270kw-a7-zaruka-aj-na-splatky-protiucet_22_max.webp","medium":"https:\/\/cdn.assetlog.ai\/assets\/177387\/audi-q5-20-tfsi-e-hybrid-str-s-line-270kw-a7-zaruka-aj-na-splatky-protiucet_22_medium.webp","small":"https:\/\/cdn.assetlog.ai\/assets\/177387\/audi-q5-20-tfsi-e-hybrid-str-s-line-270kw-a7-zaruka-aj-na-splatky-protiucet_22_small.webp"},{"id":140069,"max":"https:\/\/cdn.assetlog.ai\/assets\/177387\/audi-q5-20-tfsi-e-hybrid-str-s-line-270kw-a7-zaruka-aj-na-splatky-protiucet_23_max.webp","medium":"https:\/\/cdn.assetlog.ai\/assets\/177387\/audi-q5-20-tfsi-e-hybrid-str-s-line-270kw-a7-zaruka-aj-na-splatky-protiucet_23_medium.webp","small":"https:\/\/cdn.assetlog.ai\/assets\/177387\/audi-q5-20-tfsi-e-hybrid-str-s-line-270kw-a7-zaruka-aj-na-splatky-protiucet_23_small.webp"},{"id":140070,"max":"https:\/\/cdn.assetlog.ai\/assets\/177387\/audi-q5-20-tfsi-e-hybrid-str-s-line-270kw-a7-zaruka-aj-na-splatky-protiucet_24_max.webp","medium":"https:\/\/cdn.assetlog.ai\/assets\/177387\/audi-q5-20-tfsi-e-hybrid-str-s-line-270kw-a7-zaruka-aj-na-splatky-protiucet_24_medium.webp","small":"https:\/\/cdn.assetlog.ai\/assets\/177387\/audi-q5-20-tfsi-e-hybrid-str-s-line-270kw-a7-zaruka-aj-na-splatky-protiucet_24_small.webp"},{"id":140071,"max":"https:\/\/cdn.assetlog.ai\/assets\/177387\/audi-q5-20-tfsi-e-hybrid-str-s-line-270kw-a7-zaruka-aj-na-splatky-protiucet_25_max.webp","medium":"https:\/\/cdn.assetlog.ai\/assets\/177387\/audi-q5-20-tfsi-e-hybrid-str-s-line-270kw-a7-zaruka-aj-na-splatky-protiucet_25_medium.webp","small":"https:\/\/cdn.assetlog.ai\/assets\/177387\/audi-q5-20-tfsi-e-hybrid-str-s-line-270kw-a7-zaruka-aj-na-splatky-protiucet_25_small.webp"},{"id":140072,"max":"https:\/\/cdn.assetlog.ai\/assets\/177387\/audi-q5-20-tfsi-e-hybrid-str-s-line-270kw-a7-zaruka-aj-na-splatky-protiucet_26_max.webp","medium":"https:\/\/cdn.assetlog.ai\/assets\/177387\/audi-q5-20-tfsi-e-hybrid-str-s-line-270kw-a7-zaruka-aj-na-splatky-protiucet_26_medium.webp","small":"https:\/\/cdn.assetlog.ai\/assets\/177387\/audi-q5-20-tfsi-e-hybrid-str-s-line-270kw-a7-zaruka-aj-na-splatky-protiucet_26_small.webp"},{"id":140073,"max":"https:\/\/cdn.assetlog.ai\/assets\/177387\/audi-q5-20-tfsi-e-hybrid-str-s-line-270kw-a7-zaruka-aj-na-splatky-protiucet_27_max.webp","medium":"https:\/\/cdn.assetlog.ai\/assets\/177387\/audi-q5-20-tfsi-e-hybrid-str-s-line-270kw-a7-zaruka-aj-na-splatky-protiucet_27_medium.webp","small":"https:\/\/cdn.assetlog.ai\/assets\/177387\/audi-q5-20-tfsi-e-hybrid-str-s-line-270kw-a7-zaruka-aj-na-splatky-protiucet_27_small.webp"},{"id":140074,"max":"https:\/\/cdn.assetlog.ai\/assets\/177387\/audi-q5-20-tfsi-e-hybrid-str-s-line-270kw-a7-zaruka-aj-na-splatky-protiucet_28_max.webp","medium":"https:\/\/cdn.assetlog.ai\/assets\/177387\/audi-q5-20-tfsi-e-hybrid-str-s-line-270kw-a7-zaruka-aj-na-splatky-protiucet_28_medium.webp","small":"https:\/\/cdn.assetlog.ai\/assets\/177387\/audi-q5-20-tfsi-e-hybrid-str-s-line-270kw-a7-zaruka-aj-na-splatky-protiucet_28_small.webp"},{"id":140075,"max":"https:\/\/cdn.assetlog.ai\/assets\/177387\/audi-q5-20-tfsi-e-hybrid-str-s-line-270kw-a7-zaruka-aj-na-splatky-protiucet_29_max.webp","medium":"https:\/\/cdn.assetlog.ai\/assets\/177387\/audi-q5-20-tfsi-e-hybrid-str-s-line-270kw-a7-zaruka-aj-na-splatky-protiucet_29_medium.webp","small":"https:\/\/cdn.assetlog.ai\/assets\/177387\/audi-q5-20-tfsi-e-hybrid-str-s-line-270kw-a7-zaruka-aj-na-splatky-protiucet_29_small.webp"},{"id":140076,"max":"https:\/\/cdn.assetlog.ai\/assets\/177387\/audi-q5-20-tfsi-e-hybrid-str-s-line-270kw-a7-zaruka-aj-na-splatky-protiucet_30_max.webp","medium":"https:\/\/cdn.assetlog.ai\/assets\/177387\/audi-q5-20-tfsi-e-hybrid-str-s-line-270kw-a7-zaruka-aj-na-splatky-protiucet_30_medium.webp","small":"https:\/\/cdn.assetlog.ai\/assets\/177387\/audi-q5-20-tfsi-e-hybrid-str-s-line-270kw-a7-zaruka-aj-na-splatky-protiucet_30_small.webp"},{"id":140077,"max":"https:\/\/cdn.assetlog.ai\/assets\/177387\/audi-q5-20-tfsi-e-hybrid-str-s-line-270kw-a7-zaruka-aj-na-splatky-protiucet_31_max.webp","medium":"https:\/\/cdn.assetlog.ai\/assets\/177387\/audi-q5-20-tfsi-e-hybrid-str-s-line-270kw-a7-zaruka-aj-na-splatky-protiucet_31_medium.webp","small":"https:\/\/cdn.assetlog.ai\/assets\/177387\/audi-q5-20-tfsi-e-hybrid-str-s-line-270kw-a7-zaruka-aj-na-splatky-protiucet_31_small.webp"},{"id":140078,"max":"https:\/\/cdn.assetlog.ai\/assets\/177387\/audi-q5-20-tfsi-e-hybrid-str-s-line-270kw-a7-zaruka-aj-na-splatky-protiucet_32_max.webp","medium":"https:\/\/cdn.assetlog.ai\/assets\/177387\/audi-q5-20-tfsi-e-hybrid-str-s-line-270kw-a7-zaruka-aj-na-splatky-protiucet_32_medium.webp","small":"https:\/\/cdn.assetlog.ai\/assets\/177387\/audi-q5-20-tfsi-e-hybrid-str-s-line-270kw-a7-zaruka-aj-na-splatky-protiucet_32_small.webp"},{"id":140079,"max":"https:\/\/cdn.assetlog.ai\/assets\/177387\/audi-q5-20-tfsi-e-hybrid-str-s-line-270kw-a7-zaruka-aj-na-splatky-protiucet_33_max.webp","medium":"https:\/\/cdn.assetlog.ai\/assets\/177387\/audi-q5-20-tfsi-e-hybrid-str-s-line-270kw-a7-zaruka-aj-na-splatky-protiucet_33_medium.webp","small":"https:\/\/cdn.assetlog.ai\/assets\/177387\/audi-q5-20-tfsi-e-hybrid-str-s-line-270kw-a7-zaruka-aj-na-splatky-protiucet_33_small.webp"},{"id":140080,"max":"https:\/\/cdn.assetlog.ai\/assets\/177387\/audi-q5-20-tfsi-e-hybrid-str-s-line-270kw-a7-zaruka-aj-na-splatky-protiucet_34_max.webp","medium":"https:\/\/cdn.assetlog.ai\/assets\/177387\/audi-q5-20-tfsi-e-hybrid-str-s-line-270kw-a7-zaruka-aj-na-splatky-protiucet_34_medium.webp","small":"https:\/\/cdn.assetlog.ai\/assets\/177387\/audi-q5-20-tfsi-e-hybrid-str-s-line-270kw-a7-zaruka-aj-na-splatky-protiucet_34_small.webp"},{"id":140081,"max":"https:\/\/cdn.assetlog.ai\/assets\/177387\/audi-q5-20-tfsi-e-hybrid-str-s-line-270kw-a7-zaruka-aj-na-splatky-protiucet_35_max.webp","medium":"https:\/\/cdn.assetlog.ai\/assets\/177387\/audi-q5-20-tfsi-e-hybrid-str-s-line-270kw-a7-zaruka-aj-na-splatky-protiucet_35_medium.webp","small":"https:\/\/cdn.assetlog.ai\/assets\/177387\/audi-q5-20-tfsi-e-hybrid-str-s-line-270kw-a7-zaruka-aj-na-splatky-protiucet_35_small.webp"},{"id":140082,"max":"https:\/\/cdn.assetlog.ai\/assets\/177387\/audi-q5-20-tfsi-e-hybrid-str-s-line-270kw-a7-zaruka-aj-na-splatky-protiucet_36_max.webp","medium":"https:\/\/cdn.assetlog.ai\/assets\/177387\/audi-q5-20-tfsi-e-hybrid-str-s-line-270kw-a7-zaruka-aj-na-splatky-protiucet_36_medium.webp","small":"https:\/\/cdn.assetlog.ai\/assets\/177387\/audi-q5-20-tfsi-e-hybrid-str-s-line-270kw-a7-zaruka-aj-na-splatky-protiucet_36_small.webp"},{"id":140083,"max":"https:\/\/cdn.assetlog.ai\/assets\/177387\/audi-q5-20-tfsi-e-hybrid-str-s-line-270kw-a7-zaruka-aj-na-splatky-protiucet_37_max.webp","medium":"https:\/\/cdn.assetlog.ai\/assets\/177387\/audi-q5-20-tfsi-e-hybrid-str-s-line-270kw-a7-zaruka-aj-na-splatky-protiucet_37_medium.webp","small":"https:\/\/cdn.assetlog.ai\/assets\/177387\/audi-q5-20-tfsi-e-hybrid-str-s-line-270kw-a7-zaruka-aj-na-splatky-protiucet_37_small.webp"},{"id":140084,"max":"https:\/\/cdn.assetlog.ai\/assets\/177387\/audi-q5-20-tfsi-e-hybrid-str-s-line-270kw-a7-zaruka-aj-na-splatky-protiucet_38_max.webp","medium":"https:\/\/cdn.assetlog.ai\/assets\/177387\/audi-q5-20-tfsi-e-hybrid-str-s-line-270kw-a7-zaruka-aj-na-splatky-protiucet_38_medium.webp","small":"https:\/\/cdn.assetlog.ai\/assets\/177387\/audi-q5-20-tfsi-e-hybrid-str-s-line-270kw-a7-zaruka-aj-na-splatky-protiucet_38_small.webp"},{"id":140085,"max":"https:\/\/cdn.assetlog.ai\/assets\/177387\/audi-q5-20-tfsi-e-hybrid-str-s-line-270kw-a7-zaruka-aj-na-splatky-protiucet_39_max.webp","medium":"https:\/\/cdn.assetlog.ai\/assets\/177387\/audi-q5-20-tfsi-e-hybrid-str-s-line-270kw-a7-zaruka-aj-na-splatky-protiucet_39_medium.webp","small":"https:\/\/cdn.assetlog.ai\/assets\/177387\/audi-q5-20-tfsi-e-hybrid-str-s-line-270kw-a7-zaruka-aj-na-splatky-protiucet_39_small.webp"},{"id":140086,"max":"https:\/\/cdn.assetlog.ai\/assets\/177387\/audi-q5-20-tfsi-e-hybrid-str-s-line-270kw-a7-zaruka-aj-na-splatky-protiucet_40_max.webp","medium":"https:\/\/cdn.assetlog.ai\/assets\/177387\/audi-q5-20-tfsi-e-hybrid-str-s-line-270kw-a7-zaruka-aj-na-splatky-protiucet_40_medium.webp","small":"https:\/\/cdn.assetlog.ai\/assets\/177387\/audi-q5-20-tfsi-e-hybrid-str-s-line-270kw-a7-zaruka-aj-na-splatky-protiucet_40_small.webp"}],"published_at":null,"expires_at":null,"created_at":"2026-08-29T03:46:06+00:00","updated_at":"2026-09-01T11:26:03+00:00"}}