{"data":{"id":163628,"slug":"audi-q5-s-line-202kw-mt6-quattro-2009-aj-na-splatky-protiucet","type":"vehicle","title":"Audi Q5 S line 202kW MT\/6 QUATTRO 2009 \/ INSTALLMENT PAYMENTS \/ TRADE-IN","description":"Commission sale - you purchase the vehicle directly from the owner.\n\nI am selling an Audi Q5, model year 2009, in gray metallic with 202 kW power and all-wheel drive QUATTRO. The car includes two keys, complete service booklet and full service history. In June 2026, the engine oil and all filters were replaced, and in July 2026, the air conditioning compressor was replaced along with complete air conditioning cleaning and refilling. Seasonal tire replacement is also included in the sale.\n\nThe vehicle has passed insurance record verification, execution checks, paint thickness measurement and document inspection. Physically inspected, and also verified through the vehicle operating records registry.\n\nWe offer favorable financing with monthly installments, so you can enjoy your new car immediately and without waiting with 0% down payment and installments up to 96 months.\n\nIf you already own a car, you don't have to worry about selling it - in return, we will take it directly from you. Just come to us with it, we will appraise it and deduct the costs from the value of your new car. This way you save time, stress and money, and the entire process will be quick and easy - you drive away in your new car without unnecessary paperwork.\n\nTHE VEHICLE IS LOCATED IN Nov\u00e9 Mesto nad V\u00e1hom. For more information, please call us at 0908 285 863. License plate: BT831HK. Vehicle inspection valid until: 2028-05-29. Emissions test valid until: 2028-05-29.\n\nTechnical specifications\n\nYear: 11\/09, 1984cc, 202kW (275PS), Drive: 4\u00d74, Manual (6 speed), Petrol, EURO 5, 5 doors, (5-seater), 262,797 km, Gray metallic, VIN WAUZZZ8R2AA049228\n\nFuel consumption (l\/100km)\n\nCity: , highway: , combined: 8.4\n\nService booklet, Leasing available, Credit available, Complete service history","language":"cs","is_translated":true,"title_original":"Audi Q5 S line 202kW MT\/6 QUATTRO 2009 \/ AJ NA SPL\u00c1TKY \/ PROTI\u00da\u010cET","description_original":"Komisn\u00ed prodej - vozidlo kupujete p\u0159\u00edmo od majitele.\n\nProd\u00e1v\u00e1m Audi Q5, rok v\u00fdroby 2009, v \u0161ed\u00e9 metal\u00edze s v\u00fdkonem 202 kW a pohonem v\u0161ech kol QUATTRO. Sou\u010d\u00e1st\u00ed vozu jsou dva kl\u00ed\u010de, kompletn\u00ed servisn\u00ed kn\u00ed\u017eka a kompletn\u00ed servisn\u00ed historie. V \u010dervnu 2026 byl u vozu vym\u011bn\u011bn motorov\u00fd olej a v\u0161echny filtry a n\u00e1sledn\u011b v \u010dervenci 2026 prob\u011bhla v\u00fdm\u011bna kompresoru klimatizace spolu s kompletn\u00edm vy\u010di\u0161t\u011bn\u00edm a napln\u011bn\u00edm klimatizace. Sou\u010d\u00e1st\u00ed prodeje je tak\u00e9 sez\u00f3nn\u00ed v\u00fdm\u011bna pneumatik.\n\nVozidlo pro\u0161lo kontrolou z\u00e1znam\u016f o poji\u0161t\u011bn\u00ed, exekuc\u00ed, m\u011b\u0159en\u00edm laku a kontrolou doklad\u016f. Zkontrolov\u00e1no fyzicky, tak\u00e9 prost\u0159ednictv\u00edm registru provozn\u00edch z\u00e1znam\u016f vozidla.\n\nNab\u00edz\u00edme v\u00fdhodn\u00e9 financov\u00e1n\u00ed na m\u011bs\u00ed\u010dn\u00ed spl\u00e1tky, tak\u017ee si sv\u016fj nov\u00fd v\u016fz m\u016f\u017eete u\u017e\u00edvat hned a bez \u010dek\u00e1n\u00ed s akontac\u00ed 0 % a spl\u00e1tkami a\u017e na 96 m\u011bs\u00edc\u016f.\n\nPokud ji\u017e v\u016fz vlastn\u00edte, nemus\u00edte se zab\u00fdvat jeho prodejem - na opl\u00e1tku si ho od v\u00e1s p\u0159\u00edmo vezmeme. Sta\u010d\u00ed, kdy\u017e k n\u00e1m s n\u00edm p\u0159ijdete, my ho ocen\u00edme a n\u00e1klady ode\u010dteme od hodnoty va\u0161eho nov\u00e9ho vozu. U\u0161et\u0159\u00edte tak \u010das, starosti i pen\u00edze a cel\u00fd proces bude rychl\u00fd a snadn\u00fd - odjedete rovnou ve sv\u00e9m nov\u00e9m voze bez zbyte\u010dn\u00e9ho pap\u00edrov\u00e1n\u00ed.\n\nVOZIDLO SE NACH\u00c1Z\u00cd V Novom Meste nad V\u00e1hom. V\u00edce informac\u00ed v\u00e1m r\u00e1di poskytneme na telefonn\u00edm \u010d\u00edsle 0908 285 863. E\u010cV: BT831HK. EK platn\u00e1 do: 2028-05-29. STK platn\u00e1 do: 2028-05-29.\n\nTechnick\u00e9 \u00fadaje\n\nv.v.: 11\/09, 1984cm\u00b3, 202kW (275PS), Pohon: 4\u00d74, Manu\u00e1ln\u00ed (6 st.), Benz\u00edn, EURO 5, 5 dv., (5-m\u00edstn\u00fd), 262 797km, \u0160ed\u00e1 metal\u00edza, VIN WAUZZZ8R2AA049228\n\nSpot\u0159eba vozidla (l\/100km)\n\nVe m\u011bst\u011b: , mimo m\u011bsto: , kombinovan\u00e1: 8.4\n\nServisn\u00ed kn\u00ed\u017eka, Mo\u017en\u00fd leasing, Mo\u017en\u00fd \u00fav\u011br, \u00dapln\u00e1 servisn\u00ed historie","price":"265518.00","currency":"CZK","status":"active","noindex":true,"location":{"address":null,"full_address":null,"city":"Nov\u00e9 Mesto nad V\u00e1hom","country":"SK","latitude":48.7633248,"longitude":17.8303857},"metadata":{"vin":"WAUZZZ8R2AA049228","fuel":"petrol","year":2009,"brand":"Audi","color":"Grey","doors":5,"drive":"AWD \/ 4x4","model":"Q5","seats":5,"region":"Tren\u010diansky kraj","mileage":262797,"emisions":"Euro 5","features":["Alarm","Posilova\u010d \u0159\u00edzen\u00ed","ABS","ESP","Protiprokluzov\u00fd syst\u00e9m kol (TC, ASR)","ISOFIX na zadn\u00edch sedadlech","Deaktivace airbagu spolujezdce","Senzor tlaku","Centr\u00e1ln\u00ed zamyk\u00e1n\u00ed","Zadn\u00ed el. stahovateln\u00e1 okna","Elektricky nastaviteln\u00e1 zp\u011btn\u00e1 zrc\u00e1tka","Automatick\u00e1 2-z\u00f3nov\u00e1 klimatizace","Centr\u00e1ln\u00ed zamyk\u00e1n\u00ed na d\u00e1lkov\u00e9 ovl\u00e1d\u00e1n\u00ed","Autor\u00e1dio","Multifunk\u010dn\u00ed volant","Loketn\u00ed op\u011brka vp\u0159edu","Klimatizovan\u00e1 p\u0159ihr\u00e1dka","Ost\u0159ikova\u010de sv\u011btlomet\u016f","Lit\u00e1 kola","Mlhovky","Imobiliz\u00e9r","Palubn\u00ed po\u010d\u00edta\u010d","Navigace","Automatick\u00e9 parkov\u00e1n\u00ed","St\u0159e\u0161n\u00ed okno","St\u0159e\u0161n\u00ed nosi\u010d","Tempomat","Ko\u017een\u00fd interi\u00e9r","Vyh\u0159\u00edvan\u00e1 sedadla","Elektricky vyh\u0159\u00edvan\u00e1 zp\u011btn\u00e1 zrc\u00e1tka","Senzor st\u011bra\u010d\u016f","Zimn\u00ed sada kol","P\u0159edn\u00ed a zadn\u00ed parkovac\u00ed senzory","Panoramatick\u00e1 st\u0159echa","Bluetooth","Vyh\u0159\u00edvan\u00fd volant","Denn\u00ed sv\u00edcen\u00ed","Serv. kni\u017eka","Mo\u017en\u00fd leasing","Mo\u017en\u00fd \u00faver","\u00dapln\u00e1 servisn\u00e1 hist\u00f3ria","Ko\u017een\u00fd paket","Odo-pass"],"power_kw":202,"body_type":"SUV","condition":"Used","transmission":"manual","vat_deductible":false,"consumption_city":null,"translation_hash":"a3970dd1ad6c75c94d7b70cb17dd4a6b4b0b3ba3","vehicle_category":"car","engine_volume_cm3":1984,"first_registration":"2009-11-01","translation_status":"done","consumption_highway":null,"consumption_combined":8.4},"user_id":47,"is_sponsored":false,"views_count":6,"ai_views_count":11,"ai_vendor_counts":{"meta":4,"other":3,"openai":2,"anthropic":2},"visibility":"public","submission_source":null,"submission_ai_name":null,"has_owner_email":true,"can_contact_owner":true,"phone":"+421 908 285 863","owner_email":"otrubny@autorro.sk","user":{"id":47,"slug":"tomas-otrubny-47","name":"Tom\u00e1\u0161 Otrubn\u00fd","bio":"Makl\u00e9r. P\u00f4sob\u00edm ako makl\u00e9r v Novom Meste nad V\u00e1hom, Tren\u010d\u00edne a okol\u00ed.\n\nP\u016fsobnost: V Novom Meste nad V\u00e1hom, Tren\u010d\u00edne a okol\u00ed","nationality":"SK","languages":["cs","sk"],"service_areas":[],"card_style":null,"card_palette":null,"avatar_url":"https:\/\/cdn.assetlog.ai\/avatars\/47\/avatar_max.webp?v=1786535213","avatar_thumb_url":"https:\/\/cdn.assetlog.ai\/avatars\/47\/avatar_small.webp?v=1786535213","reviews_count":0,"avg_rating":null,"seller_badge":"silver","can_calendar":true,"joined_at":"2026-06-07T14:17:00+00:00","primary_intent":null,"seeking":[],"public_assets_count":35,"public_prompts_count":0,"followers_count":0},"images":[{"id":133771,"max":"https:\/\/cdn.assetlog.ai\/assets\/163628\/audi-q5-s-line-202kw-mt6-quattro-2009-aj-na-splatky-protiucet_1_max.webp","medium":"https:\/\/cdn.assetlog.ai\/assets\/163628\/audi-q5-s-line-202kw-mt6-quattro-2009-aj-na-splatky-protiucet_1_medium.webp","small":"https:\/\/cdn.assetlog.ai\/assets\/163628\/audi-q5-s-line-202kw-mt6-quattro-2009-aj-na-splatky-protiucet_1_small.webp"},{"id":133772,"max":"https:\/\/cdn.assetlog.ai\/assets\/163628\/audi-q5-s-line-202kw-mt6-quattro-2009-aj-na-splatky-protiucet_2_max.webp","medium":"https:\/\/cdn.assetlog.ai\/assets\/163628\/audi-q5-s-line-202kw-mt6-quattro-2009-aj-na-splatky-protiucet_2_medium.webp","small":"https:\/\/cdn.assetlog.ai\/assets\/163628\/audi-q5-s-line-202kw-mt6-quattro-2009-aj-na-splatky-protiucet_2_small.webp"},{"id":133773,"max":"https:\/\/cdn.assetlog.ai\/assets\/163628\/audi-q5-s-line-202kw-mt6-quattro-2009-aj-na-splatky-protiucet_3_max.webp","medium":"https:\/\/cdn.assetlog.ai\/assets\/163628\/audi-q5-s-line-202kw-mt6-quattro-2009-aj-na-splatky-protiucet_3_medium.webp","small":"https:\/\/cdn.assetlog.ai\/assets\/163628\/audi-q5-s-line-202kw-mt6-quattro-2009-aj-na-splatky-protiucet_3_small.webp"},{"id":133774,"max":"https:\/\/cdn.assetlog.ai\/assets\/163628\/audi-q5-s-line-202kw-mt6-quattro-2009-aj-na-splatky-protiucet_4_max.webp","medium":"https:\/\/cdn.assetlog.ai\/assets\/163628\/audi-q5-s-line-202kw-mt6-quattro-2009-aj-na-splatky-protiucet_4_medium.webp","small":"https:\/\/cdn.assetlog.ai\/assets\/163628\/audi-q5-s-line-202kw-mt6-quattro-2009-aj-na-splatky-protiucet_4_small.webp"},{"id":133775,"max":"https:\/\/cdn.assetlog.ai\/assets\/163628\/audi-q5-s-line-202kw-mt6-quattro-2009-aj-na-splatky-protiucet_5_max.webp","medium":"https:\/\/cdn.assetlog.ai\/assets\/163628\/audi-q5-s-line-202kw-mt6-quattro-2009-aj-na-splatky-protiucet_5_medium.webp","small":"https:\/\/cdn.assetlog.ai\/assets\/163628\/audi-q5-s-line-202kw-mt6-quattro-2009-aj-na-splatky-protiucet_5_small.webp"},{"id":133776,"max":"https:\/\/cdn.assetlog.ai\/assets\/163628\/audi-q5-s-line-202kw-mt6-quattro-2009-aj-na-splatky-protiucet_6_max.webp","medium":"https:\/\/cdn.assetlog.ai\/assets\/163628\/audi-q5-s-line-202kw-mt6-quattro-2009-aj-na-splatky-protiucet_6_medium.webp","small":"https:\/\/cdn.assetlog.ai\/assets\/163628\/audi-q5-s-line-202kw-mt6-quattro-2009-aj-na-splatky-protiucet_6_small.webp"},{"id":133777,"max":"https:\/\/cdn.assetlog.ai\/assets\/163628\/audi-q5-s-line-202kw-mt6-quattro-2009-aj-na-splatky-protiucet_7_max.webp","medium":"https:\/\/cdn.assetlog.ai\/assets\/163628\/audi-q5-s-line-202kw-mt6-quattro-2009-aj-na-splatky-protiucet_7_medium.webp","small":"https:\/\/cdn.assetlog.ai\/assets\/163628\/audi-q5-s-line-202kw-mt6-quattro-2009-aj-na-splatky-protiucet_7_small.webp"},{"id":133778,"max":"https:\/\/cdn.assetlog.ai\/assets\/163628\/audi-q5-s-line-202kw-mt6-quattro-2009-aj-na-splatky-protiucet_8_max.webp","medium":"https:\/\/cdn.assetlog.ai\/assets\/163628\/audi-q5-s-line-202kw-mt6-quattro-2009-aj-na-splatky-protiucet_8_medium.webp","small":"https:\/\/cdn.assetlog.ai\/assets\/163628\/audi-q5-s-line-202kw-mt6-quattro-2009-aj-na-splatky-protiucet_8_small.webp"},{"id":133779,"max":"https:\/\/cdn.assetlog.ai\/assets\/163628\/audi-q5-s-line-202kw-mt6-quattro-2009-aj-na-splatky-protiucet_9_max.webp","medium":"https:\/\/cdn.assetlog.ai\/assets\/163628\/audi-q5-s-line-202kw-mt6-quattro-2009-aj-na-splatky-protiucet_9_medium.webp","small":"https:\/\/cdn.assetlog.ai\/assets\/163628\/audi-q5-s-line-202kw-mt6-quattro-2009-aj-na-splatky-protiucet_9_small.webp"},{"id":133780,"max":"https:\/\/cdn.assetlog.ai\/assets\/163628\/audi-q5-s-line-202kw-mt6-quattro-2009-aj-na-splatky-protiucet_10_max.webp","medium":"https:\/\/cdn.assetlog.ai\/assets\/163628\/audi-q5-s-line-202kw-mt6-quattro-2009-aj-na-splatky-protiucet_10_medium.webp","small":"https:\/\/cdn.assetlog.ai\/assets\/163628\/audi-q5-s-line-202kw-mt6-quattro-2009-aj-na-splatky-protiucet_10_small.webp"},{"id":133781,"max":"https:\/\/cdn.assetlog.ai\/assets\/163628\/audi-q5-s-line-202kw-mt6-quattro-2009-aj-na-splatky-protiucet_11_max.webp","medium":"https:\/\/cdn.assetlog.ai\/assets\/163628\/audi-q5-s-line-202kw-mt6-quattro-2009-aj-na-splatky-protiucet_11_medium.webp","small":"https:\/\/cdn.assetlog.ai\/assets\/163628\/audi-q5-s-line-202kw-mt6-quattro-2009-aj-na-splatky-protiucet_11_small.webp"},{"id":133782,"max":"https:\/\/cdn.assetlog.ai\/assets\/163628\/audi-q5-s-line-202kw-mt6-quattro-2009-aj-na-splatky-protiucet_12_max.webp","medium":"https:\/\/cdn.assetlog.ai\/assets\/163628\/audi-q5-s-line-202kw-mt6-quattro-2009-aj-na-splatky-protiucet_12_medium.webp","small":"https:\/\/cdn.assetlog.ai\/assets\/163628\/audi-q5-s-line-202kw-mt6-quattro-2009-aj-na-splatky-protiucet_12_small.webp"},{"id":133783,"max":"https:\/\/cdn.assetlog.ai\/assets\/163628\/audi-q5-s-line-202kw-mt6-quattro-2009-aj-na-splatky-protiucet_13_max.webp","medium":"https:\/\/cdn.assetlog.ai\/assets\/163628\/audi-q5-s-line-202kw-mt6-quattro-2009-aj-na-splatky-protiucet_13_medium.webp","small":"https:\/\/cdn.assetlog.ai\/assets\/163628\/audi-q5-s-line-202kw-mt6-quattro-2009-aj-na-splatky-protiucet_13_small.webp"},{"id":133784,"max":"https:\/\/cdn.assetlog.ai\/assets\/163628\/audi-q5-s-line-202kw-mt6-quattro-2009-aj-na-splatky-protiucet_14_max.webp","medium":"https:\/\/cdn.assetlog.ai\/assets\/163628\/audi-q5-s-line-202kw-mt6-quattro-2009-aj-na-splatky-protiucet_14_medium.webp","small":"https:\/\/cdn.assetlog.ai\/assets\/163628\/audi-q5-s-line-202kw-mt6-quattro-2009-aj-na-splatky-protiucet_14_small.webp"},{"id":133785,"max":"https:\/\/cdn.assetlog.ai\/assets\/163628\/audi-q5-s-line-202kw-mt6-quattro-2009-aj-na-splatky-protiucet_15_max.webp","medium":"https:\/\/cdn.assetlog.ai\/assets\/163628\/audi-q5-s-line-202kw-mt6-quattro-2009-aj-na-splatky-protiucet_15_medium.webp","small":"https:\/\/cdn.assetlog.ai\/assets\/163628\/audi-q5-s-line-202kw-mt6-quattro-2009-aj-na-splatky-protiucet_15_small.webp"},{"id":133786,"max":"https:\/\/cdn.assetlog.ai\/assets\/163628\/audi-q5-s-line-202kw-mt6-quattro-2009-aj-na-splatky-protiucet_16_max.webp","medium":"https:\/\/cdn.assetlog.ai\/assets\/163628\/audi-q5-s-line-202kw-mt6-quattro-2009-aj-na-splatky-protiucet_16_medium.webp","small":"https:\/\/cdn.assetlog.ai\/assets\/163628\/audi-q5-s-line-202kw-mt6-quattro-2009-aj-na-splatky-protiucet_16_small.webp"},{"id":133787,"max":"https:\/\/cdn.assetlog.ai\/assets\/163628\/audi-q5-s-line-202kw-mt6-quattro-2009-aj-na-splatky-protiucet_17_max.webp","medium":"https:\/\/cdn.assetlog.ai\/assets\/163628\/audi-q5-s-line-202kw-mt6-quattro-2009-aj-na-splatky-protiucet_17_medium.webp","small":"https:\/\/cdn.assetlog.ai\/assets\/163628\/audi-q5-s-line-202kw-mt6-quattro-2009-aj-na-splatky-protiucet_17_small.webp"},{"id":133788,"max":"https:\/\/cdn.assetlog.ai\/assets\/163628\/audi-q5-s-line-202kw-mt6-quattro-2009-aj-na-splatky-protiucet_18_max.webp","medium":"https:\/\/cdn.assetlog.ai\/assets\/163628\/audi-q5-s-line-202kw-mt6-quattro-2009-aj-na-splatky-protiucet_18_medium.webp","small":"https:\/\/cdn.assetlog.ai\/assets\/163628\/audi-q5-s-line-202kw-mt6-quattro-2009-aj-na-splatky-protiucet_18_small.webp"},{"id":133789,"max":"https:\/\/cdn.assetlog.ai\/assets\/163628\/audi-q5-s-line-202kw-mt6-quattro-2009-aj-na-splatky-protiucet_19_max.webp","medium":"https:\/\/cdn.assetlog.ai\/assets\/163628\/audi-q5-s-line-202kw-mt6-quattro-2009-aj-na-splatky-protiucet_19_medium.webp","small":"https:\/\/cdn.assetlog.ai\/assets\/163628\/audi-q5-s-line-202kw-mt6-quattro-2009-aj-na-splatky-protiucet_19_small.webp"},{"id":133790,"max":"https:\/\/cdn.assetlog.ai\/assets\/163628\/audi-q5-s-line-202kw-mt6-quattro-2009-aj-na-splatky-protiucet_20_max.webp","medium":"https:\/\/cdn.assetlog.ai\/assets\/163628\/audi-q5-s-line-202kw-mt6-quattro-2009-aj-na-splatky-protiucet_20_medium.webp","small":"https:\/\/cdn.assetlog.ai\/assets\/163628\/audi-q5-s-line-202kw-mt6-quattro-2009-aj-na-splatky-protiucet_20_small.webp"},{"id":133791,"max":"https:\/\/cdn.assetlog.ai\/assets\/163628\/audi-q5-s-line-202kw-mt6-quattro-2009-aj-na-splatky-protiucet_21_max.webp","medium":"https:\/\/cdn.assetlog.ai\/assets\/163628\/audi-q5-s-line-202kw-mt6-quattro-2009-aj-na-splatky-protiucet_21_medium.webp","small":"https:\/\/cdn.assetlog.ai\/assets\/163628\/audi-q5-s-line-202kw-mt6-quattro-2009-aj-na-splatky-protiucet_21_small.webp"},{"id":133792,"max":"https:\/\/cdn.assetlog.ai\/assets\/163628\/audi-q5-s-line-202kw-mt6-quattro-2009-aj-na-splatky-protiucet_22_max.webp","medium":"https:\/\/cdn.assetlog.ai\/assets\/163628\/audi-q5-s-line-202kw-mt6-quattro-2009-aj-na-splatky-protiucet_22_medium.webp","small":"https:\/\/cdn.assetlog.ai\/assets\/163628\/audi-q5-s-line-202kw-mt6-quattro-2009-aj-na-splatky-protiucet_22_small.webp"},{"id":133793,"max":"https:\/\/cdn.assetlog.ai\/assets\/163628\/audi-q5-s-line-202kw-mt6-quattro-2009-aj-na-splatky-protiucet_23_max.webp","medium":"https:\/\/cdn.assetlog.ai\/assets\/163628\/audi-q5-s-line-202kw-mt6-quattro-2009-aj-na-splatky-protiucet_23_medium.webp","small":"https:\/\/cdn.assetlog.ai\/assets\/163628\/audi-q5-s-line-202kw-mt6-quattro-2009-aj-na-splatky-protiucet_23_small.webp"},{"id":133794,"max":"https:\/\/cdn.assetlog.ai\/assets\/163628\/audi-q5-s-line-202kw-mt6-quattro-2009-aj-na-splatky-protiucet_24_max.webp","medium":"https:\/\/cdn.assetlog.ai\/assets\/163628\/audi-q5-s-line-202kw-mt6-quattro-2009-aj-na-splatky-protiucet_24_medium.webp","small":"https:\/\/cdn.assetlog.ai\/assets\/163628\/audi-q5-s-line-202kw-mt6-quattro-2009-aj-na-splatky-protiucet_24_small.webp"},{"id":133795,"max":"https:\/\/cdn.assetlog.ai\/assets\/163628\/audi-q5-s-line-202kw-mt6-quattro-2009-aj-na-splatky-protiucet_25_max.webp","medium":"https:\/\/cdn.assetlog.ai\/assets\/163628\/audi-q5-s-line-202kw-mt6-quattro-2009-aj-na-splatky-protiucet_25_medium.webp","small":"https:\/\/cdn.assetlog.ai\/assets\/163628\/audi-q5-s-line-202kw-mt6-quattro-2009-aj-na-splatky-protiucet_25_small.webp"},{"id":133796,"max":"https:\/\/cdn.assetlog.ai\/assets\/163628\/audi-q5-s-line-202kw-mt6-quattro-2009-aj-na-splatky-protiucet_26_max.webp","medium":"https:\/\/cdn.assetlog.ai\/assets\/163628\/audi-q5-s-line-202kw-mt6-quattro-2009-aj-na-splatky-protiucet_26_medium.webp","small":"https:\/\/cdn.assetlog.ai\/assets\/163628\/audi-q5-s-line-202kw-mt6-quattro-2009-aj-na-splatky-protiucet_26_small.webp"},{"id":133797,"max":"https:\/\/cdn.assetlog.ai\/assets\/163628\/audi-q5-s-line-202kw-mt6-quattro-2009-aj-na-splatky-protiucet_27_max.webp","medium":"https:\/\/cdn.assetlog.ai\/assets\/163628\/audi-q5-s-line-202kw-mt6-quattro-2009-aj-na-splatky-protiucet_27_medium.webp","small":"https:\/\/cdn.assetlog.ai\/assets\/163628\/audi-q5-s-line-202kw-mt6-quattro-2009-aj-na-splatky-protiucet_27_small.webp"},{"id":133798,"max":"https:\/\/cdn.assetlog.ai\/assets\/163628\/audi-q5-s-line-202kw-mt6-quattro-2009-aj-na-splatky-protiucet_28_max.webp","medium":"https:\/\/cdn.assetlog.ai\/assets\/163628\/audi-q5-s-line-202kw-mt6-quattro-2009-aj-na-splatky-protiucet_28_medium.webp","small":"https:\/\/cdn.assetlog.ai\/assets\/163628\/audi-q5-s-line-202kw-mt6-quattro-2009-aj-na-splatky-protiucet_28_small.webp"},{"id":133799,"max":"https:\/\/cdn.assetlog.ai\/assets\/163628\/audi-q5-s-line-202kw-mt6-quattro-2009-aj-na-splatky-protiucet_29_max.webp","medium":"https:\/\/cdn.assetlog.ai\/assets\/163628\/audi-q5-s-line-202kw-mt6-quattro-2009-aj-na-splatky-protiucet_29_medium.webp","small":"https:\/\/cdn.assetlog.ai\/assets\/163628\/audi-q5-s-line-202kw-mt6-quattro-2009-aj-na-splatky-protiucet_29_small.webp"},{"id":133800,"max":"https:\/\/cdn.assetlog.ai\/assets\/163628\/audi-q5-s-line-202kw-mt6-quattro-2009-aj-na-splatky-protiucet_30_max.webp","medium":"https:\/\/cdn.assetlog.ai\/assets\/163628\/audi-q5-s-line-202kw-mt6-quattro-2009-aj-na-splatky-protiucet_30_medium.webp","small":"https:\/\/cdn.assetlog.ai\/assets\/163628\/audi-q5-s-line-202kw-mt6-quattro-2009-aj-na-splatky-protiucet_30_small.webp"},{"id":133801,"max":"https:\/\/cdn.assetlog.ai\/assets\/163628\/audi-q5-s-line-202kw-mt6-quattro-2009-aj-na-splatky-protiucet_31_max.webp","medium":"https:\/\/cdn.assetlog.ai\/assets\/163628\/audi-q5-s-line-202kw-mt6-quattro-2009-aj-na-splatky-protiucet_31_medium.webp","small":"https:\/\/cdn.assetlog.ai\/assets\/163628\/audi-q5-s-line-202kw-mt6-quattro-2009-aj-na-splatky-protiucet_31_small.webp"},{"id":133802,"max":"https:\/\/cdn.assetlog.ai\/assets\/163628\/audi-q5-s-line-202kw-mt6-quattro-2009-aj-na-splatky-protiucet_32_max.webp","medium":"https:\/\/cdn.assetlog.ai\/assets\/163628\/audi-q5-s-line-202kw-mt6-quattro-2009-aj-na-splatky-protiucet_32_medium.webp","small":"https:\/\/cdn.assetlog.ai\/assets\/163628\/audi-q5-s-line-202kw-mt6-quattro-2009-aj-na-splatky-protiucet_32_small.webp"},{"id":133803,"max":"https:\/\/cdn.assetlog.ai\/assets\/163628\/audi-q5-s-line-202kw-mt6-quattro-2009-aj-na-splatky-protiucet_33_max.webp","medium":"https:\/\/cdn.assetlog.ai\/assets\/163628\/audi-q5-s-line-202kw-mt6-quattro-2009-aj-na-splatky-protiucet_33_medium.webp","small":"https:\/\/cdn.assetlog.ai\/assets\/163628\/audi-q5-s-line-202kw-mt6-quattro-2009-aj-na-splatky-protiucet_33_small.webp"},{"id":133804,"max":"https:\/\/cdn.assetlog.ai\/assets\/163628\/audi-q5-s-line-202kw-mt6-quattro-2009-aj-na-splatky-protiucet_34_max.webp","medium":"https:\/\/cdn.assetlog.ai\/assets\/163628\/audi-q5-s-line-202kw-mt6-quattro-2009-aj-na-splatky-protiucet_34_medium.webp","small":"https:\/\/cdn.assetlog.ai\/assets\/163628\/audi-q5-s-line-202kw-mt6-quattro-2009-aj-na-splatky-protiucet_34_small.webp"},{"id":133805,"max":"https:\/\/cdn.assetlog.ai\/assets\/163628\/audi-q5-s-line-202kw-mt6-quattro-2009-aj-na-splatky-protiucet_35_max.webp","medium":"https:\/\/cdn.assetlog.ai\/assets\/163628\/audi-q5-s-line-202kw-mt6-quattro-2009-aj-na-splatky-protiucet_35_medium.webp","small":"https:\/\/cdn.assetlog.ai\/assets\/163628\/audi-q5-s-line-202kw-mt6-quattro-2009-aj-na-splatky-protiucet_35_small.webp"},{"id":133806,"max":"https:\/\/cdn.assetlog.ai\/assets\/163628\/audi-q5-s-line-202kw-mt6-quattro-2009-aj-na-splatky-protiucet_36_max.webp","medium":"https:\/\/cdn.assetlog.ai\/assets\/163628\/audi-q5-s-line-202kw-mt6-quattro-2009-aj-na-splatky-protiucet_36_medium.webp","small":"https:\/\/cdn.assetlog.ai\/assets\/163628\/audi-q5-s-line-202kw-mt6-quattro-2009-aj-na-splatky-protiucet_36_small.webp"}],"published_at":null,"expires_at":null,"created_at":"2026-08-20T03:40:09+00:00","updated_at":"2026-09-01T03:40:59+00:00"}}