{"data":{"id":117774,"slug":"audi-q7-30-tdi-quattro-tiptronic-160kw-a8-5d-2015-2019-aj-na-splatkyprotiucet","type":"vehicle","title":"Audi Q7 3.0 TDI quattro tiptronic 160kW, A8, 5d. (2015-2019) \/CAR ON INSTALLMENTS\/TRADE-IN","description":"AUDI Q7 3.0 TDI QUATTRO \u2013 LUXURY, SPACE AND RICH EQUIPMENT\nWe offer for sale an elegant Audi Q7 with a powerful and refined 3.0 TDI engine with 160 kW power output, 8-speed automatic Tiptronic transmission and legendary all-wheel drive quattro. The vehicle impresses with timeless design, spacious leather interior and high comfort even on long journeys. Rich equipment includes Audi Virtual Cockpit, navigation, reversing camera, parking sensors, four-zone automatic climate control, electrically adjustable and heated front seats or paddle shifters behind the steering wheel. Modern safety features including lane keeping assist, distance control and traffic sign recognition are of course included.\nThe ideal choice for a demanding driver looking for a premium, comfortable and representative SUV with outstanding driving characteristics.\n\nTHE VEHICLE IS LOCATED IN POPRAD. We will be happy to provide you with more information on +421 949 669 433.\n\nThe vehicle has passed inspection of insurance records,\nexecution records, paint measurement and document verification. Physically verified, also through the vehicle operating records register.\n\nWe offer convenient financing with monthly installments, so you can enjoy your new car right away without waiting, with 0% down payment and installments up to 96 months.\n\nFor your greater convenience and peace of mind, we can provide you with an extended warranty of up to 12-36 months.\n\nIf you already own a car, you don't have to worry about selling it \u2013 we'll take it from you directly as a trade-in value. Just drive it to us, we'll evaluate it and deduct its value from the price of your new vehicle. This saves you time, hassle and money and the whole process is quick and simple \u2013 you drive away in a new car without unnecessary paperwork. Registration: LV505GY. Technical inspection valid until: July 22, 2026. Emissions test valid until: July 22, 2026.\n\nTechnical Data\n\nYear: 12\/17, 2967cm\u00b3, 160kW (218PS), Vehicle generation: , Drive: 4\u00d74, Automatic transmission (8 sp.), Diesel, EURO 6, 5 dr., (5-seater), 233,608 km, Grey metallic, VIN WAUZZZ4M8JD016503\n\nVehicle Fuel Consumption (l\/100km)\n\nUrban: 6.1, Extra-urban: 5.1, Combined: 5.5\n\nLeasing possible, Credit possible","language":"cs","is_translated":true,"title_original":"Audi Q7 3.0 TDI quattro tiptronic 160kW, A8, 5d. (2015-2019) \/AJ NA SPL\u00c1TKY\/PROTI\u00da\u010cET","description_original":"AUDI Q7 3.0 TDI QUATTRO \u2013 LUXUS, PROSTOR A BOHAT\u00c1 V\u00ddBAVA\nNab\u00edz\u00edme k prodeji elegantn\u00ed Audi Q7 s v\u00fdkonn\u00fdm a kultivovan\u00fdm motorem 3.0 TDI o v\u00fdkonu 160 kW, 8stup\u0148ovou automatickou p\u0159evodovkou Tiptronic a legend\u00e1rn\u00edm pohonem v\u0161ech kol quattro. Vozidlo zaujme nad\u010dasov\u00fdm designem, prostorn\u00fdm ko\u017een\u00fdm interi\u00e9rem a vysok\u00fdm komfortem i p\u0159i dlouh\u00fdch cest\u00e1ch. Bohat\u00e1 v\u00fdbava zahrnuje Audi Virtual Cockpit, navigaci, couvac\u00ed kameru, parkovac\u00ed senzory, \u010dty\u0159z\u00f3novou automatickou klimatizaci, elektricky nastaviteln\u00e1 a vyh\u0159\u00edvan\u00e1 p\u0159edn\u00ed sedadla \u010di p\u00e1dla pro \u0159azen\u00ed pod volantem. Samoz\u0159ejmost\u00ed je modern\u00ed bezpe\u010dnostn\u00ed v\u00fdbava v\u010detn\u011b asistenta udr\u017eov\u00e1n\u00ed j\u00edzdn\u00edho pruhu, kontroly odstupu a rozpozn\u00e1v\u00e1n\u00ed dopravn\u00edch zna\u010dek.\nIde\u00e1ln\u00ed volba pro n\u00e1ro\u010dn\u00e9ho \u0159idi\u010de, kter\u00fd hled\u00e1 pr\u00e9miov\u00e9, komfortn\u00ed a reprezentativn\u00ed SUV s vynikaj\u00edc\u00edmi j\u00edzdn\u00edmi vlastnostmi.\n\nVOZIDLO SE NACH\u00c1Z\u00cd V POPRADE. V\u00edce informac\u00ed v\u00e1m r\u00e1di poskytneme na telefonn\u00edm \u010d\u00edsle +421 949 669 433.\n\nVozidlo pro\u0161lo kontrolou pojistn\u00fdch z\u00e1znam\u016f,\nz\u00e1znam\u016f o exekuci, m\u011b\u0159en\u00ed laku a kontroly doklad\u016f. Prov\u011b\u0159eno fyzicky, tak\u00e9 prost\u0159ednictv\u00edm registru provozn\u00edch z\u00e1znam\u016f vozidla.\n\nNab\u00edz\u00edme v\u00fdhodn\u00e9 financov\u00e1n\u00ed na m\u011bs\u00ed\u010dn\u00ed spl\u00e1tky, tak\u017ee si sv\u016fj nov\u00fd v\u016fz m\u016f\u017eete u\u017e\u00edvat hned a bez \u010dek\u00e1n\u00ed s akontac\u00ed 0 % a spl\u00e1tkami a\u017e na 96 m\u011bs\u00edc\u016f.\n\nPro va\u0161e v\u011bt\u0161\u00ed pohodl\u00ed a jistotu v\u00e1m m\u016f\u017eeme poskytnout prodlou\u017eenou z\u00e1ruku a\u017e na 12-36 m\u011bs\u00edc\u016f.\n\nPokud ji\u017e vlastn\u00edte auto, nemus\u00edte \u0159e\u0161it jeho prodej \u2013 p\u0159evezmeme ho od v\u00e1s p\u0159\u00edmo jako protihodnotu. Sta\u010d\u00ed, kdy\u017e s n\u00edm p\u0159ijedete k n\u00e1m, my ho ocen\u00edme a jeho cenu v\u00e1m ode\u010dteme z ceny nov\u00e9ho vozidla. U\u0161et\u0159\u00edte tak \u010das, starosti i pen\u00edze a cel\u00fd proces prob\u011bhne rychle a jednodu\u0161e \u2013 odjedete rovnou v nov\u00e9m aut\u011b bez zbyte\u010dn\u00e9ho vy\u0159izov\u00e1n\u00ed. E\u010cV: LV505GY. EK platn\u00e1 do: 22. 7. 2026. STK platn\u00e1 do: 22. 7. 2026.\n\nTechnick\u00e9 \u00fadaje\n\nv.v.: 12\/17, 2967cm\u00b3, 160kW (218PS), Generace vozidla: , Pohon: 4\u00d74, Automatick\u00e1 p\u0159evodovka (8 st.), Diesel, EURO 6, 5 dv., (5-m\u00edstn\u00fd), 233 608km, \u0160ed\u00e1 metal\u00edza, VIN WAUZZZ4M8JD016503\n\nSpot\u0159eba vozidla (l\/100km)\n\nVe m\u011bst\u011b: 6.1, mimo m\u011bsto: 5.1, kombinovan\u00e1: 5.5\n\nMo\u017en\u00fd leasing, Mo\u017en\u00fd \u00fav\u011br","price":"472633.00","currency":"CZK","status":"active","noindex":true,"location":{"address":null,"full_address":null,"city":"Poprad","country":"SK","latitude":49.0541521,"longitude":20.2976401},"metadata":{"vin":"WAUZZZ4M8JD016503","fuel":"diesel","year":2017,"brand":"Audi","color":"Grey","doors":5,"drive":"AWD \/ 4x4","model":"Q7","seats":5,"region":"Pre\u0161ovsk\u00fd kraj","mileage":233608,"emisions":"Euro 6","features":["EBD\/EBV","ABS","Protiprokluzov\u00fd syst\u00e9m kol (TC, ASR)","Brzdov\u00fd asistent (EBA, BAS)","ISOFIX na zadn\u00edch sedadlech","Deaktivace airbagu spolujezdce","Senzor tlaku","Asistent d\u00e1lkov\u00fdch sv\u011btel (HBA)","Centr\u00e1ln\u00ed zamyk\u00e1n\u00ed","Zadn\u00ed el. stahovateln\u00e1 okna","El. nastaviteln\u00e1 p\u0159edn\u00ed sedadla","Elektricky nastaviteln\u00e1 zp\u011btn\u00e1 zrc\u00e1tka","Centr\u00e1ln\u00ed zamyk\u00e1n\u00ed na d\u00e1lkov\u00e9 ovl\u00e1d\u00e1n\u00ed","Automatick\u00e1 4-z\u00f3nov\u00e1 klimatizace","Autor\u00e1dio","Multifunk\u010dn\u00ed volant","Loketn\u00ed op\u011brka vp\u0159edu","Start\/Stop syst\u00e9m","Vzduchov\u00e9 odpru\u017een\u00ed","Klimatizovan\u00e1 p\u0159ihr\u00e1dka","Ost\u0159ikova\u010de sv\u011btlomet\u016f","Digit\u00e1ln\u00ed p\u0159\u00edstrojov\u00e1 deska","P\u00e1dla pod volantem","Lit\u00e1 kola","Mlhovky","Imobiliz\u00e9r","Palubn\u00ed po\u010d\u00edta\u010d","Navigace","Automatick\u00e9 parkov\u00e1n\u00ed","St\u0159e\u0161n\u00ed nosi\u010d","Ta\u017en\u00e9 za\u0159\u00edzen\u00ed","Tempomat","Ko\u017een\u00fd interi\u00e9r","Vyh\u0159\u00edvan\u00e1 sedadla","Elektricky vyh\u0159\u00edvan\u00e1 zp\u011btn\u00e1 zrc\u00e1tka","F\u00f3lie","Senzor st\u011bra\u010d\u016f","Sv\u011bteln\u00fd senzor","Parkovac\u00ed kamera","P\u0159edn\u00ed a zadn\u00ed parkovac\u00ed senzory","Adaptivn\u00ed tempomat","El. ovl\u00e1dan\u00fd kufr","Elektrick\u00e9 dov\u00edr\u00e1n\u00ed zavazadlov\u00e9ho prostoru","Ventilovan\u00e1 p\u0159edn\u00ed sedadla","Bluetooth","Ambientn\u00ed LED osv\u011btlen\u00ed interi\u00e9ru","Mo\u017en\u00fd leasing","Mo\u017en\u00fd \u00faver","Odo-pass","Asistent udr\u017eov\u00e1n\u00ed j\u00edzdn\u00edho pruhu","Asistent rozjezdu do kopce","Term\u00e1ln\u00ed skla","Elektromechanick\u00e1 parkovac\u00ed brzda"],"power_kw":160,"body_type":"SUV","condition":"Used","transmission":"automatic","vat_deductible":false,"consumption_city":6.1,"translation_hash":"e2f8a8de0ea76fd1fd795a158a15e9cfe41ba410","vehicle_category":"car","engine_volume_cm3":2967,"first_registration":"2017-12-01","translation_status":"done","consumption_highway":5.1,"consumption_combined":5.5},"user_id":50,"is_sponsored":false,"views_count":17,"ai_views_count":10,"ai_vendor_counts":{"openai":4,"anthropic":4,"microsoft":1,"perplexity":1},"visibility":"public","submission_source":null,"submission_ai_name":null,"has_owner_email":true,"can_contact_owner":true,"phone":"0949 669 433","owner_email":"matta@autorro.sk","user":{"id":50,"slug":"tomas-matta-50","name":"Tom\u00e1\u0161 Matta","bio":"Makl\u00e9r. P\u016fsob\u00edm v Poprade a okol\u00ed.\n\nP\u016fsobnost: Poprad","nationality":"SK","languages":["cs","sk"],"service_areas":[],"card_style":null,"card_palette":null,"avatar_url":"https:\/\/cdn.assetlog.ai\/avatars\/50\/avatar_max.webp?v=1786535213","avatar_thumb_url":"https:\/\/cdn.assetlog.ai\/avatars\/50\/avatar_small.webp?v=1786535213","reviews_count":0,"avg_rating":null,"seller_badge":"silver","can_calendar":true,"joined_at":"2026-06-07T14:20:25+00:00","primary_intent":null,"seeking":[],"public_assets_count":48,"public_prompts_count":0,"followers_count":0},"images":[{"id":96837,"max":"https:\/\/cdn.assetlog.ai\/assets\/117774\/audi-q7-30-tdi-quattro-tiptronic-160kw-a8-5d-2015-2019-aj-na-splatkyprotiucet_1_max.webp","medium":"https:\/\/cdn.assetlog.ai\/assets\/117774\/audi-q7-30-tdi-quattro-tiptronic-160kw-a8-5d-2015-2019-aj-na-splatkyprotiucet_1_medium.webp","small":"https:\/\/cdn.assetlog.ai\/assets\/117774\/audi-q7-30-tdi-quattro-tiptronic-160kw-a8-5d-2015-2019-aj-na-splatkyprotiucet_1_small.webp"},{"id":96838,"max":"https:\/\/cdn.assetlog.ai\/assets\/117774\/audi-q7-30-tdi-quattro-tiptronic-160kw-a8-5d-2015-2019-aj-na-splatkyprotiucet_2_max.webp","medium":"https:\/\/cdn.assetlog.ai\/assets\/117774\/audi-q7-30-tdi-quattro-tiptronic-160kw-a8-5d-2015-2019-aj-na-splatkyprotiucet_2_medium.webp","small":"https:\/\/cdn.assetlog.ai\/assets\/117774\/audi-q7-30-tdi-quattro-tiptronic-160kw-a8-5d-2015-2019-aj-na-splatkyprotiucet_2_small.webp"},{"id":96839,"max":"https:\/\/cdn.assetlog.ai\/assets\/117774\/audi-q7-30-tdi-quattro-tiptronic-160kw-a8-5d-2015-2019-aj-na-splatkyprotiucet_3_max.webp","medium":"https:\/\/cdn.assetlog.ai\/assets\/117774\/audi-q7-30-tdi-quattro-tiptronic-160kw-a8-5d-2015-2019-aj-na-splatkyprotiucet_3_medium.webp","small":"https:\/\/cdn.assetlog.ai\/assets\/117774\/audi-q7-30-tdi-quattro-tiptronic-160kw-a8-5d-2015-2019-aj-na-splatkyprotiucet_3_small.webp"},{"id":96840,"max":"https:\/\/cdn.assetlog.ai\/assets\/117774\/audi-q7-30-tdi-quattro-tiptronic-160kw-a8-5d-2015-2019-aj-na-splatkyprotiucet_4_max.webp","medium":"https:\/\/cdn.assetlog.ai\/assets\/117774\/audi-q7-30-tdi-quattro-tiptronic-160kw-a8-5d-2015-2019-aj-na-splatkyprotiucet_4_medium.webp","small":"https:\/\/cdn.assetlog.ai\/assets\/117774\/audi-q7-30-tdi-quattro-tiptronic-160kw-a8-5d-2015-2019-aj-na-splatkyprotiucet_4_small.webp"},{"id":96841,"max":"https:\/\/cdn.assetlog.ai\/assets\/117774\/audi-q7-30-tdi-quattro-tiptronic-160kw-a8-5d-2015-2019-aj-na-splatkyprotiucet_5_max.webp","medium":"https:\/\/cdn.assetlog.ai\/assets\/117774\/audi-q7-30-tdi-quattro-tiptronic-160kw-a8-5d-2015-2019-aj-na-splatkyprotiucet_5_medium.webp","small":"https:\/\/cdn.assetlog.ai\/assets\/117774\/audi-q7-30-tdi-quattro-tiptronic-160kw-a8-5d-2015-2019-aj-na-splatkyprotiucet_5_small.webp"},{"id":96842,"max":"https:\/\/cdn.assetlog.ai\/assets\/117774\/audi-q7-30-tdi-quattro-tiptronic-160kw-a8-5d-2015-2019-aj-na-splatkyprotiucet_6_max.webp","medium":"https:\/\/cdn.assetlog.ai\/assets\/117774\/audi-q7-30-tdi-quattro-tiptronic-160kw-a8-5d-2015-2019-aj-na-splatkyprotiucet_6_medium.webp","small":"https:\/\/cdn.assetlog.ai\/assets\/117774\/audi-q7-30-tdi-quattro-tiptronic-160kw-a8-5d-2015-2019-aj-na-splatkyprotiucet_6_small.webp"},{"id":96843,"max":"https:\/\/cdn.assetlog.ai\/assets\/117774\/audi-q7-30-tdi-quattro-tiptronic-160kw-a8-5d-2015-2019-aj-na-splatkyprotiucet_7_max.webp","medium":"https:\/\/cdn.assetlog.ai\/assets\/117774\/audi-q7-30-tdi-quattro-tiptronic-160kw-a8-5d-2015-2019-aj-na-splatkyprotiucet_7_medium.webp","small":"https:\/\/cdn.assetlog.ai\/assets\/117774\/audi-q7-30-tdi-quattro-tiptronic-160kw-a8-5d-2015-2019-aj-na-splatkyprotiucet_7_small.webp"},{"id":96844,"max":"https:\/\/cdn.assetlog.ai\/assets\/117774\/audi-q7-30-tdi-quattro-tiptronic-160kw-a8-5d-2015-2019-aj-na-splatkyprotiucet_8_max.webp","medium":"https:\/\/cdn.assetlog.ai\/assets\/117774\/audi-q7-30-tdi-quattro-tiptronic-160kw-a8-5d-2015-2019-aj-na-splatkyprotiucet_8_medium.webp","small":"https:\/\/cdn.assetlog.ai\/assets\/117774\/audi-q7-30-tdi-quattro-tiptronic-160kw-a8-5d-2015-2019-aj-na-splatkyprotiucet_8_small.webp"},{"id":96845,"max":"https:\/\/cdn.assetlog.ai\/assets\/117774\/audi-q7-30-tdi-quattro-tiptronic-160kw-a8-5d-2015-2019-aj-na-splatkyprotiucet_9_max.webp","medium":"https:\/\/cdn.assetlog.ai\/assets\/117774\/audi-q7-30-tdi-quattro-tiptronic-160kw-a8-5d-2015-2019-aj-na-splatkyprotiucet_9_medium.webp","small":"https:\/\/cdn.assetlog.ai\/assets\/117774\/audi-q7-30-tdi-quattro-tiptronic-160kw-a8-5d-2015-2019-aj-na-splatkyprotiucet_9_small.webp"},{"id":96846,"max":"https:\/\/cdn.assetlog.ai\/assets\/117774\/audi-q7-30-tdi-quattro-tiptronic-160kw-a8-5d-2015-2019-aj-na-splatkyprotiucet_10_max.webp","medium":"https:\/\/cdn.assetlog.ai\/assets\/117774\/audi-q7-30-tdi-quattro-tiptronic-160kw-a8-5d-2015-2019-aj-na-splatkyprotiucet_10_medium.webp","small":"https:\/\/cdn.assetlog.ai\/assets\/117774\/audi-q7-30-tdi-quattro-tiptronic-160kw-a8-5d-2015-2019-aj-na-splatkyprotiucet_10_small.webp"},{"id":96847,"max":"https:\/\/cdn.assetlog.ai\/assets\/117774\/audi-q7-30-tdi-quattro-tiptronic-160kw-a8-5d-2015-2019-aj-na-splatkyprotiucet_11_max.webp","medium":"https:\/\/cdn.assetlog.ai\/assets\/117774\/audi-q7-30-tdi-quattro-tiptronic-160kw-a8-5d-2015-2019-aj-na-splatkyprotiucet_11_medium.webp","small":"https:\/\/cdn.assetlog.ai\/assets\/117774\/audi-q7-30-tdi-quattro-tiptronic-160kw-a8-5d-2015-2019-aj-na-splatkyprotiucet_11_small.webp"},{"id":96848,"max":"https:\/\/cdn.assetlog.ai\/assets\/117774\/audi-q7-30-tdi-quattro-tiptronic-160kw-a8-5d-2015-2019-aj-na-splatkyprotiucet_12_max.webp","medium":"https:\/\/cdn.assetlog.ai\/assets\/117774\/audi-q7-30-tdi-quattro-tiptronic-160kw-a8-5d-2015-2019-aj-na-splatkyprotiucet_12_medium.webp","small":"https:\/\/cdn.assetlog.ai\/assets\/117774\/audi-q7-30-tdi-quattro-tiptronic-160kw-a8-5d-2015-2019-aj-na-splatkyprotiucet_12_small.webp"},{"id":96849,"max":"https:\/\/cdn.assetlog.ai\/assets\/117774\/audi-q7-30-tdi-quattro-tiptronic-160kw-a8-5d-2015-2019-aj-na-splatkyprotiucet_13_max.webp","medium":"https:\/\/cdn.assetlog.ai\/assets\/117774\/audi-q7-30-tdi-quattro-tiptronic-160kw-a8-5d-2015-2019-aj-na-splatkyprotiucet_13_medium.webp","small":"https:\/\/cdn.assetlog.ai\/assets\/117774\/audi-q7-30-tdi-quattro-tiptronic-160kw-a8-5d-2015-2019-aj-na-splatkyprotiucet_13_small.webp"},{"id":96850,"max":"https:\/\/cdn.assetlog.ai\/assets\/117774\/audi-q7-30-tdi-quattro-tiptronic-160kw-a8-5d-2015-2019-aj-na-splatkyprotiucet_14_max.webp","medium":"https:\/\/cdn.assetlog.ai\/assets\/117774\/audi-q7-30-tdi-quattro-tiptronic-160kw-a8-5d-2015-2019-aj-na-splatkyprotiucet_14_medium.webp","small":"https:\/\/cdn.assetlog.ai\/assets\/117774\/audi-q7-30-tdi-quattro-tiptronic-160kw-a8-5d-2015-2019-aj-na-splatkyprotiucet_14_small.webp"},{"id":96851,"max":"https:\/\/cdn.assetlog.ai\/assets\/117774\/audi-q7-30-tdi-quattro-tiptronic-160kw-a8-5d-2015-2019-aj-na-splatkyprotiucet_15_max.webp","medium":"https:\/\/cdn.assetlog.ai\/assets\/117774\/audi-q7-30-tdi-quattro-tiptronic-160kw-a8-5d-2015-2019-aj-na-splatkyprotiucet_15_medium.webp","small":"https:\/\/cdn.assetlog.ai\/assets\/117774\/audi-q7-30-tdi-quattro-tiptronic-160kw-a8-5d-2015-2019-aj-na-splatkyprotiucet_15_small.webp"},{"id":96852,"max":"https:\/\/cdn.assetlog.ai\/assets\/117774\/audi-q7-30-tdi-quattro-tiptronic-160kw-a8-5d-2015-2019-aj-na-splatkyprotiucet_16_max.webp","medium":"https:\/\/cdn.assetlog.ai\/assets\/117774\/audi-q7-30-tdi-quattro-tiptronic-160kw-a8-5d-2015-2019-aj-na-splatkyprotiucet_16_medium.webp","small":"https:\/\/cdn.assetlog.ai\/assets\/117774\/audi-q7-30-tdi-quattro-tiptronic-160kw-a8-5d-2015-2019-aj-na-splatkyprotiucet_16_small.webp"},{"id":96853,"max":"https:\/\/cdn.assetlog.ai\/assets\/117774\/audi-q7-30-tdi-quattro-tiptronic-160kw-a8-5d-2015-2019-aj-na-splatkyprotiucet_17_max.webp","medium":"https:\/\/cdn.assetlog.ai\/assets\/117774\/audi-q7-30-tdi-quattro-tiptronic-160kw-a8-5d-2015-2019-aj-na-splatkyprotiucet_17_medium.webp","small":"https:\/\/cdn.assetlog.ai\/assets\/117774\/audi-q7-30-tdi-quattro-tiptronic-160kw-a8-5d-2015-2019-aj-na-splatkyprotiucet_17_small.webp"},{"id":96854,"max":"https:\/\/cdn.assetlog.ai\/assets\/117774\/audi-q7-30-tdi-quattro-tiptronic-160kw-a8-5d-2015-2019-aj-na-splatkyprotiucet_18_max.webp","medium":"https:\/\/cdn.assetlog.ai\/assets\/117774\/audi-q7-30-tdi-quattro-tiptronic-160kw-a8-5d-2015-2019-aj-na-splatkyprotiucet_18_medium.webp","small":"https:\/\/cdn.assetlog.ai\/assets\/117774\/audi-q7-30-tdi-quattro-tiptronic-160kw-a8-5d-2015-2019-aj-na-splatkyprotiucet_18_small.webp"},{"id":96855,"max":"https:\/\/cdn.assetlog.ai\/assets\/117774\/audi-q7-30-tdi-quattro-tiptronic-160kw-a8-5d-2015-2019-aj-na-splatkyprotiucet_19_max.webp","medium":"https:\/\/cdn.assetlog.ai\/assets\/117774\/audi-q7-30-tdi-quattro-tiptronic-160kw-a8-5d-2015-2019-aj-na-splatkyprotiucet_19_medium.webp","small":"https:\/\/cdn.assetlog.ai\/assets\/117774\/audi-q7-30-tdi-quattro-tiptronic-160kw-a8-5d-2015-2019-aj-na-splatkyprotiucet_19_small.webp"},{"id":96856,"max":"https:\/\/cdn.assetlog.ai\/assets\/117774\/audi-q7-30-tdi-quattro-tiptronic-160kw-a8-5d-2015-2019-aj-na-splatkyprotiucet_20_max.webp","medium":"https:\/\/cdn.assetlog.ai\/assets\/117774\/audi-q7-30-tdi-quattro-tiptronic-160kw-a8-5d-2015-2019-aj-na-splatkyprotiucet_20_medium.webp","small":"https:\/\/cdn.assetlog.ai\/assets\/117774\/audi-q7-30-tdi-quattro-tiptronic-160kw-a8-5d-2015-2019-aj-na-splatkyprotiucet_20_small.webp"},{"id":96857,"max":"https:\/\/cdn.assetlog.ai\/assets\/117774\/audi-q7-30-tdi-quattro-tiptronic-160kw-a8-5d-2015-2019-aj-na-splatkyprotiucet_21_max.webp","medium":"https:\/\/cdn.assetlog.ai\/assets\/117774\/audi-q7-30-tdi-quattro-tiptronic-160kw-a8-5d-2015-2019-aj-na-splatkyprotiucet_21_medium.webp","small":"https:\/\/cdn.assetlog.ai\/assets\/117774\/audi-q7-30-tdi-quattro-tiptronic-160kw-a8-5d-2015-2019-aj-na-splatkyprotiucet_21_small.webp"},{"id":96858,"max":"https:\/\/cdn.assetlog.ai\/assets\/117774\/audi-q7-30-tdi-quattro-tiptronic-160kw-a8-5d-2015-2019-aj-na-splatkyprotiucet_22_max.webp","medium":"https:\/\/cdn.assetlog.ai\/assets\/117774\/audi-q7-30-tdi-quattro-tiptronic-160kw-a8-5d-2015-2019-aj-na-splatkyprotiucet_22_medium.webp","small":"https:\/\/cdn.assetlog.ai\/assets\/117774\/audi-q7-30-tdi-quattro-tiptronic-160kw-a8-5d-2015-2019-aj-na-splatkyprotiucet_22_small.webp"},{"id":96859,"max":"https:\/\/cdn.assetlog.ai\/assets\/117774\/audi-q7-30-tdi-quattro-tiptronic-160kw-a8-5d-2015-2019-aj-na-splatkyprotiucet_23_max.webp","medium":"https:\/\/cdn.assetlog.ai\/assets\/117774\/audi-q7-30-tdi-quattro-tiptronic-160kw-a8-5d-2015-2019-aj-na-splatkyprotiucet_23_medium.webp","small":"https:\/\/cdn.assetlog.ai\/assets\/117774\/audi-q7-30-tdi-quattro-tiptronic-160kw-a8-5d-2015-2019-aj-na-splatkyprotiucet_23_small.webp"},{"id":96860,"max":"https:\/\/cdn.assetlog.ai\/assets\/117774\/audi-q7-30-tdi-quattro-tiptronic-160kw-a8-5d-2015-2019-aj-na-splatkyprotiucet_24_max.webp","medium":"https:\/\/cdn.assetlog.ai\/assets\/117774\/audi-q7-30-tdi-quattro-tiptronic-160kw-a8-5d-2015-2019-aj-na-splatkyprotiucet_24_medium.webp","small":"https:\/\/cdn.assetlog.ai\/assets\/117774\/audi-q7-30-tdi-quattro-tiptronic-160kw-a8-5d-2015-2019-aj-na-splatkyprotiucet_24_small.webp"},{"id":96861,"max":"https:\/\/cdn.assetlog.ai\/assets\/117774\/audi-q7-30-tdi-quattro-tiptronic-160kw-a8-5d-2015-2019-aj-na-splatkyprotiucet_25_max.webp","medium":"https:\/\/cdn.assetlog.ai\/assets\/117774\/audi-q7-30-tdi-quattro-tiptronic-160kw-a8-5d-2015-2019-aj-na-splatkyprotiucet_25_medium.webp","small":"https:\/\/cdn.assetlog.ai\/assets\/117774\/audi-q7-30-tdi-quattro-tiptronic-160kw-a8-5d-2015-2019-aj-na-splatkyprotiucet_25_small.webp"},{"id":96862,"max":"https:\/\/cdn.assetlog.ai\/assets\/117774\/audi-q7-30-tdi-quattro-tiptronic-160kw-a8-5d-2015-2019-aj-na-splatkyprotiucet_26_max.webp","medium":"https:\/\/cdn.assetlog.ai\/assets\/117774\/audi-q7-30-tdi-quattro-tiptronic-160kw-a8-5d-2015-2019-aj-na-splatkyprotiucet_26_medium.webp","small":"https:\/\/cdn.assetlog.ai\/assets\/117774\/audi-q7-30-tdi-quattro-tiptronic-160kw-a8-5d-2015-2019-aj-na-splatkyprotiucet_26_small.webp"},{"id":96863,"max":"https:\/\/cdn.assetlog.ai\/assets\/117774\/audi-q7-30-tdi-quattro-tiptronic-160kw-a8-5d-2015-2019-aj-na-splatkyprotiucet_27_max.webp","medium":"https:\/\/cdn.assetlog.ai\/assets\/117774\/audi-q7-30-tdi-quattro-tiptronic-160kw-a8-5d-2015-2019-aj-na-splatkyprotiucet_27_medium.webp","small":"https:\/\/cdn.assetlog.ai\/assets\/117774\/audi-q7-30-tdi-quattro-tiptronic-160kw-a8-5d-2015-2019-aj-na-splatkyprotiucet_27_small.webp"},{"id":96864,"max":"https:\/\/cdn.assetlog.ai\/assets\/117774\/audi-q7-30-tdi-quattro-tiptronic-160kw-a8-5d-2015-2019-aj-na-splatkyprotiucet_28_max.webp","medium":"https:\/\/cdn.assetlog.ai\/assets\/117774\/audi-q7-30-tdi-quattro-tiptronic-160kw-a8-5d-2015-2019-aj-na-splatkyprotiucet_28_medium.webp","small":"https:\/\/cdn.assetlog.ai\/assets\/117774\/audi-q7-30-tdi-quattro-tiptronic-160kw-a8-5d-2015-2019-aj-na-splatkyprotiucet_28_small.webp"},{"id":96865,"max":"https:\/\/cdn.assetlog.ai\/assets\/117774\/audi-q7-30-tdi-quattro-tiptronic-160kw-a8-5d-2015-2019-aj-na-splatkyprotiucet_29_max.webp","medium":"https:\/\/cdn.assetlog.ai\/assets\/117774\/audi-q7-30-tdi-quattro-tiptronic-160kw-a8-5d-2015-2019-aj-na-splatkyprotiucet_29_medium.webp","small":"https:\/\/cdn.assetlog.ai\/assets\/117774\/audi-q7-30-tdi-quattro-tiptronic-160kw-a8-5d-2015-2019-aj-na-splatkyprotiucet_29_small.webp"},{"id":96866,"max":"https:\/\/cdn.assetlog.ai\/assets\/117774\/audi-q7-30-tdi-quattro-tiptronic-160kw-a8-5d-2015-2019-aj-na-splatkyprotiucet_30_max.webp","medium":"https:\/\/cdn.assetlog.ai\/assets\/117774\/audi-q7-30-tdi-quattro-tiptronic-160kw-a8-5d-2015-2019-aj-na-splatkyprotiucet_30_medium.webp","small":"https:\/\/cdn.assetlog.ai\/assets\/117774\/audi-q7-30-tdi-quattro-tiptronic-160kw-a8-5d-2015-2019-aj-na-splatkyprotiucet_30_small.webp"},{"id":96867,"max":"https:\/\/cdn.assetlog.ai\/assets\/117774\/audi-q7-30-tdi-quattro-tiptronic-160kw-a8-5d-2015-2019-aj-na-splatkyprotiucet_31_max.webp","medium":"https:\/\/cdn.assetlog.ai\/assets\/117774\/audi-q7-30-tdi-quattro-tiptronic-160kw-a8-5d-2015-2019-aj-na-splatkyprotiucet_31_medium.webp","small":"https:\/\/cdn.assetlog.ai\/assets\/117774\/audi-q7-30-tdi-quattro-tiptronic-160kw-a8-5d-2015-2019-aj-na-splatkyprotiucet_31_small.webp"},{"id":96868,"max":"https:\/\/cdn.assetlog.ai\/assets\/117774\/audi-q7-30-tdi-quattro-tiptronic-160kw-a8-5d-2015-2019-aj-na-splatkyprotiucet_32_max.webp","medium":"https:\/\/cdn.assetlog.ai\/assets\/117774\/audi-q7-30-tdi-quattro-tiptronic-160kw-a8-5d-2015-2019-aj-na-splatkyprotiucet_32_medium.webp","small":"https:\/\/cdn.assetlog.ai\/assets\/117774\/audi-q7-30-tdi-quattro-tiptronic-160kw-a8-5d-2015-2019-aj-na-splatkyprotiucet_32_small.webp"},{"id":96869,"max":"https:\/\/cdn.assetlog.ai\/assets\/117774\/audi-q7-30-tdi-quattro-tiptronic-160kw-a8-5d-2015-2019-aj-na-splatkyprotiucet_33_max.webp","medium":"https:\/\/cdn.assetlog.ai\/assets\/117774\/audi-q7-30-tdi-quattro-tiptronic-160kw-a8-5d-2015-2019-aj-na-splatkyprotiucet_33_medium.webp","small":"https:\/\/cdn.assetlog.ai\/assets\/117774\/audi-q7-30-tdi-quattro-tiptronic-160kw-a8-5d-2015-2019-aj-na-splatkyprotiucet_33_small.webp"},{"id":96870,"max":"https:\/\/cdn.assetlog.ai\/assets\/117774\/audi-q7-30-tdi-quattro-tiptronic-160kw-a8-5d-2015-2019-aj-na-splatkyprotiucet_34_max.webp","medium":"https:\/\/cdn.assetlog.ai\/assets\/117774\/audi-q7-30-tdi-quattro-tiptronic-160kw-a8-5d-2015-2019-aj-na-splatkyprotiucet_34_medium.webp","small":"https:\/\/cdn.assetlog.ai\/assets\/117774\/audi-q7-30-tdi-quattro-tiptronic-160kw-a8-5d-2015-2019-aj-na-splatkyprotiucet_34_small.webp"},{"id":96871,"max":"https:\/\/cdn.assetlog.ai\/assets\/117774\/audi-q7-30-tdi-quattro-tiptronic-160kw-a8-5d-2015-2019-aj-na-splatkyprotiucet_35_max.webp","medium":"https:\/\/cdn.assetlog.ai\/assets\/117774\/audi-q7-30-tdi-quattro-tiptronic-160kw-a8-5d-2015-2019-aj-na-splatkyprotiucet_35_medium.webp","small":"https:\/\/cdn.assetlog.ai\/assets\/117774\/audi-q7-30-tdi-quattro-tiptronic-160kw-a8-5d-2015-2019-aj-na-splatkyprotiucet_35_small.webp"},{"id":96872,"max":"https:\/\/cdn.assetlog.ai\/assets\/117774\/audi-q7-30-tdi-quattro-tiptronic-160kw-a8-5d-2015-2019-aj-na-splatkyprotiucet_36_max.webp","medium":"https:\/\/cdn.assetlog.ai\/assets\/117774\/audi-q7-30-tdi-quattro-tiptronic-160kw-a8-5d-2015-2019-aj-na-splatkyprotiucet_36_medium.webp","small":"https:\/\/cdn.assetlog.ai\/assets\/117774\/audi-q7-30-tdi-quattro-tiptronic-160kw-a8-5d-2015-2019-aj-na-splatkyprotiucet_36_small.webp"},{"id":96873,"max":"https:\/\/cdn.assetlog.ai\/assets\/117774\/audi-q7-30-tdi-quattro-tiptronic-160kw-a8-5d-2015-2019-aj-na-splatkyprotiucet_37_max.webp","medium":"https:\/\/cdn.assetlog.ai\/assets\/117774\/audi-q7-30-tdi-quattro-tiptronic-160kw-a8-5d-2015-2019-aj-na-splatkyprotiucet_37_medium.webp","small":"https:\/\/cdn.assetlog.ai\/assets\/117774\/audi-q7-30-tdi-quattro-tiptronic-160kw-a8-5d-2015-2019-aj-na-splatkyprotiucet_37_small.webp"},{"id":96874,"max":"https:\/\/cdn.assetlog.ai\/assets\/117774\/audi-q7-30-tdi-quattro-tiptronic-160kw-a8-5d-2015-2019-aj-na-splatkyprotiucet_38_max.webp","medium":"https:\/\/cdn.assetlog.ai\/assets\/117774\/audi-q7-30-tdi-quattro-tiptronic-160kw-a8-5d-2015-2019-aj-na-splatkyprotiucet_38_medium.webp","small":"https:\/\/cdn.assetlog.ai\/assets\/117774\/audi-q7-30-tdi-quattro-tiptronic-160kw-a8-5d-2015-2019-aj-na-splatkyprotiucet_38_small.webp"},{"id":96875,"max":"https:\/\/cdn.assetlog.ai\/assets\/117774\/audi-q7-30-tdi-quattro-tiptronic-160kw-a8-5d-2015-2019-aj-na-splatkyprotiucet_39_max.webp","medium":"https:\/\/cdn.assetlog.ai\/assets\/117774\/audi-q7-30-tdi-quattro-tiptronic-160kw-a8-5d-2015-2019-aj-na-splatkyprotiucet_39_medium.webp","small":"https:\/\/cdn.assetlog.ai\/assets\/117774\/audi-q7-30-tdi-quattro-tiptronic-160kw-a8-5d-2015-2019-aj-na-splatkyprotiucet_39_small.webp"},{"id":96876,"max":"https:\/\/cdn.assetlog.ai\/assets\/117774\/audi-q7-30-tdi-quattro-tiptronic-160kw-a8-5d-2015-2019-aj-na-splatkyprotiucet_40_max.webp","medium":"https:\/\/cdn.assetlog.ai\/assets\/117774\/audi-q7-30-tdi-quattro-tiptronic-160kw-a8-5d-2015-2019-aj-na-splatkyprotiucet_40_medium.webp","small":"https:\/\/cdn.assetlog.ai\/assets\/117774\/audi-q7-30-tdi-quattro-tiptronic-160kw-a8-5d-2015-2019-aj-na-splatkyprotiucet_40_small.webp"}],"published_at":null,"expires_at":null,"created_at":"2026-07-13T03:40:03+00:00","updated_at":"2026-09-01T03:41:59+00:00"}}