{"data":{"id":110969,"slug":"audi-q8-quattro-210kw-aj-na-splatky-protiucet","type":"vehicle","title":"Audi Q8 Quattro 210kW \/ FOR SALE WITH INSTALLMENT PAYMENTS \/ TRADE-IN","description":"Commission sale - you buy the vehicle directly from the owner.\n\nI am selling an Audi Q8, year of manufacture 2024. The vehicle was purchased as new in Slovakia, it is currently the second owner and comes with 2 keys. The vehicle has a complete service history and service booklet available, with all service work performed exclusively at an authorized Galimex \u2013 Audi service center. The vehicle is covered by an extended 5-year Audi factory warranty. The vehicle features abundant optional equipment, including a rear-axle steering system for improved maneuverability and stability. The exterior is painted in a premium and unique optional color from the Exclusive program \u2013 Nogaro Blue. The offer also includes seasonal tire replacement.\n\nThe vehicle has passed insurance record verification, execution checks, paint thickness measurement, and documentation verification. Physically inspected and also checked through the vehicle operational records register.\n\nWe offer favorable financing in monthly installments, so you can enjoy your new vehicle immediately without waiting, with 0% down payment and installments up to 96 months.\n\nIf you already own a vehicle, you don't need to worry about selling it - in return, we will take it directly from you. Just come to us with it, we will evaluate it and deduct the costs from the value of your new vehicle. This way you will save time, hassle and money, and the entire process will be quick and easy - you will drive away in your new vehicle without unnecessary paperwork.\n\nVEHICLE IS LOCATED IN Pova\u017esk\u00e1 Bystrica. For more information, please call us at 0902 079 445. License plate: AA719JO. MOT valid until: 2028-05-23. Vehicle inspection valid until: 2028-05-23.\n\nTechnical specifications\n\nYear: 05\/24, 2967cc, 210kW (286PS), Drive: 4\u00d74, Automatic transmission (8 speed), Diesel, EURO 6, 5 doors, (5 seater), 54,405km, Blue metallic, VIN WAUZZZF17RD013056\n\nFuel consumption (l\/100km)\n\nCity: , Highway: , Combined: 8\n\nService booklet, Leasing available, Purchased as new in Slovakia, VAT deduction possible, Loan available, Under warranty, Full service history","language":"cs","is_translated":true,"title_original":"Audi Q8 Quattro 210kW \/ AJ NA SPL\u00c1TKY \/ PROTI\u00da\u010cET","description_original":"Komisn\u00ed prodej - vozidlo kupujete p\u0159\u00edmo od majitele.\n\nProd\u00e1v\u00e1m Audi Q8, rok v\u00fdroby 2024. V\u016fz byl zakoupen jako nov\u00fd na Slovensku, v sou\u010dasn\u00e9 dob\u011b je to ji\u017e druh\u00fd majitel a k vozu jsou p\u0159ilo\u017eeny 2 kl\u00ed\u010de. K vozidlu je k dispozici kompletn\u00ed servisn\u00ed historie a servisn\u00ed kn\u00ed\u017eka, p\u0159i\u010dem\u017e v\u0161echny servisn\u00ed \u00fakony byly prov\u00e1d\u011bny v\u00fdhradn\u011b v autorizovan\u00e9m servisu Galimex \u2013 Audi. Na v\u016fz se vztahuje prodlou\u017een\u00e1 5let\u00e1 tov\u00e1rn\u00ed z\u00e1ruka Audi. V\u016fz disponuje bohatou volitelnou v\u00fdbavou, jej\u00ed\u017e sou\u010d\u00e1st\u00ed je zadn\u00ed oto\u010dn\u00e1 n\u00e1prava pro lep\u0161\u00ed man\u00e9vrovatelnost a stabilitu. Exteri\u00e9r je lakov\u00e1n v pr\u00e9miov\u00e9 a jedine\u010dn\u00e9 p\u0159\u00edplatkov\u00e9 barv\u011b z programu Exclusive \u2013 Nogaro Blue. Sou\u010d\u00e1st\u00ed nab\u00eddky je tak\u00e9 sez\u00f3nn\u00ed v\u00fdm\u011bna pneumatik.\n\nVozidlo pro\u0161lo kontrolou z\u00e1znam\u016f o poji\u0161t\u011bn\u00ed, exekuc\u00ed, m\u011b\u0159en\u00edm laku a kontrolou doklad\u016f. Zkontrolov\u00e1no fyzicky, tak\u00e9 prost\u0159ednictv\u00edm registru provozn\u00edch z\u00e1znam\u016f vozidla.\n\nNab\u00edz\u00edme v\u00fdhodn\u00e9 financov\u00e1n\u00ed na m\u011bs\u00ed\u010dn\u00ed spl\u00e1tky, tak\u017ee si sv\u016fj nov\u00fd v\u016fz m\u016f\u017eete u\u017e\u00edvat hned a bez \u010dek\u00e1n\u00ed s akontac\u00ed 0 % a spl\u00e1tkami a\u017e na 96 m\u011bs\u00edc\u016f.\n\nPokud ji\u017e v\u016fz vlastn\u00edte, nemus\u00edte se zab\u00fdvat jeho prodejem - na opl\u00e1tku si ho od v\u00e1s p\u0159\u00edmo vezmeme. Sta\u010d\u00ed, kdy\u017e k n\u00e1m s n\u00edm p\u0159ijdete, my ho ocen\u00edme a n\u00e1klady ode\u010dteme od hodnoty va\u0161eho nov\u00e9ho vozu. U\u0161et\u0159\u00edte tak \u010das, starosti i pen\u00edze a cel\u00fd proces bude rychl\u00fd a snadn\u00fd - odjedete rovnou ve sv\u00e9m nov\u00e9m voze bez zbyte\u010dn\u00e9ho pap\u00edrov\u00e1n\u00ed.\n\nVOZIDLO SE NACH\u00c1Z\u00cd V Pova\u017eskej Bystrici. V\u00edce informac\u00ed v\u00e1m r\u00e1di poskytneme na telefonn\u00edm \u010d\u00edsle 0902 079 445. E\u010cV: AA719JO. EK platn\u00e1 do: 2028-05-23. STK platn\u00e1 do: 2028-05-23.\n\nTechnick\u00e9 \u00fadaje\n\nv.v.: 05\/24, 2967cm\u00b3, 210kW (286PS), Pohon: 4\u00d74, Automatick\u00e1 p\u0159evodovka (8 st.), Diesel, EURO 6, 5 dv., (5-m\u00edstn\u00fd), 54 405km, Modr\u00e1 metal\u00edza, VIN WAUZZZF17RD013056\n\nSpot\u0159eba vozidla (l\/100km)\n\nVe m\u011bst\u011b: , mimo m\u011bsto: , kombinovan\u00e1: 8\n\nServisn\u00ed kn\u00ed\u017eka, Mo\u017en\u00fd leasing, Jako nov\u00e9 koupen\u00e9 v SR, Mo\u017en\u00fd odpo\u010det DPH, Mo\u017en\u00fd \u00fav\u011br, V z\u00e1ruce, \u00dapln\u00e1 servisn\u00ed historie","price":"1792778.00","currency":"CZK","status":"active","noindex":true,"location":{"address":null,"full_address":null,"city":"Pova\u017esk\u00e1 Bystrica","country":"SK","latitude":49.1159316,"longitude":18.4469936},"metadata":{"vin":"WAUZZZF17RD013056","fuel":"diesel","year":2024,"brand":"Audi","color":"Blue","doors":5,"drive":"AWD \/ 4x4","model":"Q8","seats":5,"region":"Tren\u010diansky kraj","mileage":54405,"emisions":"Euro 6","features":["Alarm","Posilova\u010d \u0159\u00edzen\u00ed","ABS","ESP","Protiprokluzov\u00fd syst\u00e9m kol (TC, ASR)","ADS","DSC\/DTC","Brzdov\u00fd asistent (EBA, BAS)","ISOFIX na zadn\u00edch sedadlech","Deaktivace airbagu spolujezdce","Nat\u00e1\u010dec\u00ed sv\u011btlomety","Senzor tlaku","Syst\u00e9m rozpozn\u00e1v\u00e1n\u00ed dopravn\u00edch zna\u010dek","360\u00b0 monitorovac\u00ed syst\u00e9m (AVM)","Asistent d\u00e1lkov\u00fdch sv\u011btel (HBA)","Centr\u00e1ln\u00ed zamyk\u00e1n\u00ed","Zadn\u00ed el. stahovateln\u00e1 okna","El. nastaviteln\u00e1 p\u0159edn\u00ed sedadla","Elektricky nastaviteln\u00e1 zp\u011btn\u00e1 zrc\u00e1tka","Centr\u00e1ln\u00ed zamyk\u00e1n\u00ed na d\u00e1lkov\u00e9 ovl\u00e1d\u00e1n\u00ed","Automatick\u00e1 4-z\u00f3nov\u00e1 klimatizace","Multifunk\u010dn\u00ed volant","Loketn\u00ed op\u011brka vp\u0159edu","Start\/Stop syst\u00e9m","Vzduchov\u00e9 odpru\u017een\u00ed","Klimatizovan\u00e1 p\u0159ihr\u00e1dka","Apple Car Play","Welcome light","Digit\u00e1ln\u00ed p\u0159\u00edstrojov\u00e1 deska","Bezdr\u00e1tov\u00e1 nab\u00edje\u010dka mobiln\u00edch telefon\u016f","Lit\u00e1 kola","Imobiliz\u00e9r","Palubn\u00ed po\u010d\u00edta\u010d","Navigace","Automatick\u00e9 parkov\u00e1n\u00ed","Tempomat","Ko\u017een\u00fd interi\u00e9r","Vyh\u0159\u00edvan\u00e1 sedadla","Elektricky vyh\u0159\u00edvan\u00e1 zp\u011btn\u00e1 zrc\u00e1tka","Senzor st\u011bra\u010d\u016f","Sv\u011bteln\u00fd senzor","Zimn\u00ed sada kol","Parkovac\u00ed kamera","P\u0159edn\u00ed a zadn\u00ed parkovac\u00ed senzory","Adaptivn\u00ed tempomat","Bezkl\u00ed\u010dov\u00fd vstup","El. ovl\u00e1dan\u00fd kufr","Elektrick\u00e9 dov\u00edr\u00e1n\u00ed zavazadlov\u00e9ho prostoru","Mas\u00e1\u017en\u00ed sedadlo \u0159idi\u010de","Ventilovan\u00e1 p\u0159edn\u00ed sedadla","Panoramatick\u00e1 st\u0159echa","Bluetooth","Denn\u00ed sv\u00edcen\u00ed","LED sv\u011btlomety","Bezdotykov\u00e9 ovl\u00e1d\u00e1n\u00ed v\u00edka zavazadlov\u00e9ho prostoru","Pam\u011b\u0165 nastaven\u00ed sedadla \u0159idi\u010de","Ambientn\u00ed LED osv\u011btlen\u00ed interi\u00e9ru","Serv. kni\u017eka","Mo\u017en\u00fd leasing","Ako nov\u00e9 k\u00fapen\u00e9 v SR","Mo\u017en\u00fd odpo\u010det DPH","Mo\u017en\u00fd \u00faver","v z\u00e1ruke","\u00dapln\u00e1 servisn\u00e1 hist\u00f3ria","Odo-pass","Asistent udr\u017eov\u00e1n\u00ed j\u00edzdn\u00edho pruhu","Asistent rozjezdu do kopce","Sportovn\u00ed sedadla","Elektricky sklopn\u00e1 zp\u011btn\u00e1 zrc\u00e1tka","LED Matrixov\u00e9 sv\u011btlomety","Mas\u00e1\u017en\u00ed p\u0159edn\u00ed sedadla","Autopilot","Zadn\u00ed \u0159\u00edzen\u00e1 n\u00e1prava","Obut\u00e9 na letn\u00ed pneumatiky Audi R22"],"power_kw":210,"body_type":"SUV","condition":"Used","transmission":"automatic","vat_deductible":true,"consumption_city":null,"translation_hash":"988361955f4d1c74da1641b0f91f57b0ac5810a6","vehicle_category":"car","engine_volume_cm3":2967,"first_registration":"2024-05-01","translation_status":"done","consumption_highway":null,"consumption_combined":8},"user_id":42,"is_sponsored":false,"views_count":14,"ai_views_count":8,"ai_vendor_counts":{"other":2,"openai":3,"anthropic":3},"visibility":"public","submission_source":null,"submission_ai_name":null,"has_owner_email":true,"can_contact_owner":true,"phone":"0904 579 821","owner_email":"fric@autorro.sk","user":{"id":42,"slug":"patrik-fric-42","name":"Patrik Fri\u010d","bio":"Makl\u00e9r. P\u016fsob\u00edm v Tren\u010d\u00edne a okol\u00ed.\n\nP\u016fsobnost: Tren\u010d\u00edn","nationality":"SK","languages":["cs","sk"],"service_areas":[],"card_style":null,"card_palette":null,"avatar_url":"https:\/\/cdn.assetlog.ai\/avatars\/42\/avatar_max.webp?v=1786535213","avatar_thumb_url":"https:\/\/cdn.assetlog.ai\/avatars\/42\/avatar_small.webp?v=1786535213","reviews_count":0,"avg_rating":null,"seller_badge":"silver","can_calendar":true},"images":[{"id":94756,"max":"https:\/\/cdn.assetlog.ai\/assets\/110969\/audi-q8-quattro-210kw-aj-na-splatky-protiucet_1_max.webp","medium":"https:\/\/cdn.assetlog.ai\/assets\/110969\/audi-q8-quattro-210kw-aj-na-splatky-protiucet_1_medium.webp","small":"https:\/\/cdn.assetlog.ai\/assets\/110969\/audi-q8-quattro-210kw-aj-na-splatky-protiucet_1_small.webp"},{"id":94757,"max":"https:\/\/cdn.assetlog.ai\/assets\/110969\/audi-q8-quattro-210kw-aj-na-splatky-protiucet_2_max.webp","medium":"https:\/\/cdn.assetlog.ai\/assets\/110969\/audi-q8-quattro-210kw-aj-na-splatky-protiucet_2_medium.webp","small":"https:\/\/cdn.assetlog.ai\/assets\/110969\/audi-q8-quattro-210kw-aj-na-splatky-protiucet_2_small.webp"},{"id":94758,"max":"https:\/\/cdn.assetlog.ai\/assets\/110969\/audi-q8-quattro-210kw-aj-na-splatky-protiucet_3_max.webp","medium":"https:\/\/cdn.assetlog.ai\/assets\/110969\/audi-q8-quattro-210kw-aj-na-splatky-protiucet_3_medium.webp","small":"https:\/\/cdn.assetlog.ai\/assets\/110969\/audi-q8-quattro-210kw-aj-na-splatky-protiucet_3_small.webp"},{"id":94759,"max":"https:\/\/cdn.assetlog.ai\/assets\/110969\/audi-q8-quattro-210kw-aj-na-splatky-protiucet_4_max.webp","medium":"https:\/\/cdn.assetlog.ai\/assets\/110969\/audi-q8-quattro-210kw-aj-na-splatky-protiucet_4_medium.webp","small":"https:\/\/cdn.assetlog.ai\/assets\/110969\/audi-q8-quattro-210kw-aj-na-splatky-protiucet_4_small.webp"},{"id":94760,"max":"https:\/\/cdn.assetlog.ai\/assets\/110969\/audi-q8-quattro-210kw-aj-na-splatky-protiucet_5_max.webp","medium":"https:\/\/cdn.assetlog.ai\/assets\/110969\/audi-q8-quattro-210kw-aj-na-splatky-protiucet_5_medium.webp","small":"https:\/\/cdn.assetlog.ai\/assets\/110969\/audi-q8-quattro-210kw-aj-na-splatky-protiucet_5_small.webp"},{"id":94761,"max":"https:\/\/cdn.assetlog.ai\/assets\/110969\/audi-q8-quattro-210kw-aj-na-splatky-protiucet_6_max.webp","medium":"https:\/\/cdn.assetlog.ai\/assets\/110969\/audi-q8-quattro-210kw-aj-na-splatky-protiucet_6_medium.webp","small":"https:\/\/cdn.assetlog.ai\/assets\/110969\/audi-q8-quattro-210kw-aj-na-splatky-protiucet_6_small.webp"},{"id":94762,"max":"https:\/\/cdn.assetlog.ai\/assets\/110969\/audi-q8-quattro-210kw-aj-na-splatky-protiucet_7_max.webp","medium":"https:\/\/cdn.assetlog.ai\/assets\/110969\/audi-q8-quattro-210kw-aj-na-splatky-protiucet_7_medium.webp","small":"https:\/\/cdn.assetlog.ai\/assets\/110969\/audi-q8-quattro-210kw-aj-na-splatky-protiucet_7_small.webp"},{"id":94763,"max":"https:\/\/cdn.assetlog.ai\/assets\/110969\/audi-q8-quattro-210kw-aj-na-splatky-protiucet_8_max.webp","medium":"https:\/\/cdn.assetlog.ai\/assets\/110969\/audi-q8-quattro-210kw-aj-na-splatky-protiucet_8_medium.webp","small":"https:\/\/cdn.assetlog.ai\/assets\/110969\/audi-q8-quattro-210kw-aj-na-splatky-protiucet_8_small.webp"},{"id":94764,"max":"https:\/\/cdn.assetlog.ai\/assets\/110969\/audi-q8-quattro-210kw-aj-na-splatky-protiucet_9_max.webp","medium":"https:\/\/cdn.assetlog.ai\/assets\/110969\/audi-q8-quattro-210kw-aj-na-splatky-protiucet_9_medium.webp","small":"https:\/\/cdn.assetlog.ai\/assets\/110969\/audi-q8-quattro-210kw-aj-na-splatky-protiucet_9_small.webp"},{"id":94765,"max":"https:\/\/cdn.assetlog.ai\/assets\/110969\/audi-q8-quattro-210kw-aj-na-splatky-protiucet_10_max.webp","medium":"https:\/\/cdn.assetlog.ai\/assets\/110969\/audi-q8-quattro-210kw-aj-na-splatky-protiucet_10_medium.webp","small":"https:\/\/cdn.assetlog.ai\/assets\/110969\/audi-q8-quattro-210kw-aj-na-splatky-protiucet_10_small.webp"},{"id":94766,"max":"https:\/\/cdn.assetlog.ai\/assets\/110969\/audi-q8-quattro-210kw-aj-na-splatky-protiucet_11_max.webp","medium":"https:\/\/cdn.assetlog.ai\/assets\/110969\/audi-q8-quattro-210kw-aj-na-splatky-protiucet_11_medium.webp","small":"https:\/\/cdn.assetlog.ai\/assets\/110969\/audi-q8-quattro-210kw-aj-na-splatky-protiucet_11_small.webp"},{"id":94767,"max":"https:\/\/cdn.assetlog.ai\/assets\/110969\/audi-q8-quattro-210kw-aj-na-splatky-protiucet_12_max.webp","medium":"https:\/\/cdn.assetlog.ai\/assets\/110969\/audi-q8-quattro-210kw-aj-na-splatky-protiucet_12_medium.webp","small":"https:\/\/cdn.assetlog.ai\/assets\/110969\/audi-q8-quattro-210kw-aj-na-splatky-protiucet_12_small.webp"},{"id":94768,"max":"https:\/\/cdn.assetlog.ai\/assets\/110969\/audi-q8-quattro-210kw-aj-na-splatky-protiucet_13_max.webp","medium":"https:\/\/cdn.assetlog.ai\/assets\/110969\/audi-q8-quattro-210kw-aj-na-splatky-protiucet_13_medium.webp","small":"https:\/\/cdn.assetlog.ai\/assets\/110969\/audi-q8-quattro-210kw-aj-na-splatky-protiucet_13_small.webp"},{"id":94769,"max":"https:\/\/cdn.assetlog.ai\/assets\/110969\/audi-q8-quattro-210kw-aj-na-splatky-protiucet_14_max.webp","medium":"https:\/\/cdn.assetlog.ai\/assets\/110969\/audi-q8-quattro-210kw-aj-na-splatky-protiucet_14_medium.webp","small":"https:\/\/cdn.assetlog.ai\/assets\/110969\/audi-q8-quattro-210kw-aj-na-splatky-protiucet_14_small.webp"},{"id":94770,"max":"https:\/\/cdn.assetlog.ai\/assets\/110969\/audi-q8-quattro-210kw-aj-na-splatky-protiucet_15_max.webp","medium":"https:\/\/cdn.assetlog.ai\/assets\/110969\/audi-q8-quattro-210kw-aj-na-splatky-protiucet_15_medium.webp","small":"https:\/\/cdn.assetlog.ai\/assets\/110969\/audi-q8-quattro-210kw-aj-na-splatky-protiucet_15_small.webp"},{"id":94771,"max":"https:\/\/cdn.assetlog.ai\/assets\/110969\/audi-q8-quattro-210kw-aj-na-splatky-protiucet_16_max.webp","medium":"https:\/\/cdn.assetlog.ai\/assets\/110969\/audi-q8-quattro-210kw-aj-na-splatky-protiucet_16_medium.webp","small":"https:\/\/cdn.assetlog.ai\/assets\/110969\/audi-q8-quattro-210kw-aj-na-splatky-protiucet_16_small.webp"},{"id":94772,"max":"https:\/\/cdn.assetlog.ai\/assets\/110969\/audi-q8-quattro-210kw-aj-na-splatky-protiucet_17_max.webp","medium":"https:\/\/cdn.assetlog.ai\/assets\/110969\/audi-q8-quattro-210kw-aj-na-splatky-protiucet_17_medium.webp","small":"https:\/\/cdn.assetlog.ai\/assets\/110969\/audi-q8-quattro-210kw-aj-na-splatky-protiucet_17_small.webp"},{"id":94773,"max":"https:\/\/cdn.assetlog.ai\/assets\/110969\/audi-q8-quattro-210kw-aj-na-splatky-protiucet_18_max.webp","medium":"https:\/\/cdn.assetlog.ai\/assets\/110969\/audi-q8-quattro-210kw-aj-na-splatky-protiucet_18_medium.webp","small":"https:\/\/cdn.assetlog.ai\/assets\/110969\/audi-q8-quattro-210kw-aj-na-splatky-protiucet_18_small.webp"},{"id":94774,"max":"https:\/\/cdn.assetlog.ai\/assets\/110969\/audi-q8-quattro-210kw-aj-na-splatky-protiucet_19_max.webp","medium":"https:\/\/cdn.assetlog.ai\/assets\/110969\/audi-q8-quattro-210kw-aj-na-splatky-protiucet_19_medium.webp","small":"https:\/\/cdn.assetlog.ai\/assets\/110969\/audi-q8-quattro-210kw-aj-na-splatky-protiucet_19_small.webp"},{"id":94775,"max":"https:\/\/cdn.assetlog.ai\/assets\/110969\/audi-q8-quattro-210kw-aj-na-splatky-protiucet_20_max.webp","medium":"https:\/\/cdn.assetlog.ai\/assets\/110969\/audi-q8-quattro-210kw-aj-na-splatky-protiucet_20_medium.webp","small":"https:\/\/cdn.assetlog.ai\/assets\/110969\/audi-q8-quattro-210kw-aj-na-splatky-protiucet_20_small.webp"},{"id":94776,"max":"https:\/\/cdn.assetlog.ai\/assets\/110969\/audi-q8-quattro-210kw-aj-na-splatky-protiucet_21_max.webp","medium":"https:\/\/cdn.assetlog.ai\/assets\/110969\/audi-q8-quattro-210kw-aj-na-splatky-protiucet_21_medium.webp","small":"https:\/\/cdn.assetlog.ai\/assets\/110969\/audi-q8-quattro-210kw-aj-na-splatky-protiucet_21_small.webp"},{"id":94777,"max":"https:\/\/cdn.assetlog.ai\/assets\/110969\/audi-q8-quattro-210kw-aj-na-splatky-protiucet_22_max.webp","medium":"https:\/\/cdn.assetlog.ai\/assets\/110969\/audi-q8-quattro-210kw-aj-na-splatky-protiucet_22_medium.webp","small":"https:\/\/cdn.assetlog.ai\/assets\/110969\/audi-q8-quattro-210kw-aj-na-splatky-protiucet_22_small.webp"},{"id":94778,"max":"https:\/\/cdn.assetlog.ai\/assets\/110969\/audi-q8-quattro-210kw-aj-na-splatky-protiucet_23_max.webp","medium":"https:\/\/cdn.assetlog.ai\/assets\/110969\/audi-q8-quattro-210kw-aj-na-splatky-protiucet_23_medium.webp","small":"https:\/\/cdn.assetlog.ai\/assets\/110969\/audi-q8-quattro-210kw-aj-na-splatky-protiucet_23_small.webp"},{"id":94779,"max":"https:\/\/cdn.assetlog.ai\/assets\/110969\/audi-q8-quattro-210kw-aj-na-splatky-protiucet_24_max.webp","medium":"https:\/\/cdn.assetlog.ai\/assets\/110969\/audi-q8-quattro-210kw-aj-na-splatky-protiucet_24_medium.webp","small":"https:\/\/cdn.assetlog.ai\/assets\/110969\/audi-q8-quattro-210kw-aj-na-splatky-protiucet_24_small.webp"},{"id":94780,"max":"https:\/\/cdn.assetlog.ai\/assets\/110969\/audi-q8-quattro-210kw-aj-na-splatky-protiucet_25_max.webp","medium":"https:\/\/cdn.assetlog.ai\/assets\/110969\/audi-q8-quattro-210kw-aj-na-splatky-protiucet_25_medium.webp","small":"https:\/\/cdn.assetlog.ai\/assets\/110969\/audi-q8-quattro-210kw-aj-na-splatky-protiucet_25_small.webp"}],"published_at":null,"expires_at":null,"created_at":"2026-07-09T02:20:06+00:00","updated_at":"2026-09-01T03:42:02+00:00"}}