{"data":{"id":141356,"slug":"audi-sq6-e-tron-4x4-bev-360kw-aj-na-splatky-protiucet","type":"vehicle","title":"Audi SQ6 E-tron 4x4 BEV 360kW \/ INSTALLMENT PAYMENTS \/ TRADE-IN","description":"Commission sale - you purchase the vehicle directly from the owner.\n\nI am selling an Audi SQ6 e-tron, model year 2026, with pure electric drive (BEV), smooth automatic transmission and intelligent all-wheel drive 4x4 \/ AWD. The vehicle in elegant white metallic comes from the first owner, was purchased as new in Slovakia, with VAT deduction option and full factory warranty. The car includes two keys, service booklet and service history. The entire body is in original condition, not refinished anywhere.\n\nThe vehicle has passed insurance record verification, execution checks, paint thickness measurement and document verification. Physically inspected, also through the vehicle operation record registry.\n\nWe offer favorable financing in monthly installments, so you can enjoy your new car immediately without waiting with 0% down payment and installments up to 96 months.\n\nIf you already own a vehicle, you don't need to deal with selling it - in return, we will take it directly from you. Just come to us with it, we will appraise it and deduct the costs from the value of your new car. You will save time, hassle and money and the entire process will be quick and easy - you will drive away in your new car without unnecessary paperwork.\n\nThe vehicle is located in Vr\u00e1ble.\nWe will provide you with further information at phone number 0949 228 711. License plate: EL909CJ. Technical inspection validity until: May 11, 2030.\n\nTechnical specifications\n\nYear: 05\/26, 0cc, 360kW (490PS), Drive: 4\u00d74, Automatic transmission (continuous), Electric, EURO, 5-door, (5-seater), 2,466km, White metallic, VIN WAUZZZGF6SA085822\n\nFirst owner, Service booklet, Leasing possible, Purchased as new in Slovakia, VAT deduction possible, Financing possible, Under warranty, Complete service history","language":"cs","is_translated":true,"title_original":"Audi SQ6 E-tron 4x4 BEV 360kW \/ AJ NA SPL\u00c1TKY \/ PROTI\u00da\u010cET","description_original":"Komisn\u00ed prodej - vozidlo kupujete p\u0159\u00edmo od majitele.\n\nProd\u00e1v\u00e1m Audi SQ6 e-tron, rok v\u00fdroby 2026, s \u010dist\u011b elektrick\u00fdm pohonem (BEV), plynulou automatickou p\u0159evodovkou a inteligentn\u00edm pohonem v\u0161ech kol 4x4 \/ AWD. Vozidlo v elegantn\u00ed b\u00edl\u00e9 metal\u00edze poch\u00e1z\u00ed od prvn\u00edho majitele, bylo zakoupeno jako nov\u00e9 na Slovensku, s mo\u017enost\u00ed odpo\u010dtu DPH a v pln\u00e9 tov\u00e1rn\u00ed z\u00e1ruce. Sou\u010d\u00e1st\u00ed vozu jsou dva kl\u00ed\u010de, servisn\u00ed kn\u00ed\u017eka a servisn\u00ed historie. Cel\u00e1 karoserie je v p\u016fvodn\u00edm stavu, nikde nen\u00ed p\u0159elakovan\u00e1.\n\nVozidlo pro\u0161lo kontrolou z\u00e1znam\u016f o poji\u0161t\u011bn\u00ed, exekuc\u00ed, m\u011b\u0159en\u00edm laku a kontrolou doklad\u016f. Zkontrolov\u00e1no fyzicky, tak\u00e9 prost\u0159ednictv\u00edm registru provozn\u00edch z\u00e1znam\u016f vozidla.\n\nNab\u00edz\u00edme v\u00fdhodn\u00e9 financov\u00e1n\u00ed na m\u011bs\u00ed\u010dn\u00ed spl\u00e1tky, tak\u017ee si sv\u016fj nov\u00fd v\u016fz m\u016f\u017eete u\u017e\u00edvat hned a bez \u010dek\u00e1n\u00ed s akontac\u00ed 0 % a spl\u00e1tkami a\u017e na 96 m\u011bs\u00edc\u016f.\n\nPokud ji\u017e v\u016fz vlastn\u00edte, nemus\u00edte se zab\u00fdvat jeho prodejem - na opl\u00e1tku si ho od v\u00e1s p\u0159\u00edmo vezmeme. Sta\u010d\u00ed, kdy\u017e k n\u00e1m s n\u00edm p\u0159ijdete, my ho ocen\u00edme a n\u00e1klady ode\u010dteme od hodnoty va\u0161eho nov\u00e9ho vozu. U\u0161et\u0159\u00edte tak \u010das, starosti i pen\u00edze a cel\u00fd proces bude rychl\u00fd a snadn\u00fd - odjedete rovnou ve sv\u00e9m nov\u00e9m voze bez zbyte\u010dn\u00e9ho pap\u00edrov\u00e1n\u00ed.\n\nVozidlo se nach\u00e1z\u00ed ve Vr\u00e1blech.\nDal\u0161\u00ed informace v\u00e1m poskytneme na telefonn\u00edm \u010d\u00edsle 0949 228 711. SPZ: EL909CJ. Platnost technick\u00e9 kontroly do: 11. 5. 2030.\n\nTechnick\u00e9 \u00fadaje\n\nv.v.: 05\/26, 0cm\u00b3, 360kW (490PS), Pohon: 4\u00d74, Automatick\u00e1 p\u0159evodovka (bezst.), Elektro, EURO , 5 dv., (5-m\u00edstn\u00fd), 2 466km, B\u00edl\u00e1 metal\u00edza, VIN WAUZZZGF6SA085822\n\nPrvn\u00ed majitel, Servisn\u00ed kn\u00ed\u017eka, Mo\u017en\u00fd leasing, Jako nov\u00e9 koupen\u00e9 v SR, Mo\u017en\u00fd odpo\u010det DPH, Mo\u017en\u00fd \u00fav\u011br, V z\u00e1ruce, \u00dapln\u00e1 servisn\u00ed historie","price":"2052509.00","currency":"CZK","status":"active","noindex":true,"location":{"address":null,"full_address":null,"city":"Vr\u00e1ble","country":"SK","latitude":48.2442845,"longitude":18.3061153},"metadata":{"vin":"WAUZZZGF6SA085822","fuel":"electric","year":2026,"brand":"Audi","color":"White","doors":5,"drive":"AWD \/ 4x4","model":"SQ6","seats":5,"region":"Nitriansky kraj","mileage":2466,"emisions":"Euro 1","features":["EBD\/EBV","ABS","ESP","DSC\/DTC","Brzdov\u00fd asistent (EBA, BAS)","ISOFIX na zadn\u00edch sedadlech","Deaktivace airbagu spolujezdce","Nat\u00e1\u010dec\u00ed sv\u011btlomety","Senzor tlaku","Syst\u00e9m rozpozn\u00e1v\u00e1n\u00ed dopravn\u00edch zna\u010dek","Sledov\u00e1n\u00ed \u00fanavy \u0159idi\u010de","360\u00b0 monitorovac\u00ed syst\u00e9m (AVM)","Asistent d\u00e1lkov\u00fdch sv\u011btel (HBA)","Centr\u00e1ln\u00ed zamyk\u00e1n\u00ed","Zadn\u00ed el. stahovateln\u00e1 okna","El. nastaviteln\u00e1 p\u0159edn\u00ed sedadla","Elektricky nastaviteln\u00e1 zp\u011btn\u00e1 zrc\u00e1tka","Centr\u00e1ln\u00ed zamyk\u00e1n\u00ed na d\u00e1lkov\u00e9 ovl\u00e1d\u00e1n\u00ed","Autor\u00e1dio","Nez\u00e1visl\u00e9 topen\u00ed","Vyh\u0159\u00edvan\u00e9 \u010deln\u00ed sklo","Multifunk\u010dn\u00ed volant","Loketn\u00ed op\u011brka vp\u0159edu","Head-up display","Start\/Stop syst\u00e9m","Klimatizovan\u00e1 p\u0159ihr\u00e1dka","Ost\u0159ikova\u010de sv\u011btlomet\u016f","Automatick\u00e1 3-z\u00f3nov\u00e1 klimatizace","Apple Car Play","Android Auto","Welcome light","Digit\u00e1ln\u00ed p\u0159\u00edstrojov\u00e1 deska","Bezdr\u00e1tov\u00e1 nab\u00edje\u010dka mobiln\u00edch telefon\u016f","Lit\u00e1 kola","Mlhovky","Imobiliz\u00e9r","Palubn\u00ed po\u010d\u00edta\u010d","Navigace","Automatick\u00e9 parkov\u00e1n\u00ed","Ta\u017en\u00e9 za\u0159\u00edzen\u00ed","Tempomat","Ko\u017een\u00fd interi\u00e9r","Vyh\u0159\u00edvan\u00e1 sedadla","Elektricky vyh\u0159\u00edvan\u00e1 zp\u011btn\u00e1 zrc\u00e1tka","F\u00f3lie","Senzor st\u011bra\u010d\u016f","Sv\u011bteln\u00fd senzor","Parkovac\u00ed kamera","P\u0159edn\u00ed a zadn\u00ed parkovac\u00ed senzory","Adaptivn\u00ed tempomat","Bezkl\u00ed\u010dov\u00fd vstup","El. ovl\u00e1dan\u00fd kufr","Elektrick\u00e9 dov\u00edr\u00e1n\u00ed zavazadlov\u00e9ho prostoru","Ventilovan\u00e1 p\u0159edn\u00ed sedadla","Panoramatick\u00e1 st\u0159echa","Bluetooth","Vyh\u0159\u00edvan\u00fd volant","Denn\u00ed sv\u00edcen\u00ed","LED sv\u011btlomety","Bezdotykov\u00e9 ovl\u00e1d\u00e1n\u00ed v\u00edka zavazadlov\u00e9ho prostoru","Pam\u011b\u0165 nastaven\u00ed sedadla \u0159idi\u010de","Ambientn\u00ed LED osv\u011btlen\u00ed interi\u00e9ru","Prv\u00fd majite\u013e","Serv. kni\u017eka","Mo\u017en\u00fd leasing","Ako nov\u00e9 k\u00fapen\u00e9 v SR","Mo\u017en\u00fd odpo\u010det DPH","Mo\u017en\u00fd \u00faver","v z\u00e1ruke","\u00dapln\u00e1 servisn\u00e1 hist\u00f3ria","Adaptivn\u00ed podvozek","Ko\u017een\u00fd paket","Odo-pass","Asistent udr\u017eov\u00e1n\u00ed j\u00edzdn\u00edho pruhu","Asistent rozjezdu do kopce","Kontrola mrtv\u00e9ho \u00fahlu","ACC","LCD panel","Sportovn\u00ed sedadla","Drive Select (j\u00edzadn\u00ed re\u017eimy)","pr\u00e9miov\u00fd audiosyst\u00e9m (B&O, Harman, Bose...)","elektricky sklopn\u00e1 zp\u011btn\u00e1 zrc\u00e1tka","Ovl\u00e1d\u00e1n\u00ed gesty","elektricky nastaviteln\u00fd volant","rozpozn\u00e1v\u00e1n\u00ed chodc\u016f"],"power_kw":360,"body_type":"SUV","condition":"Used","transmission":"automatic","vat_deductible":true,"consumption_city":null,"translation_hash":"4b523be1b9944df6e8d61da8e600e7cea31ba144","vehicle_category":"car","engine_volume_cm3":0,"first_registration":"2026-05-01","translation_status":"done","consumption_highway":null,"consumption_combined":null},"user_id":16,"is_sponsored":false,"views_count":14,"ai_views_count":4,"ai_vendor_counts":{"openai":2,"anthropic":1,"microsoft":1},"visibility":"public","submission_source":null,"submission_ai_name":null,"has_owner_email":true,"can_contact_owner":true,"phone":"0949 228 711","owner_email":"petras@autorro.sk","user":{"id":16,"slug":"martin-petras-16","name":"Martin Petr\u00e1\u0161","bio":"Makl\u00e9r. P\u016fsob\u00edm v Leviciach a okol\u00ed.\n\nP\u016fsobnost: Levice","nationality":"SK","languages":["cs","sk"],"service_areas":[],"card_style":null,"card_palette":null,"avatar_url":"https:\/\/cdn.assetlog.ai\/avatars\/16\/avatar_max.webp?v=1786535213","avatar_thumb_url":"https:\/\/cdn.assetlog.ai\/avatars\/16\/avatar_small.webp?v=1786535213","reviews_count":0,"avg_rating":null,"seller_badge":"silver","can_calendar":true},"images":[{"id":110397,"max":"https:\/\/cdn.assetlog.ai\/assets\/141356\/audi-sq6-e-tron-4x4-bev-360kw-aj-na-splatky-protiucet_1_max.webp","medium":"https:\/\/cdn.assetlog.ai\/assets\/141356\/audi-sq6-e-tron-4x4-bev-360kw-aj-na-splatky-protiucet_1_medium.webp","small":"https:\/\/cdn.assetlog.ai\/assets\/141356\/audi-sq6-e-tron-4x4-bev-360kw-aj-na-splatky-protiucet_1_small.webp"},{"id":110398,"max":"https:\/\/cdn.assetlog.ai\/assets\/141356\/audi-sq6-e-tron-4x4-bev-360kw-aj-na-splatky-protiucet_2_max.webp","medium":"https:\/\/cdn.assetlog.ai\/assets\/141356\/audi-sq6-e-tron-4x4-bev-360kw-aj-na-splatky-protiucet_2_medium.webp","small":"https:\/\/cdn.assetlog.ai\/assets\/141356\/audi-sq6-e-tron-4x4-bev-360kw-aj-na-splatky-protiucet_2_small.webp"},{"id":110399,"max":"https:\/\/cdn.assetlog.ai\/assets\/141356\/audi-sq6-e-tron-4x4-bev-360kw-aj-na-splatky-protiucet_3_max.webp","medium":"https:\/\/cdn.assetlog.ai\/assets\/141356\/audi-sq6-e-tron-4x4-bev-360kw-aj-na-splatky-protiucet_3_medium.webp","small":"https:\/\/cdn.assetlog.ai\/assets\/141356\/audi-sq6-e-tron-4x4-bev-360kw-aj-na-splatky-protiucet_3_small.webp"},{"id":110400,"max":"https:\/\/cdn.assetlog.ai\/assets\/141356\/audi-sq6-e-tron-4x4-bev-360kw-aj-na-splatky-protiucet_4_max.webp","medium":"https:\/\/cdn.assetlog.ai\/assets\/141356\/audi-sq6-e-tron-4x4-bev-360kw-aj-na-splatky-protiucet_4_medium.webp","small":"https:\/\/cdn.assetlog.ai\/assets\/141356\/audi-sq6-e-tron-4x4-bev-360kw-aj-na-splatky-protiucet_4_small.webp"},{"id":110401,"max":"https:\/\/cdn.assetlog.ai\/assets\/141356\/audi-sq6-e-tron-4x4-bev-360kw-aj-na-splatky-protiucet_5_max.webp","medium":"https:\/\/cdn.assetlog.ai\/assets\/141356\/audi-sq6-e-tron-4x4-bev-360kw-aj-na-splatky-protiucet_5_medium.webp","small":"https:\/\/cdn.assetlog.ai\/assets\/141356\/audi-sq6-e-tron-4x4-bev-360kw-aj-na-splatky-protiucet_5_small.webp"},{"id":110402,"max":"https:\/\/cdn.assetlog.ai\/assets\/141356\/audi-sq6-e-tron-4x4-bev-360kw-aj-na-splatky-protiucet_6_max.webp","medium":"https:\/\/cdn.assetlog.ai\/assets\/141356\/audi-sq6-e-tron-4x4-bev-360kw-aj-na-splatky-protiucet_6_medium.webp","small":"https:\/\/cdn.assetlog.ai\/assets\/141356\/audi-sq6-e-tron-4x4-bev-360kw-aj-na-splatky-protiucet_6_small.webp"},{"id":110403,"max":"https:\/\/cdn.assetlog.ai\/assets\/141356\/audi-sq6-e-tron-4x4-bev-360kw-aj-na-splatky-protiucet_7_max.webp","medium":"https:\/\/cdn.assetlog.ai\/assets\/141356\/audi-sq6-e-tron-4x4-bev-360kw-aj-na-splatky-protiucet_7_medium.webp","small":"https:\/\/cdn.assetlog.ai\/assets\/141356\/audi-sq6-e-tron-4x4-bev-360kw-aj-na-splatky-protiucet_7_small.webp"},{"id":110404,"max":"https:\/\/cdn.assetlog.ai\/assets\/141356\/audi-sq6-e-tron-4x4-bev-360kw-aj-na-splatky-protiucet_8_max.webp","medium":"https:\/\/cdn.assetlog.ai\/assets\/141356\/audi-sq6-e-tron-4x4-bev-360kw-aj-na-splatky-protiucet_8_medium.webp","small":"https:\/\/cdn.assetlog.ai\/assets\/141356\/audi-sq6-e-tron-4x4-bev-360kw-aj-na-splatky-protiucet_8_small.webp"},{"id":110405,"max":"https:\/\/cdn.assetlog.ai\/assets\/141356\/audi-sq6-e-tron-4x4-bev-360kw-aj-na-splatky-protiucet_9_max.webp","medium":"https:\/\/cdn.assetlog.ai\/assets\/141356\/audi-sq6-e-tron-4x4-bev-360kw-aj-na-splatky-protiucet_9_medium.webp","small":"https:\/\/cdn.assetlog.ai\/assets\/141356\/audi-sq6-e-tron-4x4-bev-360kw-aj-na-splatky-protiucet_9_small.webp"},{"id":110406,"max":"https:\/\/cdn.assetlog.ai\/assets\/141356\/audi-sq6-e-tron-4x4-bev-360kw-aj-na-splatky-protiucet_10_max.webp","medium":"https:\/\/cdn.assetlog.ai\/assets\/141356\/audi-sq6-e-tron-4x4-bev-360kw-aj-na-splatky-protiucet_10_medium.webp","small":"https:\/\/cdn.assetlog.ai\/assets\/141356\/audi-sq6-e-tron-4x4-bev-360kw-aj-na-splatky-protiucet_10_small.webp"},{"id":110407,"max":"https:\/\/cdn.assetlog.ai\/assets\/141356\/audi-sq6-e-tron-4x4-bev-360kw-aj-na-splatky-protiucet_11_max.webp","medium":"https:\/\/cdn.assetlog.ai\/assets\/141356\/audi-sq6-e-tron-4x4-bev-360kw-aj-na-splatky-protiucet_11_medium.webp","small":"https:\/\/cdn.assetlog.ai\/assets\/141356\/audi-sq6-e-tron-4x4-bev-360kw-aj-na-splatky-protiucet_11_small.webp"},{"id":110408,"max":"https:\/\/cdn.assetlog.ai\/assets\/141356\/audi-sq6-e-tron-4x4-bev-360kw-aj-na-splatky-protiucet_12_max.webp","medium":"https:\/\/cdn.assetlog.ai\/assets\/141356\/audi-sq6-e-tron-4x4-bev-360kw-aj-na-splatky-protiucet_12_medium.webp","small":"https:\/\/cdn.assetlog.ai\/assets\/141356\/audi-sq6-e-tron-4x4-bev-360kw-aj-na-splatky-protiucet_12_small.webp"},{"id":110409,"max":"https:\/\/cdn.assetlog.ai\/assets\/141356\/audi-sq6-e-tron-4x4-bev-360kw-aj-na-splatky-protiucet_13_max.webp","medium":"https:\/\/cdn.assetlog.ai\/assets\/141356\/audi-sq6-e-tron-4x4-bev-360kw-aj-na-splatky-protiucet_13_medium.webp","small":"https:\/\/cdn.assetlog.ai\/assets\/141356\/audi-sq6-e-tron-4x4-bev-360kw-aj-na-splatky-protiucet_13_small.webp"},{"id":110410,"max":"https:\/\/cdn.assetlog.ai\/assets\/141356\/audi-sq6-e-tron-4x4-bev-360kw-aj-na-splatky-protiucet_14_max.webp","medium":"https:\/\/cdn.assetlog.ai\/assets\/141356\/audi-sq6-e-tron-4x4-bev-360kw-aj-na-splatky-protiucet_14_medium.webp","small":"https:\/\/cdn.assetlog.ai\/assets\/141356\/audi-sq6-e-tron-4x4-bev-360kw-aj-na-splatky-protiucet_14_small.webp"},{"id":110411,"max":"https:\/\/cdn.assetlog.ai\/assets\/141356\/audi-sq6-e-tron-4x4-bev-360kw-aj-na-splatky-protiucet_15_max.webp","medium":"https:\/\/cdn.assetlog.ai\/assets\/141356\/audi-sq6-e-tron-4x4-bev-360kw-aj-na-splatky-protiucet_15_medium.webp","small":"https:\/\/cdn.assetlog.ai\/assets\/141356\/audi-sq6-e-tron-4x4-bev-360kw-aj-na-splatky-protiucet_15_small.webp"},{"id":110412,"max":"https:\/\/cdn.assetlog.ai\/assets\/141356\/audi-sq6-e-tron-4x4-bev-360kw-aj-na-splatky-protiucet_16_max.webp","medium":"https:\/\/cdn.assetlog.ai\/assets\/141356\/audi-sq6-e-tron-4x4-bev-360kw-aj-na-splatky-protiucet_16_medium.webp","small":"https:\/\/cdn.assetlog.ai\/assets\/141356\/audi-sq6-e-tron-4x4-bev-360kw-aj-na-splatky-protiucet_16_small.webp"},{"id":110413,"max":"https:\/\/cdn.assetlog.ai\/assets\/141356\/audi-sq6-e-tron-4x4-bev-360kw-aj-na-splatky-protiucet_17_max.webp","medium":"https:\/\/cdn.assetlog.ai\/assets\/141356\/audi-sq6-e-tron-4x4-bev-360kw-aj-na-splatky-protiucet_17_medium.webp","small":"https:\/\/cdn.assetlog.ai\/assets\/141356\/audi-sq6-e-tron-4x4-bev-360kw-aj-na-splatky-protiucet_17_small.webp"},{"id":110414,"max":"https:\/\/cdn.assetlog.ai\/assets\/141356\/audi-sq6-e-tron-4x4-bev-360kw-aj-na-splatky-protiucet_18_max.webp","medium":"https:\/\/cdn.assetlog.ai\/assets\/141356\/audi-sq6-e-tron-4x4-bev-360kw-aj-na-splatky-protiucet_18_medium.webp","small":"https:\/\/cdn.assetlog.ai\/assets\/141356\/audi-sq6-e-tron-4x4-bev-360kw-aj-na-splatky-protiucet_18_small.webp"},{"id":110415,"max":"https:\/\/cdn.assetlog.ai\/assets\/141356\/audi-sq6-e-tron-4x4-bev-360kw-aj-na-splatky-protiucet_19_max.webp","medium":"https:\/\/cdn.assetlog.ai\/assets\/141356\/audi-sq6-e-tron-4x4-bev-360kw-aj-na-splatky-protiucet_19_medium.webp","small":"https:\/\/cdn.assetlog.ai\/assets\/141356\/audi-sq6-e-tron-4x4-bev-360kw-aj-na-splatky-protiucet_19_small.webp"},{"id":110416,"max":"https:\/\/cdn.assetlog.ai\/assets\/141356\/audi-sq6-e-tron-4x4-bev-360kw-aj-na-splatky-protiucet_20_max.webp","medium":"https:\/\/cdn.assetlog.ai\/assets\/141356\/audi-sq6-e-tron-4x4-bev-360kw-aj-na-splatky-protiucet_20_medium.webp","small":"https:\/\/cdn.assetlog.ai\/assets\/141356\/audi-sq6-e-tron-4x4-bev-360kw-aj-na-splatky-protiucet_20_small.webp"},{"id":110417,"max":"https:\/\/cdn.assetlog.ai\/assets\/141356\/audi-sq6-e-tron-4x4-bev-360kw-aj-na-splatky-protiucet_21_max.webp","medium":"https:\/\/cdn.assetlog.ai\/assets\/141356\/audi-sq6-e-tron-4x4-bev-360kw-aj-na-splatky-protiucet_21_medium.webp","small":"https:\/\/cdn.assetlog.ai\/assets\/141356\/audi-sq6-e-tron-4x4-bev-360kw-aj-na-splatky-protiucet_21_small.webp"},{"id":110418,"max":"https:\/\/cdn.assetlog.ai\/assets\/141356\/audi-sq6-e-tron-4x4-bev-360kw-aj-na-splatky-protiucet_22_max.webp","medium":"https:\/\/cdn.assetlog.ai\/assets\/141356\/audi-sq6-e-tron-4x4-bev-360kw-aj-na-splatky-protiucet_22_medium.webp","small":"https:\/\/cdn.assetlog.ai\/assets\/141356\/audi-sq6-e-tron-4x4-bev-360kw-aj-na-splatky-protiucet_22_small.webp"},{"id":110419,"max":"https:\/\/cdn.assetlog.ai\/assets\/141356\/audi-sq6-e-tron-4x4-bev-360kw-aj-na-splatky-protiucet_23_max.webp","medium":"https:\/\/cdn.assetlog.ai\/assets\/141356\/audi-sq6-e-tron-4x4-bev-360kw-aj-na-splatky-protiucet_23_medium.webp","small":"https:\/\/cdn.assetlog.ai\/assets\/141356\/audi-sq6-e-tron-4x4-bev-360kw-aj-na-splatky-protiucet_23_small.webp"},{"id":110420,"max":"https:\/\/cdn.assetlog.ai\/assets\/141356\/audi-sq6-e-tron-4x4-bev-360kw-aj-na-splatky-protiucet_24_max.webp","medium":"https:\/\/cdn.assetlog.ai\/assets\/141356\/audi-sq6-e-tron-4x4-bev-360kw-aj-na-splatky-protiucet_24_medium.webp","small":"https:\/\/cdn.assetlog.ai\/assets\/141356\/audi-sq6-e-tron-4x4-bev-360kw-aj-na-splatky-protiucet_24_small.webp"},{"id":110421,"max":"https:\/\/cdn.assetlog.ai\/assets\/141356\/audi-sq6-e-tron-4x4-bev-360kw-aj-na-splatky-protiucet_25_max.webp","medium":"https:\/\/cdn.assetlog.ai\/assets\/141356\/audi-sq6-e-tron-4x4-bev-360kw-aj-na-splatky-protiucet_25_medium.webp","small":"https:\/\/cdn.assetlog.ai\/assets\/141356\/audi-sq6-e-tron-4x4-bev-360kw-aj-na-splatky-protiucet_25_small.webp"},{"id":110422,"max":"https:\/\/cdn.assetlog.ai\/assets\/141356\/audi-sq6-e-tron-4x4-bev-360kw-aj-na-splatky-protiucet_26_max.webp","medium":"https:\/\/cdn.assetlog.ai\/assets\/141356\/audi-sq6-e-tron-4x4-bev-360kw-aj-na-splatky-protiucet_26_medium.webp","small":"https:\/\/cdn.assetlog.ai\/assets\/141356\/audi-sq6-e-tron-4x4-bev-360kw-aj-na-splatky-protiucet_26_small.webp"},{"id":110423,"max":"https:\/\/cdn.assetlog.ai\/assets\/141356\/audi-sq6-e-tron-4x4-bev-360kw-aj-na-splatky-protiucet_27_max.webp","medium":"https:\/\/cdn.assetlog.ai\/assets\/141356\/audi-sq6-e-tron-4x4-bev-360kw-aj-na-splatky-protiucet_27_medium.webp","small":"https:\/\/cdn.assetlog.ai\/assets\/141356\/audi-sq6-e-tron-4x4-bev-360kw-aj-na-splatky-protiucet_27_small.webp"},{"id":110424,"max":"https:\/\/cdn.assetlog.ai\/assets\/141356\/audi-sq6-e-tron-4x4-bev-360kw-aj-na-splatky-protiucet_28_max.webp","medium":"https:\/\/cdn.assetlog.ai\/assets\/141356\/audi-sq6-e-tron-4x4-bev-360kw-aj-na-splatky-protiucet_28_medium.webp","small":"https:\/\/cdn.assetlog.ai\/assets\/141356\/audi-sq6-e-tron-4x4-bev-360kw-aj-na-splatky-protiucet_28_small.webp"},{"id":110425,"max":"https:\/\/cdn.assetlog.ai\/assets\/141356\/audi-sq6-e-tron-4x4-bev-360kw-aj-na-splatky-protiucet_29_max.webp","medium":"https:\/\/cdn.assetlog.ai\/assets\/141356\/audi-sq6-e-tron-4x4-bev-360kw-aj-na-splatky-protiucet_29_medium.webp","small":"https:\/\/cdn.assetlog.ai\/assets\/141356\/audi-sq6-e-tron-4x4-bev-360kw-aj-na-splatky-protiucet_29_small.webp"},{"id":110426,"max":"https:\/\/cdn.assetlog.ai\/assets\/141356\/audi-sq6-e-tron-4x4-bev-360kw-aj-na-splatky-protiucet_30_max.webp","medium":"https:\/\/cdn.assetlog.ai\/assets\/141356\/audi-sq6-e-tron-4x4-bev-360kw-aj-na-splatky-protiucet_30_medium.webp","small":"https:\/\/cdn.assetlog.ai\/assets\/141356\/audi-sq6-e-tron-4x4-bev-360kw-aj-na-splatky-protiucet_30_small.webp"},{"id":110427,"max":"https:\/\/cdn.assetlog.ai\/assets\/141356\/audi-sq6-e-tron-4x4-bev-360kw-aj-na-splatky-protiucet_31_max.webp","medium":"https:\/\/cdn.assetlog.ai\/assets\/141356\/audi-sq6-e-tron-4x4-bev-360kw-aj-na-splatky-protiucet_31_medium.webp","small":"https:\/\/cdn.assetlog.ai\/assets\/141356\/audi-sq6-e-tron-4x4-bev-360kw-aj-na-splatky-protiucet_31_small.webp"},{"id":110428,"max":"https:\/\/cdn.assetlog.ai\/assets\/141356\/audi-sq6-e-tron-4x4-bev-360kw-aj-na-splatky-protiucet_32_max.webp","medium":"https:\/\/cdn.assetlog.ai\/assets\/141356\/audi-sq6-e-tron-4x4-bev-360kw-aj-na-splatky-protiucet_32_medium.webp","small":"https:\/\/cdn.assetlog.ai\/assets\/141356\/audi-sq6-e-tron-4x4-bev-360kw-aj-na-splatky-protiucet_32_small.webp"},{"id":110429,"max":"https:\/\/cdn.assetlog.ai\/assets\/141356\/audi-sq6-e-tron-4x4-bev-360kw-aj-na-splatky-protiucet_33_max.webp","medium":"https:\/\/cdn.assetlog.ai\/assets\/141356\/audi-sq6-e-tron-4x4-bev-360kw-aj-na-splatky-protiucet_33_medium.webp","small":"https:\/\/cdn.assetlog.ai\/assets\/141356\/audi-sq6-e-tron-4x4-bev-360kw-aj-na-splatky-protiucet_33_small.webp"},{"id":110430,"max":"https:\/\/cdn.assetlog.ai\/assets\/141356\/audi-sq6-e-tron-4x4-bev-360kw-aj-na-splatky-protiucet_34_max.webp","medium":"https:\/\/cdn.assetlog.ai\/assets\/141356\/audi-sq6-e-tron-4x4-bev-360kw-aj-na-splatky-protiucet_34_medium.webp","small":"https:\/\/cdn.assetlog.ai\/assets\/141356\/audi-sq6-e-tron-4x4-bev-360kw-aj-na-splatky-protiucet_34_small.webp"},{"id":110431,"max":"https:\/\/cdn.assetlog.ai\/assets\/141356\/audi-sq6-e-tron-4x4-bev-360kw-aj-na-splatky-protiucet_35_max.webp","medium":"https:\/\/cdn.assetlog.ai\/assets\/141356\/audi-sq6-e-tron-4x4-bev-360kw-aj-na-splatky-protiucet_35_medium.webp","small":"https:\/\/cdn.assetlog.ai\/assets\/141356\/audi-sq6-e-tron-4x4-bev-360kw-aj-na-splatky-protiucet_35_small.webp"},{"id":110432,"max":"https:\/\/cdn.assetlog.ai\/assets\/141356\/audi-sq6-e-tron-4x4-bev-360kw-aj-na-splatky-protiucet_36_max.webp","medium":"https:\/\/cdn.assetlog.ai\/assets\/141356\/audi-sq6-e-tron-4x4-bev-360kw-aj-na-splatky-protiucet_36_medium.webp","small":"https:\/\/cdn.assetlog.ai\/assets\/141356\/audi-sq6-e-tron-4x4-bev-360kw-aj-na-splatky-protiucet_36_small.webp"},{"id":110433,"max":"https:\/\/cdn.assetlog.ai\/assets\/141356\/audi-sq6-e-tron-4x4-bev-360kw-aj-na-splatky-protiucet_37_max.webp","medium":"https:\/\/cdn.assetlog.ai\/assets\/141356\/audi-sq6-e-tron-4x4-bev-360kw-aj-na-splatky-protiucet_37_medium.webp","small":"https:\/\/cdn.assetlog.ai\/assets\/141356\/audi-sq6-e-tron-4x4-bev-360kw-aj-na-splatky-protiucet_37_small.webp"},{"id":110434,"max":"https:\/\/cdn.assetlog.ai\/assets\/141356\/audi-sq6-e-tron-4x4-bev-360kw-aj-na-splatky-protiucet_38_max.webp","medium":"https:\/\/cdn.assetlog.ai\/assets\/141356\/audi-sq6-e-tron-4x4-bev-360kw-aj-na-splatky-protiucet_38_medium.webp","small":"https:\/\/cdn.assetlog.ai\/assets\/141356\/audi-sq6-e-tron-4x4-bev-360kw-aj-na-splatky-protiucet_38_small.webp"},{"id":110435,"max":"https:\/\/cdn.assetlog.ai\/assets\/141356\/audi-sq6-e-tron-4x4-bev-360kw-aj-na-splatky-protiucet_39_max.webp","medium":"https:\/\/cdn.assetlog.ai\/assets\/141356\/audi-sq6-e-tron-4x4-bev-360kw-aj-na-splatky-protiucet_39_medium.webp","small":"https:\/\/cdn.assetlog.ai\/assets\/141356\/audi-sq6-e-tron-4x4-bev-360kw-aj-na-splatky-protiucet_39_small.webp"},{"id":110436,"max":"https:\/\/cdn.assetlog.ai\/assets\/141356\/audi-sq6-e-tron-4x4-bev-360kw-aj-na-splatky-protiucet_40_max.webp","medium":"https:\/\/cdn.assetlog.ai\/assets\/141356\/audi-sq6-e-tron-4x4-bev-360kw-aj-na-splatky-protiucet_40_medium.webp","small":"https:\/\/cdn.assetlog.ai\/assets\/141356\/audi-sq6-e-tron-4x4-bev-360kw-aj-na-splatky-protiucet_40_small.webp"}],"published_at":null,"expires_at":null,"created_at":"2026-08-05T03:40:06+00:00","updated_at":"2026-09-01T03:40:54+00:00"}}