{"data":{"id":181164,"slug":"bmw-530d-g30","type":"vehicle","title":"BMW 530d G30","description":"Elegant black sedan with chrome accessories, equipped with an economical and dynamic B57D30A engine, which is among the most reliable three-liter engines of our time. The vehicle is in very good condition, clean and properly maintained. Regular servicing, engine oil change at 10\u201315,000 km intervals, gearbox oil change at 160,000 km, swirl flap cleaning and sediment removal at 170,000 km directly at BMW service.\n\nThe vehicle has not been in an accident. It has passed insurance record checks, execution record checks, paint measurement checks and document verification. Physically inspected, also verified through the vehicle operation record registry.\n\nWe offer favorable financing with monthly installments, so you can enjoy your new car right away and without waiting with 0% down payment and installments up to 96 months.\n\nIf you already own a car, you don't have to worry about selling it - in return, we'll take it directly from you. Just come to us with it, we'll evaluate it and deduct the costs from the value of your new car. You'll save time, hassle and money, and the entire process will be quick and easy - you'll drive away in your new car without unnecessary paperwork.\n\nTHE VEHICLE IS LOCATED IN Tren\u010d\u00edn. We are happy to provide more information at the phone number +421 32 222 59 19. MOT valid until: 2027-06-05.\n\nTechnical data\n\nFirst registration: 04\/17, 2993 cm\u00b3, 195 kW (265 HP), Vehicle generation: G30, Drive: Rear-wheel drive, Automatic transmission (8-speed), Diesel, EURO 6, 4-door, (5-seater), 180,300 km, Black metallic, VIN WBAJC91070G941335\n\nVehicle consumption (l\/100 km)\n\nIn city: 5.6, outside city: 4.4, combined: 4.9\n\nGaraged, Never damaged, Leasing possible, VAT deduction possible, Loan possible, Top condition, Authenticity verification","language":"cs","is_translated":true,"title_original":"BMW 530d G30","description_original":"Elegantn\u00ed \u010dern\u00fd sedan s chromov\u00fdmi dopl\u0148ky, vybaven\u00fd \u00fasporn\u00fdm a dynamick\u00fdm motorem B57D30A, kter\u00fd pat\u0159\u00ed k nejspolehliv\u011bj\u0161\u00edm t\u0159\u00edlitrov\u00fdm motor\u016fm sou\u010dasnosti. Vozidlo je ve velmi dobr\u00e9m stavu, \u010dist\u00e9 a \u0159\u00e1dn\u011b udr\u017eovan\u00e9. Pravideln\u00fd servis, v\u00fdm\u011bna motorov\u00e9ho oleje v intervalech 10\u201315 000 km, v\u00fdm\u011bna oleje v p\u0159evodovce p\u0159i 160 000 km, \u010di\u0161t\u011bn\u00ed v\u00ed\u0159iv\u00fdch klapek a odstran\u011bn\u00ed usazenin p\u0159i 170 000 km p\u0159\u00edmo v servisu BMW.\n\nVozidlo nebylo havarovan\u00e9. Pro\u0161lo kontrolou z\u00e1znam\u016f o poji\u0161t\u011bn\u00ed, kontrolou z\u00e1znam\u016f o exekuci, kontrolou m\u011b\u0159en\u00ed laku a kontrolou doklad\u016f. Zkontrolov\u00e1no fyzicky, tak\u00e9 prost\u0159ednictv\u00edm registru provozn\u00edch z\u00e1znam\u016f vozidla.\n\nNab\u00edz\u00edme v\u00fdhodn\u00e9 financov\u00e1n\u00ed na m\u011bs\u00ed\u010dn\u00ed spl\u00e1tky, tak\u017ee si sv\u016fj nov\u00fd v\u016fz m\u016f\u017eete u\u017e\u00edvat hned a bez \u010dek\u00e1n\u00ed s akontac\u00ed 0 % a spl\u00e1tkami a\u017e na 96 m\u011bs\u00edc\u016f.\n\nPokud ji\u017e v\u016fz vlastn\u00edte, nemus\u00edte se zab\u00fdvat jeho prodejem - na opl\u00e1tku si ho od v\u00e1s p\u0159\u00edmo vezmeme. Sta\u010d\u00ed, kdy\u017e k n\u00e1m s n\u00edm p\u0159ijdete, my ho ocen\u00edme a n\u00e1klady ode\u010dteme od hodnoty va\u0161eho nov\u00e9ho vozu. U\u0161et\u0159\u00edte tak \u010das, starosti i pen\u00edze a cel\u00fd proces bude rychl\u00fd a snadn\u00fd - odjedete rovnou ve sv\u00e9m nov\u00e9m voze bez zbyte\u010dn\u00e9ho pap\u00edrov\u00e1n\u00ed.\n\nVOZIDLO SE NACH\u00c1Z\u00cd V Tren\u010d\u00edne. V\u00edce informac\u00ed v\u00e1m r\u00e1di poskytneme na telefonn\u00edm \u010d\u00edsle +421 32 222 59 19. STK platn\u00e1 do: 2027-06-05.\n\nTechnick\u00e9 \u00fadaje\n\nv.v.: 04\/17, 2993cm\u00b3, 195kW (265PS), Generace vozidla: G30, Pohon: Pohon zadn\u00edch kol, Automatick\u00e1 p\u0159evodovka (8 st.), Diesel, EURO 6, 4 dv., (5-m\u00edstn\u00fd), 180 300km, \u010cern\u00e1 metal\u00edza, VIN WBAJC91070G941335\n\nSpot\u0159eba vozidla (l\/100km)\n\nVe m\u011bst\u011b: 5.6, mimo m\u011bsto: 4.4, kombinovan\u00e1: 4.9\n\nGar\u00e1\u017eovan\u00e9, Nikdy neb\u00faran\u00e9, Mo\u017en\u00fd leasing, Mo\u017en\u00fd odpo\u010det DPH, Mo\u017en\u00fd \u00fav\u011br, TOP stav, Kontrola originality","price":"482259.00","currency":"CZK","status":"active","noindex":true,"location":{"address":null,"full_address":null,"city":"Tren\u010d\u00edn","country":"SK","latitude":48.8922719,"longitude":18.0387465},"metadata":{"vin":"WBAJC91070G941335","fuel":"diesel","year":2017,"brand":"BMW","color":"Black","doors":4,"drive":"Rear-wheel drive","model":"rad 5","seats":5,"region":"Tren\u010diansky kraj","mileage":180300,"emisions":"Euro 6","features":["Alarm","EBD\/EBV","ABS","ESP","Protiprokluzov\u00fd syst\u00e9m kol (TC, ASR)","DSC\/DTC","Brzdov\u00fd asistent (EBA, BAS)","ISOFIX na zadn\u00edch sedadlech","Deaktivace airbagu spolujezdce","Nat\u00e1\u010dec\u00ed sv\u011btlomety","Senzor tlaku","Syst\u00e9m rozpozn\u00e1v\u00e1n\u00ed dopravn\u00edch zna\u010dek","Varov\u00e1n\u00ed o vzd\u00e1lenosti (BAS Plus)","Sledov\u00e1n\u00ed \u00fanavy \u0159idi\u010de","T\u00eds\u0148ov\u00e9 vol\u00e1n\u00ed","Upozorn\u011bn\u00ed na p\u0159ij\u00ed\u017ed\u011bj\u00edc\u00ed vozidla p\u0159i couv\u00e1n\u00ed (RCTA)","Asistent d\u00e1lkov\u00fdch sv\u011btel (HBA)","Centr\u00e1ln\u00ed zamyk\u00e1n\u00ed","P\u0159edn\u00ed el. stahovateln\u00e1 okna","El. nastaviteln\u00e1 p\u0159edn\u00ed sedadla","Elektricky nastaviteln\u00e1 zp\u011btn\u00e1 zrc\u00e1tka","Automatick\u00e1 2-z\u00f3nov\u00e1 klimatizace","Centr\u00e1ln\u00ed zamyk\u00e1n\u00ed na d\u00e1lkov\u00e9 ovl\u00e1d\u00e1n\u00ed","Autor\u00e1dio","Multifunk\u010dn\u00ed volant","Loketn\u00ed op\u011brka vp\u0159edu","Head-up display","Start\/Stop syst\u00e9m","Klimatizovan\u00e1 p\u0159ihr\u00e1dka","Ost\u0159ikova\u010de sv\u011btlomet\u016f","Welcome light","Digit\u00e1ln\u00ed p\u0159\u00edstrojov\u00e1 deska","P\u00e1dla pod volantem","Bezdr\u00e1tov\u00e1 nab\u00edje\u010dka mobiln\u00edch telefon\u016f","Lit\u00e1 kola","Mlhovky","Imobiliz\u00e9r","Palubn\u00ed po\u010d\u00edta\u010d","Navigace","Automatick\u00e9 parkov\u00e1n\u00ed","St\u0159e\u0161n\u00ed okno","Tempomat","Ko\u017een\u00fd interi\u00e9r","Vyh\u0159\u00edvan\u00e1 sedadla","Elektricky vyh\u0159\u00edvan\u00e1 zp\u011btn\u00e1 zrc\u00e1tka","F\u00f3lie","Senzor st\u011bra\u010d\u016f","Sv\u011bteln\u00fd senzor","Elektrick\u00e9 st\u0159e\u0161n\u00ed okno","Parkovac\u00ed kamera","P\u0159edn\u00ed a zadn\u00ed parkovac\u00ed senzory","Adaptivn\u00ed tempomat","El. ovl\u00e1dan\u00fd kufr","Bluetooth","Denn\u00ed sv\u00edcen\u00ed","LED sv\u011btlomety","Pam\u011b\u0165 nastaven\u00ed sedadla \u0159idi\u010de","LED matrixov\u00e9 sv\u011btlomety","Ambientn\u00ed LED osv\u011btlen\u00ed interi\u00e9ru","Gar\u00e1\u017eovan\u00e9","Nikdy neb\u00faran\u00e9","Mo\u017en\u00fd leasing","Mo\u017en\u00fd odpo\u010det DPH","Mo\u017en\u00fd \u00faver","TOP stav!","Kontrola originality","Ko\u017een\u00fd bal\u00ed\u010dek","Odo-pass","Asistent udr\u017eov\u00e1n\u00ed j\u00edzdn\u00edho pruhu","Asistent rozjezdu do kopce","Kontrola mrtv\u00e9ho \u00fahlu","Autonomn\u00ed \u0159\u00edzen\u00ed","Profesion\u00e1ln\u00ed audio syst\u00e9m Hi-Fi","Volba j\u00edzdn\u00edch re\u017eim\u016f"],"power_kw":195,"body_type":"Sedan","condition":"Used","transmission":"automatic","vat_deductible":true,"consumption_city":5.6,"translation_hash":"5cb9dc9e11c6cf95c45b35fd4a6264f9ba432175","vehicle_category":"car","engine_volume_cm3":2993,"first_registration":"2017-04-01","translation_status":"done","consumption_highway":4.4,"consumption_combined":4.9},"user_id":49,"is_sponsored":false,"views_count":0,"ai_views_count":1,"ai_vendor_counts":{"anthropic":1},"visibility":"public","submission_source":null,"submission_ai_name":null,"has_owner_email":true,"can_contact_owner":true,"phone":"+421 32 222 59 19","owner_email":"mikuska@autorro.sk","user":{"id":49,"slug":"rudolf-mikuska-49","name":"Rudolf Miku\u0161ka","bio":"Prodejce. P\u016fsob\u00edm v showroome v Tren\u010d\u00edne.\n\nP\u016fsobnost: Tren\u010d\u00edn","nationality":"SK","languages":["cs","sk"],"service_areas":[],"card_style":null,"card_palette":null,"avatar_url":"https:\/\/cdn.assetlog.ai\/avatars\/49\/avatar_max.webp?v=1786535213","avatar_thumb_url":"https:\/\/cdn.assetlog.ai\/avatars\/49\/avatar_small.webp?v=1786535213","reviews_count":0,"avg_rating":null,"seller_badge":"silver","can_calendar":true,"joined_at":"2026-06-07T14:20:24+00:00","primary_intent":null,"seeking":[],"public_assets_count":46,"public_prompts_count":0,"followers_count":0},"images":[{"id":141264,"max":"https:\/\/cdn.assetlog.ai\/assets\/181164\/bmw-530d-g30_1_max.webp","medium":"https:\/\/cdn.assetlog.ai\/assets\/181164\/bmw-530d-g30_1_medium.webp","small":"https:\/\/cdn.assetlog.ai\/assets\/181164\/bmw-530d-g30_1_small.webp"},{"id":141265,"max":"https:\/\/cdn.assetlog.ai\/assets\/181164\/bmw-530d-g30_2_max.webp","medium":"https:\/\/cdn.assetlog.ai\/assets\/181164\/bmw-530d-g30_2_medium.webp","small":"https:\/\/cdn.assetlog.ai\/assets\/181164\/bmw-530d-g30_2_small.webp"},{"id":141266,"max":"https:\/\/cdn.assetlog.ai\/assets\/181164\/bmw-530d-g30_3_max.webp","medium":"https:\/\/cdn.assetlog.ai\/assets\/181164\/bmw-530d-g30_3_medium.webp","small":"https:\/\/cdn.assetlog.ai\/assets\/181164\/bmw-530d-g30_3_small.webp"},{"id":141267,"max":"https:\/\/cdn.assetlog.ai\/assets\/181164\/bmw-530d-g30_4_max.webp","medium":"https:\/\/cdn.assetlog.ai\/assets\/181164\/bmw-530d-g30_4_medium.webp","small":"https:\/\/cdn.assetlog.ai\/assets\/181164\/bmw-530d-g30_4_small.webp"},{"id":141268,"max":"https:\/\/cdn.assetlog.ai\/assets\/181164\/bmw-530d-g30_5_max.webp","medium":"https:\/\/cdn.assetlog.ai\/assets\/181164\/bmw-530d-g30_5_medium.webp","small":"https:\/\/cdn.assetlog.ai\/assets\/181164\/bmw-530d-g30_5_small.webp"},{"id":141269,"max":"https:\/\/cdn.assetlog.ai\/assets\/181164\/bmw-530d-g30_6_max.webp","medium":"https:\/\/cdn.assetlog.ai\/assets\/181164\/bmw-530d-g30_6_medium.webp","small":"https:\/\/cdn.assetlog.ai\/assets\/181164\/bmw-530d-g30_6_small.webp"},{"id":141270,"max":"https:\/\/cdn.assetlog.ai\/assets\/181164\/bmw-530d-g30_7_max.webp","medium":"https:\/\/cdn.assetlog.ai\/assets\/181164\/bmw-530d-g30_7_medium.webp","small":"https:\/\/cdn.assetlog.ai\/assets\/181164\/bmw-530d-g30_7_small.webp"},{"id":141271,"max":"https:\/\/cdn.assetlog.ai\/assets\/181164\/bmw-530d-g30_8_max.webp","medium":"https:\/\/cdn.assetlog.ai\/assets\/181164\/bmw-530d-g30_8_medium.webp","small":"https:\/\/cdn.assetlog.ai\/assets\/181164\/bmw-530d-g30_8_small.webp"},{"id":141272,"max":"https:\/\/cdn.assetlog.ai\/assets\/181164\/bmw-530d-g30_9_max.webp","medium":"https:\/\/cdn.assetlog.ai\/assets\/181164\/bmw-530d-g30_9_medium.webp","small":"https:\/\/cdn.assetlog.ai\/assets\/181164\/bmw-530d-g30_9_small.webp"},{"id":141273,"max":"https:\/\/cdn.assetlog.ai\/assets\/181164\/bmw-530d-g30_10_max.webp","medium":"https:\/\/cdn.assetlog.ai\/assets\/181164\/bmw-530d-g30_10_medium.webp","small":"https:\/\/cdn.assetlog.ai\/assets\/181164\/bmw-530d-g30_10_small.webp"},{"id":141274,"max":"https:\/\/cdn.assetlog.ai\/assets\/181164\/bmw-530d-g30_11_max.webp","medium":"https:\/\/cdn.assetlog.ai\/assets\/181164\/bmw-530d-g30_11_medium.webp","small":"https:\/\/cdn.assetlog.ai\/assets\/181164\/bmw-530d-g30_11_small.webp"},{"id":141275,"max":"https:\/\/cdn.assetlog.ai\/assets\/181164\/bmw-530d-g30_12_max.webp","medium":"https:\/\/cdn.assetlog.ai\/assets\/181164\/bmw-530d-g30_12_medium.webp","small":"https:\/\/cdn.assetlog.ai\/assets\/181164\/bmw-530d-g30_12_small.webp"},{"id":141276,"max":"https:\/\/cdn.assetlog.ai\/assets\/181164\/bmw-530d-g30_13_max.webp","medium":"https:\/\/cdn.assetlog.ai\/assets\/181164\/bmw-530d-g30_13_medium.webp","small":"https:\/\/cdn.assetlog.ai\/assets\/181164\/bmw-530d-g30_13_small.webp"},{"id":141277,"max":"https:\/\/cdn.assetlog.ai\/assets\/181164\/bmw-530d-g30_14_max.webp","medium":"https:\/\/cdn.assetlog.ai\/assets\/181164\/bmw-530d-g30_14_medium.webp","small":"https:\/\/cdn.assetlog.ai\/assets\/181164\/bmw-530d-g30_14_small.webp"},{"id":141278,"max":"https:\/\/cdn.assetlog.ai\/assets\/181164\/bmw-530d-g30_15_max.webp","medium":"https:\/\/cdn.assetlog.ai\/assets\/181164\/bmw-530d-g30_15_medium.webp","small":"https:\/\/cdn.assetlog.ai\/assets\/181164\/bmw-530d-g30_15_small.webp"},{"id":141279,"max":"https:\/\/cdn.assetlog.ai\/assets\/181164\/bmw-530d-g30_16_max.webp","medium":"https:\/\/cdn.assetlog.ai\/assets\/181164\/bmw-530d-g30_16_medium.webp","small":"https:\/\/cdn.assetlog.ai\/assets\/181164\/bmw-530d-g30_16_small.webp"},{"id":141280,"max":"https:\/\/cdn.assetlog.ai\/assets\/181164\/bmw-530d-g30_17_max.webp","medium":"https:\/\/cdn.assetlog.ai\/assets\/181164\/bmw-530d-g30_17_medium.webp","small":"https:\/\/cdn.assetlog.ai\/assets\/181164\/bmw-530d-g30_17_small.webp"},{"id":141281,"max":"https:\/\/cdn.assetlog.ai\/assets\/181164\/bmw-530d-g30_18_max.webp","medium":"https:\/\/cdn.assetlog.ai\/assets\/181164\/bmw-530d-g30_18_medium.webp","small":"https:\/\/cdn.assetlog.ai\/assets\/181164\/bmw-530d-g30_18_small.webp"},{"id":141282,"max":"https:\/\/cdn.assetlog.ai\/assets\/181164\/bmw-530d-g30_19_max.webp","medium":"https:\/\/cdn.assetlog.ai\/assets\/181164\/bmw-530d-g30_19_medium.webp","small":"https:\/\/cdn.assetlog.ai\/assets\/181164\/bmw-530d-g30_19_small.webp"},{"id":141283,"max":"https:\/\/cdn.assetlog.ai\/assets\/181164\/bmw-530d-g30_20_max.webp","medium":"https:\/\/cdn.assetlog.ai\/assets\/181164\/bmw-530d-g30_20_medium.webp","small":"https:\/\/cdn.assetlog.ai\/assets\/181164\/bmw-530d-g30_20_small.webp"},{"id":141284,"max":"https:\/\/cdn.assetlog.ai\/assets\/181164\/bmw-530d-g30_21_max.webp","medium":"https:\/\/cdn.assetlog.ai\/assets\/181164\/bmw-530d-g30_21_medium.webp","small":"https:\/\/cdn.assetlog.ai\/assets\/181164\/bmw-530d-g30_21_small.webp"},{"id":141285,"max":"https:\/\/cdn.assetlog.ai\/assets\/181164\/bmw-530d-g30_22_max.webp","medium":"https:\/\/cdn.assetlog.ai\/assets\/181164\/bmw-530d-g30_22_medium.webp","small":"https:\/\/cdn.assetlog.ai\/assets\/181164\/bmw-530d-g30_22_small.webp"},{"id":141286,"max":"https:\/\/cdn.assetlog.ai\/assets\/181164\/bmw-530d-g30_23_max.webp","medium":"https:\/\/cdn.assetlog.ai\/assets\/181164\/bmw-530d-g30_23_medium.webp","small":"https:\/\/cdn.assetlog.ai\/assets\/181164\/bmw-530d-g30_23_small.webp"},{"id":141287,"max":"https:\/\/cdn.assetlog.ai\/assets\/181164\/bmw-530d-g30_24_max.webp","medium":"https:\/\/cdn.assetlog.ai\/assets\/181164\/bmw-530d-g30_24_medium.webp","small":"https:\/\/cdn.assetlog.ai\/assets\/181164\/bmw-530d-g30_24_small.webp"},{"id":141288,"max":"https:\/\/cdn.assetlog.ai\/assets\/181164\/bmw-530d-g30_25_max.webp","medium":"https:\/\/cdn.assetlog.ai\/assets\/181164\/bmw-530d-g30_25_medium.webp","small":"https:\/\/cdn.assetlog.ai\/assets\/181164\/bmw-530d-g30_25_small.webp"},{"id":141289,"max":"https:\/\/cdn.assetlog.ai\/assets\/181164\/bmw-530d-g30_26_max.webp","medium":"https:\/\/cdn.assetlog.ai\/assets\/181164\/bmw-530d-g30_26_medium.webp","small":"https:\/\/cdn.assetlog.ai\/assets\/181164\/bmw-530d-g30_26_small.webp"},{"id":141290,"max":"https:\/\/cdn.assetlog.ai\/assets\/181164\/bmw-530d-g30_27_max.webp","medium":"https:\/\/cdn.assetlog.ai\/assets\/181164\/bmw-530d-g30_27_medium.webp","small":"https:\/\/cdn.assetlog.ai\/assets\/181164\/bmw-530d-g30_27_small.webp"},{"id":141291,"max":"https:\/\/cdn.assetlog.ai\/assets\/181164\/bmw-530d-g30_28_max.webp","medium":"https:\/\/cdn.assetlog.ai\/assets\/181164\/bmw-530d-g30_28_medium.webp","small":"https:\/\/cdn.assetlog.ai\/assets\/181164\/bmw-530d-g30_28_small.webp"},{"id":141292,"max":"https:\/\/cdn.assetlog.ai\/assets\/181164\/bmw-530d-g30_29_max.webp","medium":"https:\/\/cdn.assetlog.ai\/assets\/181164\/bmw-530d-g30_29_medium.webp","small":"https:\/\/cdn.assetlog.ai\/assets\/181164\/bmw-530d-g30_29_small.webp"},{"id":141293,"max":"https:\/\/cdn.assetlog.ai\/assets\/181164\/bmw-530d-g30_30_max.webp","medium":"https:\/\/cdn.assetlog.ai\/assets\/181164\/bmw-530d-g30_30_medium.webp","small":"https:\/\/cdn.assetlog.ai\/assets\/181164\/bmw-530d-g30_30_small.webp"},{"id":141294,"max":"https:\/\/cdn.assetlog.ai\/assets\/181164\/bmw-530d-g30_31_max.webp","medium":"https:\/\/cdn.assetlog.ai\/assets\/181164\/bmw-530d-g30_31_medium.webp","small":"https:\/\/cdn.assetlog.ai\/assets\/181164\/bmw-530d-g30_31_small.webp"},{"id":141295,"max":"https:\/\/cdn.assetlog.ai\/assets\/181164\/bmw-530d-g30_32_max.webp","medium":"https:\/\/cdn.assetlog.ai\/assets\/181164\/bmw-530d-g30_32_medium.webp","small":"https:\/\/cdn.assetlog.ai\/assets\/181164\/bmw-530d-g30_32_small.webp"},{"id":141296,"max":"https:\/\/cdn.assetlog.ai\/assets\/181164\/bmw-530d-g30_33_max.webp","medium":"https:\/\/cdn.assetlog.ai\/assets\/181164\/bmw-530d-g30_33_medium.webp","small":"https:\/\/cdn.assetlog.ai\/assets\/181164\/bmw-530d-g30_33_small.webp"}],"published_at":null,"expires_at":null,"created_at":"2026-09-01T03:40:10+00:00","updated_at":"2026-09-01T04:00:11+00:00"}}