{"data":{"id":143912,"slug":"bmw-530i-v8-160kw-touring-e34","type":"vehicle","title":"BMW 530i V8 160kw Touring E34","description":"An eight-cylinder classic from the 1990s in very nice condition, above standard for today's market, which has undergone partial renovation and thorough servicing. Thanks to its preserved condition, it represents a fairly rare piece of history today. While there are minor imperfections, overall it looks beautiful, drives excellently, firmly and precisely, and the engine runs smoothly.\n\nThe vehicle is registered as a classic car, which means a technical inspection once every 5 years with no emissions test required, low insurance rates and low vehicle transfer fees! It comes with a certificate.\n\nService work performed:\n\nGearbox and differential oil change (12\/25)\nComplete clutch + Hardy coupling replacement (12\/25)\nComplete front\/rear brakes Bosch (5\/26)\nComplete front\/rear dampers Sachs (5\/26)\nSealed valve cover, rear axle bushings, differential seal, stabilizer bars front and rear (5\/26)\nNew CCM and LCM module (6\/26)\nAlternator revision (6\/26)\n\nWe offer favorable financing with monthly installments, so you can enjoy your new vehicle right away without waiting, with 0% down payment and payments up to 96 months.\n\nIf you already own a vehicle, you don't need to worry about selling it - in return, we'll take it directly from you. Just come see us with it, we'll assess it and deduct the value from your new vehicle's price. You'll save time, hassle and money, and the entire process will be quick and easy - you'll drive away in your new vehicle without unnecessary paperwork.\n\nTHE VEHICLE IS LOCATED IN Tren\u010d\u00edn. For more information, please call us at +421 32 222 59 19\n\nTechnical specifications\n\nYear: 01\/93, 2997cc, 160kW (218PS), Vehicle generation: E34, Drivetrain: Rear-wheel drive, Manual (5-speed), Petrol, EURO, 5-door, (5-seater), 225,000km, Silver metallic, VIN WBAHK11000GF45818\n\nVehicle consumption (l\/100km)\n\nCity: 11, Highway: 9, Combined: 10\n\nGaraged, Never wrecked, Leasing possible, Credit possible, Originality inspection","language":"cs","is_translated":true,"title_original":"BMW 530i V8 160kw Touring E34","description_original":"Osmiv\u00e1lcov\u00e1 klasika z 90. let ve velmi p\u011bkn\u00e9m, na dne\u0161n\u00ed pom\u011bry nadstandardn\u00edm stavu, kter\u00e1 pro\u0161la \u010d\u00e1ste\u010dnou renovac\u00ed a d\u016fkladn\u00fdm servisem, d\u00edky \u010demu\u017e dnes d\u00edky sv\u00e9mu zachoval\u00e9mu stavu p\u0159edstavuje pom\u011brn\u011b vz\u00e1cn\u00fd kousek historie. Najdou se sice drobn\u00e9 nedostatky, ale celkov\u011b p\u016fsob\u00ed kr\u00e1sn\u011b, jezd\u00ed skv\u011ble, pevn\u011b a p\u0159esn\u011b, motor m\u00e1 kr\u00e1sn\u00fd chod.\n\nVozidlo je evidov\u00e1no jako mlad\u0161\u00ed historick\u00e9 vozidlo, co\u017e znamen\u00e1 technickou kontrolu jednou za 5 let a bez nutnosti emisn\u00ed kontroly, n\u00edzk\u00e9 pojistn\u00e9 a n\u00edzk\u00fd poplatek za p\u0159evod vozidla! Je vybaveno certifik\u00e1tem.\n\nProveden\u00e9 servisn\u00ed \u00fakony:\n\nV\u00fdm\u011bna oleje v p\u0159evodovce, diferenci\u00e1lu (12\/25)\nV\u00fdm\u011bna kompletn\u00ed spojky + Hardyho spojky (12\/25)\nKompletn\u00ed brzdy vp\u0159edu\/vzadu Bosch (5\/26)\nKompletn\u00ed tlumi\u010de p\u0159edn\u00ed\/zadn\u00ed Sachs (5\/26)\nOt\u011bsn\u011bn\u00e9 v\u00edko ventil\u016f, silentbloky zadn\u00ed n\u00e1pravy, t\u011bsn\u011bn\u00ed diferenci\u00e1lu, ty\u010de stabiliz\u00e1toru vp\u0159edu i vzadu (5\/26)\nNov\u00fd modul CCM a LCM (6\/26)\nRevize altern\u00e1toru (6\/26)\n\nNab\u00edz\u00edme v\u00fdhodn\u00e9 financov\u00e1n\u00ed na m\u011bs\u00ed\u010dn\u00ed spl\u00e1tky, tak\u017ee si sv\u016fj nov\u00fd v\u016fz m\u016f\u017eete u\u017e\u00edvat hned a bez \u010dek\u00e1n\u00ed s akontac\u00ed 0 % a spl\u00e1tkami a\u017e na 96 m\u011bs\u00edc\u016f.\n\nPokud ji\u017e v\u016fz vlastn\u00edte, nemus\u00edte se zab\u00fdvat jeho prodejem - na opl\u00e1tku si ho od v\u00e1s p\u0159\u00edmo vezmeme. Sta\u010d\u00ed, kdy\u017e k n\u00e1m s n\u00edm p\u0159ijdete, my ho ocen\u00edme a n\u00e1klady ode\u010dteme od hodnoty va\u0161eho nov\u00e9ho vozu. U\u0161et\u0159\u00edte tak \u010das, starosti i pen\u00edze a cel\u00fd proces bude rychl\u00fd a snadn\u00fd - odjedete rovnou ve sv\u00e9m nov\u00e9m voze bez zbyte\u010dn\u00e9ho pap\u00edrov\u00e1n\u00ed.\n\nVOZIDLO SE NACH\u00c1Z\u00cd V Tren\u010d\u00edne. V\u00edce informac\u00ed v\u00e1m r\u00e1di poskytneme na telefonn\u00edm \u010d\u00edsle +421 32 222 59 19\n\nTechnick\u00e9 \u00fadaje\n\nv.v.: 01\/93, 2997cm\u00b3, 160kW (218PS), Generace vozidla: E34, Pohon: Pohon zadn\u00edch kol, Manu\u00e1ln\u00ed (5 st.), Benz\u00edn, EURO , 5 dv., (5-m\u00edstn\u00fd), 225 000km, St\u0159\u00edbrn\u00e1 metal\u00edza, VIN WBAHK11000GF45818\n\nSpot\u0159eba vozidla (l\/100km)\n\nVe m\u011bst\u011b: 11, mimo m\u011bsto: 9, kombinovan\u00e1: 10\n\nGar\u00e1\u017eovan\u00e9, Nikdy neb\u00faran\u00e9, Mo\u017en\u00fd leasing, Mo\u017en\u00fd \u00fav\u011br, Kontrola originality","price":"240709.00","currency":"CZK","status":"active","noindex":true,"location":{"address":null,"full_address":null,"city":"Tren\u010d\u00edn","country":"SK","latitude":48.8922719,"longitude":18.0387465},"metadata":{"vin":"WBAHK11000GF45818","fuel":"petrol","year":1993,"brand":"BMW","color":"Silver","doors":5,"drive":"Rear-wheel drive","model":"rad 5 Touring","seats":5,"region":"Tren\u010diansky kraj","mileage":225000,"emisions":"Euro 1","features":["Posilova\u010d \u0159\u00edzen\u00ed","ABS","Centr\u00e1ln\u00ed zamyk\u00e1n\u00ed","Zadn\u00ed el. stahovateln\u00e1 okna","Elektricky nastaviteln\u00e1 zp\u011btn\u00e1 zrc\u00e1tka","Autor\u00e1dio","Loketn\u00ed op\u011brka vp\u0159edu","Lit\u00e1 kola","Mlhovky","Imobiliz\u00e9r","Ko\u017een\u00fd interi\u00e9r","Vyh\u0159\u00edvan\u00e1 sedadla","Elektricky vyh\u0159\u00edvan\u00e1 zp\u011btn\u00e1 zrc\u00e1tka","F\u00f3lie","Elektrick\u00e9 st\u0159e\u0161n\u00ed okno","Gar\u00e1\u017eovan\u00e9","Nikdy neb\u00faran\u00e9","Mo\u017en\u00fd leasing","Mo\u017en\u00fd \u00faver","Kontrola originality","Dvouz\u00f3nov\u00e9 topen\u00ed","dvojit\u00e9 st\u0159e\u0161n\u00ed elektricky ovl\u00e1dan\u00e9 okno \u2013 dobov\u00e9 panorama \u2013 u t\u011bchto vozidel jedine\u010dn\u00fd prvek","d\u011blen\u00e9 zadn\u00ed okno"],"power_kw":160,"body_type":"Estate","condition":"Used","transmission":"manual","vat_deductible":false,"consumption_city":11,"translation_hash":"3aa031960f88cedc50511ef0056ad133ca27367f","vehicle_category":"car","engine_volume_cm3":2997,"first_registration":"1993-01-01","translation_status":"done","consumption_highway":9,"consumption_combined":10},"user_id":49,"is_sponsored":false,"views_count":24,"ai_views_count":7,"ai_vendor_counts":{"meta":4,"openai":2,"anthropic":1},"visibility":"public","submission_source":null,"submission_ai_name":null,"has_owner_email":true,"can_contact_owner":true,"phone":"+421 32 222 59 19","owner_email":"mikuska@autorro.sk","user":{"id":49,"slug":"rudolf-mikuska-49","name":"Rudolf Miku\u0161ka","bio":"Prodejce. P\u016fsob\u00edm v showroome v Tren\u010d\u00edne.\n\nP\u016fsobnost: Tren\u010d\u00edn","nationality":"SK","languages":["cs","sk"],"service_areas":[],"card_style":null,"card_palette":null,"avatar_url":"https:\/\/cdn.assetlog.ai\/avatars\/49\/avatar_max.webp?v=1786535213","avatar_thumb_url":"https:\/\/cdn.assetlog.ai\/avatars\/49\/avatar_small.webp?v=1786535213","reviews_count":0,"avg_rating":null,"seller_badge":"silver","can_calendar":true,"joined_at":"2026-06-07T14:20:24+00:00","primary_intent":null,"seeking":[],"asset_types":["vehicle"],"public_assets_count":47,"public_prompts_count":0,"followers_count":0},"images":[{"id":114637,"max":"https:\/\/cdn.assetlog.ai\/assets\/143912\/bmw-530i-v8-160kw-touring-e34_1_max.webp","medium":"https:\/\/cdn.assetlog.ai\/assets\/143912\/bmw-530i-v8-160kw-touring-e34_1_medium.webp","small":"https:\/\/cdn.assetlog.ai\/assets\/143912\/bmw-530i-v8-160kw-touring-e34_1_small.webp"},{"id":114638,"max":"https:\/\/cdn.assetlog.ai\/assets\/143912\/bmw-530i-v8-160kw-touring-e34_2_max.webp","medium":"https:\/\/cdn.assetlog.ai\/assets\/143912\/bmw-530i-v8-160kw-touring-e34_2_medium.webp","small":"https:\/\/cdn.assetlog.ai\/assets\/143912\/bmw-530i-v8-160kw-touring-e34_2_small.webp"},{"id":114639,"max":"https:\/\/cdn.assetlog.ai\/assets\/143912\/bmw-530i-v8-160kw-touring-e34_3_max.webp","medium":"https:\/\/cdn.assetlog.ai\/assets\/143912\/bmw-530i-v8-160kw-touring-e34_3_medium.webp","small":"https:\/\/cdn.assetlog.ai\/assets\/143912\/bmw-530i-v8-160kw-touring-e34_3_small.webp"},{"id":114640,"max":"https:\/\/cdn.assetlog.ai\/assets\/143912\/bmw-530i-v8-160kw-touring-e34_4_max.webp","medium":"https:\/\/cdn.assetlog.ai\/assets\/143912\/bmw-530i-v8-160kw-touring-e34_4_medium.webp","small":"https:\/\/cdn.assetlog.ai\/assets\/143912\/bmw-530i-v8-160kw-touring-e34_4_small.webp"},{"id":114641,"max":"https:\/\/cdn.assetlog.ai\/assets\/143912\/bmw-530i-v8-160kw-touring-e34_5_max.webp","medium":"https:\/\/cdn.assetlog.ai\/assets\/143912\/bmw-530i-v8-160kw-touring-e34_5_medium.webp","small":"https:\/\/cdn.assetlog.ai\/assets\/143912\/bmw-530i-v8-160kw-touring-e34_5_small.webp"},{"id":114642,"max":"https:\/\/cdn.assetlog.ai\/assets\/143912\/bmw-530i-v8-160kw-touring-e34_6_max.webp","medium":"https:\/\/cdn.assetlog.ai\/assets\/143912\/bmw-530i-v8-160kw-touring-e34_6_medium.webp","small":"https:\/\/cdn.assetlog.ai\/assets\/143912\/bmw-530i-v8-160kw-touring-e34_6_small.webp"},{"id":114643,"max":"https:\/\/cdn.assetlog.ai\/assets\/143912\/bmw-530i-v8-160kw-touring-e34_7_max.webp","medium":"https:\/\/cdn.assetlog.ai\/assets\/143912\/bmw-530i-v8-160kw-touring-e34_7_medium.webp","small":"https:\/\/cdn.assetlog.ai\/assets\/143912\/bmw-530i-v8-160kw-touring-e34_7_small.webp"},{"id":114644,"max":"https:\/\/cdn.assetlog.ai\/assets\/143912\/bmw-530i-v8-160kw-touring-e34_8_max.webp","medium":"https:\/\/cdn.assetlog.ai\/assets\/143912\/bmw-530i-v8-160kw-touring-e34_8_medium.webp","small":"https:\/\/cdn.assetlog.ai\/assets\/143912\/bmw-530i-v8-160kw-touring-e34_8_small.webp"},{"id":114645,"max":"https:\/\/cdn.assetlog.ai\/assets\/143912\/bmw-530i-v8-160kw-touring-e34_9_max.webp","medium":"https:\/\/cdn.assetlog.ai\/assets\/143912\/bmw-530i-v8-160kw-touring-e34_9_medium.webp","small":"https:\/\/cdn.assetlog.ai\/assets\/143912\/bmw-530i-v8-160kw-touring-e34_9_small.webp"},{"id":114646,"max":"https:\/\/cdn.assetlog.ai\/assets\/143912\/bmw-530i-v8-160kw-touring-e34_10_max.webp","medium":"https:\/\/cdn.assetlog.ai\/assets\/143912\/bmw-530i-v8-160kw-touring-e34_10_medium.webp","small":"https:\/\/cdn.assetlog.ai\/assets\/143912\/bmw-530i-v8-160kw-touring-e34_10_small.webp"},{"id":114647,"max":"https:\/\/cdn.assetlog.ai\/assets\/143912\/bmw-530i-v8-160kw-touring-e34_11_max.webp","medium":"https:\/\/cdn.assetlog.ai\/assets\/143912\/bmw-530i-v8-160kw-touring-e34_11_medium.webp","small":"https:\/\/cdn.assetlog.ai\/assets\/143912\/bmw-530i-v8-160kw-touring-e34_11_small.webp"},{"id":114648,"max":"https:\/\/cdn.assetlog.ai\/assets\/143912\/bmw-530i-v8-160kw-touring-e34_12_max.webp","medium":"https:\/\/cdn.assetlog.ai\/assets\/143912\/bmw-530i-v8-160kw-touring-e34_12_medium.webp","small":"https:\/\/cdn.assetlog.ai\/assets\/143912\/bmw-530i-v8-160kw-touring-e34_12_small.webp"},{"id":114649,"max":"https:\/\/cdn.assetlog.ai\/assets\/143912\/bmw-530i-v8-160kw-touring-e34_13_max.webp","medium":"https:\/\/cdn.assetlog.ai\/assets\/143912\/bmw-530i-v8-160kw-touring-e34_13_medium.webp","small":"https:\/\/cdn.assetlog.ai\/assets\/143912\/bmw-530i-v8-160kw-touring-e34_13_small.webp"},{"id":114650,"max":"https:\/\/cdn.assetlog.ai\/assets\/143912\/bmw-530i-v8-160kw-touring-e34_14_max.webp","medium":"https:\/\/cdn.assetlog.ai\/assets\/143912\/bmw-530i-v8-160kw-touring-e34_14_medium.webp","small":"https:\/\/cdn.assetlog.ai\/assets\/143912\/bmw-530i-v8-160kw-touring-e34_14_small.webp"},{"id":114651,"max":"https:\/\/cdn.assetlog.ai\/assets\/143912\/bmw-530i-v8-160kw-touring-e34_15_max.webp","medium":"https:\/\/cdn.assetlog.ai\/assets\/143912\/bmw-530i-v8-160kw-touring-e34_15_medium.webp","small":"https:\/\/cdn.assetlog.ai\/assets\/143912\/bmw-530i-v8-160kw-touring-e34_15_small.webp"},{"id":114652,"max":"https:\/\/cdn.assetlog.ai\/assets\/143912\/bmw-530i-v8-160kw-touring-e34_16_max.webp","medium":"https:\/\/cdn.assetlog.ai\/assets\/143912\/bmw-530i-v8-160kw-touring-e34_16_medium.webp","small":"https:\/\/cdn.assetlog.ai\/assets\/143912\/bmw-530i-v8-160kw-touring-e34_16_small.webp"},{"id":114653,"max":"https:\/\/cdn.assetlog.ai\/assets\/143912\/bmw-530i-v8-160kw-touring-e34_17_max.webp","medium":"https:\/\/cdn.assetlog.ai\/assets\/143912\/bmw-530i-v8-160kw-touring-e34_17_medium.webp","small":"https:\/\/cdn.assetlog.ai\/assets\/143912\/bmw-530i-v8-160kw-touring-e34_17_small.webp"},{"id":114654,"max":"https:\/\/cdn.assetlog.ai\/assets\/143912\/bmw-530i-v8-160kw-touring-e34_18_max.webp","medium":"https:\/\/cdn.assetlog.ai\/assets\/143912\/bmw-530i-v8-160kw-touring-e34_18_medium.webp","small":"https:\/\/cdn.assetlog.ai\/assets\/143912\/bmw-530i-v8-160kw-touring-e34_18_small.webp"},{"id":114655,"max":"https:\/\/cdn.assetlog.ai\/assets\/143912\/bmw-530i-v8-160kw-touring-e34_19_max.webp","medium":"https:\/\/cdn.assetlog.ai\/assets\/143912\/bmw-530i-v8-160kw-touring-e34_19_medium.webp","small":"https:\/\/cdn.assetlog.ai\/assets\/143912\/bmw-530i-v8-160kw-touring-e34_19_small.webp"},{"id":114656,"max":"https:\/\/cdn.assetlog.ai\/assets\/143912\/bmw-530i-v8-160kw-touring-e34_20_max.webp","medium":"https:\/\/cdn.assetlog.ai\/assets\/143912\/bmw-530i-v8-160kw-touring-e34_20_medium.webp","small":"https:\/\/cdn.assetlog.ai\/assets\/143912\/bmw-530i-v8-160kw-touring-e34_20_small.webp"},{"id":114657,"max":"https:\/\/cdn.assetlog.ai\/assets\/143912\/bmw-530i-v8-160kw-touring-e34_21_max.webp","medium":"https:\/\/cdn.assetlog.ai\/assets\/143912\/bmw-530i-v8-160kw-touring-e34_21_medium.webp","small":"https:\/\/cdn.assetlog.ai\/assets\/143912\/bmw-530i-v8-160kw-touring-e34_21_small.webp"},{"id":114658,"max":"https:\/\/cdn.assetlog.ai\/assets\/143912\/bmw-530i-v8-160kw-touring-e34_22_max.webp","medium":"https:\/\/cdn.assetlog.ai\/assets\/143912\/bmw-530i-v8-160kw-touring-e34_22_medium.webp","small":"https:\/\/cdn.assetlog.ai\/assets\/143912\/bmw-530i-v8-160kw-touring-e34_22_small.webp"},{"id":114659,"max":"https:\/\/cdn.assetlog.ai\/assets\/143912\/bmw-530i-v8-160kw-touring-e34_23_max.webp","medium":"https:\/\/cdn.assetlog.ai\/assets\/143912\/bmw-530i-v8-160kw-touring-e34_23_medium.webp","small":"https:\/\/cdn.assetlog.ai\/assets\/143912\/bmw-530i-v8-160kw-touring-e34_23_small.webp"},{"id":114660,"max":"https:\/\/cdn.assetlog.ai\/assets\/143912\/bmw-530i-v8-160kw-touring-e34_24_max.webp","medium":"https:\/\/cdn.assetlog.ai\/assets\/143912\/bmw-530i-v8-160kw-touring-e34_24_medium.webp","small":"https:\/\/cdn.assetlog.ai\/assets\/143912\/bmw-530i-v8-160kw-touring-e34_24_small.webp"},{"id":114661,"max":"https:\/\/cdn.assetlog.ai\/assets\/143912\/bmw-530i-v8-160kw-touring-e34_25_max.webp","medium":"https:\/\/cdn.assetlog.ai\/assets\/143912\/bmw-530i-v8-160kw-touring-e34_25_medium.webp","small":"https:\/\/cdn.assetlog.ai\/assets\/143912\/bmw-530i-v8-160kw-touring-e34_25_small.webp"},{"id":114662,"max":"https:\/\/cdn.assetlog.ai\/assets\/143912\/bmw-530i-v8-160kw-touring-e34_26_max.webp","medium":"https:\/\/cdn.assetlog.ai\/assets\/143912\/bmw-530i-v8-160kw-touring-e34_26_medium.webp","small":"https:\/\/cdn.assetlog.ai\/assets\/143912\/bmw-530i-v8-160kw-touring-e34_26_small.webp"},{"id":114663,"max":"https:\/\/cdn.assetlog.ai\/assets\/143912\/bmw-530i-v8-160kw-touring-e34_27_max.webp","medium":"https:\/\/cdn.assetlog.ai\/assets\/143912\/bmw-530i-v8-160kw-touring-e34_27_medium.webp","small":"https:\/\/cdn.assetlog.ai\/assets\/143912\/bmw-530i-v8-160kw-touring-e34_27_small.webp"}],"published_at":null,"expires_at":null,"created_at":"2026-08-13T03:40:18+00:00","updated_at":"2026-09-02T03:41:22+00:00"}}