{"data":{"id":177369,"slug":"bmw-740d-xdrive-2011-225kw","type":"vehicle","title":"BMW 740d XDRIVE 2011 225kW","description":"BMW 740d with all-wheel drive xDrive and a diesel engine from 2011 in sedan body style, with two keys available for the vehicle. The vehicle is in excellent condition and is an exceptionally well-preserved example from an extra careful owner.\nIf interested, option to arrange financing from 0% down payment. The car can be physically viewed in Uhersk\u00fd Brod by arrangement, or after paying a non-refundable deposit of 10,000 CZK, it is possible to arrange individual transport to your destination. Transport cost is 49 CZK\/1km (return trip also charged).\n\nTechnical data\n\nYear of manufacture: 11\/11, 2993cc, 225kW (306PS), Drive: 4\u00d74, Automatic, Diesel, Euro 5, 4 doors, (5-seater), 215,000km, White, VIN WBAKC01040DR97217\n\nVehicle consumption (l\/100km)\n\nIn city: 8.8, outside city: 5.9, combined: 5.9","language":"cs","is_translated":true,"title_original":"BMW 740d XDRIVE 2011 225kW","description_original":"BMW 740d s pohonem v\u0161ech kol xDrive a naftov\u00fdm motorem z roku v\u00fdroby 2011 v karos\u00e1\u0159sk\u00e9 verzi sedan, p\u0159i\u010dem\u017e k automobilu jsou k dispozici dva kl\u00ed\u010de. Vozidlo se nach\u00e1z\u00ed ve skv\u011bl\u00e9m stavu a jedn\u00e1 se o mimo\u0159\u00e1dn\u011b zachoval\u00fd kousek po extra pe\u010dliv\u00e9m majiteli.\nV p\u0159\u00edpad\u011b z\u00e1jmu mo\u017enost vybavit financov\u00e1n\u00ed od 0% akontace. V\u016fz lze fyzicky po dohod\u011b vid\u011bt v Uhersk\u00e9m Brod\u011b p\u0159\u00edpadn\u011b po slo\u017een\u00ed nevratn\u00e9 z\u00e1lohy 10 000 K\u010d mo\u017enost zajistit individu\u00e1ln\u00ed p\u0159evoz do c\u00edlov\u00e9 destinace. Cena p\u0159evozu je 49K\u010d\/1km (plat\u00ed se i cesta zp\u011bt).\n\nTechnick\u00e9 \u00fadaje\n\nr.v.: 11\/11, 2993cm\u00b3, 225kW (306PS), Pohon: 4\u00d74, Automat, Diesel, Euro 5, 4 dv., (5-m\u00edstn\u00e9), 215 000km, B\u00edl\u00e1, VIN WBAKC01040DR97217\n\nSpot\u0159eba vozidla (l\/100km)\n\nVe m\u011bst\u011b: 8.8, mimo m\u011bsta: 5.9, kombinovan\u00e1: 5.9","price":"465000.00","currency":"CZK","status":"active","noindex":true,"location":{"address":null,"full_address":null,"city":"Uhersk\u00fd Brod","country":"CZ","latitude":49.0253139,"longitude":17.6464437},"metadata":{"vin":"WBAKC01040DR97217","fuel":"diesel","year":2011,"brand":"BMW","color":"White","doors":4,"drive":"AWD \/ 4x4","model":"740","seats":5,"region":"Zl\u00ednsk\u00fd kraj","mileage":215000,"emisions":null,"features":["ABS","Autonomn\u00ed \u0159\u00edzen\u00ed","Automatick\u00e1 aktivace v\u00fdstra\u017en\u00fdch sv\u011btel","Asistent rozjezdu do kopce","Deaktivace airbagu spolujezdce","ESP","ISOFIX na sedadle spolujezdce","ISOFIX na zadn\u00edch sedadlech","Posilova\u010d \u0159\u00edzen\u00ed","Prediktivn\u00ed tempomat","Protiprokluzov\u00fd syst\u00e9m kol (TC, ASR)","P\u0159edn\u00ed a zadn\u00ed parkovac\u00ed senzory","Senzor st\u011bra\u010d\u016f","Syst\u00e9m rozpozn\u00e1v\u00e1n\u00ed dopravn\u00edch zna\u010dek","Zadn\u00ed parkovac\u00ed kamera","Kola 19\"","AUX vstup","Automaticky stm\u00edvateln\u00e1 zp\u011btn\u00e1 zrc\u00e1tka","Automatick\u00e1 4-z\u00f3nov\u00e1 klimatizace","Asistent d\u00e1lkov\u00fdch sv\u011btel (HBA)","Elektrick\u00e1 parkovac\u00ed brzda","Automatick\u00e9 rozsv\u011bcen\u00ed sv\u011btel","Autor\u00e1dio","Bedern\u00ed op\u011brka spolujezdce","Bedern\u00ed op\u011brka \u0159idi\u010de","Bezkl\u00ed\u010dov\u00e9 startov\u00e1n\u00ed","Bezkl\u00ed\u010dov\u00fd vstup","Bluetooth","CD p\u0159ehr\u00e1va\u010d","Centr\u00e1ln\u00ed zamyk\u00e1n\u00ed","Centr\u00e1ln\u00ed zamyk\u00e1n\u00ed na d\u00e1lkov\u00e9 ovl\u00e1d\u00e1n\u00ed","Denn\u00ed sv\u00edcen\u00ed","Displej","D\u011blen\u00e1 zadn\u00ed sedadla","D\u0159ev\u011bn\u00e9 dekory","El. nastaviteln\u00e1 p\u0159edn\u00ed sedadla","Elektricky nastaviteln\u00e1 zp\u011btn\u00e1 zrc\u00e1tka","Elektricky nastaviteln\u00fd volant","Elektricky sklopn\u00e1 zp\u011btn\u00e1 zrc\u00e1tka","Elektricky vyh\u0159\u00edvan\u00e1 zp\u011btn\u00e1 zrc\u00e1tka","Elektrick\u00e9 dov\u00edr\u00e1n\u00ed v\u0161ech dve\u0159\u00ed","Elektrick\u00e9 dov\u00edr\u00e1n\u00ed zavazadlov\u00e9ho prostoru","El. ovl\u00e1dan\u00fd kufr","Head-up display","Chytr\u00fd kl\u00ed\u010d","Ko\u017een\u00fd volant","LED zadn\u00ed sv\u011btla","Lit\u00e1 kola","Loketn\u00ed op\u011brka vp\u0159edu","Loketn\u00ed op\u011brka vzadu","MP3 rozhran\u00ed","Multifunk\u010dn\u00ed volant","V\u00fd\u0161kov\u011b a pod\u00e9ln\u011b nastaviteln\u00fd volant","Ost\u0159ikova\u010de sv\u011btlomet\u016f","Palubn\u00ed po\u010d\u00edta\u010d","P\u0159edn\u00ed el. stahovateln\u00e1 okna","Mlhovky","Pam\u011b\u0165 nastaven\u00ed sedadla \u0159idi\u010de","P\u0159ipojen\u00ed k internetu","Nat\u00e1\u010dec\u00ed sv\u011btlomety","Sklopn\u00e1 zadn\u00ed sedadla","Sportovn\u00ed sedadla","Sv\u011bteln\u00fd senzor","T\u00f3novan\u00e1 skla","USB","Venkovn\u00ed teplom\u011br","Ventilovan\u00e1 p\u0159edn\u00ed sedadla","Vyh\u0159\u00edvan\u00e1 p\u0159edn\u00ed sedadla","Vyh\u0159\u00edvan\u00e1 zadn\u00ed sedadla","V\u00fd\u0161kov\u011b nastaviteln\u00e9 sedadlo spolujezdce","V\u00fd\u0161kov\u011b nastaviteln\u00e9 sedadlo \u0159idi\u010de","Zadn\u00ed el. stahovateln\u00e1 okna","Pr\u016fvlak na ly\u017ee","Mo\u017en\u00fd leasing","Mo\u017en\u00fd \u00faver"],"power_kw":225,"body_type":"Sedan","condition":"Used","transmission":"automatic","vat_deductible":false,"consumption_city":8.8,"translation_hash":"dd24f65ec3f92026446d1999b202c86f03868045","vehicle_category":"car","engine_volume_cm3":2993,"first_registration":"2011-11-09","translation_status":"done","consumption_highway":5.9,"consumption_combined":5.9},"user_id":81,"is_sponsored":false,"views_count":2,"ai_views_count":5,"ai_vendor_counts":{"meta":1,"other":2,"openai":1,"anthropic":1},"visibility":"public","submission_source":null,"submission_ai_name":null,"has_owner_email":true,"can_contact_owner":true,"phone":"+420 737 679 830","owner_email":"bukac@autorro.cz","user":{"id":81,"slug":"marek-bukac-81","name":"Marek Buka\u010d","bio":"Makl\u00e9\u0159. P\u016fsob\u00edm v Brn\u011b a okol\u00ed.\n\nP\u016fsobnost: Brno","nationality":null,"languages":[],"service_areas":[],"card_style":null,"card_palette":null,"avatar_url":"https:\/\/cdn.assetlog.ai\/avatars\/81\/avatar_max.webp?v=1787122534","avatar_thumb_url":"https:\/\/cdn.assetlog.ai\/avatars\/81\/avatar_small.webp?v=1787122534","reviews_count":0,"avg_rating":null,"seller_badge":"silver","can_calendar":true},"images":[{"id":139420,"max":"https:\/\/cdn.assetlog.ai\/assets\/177369\/bmw-740d-xdrive-2011-225kw_1_max.webp","medium":"https:\/\/cdn.assetlog.ai\/assets\/177369\/bmw-740d-xdrive-2011-225kw_1_medium.webp","small":"https:\/\/cdn.assetlog.ai\/assets\/177369\/bmw-740d-xdrive-2011-225kw_1_small.webp"},{"id":139421,"max":"https:\/\/cdn.assetlog.ai\/assets\/177369\/bmw-740d-xdrive-2011-225kw_2_max.webp","medium":"https:\/\/cdn.assetlog.ai\/assets\/177369\/bmw-740d-xdrive-2011-225kw_2_medium.webp","small":"https:\/\/cdn.assetlog.ai\/assets\/177369\/bmw-740d-xdrive-2011-225kw_2_small.webp"},{"id":139422,"max":"https:\/\/cdn.assetlog.ai\/assets\/177369\/bmw-740d-xdrive-2011-225kw_3_max.webp","medium":"https:\/\/cdn.assetlog.ai\/assets\/177369\/bmw-740d-xdrive-2011-225kw_3_medium.webp","small":"https:\/\/cdn.assetlog.ai\/assets\/177369\/bmw-740d-xdrive-2011-225kw_3_small.webp"},{"id":139423,"max":"https:\/\/cdn.assetlog.ai\/assets\/177369\/bmw-740d-xdrive-2011-225kw_4_max.webp","medium":"https:\/\/cdn.assetlog.ai\/assets\/177369\/bmw-740d-xdrive-2011-225kw_4_medium.webp","small":"https:\/\/cdn.assetlog.ai\/assets\/177369\/bmw-740d-xdrive-2011-225kw_4_small.webp"},{"id":139424,"max":"https:\/\/cdn.assetlog.ai\/assets\/177369\/bmw-740d-xdrive-2011-225kw_5_max.webp","medium":"https:\/\/cdn.assetlog.ai\/assets\/177369\/bmw-740d-xdrive-2011-225kw_5_medium.webp","small":"https:\/\/cdn.assetlog.ai\/assets\/177369\/bmw-740d-xdrive-2011-225kw_5_small.webp"},{"id":139425,"max":"https:\/\/cdn.assetlog.ai\/assets\/177369\/bmw-740d-xdrive-2011-225kw_6_max.webp","medium":"https:\/\/cdn.assetlog.ai\/assets\/177369\/bmw-740d-xdrive-2011-225kw_6_medium.webp","small":"https:\/\/cdn.assetlog.ai\/assets\/177369\/bmw-740d-xdrive-2011-225kw_6_small.webp"},{"id":139426,"max":"https:\/\/cdn.assetlog.ai\/assets\/177369\/bmw-740d-xdrive-2011-225kw_7_max.webp","medium":"https:\/\/cdn.assetlog.ai\/assets\/177369\/bmw-740d-xdrive-2011-225kw_7_medium.webp","small":"https:\/\/cdn.assetlog.ai\/assets\/177369\/bmw-740d-xdrive-2011-225kw_7_small.webp"},{"id":139427,"max":"https:\/\/cdn.assetlog.ai\/assets\/177369\/bmw-740d-xdrive-2011-225kw_8_max.webp","medium":"https:\/\/cdn.assetlog.ai\/assets\/177369\/bmw-740d-xdrive-2011-225kw_8_medium.webp","small":"https:\/\/cdn.assetlog.ai\/assets\/177369\/bmw-740d-xdrive-2011-225kw_8_small.webp"},{"id":139428,"max":"https:\/\/cdn.assetlog.ai\/assets\/177369\/bmw-740d-xdrive-2011-225kw_9_max.webp","medium":"https:\/\/cdn.assetlog.ai\/assets\/177369\/bmw-740d-xdrive-2011-225kw_9_medium.webp","small":"https:\/\/cdn.assetlog.ai\/assets\/177369\/bmw-740d-xdrive-2011-225kw_9_small.webp"},{"id":139429,"max":"https:\/\/cdn.assetlog.ai\/assets\/177369\/bmw-740d-xdrive-2011-225kw_10_max.webp","medium":"https:\/\/cdn.assetlog.ai\/assets\/177369\/bmw-740d-xdrive-2011-225kw_10_medium.webp","small":"https:\/\/cdn.assetlog.ai\/assets\/177369\/bmw-740d-xdrive-2011-225kw_10_small.webp"},{"id":139430,"max":"https:\/\/cdn.assetlog.ai\/assets\/177369\/bmw-740d-xdrive-2011-225kw_11_max.webp","medium":"https:\/\/cdn.assetlog.ai\/assets\/177369\/bmw-740d-xdrive-2011-225kw_11_medium.webp","small":"https:\/\/cdn.assetlog.ai\/assets\/177369\/bmw-740d-xdrive-2011-225kw_11_small.webp"},{"id":139431,"max":"https:\/\/cdn.assetlog.ai\/assets\/177369\/bmw-740d-xdrive-2011-225kw_12_max.webp","medium":"https:\/\/cdn.assetlog.ai\/assets\/177369\/bmw-740d-xdrive-2011-225kw_12_medium.webp","small":"https:\/\/cdn.assetlog.ai\/assets\/177369\/bmw-740d-xdrive-2011-225kw_12_small.webp"},{"id":139432,"max":"https:\/\/cdn.assetlog.ai\/assets\/177369\/bmw-740d-xdrive-2011-225kw_13_max.webp","medium":"https:\/\/cdn.assetlog.ai\/assets\/177369\/bmw-740d-xdrive-2011-225kw_13_medium.webp","small":"https:\/\/cdn.assetlog.ai\/assets\/177369\/bmw-740d-xdrive-2011-225kw_13_small.webp"},{"id":139433,"max":"https:\/\/cdn.assetlog.ai\/assets\/177369\/bmw-740d-xdrive-2011-225kw_14_max.webp","medium":"https:\/\/cdn.assetlog.ai\/assets\/177369\/bmw-740d-xdrive-2011-225kw_14_medium.webp","small":"https:\/\/cdn.assetlog.ai\/assets\/177369\/bmw-740d-xdrive-2011-225kw_14_small.webp"},{"id":139434,"max":"https:\/\/cdn.assetlog.ai\/assets\/177369\/bmw-740d-xdrive-2011-225kw_15_max.webp","medium":"https:\/\/cdn.assetlog.ai\/assets\/177369\/bmw-740d-xdrive-2011-225kw_15_medium.webp","small":"https:\/\/cdn.assetlog.ai\/assets\/177369\/bmw-740d-xdrive-2011-225kw_15_small.webp"},{"id":139435,"max":"https:\/\/cdn.assetlog.ai\/assets\/177369\/bmw-740d-xdrive-2011-225kw_16_max.webp","medium":"https:\/\/cdn.assetlog.ai\/assets\/177369\/bmw-740d-xdrive-2011-225kw_16_medium.webp","small":"https:\/\/cdn.assetlog.ai\/assets\/177369\/bmw-740d-xdrive-2011-225kw_16_small.webp"},{"id":139436,"max":"https:\/\/cdn.assetlog.ai\/assets\/177369\/bmw-740d-xdrive-2011-225kw_17_max.webp","medium":"https:\/\/cdn.assetlog.ai\/assets\/177369\/bmw-740d-xdrive-2011-225kw_17_medium.webp","small":"https:\/\/cdn.assetlog.ai\/assets\/177369\/bmw-740d-xdrive-2011-225kw_17_small.webp"},{"id":139437,"max":"https:\/\/cdn.assetlog.ai\/assets\/177369\/bmw-740d-xdrive-2011-225kw_18_max.webp","medium":"https:\/\/cdn.assetlog.ai\/assets\/177369\/bmw-740d-xdrive-2011-225kw_18_medium.webp","small":"https:\/\/cdn.assetlog.ai\/assets\/177369\/bmw-740d-xdrive-2011-225kw_18_small.webp"},{"id":139438,"max":"https:\/\/cdn.assetlog.ai\/assets\/177369\/bmw-740d-xdrive-2011-225kw_19_max.webp","medium":"https:\/\/cdn.assetlog.ai\/assets\/177369\/bmw-740d-xdrive-2011-225kw_19_medium.webp","small":"https:\/\/cdn.assetlog.ai\/assets\/177369\/bmw-740d-xdrive-2011-225kw_19_small.webp"},{"id":139439,"max":"https:\/\/cdn.assetlog.ai\/assets\/177369\/bmw-740d-xdrive-2011-225kw_20_max.webp","medium":"https:\/\/cdn.assetlog.ai\/assets\/177369\/bmw-740d-xdrive-2011-225kw_20_medium.webp","small":"https:\/\/cdn.assetlog.ai\/assets\/177369\/bmw-740d-xdrive-2011-225kw_20_small.webp"},{"id":139440,"max":"https:\/\/cdn.assetlog.ai\/assets\/177369\/bmw-740d-xdrive-2011-225kw_21_max.webp","medium":"https:\/\/cdn.assetlog.ai\/assets\/177369\/bmw-740d-xdrive-2011-225kw_21_medium.webp","small":"https:\/\/cdn.assetlog.ai\/assets\/177369\/bmw-740d-xdrive-2011-225kw_21_small.webp"},{"id":139441,"max":"https:\/\/cdn.assetlog.ai\/assets\/177369\/bmw-740d-xdrive-2011-225kw_22_max.webp","medium":"https:\/\/cdn.assetlog.ai\/assets\/177369\/bmw-740d-xdrive-2011-225kw_22_medium.webp","small":"https:\/\/cdn.assetlog.ai\/assets\/177369\/bmw-740d-xdrive-2011-225kw_22_small.webp"},{"id":139442,"max":"https:\/\/cdn.assetlog.ai\/assets\/177369\/bmw-740d-xdrive-2011-225kw_23_max.webp","medium":"https:\/\/cdn.assetlog.ai\/assets\/177369\/bmw-740d-xdrive-2011-225kw_23_medium.webp","small":"https:\/\/cdn.assetlog.ai\/assets\/177369\/bmw-740d-xdrive-2011-225kw_23_small.webp"},{"id":139443,"max":"https:\/\/cdn.assetlog.ai\/assets\/177369\/bmw-740d-xdrive-2011-225kw_24_max.webp","medium":"https:\/\/cdn.assetlog.ai\/assets\/177369\/bmw-740d-xdrive-2011-225kw_24_medium.webp","small":"https:\/\/cdn.assetlog.ai\/assets\/177369\/bmw-740d-xdrive-2011-225kw_24_small.webp"}],"published_at":null,"expires_at":null,"created_at":"2026-08-29T03:45:28+00:00","updated_at":"2026-09-01T03:40:24+00:00"}}