{"data":{"id":116978,"slug":"bmw-m5-competition-460kw-aj-na-splatky-protiucet","type":"vehicle","title":"BMW M5 Competition 460kW \/ ON INSTALLMENTS \/ TRADE-IN","description":"Commission sale - you buy the vehicle directly from the owner.\n\nI am selling a BMW M5 in an exclusive Competition sports package with automatic transmission and all-wheel drive xDrive. The car includes 2 keys, service booklet and complete service history. A stylish matte wrap has been applied to the body surface. The package also includes seasonal tire changeover. The vehicle underwent a complete and thorough brake system service at 97,000 km on both axles. As part of this maintenance, brake discs were replaced on both the front and rear axles, along with new brake pads.\n\nThe vehicle has passed insurance records verification, garnishment checks, paint thickness measurement and documentation inspection. Checked physically and also via the vehicle operational records registry.\n\nWe offer favorable financing with monthly installments, so you can enjoy your new car right away without waiting with 0% down payment and installments up to 96 months.\n\nFor your greater comfort and peace of mind, we can provide extended warranty of up to 12-36 months.\n\nIf you already own a vehicle, you don't need to worry about selling it - in exchange we will take it directly from you. Just bring it to us, we will evaluate it and deduct the value from your new car. This way you save time, hassle and money, and the entire process will be quick and easy - you drive away in your new car without unnecessary paperwork.\n\nVEHICLE IS LOCATED IN N\u00e1mestove. For more information, please call us at 0917 578 666. REG: AA352UV. MOT valid until: 2026-01-20. Inspection valid until: 2026-01-20.\n\nTechnical specifications\n\nMfg: 01\/22, 4395cc, 460kW (626hp), Drive: 4\u00d74, Automatic transmission (8-speed), Petrol, EURO 6, 5-door, (5-seater), 97,000 km, Grey metallic, VIN WBS81CH070CJ60339\n\nFuel consumption (l\/100km)\n\nCity: , highway: , combined: 11.2\n\nService booklet, Leasing available, Credit available, Complete service history","language":"cs","is_translated":true,"title_original":"BMW M5 Competition 460kW \/ AJ NA SPL\u00c1TKY \/ PROTI\u00da\u010cET","description_original":"Komisn\u00ed prodej - vozidlo kupujete p\u0159\u00edmo od majitele.\n\nProd\u00e1v\u00e1m BMW M5 v exkluzivn\u00ed sportovn\u00ed v\u00fdbav\u011b Competition s automatickou p\u0159evodovkou a pohonem v\u0161ech \u010dty\u0159 kol xDrive. Sou\u010d\u00e1st\u00ed vozu jsou 2 kl\u00ed\u010de, servisn\u00ed kn\u00ed\u017eka a kompletn\u00ed servisn\u00ed historie. Na povrchu karoserie je aplikov\u00e1na stylov\u00e1 matn\u00e1 f\u00f3lie. Sou\u010d\u00e1st\u00ed nab\u00eddky je tak\u00e9 sez\u00f3nn\u00ed v\u00fdm\u011bna pneumatik. Vozidlo pro\u0161lo p\u0159i najet\u00fdch 97 000 km kompletn\u00edm a d\u016fkladn\u00fdm servisem brzdov\u00e9ho syst\u00e9mu na obou n\u00e1prav\u00e1ch. V r\u00e1mci t\u00e9to \u00fadr\u017eby byly na p\u0159edn\u00ed i zadn\u00ed n\u00e1prav\u011b vym\u011bn\u011bny brzdov\u00e9 kotou\u010de v\u010detn\u011b nov\u00fdch brzdov\u00fdch desti\u010dek.\n\nVozidlo pro\u0161lo kontrolou z\u00e1znam\u016f o poji\u0161t\u011bn\u00ed, exekuc\u00ed, m\u011b\u0159en\u00edm laku a kontrolou doklad\u016f. Zkontrolov\u00e1no fyzicky, tak\u00e9 prost\u0159ednictv\u00edm registru provozn\u00edch z\u00e1znam\u016f vozidla.\n\nNab\u00edz\u00edme v\u00fdhodn\u00e9 financov\u00e1n\u00ed na m\u011bs\u00ed\u010dn\u00ed spl\u00e1tky, tak\u017ee si sv\u016fj nov\u00fd v\u016fz m\u016f\u017eete u\u017e\u00edvat hned a bez \u010dek\u00e1n\u00ed s akontac\u00ed 0 % a spl\u00e1tkami a\u017e na 96 m\u011bs\u00edc\u016f.\n\nPro va\u0161e v\u011bt\u0161\u00ed pohodl\u00ed a jistotu v\u00e1m m\u016f\u017eeme poskytnout prodlou\u017eenou z\u00e1ruku a\u017e na 12-36 m\u011bs\u00edc\u016f.\n\nPokud ji\u017e v\u016fz vlastn\u00edte, nemus\u00edte se zab\u00fdvat jeho prodejem - na opl\u00e1tku si ho od v\u00e1s p\u0159\u00edmo vezmeme. Sta\u010d\u00ed, kdy\u017e k n\u00e1m s n\u00edm p\u0159ijdete, my ho ocen\u00edme a n\u00e1klady ode\u010dteme od hodnoty va\u0161eho nov\u00e9ho vozu. U\u0161et\u0159\u00edte tak \u010das, starosti i pen\u00edze a cel\u00fd proces bude rychl\u00fd a snadn\u00fd - odjedete rovnou ve sv\u00e9m nov\u00e9m voze bez zbyte\u010dn\u00e9ho pap\u00edrov\u00e1n\u00ed.\n\nVOZIDLO SE NACH\u00c1Z\u00cd V N\u00e1mestove. V\u00edce informac\u00ed v\u00e1m r\u00e1di poskytneme na telefonn\u00edm \u010d\u00edsle 0917 578 666. E\u010cV: AA352UV. EK platn\u00e1 do: 2026-01-20. STK platn\u00e1 do: 2026-01-20.\n\nTechnick\u00e9 \u00fadaje\n\nv.v.: 01\/22, 4395cm\u00b3, 460kW (626PS), Pohon: 4\u00d74, Automatick\u00e1 p\u0159evodovka (8 st.), Benz\u00edn, EURO 6, 5 dv., (5-m\u00edstn\u00fd), 97 000km, \u0160ed\u00e1 metal\u00edza, VIN WBS81CH070CJ60339\n\nSpot\u0159eba vozidla (l\/100km)\n\nVe m\u011bst\u011b: , mimo m\u011bsto: , kombinovan\u00e1: 11.2\n\nServisn\u00ed kn\u00ed\u017eka, Mo\u017en\u00fd leasing, Mo\u017en\u00fd \u00fav\u011br, \u00dapln\u00e1 servisn\u00ed historie","price":"2085687.00","currency":"CZK","status":"active","noindex":true,"location":{"address":null,"full_address":null,"city":"N\u00e1mestovo","country":"SK","latitude":49.4095122,"longitude":19.4803756},"metadata":{"vin":"WBS81CH070CJ60339","fuel":"petrol","year":2022,"brand":"BMW","color":"Grey","doors":5,"drive":"AWD \/ 4x4","model":"M5","seats":5,"region":"\u017dilinsk\u00fd kraj","mileage":97000,"emisions":"Euro 6","features":["Alarm","EBD\/EBV","Posilova\u010d \u0159\u00edzen\u00ed","ABS","ESP","Protiprokluzov\u00fd syst\u00e9m kol (TC, ASR)","ADS","DSC\/DTC","Brzdov\u00fd asistent (EBA, BAS)","ISOFIX na zadn\u00edch sedadlech","Deaktivace airbagu spolujezdce","Nat\u00e1\u010dec\u00ed sv\u011btlomety","Senzor tlaku","Syst\u00e9m rozpozn\u00e1v\u00e1n\u00ed dopravn\u00edch zna\u010dek","Sledov\u00e1n\u00ed \u00fanavy \u0159idi\u010de","360\u00b0 monitorovac\u00ed syst\u00e9m (AVM)","Asistent d\u00e1lkov\u00fdch sv\u011btel (HBA)","Centr\u00e1ln\u00ed zamyk\u00e1n\u00ed","Zadn\u00ed el. stahovateln\u00e1 okna","El. nastaviteln\u00e1 p\u0159edn\u00ed sedadla","Elektricky nastaviteln\u00e1 zp\u011btn\u00e1 zrc\u00e1tka","Centr\u00e1ln\u00ed zamyk\u00e1n\u00ed na d\u00e1lkov\u00e9 ovl\u00e1d\u00e1n\u00ed","Automatick\u00e1 4-z\u00f3nov\u00e1 klimatizace","Autor\u00e1dio","Multifunk\u010dn\u00ed volant","Loketn\u00ed op\u011brka vp\u0159edu","Head-up display","Start\/Stop syst\u00e9m","Klimatizovan\u00e1 p\u0159ihr\u00e1dka","Apple Car Play","Android Auto","Digit\u00e1ln\u00ed p\u0159\u00edstrojov\u00e1 deska","Bezdr\u00e1tov\u00e1 nab\u00edje\u010dka mobiln\u00edch telefon\u016f","Lit\u00e1 kola","Mlhovky","Imobiliz\u00e9r","Palubn\u00ed po\u010d\u00edta\u010d","Navigace","Automatick\u00e9 parkov\u00e1n\u00ed","Ta\u017en\u00e9 za\u0159\u00edzen\u00ed","Tempomat","Ko\u017een\u00fd interi\u00e9r","Vyh\u0159\u00edvan\u00e1 sedadla","Elektricky vyh\u0159\u00edvan\u00e1 zp\u011btn\u00e1 zrc\u00e1tka","F\u00f3lie","Senzor st\u011bra\u010d\u016f","Sv\u011bteln\u00fd senzor","Zimn\u00ed sada kol","Parkovac\u00ed kamera","P\u0159edn\u00ed a zadn\u00ed parkovac\u00ed senzory","Adaptivn\u00ed tempomat","Elektrick\u00e9 dov\u00edr\u00e1n\u00ed v\u0161ech dve\u0159\u00ed","Bezkl\u00ed\u010dov\u00fd vstup","El. ovl\u00e1dan\u00fd kufr","Elektrick\u00e9 dov\u00edr\u00e1n\u00ed zavazadlov\u00e9ho prostoru","Ventilovan\u00e1 p\u0159edn\u00ed sedadla","Bluetooth","Vyh\u0159\u00edvan\u00fd volant","Denn\u00ed sv\u00edcen\u00ed","LED sv\u011btlomety","Bezdotykov\u00e9 ovl\u00e1d\u00e1n\u00ed v\u00edka zavazadlov\u00e9ho prostoru","Pam\u011b\u0165 nastaven\u00ed sedadla \u0159idi\u010de","Ambientn\u00ed LED osv\u011btlen\u00ed interi\u00e9ru","Serv. kni\u017eka","Mo\u017en\u00fd leasing","Mo\u017en\u00fd \u00faver","\u00dapln\u00e1 servisn\u00e1 hist\u00f3ria","Adaptivn\u00ed podvozek","Ko\u017een\u00fd paket","Odo-pass","Asistent udr\u017eov\u00e1n\u00ed j\u00edzdn\u00edho pruhu","Asistent rozjezdu do kopce","Kontrola mrtv\u00e9ho \u00fahlu","ACC","LCD panel","Sportovn\u00ed sedadla","Drive Select (j\u00edzadn\u00ed re\u017eimy)","pr\u00e9miov\u00fd audiosyst\u00e9m (B&O, Harman, Bose...)","elektricky sklopn\u00e1 zp\u011btn\u00e1 zrc\u00e1tka","ovl\u00e1d\u00e1n\u00ed gesty","elektricky nastaviteln\u00fd volant","rozpozn\u00e1v\u00e1n\u00ed chodc\u016f"],"power_kw":460,"body_type":"Sedan","condition":"Used","transmission":"automatic","vat_deductible":false,"consumption_city":null,"translation_hash":"23dfab5cb37a54427c99596d8ef7c3dd9c499a24","vehicle_category":"car","engine_volume_cm3":4395,"first_registration":"2022-01-01","translation_status":"done","consumption_highway":null,"consumption_combined":11.2},"user_id":58,"is_sponsored":false,"views_count":26,"ai_views_count":10,"ai_vendor_counts":{"other":2,"openai":3,"anthropic":3,"microsoft":2},"visibility":"public","submission_source":null,"submission_ai_name":null,"has_owner_email":true,"can_contact_owner":true,"phone":"0917 578 666","owner_email":"varadova@autorro.sk","user":{"id":58,"slug":"irena-varadova-58","name":"Irena Varadov\u00e1","bio":"Makl\u00e9rka. P\u016fsob\u00edm v N\u00e1mestove a okol\u00ed.\n\nP\u016fsobnost: N\u00e1mestovo","nationality":"SK","languages":["cs","sk"],"service_areas":[],"card_style":null,"card_palette":null,"avatar_url":"https:\/\/cdn.assetlog.ai\/avatars\/58\/avatar_max.webp?v=1786535213","avatar_thumb_url":"https:\/\/cdn.assetlog.ai\/avatars\/58\/avatar_small.webp?v=1786535213","reviews_count":0,"avg_rating":null,"seller_badge":"silver","can_calendar":true,"joined_at":"2026-06-07T14:20:41+00:00","primary_intent":null,"seeking":[],"public_assets_count":44,"public_prompts_count":0,"followers_count":0},"images":[{"id":96475,"max":"https:\/\/cdn.assetlog.ai\/assets\/116978\/bmw-m5-competition-460kw-aj-na-splatky-protiucet_1_max.webp","medium":"https:\/\/cdn.assetlog.ai\/assets\/116978\/bmw-m5-competition-460kw-aj-na-splatky-protiucet_1_medium.webp","small":"https:\/\/cdn.assetlog.ai\/assets\/116978\/bmw-m5-competition-460kw-aj-na-splatky-protiucet_1_small.webp"},{"id":96476,"max":"https:\/\/cdn.assetlog.ai\/assets\/116978\/bmw-m5-competition-460kw-aj-na-splatky-protiucet_2_max.webp","medium":"https:\/\/cdn.assetlog.ai\/assets\/116978\/bmw-m5-competition-460kw-aj-na-splatky-protiucet_2_medium.webp","small":"https:\/\/cdn.assetlog.ai\/assets\/116978\/bmw-m5-competition-460kw-aj-na-splatky-protiucet_2_small.webp"},{"id":96477,"max":"https:\/\/cdn.assetlog.ai\/assets\/116978\/bmw-m5-competition-460kw-aj-na-splatky-protiucet_3_max.webp","medium":"https:\/\/cdn.assetlog.ai\/assets\/116978\/bmw-m5-competition-460kw-aj-na-splatky-protiucet_3_medium.webp","small":"https:\/\/cdn.assetlog.ai\/assets\/116978\/bmw-m5-competition-460kw-aj-na-splatky-protiucet_3_small.webp"},{"id":96478,"max":"https:\/\/cdn.assetlog.ai\/assets\/116978\/bmw-m5-competition-460kw-aj-na-splatky-protiucet_4_max.webp","medium":"https:\/\/cdn.assetlog.ai\/assets\/116978\/bmw-m5-competition-460kw-aj-na-splatky-protiucet_4_medium.webp","small":"https:\/\/cdn.assetlog.ai\/assets\/116978\/bmw-m5-competition-460kw-aj-na-splatky-protiucet_4_small.webp"},{"id":96479,"max":"https:\/\/cdn.assetlog.ai\/assets\/116978\/bmw-m5-competition-460kw-aj-na-splatky-protiucet_5_max.webp","medium":"https:\/\/cdn.assetlog.ai\/assets\/116978\/bmw-m5-competition-460kw-aj-na-splatky-protiucet_5_medium.webp","small":"https:\/\/cdn.assetlog.ai\/assets\/116978\/bmw-m5-competition-460kw-aj-na-splatky-protiucet_5_small.webp"},{"id":96480,"max":"https:\/\/cdn.assetlog.ai\/assets\/116978\/bmw-m5-competition-460kw-aj-na-splatky-protiucet_6_max.webp","medium":"https:\/\/cdn.assetlog.ai\/assets\/116978\/bmw-m5-competition-460kw-aj-na-splatky-protiucet_6_medium.webp","small":"https:\/\/cdn.assetlog.ai\/assets\/116978\/bmw-m5-competition-460kw-aj-na-splatky-protiucet_6_small.webp"},{"id":96481,"max":"https:\/\/cdn.assetlog.ai\/assets\/116978\/bmw-m5-competition-460kw-aj-na-splatky-protiucet_7_max.webp","medium":"https:\/\/cdn.assetlog.ai\/assets\/116978\/bmw-m5-competition-460kw-aj-na-splatky-protiucet_7_medium.webp","small":"https:\/\/cdn.assetlog.ai\/assets\/116978\/bmw-m5-competition-460kw-aj-na-splatky-protiucet_7_small.webp"},{"id":96482,"max":"https:\/\/cdn.assetlog.ai\/assets\/116978\/bmw-m5-competition-460kw-aj-na-splatky-protiucet_8_max.webp","medium":"https:\/\/cdn.assetlog.ai\/assets\/116978\/bmw-m5-competition-460kw-aj-na-splatky-protiucet_8_medium.webp","small":"https:\/\/cdn.assetlog.ai\/assets\/116978\/bmw-m5-competition-460kw-aj-na-splatky-protiucet_8_small.webp"},{"id":96483,"max":"https:\/\/cdn.assetlog.ai\/assets\/116978\/bmw-m5-competition-460kw-aj-na-splatky-protiucet_9_max.webp","medium":"https:\/\/cdn.assetlog.ai\/assets\/116978\/bmw-m5-competition-460kw-aj-na-splatky-protiucet_9_medium.webp","small":"https:\/\/cdn.assetlog.ai\/assets\/116978\/bmw-m5-competition-460kw-aj-na-splatky-protiucet_9_small.webp"},{"id":96484,"max":"https:\/\/cdn.assetlog.ai\/assets\/116978\/bmw-m5-competition-460kw-aj-na-splatky-protiucet_10_max.webp","medium":"https:\/\/cdn.assetlog.ai\/assets\/116978\/bmw-m5-competition-460kw-aj-na-splatky-protiucet_10_medium.webp","small":"https:\/\/cdn.assetlog.ai\/assets\/116978\/bmw-m5-competition-460kw-aj-na-splatky-protiucet_10_small.webp"},{"id":96485,"max":"https:\/\/cdn.assetlog.ai\/assets\/116978\/bmw-m5-competition-460kw-aj-na-splatky-protiucet_11_max.webp","medium":"https:\/\/cdn.assetlog.ai\/assets\/116978\/bmw-m5-competition-460kw-aj-na-splatky-protiucet_11_medium.webp","small":"https:\/\/cdn.assetlog.ai\/assets\/116978\/bmw-m5-competition-460kw-aj-na-splatky-protiucet_11_small.webp"},{"id":96486,"max":"https:\/\/cdn.assetlog.ai\/assets\/116978\/bmw-m5-competition-460kw-aj-na-splatky-protiucet_12_max.webp","medium":"https:\/\/cdn.assetlog.ai\/assets\/116978\/bmw-m5-competition-460kw-aj-na-splatky-protiucet_12_medium.webp","small":"https:\/\/cdn.assetlog.ai\/assets\/116978\/bmw-m5-competition-460kw-aj-na-splatky-protiucet_12_small.webp"},{"id":96487,"max":"https:\/\/cdn.assetlog.ai\/assets\/116978\/bmw-m5-competition-460kw-aj-na-splatky-protiucet_13_max.webp","medium":"https:\/\/cdn.assetlog.ai\/assets\/116978\/bmw-m5-competition-460kw-aj-na-splatky-protiucet_13_medium.webp","small":"https:\/\/cdn.assetlog.ai\/assets\/116978\/bmw-m5-competition-460kw-aj-na-splatky-protiucet_13_small.webp"},{"id":96488,"max":"https:\/\/cdn.assetlog.ai\/assets\/116978\/bmw-m5-competition-460kw-aj-na-splatky-protiucet_14_max.webp","medium":"https:\/\/cdn.assetlog.ai\/assets\/116978\/bmw-m5-competition-460kw-aj-na-splatky-protiucet_14_medium.webp","small":"https:\/\/cdn.assetlog.ai\/assets\/116978\/bmw-m5-competition-460kw-aj-na-splatky-protiucet_14_small.webp"},{"id":96489,"max":"https:\/\/cdn.assetlog.ai\/assets\/116978\/bmw-m5-competition-460kw-aj-na-splatky-protiucet_15_max.webp","medium":"https:\/\/cdn.assetlog.ai\/assets\/116978\/bmw-m5-competition-460kw-aj-na-splatky-protiucet_15_medium.webp","small":"https:\/\/cdn.assetlog.ai\/assets\/116978\/bmw-m5-competition-460kw-aj-na-splatky-protiucet_15_small.webp"},{"id":96490,"max":"https:\/\/cdn.assetlog.ai\/assets\/116978\/bmw-m5-competition-460kw-aj-na-splatky-protiucet_16_max.webp","medium":"https:\/\/cdn.assetlog.ai\/assets\/116978\/bmw-m5-competition-460kw-aj-na-splatky-protiucet_16_medium.webp","small":"https:\/\/cdn.assetlog.ai\/assets\/116978\/bmw-m5-competition-460kw-aj-na-splatky-protiucet_16_small.webp"},{"id":96491,"max":"https:\/\/cdn.assetlog.ai\/assets\/116978\/bmw-m5-competition-460kw-aj-na-splatky-protiucet_17_max.webp","medium":"https:\/\/cdn.assetlog.ai\/assets\/116978\/bmw-m5-competition-460kw-aj-na-splatky-protiucet_17_medium.webp","small":"https:\/\/cdn.assetlog.ai\/assets\/116978\/bmw-m5-competition-460kw-aj-na-splatky-protiucet_17_small.webp"},{"id":96492,"max":"https:\/\/cdn.assetlog.ai\/assets\/116978\/bmw-m5-competition-460kw-aj-na-splatky-protiucet_18_max.webp","medium":"https:\/\/cdn.assetlog.ai\/assets\/116978\/bmw-m5-competition-460kw-aj-na-splatky-protiucet_18_medium.webp","small":"https:\/\/cdn.assetlog.ai\/assets\/116978\/bmw-m5-competition-460kw-aj-na-splatky-protiucet_18_small.webp"},{"id":96493,"max":"https:\/\/cdn.assetlog.ai\/assets\/116978\/bmw-m5-competition-460kw-aj-na-splatky-protiucet_19_max.webp","medium":"https:\/\/cdn.assetlog.ai\/assets\/116978\/bmw-m5-competition-460kw-aj-na-splatky-protiucet_19_medium.webp","small":"https:\/\/cdn.assetlog.ai\/assets\/116978\/bmw-m5-competition-460kw-aj-na-splatky-protiucet_19_small.webp"},{"id":96494,"max":"https:\/\/cdn.assetlog.ai\/assets\/116978\/bmw-m5-competition-460kw-aj-na-splatky-protiucet_20_max.webp","medium":"https:\/\/cdn.assetlog.ai\/assets\/116978\/bmw-m5-competition-460kw-aj-na-splatky-protiucet_20_medium.webp","small":"https:\/\/cdn.assetlog.ai\/assets\/116978\/bmw-m5-competition-460kw-aj-na-splatky-protiucet_20_small.webp"},{"id":96495,"max":"https:\/\/cdn.assetlog.ai\/assets\/116978\/bmw-m5-competition-460kw-aj-na-splatky-protiucet_21_max.webp","medium":"https:\/\/cdn.assetlog.ai\/assets\/116978\/bmw-m5-competition-460kw-aj-na-splatky-protiucet_21_medium.webp","small":"https:\/\/cdn.assetlog.ai\/assets\/116978\/bmw-m5-competition-460kw-aj-na-splatky-protiucet_21_small.webp"},{"id":96496,"max":"https:\/\/cdn.assetlog.ai\/assets\/116978\/bmw-m5-competition-460kw-aj-na-splatky-protiucet_22_max.webp","medium":"https:\/\/cdn.assetlog.ai\/assets\/116978\/bmw-m5-competition-460kw-aj-na-splatky-protiucet_22_medium.webp","small":"https:\/\/cdn.assetlog.ai\/assets\/116978\/bmw-m5-competition-460kw-aj-na-splatky-protiucet_22_small.webp"},{"id":96497,"max":"https:\/\/cdn.assetlog.ai\/assets\/116978\/bmw-m5-competition-460kw-aj-na-splatky-protiucet_23_max.webp","medium":"https:\/\/cdn.assetlog.ai\/assets\/116978\/bmw-m5-competition-460kw-aj-na-splatky-protiucet_23_medium.webp","small":"https:\/\/cdn.assetlog.ai\/assets\/116978\/bmw-m5-competition-460kw-aj-na-splatky-protiucet_23_small.webp"},{"id":96498,"max":"https:\/\/cdn.assetlog.ai\/assets\/116978\/bmw-m5-competition-460kw-aj-na-splatky-protiucet_24_max.webp","medium":"https:\/\/cdn.assetlog.ai\/assets\/116978\/bmw-m5-competition-460kw-aj-na-splatky-protiucet_24_medium.webp","small":"https:\/\/cdn.assetlog.ai\/assets\/116978\/bmw-m5-competition-460kw-aj-na-splatky-protiucet_24_small.webp"},{"id":96499,"max":"https:\/\/cdn.assetlog.ai\/assets\/116978\/bmw-m5-competition-460kw-aj-na-splatky-protiucet_25_max.webp","medium":"https:\/\/cdn.assetlog.ai\/assets\/116978\/bmw-m5-competition-460kw-aj-na-splatky-protiucet_25_medium.webp","small":"https:\/\/cdn.assetlog.ai\/assets\/116978\/bmw-m5-competition-460kw-aj-na-splatky-protiucet_25_small.webp"},{"id":96500,"max":"https:\/\/cdn.assetlog.ai\/assets\/116978\/bmw-m5-competition-460kw-aj-na-splatky-protiucet_26_max.webp","medium":"https:\/\/cdn.assetlog.ai\/assets\/116978\/bmw-m5-competition-460kw-aj-na-splatky-protiucet_26_medium.webp","small":"https:\/\/cdn.assetlog.ai\/assets\/116978\/bmw-m5-competition-460kw-aj-na-splatky-protiucet_26_small.webp"},{"id":96501,"max":"https:\/\/cdn.assetlog.ai\/assets\/116978\/bmw-m5-competition-460kw-aj-na-splatky-protiucet_27_max.webp","medium":"https:\/\/cdn.assetlog.ai\/assets\/116978\/bmw-m5-competition-460kw-aj-na-splatky-protiucet_27_medium.webp","small":"https:\/\/cdn.assetlog.ai\/assets\/116978\/bmw-m5-competition-460kw-aj-na-splatky-protiucet_27_small.webp"},{"id":96502,"max":"https:\/\/cdn.assetlog.ai\/assets\/116978\/bmw-m5-competition-460kw-aj-na-splatky-protiucet_28_max.webp","medium":"https:\/\/cdn.assetlog.ai\/assets\/116978\/bmw-m5-competition-460kw-aj-na-splatky-protiucet_28_medium.webp","small":"https:\/\/cdn.assetlog.ai\/assets\/116978\/bmw-m5-competition-460kw-aj-na-splatky-protiucet_28_small.webp"},{"id":96503,"max":"https:\/\/cdn.assetlog.ai\/assets\/116978\/bmw-m5-competition-460kw-aj-na-splatky-protiucet_29_max.webp","medium":"https:\/\/cdn.assetlog.ai\/assets\/116978\/bmw-m5-competition-460kw-aj-na-splatky-protiucet_29_medium.webp","small":"https:\/\/cdn.assetlog.ai\/assets\/116978\/bmw-m5-competition-460kw-aj-na-splatky-protiucet_29_small.webp"},{"id":96504,"max":"https:\/\/cdn.assetlog.ai\/assets\/116978\/bmw-m5-competition-460kw-aj-na-splatky-protiucet_30_max.webp","medium":"https:\/\/cdn.assetlog.ai\/assets\/116978\/bmw-m5-competition-460kw-aj-na-splatky-protiucet_30_medium.webp","small":"https:\/\/cdn.assetlog.ai\/assets\/116978\/bmw-m5-competition-460kw-aj-na-splatky-protiucet_30_small.webp"},{"id":96505,"max":"https:\/\/cdn.assetlog.ai\/assets\/116978\/bmw-m5-competition-460kw-aj-na-splatky-protiucet_31_max.webp","medium":"https:\/\/cdn.assetlog.ai\/assets\/116978\/bmw-m5-competition-460kw-aj-na-splatky-protiucet_31_medium.webp","small":"https:\/\/cdn.assetlog.ai\/assets\/116978\/bmw-m5-competition-460kw-aj-na-splatky-protiucet_31_small.webp"},{"id":96506,"max":"https:\/\/cdn.assetlog.ai\/assets\/116978\/bmw-m5-competition-460kw-aj-na-splatky-protiucet_32_max.webp","medium":"https:\/\/cdn.assetlog.ai\/assets\/116978\/bmw-m5-competition-460kw-aj-na-splatky-protiucet_32_medium.webp","small":"https:\/\/cdn.assetlog.ai\/assets\/116978\/bmw-m5-competition-460kw-aj-na-splatky-protiucet_32_small.webp"},{"id":96507,"max":"https:\/\/cdn.assetlog.ai\/assets\/116978\/bmw-m5-competition-460kw-aj-na-splatky-protiucet_33_max.webp","medium":"https:\/\/cdn.assetlog.ai\/assets\/116978\/bmw-m5-competition-460kw-aj-na-splatky-protiucet_33_medium.webp","small":"https:\/\/cdn.assetlog.ai\/assets\/116978\/bmw-m5-competition-460kw-aj-na-splatky-protiucet_33_small.webp"}],"published_at":null,"expires_at":null,"created_at":"2026-07-11T03:40:14+00:00","updated_at":"2026-09-01T03:42:01+00:00"}}