{"data":{"id":163613,"slug":"bmw-m550d-xdrive-2015-at-280kw","type":"vehicle","title":"BMW M550d xDrive 2015 AT 280kW","description":"If interested, there is an option to arrange financing from 0% down payment. The vehicle can be physically viewed in Hodon\u00edn by arrangement, or after depositing a non-refundable deposit of 10,000 CZK, we can arrange individual transport to your destination. Transport cost is 49 CZK\/1km (return trip is also charged).\n\nTechnical Data\n\nYear of manufacture: 11\/15, 2993cm\u00b3, 280kW (381PS), Drive: 4\u00d74, Automatic, Diesel, Euro 6, 5 doors, (5-seater), 263,000km, Black, VIN WBA5K91000G312438\n\nVehicle Fuel Consumption (l\/100km)\n\nIn city: 7.7, Outside city: 5.5, Combined: 5.5","language":"cs","is_translated":true,"title_original":"BMW M550d xDrive 2015 AT 280kW","description_original":"V p\u0159\u00edpad\u011b z\u00e1jmu mo\u017enost vybavit financov\u00e1n\u00ed od 0% akontace. V\u016fz lze fyzicky po dohod\u011b vid\u011bt v Hodon\u00edne p\u0159\u00edpadn\u011b po slo\u017een\u00ed nevratn\u00e9 z\u00e1lohy 10 000 K\u010d mo\u017enost zajistit individu\u00e1ln\u00ed p\u0159evoz do c\u00edlov\u00e9 destinace. Cena p\u0159evozu je 49K\u010d\/1km (plat\u00ed se i cesta zp\u011bt).\n\nTechnick\u00e9 \u00fadaje\n\nr.v.: 11\/15, 2993cm\u00b3, 280kW (381PS), Pohon: 4\u00d74, Automat, Diesel, Euro 6, 5 dv., (5-m\u00edstn\u00e9), 263 000km, \u010cern\u00e1, VIN WBA5K91000G312438\n\nSpot\u0159eba vozidla (l\/100km)\n\nVe m\u011bst\u011b: 7.7, mimo m\u011bsta: 5.5, kombinovan\u00e1: 5.5","price":"394000.00","currency":"CZK","status":"active","noindex":true,"location":{"address":null,"full_address":null,"city":"Hodon\u00edn","country":"CZ","latitude":48.8563914,"longitude":17.1234655},"metadata":{"vin":"WBA5K91000G312438","fuel":"diesel","year":2015,"brand":"BMW","color":"Black","doors":5,"drive":"AWD \/ 4x4","model":"530","seats":5,"region":"Jihomoravsk\u00fd kraj","mileage":263000,"emisions":null,"features":["6x airbag","ABS","360\u00b0 kamerov\u00fd syst\u00e9m","Alarm","Stabilizace p\u0159\u00edv\u011bsu (TSA)","Autonomn\u00ed \u0159\u00edzen\u00ed","Automatick\u00e1 aktivace v\u00fdstra\u017en\u00fdch sv\u011btel","Asistent rozjezdu do kopce","Deaktivace airbagu spolujezdce","EDS","ESP","ISOFIX na sedadle spolujezdce","ISOFIX na zadn\u00edch sedadlech","Senzor tlaku v pneumatik\u00e1ch","Prediktivn\u00ed nouzov\u00e9 brzd\u011bn\u00ed (PEBS)","Omezova\u010d rychlosti","Posilova\u010d \u0159\u00edzen\u00ed","Prediktivn\u00ed tempomat","Protiprokluzov\u00fd syst\u00e9m kol (TC, ASR)","P\u0159edn\u00ed a zadn\u00ed parkovac\u00ed senzory","Senzor st\u011bra\u010d\u016f","Syst\u00e9m rozpozn\u00e1v\u00e1n\u00ed dopravn\u00edch zna\u010dek","Varov\u00e1n\u00ed p\u0159ed \u010deln\u00ed sr\u00e1\u017ekou","Asistent udr\u017eov\u00e1n\u00ed j\u00edzdn\u00edho pruhu","Kola 19\"","AUX vstup","Adaptivn\u00ed sv\u011btlomety","Automaticky stm\u00edvateln\u00e1 zp\u011btn\u00e1 zrc\u00e1tka","Automatick\u00e1 4-z\u00f3nov\u00e1 klimatizace","Elektrick\u00e1 parkovac\u00ed brzda","Automatick\u00e9 rozsv\u011bcen\u00ed sv\u011btel","Autor\u00e1dio","Bezkl\u00ed\u010dov\u00e9 startov\u00e1n\u00ed","Bezkl\u00ed\u010dov\u00fd vstup","Bi-xenonov\u00e9 sv\u011btlomety","Bluetooth","CD p\u0159ehr\u00e1va\u010d","Centr\u00e1ln\u00ed zamyk\u00e1n\u00ed","Centr\u00e1ln\u00ed zamyk\u00e1n\u00ed na d\u00e1lkov\u00e9 ovl\u00e1d\u00e1n\u00ed","Denn\u00ed sv\u00edcen\u00ed","Displej","El. nastaviteln\u00e1 p\u0159edn\u00ed sedadla","Elektricky nastaviteln\u00e1 zp\u011btn\u00e1 zrc\u00e1tka","Elektricky nastaviteln\u00fd volant","Elektricky sklopn\u00e1 zp\u011btn\u00e1 zrc\u00e1tka","Elektricky vyh\u0159\u00edvan\u00e1 zp\u011btn\u00e1 zrc\u00e1tka","Elektrick\u00e9 dov\u00edr\u00e1n\u00ed v\u0161ech dve\u0159\u00ed","Elektrick\u00e9 dov\u00edr\u00e1n\u00ed zavazadlov\u00e9ho prostoru","El. ovl\u00e1dan\u00fd kufr","Head-up display","Hudebn\u00ed streaming","Chytr\u00fd kl\u00ed\u010d","Ko\u017een\u00fd volant","LED zadn\u00ed sv\u011btla","Lit\u00e1 kola","Loketn\u00ed op\u011brka vp\u0159edu","Loketn\u00ed op\u011brka vzadu","MP3 rozhran\u00ed","Multifunk\u010dn\u00ed volant","V\u00fd\u0161kov\u011b a pod\u00e9ln\u011b nastaviteln\u00fd volant","Navigace","Nez\u00e1visl\u00e9 topen\u00ed","Ost\u0159ikova\u010de sv\u011btlomet\u016f","Ovl\u00e1d\u00e1n\u00ed gar\u00e1\u017eov\u00fdch vrat","Hlasov\u00e9 ovl\u00e1d\u00e1n\u00ed","Palubn\u00ed po\u010d\u00edta\u010d","Panoramatick\u00e1 st\u0159echa","P\u00e1dla pod volantem","P\u0159edn\u00ed el. stahovateln\u00e1 okna","Pam\u011b\u0165 nastaven\u00ed sedadla \u0159idi\u010de","Nat\u00e1\u010dec\u00ed sv\u011btlomety","Pr\u00e9miov\u00e9 \u010daloun\u011bn\u00ed stropu","Sklopn\u00e1 zadn\u00ed sedadla","Sportovn\u00ed sedadla","Start\/Stop syst\u00e9m","St\u0159e\u0161n\u00ed okno","Sv\u011bteln\u00fd senzor","T\u00f3novan\u00e1 skla","USB","Venkovn\u00ed teplom\u011br","Vyh\u0159\u00edvan\u00e1 p\u0159edn\u00ed sedadla","Vyh\u0159\u00edvan\u00e1 zadn\u00ed sedadla","V\u00fd\u0161kov\u011b nastaviteln\u00e9 sedadlo spolujezdce","V\u00fd\u0161kov\u011b nastaviteln\u00e9 sedadlo \u0159idi\u010de","Zadn\u00ed el. stahovateln\u00e1 okna","Zadn\u00ed st\u011bra\u010d","St\u0159e\u0161n\u00ed li\u017einy","St\u0159e\u0161n\u00ed nosi\u010d"],"power_kw":280,"body_type":"Estate","condition":"Used","transmission":"automatic","vat_deductible":false,"consumption_city":7.7,"translation_hash":"e2ab213d851062c6cba35c5ba57c0bc2320dc633","vehicle_category":"car","engine_volume_cm3":2993,"first_registration":"2015-11-27","translation_status":"done","consumption_highway":5.5,"consumption_combined":5.5},"user_id":20,"is_sponsored":false,"views_count":6,"ai_views_count":8,"ai_vendor_counts":{"meta":4,"other":1,"openai":2,"anthropic":1},"visibility":"public","submission_source":null,"submission_ai_name":null,"has_owner_email":true,"can_contact_owner":true,"phone":"+420 731 292 561","owner_email":"kadlecova@autorro.cz","user":{"id":20,"slug":"hana-kadlecova-20","name":"Hana Kadlecov\u00e1","bio":"Makl\u00e9\u0159ka. P\u016fsob\u00edm v Brn\u011b.\n\nP\u016fsobnost: Brno","nationality":"CZ","languages":["cs","sk"],"service_areas":[],"card_style":null,"card_palette":null,"avatar_url":"https:\/\/cdn.assetlog.ai\/avatars\/20\/avatar_max.webp?v=1786535213","avatar_thumb_url":"https:\/\/cdn.assetlog.ai\/avatars\/20\/avatar_small.webp?v=1786535213","reviews_count":0,"avg_rating":null,"seller_badge":"silver","can_calendar":true},"images":[{"id":133300,"max":"https:\/\/cdn.assetlog.ai\/assets\/163613\/bmw-m550d-xdrive-2015-at-280kw_1_max.webp","medium":"https:\/\/cdn.assetlog.ai\/assets\/163613\/bmw-m550d-xdrive-2015-at-280kw_1_medium.webp","small":"https:\/\/cdn.assetlog.ai\/assets\/163613\/bmw-m550d-xdrive-2015-at-280kw_1_small.webp"},{"id":133301,"max":"https:\/\/cdn.assetlog.ai\/assets\/163613\/bmw-m550d-xdrive-2015-at-280kw_2_max.webp","medium":"https:\/\/cdn.assetlog.ai\/assets\/163613\/bmw-m550d-xdrive-2015-at-280kw_2_medium.webp","small":"https:\/\/cdn.assetlog.ai\/assets\/163613\/bmw-m550d-xdrive-2015-at-280kw_2_small.webp"},{"id":133302,"max":"https:\/\/cdn.assetlog.ai\/assets\/163613\/bmw-m550d-xdrive-2015-at-280kw_3_max.webp","medium":"https:\/\/cdn.assetlog.ai\/assets\/163613\/bmw-m550d-xdrive-2015-at-280kw_3_medium.webp","small":"https:\/\/cdn.assetlog.ai\/assets\/163613\/bmw-m550d-xdrive-2015-at-280kw_3_small.webp"},{"id":133303,"max":"https:\/\/cdn.assetlog.ai\/assets\/163613\/bmw-m550d-xdrive-2015-at-280kw_4_max.webp","medium":"https:\/\/cdn.assetlog.ai\/assets\/163613\/bmw-m550d-xdrive-2015-at-280kw_4_medium.webp","small":"https:\/\/cdn.assetlog.ai\/assets\/163613\/bmw-m550d-xdrive-2015-at-280kw_4_small.webp"},{"id":133304,"max":"https:\/\/cdn.assetlog.ai\/assets\/163613\/bmw-m550d-xdrive-2015-at-280kw_5_max.webp","medium":"https:\/\/cdn.assetlog.ai\/assets\/163613\/bmw-m550d-xdrive-2015-at-280kw_5_medium.webp","small":"https:\/\/cdn.assetlog.ai\/assets\/163613\/bmw-m550d-xdrive-2015-at-280kw_5_small.webp"},{"id":133305,"max":"https:\/\/cdn.assetlog.ai\/assets\/163613\/bmw-m550d-xdrive-2015-at-280kw_6_max.webp","medium":"https:\/\/cdn.assetlog.ai\/assets\/163613\/bmw-m550d-xdrive-2015-at-280kw_6_medium.webp","small":"https:\/\/cdn.assetlog.ai\/assets\/163613\/bmw-m550d-xdrive-2015-at-280kw_6_small.webp"},{"id":133306,"max":"https:\/\/cdn.assetlog.ai\/assets\/163613\/bmw-m550d-xdrive-2015-at-280kw_7_max.webp","medium":"https:\/\/cdn.assetlog.ai\/assets\/163613\/bmw-m550d-xdrive-2015-at-280kw_7_medium.webp","small":"https:\/\/cdn.assetlog.ai\/assets\/163613\/bmw-m550d-xdrive-2015-at-280kw_7_small.webp"},{"id":133307,"max":"https:\/\/cdn.assetlog.ai\/assets\/163613\/bmw-m550d-xdrive-2015-at-280kw_8_max.webp","medium":"https:\/\/cdn.assetlog.ai\/assets\/163613\/bmw-m550d-xdrive-2015-at-280kw_8_medium.webp","small":"https:\/\/cdn.assetlog.ai\/assets\/163613\/bmw-m550d-xdrive-2015-at-280kw_8_small.webp"},{"id":133308,"max":"https:\/\/cdn.assetlog.ai\/assets\/163613\/bmw-m550d-xdrive-2015-at-280kw_9_max.webp","medium":"https:\/\/cdn.assetlog.ai\/assets\/163613\/bmw-m550d-xdrive-2015-at-280kw_9_medium.webp","small":"https:\/\/cdn.assetlog.ai\/assets\/163613\/bmw-m550d-xdrive-2015-at-280kw_9_small.webp"},{"id":133309,"max":"https:\/\/cdn.assetlog.ai\/assets\/163613\/bmw-m550d-xdrive-2015-at-280kw_10_max.webp","medium":"https:\/\/cdn.assetlog.ai\/assets\/163613\/bmw-m550d-xdrive-2015-at-280kw_10_medium.webp","small":"https:\/\/cdn.assetlog.ai\/assets\/163613\/bmw-m550d-xdrive-2015-at-280kw_10_small.webp"},{"id":133310,"max":"https:\/\/cdn.assetlog.ai\/assets\/163613\/bmw-m550d-xdrive-2015-at-280kw_11_max.webp","medium":"https:\/\/cdn.assetlog.ai\/assets\/163613\/bmw-m550d-xdrive-2015-at-280kw_11_medium.webp","small":"https:\/\/cdn.assetlog.ai\/assets\/163613\/bmw-m550d-xdrive-2015-at-280kw_11_small.webp"},{"id":133311,"max":"https:\/\/cdn.assetlog.ai\/assets\/163613\/bmw-m550d-xdrive-2015-at-280kw_12_max.webp","medium":"https:\/\/cdn.assetlog.ai\/assets\/163613\/bmw-m550d-xdrive-2015-at-280kw_12_medium.webp","small":"https:\/\/cdn.assetlog.ai\/assets\/163613\/bmw-m550d-xdrive-2015-at-280kw_12_small.webp"},{"id":133312,"max":"https:\/\/cdn.assetlog.ai\/assets\/163613\/bmw-m550d-xdrive-2015-at-280kw_13_max.webp","medium":"https:\/\/cdn.assetlog.ai\/assets\/163613\/bmw-m550d-xdrive-2015-at-280kw_13_medium.webp","small":"https:\/\/cdn.assetlog.ai\/assets\/163613\/bmw-m550d-xdrive-2015-at-280kw_13_small.webp"},{"id":133313,"max":"https:\/\/cdn.assetlog.ai\/assets\/163613\/bmw-m550d-xdrive-2015-at-280kw_14_max.webp","medium":"https:\/\/cdn.assetlog.ai\/assets\/163613\/bmw-m550d-xdrive-2015-at-280kw_14_medium.webp","small":"https:\/\/cdn.assetlog.ai\/assets\/163613\/bmw-m550d-xdrive-2015-at-280kw_14_small.webp"},{"id":133314,"max":"https:\/\/cdn.assetlog.ai\/assets\/163613\/bmw-m550d-xdrive-2015-at-280kw_15_max.webp","medium":"https:\/\/cdn.assetlog.ai\/assets\/163613\/bmw-m550d-xdrive-2015-at-280kw_15_medium.webp","small":"https:\/\/cdn.assetlog.ai\/assets\/163613\/bmw-m550d-xdrive-2015-at-280kw_15_small.webp"},{"id":133315,"max":"https:\/\/cdn.assetlog.ai\/assets\/163613\/bmw-m550d-xdrive-2015-at-280kw_16_max.webp","medium":"https:\/\/cdn.assetlog.ai\/assets\/163613\/bmw-m550d-xdrive-2015-at-280kw_16_medium.webp","small":"https:\/\/cdn.assetlog.ai\/assets\/163613\/bmw-m550d-xdrive-2015-at-280kw_16_small.webp"},{"id":133316,"max":"https:\/\/cdn.assetlog.ai\/assets\/163613\/bmw-m550d-xdrive-2015-at-280kw_17_max.webp","medium":"https:\/\/cdn.assetlog.ai\/assets\/163613\/bmw-m550d-xdrive-2015-at-280kw_17_medium.webp","small":"https:\/\/cdn.assetlog.ai\/assets\/163613\/bmw-m550d-xdrive-2015-at-280kw_17_small.webp"},{"id":133317,"max":"https:\/\/cdn.assetlog.ai\/assets\/163613\/bmw-m550d-xdrive-2015-at-280kw_18_max.webp","medium":"https:\/\/cdn.assetlog.ai\/assets\/163613\/bmw-m550d-xdrive-2015-at-280kw_18_medium.webp","small":"https:\/\/cdn.assetlog.ai\/assets\/163613\/bmw-m550d-xdrive-2015-at-280kw_18_small.webp"},{"id":133318,"max":"https:\/\/cdn.assetlog.ai\/assets\/163613\/bmw-m550d-xdrive-2015-at-280kw_19_max.webp","medium":"https:\/\/cdn.assetlog.ai\/assets\/163613\/bmw-m550d-xdrive-2015-at-280kw_19_medium.webp","small":"https:\/\/cdn.assetlog.ai\/assets\/163613\/bmw-m550d-xdrive-2015-at-280kw_19_small.webp"},{"id":133319,"max":"https:\/\/cdn.assetlog.ai\/assets\/163613\/bmw-m550d-xdrive-2015-at-280kw_20_max.webp","medium":"https:\/\/cdn.assetlog.ai\/assets\/163613\/bmw-m550d-xdrive-2015-at-280kw_20_medium.webp","small":"https:\/\/cdn.assetlog.ai\/assets\/163613\/bmw-m550d-xdrive-2015-at-280kw_20_small.webp"},{"id":133320,"max":"https:\/\/cdn.assetlog.ai\/assets\/163613\/bmw-m550d-xdrive-2015-at-280kw_21_max.webp","medium":"https:\/\/cdn.assetlog.ai\/assets\/163613\/bmw-m550d-xdrive-2015-at-280kw_21_medium.webp","small":"https:\/\/cdn.assetlog.ai\/assets\/163613\/bmw-m550d-xdrive-2015-at-280kw_21_small.webp"}],"published_at":null,"expires_at":null,"created_at":"2026-08-20T03:40:04+00:00","updated_at":"2026-09-01T03:40:56+00:00"}}