{"data":{"id":167683,"slug":"bmw-rad-1-116i-f20-advantage-80kw-m6-5d-aj-na-splatky-protiucet","type":"vehicle","title":"BMW Series 1 116i F20 Advantage, 80kW, M6, 5-door \/ INSTALLMENT PAYMENTS \/ TRADE-IN ACCEPTED \/","description":"FINANCING \/ PAYMENT PLANS \/ WARRANTY\nSale on commission \u2013 you purchase the vehicle directly from the owner.\n\nThe BMW 116i F20 generation is a compact and dynamic car suitable especially for daily driving, city trips and longer routes. The petrol engine offers a pleasant balance between performance and operating costs.\nThe vehicle has been regularly serviced. Engine oil and filters were changed every 10,000 km. Approximately 1,000 km ago, the brakes were completely replaced, new spark plugs were installed and a new rear arm was fitted. A service booklet and 2 keys are available.\nThe vehicle is fitted with summer tyres with DOT 2026 and also comes with a winter set on rims with DOT 2025.\n\nWe offer favorable financing options with monthly installments, so you can enjoy your new vehicle immediately, without unnecessary waiting, with a down payment from 0% and installments up to 96 months. On the Autorro website, you can fill out a non-binding financing form.\n\nFor your greater convenience and peace of mind, we can provide you with an extended warranty of up to 12-36 months.\n\nIf you already own a car, you don't have to worry about selling it - in return, we will take it directly from you. Simply come to us with it, we will evaluate it and deduct the costs from the value of your new car. This way you save time, worry and money, and the whole process will be quick and easy - you leave directly in your new car without unnecessary paperwork.\n\nTHE VEHICLE IS LOCATED IN Zlat\u00e9 Moravce.\nMore information available by phone at 0949 228 711.\n\nVehicle number: ZM003CL. Technical certificate valid until: August 25, 2027. Technical inspection valid until: August 25, 2027.\n\nTechnical Specifications\n\nFirst registration: 04\/15, 1499cc, 80kW (109 PS), Vehicle generation: F20, Drive: Rear-wheel drive, Manual (6-speed), Petrol, EURO 6, 5-door, (5-seater), 111,398 km, White, VIN WBA2R11050P777359\n\nVehicle Fuel Consumption (l\/100km)\n\nCity: 6.8, Highway: 4.6, Combined: 5.4\n\nService booklet, New from purchase in Slovakia, Trade-in possible, Financing available","language":"cs","is_translated":true,"title_original":"BMW Rad 1 116i F20 Advantage, 80kW, M6, 5d. \/ AJ NA SPL\u00c1TKY \/ PROTI\u00da\u010cET \/","description_original":"FINANCOV\u00c1N\u00cd \/ PRODEJ NA PROPLACEN\u00cd \/ Z\u00c1RUKA\nProdej na provizi \u2013 vozidlo kupujete p\u0159\u00edmo od majitele.\n\nBMW 116i generace F20 je kompaktn\u00ed a dynamick\u00fd v\u016fz vhodn\u00fd zejm\u00e9na pro ka\u017edodenn\u00ed j\u00edzdu, do m\u011bsta i na del\u0161\u00ed trasy. Benz\u00ednov\u00fd motor nab\u00edz\u00ed p\u0159\u00edjemn\u00fd pom\u011br mezi v\u00fdkonem a provozn\u00edmi n\u00e1klady.\nVozidlo bylo pravideln\u011b servisov\u00e1no. Motorov\u00fd olej a filtry byly m\u011bn\u011bny ka\u017ed\u00fdch 10 000 km. P\u0159ibli\u017en\u011b p\u0159ed 1 000 km byly vym\u011bn\u011bny kompletn\u00ed brzdy, nov\u00e9 zapalovac\u00ed sv\u00ed\u010dky a nov\u00e9 zadn\u00ed rameno. K dispozici je servisn\u00ed kn\u00ed\u017eka a 2 kl\u00ed\u010de.\nVozidlo je obuto na letn\u00ed pneumatiky s DOT 2026 a k n\u011bmu pat\u0159\u00ed tak\u00e9 zimn\u00ed sada na r\u00e1fc\u00edch s DOT 2025.\n\nNab\u00edz\u00edme mo\u017enost v\u00fdhodn\u00e9ho financov\u00e1n\u00ed s m\u011bs\u00ed\u010dn\u00edmi spl\u00e1tkami, tak\u017ee si sv\u00e9 nov\u00e9 vozidlo m\u016f\u017eete u\u017e\u00edt ihned, bez zbyte\u010dn\u00e9ho \u010dek\u00e1n\u00ed, s akontac\u00ed od 0 % a spl\u00e1tkami a\u017e na 96 m\u011bs\u00edc\u016f. Na str\u00e1nk\u00e1ch Autorro m\u016f\u017eete vyplnit nez\u00e1vazn\u00fd formul\u00e1\u0159 pro financov\u00e1n\u00ed.\n\nPro va\u0161e v\u011bt\u0161\u00ed pohodl\u00ed a jistotu v\u00e1m m\u016f\u017eeme poskytnout prodlou\u017eenou z\u00e1ruku a\u017e na 12-36 m\u011bs\u00edc\u016f.\n\nPokud ji\u017e v\u016fz vlastn\u00edte, nemus\u00edte se zab\u00fdvat jeho prodejem - na opl\u00e1tku si ho od v\u00e1s p\u0159\u00edmo vezmeme. Sta\u010d\u00ed, kdy\u017e k n\u00e1m s n\u00edm p\u0159ijdete, my ho ocen\u00edme a n\u00e1klady ode\u010dteme od hodnoty va\u0161eho nov\u00e9ho vozu. U\u0161et\u0159\u00edte tak \u010das, starosti i pen\u00edze a cel\u00fd proces bude rychl\u00fd a snadn\u00fd - odjedete rovnou ve sv\u00e9m nov\u00e9m voze bez zbyte\u010dn\u00e9ho pap\u00edrov\u00e1n\u00ed.\n\nVOZIDLO SE NACH\u00c1Z\u00cd V Zlat\u00fdch Moravciach.\nViac inform\u00e1ci\u00ed V\u00e1m poskytneme na telefonn\u00edm \u010d\u00edsle 0949 228 711.\n\n\u010c\u00edslo vozidla: ZM003CL. Platnost technick\u00e9ho osv\u011bd\u010den\u00ed do: 25. 8. 2027. Platnost technick\u00e9 kontroly do: 25. 8. 2027.\n\nTechnick\u00e9 \u00fadaje\n\nv.v.: 04\/15, 1499cm\u00b3, 80kW (109PS), Generace vozidla: F20, Pohon: Pohon zadn\u00edch kol, Manu\u00e1ln\u00ed (6 st.), Benz\u00edn, EURO 6, 5 dv., (5-m\u00edstn\u00fd), 111 398km, B\u00edl\u00e1, VIN WBA2R11050P777359\n\nSpot\u0159eba vozidla (l\/100km)\n\nVe m\u011bst\u011b: 6.8, mimo m\u011bsto: 4.6, kombinovan\u00e1: 5.4\n\nServisn\u00ed kn\u00ed\u017eka, Jako nov\u00e9 koupen\u00e9 v SR, Mo\u017en\u00e1 v\u00fdm\u011bna, Mo\u017en\u00fd \u00fav\u011br","price":"216614.00","currency":"CZK","status":"active","noindex":true,"location":{"address":null,"full_address":null,"city":"Levice","country":"SK","latitude":48.2163194,"longitude":18.6000869},"metadata":{"vin":"WBA2R11050P777359","fuel":"petrol","year":2015,"brand":"BMW","color":"White","doors":5,"drive":"Rear-wheel drive","model":"rad 1","seats":5,"region":"Nitriansky kraj","mileage":111398,"emisions":"Euro 6","features":["Alarm","Posilova\u010d \u0159\u00edzen\u00ed","ABS","ESP","DSC\/DTC","ISOFIX na zadn\u00edch sedadlech","Deaktivace airbagu spolujezdce","Senzor tlaku","Centr\u00e1ln\u00ed zamyk\u00e1n\u00ed","Zadn\u00ed el. stahovateln\u00e1 okna","Elektricky nastaviteln\u00e1 zp\u011btn\u00e1 zrc\u00e1tka","Automatick\u00e1 2-z\u00f3nov\u00e1 klimatizace","Centr\u00e1ln\u00ed zamyk\u00e1n\u00ed na d\u00e1lkov\u00e9 ovl\u00e1d\u00e1n\u00ed","Autor\u00e1dio","Multifunk\u010dn\u00ed volant","Start\/Stop syst\u00e9m","Venkovn\u00ed teplom\u011br","Welcome light","Lit\u00e1 kola","Mlhovky","Imobiliz\u00e9r","Palubn\u00ed po\u010d\u00edta\u010d","Tempomat","Elektricky vyh\u0159\u00edvan\u00e1 zp\u011btn\u00e1 zrc\u00e1tka","F\u00f3lie","Senzor st\u011bra\u010d\u016f","Sv\u011bteln\u00fd senzor","Zimn\u00ed sada kol","P\u0159edn\u00ed a zadn\u00ed parkovac\u00ed senzory","Bluetooth","Serv. kni\u017eka","Ako nov\u00e9 k\u00fapen\u00e9 v SR","Mo\u017en\u00e1 v\u00fdmena","Mo\u017en\u00fd \u00faver","Ko\u017een\u00fd paket","Odo-pass","LCD panel","CD m\u011bni\u010d","Drive Select (j\u00edzdy re\u017eimy)"],"power_kw":80,"body_type":"Hatchback","condition":"Used","transmission":"manual","vat_deductible":false,"consumption_city":6.8,"translation_hash":"459239517bd6a2d90e0347d9c58df50eb1f3060d","vehicle_category":"car","engine_volume_cm3":1499,"first_registration":"2015-04-01","translation_status":"done","consumption_highway":4.6,"consumption_combined":5.4},"user_id":16,"is_sponsored":false,"views_count":4,"ai_views_count":10,"ai_vendor_counts":{"meta":4,"other":2,"openai":2,"anthropic":2},"visibility":"public","submission_source":null,"submission_ai_name":null,"has_owner_email":true,"can_contact_owner":true,"phone":"0949 228 711","owner_email":"petras@autorro.sk","user":{"id":16,"slug":"martin-petras-16","name":"Martin Petr\u00e1\u0161","bio":"Makl\u00e9r. P\u016fsob\u00edm v Leviciach a okol\u00ed.\n\nP\u016fsobnost: Levice","nationality":"SK","languages":["cs","sk"],"service_areas":[],"card_style":null,"card_palette":null,"avatar_url":"https:\/\/cdn.assetlog.ai\/avatars\/16\/avatar_max.webp?v=1786535213","avatar_thumb_url":"https:\/\/cdn.assetlog.ai\/avatars\/16\/avatar_small.webp?v=1786535213","reviews_count":0,"avg_rating":null,"seller_badge":"silver","can_calendar":true,"joined_at":"2026-06-07T07:44:40+00:00","primary_intent":null,"seeking":[],"asset_types":["vehicle"],"public_assets_count":34,"public_prompts_count":0,"followers_count":0},"images":[{"id":135118,"max":"https:\/\/cdn.assetlog.ai\/assets\/167683\/bmw-rad-1-116i-f20-advantage-80kw-m6-5d-aj-na-splatky-protiucet_1_max.webp","medium":"https:\/\/cdn.assetlog.ai\/assets\/167683\/bmw-rad-1-116i-f20-advantage-80kw-m6-5d-aj-na-splatky-protiucet_1_medium.webp","small":"https:\/\/cdn.assetlog.ai\/assets\/167683\/bmw-rad-1-116i-f20-advantage-80kw-m6-5d-aj-na-splatky-protiucet_1_small.webp"},{"id":135119,"max":"https:\/\/cdn.assetlog.ai\/assets\/167683\/bmw-rad-1-116i-f20-advantage-80kw-m6-5d-aj-na-splatky-protiucet_2_max.webp","medium":"https:\/\/cdn.assetlog.ai\/assets\/167683\/bmw-rad-1-116i-f20-advantage-80kw-m6-5d-aj-na-splatky-protiucet_2_medium.webp","small":"https:\/\/cdn.assetlog.ai\/assets\/167683\/bmw-rad-1-116i-f20-advantage-80kw-m6-5d-aj-na-splatky-protiucet_2_small.webp"},{"id":135120,"max":"https:\/\/cdn.assetlog.ai\/assets\/167683\/bmw-rad-1-116i-f20-advantage-80kw-m6-5d-aj-na-splatky-protiucet_3_max.webp","medium":"https:\/\/cdn.assetlog.ai\/assets\/167683\/bmw-rad-1-116i-f20-advantage-80kw-m6-5d-aj-na-splatky-protiucet_3_medium.webp","small":"https:\/\/cdn.assetlog.ai\/assets\/167683\/bmw-rad-1-116i-f20-advantage-80kw-m6-5d-aj-na-splatky-protiucet_3_small.webp"},{"id":135121,"max":"https:\/\/cdn.assetlog.ai\/assets\/167683\/bmw-rad-1-116i-f20-advantage-80kw-m6-5d-aj-na-splatky-protiucet_4_max.webp","medium":"https:\/\/cdn.assetlog.ai\/assets\/167683\/bmw-rad-1-116i-f20-advantage-80kw-m6-5d-aj-na-splatky-protiucet_4_medium.webp","small":"https:\/\/cdn.assetlog.ai\/assets\/167683\/bmw-rad-1-116i-f20-advantage-80kw-m6-5d-aj-na-splatky-protiucet_4_small.webp"},{"id":135122,"max":"https:\/\/cdn.assetlog.ai\/assets\/167683\/bmw-rad-1-116i-f20-advantage-80kw-m6-5d-aj-na-splatky-protiucet_5_max.webp","medium":"https:\/\/cdn.assetlog.ai\/assets\/167683\/bmw-rad-1-116i-f20-advantage-80kw-m6-5d-aj-na-splatky-protiucet_5_medium.webp","small":"https:\/\/cdn.assetlog.ai\/assets\/167683\/bmw-rad-1-116i-f20-advantage-80kw-m6-5d-aj-na-splatky-protiucet_5_small.webp"},{"id":135123,"max":"https:\/\/cdn.assetlog.ai\/assets\/167683\/bmw-rad-1-116i-f20-advantage-80kw-m6-5d-aj-na-splatky-protiucet_6_max.webp","medium":"https:\/\/cdn.assetlog.ai\/assets\/167683\/bmw-rad-1-116i-f20-advantage-80kw-m6-5d-aj-na-splatky-protiucet_6_medium.webp","small":"https:\/\/cdn.assetlog.ai\/assets\/167683\/bmw-rad-1-116i-f20-advantage-80kw-m6-5d-aj-na-splatky-protiucet_6_small.webp"},{"id":135124,"max":"https:\/\/cdn.assetlog.ai\/assets\/167683\/bmw-rad-1-116i-f20-advantage-80kw-m6-5d-aj-na-splatky-protiucet_7_max.webp","medium":"https:\/\/cdn.assetlog.ai\/assets\/167683\/bmw-rad-1-116i-f20-advantage-80kw-m6-5d-aj-na-splatky-protiucet_7_medium.webp","small":"https:\/\/cdn.assetlog.ai\/assets\/167683\/bmw-rad-1-116i-f20-advantage-80kw-m6-5d-aj-na-splatky-protiucet_7_small.webp"},{"id":135125,"max":"https:\/\/cdn.assetlog.ai\/assets\/167683\/bmw-rad-1-116i-f20-advantage-80kw-m6-5d-aj-na-splatky-protiucet_8_max.webp","medium":"https:\/\/cdn.assetlog.ai\/assets\/167683\/bmw-rad-1-116i-f20-advantage-80kw-m6-5d-aj-na-splatky-protiucet_8_medium.webp","small":"https:\/\/cdn.assetlog.ai\/assets\/167683\/bmw-rad-1-116i-f20-advantage-80kw-m6-5d-aj-na-splatky-protiucet_8_small.webp"},{"id":135126,"max":"https:\/\/cdn.assetlog.ai\/assets\/167683\/bmw-rad-1-116i-f20-advantage-80kw-m6-5d-aj-na-splatky-protiucet_9_max.webp","medium":"https:\/\/cdn.assetlog.ai\/assets\/167683\/bmw-rad-1-116i-f20-advantage-80kw-m6-5d-aj-na-splatky-protiucet_9_medium.webp","small":"https:\/\/cdn.assetlog.ai\/assets\/167683\/bmw-rad-1-116i-f20-advantage-80kw-m6-5d-aj-na-splatky-protiucet_9_small.webp"},{"id":135127,"max":"https:\/\/cdn.assetlog.ai\/assets\/167683\/bmw-rad-1-116i-f20-advantage-80kw-m6-5d-aj-na-splatky-protiucet_10_max.webp","medium":"https:\/\/cdn.assetlog.ai\/assets\/167683\/bmw-rad-1-116i-f20-advantage-80kw-m6-5d-aj-na-splatky-protiucet_10_medium.webp","small":"https:\/\/cdn.assetlog.ai\/assets\/167683\/bmw-rad-1-116i-f20-advantage-80kw-m6-5d-aj-na-splatky-protiucet_10_small.webp"},{"id":135128,"max":"https:\/\/cdn.assetlog.ai\/assets\/167683\/bmw-rad-1-116i-f20-advantage-80kw-m6-5d-aj-na-splatky-protiucet_11_max.webp","medium":"https:\/\/cdn.assetlog.ai\/assets\/167683\/bmw-rad-1-116i-f20-advantage-80kw-m6-5d-aj-na-splatky-protiucet_11_medium.webp","small":"https:\/\/cdn.assetlog.ai\/assets\/167683\/bmw-rad-1-116i-f20-advantage-80kw-m6-5d-aj-na-splatky-protiucet_11_small.webp"},{"id":135129,"max":"https:\/\/cdn.assetlog.ai\/assets\/167683\/bmw-rad-1-116i-f20-advantage-80kw-m6-5d-aj-na-splatky-protiucet_12_max.webp","medium":"https:\/\/cdn.assetlog.ai\/assets\/167683\/bmw-rad-1-116i-f20-advantage-80kw-m6-5d-aj-na-splatky-protiucet_12_medium.webp","small":"https:\/\/cdn.assetlog.ai\/assets\/167683\/bmw-rad-1-116i-f20-advantage-80kw-m6-5d-aj-na-splatky-protiucet_12_small.webp"},{"id":135130,"max":"https:\/\/cdn.assetlog.ai\/assets\/167683\/bmw-rad-1-116i-f20-advantage-80kw-m6-5d-aj-na-splatky-protiucet_13_max.webp","medium":"https:\/\/cdn.assetlog.ai\/assets\/167683\/bmw-rad-1-116i-f20-advantage-80kw-m6-5d-aj-na-splatky-protiucet_13_medium.webp","small":"https:\/\/cdn.assetlog.ai\/assets\/167683\/bmw-rad-1-116i-f20-advantage-80kw-m6-5d-aj-na-splatky-protiucet_13_small.webp"},{"id":135131,"max":"https:\/\/cdn.assetlog.ai\/assets\/167683\/bmw-rad-1-116i-f20-advantage-80kw-m6-5d-aj-na-splatky-protiucet_14_max.webp","medium":"https:\/\/cdn.assetlog.ai\/assets\/167683\/bmw-rad-1-116i-f20-advantage-80kw-m6-5d-aj-na-splatky-protiucet_14_medium.webp","small":"https:\/\/cdn.assetlog.ai\/assets\/167683\/bmw-rad-1-116i-f20-advantage-80kw-m6-5d-aj-na-splatky-protiucet_14_small.webp"},{"id":135132,"max":"https:\/\/cdn.assetlog.ai\/assets\/167683\/bmw-rad-1-116i-f20-advantage-80kw-m6-5d-aj-na-splatky-protiucet_15_max.webp","medium":"https:\/\/cdn.assetlog.ai\/assets\/167683\/bmw-rad-1-116i-f20-advantage-80kw-m6-5d-aj-na-splatky-protiucet_15_medium.webp","small":"https:\/\/cdn.assetlog.ai\/assets\/167683\/bmw-rad-1-116i-f20-advantage-80kw-m6-5d-aj-na-splatky-protiucet_15_small.webp"},{"id":135133,"max":"https:\/\/cdn.assetlog.ai\/assets\/167683\/bmw-rad-1-116i-f20-advantage-80kw-m6-5d-aj-na-splatky-protiucet_16_max.webp","medium":"https:\/\/cdn.assetlog.ai\/assets\/167683\/bmw-rad-1-116i-f20-advantage-80kw-m6-5d-aj-na-splatky-protiucet_16_medium.webp","small":"https:\/\/cdn.assetlog.ai\/assets\/167683\/bmw-rad-1-116i-f20-advantage-80kw-m6-5d-aj-na-splatky-protiucet_16_small.webp"},{"id":135134,"max":"https:\/\/cdn.assetlog.ai\/assets\/167683\/bmw-rad-1-116i-f20-advantage-80kw-m6-5d-aj-na-splatky-protiucet_17_max.webp","medium":"https:\/\/cdn.assetlog.ai\/assets\/167683\/bmw-rad-1-116i-f20-advantage-80kw-m6-5d-aj-na-splatky-protiucet_17_medium.webp","small":"https:\/\/cdn.assetlog.ai\/assets\/167683\/bmw-rad-1-116i-f20-advantage-80kw-m6-5d-aj-na-splatky-protiucet_17_small.webp"},{"id":135135,"max":"https:\/\/cdn.assetlog.ai\/assets\/167683\/bmw-rad-1-116i-f20-advantage-80kw-m6-5d-aj-na-splatky-protiucet_18_max.webp","medium":"https:\/\/cdn.assetlog.ai\/assets\/167683\/bmw-rad-1-116i-f20-advantage-80kw-m6-5d-aj-na-splatky-protiucet_18_medium.webp","small":"https:\/\/cdn.assetlog.ai\/assets\/167683\/bmw-rad-1-116i-f20-advantage-80kw-m6-5d-aj-na-splatky-protiucet_18_small.webp"},{"id":135136,"max":"https:\/\/cdn.assetlog.ai\/assets\/167683\/bmw-rad-1-116i-f20-advantage-80kw-m6-5d-aj-na-splatky-protiucet_19_max.webp","medium":"https:\/\/cdn.assetlog.ai\/assets\/167683\/bmw-rad-1-116i-f20-advantage-80kw-m6-5d-aj-na-splatky-protiucet_19_medium.webp","small":"https:\/\/cdn.assetlog.ai\/assets\/167683\/bmw-rad-1-116i-f20-advantage-80kw-m6-5d-aj-na-splatky-protiucet_19_small.webp"},{"id":135137,"max":"https:\/\/cdn.assetlog.ai\/assets\/167683\/bmw-rad-1-116i-f20-advantage-80kw-m6-5d-aj-na-splatky-protiucet_20_max.webp","medium":"https:\/\/cdn.assetlog.ai\/assets\/167683\/bmw-rad-1-116i-f20-advantage-80kw-m6-5d-aj-na-splatky-protiucet_20_medium.webp","small":"https:\/\/cdn.assetlog.ai\/assets\/167683\/bmw-rad-1-116i-f20-advantage-80kw-m6-5d-aj-na-splatky-protiucet_20_small.webp"},{"id":135138,"max":"https:\/\/cdn.assetlog.ai\/assets\/167683\/bmw-rad-1-116i-f20-advantage-80kw-m6-5d-aj-na-splatky-protiucet_21_max.webp","medium":"https:\/\/cdn.assetlog.ai\/assets\/167683\/bmw-rad-1-116i-f20-advantage-80kw-m6-5d-aj-na-splatky-protiucet_21_medium.webp","small":"https:\/\/cdn.assetlog.ai\/assets\/167683\/bmw-rad-1-116i-f20-advantage-80kw-m6-5d-aj-na-splatky-protiucet_21_small.webp"},{"id":135139,"max":"https:\/\/cdn.assetlog.ai\/assets\/167683\/bmw-rad-1-116i-f20-advantage-80kw-m6-5d-aj-na-splatky-protiucet_22_max.webp","medium":"https:\/\/cdn.assetlog.ai\/assets\/167683\/bmw-rad-1-116i-f20-advantage-80kw-m6-5d-aj-na-splatky-protiucet_22_medium.webp","small":"https:\/\/cdn.assetlog.ai\/assets\/167683\/bmw-rad-1-116i-f20-advantage-80kw-m6-5d-aj-na-splatky-protiucet_22_small.webp"},{"id":135140,"max":"https:\/\/cdn.assetlog.ai\/assets\/167683\/bmw-rad-1-116i-f20-advantage-80kw-m6-5d-aj-na-splatky-protiucet_23_max.webp","medium":"https:\/\/cdn.assetlog.ai\/assets\/167683\/bmw-rad-1-116i-f20-advantage-80kw-m6-5d-aj-na-splatky-protiucet_23_medium.webp","small":"https:\/\/cdn.assetlog.ai\/assets\/167683\/bmw-rad-1-116i-f20-advantage-80kw-m6-5d-aj-na-splatky-protiucet_23_small.webp"},{"id":135141,"max":"https:\/\/cdn.assetlog.ai\/assets\/167683\/bmw-rad-1-116i-f20-advantage-80kw-m6-5d-aj-na-splatky-protiucet_24_max.webp","medium":"https:\/\/cdn.assetlog.ai\/assets\/167683\/bmw-rad-1-116i-f20-advantage-80kw-m6-5d-aj-na-splatky-protiucet_24_medium.webp","small":"https:\/\/cdn.assetlog.ai\/assets\/167683\/bmw-rad-1-116i-f20-advantage-80kw-m6-5d-aj-na-splatky-protiucet_24_small.webp"},{"id":135142,"max":"https:\/\/cdn.assetlog.ai\/assets\/167683\/bmw-rad-1-116i-f20-advantage-80kw-m6-5d-aj-na-splatky-protiucet_25_max.webp","medium":"https:\/\/cdn.assetlog.ai\/assets\/167683\/bmw-rad-1-116i-f20-advantage-80kw-m6-5d-aj-na-splatky-protiucet_25_medium.webp","small":"https:\/\/cdn.assetlog.ai\/assets\/167683\/bmw-rad-1-116i-f20-advantage-80kw-m6-5d-aj-na-splatky-protiucet_25_small.webp"},{"id":135143,"max":"https:\/\/cdn.assetlog.ai\/assets\/167683\/bmw-rad-1-116i-f20-advantage-80kw-m6-5d-aj-na-splatky-protiucet_26_max.webp","medium":"https:\/\/cdn.assetlog.ai\/assets\/167683\/bmw-rad-1-116i-f20-advantage-80kw-m6-5d-aj-na-splatky-protiucet_26_medium.webp","small":"https:\/\/cdn.assetlog.ai\/assets\/167683\/bmw-rad-1-116i-f20-advantage-80kw-m6-5d-aj-na-splatky-protiucet_26_small.webp"},{"id":135144,"max":"https:\/\/cdn.assetlog.ai\/assets\/167683\/bmw-rad-1-116i-f20-advantage-80kw-m6-5d-aj-na-splatky-protiucet_27_max.webp","medium":"https:\/\/cdn.assetlog.ai\/assets\/167683\/bmw-rad-1-116i-f20-advantage-80kw-m6-5d-aj-na-splatky-protiucet_27_medium.webp","small":"https:\/\/cdn.assetlog.ai\/assets\/167683\/bmw-rad-1-116i-f20-advantage-80kw-m6-5d-aj-na-splatky-protiucet_27_small.webp"},{"id":135145,"max":"https:\/\/cdn.assetlog.ai\/assets\/167683\/bmw-rad-1-116i-f20-advantage-80kw-m6-5d-aj-na-splatky-protiucet_28_max.webp","medium":"https:\/\/cdn.assetlog.ai\/assets\/167683\/bmw-rad-1-116i-f20-advantage-80kw-m6-5d-aj-na-splatky-protiucet_28_medium.webp","small":"https:\/\/cdn.assetlog.ai\/assets\/167683\/bmw-rad-1-116i-f20-advantage-80kw-m6-5d-aj-na-splatky-protiucet_28_small.webp"},{"id":135146,"max":"https:\/\/cdn.assetlog.ai\/assets\/167683\/bmw-rad-1-116i-f20-advantage-80kw-m6-5d-aj-na-splatky-protiucet_29_max.webp","medium":"https:\/\/cdn.assetlog.ai\/assets\/167683\/bmw-rad-1-116i-f20-advantage-80kw-m6-5d-aj-na-splatky-protiucet_29_medium.webp","small":"https:\/\/cdn.assetlog.ai\/assets\/167683\/bmw-rad-1-116i-f20-advantage-80kw-m6-5d-aj-na-splatky-protiucet_29_small.webp"},{"id":135147,"max":"https:\/\/cdn.assetlog.ai\/assets\/167683\/bmw-rad-1-116i-f20-advantage-80kw-m6-5d-aj-na-splatky-protiucet_30_max.webp","medium":"https:\/\/cdn.assetlog.ai\/assets\/167683\/bmw-rad-1-116i-f20-advantage-80kw-m6-5d-aj-na-splatky-protiucet_30_medium.webp","small":"https:\/\/cdn.assetlog.ai\/assets\/167683\/bmw-rad-1-116i-f20-advantage-80kw-m6-5d-aj-na-splatky-protiucet_30_small.webp"},{"id":135148,"max":"https:\/\/cdn.assetlog.ai\/assets\/167683\/bmw-rad-1-116i-f20-advantage-80kw-m6-5d-aj-na-splatky-protiucet_31_max.webp","medium":"https:\/\/cdn.assetlog.ai\/assets\/167683\/bmw-rad-1-116i-f20-advantage-80kw-m6-5d-aj-na-splatky-protiucet_31_medium.webp","small":"https:\/\/cdn.assetlog.ai\/assets\/167683\/bmw-rad-1-116i-f20-advantage-80kw-m6-5d-aj-na-splatky-protiucet_31_small.webp"},{"id":135149,"max":"https:\/\/cdn.assetlog.ai\/assets\/167683\/bmw-rad-1-116i-f20-advantage-80kw-m6-5d-aj-na-splatky-protiucet_32_max.webp","medium":"https:\/\/cdn.assetlog.ai\/assets\/167683\/bmw-rad-1-116i-f20-advantage-80kw-m6-5d-aj-na-splatky-protiucet_32_medium.webp","small":"https:\/\/cdn.assetlog.ai\/assets\/167683\/bmw-rad-1-116i-f20-advantage-80kw-m6-5d-aj-na-splatky-protiucet_32_small.webp"},{"id":135150,"max":"https:\/\/cdn.assetlog.ai\/assets\/167683\/bmw-rad-1-116i-f20-advantage-80kw-m6-5d-aj-na-splatky-protiucet_33_max.webp","medium":"https:\/\/cdn.assetlog.ai\/assets\/167683\/bmw-rad-1-116i-f20-advantage-80kw-m6-5d-aj-na-splatky-protiucet_33_medium.webp","small":"https:\/\/cdn.assetlog.ai\/assets\/167683\/bmw-rad-1-116i-f20-advantage-80kw-m6-5d-aj-na-splatky-protiucet_33_small.webp"},{"id":135151,"max":"https:\/\/cdn.assetlog.ai\/assets\/167683\/bmw-rad-1-116i-f20-advantage-80kw-m6-5d-aj-na-splatky-protiucet_34_max.webp","medium":"https:\/\/cdn.assetlog.ai\/assets\/167683\/bmw-rad-1-116i-f20-advantage-80kw-m6-5d-aj-na-splatky-protiucet_34_medium.webp","small":"https:\/\/cdn.assetlog.ai\/assets\/167683\/bmw-rad-1-116i-f20-advantage-80kw-m6-5d-aj-na-splatky-protiucet_34_small.webp"},{"id":135152,"max":"https:\/\/cdn.assetlog.ai\/assets\/167683\/bmw-rad-1-116i-f20-advantage-80kw-m6-5d-aj-na-splatky-protiucet_35_max.webp","medium":"https:\/\/cdn.assetlog.ai\/assets\/167683\/bmw-rad-1-116i-f20-advantage-80kw-m6-5d-aj-na-splatky-protiucet_35_medium.webp","small":"https:\/\/cdn.assetlog.ai\/assets\/167683\/bmw-rad-1-116i-f20-advantage-80kw-m6-5d-aj-na-splatky-protiucet_35_small.webp"},{"id":135153,"max":"https:\/\/cdn.assetlog.ai\/assets\/167683\/bmw-rad-1-116i-f20-advantage-80kw-m6-5d-aj-na-splatky-protiucet_36_max.webp","medium":"https:\/\/cdn.assetlog.ai\/assets\/167683\/bmw-rad-1-116i-f20-advantage-80kw-m6-5d-aj-na-splatky-protiucet_36_medium.webp","small":"https:\/\/cdn.assetlog.ai\/assets\/167683\/bmw-rad-1-116i-f20-advantage-80kw-m6-5d-aj-na-splatky-protiucet_36_small.webp"},{"id":135154,"max":"https:\/\/cdn.assetlog.ai\/assets\/167683\/bmw-rad-1-116i-f20-advantage-80kw-m6-5d-aj-na-splatky-protiucet_37_max.webp","medium":"https:\/\/cdn.assetlog.ai\/assets\/167683\/bmw-rad-1-116i-f20-advantage-80kw-m6-5d-aj-na-splatky-protiucet_37_medium.webp","small":"https:\/\/cdn.assetlog.ai\/assets\/167683\/bmw-rad-1-116i-f20-advantage-80kw-m6-5d-aj-na-splatky-protiucet_37_small.webp"},{"id":135155,"max":"https:\/\/cdn.assetlog.ai\/assets\/167683\/bmw-rad-1-116i-f20-advantage-80kw-m6-5d-aj-na-splatky-protiucet_38_max.webp","medium":"https:\/\/cdn.assetlog.ai\/assets\/167683\/bmw-rad-1-116i-f20-advantage-80kw-m6-5d-aj-na-splatky-protiucet_38_medium.webp","small":"https:\/\/cdn.assetlog.ai\/assets\/167683\/bmw-rad-1-116i-f20-advantage-80kw-m6-5d-aj-na-splatky-protiucet_38_small.webp"},{"id":135156,"max":"https:\/\/cdn.assetlog.ai\/assets\/167683\/bmw-rad-1-116i-f20-advantage-80kw-m6-5d-aj-na-splatky-protiucet_39_max.webp","medium":"https:\/\/cdn.assetlog.ai\/assets\/167683\/bmw-rad-1-116i-f20-advantage-80kw-m6-5d-aj-na-splatky-protiucet_39_medium.webp","small":"https:\/\/cdn.assetlog.ai\/assets\/167683\/bmw-rad-1-116i-f20-advantage-80kw-m6-5d-aj-na-splatky-protiucet_39_small.webp"},{"id":135157,"max":"https:\/\/cdn.assetlog.ai\/assets\/167683\/bmw-rad-1-116i-f20-advantage-80kw-m6-5d-aj-na-splatky-protiucet_40_max.webp","medium":"https:\/\/cdn.assetlog.ai\/assets\/167683\/bmw-rad-1-116i-f20-advantage-80kw-m6-5d-aj-na-splatky-protiucet_40_medium.webp","small":"https:\/\/cdn.assetlog.ai\/assets\/167683\/bmw-rad-1-116i-f20-advantage-80kw-m6-5d-aj-na-splatky-protiucet_40_small.webp"}],"published_at":null,"expires_at":null,"created_at":"2026-08-22T03:40:40+00:00","updated_at":"2026-09-02T03:41:21+00:00"}}