{"data":{"id":157639,"slug":"bmw-rad-2-active-tourer-218i-at7-103kw-aj-na-splatky-protiucet","type":"vehicle","title":"BMW Series 2 Active Tourer 218i AT\/7 103kW \/ ON INSTALLMENTS \/ TRADE-IN","description":"Commission sale - you purchase the vehicle directly from the owner.\n\nI am selling a BMW 218i Active Tourer, year of manufacture 2019, in red metallic. The vehicle was purchased new from CZ Renocar and subsequently imported; it is being sold by the first owner and has been regularly serviced with minimal mileage. The sale includes a service booklet and complete service history. Engine oil was changed every year, including this year. At 22,000 kilometers, the gearbox oil was replaced. Seasonal tire replacement is included in the sale.\n\nThe vehicle has passed insurance records verification, debt enforcement check, paint thickness measurement, and document verification. Physically inspected, and also verified through the vehicle operational records registry.\n\nWe offer advantageous financing with monthly installments, so you can enjoy your new car right away without waiting with 0% down payment and installments up to 96 months.\n\nFor your greater comfort and peace of mind, we can provide you with an extended warranty of up to 12-36 months.\n\nIf you already own a vehicle, you don't need to worry about selling it - we'll take it directly from you instead. Just come to us with it, we'll appraise it and deduct the costs from the value of your new car. This way you'll save time, hassle and money, and the whole process will be quick and easy - you'll drive away in your new car without unnecessary paperwork.\n\nVEHICLE IS LOCATED IN Tovarn\u00edkov\n\nFor more information, I'm happy to provide it at telephone number 0950 362 104. (also via WhatsApp \u2013 24\/7) License plate: TO869EK. Technical inspection valid until: 22. 5. 2027. Emission test valid until: 22. 5. 2027.\n\nTechnical specifications\n\nYear of manufacture: 02\/19, 1499cm\u00b3, 103kW (140PS), Drive: Front-wheel drive, Automatic transmission (7-speed), Petrol, EURO 6, 5-door, (5-seater), 24,400km, Red metallic, VIN WBA6S110907D08817\n\nVehicle consumption (l\/100km)\n\nCity: 7.1, highway: 5, combined: 5.8\n\nFirst owner, Service booklet, Leasing available, Loan available, Full service history","language":"cs","is_translated":true,"title_original":"BMW Rad 2 Active Tourer 218i AT\/7 103kW \/ AJ NA SPL\u00c1TKY \/ PROTI\u00da\u010cET","description_original":"Komisn\u00ed prodej - vozidlo kupujete p\u0159\u00edmo od majitele.\n\nProd\u00e1v\u00e1m BMW 218i Active Tourer, rok v\u00fdroby 2019, v \u010derven\u00e9 metal\u00edze. Vozidlo bylo zakoupeno jako nov\u00e9 u CZ Renocar a n\u00e1sledn\u011b dovezeno; prod\u00e1v\u00e1 ho prvn\u00ed majitel a bylo pravideln\u011b servisov\u00e1no s minim\u00e1ln\u00edm po\u010dtem najet\u00fdch kilometr\u016f. Sou\u010d\u00e1st\u00ed prodeje je servisn\u00ed kn\u00ed\u017eka a kompletn\u00ed servisn\u00ed historie. Motorov\u00fd olej byl m\u011bn\u011bn ka\u017ed\u00fd rok, v\u010detn\u011b leto\u0161n\u00edho roku. P\u0159i najet\u00fdch 22 000 kilometrech byl vym\u011bn\u011bn olej v p\u0159evodovce. Sou\u010d\u00e1st\u00ed prodeje je sez\u00f3nn\u00ed v\u00fdm\u011bna pneumatik.\n\nVozidlo pro\u0161lo kontrolou z\u00e1znam\u016f o poji\u0161t\u011bn\u00ed, exekuc\u00ed, m\u011b\u0159en\u00edm laku a kontrolou doklad\u016f. Zkontrolov\u00e1no fyzicky, tak\u00e9 prost\u0159ednictv\u00edm registru provozn\u00edch z\u00e1znam\u016f vozidla.\n\nNab\u00edz\u00edme v\u00fdhodn\u00e9 financov\u00e1n\u00ed na m\u011bs\u00ed\u010dn\u00ed spl\u00e1tky, tak\u017ee si sv\u016fj nov\u00fd v\u016fz m\u016f\u017eete u\u017e\u00edvat hned a bez \u010dek\u00e1n\u00ed s akontac\u00ed 0 % a spl\u00e1tkami a\u017e na 96 m\u011bs\u00edc\u016f.\n\nPro va\u0161e v\u011bt\u0161\u00ed pohodl\u00ed a jistotu v\u00e1m m\u016f\u017eeme poskytnout prodlou\u017eenou z\u00e1ruku a\u017e na 12-36 m\u011bs\u00edc\u016f.\n\nPokud ji\u017e v\u016fz vlastn\u00edte, nemus\u00edte se zab\u00fdvat jeho prodejem - na opl\u00e1tku si ho od v\u00e1s p\u0159\u00edmo vezmeme. Sta\u010d\u00ed, kdy\u017e k n\u00e1m s n\u00edm p\u0159ijdete, my ho ocen\u00edme a n\u00e1klady ode\u010dteme od hodnoty va\u0161eho nov\u00e9ho vozu. U\u0161et\u0159\u00edte tak \u010das, starosti i pen\u00edze a cel\u00fd proces bude rychl\u00fd a snadn\u00fd - odjedete rovnou ve sv\u00e9m nov\u00e9m voze bez zbyte\u010dn\u00e9ho pap\u00edrov\u00e1n\u00ed.\n\nVOZIDLO SE NACH\u00c1Z\u00cd V Tovarn\u00edkoch\n\nDal\u0161\u00ed informace v\u00e1m r\u00e1d poskytnu na telefonn\u00edm \u010d\u00edsle 0950 362 104. (i p\u0159es WhatsApp \u2013 NONSTOP) E\u010cV: TO869EK. Platnost technick\u00e9 kontroly do: 22. 5. 2027. Platnost STK do: 22. 5. 2027.\n\nTechnick\u00e9 \u00fadaje\n\nv.v.: 02\/19, 1499cm\u00b3, 103kW (140PS), Pohon: Pohon p\u0159edn\u00edch kol, Automatick\u00e1 p\u0159evodovka (7 st.), Benz\u00edn, EURO 6, 5 dv., (5-m\u00edstn\u00fd), 24 400km, \u010cerven\u00e1 metal\u00edza, VIN WBA6S110907D08817\n\nSpot\u0159eba vozidla (l\/100km)\n\nVe m\u011bst\u011b: 7.1, mimo m\u011bsto: 5, kombinovan\u00e1: 5.8\n\nPrvn\u00ed majitel, Servisn\u00ed kn\u00ed\u017eka, Mo\u017en\u00fd leasing, Mo\u017en\u00fd \u00fav\u011br, \u00dapln\u00e1 servisn\u00ed historie","price":"394381.00","currency":"CZK","status":"active","noindex":true,"location":{"address":null,"full_address":null,"city":"Topo\u013e\u010dany","country":"SK","latitude":48.7923992,"longitude":18.2558547},"metadata":{"vin":"WBA6S110907D08817","fuel":"petrol","year":2019,"brand":"BMW","color":"Red","doors":5,"drive":"Front-wheel drive","model":"rad 2 Active Tourer","seats":5,"region":"Tren\u010diansky kraj","mileage":24400,"emisions":"Euro 6","features":["EBD\/EBV","Posilova\u010d \u0159\u00edzen\u00ed","ABS","ESP","Protiprokluzov\u00fd syst\u00e9m kol (TC, ASR)","DSC\/DTC","Brzdov\u00fd asistent (EBA, BAS)","ISOFIX na zadn\u00edch sedadlech","Deaktivace airbagu spolujezdce","Senzor tlaku","Sledov\u00e1n\u00ed \u00fanavy \u0159idi\u010de","Centr\u00e1ln\u00ed zamyk\u00e1n\u00ed","Zadn\u00ed el. stahovateln\u00e1 okna","Elektricky nastaviteln\u00e1 zp\u011btn\u00e1 zrc\u00e1tka","Automatick\u00e1 2-z\u00f3nov\u00e1 klimatizace","Centr\u00e1ln\u00ed zamyk\u00e1n\u00ed na d\u00e1lkov\u00e9 ovl\u00e1d\u00e1n\u00ed","Autor\u00e1dio","Multifunk\u010dn\u00ed volant","Loketn\u00ed op\u011brka vp\u0159edu","Start\/Stop syst\u00e9m","Klimatizovan\u00e1 p\u0159ihr\u00e1dka","Welcome light","Lit\u00e1 kola","Mlhovky","Imobiliz\u00e9r","Palubn\u00ed po\u010d\u00edta\u010d","Automatick\u00e9 parkov\u00e1n\u00ed","St\u0159e\u0161n\u00ed nosi\u010d","Tempomat","Vyh\u0159\u00edvan\u00e1 sedadla","Elektricky vyh\u0159\u00edvan\u00e1 zp\u011btn\u00e1 zrc\u00e1tka","Senzor st\u011bra\u010d\u016f","Sv\u011bteln\u00fd senzor","Zimn\u00ed sada kol","P\u0159edn\u00ed a zadn\u00ed parkovac\u00ed senzory","El. ovl\u00e1dan\u00fd kufr","Elektrick\u00e9 dov\u00edr\u00e1n\u00ed zavazadlov\u00e9ho prostoru","Bluetooth","LED sv\u011btlomety","Prv\u00fd majite\u013e","Serv. kni\u017eka","Mo\u017en\u00fd leasing","Mo\u017en\u00fd \u00faver","\u00dapln\u00e1 servisn\u00e1 hist\u00f3ria","Ko\u017een\u00fd bal\u00ed\u010dek","Odo-pass","Asistent rozjezdu do kopce","MSR","LCD panel","Drive Select (j\u00edzdy re\u017eimy)","Rozpozn\u00e1v\u00e1n\u00ed chodc\u016f","Ta\u017en\u00e9 za\u0159\u00edzen\u00ed (dodate\u010dn\u011b montovan\u00e9)"],"power_kw":103,"body_type":"Estate","condition":"Used","transmission":"automatic","vat_deductible":false,"consumption_city":7.1,"translation_hash":"43058be24a18ac2025dc4b15b266d8550491a1d3","vehicle_category":"car","engine_volume_cm3":1499,"first_registration":"2019-02-01","translation_status":"done","consumption_highway":5,"consumption_combined":5.8},"user_id":60,"is_sponsored":false,"views_count":9,"ai_views_count":8,"ai_vendor_counts":{"meta":2,"other":2,"openai":2,"anthropic":2},"visibility":"public","submission_source":null,"submission_ai_name":null,"has_owner_email":true,"can_contact_owner":true,"phone":"0950 362 104","owner_email":"skovajsa@autorro.sk","user":{"id":60,"slug":"jan-skovajsa-60","name":"J\u00e1n Skovajsa","bio":"Makl\u00e9r. P\u016fsob\u00edm v B\u00e1novciach nad Bebravou, Partiz\u00e1nskom a okol\u00ed.\n\nP\u016fsobnost: B\u00e1novce nad Bebravou, Partiz\u00e1nske","nationality":"SK","languages":["cs","sk"],"service_areas":[],"card_style":null,"card_palette":null,"avatar_url":"https:\/\/cdn.assetlog.ai\/avatars\/60\/avatar_max.webp?v=1786535213","avatar_thumb_url":"https:\/\/cdn.assetlog.ai\/avatars\/60\/avatar_small.webp?v=1786535213","reviews_count":0,"avg_rating":null,"seller_badge":"silver","can_calendar":true,"joined_at":"2026-06-07T14:20:53+00:00","primary_intent":null,"seeking":[],"public_assets_count":33,"public_prompts_count":0,"followers_count":0},"images":[{"id":132643,"max":"https:\/\/cdn.assetlog.ai\/assets\/157639\/bmw-rad-2-active-tourer-218i-at7-103kw-aj-na-splatky-protiucet_1_max.webp","medium":"https:\/\/cdn.assetlog.ai\/assets\/157639\/bmw-rad-2-active-tourer-218i-at7-103kw-aj-na-splatky-protiucet_1_medium.webp","small":"https:\/\/cdn.assetlog.ai\/assets\/157639\/bmw-rad-2-active-tourer-218i-at7-103kw-aj-na-splatky-protiucet_1_small.webp"},{"id":132644,"max":"https:\/\/cdn.assetlog.ai\/assets\/157639\/bmw-rad-2-active-tourer-218i-at7-103kw-aj-na-splatky-protiucet_2_max.webp","medium":"https:\/\/cdn.assetlog.ai\/assets\/157639\/bmw-rad-2-active-tourer-218i-at7-103kw-aj-na-splatky-protiucet_2_medium.webp","small":"https:\/\/cdn.assetlog.ai\/assets\/157639\/bmw-rad-2-active-tourer-218i-at7-103kw-aj-na-splatky-protiucet_2_small.webp"},{"id":132645,"max":"https:\/\/cdn.assetlog.ai\/assets\/157639\/bmw-rad-2-active-tourer-218i-at7-103kw-aj-na-splatky-protiucet_3_max.webp","medium":"https:\/\/cdn.assetlog.ai\/assets\/157639\/bmw-rad-2-active-tourer-218i-at7-103kw-aj-na-splatky-protiucet_3_medium.webp","small":"https:\/\/cdn.assetlog.ai\/assets\/157639\/bmw-rad-2-active-tourer-218i-at7-103kw-aj-na-splatky-protiucet_3_small.webp"},{"id":132646,"max":"https:\/\/cdn.assetlog.ai\/assets\/157639\/bmw-rad-2-active-tourer-218i-at7-103kw-aj-na-splatky-protiucet_4_max.webp","medium":"https:\/\/cdn.assetlog.ai\/assets\/157639\/bmw-rad-2-active-tourer-218i-at7-103kw-aj-na-splatky-protiucet_4_medium.webp","small":"https:\/\/cdn.assetlog.ai\/assets\/157639\/bmw-rad-2-active-tourer-218i-at7-103kw-aj-na-splatky-protiucet_4_small.webp"},{"id":132647,"max":"https:\/\/cdn.assetlog.ai\/assets\/157639\/bmw-rad-2-active-tourer-218i-at7-103kw-aj-na-splatky-protiucet_5_max.webp","medium":"https:\/\/cdn.assetlog.ai\/assets\/157639\/bmw-rad-2-active-tourer-218i-at7-103kw-aj-na-splatky-protiucet_5_medium.webp","small":"https:\/\/cdn.assetlog.ai\/assets\/157639\/bmw-rad-2-active-tourer-218i-at7-103kw-aj-na-splatky-protiucet_5_small.webp"},{"id":132648,"max":"https:\/\/cdn.assetlog.ai\/assets\/157639\/bmw-rad-2-active-tourer-218i-at7-103kw-aj-na-splatky-protiucet_6_max.webp","medium":"https:\/\/cdn.assetlog.ai\/assets\/157639\/bmw-rad-2-active-tourer-218i-at7-103kw-aj-na-splatky-protiucet_6_medium.webp","small":"https:\/\/cdn.assetlog.ai\/assets\/157639\/bmw-rad-2-active-tourer-218i-at7-103kw-aj-na-splatky-protiucet_6_small.webp"},{"id":132649,"max":"https:\/\/cdn.assetlog.ai\/assets\/157639\/bmw-rad-2-active-tourer-218i-at7-103kw-aj-na-splatky-protiucet_7_max.webp","medium":"https:\/\/cdn.assetlog.ai\/assets\/157639\/bmw-rad-2-active-tourer-218i-at7-103kw-aj-na-splatky-protiucet_7_medium.webp","small":"https:\/\/cdn.assetlog.ai\/assets\/157639\/bmw-rad-2-active-tourer-218i-at7-103kw-aj-na-splatky-protiucet_7_small.webp"},{"id":132650,"max":"https:\/\/cdn.assetlog.ai\/assets\/157639\/bmw-rad-2-active-tourer-218i-at7-103kw-aj-na-splatky-protiucet_8_max.webp","medium":"https:\/\/cdn.assetlog.ai\/assets\/157639\/bmw-rad-2-active-tourer-218i-at7-103kw-aj-na-splatky-protiucet_8_medium.webp","small":"https:\/\/cdn.assetlog.ai\/assets\/157639\/bmw-rad-2-active-tourer-218i-at7-103kw-aj-na-splatky-protiucet_8_small.webp"},{"id":132651,"max":"https:\/\/cdn.assetlog.ai\/assets\/157639\/bmw-rad-2-active-tourer-218i-at7-103kw-aj-na-splatky-protiucet_9_max.webp","medium":"https:\/\/cdn.assetlog.ai\/assets\/157639\/bmw-rad-2-active-tourer-218i-at7-103kw-aj-na-splatky-protiucet_9_medium.webp","small":"https:\/\/cdn.assetlog.ai\/assets\/157639\/bmw-rad-2-active-tourer-218i-at7-103kw-aj-na-splatky-protiucet_9_small.webp"},{"id":132652,"max":"https:\/\/cdn.assetlog.ai\/assets\/157639\/bmw-rad-2-active-tourer-218i-at7-103kw-aj-na-splatky-protiucet_10_max.webp","medium":"https:\/\/cdn.assetlog.ai\/assets\/157639\/bmw-rad-2-active-tourer-218i-at7-103kw-aj-na-splatky-protiucet_10_medium.webp","small":"https:\/\/cdn.assetlog.ai\/assets\/157639\/bmw-rad-2-active-tourer-218i-at7-103kw-aj-na-splatky-protiucet_10_small.webp"},{"id":132653,"max":"https:\/\/cdn.assetlog.ai\/assets\/157639\/bmw-rad-2-active-tourer-218i-at7-103kw-aj-na-splatky-protiucet_11_max.webp","medium":"https:\/\/cdn.assetlog.ai\/assets\/157639\/bmw-rad-2-active-tourer-218i-at7-103kw-aj-na-splatky-protiucet_11_medium.webp","small":"https:\/\/cdn.assetlog.ai\/assets\/157639\/bmw-rad-2-active-tourer-218i-at7-103kw-aj-na-splatky-protiucet_11_small.webp"},{"id":132654,"max":"https:\/\/cdn.assetlog.ai\/assets\/157639\/bmw-rad-2-active-tourer-218i-at7-103kw-aj-na-splatky-protiucet_12_max.webp","medium":"https:\/\/cdn.assetlog.ai\/assets\/157639\/bmw-rad-2-active-tourer-218i-at7-103kw-aj-na-splatky-protiucet_12_medium.webp","small":"https:\/\/cdn.assetlog.ai\/assets\/157639\/bmw-rad-2-active-tourer-218i-at7-103kw-aj-na-splatky-protiucet_12_small.webp"},{"id":132655,"max":"https:\/\/cdn.assetlog.ai\/assets\/157639\/bmw-rad-2-active-tourer-218i-at7-103kw-aj-na-splatky-protiucet_13_max.webp","medium":"https:\/\/cdn.assetlog.ai\/assets\/157639\/bmw-rad-2-active-tourer-218i-at7-103kw-aj-na-splatky-protiucet_13_medium.webp","small":"https:\/\/cdn.assetlog.ai\/assets\/157639\/bmw-rad-2-active-tourer-218i-at7-103kw-aj-na-splatky-protiucet_13_small.webp"},{"id":132656,"max":"https:\/\/cdn.assetlog.ai\/assets\/157639\/bmw-rad-2-active-tourer-218i-at7-103kw-aj-na-splatky-protiucet_14_max.webp","medium":"https:\/\/cdn.assetlog.ai\/assets\/157639\/bmw-rad-2-active-tourer-218i-at7-103kw-aj-na-splatky-protiucet_14_medium.webp","small":"https:\/\/cdn.assetlog.ai\/assets\/157639\/bmw-rad-2-active-tourer-218i-at7-103kw-aj-na-splatky-protiucet_14_small.webp"},{"id":132657,"max":"https:\/\/cdn.assetlog.ai\/assets\/157639\/bmw-rad-2-active-tourer-218i-at7-103kw-aj-na-splatky-protiucet_15_max.webp","medium":"https:\/\/cdn.assetlog.ai\/assets\/157639\/bmw-rad-2-active-tourer-218i-at7-103kw-aj-na-splatky-protiucet_15_medium.webp","small":"https:\/\/cdn.assetlog.ai\/assets\/157639\/bmw-rad-2-active-tourer-218i-at7-103kw-aj-na-splatky-protiucet_15_small.webp"},{"id":132658,"max":"https:\/\/cdn.assetlog.ai\/assets\/157639\/bmw-rad-2-active-tourer-218i-at7-103kw-aj-na-splatky-protiucet_16_max.webp","medium":"https:\/\/cdn.assetlog.ai\/assets\/157639\/bmw-rad-2-active-tourer-218i-at7-103kw-aj-na-splatky-protiucet_16_medium.webp","small":"https:\/\/cdn.assetlog.ai\/assets\/157639\/bmw-rad-2-active-tourer-218i-at7-103kw-aj-na-splatky-protiucet_16_small.webp"},{"id":132659,"max":"https:\/\/cdn.assetlog.ai\/assets\/157639\/bmw-rad-2-active-tourer-218i-at7-103kw-aj-na-splatky-protiucet_17_max.webp","medium":"https:\/\/cdn.assetlog.ai\/assets\/157639\/bmw-rad-2-active-tourer-218i-at7-103kw-aj-na-splatky-protiucet_17_medium.webp","small":"https:\/\/cdn.assetlog.ai\/assets\/157639\/bmw-rad-2-active-tourer-218i-at7-103kw-aj-na-splatky-protiucet_17_small.webp"},{"id":132660,"max":"https:\/\/cdn.assetlog.ai\/assets\/157639\/bmw-rad-2-active-tourer-218i-at7-103kw-aj-na-splatky-protiucet_18_max.webp","medium":"https:\/\/cdn.assetlog.ai\/assets\/157639\/bmw-rad-2-active-tourer-218i-at7-103kw-aj-na-splatky-protiucet_18_medium.webp","small":"https:\/\/cdn.assetlog.ai\/assets\/157639\/bmw-rad-2-active-tourer-218i-at7-103kw-aj-na-splatky-protiucet_18_small.webp"},{"id":132661,"max":"https:\/\/cdn.assetlog.ai\/assets\/157639\/bmw-rad-2-active-tourer-218i-at7-103kw-aj-na-splatky-protiucet_19_max.webp","medium":"https:\/\/cdn.assetlog.ai\/assets\/157639\/bmw-rad-2-active-tourer-218i-at7-103kw-aj-na-splatky-protiucet_19_medium.webp","small":"https:\/\/cdn.assetlog.ai\/assets\/157639\/bmw-rad-2-active-tourer-218i-at7-103kw-aj-na-splatky-protiucet_19_small.webp"},{"id":132662,"max":"https:\/\/cdn.assetlog.ai\/assets\/157639\/bmw-rad-2-active-tourer-218i-at7-103kw-aj-na-splatky-protiucet_20_max.webp","medium":"https:\/\/cdn.assetlog.ai\/assets\/157639\/bmw-rad-2-active-tourer-218i-at7-103kw-aj-na-splatky-protiucet_20_medium.webp","small":"https:\/\/cdn.assetlog.ai\/assets\/157639\/bmw-rad-2-active-tourer-218i-at7-103kw-aj-na-splatky-protiucet_20_small.webp"},{"id":132663,"max":"https:\/\/cdn.assetlog.ai\/assets\/157639\/bmw-rad-2-active-tourer-218i-at7-103kw-aj-na-splatky-protiucet_21_max.webp","medium":"https:\/\/cdn.assetlog.ai\/assets\/157639\/bmw-rad-2-active-tourer-218i-at7-103kw-aj-na-splatky-protiucet_21_medium.webp","small":"https:\/\/cdn.assetlog.ai\/assets\/157639\/bmw-rad-2-active-tourer-218i-at7-103kw-aj-na-splatky-protiucet_21_small.webp"},{"id":132664,"max":"https:\/\/cdn.assetlog.ai\/assets\/157639\/bmw-rad-2-active-tourer-218i-at7-103kw-aj-na-splatky-protiucet_22_max.webp","medium":"https:\/\/cdn.assetlog.ai\/assets\/157639\/bmw-rad-2-active-tourer-218i-at7-103kw-aj-na-splatky-protiucet_22_medium.webp","small":"https:\/\/cdn.assetlog.ai\/assets\/157639\/bmw-rad-2-active-tourer-218i-at7-103kw-aj-na-splatky-protiucet_22_small.webp"},{"id":132665,"max":"https:\/\/cdn.assetlog.ai\/assets\/157639\/bmw-rad-2-active-tourer-218i-at7-103kw-aj-na-splatky-protiucet_23_max.webp","medium":"https:\/\/cdn.assetlog.ai\/assets\/157639\/bmw-rad-2-active-tourer-218i-at7-103kw-aj-na-splatky-protiucet_23_medium.webp","small":"https:\/\/cdn.assetlog.ai\/assets\/157639\/bmw-rad-2-active-tourer-218i-at7-103kw-aj-na-splatky-protiucet_23_small.webp"},{"id":132666,"max":"https:\/\/cdn.assetlog.ai\/assets\/157639\/bmw-rad-2-active-tourer-218i-at7-103kw-aj-na-splatky-protiucet_24_max.webp","medium":"https:\/\/cdn.assetlog.ai\/assets\/157639\/bmw-rad-2-active-tourer-218i-at7-103kw-aj-na-splatky-protiucet_24_medium.webp","small":"https:\/\/cdn.assetlog.ai\/assets\/157639\/bmw-rad-2-active-tourer-218i-at7-103kw-aj-na-splatky-protiucet_24_small.webp"},{"id":132667,"max":"https:\/\/cdn.assetlog.ai\/assets\/157639\/bmw-rad-2-active-tourer-218i-at7-103kw-aj-na-splatky-protiucet_25_max.webp","medium":"https:\/\/cdn.assetlog.ai\/assets\/157639\/bmw-rad-2-active-tourer-218i-at7-103kw-aj-na-splatky-protiucet_25_medium.webp","small":"https:\/\/cdn.assetlog.ai\/assets\/157639\/bmw-rad-2-active-tourer-218i-at7-103kw-aj-na-splatky-protiucet_25_small.webp"},{"id":132668,"max":"https:\/\/cdn.assetlog.ai\/assets\/157639\/bmw-rad-2-active-tourer-218i-at7-103kw-aj-na-splatky-protiucet_26_max.webp","medium":"https:\/\/cdn.assetlog.ai\/assets\/157639\/bmw-rad-2-active-tourer-218i-at7-103kw-aj-na-splatky-protiucet_26_medium.webp","small":"https:\/\/cdn.assetlog.ai\/assets\/157639\/bmw-rad-2-active-tourer-218i-at7-103kw-aj-na-splatky-protiucet_26_small.webp"},{"id":132669,"max":"https:\/\/cdn.assetlog.ai\/assets\/157639\/bmw-rad-2-active-tourer-218i-at7-103kw-aj-na-splatky-protiucet_27_max.webp","medium":"https:\/\/cdn.assetlog.ai\/assets\/157639\/bmw-rad-2-active-tourer-218i-at7-103kw-aj-na-splatky-protiucet_27_medium.webp","small":"https:\/\/cdn.assetlog.ai\/assets\/157639\/bmw-rad-2-active-tourer-218i-at7-103kw-aj-na-splatky-protiucet_27_small.webp"},{"id":132670,"max":"https:\/\/cdn.assetlog.ai\/assets\/157639\/bmw-rad-2-active-tourer-218i-at7-103kw-aj-na-splatky-protiucet_28_max.webp","medium":"https:\/\/cdn.assetlog.ai\/assets\/157639\/bmw-rad-2-active-tourer-218i-at7-103kw-aj-na-splatky-protiucet_28_medium.webp","small":"https:\/\/cdn.assetlog.ai\/assets\/157639\/bmw-rad-2-active-tourer-218i-at7-103kw-aj-na-splatky-protiucet_28_small.webp"},{"id":132671,"max":"https:\/\/cdn.assetlog.ai\/assets\/157639\/bmw-rad-2-active-tourer-218i-at7-103kw-aj-na-splatky-protiucet_29_max.webp","medium":"https:\/\/cdn.assetlog.ai\/assets\/157639\/bmw-rad-2-active-tourer-218i-at7-103kw-aj-na-splatky-protiucet_29_medium.webp","small":"https:\/\/cdn.assetlog.ai\/assets\/157639\/bmw-rad-2-active-tourer-218i-at7-103kw-aj-na-splatky-protiucet_29_small.webp"},{"id":132672,"max":"https:\/\/cdn.assetlog.ai\/assets\/157639\/bmw-rad-2-active-tourer-218i-at7-103kw-aj-na-splatky-protiucet_30_max.webp","medium":"https:\/\/cdn.assetlog.ai\/assets\/157639\/bmw-rad-2-active-tourer-218i-at7-103kw-aj-na-splatky-protiucet_30_medium.webp","small":"https:\/\/cdn.assetlog.ai\/assets\/157639\/bmw-rad-2-active-tourer-218i-at7-103kw-aj-na-splatky-protiucet_30_small.webp"},{"id":132673,"max":"https:\/\/cdn.assetlog.ai\/assets\/157639\/bmw-rad-2-active-tourer-218i-at7-103kw-aj-na-splatky-protiucet_31_max.webp","medium":"https:\/\/cdn.assetlog.ai\/assets\/157639\/bmw-rad-2-active-tourer-218i-at7-103kw-aj-na-splatky-protiucet_31_medium.webp","small":"https:\/\/cdn.assetlog.ai\/assets\/157639\/bmw-rad-2-active-tourer-218i-at7-103kw-aj-na-splatky-protiucet_31_small.webp"},{"id":132674,"max":"https:\/\/cdn.assetlog.ai\/assets\/157639\/bmw-rad-2-active-tourer-218i-at7-103kw-aj-na-splatky-protiucet_32_max.webp","medium":"https:\/\/cdn.assetlog.ai\/assets\/157639\/bmw-rad-2-active-tourer-218i-at7-103kw-aj-na-splatky-protiucet_32_medium.webp","small":"https:\/\/cdn.assetlog.ai\/assets\/157639\/bmw-rad-2-active-tourer-218i-at7-103kw-aj-na-splatky-protiucet_32_small.webp"},{"id":132675,"max":"https:\/\/cdn.assetlog.ai\/assets\/157639\/bmw-rad-2-active-tourer-218i-at7-103kw-aj-na-splatky-protiucet_33_max.webp","medium":"https:\/\/cdn.assetlog.ai\/assets\/157639\/bmw-rad-2-active-tourer-218i-at7-103kw-aj-na-splatky-protiucet_33_medium.webp","small":"https:\/\/cdn.assetlog.ai\/assets\/157639\/bmw-rad-2-active-tourer-218i-at7-103kw-aj-na-splatky-protiucet_33_small.webp"},{"id":132676,"max":"https:\/\/cdn.assetlog.ai\/assets\/157639\/bmw-rad-2-active-tourer-218i-at7-103kw-aj-na-splatky-protiucet_34_max.webp","medium":"https:\/\/cdn.assetlog.ai\/assets\/157639\/bmw-rad-2-active-tourer-218i-at7-103kw-aj-na-splatky-protiucet_34_medium.webp","small":"https:\/\/cdn.assetlog.ai\/assets\/157639\/bmw-rad-2-active-tourer-218i-at7-103kw-aj-na-splatky-protiucet_34_small.webp"}],"published_at":null,"expires_at":null,"created_at":"2026-08-18T03:46:07+00:00","updated_at":"2026-09-01T03:41:06+00:00"}}