{"data":{"id":123447,"slug":"bmw-rad-2-cabrio-228i-m-sport-at-180kw-2016-aj-na-splatky-protiucet","type":"vehicle","title":"BMW Series 2 Cabrio 228i M Sport A\/T, 180kW (2016) \/ PAYMENT PLAN AVAILABLE \/ TRADE-IN ACCEPTED \/","description":"**BMW 228i M Sport Cabrio with automatic transmission | 180 kW | 2016**\n\nIt's not just another BMW in the parking lot. This is a car for someone who wants to enjoy driving \u2013 whether commuting to work or when you find a reason for a little ride.\n\nThe BMW 228i with **180 kW (245 hp)** in the popular **M Sport package** offers exactly the right combination of sportiness, comfort and character. The aggressive M styling, outstanding chassis and rear-wheel drive make this car a machine that will entertain you even during regular city driving.\n\nUnder the hood is a well-designed four-cylinder engine, and power is transferred to the wheels by one of the best automatic transmissions \u2013 the **8-speed automatic ZF transmission**. It's fast, smooth and above all known for its durability. Simply put, a transmission that doesn't cause any fuss and does its job properly.\n\n**Rich equipment:**\n- Parking sensors front and rear\n- Cruise control\n- Navigation\n- Automatic air conditioning\n- Heated front seats\n- Electrically adjustable front seats with memory\n- Keyless start\n\nThe BMW 228i M Sport Cabrio is an ideal car for someone who doesn't want just an ordinary means of transport, but something that evokes emotion. It offers sporty looks, quality technology, comfortable equipment and such a driving experience that you'll sometimes catch yourself smiling for no reason.\n\nVehicle history:\n- The vehicle was imported from Germany in February 2020 \u2013 with 22,832 km on the odometer.\n- First owner in Slovakia, who took maximum care of the vehicle.\n\n- Interior in nearly perfect condition.\n- Low mileage \u2013 only 65,180 km.\n- New technical inspection and emission inspection valid until 07\/2028.\n- Premium pearl white color.\n\nThe vehicle was regularly serviced in accordance with service intervals.\n- Engine oil + filters regularly changed\n- New front brake discs + brake pads, rear in 95% condition\n\nThe vehicle is equipped with aluminum wheels with all-season tires 225\/40 R18.\n\nThe car has (verified by paint thickness measurement) - naturally verified through the Vehicle Operating Records Register - AUTOPASS (records of enforcement proceedings and insurance, blocks and liens) and ODOPASS (verification of mileage).\n\n***If interested, don't hesitate to contact me anytime at tel. 0902239802***\n\nWe will refinance your vehicle conveniently, quickly and worry-free. We will adapt the monthly payment to your requirements with a down payment from 0% and payments up to 96 months. If you have been in business for at least 3 months, you have the option to take the vehicle on payment up to 15,000 without submitting proof of income and from 0% down payment. The vehicle is located in Ko\u0161ice.\n\nVehicle number: KE752MV. Technical inspection valid until: July 6, 2028. Technical inspection valid until: July 6, 2028.\n\nTechnical specifications\n\nFirst registered: 08\/16, 1997 cc, 180kW (245 HP), Vehicle generation: , Drive: Rear-wheel drive, Automatic transmission (8-speed), Petrol, EURO 6, 2-door, (4-seater), 65,180 km, White metallic, VIN WBA1K9C51GV710304\n\nVehicle consumption (l\/100km)\n\nIn city: 9.1, Outside city: 5.5, Combined: 6.8\n\nImported, Leasing possible, Credit possible, Authenticity check","language":"cs","is_translated":true,"title_original":"BMW Rad 2 Cabrio 228i M Sport A\/T, 180kW (2016) \/ AJ NA SPL\u00c1TKY \/ PROTI\u00da\u010cET \/","description_original":"**BMW 228i M Sport Cabrio s automatickou p\u0159evodovkou | 180 kW | 2016**\n\nNen\u00ed to jen dal\u0161\u00ed BMW na parkovi\u0161ti. Tohle je auto pro n\u011bkoho, kdo si chce j\u00edzdu u\u017e\u00edt \u2013 a\u0165 u\u017e cestou do pr\u00e1ce, nebo kdy\u017e si najde d\u016fvod ud\u011blat si malou zaj\u00ed\u017e\u010fku.\n\nBMW 228i s v\u00fdkonem **180 kW (245 k)** v obl\u00edben\u00e9m **bal\u00ed\u010dku M Sport** nab\u00edz\u00ed p\u0159esn\u011b tu spr\u00e1vnou kombinaci sportovnosti, komfortu a charakteru. Agresivn\u011bj\u0161\u00ed vzhled M, vynikaj\u00edc\u00ed podvozek a pohon zadn\u00edch kol d\u011blaj\u00ed z tohoto vozu stroj, kter\u00fd v\u00e1s bude bavit i p\u0159i b\u011b\u017en\u00e9 j\u00edzd\u011b po m\u011bst\u011b.\n\nPod kapotou pracuje poveden\u00fd \u010dty\u0159v\u00e1lec a v\u00fdkon na kola p\u0159en\u00e1\u0161\u00ed jedna z nejlep\u0161\u00edch automatick\u00fdch p\u0159evodovek \u2013 **8stup\u0148ov\u00e1 automatick\u00e1 p\u0159evodovka ZF**. Je rychl\u00e1, plynul\u00e1 a p\u0159edev\u0161\u00edm zn\u00e1m\u00e1 svou odolnost\u00ed. Zkr\u00e1tka p\u0159evodovka, kter\u00e1 ned\u011bl\u00e1 \u017e\u00e1dn\u00e9 drama a svou pr\u00e1ci odv\u00e1d\u00ed tak, jak m\u00e1.\n\n**Bohat\u00e1 v\u00fdbava:**\n- Parkovac\u00ed senzory vp\u0159edu a vzadu\n- Tempomat\n- Navigace\n- Automatick\u00e1 klimatizace\n- Vyh\u0159\u00edvan\u00e1 p\u0159edn\u00ed sedadla\n- Elektricky nastaviteln\u00e1 p\u0159edn\u00ed sedadla s pam\u011bt\u00ed\n- Bezkl\u00ed\u010dov\u00e9 startov\u00e1n\u00ed\n\nBMW 228i M Sport Cabrio je ide\u00e1ln\u00ed auto pro \u010dlov\u011bka, kter\u00fd nechce jen oby\u010dejn\u00fd dopravn\u00ed prost\u0159edek, ale n\u011bco, co vyvol\u00e1v\u00e1 emoce. Nab\u00edz\u00ed sportovn\u00ed vzhled, kvalitn\u00ed techniku, komfortn\u00ed v\u00fdbavu a takov\u00fd z\u00e1\u017eitek z j\u00edzdy, p\u0159i kter\u00e9m se ob\u010das p\u0159istihnete, \u017ee se usm\u00edv\u00e1te bez d\u016fvodu.\n\nHistorie vozidla:\n- Vozidlo bylo dovezeno z N\u011bmecka v \u00fanoru 2020 \u2013 s najet\u00fdmi 22 832 km.\n- Prvn\u00ed majitel na Slovensku, kter\u00fd se o vozidlo maxim\u00e1ln\u011b staral.\n\n- Interi\u00e9r v t\u00e9m\u011b\u0159 perfektn\u00edm stavu.\n- N\u00edzk\u00fd po\u010det najet\u00fdch kilometr\u016f \u2013 pouze 65 180 km.\n- Nov\u00e1 technick\u00e1 kontrola a emisn\u00ed kontrola platn\u00e1 do 07\/2028.\n- Pr\u00e9miov\u00e1 perle\u0165ov\u011b b\u00edl\u00e1 barva.\n\nVozidlo bylo pravideln\u011b servisov\u00e1no v souladu s servisn\u00edmi intervaly.\n- Pravideln\u011b vym\u011b\u0148ovan\u00fd motorov\u00fd olej + filtry\n- Nov\u00e9 p\u0159edn\u00ed brzdov\u00e9 kotou\u010de + brzdov\u00e9 desti\u010dky, zadn\u00ed v 95 % stavu\n\nVozidlo je vybaveno hlin\u00edkov\u00fdmi r\u00e1fky s celoro\u010dn\u00edmi pneumatikami 225\/40 R18.\n\nV\u016fz je (ov\u011b\u0159eno m\u011b\u0159en\u00edm laku) - ov\u011b\u0159uje se samoz\u0159ejm\u011b prost\u0159ednictv\u00edm Registru provozn\u00edch z\u00e1znam\u016f vozidel -AUTOPASS (z\u00e1znamy o exekuc\u00edch a poji\u0161t\u011bn\u00ed, blokac\u00edch a z\u00e1stav\u00e1ch) a ODOPASS (ov\u011b\u0159en\u00ed po\u010dtu najet\u00fdch kilometr\u016f).\n\n***V p\u0159\u00edpad\u011b z\u00e1jmu m\u011b nev\u00e1hejte kdykoli kontaktovat na tel. 0902239802***\n\nVa\u0161e vozidlo refinancujeme pohodln\u011b, rychle a bezstarostn\u011b. M\u011bs\u00ed\u010dn\u00ed spl\u00e1tku p\u0159izp\u016fsob\u00edme va\u0161im po\u017eadavk\u016fm s akontac\u00ed od 0 % a spl\u00e1tkami a\u017e na 96 m\u011bs\u00edc\u016f. Pokud podnik\u00e1te alespo\u0148 3 m\u011bs\u00edce, m\u00e1te mo\u017enost vz\u00edt si vozidlo na spl\u00e1tky a\u017e do v\u00fd\u0161e 15 tis\u00edc bez dokl\u00e1d\u00e1n\u00ed p\u0159\u00edjm\u016f a od 0% akontace. Vozidlo se nach\u00e1z\u00ed v Ko\u0161ic\u00edch.\n\n\u010c\u00edslo vozidla: KE752MV. Platnost technick\u00e9 kontroly do: 6. 7. 2028. Platnost technick\u00e9 kontroly do: 6. 7. 2028.\n\nTechnick\u00e9 \u00fadaje\n\nv.v.: 08\/16, 1997cm\u00b3, 180kW (245PS), Generace vozidla: , Pohon: Pohon zadn\u00edch kol, Automatick\u00e1 p\u0159evodovka (8 st.), Benz\u00edn, EURO 6, 2 dv., (4-m\u00edstn\u00fd), 65 180km, B\u00edl\u00e1 metal\u00edza, VIN WBA1K9C51GV710304\n\nSpot\u0159eba vozidla (l\/100km)\n\nVe m\u011bst\u011b: 9.1, mimo m\u011bsto: 5.5, kombinovan\u00e1: 6.8\n\nDovezen\u00e9, Mo\u017en\u00fd leasing, Mo\u017en\u00fd \u00fav\u011br, Kontrola originality","price":"459368.00","currency":"CZK","status":"active","noindex":true,"location":{"address":null,"full_address":null,"city":"Ko\u0161ice","country":"SK","latitude":48.7172272,"longitude":21.2496774},"metadata":{"vin":"WBA1K9C51GV710304","fuel":"petrol","year":2016,"brand":"BMW","color":"White","doors":2,"drive":"Rear-wheel drive","model":"rad 2 Cabrio","seats":4,"region":"Ko\u0161ick\u00fd kraj","mileage":65180,"emisions":"Euro 6","features":["Alarm","EBD\/EBV","Posilova\u010d \u0159\u00edzen\u00ed","ABS","ESP","Brzdov\u00fd asistent (EBA, BAS)","ISOFIX na zadn\u00edch sedadlech","Deaktivace airbagu spolujezdce","Senzor tlaku","Automatick\u00e1 klimatizace","Centr\u00e1ln\u00ed zamyk\u00e1n\u00ed","Zadn\u00ed el. stahovateln\u00e1 okna","El. nastaviteln\u00e1 p\u0159edn\u00ed sedadla","Elektricky nastaviteln\u00e1 zp\u011btn\u00e1 zrc\u00e1tka","Centr\u00e1ln\u00ed zamyk\u00e1n\u00ed na d\u00e1lkov\u00e9 ovl\u00e1d\u00e1n\u00ed","Autor\u00e1dio","Multifunk\u010dn\u00ed volant","Loketn\u00ed op\u011brka vp\u0159edu","Start\/Stop syst\u00e9m","Venkovn\u00ed teplom\u011br","Ost\u0159ikova\u010de sv\u011btlomet\u016f","Welcome light","P\u00e1dla pod volantem","Lit\u00e1 kola","Mlhovky","Imobiliz\u00e9r","Palubn\u00ed po\u010d\u00edta\u010d","Navigace","Tempomat","Ko\u017een\u00fd interi\u00e9r","Vyh\u0159\u00edvan\u00e1 sedadla","Elektricky vyh\u0159\u00edvan\u00e1 zp\u011btn\u00e1 zrc\u00e1tka","Senzor st\u011bra\u010d\u016f","Sv\u011bteln\u00fd senzor","P\u0159edn\u00ed a zadn\u00ed parkovac\u00ed senzory","Bi-xenonov\u00e9 sv\u011btlomety","Bluetooth","Denn\u00ed sv\u00edcen\u00ed","Pam\u011b\u0165 nastaven\u00ed sedadla \u0159idi\u010de","Dovezen\u00e9","Mo\u017en\u00fd leasing","Mo\u017en\u00fd \u00faver","Kontrola originality","Odo-pass","asistent rozjezdu do kopce","zp\u011btn\u00e1 zrc\u00e1tka lakovan\u00e1 v \u010dern\u00e9 barv\u011b a kliky dve\u0159\u00ed lakovan\u00e9 v barv\u011b karoserie","sportovn\u00ed sedadla","sportovn\u00ed volant","dr\u017e\u00e1ky na n\u00e1poje","podvozek M Sport","bal\u00ed\u010dek M Sport","potahy z k\u016f\u017ee Dakota","volba j\u00edzdn\u00edch re\u017eim\u016f","ru\u010dn\u00ed brzda"],"power_kw":180,"body_type":"Convertible","condition":"Used","transmission":"automatic","vat_deductible":false,"consumption_city":9.1,"translation_hash":"5c67842f8536cd9e711594ca1f3508fab5343072","vehicle_category":"car","engine_volume_cm3":1997,"first_registration":"2016-08-01","translation_status":"done","consumption_highway":5.5,"consumption_combined":6.8},"user_id":22,"is_sponsored":false,"views_count":16,"ai_views_count":6,"ai_vendor_counts":{"openai":3,"anthropic":3},"visibility":"public","submission_source":null,"submission_ai_name":null,"has_owner_email":true,"can_contact_owner":true,"phone":"0902 239 802","owner_email":"hazlinsky@autorro.sk","user":{"id":22,"slug":"ing-jaroslav-hazlinsky-22","name":"Ing. Jaroslav Ha\u017elinsk\u00fd","bio":"Makl\u00e9r. P\u016fsob\u00edm v Ko\u0161iciach a okol\u00ed.\n\nP\u016fsobnost: Ko\u0161ice","nationality":"SK","languages":["cs","sk"],"service_areas":[],"card_style":null,"card_palette":null,"avatar_url":"https:\/\/cdn.assetlog.ai\/avatars\/22\/avatar_max.webp?v=1786535213","avatar_thumb_url":"https:\/\/cdn.assetlog.ai\/avatars\/22\/avatar_small.webp?v=1786535213","reviews_count":0,"avg_rating":null,"seller_badge":"silver","can_calendar":true},"images":[{"id":100332,"max":"https:\/\/cdn.assetlog.ai\/assets\/123447\/bmw-rad-2-cabrio-228i-m-sport-at-180kw-2016-aj-na-splatky-protiucet_1_max.webp","medium":"https:\/\/cdn.assetlog.ai\/assets\/123447\/bmw-rad-2-cabrio-228i-m-sport-at-180kw-2016-aj-na-splatky-protiucet_1_medium.webp","small":"https:\/\/cdn.assetlog.ai\/assets\/123447\/bmw-rad-2-cabrio-228i-m-sport-at-180kw-2016-aj-na-splatky-protiucet_1_small.webp"},{"id":100333,"max":"https:\/\/cdn.assetlog.ai\/assets\/123447\/bmw-rad-2-cabrio-228i-m-sport-at-180kw-2016-aj-na-splatky-protiucet_2_max.webp","medium":"https:\/\/cdn.assetlog.ai\/assets\/123447\/bmw-rad-2-cabrio-228i-m-sport-at-180kw-2016-aj-na-splatky-protiucet_2_medium.webp","small":"https:\/\/cdn.assetlog.ai\/assets\/123447\/bmw-rad-2-cabrio-228i-m-sport-at-180kw-2016-aj-na-splatky-protiucet_2_small.webp"},{"id":100334,"max":"https:\/\/cdn.assetlog.ai\/assets\/123447\/bmw-rad-2-cabrio-228i-m-sport-at-180kw-2016-aj-na-splatky-protiucet_3_max.webp","medium":"https:\/\/cdn.assetlog.ai\/assets\/123447\/bmw-rad-2-cabrio-228i-m-sport-at-180kw-2016-aj-na-splatky-protiucet_3_medium.webp","small":"https:\/\/cdn.assetlog.ai\/assets\/123447\/bmw-rad-2-cabrio-228i-m-sport-at-180kw-2016-aj-na-splatky-protiucet_3_small.webp"},{"id":100335,"max":"https:\/\/cdn.assetlog.ai\/assets\/123447\/bmw-rad-2-cabrio-228i-m-sport-at-180kw-2016-aj-na-splatky-protiucet_4_max.webp","medium":"https:\/\/cdn.assetlog.ai\/assets\/123447\/bmw-rad-2-cabrio-228i-m-sport-at-180kw-2016-aj-na-splatky-protiucet_4_medium.webp","small":"https:\/\/cdn.assetlog.ai\/assets\/123447\/bmw-rad-2-cabrio-228i-m-sport-at-180kw-2016-aj-na-splatky-protiucet_4_small.webp"},{"id":100336,"max":"https:\/\/cdn.assetlog.ai\/assets\/123447\/bmw-rad-2-cabrio-228i-m-sport-at-180kw-2016-aj-na-splatky-protiucet_5_max.webp","medium":"https:\/\/cdn.assetlog.ai\/assets\/123447\/bmw-rad-2-cabrio-228i-m-sport-at-180kw-2016-aj-na-splatky-protiucet_5_medium.webp","small":"https:\/\/cdn.assetlog.ai\/assets\/123447\/bmw-rad-2-cabrio-228i-m-sport-at-180kw-2016-aj-na-splatky-protiucet_5_small.webp"},{"id":100337,"max":"https:\/\/cdn.assetlog.ai\/assets\/123447\/bmw-rad-2-cabrio-228i-m-sport-at-180kw-2016-aj-na-splatky-protiucet_6_max.webp","medium":"https:\/\/cdn.assetlog.ai\/assets\/123447\/bmw-rad-2-cabrio-228i-m-sport-at-180kw-2016-aj-na-splatky-protiucet_6_medium.webp","small":"https:\/\/cdn.assetlog.ai\/assets\/123447\/bmw-rad-2-cabrio-228i-m-sport-at-180kw-2016-aj-na-splatky-protiucet_6_small.webp"},{"id":100338,"max":"https:\/\/cdn.assetlog.ai\/assets\/123447\/bmw-rad-2-cabrio-228i-m-sport-at-180kw-2016-aj-na-splatky-protiucet_7_max.webp","medium":"https:\/\/cdn.assetlog.ai\/assets\/123447\/bmw-rad-2-cabrio-228i-m-sport-at-180kw-2016-aj-na-splatky-protiucet_7_medium.webp","small":"https:\/\/cdn.assetlog.ai\/assets\/123447\/bmw-rad-2-cabrio-228i-m-sport-at-180kw-2016-aj-na-splatky-protiucet_7_small.webp"},{"id":100339,"max":"https:\/\/cdn.assetlog.ai\/assets\/123447\/bmw-rad-2-cabrio-228i-m-sport-at-180kw-2016-aj-na-splatky-protiucet_8_max.webp","medium":"https:\/\/cdn.assetlog.ai\/assets\/123447\/bmw-rad-2-cabrio-228i-m-sport-at-180kw-2016-aj-na-splatky-protiucet_8_medium.webp","small":"https:\/\/cdn.assetlog.ai\/assets\/123447\/bmw-rad-2-cabrio-228i-m-sport-at-180kw-2016-aj-na-splatky-protiucet_8_small.webp"},{"id":100340,"max":"https:\/\/cdn.assetlog.ai\/assets\/123447\/bmw-rad-2-cabrio-228i-m-sport-at-180kw-2016-aj-na-splatky-protiucet_9_max.webp","medium":"https:\/\/cdn.assetlog.ai\/assets\/123447\/bmw-rad-2-cabrio-228i-m-sport-at-180kw-2016-aj-na-splatky-protiucet_9_medium.webp","small":"https:\/\/cdn.assetlog.ai\/assets\/123447\/bmw-rad-2-cabrio-228i-m-sport-at-180kw-2016-aj-na-splatky-protiucet_9_small.webp"},{"id":100341,"max":"https:\/\/cdn.assetlog.ai\/assets\/123447\/bmw-rad-2-cabrio-228i-m-sport-at-180kw-2016-aj-na-splatky-protiucet_10_max.webp","medium":"https:\/\/cdn.assetlog.ai\/assets\/123447\/bmw-rad-2-cabrio-228i-m-sport-at-180kw-2016-aj-na-splatky-protiucet_10_medium.webp","small":"https:\/\/cdn.assetlog.ai\/assets\/123447\/bmw-rad-2-cabrio-228i-m-sport-at-180kw-2016-aj-na-splatky-protiucet_10_small.webp"},{"id":100342,"max":"https:\/\/cdn.assetlog.ai\/assets\/123447\/bmw-rad-2-cabrio-228i-m-sport-at-180kw-2016-aj-na-splatky-protiucet_11_max.webp","medium":"https:\/\/cdn.assetlog.ai\/assets\/123447\/bmw-rad-2-cabrio-228i-m-sport-at-180kw-2016-aj-na-splatky-protiucet_11_medium.webp","small":"https:\/\/cdn.assetlog.ai\/assets\/123447\/bmw-rad-2-cabrio-228i-m-sport-at-180kw-2016-aj-na-splatky-protiucet_11_small.webp"},{"id":100343,"max":"https:\/\/cdn.assetlog.ai\/assets\/123447\/bmw-rad-2-cabrio-228i-m-sport-at-180kw-2016-aj-na-splatky-protiucet_12_max.webp","medium":"https:\/\/cdn.assetlog.ai\/assets\/123447\/bmw-rad-2-cabrio-228i-m-sport-at-180kw-2016-aj-na-splatky-protiucet_12_medium.webp","small":"https:\/\/cdn.assetlog.ai\/assets\/123447\/bmw-rad-2-cabrio-228i-m-sport-at-180kw-2016-aj-na-splatky-protiucet_12_small.webp"},{"id":100344,"max":"https:\/\/cdn.assetlog.ai\/assets\/123447\/bmw-rad-2-cabrio-228i-m-sport-at-180kw-2016-aj-na-splatky-protiucet_13_max.webp","medium":"https:\/\/cdn.assetlog.ai\/assets\/123447\/bmw-rad-2-cabrio-228i-m-sport-at-180kw-2016-aj-na-splatky-protiucet_13_medium.webp","small":"https:\/\/cdn.assetlog.ai\/assets\/123447\/bmw-rad-2-cabrio-228i-m-sport-at-180kw-2016-aj-na-splatky-protiucet_13_small.webp"},{"id":100345,"max":"https:\/\/cdn.assetlog.ai\/assets\/123447\/bmw-rad-2-cabrio-228i-m-sport-at-180kw-2016-aj-na-splatky-protiucet_14_max.webp","medium":"https:\/\/cdn.assetlog.ai\/assets\/123447\/bmw-rad-2-cabrio-228i-m-sport-at-180kw-2016-aj-na-splatky-protiucet_14_medium.webp","small":"https:\/\/cdn.assetlog.ai\/assets\/123447\/bmw-rad-2-cabrio-228i-m-sport-at-180kw-2016-aj-na-splatky-protiucet_14_small.webp"},{"id":100346,"max":"https:\/\/cdn.assetlog.ai\/assets\/123447\/bmw-rad-2-cabrio-228i-m-sport-at-180kw-2016-aj-na-splatky-protiucet_15_max.webp","medium":"https:\/\/cdn.assetlog.ai\/assets\/123447\/bmw-rad-2-cabrio-228i-m-sport-at-180kw-2016-aj-na-splatky-protiucet_15_medium.webp","small":"https:\/\/cdn.assetlog.ai\/assets\/123447\/bmw-rad-2-cabrio-228i-m-sport-at-180kw-2016-aj-na-splatky-protiucet_15_small.webp"},{"id":100347,"max":"https:\/\/cdn.assetlog.ai\/assets\/123447\/bmw-rad-2-cabrio-228i-m-sport-at-180kw-2016-aj-na-splatky-protiucet_16_max.webp","medium":"https:\/\/cdn.assetlog.ai\/assets\/123447\/bmw-rad-2-cabrio-228i-m-sport-at-180kw-2016-aj-na-splatky-protiucet_16_medium.webp","small":"https:\/\/cdn.assetlog.ai\/assets\/123447\/bmw-rad-2-cabrio-228i-m-sport-at-180kw-2016-aj-na-splatky-protiucet_16_small.webp"},{"id":100348,"max":"https:\/\/cdn.assetlog.ai\/assets\/123447\/bmw-rad-2-cabrio-228i-m-sport-at-180kw-2016-aj-na-splatky-protiucet_17_max.webp","medium":"https:\/\/cdn.assetlog.ai\/assets\/123447\/bmw-rad-2-cabrio-228i-m-sport-at-180kw-2016-aj-na-splatky-protiucet_17_medium.webp","small":"https:\/\/cdn.assetlog.ai\/assets\/123447\/bmw-rad-2-cabrio-228i-m-sport-at-180kw-2016-aj-na-splatky-protiucet_17_small.webp"},{"id":100349,"max":"https:\/\/cdn.assetlog.ai\/assets\/123447\/bmw-rad-2-cabrio-228i-m-sport-at-180kw-2016-aj-na-splatky-protiucet_18_max.webp","medium":"https:\/\/cdn.assetlog.ai\/assets\/123447\/bmw-rad-2-cabrio-228i-m-sport-at-180kw-2016-aj-na-splatky-protiucet_18_medium.webp","small":"https:\/\/cdn.assetlog.ai\/assets\/123447\/bmw-rad-2-cabrio-228i-m-sport-at-180kw-2016-aj-na-splatky-protiucet_18_small.webp"},{"id":100350,"max":"https:\/\/cdn.assetlog.ai\/assets\/123447\/bmw-rad-2-cabrio-228i-m-sport-at-180kw-2016-aj-na-splatky-protiucet_19_max.webp","medium":"https:\/\/cdn.assetlog.ai\/assets\/123447\/bmw-rad-2-cabrio-228i-m-sport-at-180kw-2016-aj-na-splatky-protiucet_19_medium.webp","small":"https:\/\/cdn.assetlog.ai\/assets\/123447\/bmw-rad-2-cabrio-228i-m-sport-at-180kw-2016-aj-na-splatky-protiucet_19_small.webp"},{"id":100351,"max":"https:\/\/cdn.assetlog.ai\/assets\/123447\/bmw-rad-2-cabrio-228i-m-sport-at-180kw-2016-aj-na-splatky-protiucet_20_max.webp","medium":"https:\/\/cdn.assetlog.ai\/assets\/123447\/bmw-rad-2-cabrio-228i-m-sport-at-180kw-2016-aj-na-splatky-protiucet_20_medium.webp","small":"https:\/\/cdn.assetlog.ai\/assets\/123447\/bmw-rad-2-cabrio-228i-m-sport-at-180kw-2016-aj-na-splatky-protiucet_20_small.webp"},{"id":100352,"max":"https:\/\/cdn.assetlog.ai\/assets\/123447\/bmw-rad-2-cabrio-228i-m-sport-at-180kw-2016-aj-na-splatky-protiucet_21_max.webp","medium":"https:\/\/cdn.assetlog.ai\/assets\/123447\/bmw-rad-2-cabrio-228i-m-sport-at-180kw-2016-aj-na-splatky-protiucet_21_medium.webp","small":"https:\/\/cdn.assetlog.ai\/assets\/123447\/bmw-rad-2-cabrio-228i-m-sport-at-180kw-2016-aj-na-splatky-protiucet_21_small.webp"},{"id":100353,"max":"https:\/\/cdn.assetlog.ai\/assets\/123447\/bmw-rad-2-cabrio-228i-m-sport-at-180kw-2016-aj-na-splatky-protiucet_22_max.webp","medium":"https:\/\/cdn.assetlog.ai\/assets\/123447\/bmw-rad-2-cabrio-228i-m-sport-at-180kw-2016-aj-na-splatky-protiucet_22_medium.webp","small":"https:\/\/cdn.assetlog.ai\/assets\/123447\/bmw-rad-2-cabrio-228i-m-sport-at-180kw-2016-aj-na-splatky-protiucet_22_small.webp"},{"id":100354,"max":"https:\/\/cdn.assetlog.ai\/assets\/123447\/bmw-rad-2-cabrio-228i-m-sport-at-180kw-2016-aj-na-splatky-protiucet_23_max.webp","medium":"https:\/\/cdn.assetlog.ai\/assets\/123447\/bmw-rad-2-cabrio-228i-m-sport-at-180kw-2016-aj-na-splatky-protiucet_23_medium.webp","small":"https:\/\/cdn.assetlog.ai\/assets\/123447\/bmw-rad-2-cabrio-228i-m-sport-at-180kw-2016-aj-na-splatky-protiucet_23_small.webp"},{"id":100355,"max":"https:\/\/cdn.assetlog.ai\/assets\/123447\/bmw-rad-2-cabrio-228i-m-sport-at-180kw-2016-aj-na-splatky-protiucet_24_max.webp","medium":"https:\/\/cdn.assetlog.ai\/assets\/123447\/bmw-rad-2-cabrio-228i-m-sport-at-180kw-2016-aj-na-splatky-protiucet_24_medium.webp","small":"https:\/\/cdn.assetlog.ai\/assets\/123447\/bmw-rad-2-cabrio-228i-m-sport-at-180kw-2016-aj-na-splatky-protiucet_24_small.webp"},{"id":100356,"max":"https:\/\/cdn.assetlog.ai\/assets\/123447\/bmw-rad-2-cabrio-228i-m-sport-at-180kw-2016-aj-na-splatky-protiucet_25_max.webp","medium":"https:\/\/cdn.assetlog.ai\/assets\/123447\/bmw-rad-2-cabrio-228i-m-sport-at-180kw-2016-aj-na-splatky-protiucet_25_medium.webp","small":"https:\/\/cdn.assetlog.ai\/assets\/123447\/bmw-rad-2-cabrio-228i-m-sport-at-180kw-2016-aj-na-splatky-protiucet_25_small.webp"},{"id":100357,"max":"https:\/\/cdn.assetlog.ai\/assets\/123447\/bmw-rad-2-cabrio-228i-m-sport-at-180kw-2016-aj-na-splatky-protiucet_26_max.webp","medium":"https:\/\/cdn.assetlog.ai\/assets\/123447\/bmw-rad-2-cabrio-228i-m-sport-at-180kw-2016-aj-na-splatky-protiucet_26_medium.webp","small":"https:\/\/cdn.assetlog.ai\/assets\/123447\/bmw-rad-2-cabrio-228i-m-sport-at-180kw-2016-aj-na-splatky-protiucet_26_small.webp"},{"id":100358,"max":"https:\/\/cdn.assetlog.ai\/assets\/123447\/bmw-rad-2-cabrio-228i-m-sport-at-180kw-2016-aj-na-splatky-protiucet_27_max.webp","medium":"https:\/\/cdn.assetlog.ai\/assets\/123447\/bmw-rad-2-cabrio-228i-m-sport-at-180kw-2016-aj-na-splatky-protiucet_27_medium.webp","small":"https:\/\/cdn.assetlog.ai\/assets\/123447\/bmw-rad-2-cabrio-228i-m-sport-at-180kw-2016-aj-na-splatky-protiucet_27_small.webp"},{"id":100359,"max":"https:\/\/cdn.assetlog.ai\/assets\/123447\/bmw-rad-2-cabrio-228i-m-sport-at-180kw-2016-aj-na-splatky-protiucet_28_max.webp","medium":"https:\/\/cdn.assetlog.ai\/assets\/123447\/bmw-rad-2-cabrio-228i-m-sport-at-180kw-2016-aj-na-splatky-protiucet_28_medium.webp","small":"https:\/\/cdn.assetlog.ai\/assets\/123447\/bmw-rad-2-cabrio-228i-m-sport-at-180kw-2016-aj-na-splatky-protiucet_28_small.webp"},{"id":100360,"max":"https:\/\/cdn.assetlog.ai\/assets\/123447\/bmw-rad-2-cabrio-228i-m-sport-at-180kw-2016-aj-na-splatky-protiucet_29_max.webp","medium":"https:\/\/cdn.assetlog.ai\/assets\/123447\/bmw-rad-2-cabrio-228i-m-sport-at-180kw-2016-aj-na-splatky-protiucet_29_medium.webp","small":"https:\/\/cdn.assetlog.ai\/assets\/123447\/bmw-rad-2-cabrio-228i-m-sport-at-180kw-2016-aj-na-splatky-protiucet_29_small.webp"},{"id":100361,"max":"https:\/\/cdn.assetlog.ai\/assets\/123447\/bmw-rad-2-cabrio-228i-m-sport-at-180kw-2016-aj-na-splatky-protiucet_30_max.webp","medium":"https:\/\/cdn.assetlog.ai\/assets\/123447\/bmw-rad-2-cabrio-228i-m-sport-at-180kw-2016-aj-na-splatky-protiucet_30_medium.webp","small":"https:\/\/cdn.assetlog.ai\/assets\/123447\/bmw-rad-2-cabrio-228i-m-sport-at-180kw-2016-aj-na-splatky-protiucet_30_small.webp"},{"id":100362,"max":"https:\/\/cdn.assetlog.ai\/assets\/123447\/bmw-rad-2-cabrio-228i-m-sport-at-180kw-2016-aj-na-splatky-protiucet_31_max.webp","medium":"https:\/\/cdn.assetlog.ai\/assets\/123447\/bmw-rad-2-cabrio-228i-m-sport-at-180kw-2016-aj-na-splatky-protiucet_31_medium.webp","small":"https:\/\/cdn.assetlog.ai\/assets\/123447\/bmw-rad-2-cabrio-228i-m-sport-at-180kw-2016-aj-na-splatky-protiucet_31_small.webp"},{"id":100363,"max":"https:\/\/cdn.assetlog.ai\/assets\/123447\/bmw-rad-2-cabrio-228i-m-sport-at-180kw-2016-aj-na-splatky-protiucet_32_max.webp","medium":"https:\/\/cdn.assetlog.ai\/assets\/123447\/bmw-rad-2-cabrio-228i-m-sport-at-180kw-2016-aj-na-splatky-protiucet_32_medium.webp","small":"https:\/\/cdn.assetlog.ai\/assets\/123447\/bmw-rad-2-cabrio-228i-m-sport-at-180kw-2016-aj-na-splatky-protiucet_32_small.webp"},{"id":100364,"max":"https:\/\/cdn.assetlog.ai\/assets\/123447\/bmw-rad-2-cabrio-228i-m-sport-at-180kw-2016-aj-na-splatky-protiucet_33_max.webp","medium":"https:\/\/cdn.assetlog.ai\/assets\/123447\/bmw-rad-2-cabrio-228i-m-sport-at-180kw-2016-aj-na-splatky-protiucet_33_medium.webp","small":"https:\/\/cdn.assetlog.ai\/assets\/123447\/bmw-rad-2-cabrio-228i-m-sport-at-180kw-2016-aj-na-splatky-protiucet_33_small.webp"},{"id":100365,"max":"https:\/\/cdn.assetlog.ai\/assets\/123447\/bmw-rad-2-cabrio-228i-m-sport-at-180kw-2016-aj-na-splatky-protiucet_34_max.webp","medium":"https:\/\/cdn.assetlog.ai\/assets\/123447\/bmw-rad-2-cabrio-228i-m-sport-at-180kw-2016-aj-na-splatky-protiucet_34_medium.webp","small":"https:\/\/cdn.assetlog.ai\/assets\/123447\/bmw-rad-2-cabrio-228i-m-sport-at-180kw-2016-aj-na-splatky-protiucet_34_small.webp"},{"id":100366,"max":"https:\/\/cdn.assetlog.ai\/assets\/123447\/bmw-rad-2-cabrio-228i-m-sport-at-180kw-2016-aj-na-splatky-protiucet_35_max.webp","medium":"https:\/\/cdn.assetlog.ai\/assets\/123447\/bmw-rad-2-cabrio-228i-m-sport-at-180kw-2016-aj-na-splatky-protiucet_35_medium.webp","small":"https:\/\/cdn.assetlog.ai\/assets\/123447\/bmw-rad-2-cabrio-228i-m-sport-at-180kw-2016-aj-na-splatky-protiucet_35_small.webp"},{"id":100367,"max":"https:\/\/cdn.assetlog.ai\/assets\/123447\/bmw-rad-2-cabrio-228i-m-sport-at-180kw-2016-aj-na-splatky-protiucet_36_max.webp","medium":"https:\/\/cdn.assetlog.ai\/assets\/123447\/bmw-rad-2-cabrio-228i-m-sport-at-180kw-2016-aj-na-splatky-protiucet_36_medium.webp","small":"https:\/\/cdn.assetlog.ai\/assets\/123447\/bmw-rad-2-cabrio-228i-m-sport-at-180kw-2016-aj-na-splatky-protiucet_36_small.webp"},{"id":100368,"max":"https:\/\/cdn.assetlog.ai\/assets\/123447\/bmw-rad-2-cabrio-228i-m-sport-at-180kw-2016-aj-na-splatky-protiucet_37_max.webp","medium":"https:\/\/cdn.assetlog.ai\/assets\/123447\/bmw-rad-2-cabrio-228i-m-sport-at-180kw-2016-aj-na-splatky-protiucet_37_medium.webp","small":"https:\/\/cdn.assetlog.ai\/assets\/123447\/bmw-rad-2-cabrio-228i-m-sport-at-180kw-2016-aj-na-splatky-protiucet_37_small.webp"},{"id":100369,"max":"https:\/\/cdn.assetlog.ai\/assets\/123447\/bmw-rad-2-cabrio-228i-m-sport-at-180kw-2016-aj-na-splatky-protiucet_38_max.webp","medium":"https:\/\/cdn.assetlog.ai\/assets\/123447\/bmw-rad-2-cabrio-228i-m-sport-at-180kw-2016-aj-na-splatky-protiucet_38_medium.webp","small":"https:\/\/cdn.assetlog.ai\/assets\/123447\/bmw-rad-2-cabrio-228i-m-sport-at-180kw-2016-aj-na-splatky-protiucet_38_small.webp"},{"id":100370,"max":"https:\/\/cdn.assetlog.ai\/assets\/123447\/bmw-rad-2-cabrio-228i-m-sport-at-180kw-2016-aj-na-splatky-protiucet_39_max.webp","medium":"https:\/\/cdn.assetlog.ai\/assets\/123447\/bmw-rad-2-cabrio-228i-m-sport-at-180kw-2016-aj-na-splatky-protiucet_39_medium.webp","small":"https:\/\/cdn.assetlog.ai\/assets\/123447\/bmw-rad-2-cabrio-228i-m-sport-at-180kw-2016-aj-na-splatky-protiucet_39_small.webp"},{"id":100371,"max":"https:\/\/cdn.assetlog.ai\/assets\/123447\/bmw-rad-2-cabrio-228i-m-sport-at-180kw-2016-aj-na-splatky-protiucet_40_max.webp","medium":"https:\/\/cdn.assetlog.ai\/assets\/123447\/bmw-rad-2-cabrio-228i-m-sport-at-180kw-2016-aj-na-splatky-protiucet_40_medium.webp","small":"https:\/\/cdn.assetlog.ai\/assets\/123447\/bmw-rad-2-cabrio-228i-m-sport-at-180kw-2016-aj-na-splatky-protiucet_40_small.webp"}],"published_at":null,"expires_at":null,"created_at":"2026-07-18T03:40:11+00:00","updated_at":"2026-09-01T03:41:27+00:00"}}