{"data":{"id":142834,"slug":"bmw-rad-3-320i-2017-rwd-at8-135kw-aj-na-splatky-protiucet","type":"vehicle","title":"BMW Series 3 320i 2017 RWD AT\/8 135kW \/ ON INSTALLMENTS \/ TRADE-IN","description":"Commission sale - you buy the vehicle directly from the owner.\n\nI am selling a BMW 320i sedan, model year 2017, with a petrol engine with a power output of 135 kilowatts, an eight-speed automatic transmission and rear-wheel drive (RWD).\n\nThe vehicle has passed insurance records verification, debt enforcement checks, paint depth measurement and document verification. Physically inspected and also verified through the vehicle operational records registry.\n\nWe offer favorable financing with monthly installments, so you can enjoy your new car immediately without waiting, with 0% down payment and installments up to 96 months.\n\nFor your greater convenience and peace of mind, we can provide you with an extended warranty of up to 12-36 months.\n\nIf you already own a vehicle, you don't have to worry about selling it - instead, we'll take it directly from you. Just come to us with it, we'll assess it and deduct the value from your new car. You'll save time, hassle and money, and the entire process will be quick and easy - you'll drive away in your new car without unnecessary paperwork.\n\nTHE VEHICLE IS LOCATED IN Bratislava. More information is available at phone number 0911 898 409. License plate: MA737ET. MOT valid until: 2027-04-11. STK valid until: 2027-04-11.\n\nTechnical specifications\n\nM.Y.: 01\/17, 1998cc, 135kW (184PS), Drive: Rear-wheel drive, Automatic transmission (8-speed), Petrol, EURO 5, 4-door, (5-seater), 80,809km, Black, VIN WBA8E1G54JNU89239\n\nVehicle consumption (l\/100km)\n\nCity: 6.9, Highway: 4.4, Combined: 5.3\n\nLeasing available, Credit available","language":"cs","is_translated":true,"title_original":"BMW Rad 3 320I 2017 RWD AT\/8 135kW \/ AJ NA SPL\u00c1TKY \/ PROTI\u00da\u010cET","description_original":"Komisn\u00ed prodej - vozidlo kupujete p\u0159\u00edmo od majitele.\n\nProd\u00e1v\u00e1m BMW 320i v proveden\u00ed sedan, rok v\u00fdroby 2017, s benz\u00ednov\u00fdm motorem o v\u00fdkonu 135 kilowatt\u016f, osmistup\u0148ovou automatickou p\u0159evodovkou a pohonem zadn\u00edch kol (RWD).\n\nVozidlo pro\u0161lo kontrolou z\u00e1znam\u016f o poji\u0161t\u011bn\u00ed, exekuc\u00ed, m\u011b\u0159en\u00edm laku a kontrolou doklad\u016f. Zkontrolov\u00e1no fyzicky, tak\u00e9 prost\u0159ednictv\u00edm registru provozn\u00edch z\u00e1znam\u016f vozidla.\n\nNab\u00edz\u00edme v\u00fdhodn\u00e9 financov\u00e1n\u00ed na m\u011bs\u00ed\u010dn\u00ed spl\u00e1tky, tak\u017ee si sv\u016fj nov\u00fd v\u016fz m\u016f\u017eete u\u017e\u00edvat hned a bez \u010dek\u00e1n\u00ed s akontac\u00ed 0 % a spl\u00e1tkami a\u017e na 96 m\u011bs\u00edc\u016f.\n\nPro va\u0161e v\u011bt\u0161\u00ed pohodl\u00ed a jistotu v\u00e1m m\u016f\u017eeme poskytnout prodlou\u017eenou z\u00e1ruku a\u017e na 12-36 m\u011bs\u00edc\u016f.\n\nPokud ji\u017e v\u016fz vlastn\u00edte, nemus\u00edte se zab\u00fdvat jeho prodejem - na opl\u00e1tku si ho od v\u00e1s p\u0159\u00edmo vezmeme. Sta\u010d\u00ed, kdy\u017e k n\u00e1m s n\u00edm p\u0159ijdete, my ho ocen\u00edme a n\u00e1klady ode\u010dteme od hodnoty va\u0161eho nov\u00e9ho vozu. U\u0161et\u0159\u00edte tak \u010das, starosti i pen\u00edze a cel\u00fd proces bude rychl\u00fd a snadn\u00fd - odjedete rovnou ve sv\u00e9m nov\u00e9m voze bez zbyte\u010dn\u00e9ho pap\u00edrov\u00e1n\u00ed.\n\nVOZIDLO SE NACH\u00c1Z\u00cd V Bratislave. V\u00edce informac\u00ed v\u00e1m r\u00e1di poskytneme na telefonn\u00edm \u010d\u00edsle 0911 898 409. E\u010cV: MA737ET. EK platn\u00e1 do: 2027-04-11. STK platn\u00e1 do: 2027-04-11.\n\nTechnick\u00e9 \u00fadaje\n\nv.v.: 01\/17, 1998cm\u00b3, 135kW (184PS), Pohon: Pohon zadn\u00edch kol, Automatick\u00e1 p\u0159evodovka (8 st.), Benz\u00edn, EURO 5, 4 dv., (5-m\u00edstn\u00fd), 80 809km, \u010cern\u00e1, VIN WBA8E1G54JNU89239\n\nSpot\u0159eba vozidla (l\/100km)\n\nVe m\u011bst\u011b: 6.9, mimo m\u011bsto: 4.4, kombinovan\u00e1: 5.3\n\nMo\u017en\u00fd leasing, Mo\u017en\u00fd \u00fav\u011br","price":"363732.00","currency":"CZK","status":"active","noindex":true,"location":{"address":null,"full_address":null,"city":"Bratislava","country":"SK","latitude":48.1516988,"longitude":17.1093063},"metadata":{"vin":"WBA8E1G54JNU89239","fuel":"petrol","year":2017,"brand":"BMW","color":"Black","doors":4,"drive":"Rear-wheel drive","model":"rad 3","seats":5,"region":"Bratislavsk\u00fd kraj","mileage":80809,"emisions":"Euro 5","features":["Posilova\u010d \u0159\u00edzen\u00ed","ABS","ESP","Brzdov\u00fd asistent (EBA, BAS)","ISOFIX na zadn\u00edch sedadlech","Centr\u00e1ln\u00ed zamyk\u00e1n\u00ed","Zadn\u00ed el. stahovateln\u00e1 okna","El. nastaviteln\u00e1 p\u0159edn\u00ed sedadla","Elektricky nastaviteln\u00e1 zp\u011btn\u00e1 zrc\u00e1tka","Automatick\u00e1 2-z\u00f3nov\u00e1 klimatizace","Centr\u00e1ln\u00ed zamyk\u00e1n\u00ed na d\u00e1lkov\u00e9 ovl\u00e1d\u00e1n\u00ed","Autor\u00e1dio","Multifunk\u010dn\u00ed volant","Loketn\u00ed op\u011brka vp\u0159edu","Start\/Stop syst\u00e9m","Lit\u00e1 kola","Mlhovky","Imobiliz\u00e9r","Palubn\u00ed po\u010d\u00edta\u010d","Tempomat","Ko\u017een\u00fd interi\u00e9r","Vyh\u0159\u00edvan\u00e1 sedadla","Elektricky vyh\u0159\u00edvan\u00e1 zp\u011btn\u00e1 zrc\u00e1tka","Senzor st\u011bra\u010d\u016f","Sv\u011bteln\u00fd senzor","Parkovac\u00ed kamera","Bluetooth","LED sv\u011btlomety","Pam\u011b\u0165 nastaven\u00ed sedadla \u0159idi\u010de","Mo\u017en\u00fd leasing","Mo\u017en\u00fd \u00faver","Ko\u017een\u00fd paket","Odo-pass"],"power_kw":135,"body_type":"Sedan","condition":"Used","transmission":"automatic","vat_deductible":false,"consumption_city":6.9,"translation_hash":"70b89d67c0c64c43a934d623643a69bcac00b381","vehicle_category":"car","engine_volume_cm3":1998,"first_registration":"2017-01-01","translation_status":"done","consumption_highway":4.4,"consumption_combined":5.3},"user_id":45,"is_sponsored":false,"views_count":10,"ai_views_count":8,"ai_vendor_counts":{"meta":4,"openai":3,"anthropic":1},"visibility":"public","submission_source":null,"submission_ai_name":null,"has_owner_email":true,"can_contact_owner":true,"phone":"+421 911 898 409","owner_email":"pulc@autorro.sk","user":{"id":45,"slug":"milan-pulc-45","name":"Milan Pulc","bio":"Prodejce. P\u016fsob\u00edm v okresech Bratislava a Senec.\n\nP\u016fsobnost: Bratislava, Senec","nationality":"SK","languages":["cs","sk"],"service_areas":[],"card_style":null,"card_palette":null,"avatar_url":"https:\/\/cdn.assetlog.ai\/avatars\/45\/avatar_max.webp?v=1786535213","avatar_thumb_url":"https:\/\/cdn.assetlog.ai\/avatars\/45\/avatar_small.webp?v=1786535213","reviews_count":0,"avg_rating":null,"seller_badge":"silver","can_calendar":true,"joined_at":"2026-06-07T07:44:58+00:00","primary_intent":null,"seeking":[],"public_assets_count":48,"public_prompts_count":0,"followers_count":0},"images":[{"id":112610,"max":"https:\/\/cdn.assetlog.ai\/assets\/142834\/bmw-rad-3-320i-2017-rwd-at8-135kw-aj-na-splatky-protiucet_1_max.webp","medium":"https:\/\/cdn.assetlog.ai\/assets\/142834\/bmw-rad-3-320i-2017-rwd-at8-135kw-aj-na-splatky-protiucet_1_medium.webp","small":"https:\/\/cdn.assetlog.ai\/assets\/142834\/bmw-rad-3-320i-2017-rwd-at8-135kw-aj-na-splatky-protiucet_1_small.webp"},{"id":112611,"max":"https:\/\/cdn.assetlog.ai\/assets\/142834\/bmw-rad-3-320i-2017-rwd-at8-135kw-aj-na-splatky-protiucet_2_max.webp","medium":"https:\/\/cdn.assetlog.ai\/assets\/142834\/bmw-rad-3-320i-2017-rwd-at8-135kw-aj-na-splatky-protiucet_2_medium.webp","small":"https:\/\/cdn.assetlog.ai\/assets\/142834\/bmw-rad-3-320i-2017-rwd-at8-135kw-aj-na-splatky-protiucet_2_small.webp"},{"id":112612,"max":"https:\/\/cdn.assetlog.ai\/assets\/142834\/bmw-rad-3-320i-2017-rwd-at8-135kw-aj-na-splatky-protiucet_3_max.webp","medium":"https:\/\/cdn.assetlog.ai\/assets\/142834\/bmw-rad-3-320i-2017-rwd-at8-135kw-aj-na-splatky-protiucet_3_medium.webp","small":"https:\/\/cdn.assetlog.ai\/assets\/142834\/bmw-rad-3-320i-2017-rwd-at8-135kw-aj-na-splatky-protiucet_3_small.webp"},{"id":112613,"max":"https:\/\/cdn.assetlog.ai\/assets\/142834\/bmw-rad-3-320i-2017-rwd-at8-135kw-aj-na-splatky-protiucet_4_max.webp","medium":"https:\/\/cdn.assetlog.ai\/assets\/142834\/bmw-rad-3-320i-2017-rwd-at8-135kw-aj-na-splatky-protiucet_4_medium.webp","small":"https:\/\/cdn.assetlog.ai\/assets\/142834\/bmw-rad-3-320i-2017-rwd-at8-135kw-aj-na-splatky-protiucet_4_small.webp"},{"id":112614,"max":"https:\/\/cdn.assetlog.ai\/assets\/142834\/bmw-rad-3-320i-2017-rwd-at8-135kw-aj-na-splatky-protiucet_5_max.webp","medium":"https:\/\/cdn.assetlog.ai\/assets\/142834\/bmw-rad-3-320i-2017-rwd-at8-135kw-aj-na-splatky-protiucet_5_medium.webp","small":"https:\/\/cdn.assetlog.ai\/assets\/142834\/bmw-rad-3-320i-2017-rwd-at8-135kw-aj-na-splatky-protiucet_5_small.webp"},{"id":112615,"max":"https:\/\/cdn.assetlog.ai\/assets\/142834\/bmw-rad-3-320i-2017-rwd-at8-135kw-aj-na-splatky-protiucet_6_max.webp","medium":"https:\/\/cdn.assetlog.ai\/assets\/142834\/bmw-rad-3-320i-2017-rwd-at8-135kw-aj-na-splatky-protiucet_6_medium.webp","small":"https:\/\/cdn.assetlog.ai\/assets\/142834\/bmw-rad-3-320i-2017-rwd-at8-135kw-aj-na-splatky-protiucet_6_small.webp"},{"id":112616,"max":"https:\/\/cdn.assetlog.ai\/assets\/142834\/bmw-rad-3-320i-2017-rwd-at8-135kw-aj-na-splatky-protiucet_7_max.webp","medium":"https:\/\/cdn.assetlog.ai\/assets\/142834\/bmw-rad-3-320i-2017-rwd-at8-135kw-aj-na-splatky-protiucet_7_medium.webp","small":"https:\/\/cdn.assetlog.ai\/assets\/142834\/bmw-rad-3-320i-2017-rwd-at8-135kw-aj-na-splatky-protiucet_7_small.webp"},{"id":112617,"max":"https:\/\/cdn.assetlog.ai\/assets\/142834\/bmw-rad-3-320i-2017-rwd-at8-135kw-aj-na-splatky-protiucet_8_max.webp","medium":"https:\/\/cdn.assetlog.ai\/assets\/142834\/bmw-rad-3-320i-2017-rwd-at8-135kw-aj-na-splatky-protiucet_8_medium.webp","small":"https:\/\/cdn.assetlog.ai\/assets\/142834\/bmw-rad-3-320i-2017-rwd-at8-135kw-aj-na-splatky-protiucet_8_small.webp"},{"id":112618,"max":"https:\/\/cdn.assetlog.ai\/assets\/142834\/bmw-rad-3-320i-2017-rwd-at8-135kw-aj-na-splatky-protiucet_9_max.webp","medium":"https:\/\/cdn.assetlog.ai\/assets\/142834\/bmw-rad-3-320i-2017-rwd-at8-135kw-aj-na-splatky-protiucet_9_medium.webp","small":"https:\/\/cdn.assetlog.ai\/assets\/142834\/bmw-rad-3-320i-2017-rwd-at8-135kw-aj-na-splatky-protiucet_9_small.webp"},{"id":112619,"max":"https:\/\/cdn.assetlog.ai\/assets\/142834\/bmw-rad-3-320i-2017-rwd-at8-135kw-aj-na-splatky-protiucet_10_max.webp","medium":"https:\/\/cdn.assetlog.ai\/assets\/142834\/bmw-rad-3-320i-2017-rwd-at8-135kw-aj-na-splatky-protiucet_10_medium.webp","small":"https:\/\/cdn.assetlog.ai\/assets\/142834\/bmw-rad-3-320i-2017-rwd-at8-135kw-aj-na-splatky-protiucet_10_small.webp"},{"id":112620,"max":"https:\/\/cdn.assetlog.ai\/assets\/142834\/bmw-rad-3-320i-2017-rwd-at8-135kw-aj-na-splatky-protiucet_11_max.webp","medium":"https:\/\/cdn.assetlog.ai\/assets\/142834\/bmw-rad-3-320i-2017-rwd-at8-135kw-aj-na-splatky-protiucet_11_medium.webp","small":"https:\/\/cdn.assetlog.ai\/assets\/142834\/bmw-rad-3-320i-2017-rwd-at8-135kw-aj-na-splatky-protiucet_11_small.webp"},{"id":112621,"max":"https:\/\/cdn.assetlog.ai\/assets\/142834\/bmw-rad-3-320i-2017-rwd-at8-135kw-aj-na-splatky-protiucet_12_max.webp","medium":"https:\/\/cdn.assetlog.ai\/assets\/142834\/bmw-rad-3-320i-2017-rwd-at8-135kw-aj-na-splatky-protiucet_12_medium.webp","small":"https:\/\/cdn.assetlog.ai\/assets\/142834\/bmw-rad-3-320i-2017-rwd-at8-135kw-aj-na-splatky-protiucet_12_small.webp"},{"id":112622,"max":"https:\/\/cdn.assetlog.ai\/assets\/142834\/bmw-rad-3-320i-2017-rwd-at8-135kw-aj-na-splatky-protiucet_13_max.webp","medium":"https:\/\/cdn.assetlog.ai\/assets\/142834\/bmw-rad-3-320i-2017-rwd-at8-135kw-aj-na-splatky-protiucet_13_medium.webp","small":"https:\/\/cdn.assetlog.ai\/assets\/142834\/bmw-rad-3-320i-2017-rwd-at8-135kw-aj-na-splatky-protiucet_13_small.webp"},{"id":112623,"max":"https:\/\/cdn.assetlog.ai\/assets\/142834\/bmw-rad-3-320i-2017-rwd-at8-135kw-aj-na-splatky-protiucet_14_max.webp","medium":"https:\/\/cdn.assetlog.ai\/assets\/142834\/bmw-rad-3-320i-2017-rwd-at8-135kw-aj-na-splatky-protiucet_14_medium.webp","small":"https:\/\/cdn.assetlog.ai\/assets\/142834\/bmw-rad-3-320i-2017-rwd-at8-135kw-aj-na-splatky-protiucet_14_small.webp"},{"id":112624,"max":"https:\/\/cdn.assetlog.ai\/assets\/142834\/bmw-rad-3-320i-2017-rwd-at8-135kw-aj-na-splatky-protiucet_15_max.webp","medium":"https:\/\/cdn.assetlog.ai\/assets\/142834\/bmw-rad-3-320i-2017-rwd-at8-135kw-aj-na-splatky-protiucet_15_medium.webp","small":"https:\/\/cdn.assetlog.ai\/assets\/142834\/bmw-rad-3-320i-2017-rwd-at8-135kw-aj-na-splatky-protiucet_15_small.webp"},{"id":112625,"max":"https:\/\/cdn.assetlog.ai\/assets\/142834\/bmw-rad-3-320i-2017-rwd-at8-135kw-aj-na-splatky-protiucet_16_max.webp","medium":"https:\/\/cdn.assetlog.ai\/assets\/142834\/bmw-rad-3-320i-2017-rwd-at8-135kw-aj-na-splatky-protiucet_16_medium.webp","small":"https:\/\/cdn.assetlog.ai\/assets\/142834\/bmw-rad-3-320i-2017-rwd-at8-135kw-aj-na-splatky-protiucet_16_small.webp"},{"id":112626,"max":"https:\/\/cdn.assetlog.ai\/assets\/142834\/bmw-rad-3-320i-2017-rwd-at8-135kw-aj-na-splatky-protiucet_17_max.webp","medium":"https:\/\/cdn.assetlog.ai\/assets\/142834\/bmw-rad-3-320i-2017-rwd-at8-135kw-aj-na-splatky-protiucet_17_medium.webp","small":"https:\/\/cdn.assetlog.ai\/assets\/142834\/bmw-rad-3-320i-2017-rwd-at8-135kw-aj-na-splatky-protiucet_17_small.webp"},{"id":112627,"max":"https:\/\/cdn.assetlog.ai\/assets\/142834\/bmw-rad-3-320i-2017-rwd-at8-135kw-aj-na-splatky-protiucet_18_max.webp","medium":"https:\/\/cdn.assetlog.ai\/assets\/142834\/bmw-rad-3-320i-2017-rwd-at8-135kw-aj-na-splatky-protiucet_18_medium.webp","small":"https:\/\/cdn.assetlog.ai\/assets\/142834\/bmw-rad-3-320i-2017-rwd-at8-135kw-aj-na-splatky-protiucet_18_small.webp"},{"id":112628,"max":"https:\/\/cdn.assetlog.ai\/assets\/142834\/bmw-rad-3-320i-2017-rwd-at8-135kw-aj-na-splatky-protiucet_19_max.webp","medium":"https:\/\/cdn.assetlog.ai\/assets\/142834\/bmw-rad-3-320i-2017-rwd-at8-135kw-aj-na-splatky-protiucet_19_medium.webp","small":"https:\/\/cdn.assetlog.ai\/assets\/142834\/bmw-rad-3-320i-2017-rwd-at8-135kw-aj-na-splatky-protiucet_19_small.webp"},{"id":112629,"max":"https:\/\/cdn.assetlog.ai\/assets\/142834\/bmw-rad-3-320i-2017-rwd-at8-135kw-aj-na-splatky-protiucet_20_max.webp","medium":"https:\/\/cdn.assetlog.ai\/assets\/142834\/bmw-rad-3-320i-2017-rwd-at8-135kw-aj-na-splatky-protiucet_20_medium.webp","small":"https:\/\/cdn.assetlog.ai\/assets\/142834\/bmw-rad-3-320i-2017-rwd-at8-135kw-aj-na-splatky-protiucet_20_small.webp"},{"id":112630,"max":"https:\/\/cdn.assetlog.ai\/assets\/142834\/bmw-rad-3-320i-2017-rwd-at8-135kw-aj-na-splatky-protiucet_21_max.webp","medium":"https:\/\/cdn.assetlog.ai\/assets\/142834\/bmw-rad-3-320i-2017-rwd-at8-135kw-aj-na-splatky-protiucet_21_medium.webp","small":"https:\/\/cdn.assetlog.ai\/assets\/142834\/bmw-rad-3-320i-2017-rwd-at8-135kw-aj-na-splatky-protiucet_21_small.webp"},{"id":112631,"max":"https:\/\/cdn.assetlog.ai\/assets\/142834\/bmw-rad-3-320i-2017-rwd-at8-135kw-aj-na-splatky-protiucet_22_max.webp","medium":"https:\/\/cdn.assetlog.ai\/assets\/142834\/bmw-rad-3-320i-2017-rwd-at8-135kw-aj-na-splatky-protiucet_22_medium.webp","small":"https:\/\/cdn.assetlog.ai\/assets\/142834\/bmw-rad-3-320i-2017-rwd-at8-135kw-aj-na-splatky-protiucet_22_small.webp"},{"id":112632,"max":"https:\/\/cdn.assetlog.ai\/assets\/142834\/bmw-rad-3-320i-2017-rwd-at8-135kw-aj-na-splatky-protiucet_23_max.webp","medium":"https:\/\/cdn.assetlog.ai\/assets\/142834\/bmw-rad-3-320i-2017-rwd-at8-135kw-aj-na-splatky-protiucet_23_medium.webp","small":"https:\/\/cdn.assetlog.ai\/assets\/142834\/bmw-rad-3-320i-2017-rwd-at8-135kw-aj-na-splatky-protiucet_23_small.webp"},{"id":112633,"max":"https:\/\/cdn.assetlog.ai\/assets\/142834\/bmw-rad-3-320i-2017-rwd-at8-135kw-aj-na-splatky-protiucet_24_max.webp","medium":"https:\/\/cdn.assetlog.ai\/assets\/142834\/bmw-rad-3-320i-2017-rwd-at8-135kw-aj-na-splatky-protiucet_24_medium.webp","small":"https:\/\/cdn.assetlog.ai\/assets\/142834\/bmw-rad-3-320i-2017-rwd-at8-135kw-aj-na-splatky-protiucet_24_small.webp"},{"id":112634,"max":"https:\/\/cdn.assetlog.ai\/assets\/142834\/bmw-rad-3-320i-2017-rwd-at8-135kw-aj-na-splatky-protiucet_25_max.webp","medium":"https:\/\/cdn.assetlog.ai\/assets\/142834\/bmw-rad-3-320i-2017-rwd-at8-135kw-aj-na-splatky-protiucet_25_medium.webp","small":"https:\/\/cdn.assetlog.ai\/assets\/142834\/bmw-rad-3-320i-2017-rwd-at8-135kw-aj-na-splatky-protiucet_25_small.webp"},{"id":112635,"max":"https:\/\/cdn.assetlog.ai\/assets\/142834\/bmw-rad-3-320i-2017-rwd-at8-135kw-aj-na-splatky-protiucet_26_max.webp","medium":"https:\/\/cdn.assetlog.ai\/assets\/142834\/bmw-rad-3-320i-2017-rwd-at8-135kw-aj-na-splatky-protiucet_26_medium.webp","small":"https:\/\/cdn.assetlog.ai\/assets\/142834\/bmw-rad-3-320i-2017-rwd-at8-135kw-aj-na-splatky-protiucet_26_small.webp"},{"id":112636,"max":"https:\/\/cdn.assetlog.ai\/assets\/142834\/bmw-rad-3-320i-2017-rwd-at8-135kw-aj-na-splatky-protiucet_27_max.webp","medium":"https:\/\/cdn.assetlog.ai\/assets\/142834\/bmw-rad-3-320i-2017-rwd-at8-135kw-aj-na-splatky-protiucet_27_medium.webp","small":"https:\/\/cdn.assetlog.ai\/assets\/142834\/bmw-rad-3-320i-2017-rwd-at8-135kw-aj-na-splatky-protiucet_27_small.webp"},{"id":112637,"max":"https:\/\/cdn.assetlog.ai\/assets\/142834\/bmw-rad-3-320i-2017-rwd-at8-135kw-aj-na-splatky-protiucet_28_max.webp","medium":"https:\/\/cdn.assetlog.ai\/assets\/142834\/bmw-rad-3-320i-2017-rwd-at8-135kw-aj-na-splatky-protiucet_28_medium.webp","small":"https:\/\/cdn.assetlog.ai\/assets\/142834\/bmw-rad-3-320i-2017-rwd-at8-135kw-aj-na-splatky-protiucet_28_small.webp"},{"id":112638,"max":"https:\/\/cdn.assetlog.ai\/assets\/142834\/bmw-rad-3-320i-2017-rwd-at8-135kw-aj-na-splatky-protiucet_29_max.webp","medium":"https:\/\/cdn.assetlog.ai\/assets\/142834\/bmw-rad-3-320i-2017-rwd-at8-135kw-aj-na-splatky-protiucet_29_medium.webp","small":"https:\/\/cdn.assetlog.ai\/assets\/142834\/bmw-rad-3-320i-2017-rwd-at8-135kw-aj-na-splatky-protiucet_29_small.webp"},{"id":112639,"max":"https:\/\/cdn.assetlog.ai\/assets\/142834\/bmw-rad-3-320i-2017-rwd-at8-135kw-aj-na-splatky-protiucet_30_max.webp","medium":"https:\/\/cdn.assetlog.ai\/assets\/142834\/bmw-rad-3-320i-2017-rwd-at8-135kw-aj-na-splatky-protiucet_30_medium.webp","small":"https:\/\/cdn.assetlog.ai\/assets\/142834\/bmw-rad-3-320i-2017-rwd-at8-135kw-aj-na-splatky-protiucet_30_small.webp"},{"id":112640,"max":"https:\/\/cdn.assetlog.ai\/assets\/142834\/bmw-rad-3-320i-2017-rwd-at8-135kw-aj-na-splatky-protiucet_31_max.webp","medium":"https:\/\/cdn.assetlog.ai\/assets\/142834\/bmw-rad-3-320i-2017-rwd-at8-135kw-aj-na-splatky-protiucet_31_medium.webp","small":"https:\/\/cdn.assetlog.ai\/assets\/142834\/bmw-rad-3-320i-2017-rwd-at8-135kw-aj-na-splatky-protiucet_31_small.webp"},{"id":112641,"max":"https:\/\/cdn.assetlog.ai\/assets\/142834\/bmw-rad-3-320i-2017-rwd-at8-135kw-aj-na-splatky-protiucet_32_max.webp","medium":"https:\/\/cdn.assetlog.ai\/assets\/142834\/bmw-rad-3-320i-2017-rwd-at8-135kw-aj-na-splatky-protiucet_32_medium.webp","small":"https:\/\/cdn.assetlog.ai\/assets\/142834\/bmw-rad-3-320i-2017-rwd-at8-135kw-aj-na-splatky-protiucet_32_small.webp"}],"published_at":null,"expires_at":null,"created_at":"2026-08-10T03:40:04+00:00","updated_at":"2026-09-01T03:41:24+00:00"}}