{"data":{"id":1842,"slug":"bmw-rad-3-coupe-330-ci-170kw-m6-2d-aj-na-splatky-protiucet","type":"vehicle","title":"BMW Series 3 Coupe 330 Ci, 170kW, M6, 2-door \/ FINANCING AVAILABLE \/ TRADE-IN \/","description":"If you already own a vehicle, you don't need to worry about selling it - we will take it directly from you in exchange. Just come to us with it, we will appraise it and deduct the costs from the value of your new vehicle. This saves you time, hassle and unnecessary paperwork, and the entire process is quick and easy - you drive away in a new car without having to worry about anything going wrong.\n\nThe vehicle has undergone paint thickness measurement and retention record inspection.\nODO-PASS and AUTO-pass are available, which we will provide during the inspection.\nThe mileage can be supplemented.\n\nIf interested, we will prepare a financing offer tailored exactly according to your requirements. Advantageous, quick and simple approval. OPTION TO EXTEND WARRANTY FOR 12-36 MONTHS. VEHICLE IS LOCATED IN Liptovsk\u00fd Mikul\u00e1\u0161. More information will be provided to you at telephone number 0918 310 614. Registration: AA373VV. Vehicle inspection valid until: 2027-11-06. Emissions test valid until: 2027-11-06.\n\nTechnical Details\n\nYear of manufacture: 04\/03, 2979cc, 170kW (231HP), Vehicle generation: , Drive: Front-wheel drive, Manual (6-speed), Petrol, EURO , 2-door, (5-seater), 283,013 km, Grey metallic, VIN WBABD51050PK15385\n\nVehicle Consumption (l\/100km)\n\nCity: , Outside city: , Combined:\n\nImported, Leasing possible, Loan possible","language":"cs","is_translated":true,"title_original":"BMW Rad 3 Coup\u00e9 330 Ci, 170kW, M6, 2d. \/ AJ NA SPL\u00c1TKY \/ PROTI\u00da\u010cET \/","description_original":"Pokud ji\u017e v\u016fz vlastn\u00edte, nemus\u00edte se zab\u00fdvat jeho prodejem - na opl\u00e1tku si ho od v\u00e1s p\u0159\u00edmo vezmeme. Sta\u010d\u00ed, kdy\u017e k n\u00e1m s n\u00edm p\u0159ijdete, my ho ocen\u00edme a n\u00e1klady ode\u010dteme od hodnoty va\u0161eho nov\u00e9ho vozu. U\u0161et\u0159\u00edte si tak \u010das, starosti a\na cel\u00fd proces je rychl\u00fd a snadn\u00fd - odj\u00ed\u017ed\u00edte v nov\u00e9m voze, ani\u017e byste se museli b\u00e1t, \u017ee se v\u00e1m n\u011bco stane.\nzbyte\u010dn\u00e9ho pap\u00edrov\u00e1n\u00ed.\n\nVozidlo pro\u0161lo m\u011b\u0159en\u00edm laku a kontrolou z\u00e1znam\u016f o zadr\u017een\u00ed.\nK dispozici je ODO-PASS i AUTO-pass, kter\u00fd poskytneme p\u0159i prohl\u00eddce.\nPo\u010det najet\u00fdch kilometr\u016f m\u016f\u017ee b\u00fdt dopln\u011bn.\n\nV p\u0159\u00edpad\u011b z\u00e1jmu V\u00e1m p\u0159iprav\u00edme nab\u00eddku financov\u00e1n\u00ed na m\u00edru p\u0159esn\u011b podle Va\u0161ich po\u017eadavk\u016f. V\u00fdhodn\u00e9, rychl\u00e9 a jednoduch\u00e9 schv\u00e1len\u00ed. MO\u017dNOST PRODLOU\u017dEN\u00cd Z\u00c1RUKY NA 12-36 m\u011bs\u00edc\u016f. VOZIDLO SE NACH\u00c1Z\u00cd V Liptovskom Mikul\u00e1\u0161i. Viac inform\u00e1ci\u00ed V\u00e1m poskytneme na telefonn\u00edm \u010d\u00edsle 0918 310 614. E\u010cV: AA373VV. EK platn\u00e1 do: 2027-11-06. STK platn\u00e1 do: 2027-11-06.\n\nTechnick\u00e9 \u00fadaje\n\nv.v.: 04\/03, 2979cm\u00b3, 170kW (231PS), Generace vozidla: , Pohon: Pohon p\u0159edn\u00edch kol, Manu\u00e1ln\u00ed (6 st.), Benz\u00edn, EURO , 2 dv., (5-m\u00edstn\u00fd), 283 013km, \u0160ed\u00e1 metal\u00edza, VIN WBABD51050PK15385\n\nSpot\u0159eba vozidla (l\/100km)\n\nVe m\u011bst\u011b: , mimo m\u011bsto: , kombinovan\u00e1:\n\nDovezen\u00e9, Mo\u017en\u00fd leasing, Mo\u017en\u00fd \u00fav\u011br","price":"279667.00","currency":"CZK","status":"active","noindex":true,"location":{"address":null,"full_address":null,"city":"\u017dilinsk\u00fd kraj","country":"SK","latitude":49.1775455,"longitude":19.205818},"metadata":{"vin":"WBABD51050PK15385","fuel":"petrol","year":2003,"brand":"BMW","color":"Grey","doors":2,"drive":"Rear-wheel drive","model":"rad 3 Coup\u00e9","seats":5,"region":"\u017dilinsk\u00fd kraj","mileage":283013,"emisions":"2","features":["Alarm","EBD\/EBV","ABS","ESP","DSC\/DTC","Brzdov\u00fd asistent (EBA, BAS)","Centr\u00e1ln\u00ed zamyk\u00e1n\u00ed","Zadn\u00ed el. stahovateln\u00e1 okna","El. nastaviteln\u00e1 p\u0159edn\u00ed sedadla","Elektricky nastaviteln\u00e1 zp\u011btn\u00e1 zrc\u00e1tka","Automatick\u00e1 2-z\u00f3nov\u00e1 klimatizace","Centr\u00e1ln\u00ed zamyk\u00e1n\u00ed na d\u00e1lkov\u00e9 ovl\u00e1d\u00e1n\u00ed","Autor\u00e1dio","Multifunk\u010dn\u00ed volant","Loketn\u00ed op\u011brka vp\u0159edu","Ost\u0159ikova\u010de sv\u011btlomet\u016f","Lit\u00e1 kola","Imobiliz\u00e9r","Palubn\u00ed po\u010d\u00edta\u010d","Navigace","St\u0159e\u0161n\u00ed okno","Tempomat","Ko\u017een\u00fd interi\u00e9r","Vyh\u0159\u00edvan\u00e1 sedadla","Elektricky vyh\u0159\u00edvan\u00e1 zp\u011btn\u00e1 zrc\u00e1tka","Senzor st\u011bra\u010d\u016f","Sv\u011bteln\u00fd senzor","Zadn\u00ed parkovac\u00ed senzory","Denn\u00ed sv\u00edcen\u00ed","Pam\u011b\u0165 nastaven\u00ed sedadla \u0159idi\u010de","Dovezen\u00e9","Mo\u017en\u00fd leasing","Mo\u017en\u00fd \u00faver","Odo-pass"],"power_kw":170,"body_type":"Coup\u00e9","condition":"Used","transmission":"manual","vat_deductible":false,"consumption_city":null,"translation_hash":"fdfe37a26d6d89fc2450f08a71116e60211bf456","vehicle_category":"car","engine_volume_cm3":2979,"first_registration":"2003-04-01","translation_status":"done","consumption_highway":null,"consumption_combined":null},"user_id":54,"is_sponsored":false,"views_count":12,"ai_views_count":8,"ai_vendor_counts":{"meta":3,"other":1,"openai":3,"anthropic":1},"visibility":"public","submission_source":null,"submission_ai_name":null,"has_owner_email":true,"can_contact_owner":true,"phone":"0918 310 614","owner_email":"cuban@autorro.sk","user":{"id":54,"slug":"sebastian-cuban-54","name":"Sebasti\u00e1n \u010cuban","bio":"Makl\u00e9r. P\u016fsob\u00edm v Liptovskom Mikul\u00e1\u0161i, Poprade a okol\u00ed.\n\nP\u016fsobnost: Liptovsk\u00fd Mikul\u00e1\u0161, Poprad","nationality":"SK","languages":["cs","sk"],"service_areas":[],"card_style":null,"card_palette":null,"avatar_url":"https:\/\/cdn.assetlog.ai\/avatars\/54\/avatar_max.webp?v=1786535213","avatar_thumb_url":"https:\/\/cdn.assetlog.ai\/avatars\/54\/avatar_small.webp?v=1786535213","reviews_count":0,"avg_rating":null,"seller_badge":"silver","can_calendar":true,"joined_at":"2026-06-07T14:20:32+00:00","primary_intent":null,"seeking":[],"asset_types":["vehicle"],"public_assets_count":9,"public_prompts_count":0,"followers_count":0},"images":[{"id":62229,"max":"https:\/\/cdn.assetlog.ai\/assets\/1842\/bmw-rad-3-coupe-330-ci-170kw-m6-2d-aj-na-splatky-protiucet_1_max.webp","medium":"https:\/\/cdn.assetlog.ai\/assets\/1842\/bmw-rad-3-coupe-330-ci-170kw-m6-2d-aj-na-splatky-protiucet_1_medium.webp","small":"https:\/\/cdn.assetlog.ai\/assets\/1842\/bmw-rad-3-coupe-330-ci-170kw-m6-2d-aj-na-splatky-protiucet_1_small.webp"},{"id":62230,"max":"https:\/\/cdn.assetlog.ai\/assets\/1842\/bmw-rad-3-coupe-330-ci-170kw-m6-2d-aj-na-splatky-protiucet_2_max.webp","medium":"https:\/\/cdn.assetlog.ai\/assets\/1842\/bmw-rad-3-coupe-330-ci-170kw-m6-2d-aj-na-splatky-protiucet_2_medium.webp","small":"https:\/\/cdn.assetlog.ai\/assets\/1842\/bmw-rad-3-coupe-330-ci-170kw-m6-2d-aj-na-splatky-protiucet_2_small.webp"},{"id":62231,"max":"https:\/\/cdn.assetlog.ai\/assets\/1842\/bmw-rad-3-coupe-330-ci-170kw-m6-2d-aj-na-splatky-protiucet_3_max.webp","medium":"https:\/\/cdn.assetlog.ai\/assets\/1842\/bmw-rad-3-coupe-330-ci-170kw-m6-2d-aj-na-splatky-protiucet_3_medium.webp","small":"https:\/\/cdn.assetlog.ai\/assets\/1842\/bmw-rad-3-coupe-330-ci-170kw-m6-2d-aj-na-splatky-protiucet_3_small.webp"},{"id":62232,"max":"https:\/\/cdn.assetlog.ai\/assets\/1842\/bmw-rad-3-coupe-330-ci-170kw-m6-2d-aj-na-splatky-protiucet_4_max.webp","medium":"https:\/\/cdn.assetlog.ai\/assets\/1842\/bmw-rad-3-coupe-330-ci-170kw-m6-2d-aj-na-splatky-protiucet_4_medium.webp","small":"https:\/\/cdn.assetlog.ai\/assets\/1842\/bmw-rad-3-coupe-330-ci-170kw-m6-2d-aj-na-splatky-protiucet_4_small.webp"},{"id":62233,"max":"https:\/\/cdn.assetlog.ai\/assets\/1842\/bmw-rad-3-coupe-330-ci-170kw-m6-2d-aj-na-splatky-protiucet_5_max.webp","medium":"https:\/\/cdn.assetlog.ai\/assets\/1842\/bmw-rad-3-coupe-330-ci-170kw-m6-2d-aj-na-splatky-protiucet_5_medium.webp","small":"https:\/\/cdn.assetlog.ai\/assets\/1842\/bmw-rad-3-coupe-330-ci-170kw-m6-2d-aj-na-splatky-protiucet_5_small.webp"},{"id":62234,"max":"https:\/\/cdn.assetlog.ai\/assets\/1842\/bmw-rad-3-coupe-330-ci-170kw-m6-2d-aj-na-splatky-protiucet_6_max.webp","medium":"https:\/\/cdn.assetlog.ai\/assets\/1842\/bmw-rad-3-coupe-330-ci-170kw-m6-2d-aj-na-splatky-protiucet_6_medium.webp","small":"https:\/\/cdn.assetlog.ai\/assets\/1842\/bmw-rad-3-coupe-330-ci-170kw-m6-2d-aj-na-splatky-protiucet_6_small.webp"},{"id":62235,"max":"https:\/\/cdn.assetlog.ai\/assets\/1842\/bmw-rad-3-coupe-330-ci-170kw-m6-2d-aj-na-splatky-protiucet_7_max.webp","medium":"https:\/\/cdn.assetlog.ai\/assets\/1842\/bmw-rad-3-coupe-330-ci-170kw-m6-2d-aj-na-splatky-protiucet_7_medium.webp","small":"https:\/\/cdn.assetlog.ai\/assets\/1842\/bmw-rad-3-coupe-330-ci-170kw-m6-2d-aj-na-splatky-protiucet_7_small.webp"},{"id":62236,"max":"https:\/\/cdn.assetlog.ai\/assets\/1842\/bmw-rad-3-coupe-330-ci-170kw-m6-2d-aj-na-splatky-protiucet_8_max.webp","medium":"https:\/\/cdn.assetlog.ai\/assets\/1842\/bmw-rad-3-coupe-330-ci-170kw-m6-2d-aj-na-splatky-protiucet_8_medium.webp","small":"https:\/\/cdn.assetlog.ai\/assets\/1842\/bmw-rad-3-coupe-330-ci-170kw-m6-2d-aj-na-splatky-protiucet_8_small.webp"},{"id":62237,"max":"https:\/\/cdn.assetlog.ai\/assets\/1842\/bmw-rad-3-coupe-330-ci-170kw-m6-2d-aj-na-splatky-protiucet_9_max.webp","medium":"https:\/\/cdn.assetlog.ai\/assets\/1842\/bmw-rad-3-coupe-330-ci-170kw-m6-2d-aj-na-splatky-protiucet_9_medium.webp","small":"https:\/\/cdn.assetlog.ai\/assets\/1842\/bmw-rad-3-coupe-330-ci-170kw-m6-2d-aj-na-splatky-protiucet_9_small.webp"},{"id":62238,"max":"https:\/\/cdn.assetlog.ai\/assets\/1842\/bmw-rad-3-coupe-330-ci-170kw-m6-2d-aj-na-splatky-protiucet_10_max.webp","medium":"https:\/\/cdn.assetlog.ai\/assets\/1842\/bmw-rad-3-coupe-330-ci-170kw-m6-2d-aj-na-splatky-protiucet_10_medium.webp","small":"https:\/\/cdn.assetlog.ai\/assets\/1842\/bmw-rad-3-coupe-330-ci-170kw-m6-2d-aj-na-splatky-protiucet_10_small.webp"},{"id":62239,"max":"https:\/\/cdn.assetlog.ai\/assets\/1842\/bmw-rad-3-coupe-330-ci-170kw-m6-2d-aj-na-splatky-protiucet_11_max.webp","medium":"https:\/\/cdn.assetlog.ai\/assets\/1842\/bmw-rad-3-coupe-330-ci-170kw-m6-2d-aj-na-splatky-protiucet_11_medium.webp","small":"https:\/\/cdn.assetlog.ai\/assets\/1842\/bmw-rad-3-coupe-330-ci-170kw-m6-2d-aj-na-splatky-protiucet_11_small.webp"},{"id":62240,"max":"https:\/\/cdn.assetlog.ai\/assets\/1842\/bmw-rad-3-coupe-330-ci-170kw-m6-2d-aj-na-splatky-protiucet_12_max.webp","medium":"https:\/\/cdn.assetlog.ai\/assets\/1842\/bmw-rad-3-coupe-330-ci-170kw-m6-2d-aj-na-splatky-protiucet_12_medium.webp","small":"https:\/\/cdn.assetlog.ai\/assets\/1842\/bmw-rad-3-coupe-330-ci-170kw-m6-2d-aj-na-splatky-protiucet_12_small.webp"},{"id":62241,"max":"https:\/\/cdn.assetlog.ai\/assets\/1842\/bmw-rad-3-coupe-330-ci-170kw-m6-2d-aj-na-splatky-protiucet_13_max.webp","medium":"https:\/\/cdn.assetlog.ai\/assets\/1842\/bmw-rad-3-coupe-330-ci-170kw-m6-2d-aj-na-splatky-protiucet_13_medium.webp","small":"https:\/\/cdn.assetlog.ai\/assets\/1842\/bmw-rad-3-coupe-330-ci-170kw-m6-2d-aj-na-splatky-protiucet_13_small.webp"},{"id":62242,"max":"https:\/\/cdn.assetlog.ai\/assets\/1842\/bmw-rad-3-coupe-330-ci-170kw-m6-2d-aj-na-splatky-protiucet_14_max.webp","medium":"https:\/\/cdn.assetlog.ai\/assets\/1842\/bmw-rad-3-coupe-330-ci-170kw-m6-2d-aj-na-splatky-protiucet_14_medium.webp","small":"https:\/\/cdn.assetlog.ai\/assets\/1842\/bmw-rad-3-coupe-330-ci-170kw-m6-2d-aj-na-splatky-protiucet_14_small.webp"},{"id":62243,"max":"https:\/\/cdn.assetlog.ai\/assets\/1842\/bmw-rad-3-coupe-330-ci-170kw-m6-2d-aj-na-splatky-protiucet_15_max.webp","medium":"https:\/\/cdn.assetlog.ai\/assets\/1842\/bmw-rad-3-coupe-330-ci-170kw-m6-2d-aj-na-splatky-protiucet_15_medium.webp","small":"https:\/\/cdn.assetlog.ai\/assets\/1842\/bmw-rad-3-coupe-330-ci-170kw-m6-2d-aj-na-splatky-protiucet_15_small.webp"},{"id":62244,"max":"https:\/\/cdn.assetlog.ai\/assets\/1842\/bmw-rad-3-coupe-330-ci-170kw-m6-2d-aj-na-splatky-protiucet_16_max.webp","medium":"https:\/\/cdn.assetlog.ai\/assets\/1842\/bmw-rad-3-coupe-330-ci-170kw-m6-2d-aj-na-splatky-protiucet_16_medium.webp","small":"https:\/\/cdn.assetlog.ai\/assets\/1842\/bmw-rad-3-coupe-330-ci-170kw-m6-2d-aj-na-splatky-protiucet_16_small.webp"},{"id":62245,"max":"https:\/\/cdn.assetlog.ai\/assets\/1842\/bmw-rad-3-coupe-330-ci-170kw-m6-2d-aj-na-splatky-protiucet_17_max.webp","medium":"https:\/\/cdn.assetlog.ai\/assets\/1842\/bmw-rad-3-coupe-330-ci-170kw-m6-2d-aj-na-splatky-protiucet_17_medium.webp","small":"https:\/\/cdn.assetlog.ai\/assets\/1842\/bmw-rad-3-coupe-330-ci-170kw-m6-2d-aj-na-splatky-protiucet_17_small.webp"},{"id":62246,"max":"https:\/\/cdn.assetlog.ai\/assets\/1842\/bmw-rad-3-coupe-330-ci-170kw-m6-2d-aj-na-splatky-protiucet_18_max.webp","medium":"https:\/\/cdn.assetlog.ai\/assets\/1842\/bmw-rad-3-coupe-330-ci-170kw-m6-2d-aj-na-splatky-protiucet_18_medium.webp","small":"https:\/\/cdn.assetlog.ai\/assets\/1842\/bmw-rad-3-coupe-330-ci-170kw-m6-2d-aj-na-splatky-protiucet_18_small.webp"},{"id":62247,"max":"https:\/\/cdn.assetlog.ai\/assets\/1842\/bmw-rad-3-coupe-330-ci-170kw-m6-2d-aj-na-splatky-protiucet_19_max.webp","medium":"https:\/\/cdn.assetlog.ai\/assets\/1842\/bmw-rad-3-coupe-330-ci-170kw-m6-2d-aj-na-splatky-protiucet_19_medium.webp","small":"https:\/\/cdn.assetlog.ai\/assets\/1842\/bmw-rad-3-coupe-330-ci-170kw-m6-2d-aj-na-splatky-protiucet_19_small.webp"},{"id":62248,"max":"https:\/\/cdn.assetlog.ai\/assets\/1842\/bmw-rad-3-coupe-330-ci-170kw-m6-2d-aj-na-splatky-protiucet_20_max.webp","medium":"https:\/\/cdn.assetlog.ai\/assets\/1842\/bmw-rad-3-coupe-330-ci-170kw-m6-2d-aj-na-splatky-protiucet_20_medium.webp","small":"https:\/\/cdn.assetlog.ai\/assets\/1842\/bmw-rad-3-coupe-330-ci-170kw-m6-2d-aj-na-splatky-protiucet_20_small.webp"},{"id":62249,"max":"https:\/\/cdn.assetlog.ai\/assets\/1842\/bmw-rad-3-coupe-330-ci-170kw-m6-2d-aj-na-splatky-protiucet_21_max.webp","medium":"https:\/\/cdn.assetlog.ai\/assets\/1842\/bmw-rad-3-coupe-330-ci-170kw-m6-2d-aj-na-splatky-protiucet_21_medium.webp","small":"https:\/\/cdn.assetlog.ai\/assets\/1842\/bmw-rad-3-coupe-330-ci-170kw-m6-2d-aj-na-splatky-protiucet_21_small.webp"},{"id":62250,"max":"https:\/\/cdn.assetlog.ai\/assets\/1842\/bmw-rad-3-coupe-330-ci-170kw-m6-2d-aj-na-splatky-protiucet_22_max.webp","medium":"https:\/\/cdn.assetlog.ai\/assets\/1842\/bmw-rad-3-coupe-330-ci-170kw-m6-2d-aj-na-splatky-protiucet_22_medium.webp","small":"https:\/\/cdn.assetlog.ai\/assets\/1842\/bmw-rad-3-coupe-330-ci-170kw-m6-2d-aj-na-splatky-protiucet_22_small.webp"},{"id":62251,"max":"https:\/\/cdn.assetlog.ai\/assets\/1842\/bmw-rad-3-coupe-330-ci-170kw-m6-2d-aj-na-splatky-protiucet_23_max.webp","medium":"https:\/\/cdn.assetlog.ai\/assets\/1842\/bmw-rad-3-coupe-330-ci-170kw-m6-2d-aj-na-splatky-protiucet_23_medium.webp","small":"https:\/\/cdn.assetlog.ai\/assets\/1842\/bmw-rad-3-coupe-330-ci-170kw-m6-2d-aj-na-splatky-protiucet_23_small.webp"},{"id":62252,"max":"https:\/\/cdn.assetlog.ai\/assets\/1842\/bmw-rad-3-coupe-330-ci-170kw-m6-2d-aj-na-splatky-protiucet_24_max.webp","medium":"https:\/\/cdn.assetlog.ai\/assets\/1842\/bmw-rad-3-coupe-330-ci-170kw-m6-2d-aj-na-splatky-protiucet_24_medium.webp","small":"https:\/\/cdn.assetlog.ai\/assets\/1842\/bmw-rad-3-coupe-330-ci-170kw-m6-2d-aj-na-splatky-protiucet_24_small.webp"},{"id":62253,"max":"https:\/\/cdn.assetlog.ai\/assets\/1842\/bmw-rad-3-coupe-330-ci-170kw-m6-2d-aj-na-splatky-protiucet_25_max.webp","medium":"https:\/\/cdn.assetlog.ai\/assets\/1842\/bmw-rad-3-coupe-330-ci-170kw-m6-2d-aj-na-splatky-protiucet_25_medium.webp","small":"https:\/\/cdn.assetlog.ai\/assets\/1842\/bmw-rad-3-coupe-330-ci-170kw-m6-2d-aj-na-splatky-protiucet_25_small.webp"},{"id":62254,"max":"https:\/\/cdn.assetlog.ai\/assets\/1842\/bmw-rad-3-coupe-330-ci-170kw-m6-2d-aj-na-splatky-protiucet_26_max.webp","medium":"https:\/\/cdn.assetlog.ai\/assets\/1842\/bmw-rad-3-coupe-330-ci-170kw-m6-2d-aj-na-splatky-protiucet_26_medium.webp","small":"https:\/\/cdn.assetlog.ai\/assets\/1842\/bmw-rad-3-coupe-330-ci-170kw-m6-2d-aj-na-splatky-protiucet_26_small.webp"},{"id":62255,"max":"https:\/\/cdn.assetlog.ai\/assets\/1842\/bmw-rad-3-coupe-330-ci-170kw-m6-2d-aj-na-splatky-protiucet_27_max.webp","medium":"https:\/\/cdn.assetlog.ai\/assets\/1842\/bmw-rad-3-coupe-330-ci-170kw-m6-2d-aj-na-splatky-protiucet_27_medium.webp","small":"https:\/\/cdn.assetlog.ai\/assets\/1842\/bmw-rad-3-coupe-330-ci-170kw-m6-2d-aj-na-splatky-protiucet_27_small.webp"},{"id":62256,"max":"https:\/\/cdn.assetlog.ai\/assets\/1842\/bmw-rad-3-coupe-330-ci-170kw-m6-2d-aj-na-splatky-protiucet_28_max.webp","medium":"https:\/\/cdn.assetlog.ai\/assets\/1842\/bmw-rad-3-coupe-330-ci-170kw-m6-2d-aj-na-splatky-protiucet_28_medium.webp","small":"https:\/\/cdn.assetlog.ai\/assets\/1842\/bmw-rad-3-coupe-330-ci-170kw-m6-2d-aj-na-splatky-protiucet_28_small.webp"},{"id":62257,"max":"https:\/\/cdn.assetlog.ai\/assets\/1842\/bmw-rad-3-coupe-330-ci-170kw-m6-2d-aj-na-splatky-protiucet_29_max.webp","medium":"https:\/\/cdn.assetlog.ai\/assets\/1842\/bmw-rad-3-coupe-330-ci-170kw-m6-2d-aj-na-splatky-protiucet_29_medium.webp","small":"https:\/\/cdn.assetlog.ai\/assets\/1842\/bmw-rad-3-coupe-330-ci-170kw-m6-2d-aj-na-splatky-protiucet_29_small.webp"},{"id":62258,"max":"https:\/\/cdn.assetlog.ai\/assets\/1842\/bmw-rad-3-coupe-330-ci-170kw-m6-2d-aj-na-splatky-protiucet_30_max.webp","medium":"https:\/\/cdn.assetlog.ai\/assets\/1842\/bmw-rad-3-coupe-330-ci-170kw-m6-2d-aj-na-splatky-protiucet_30_medium.webp","small":"https:\/\/cdn.assetlog.ai\/assets\/1842\/bmw-rad-3-coupe-330-ci-170kw-m6-2d-aj-na-splatky-protiucet_30_small.webp"},{"id":62259,"max":"https:\/\/cdn.assetlog.ai\/assets\/1842\/bmw-rad-3-coupe-330-ci-170kw-m6-2d-aj-na-splatky-protiucet_31_max.webp","medium":"https:\/\/cdn.assetlog.ai\/assets\/1842\/bmw-rad-3-coupe-330-ci-170kw-m6-2d-aj-na-splatky-protiucet_31_medium.webp","small":"https:\/\/cdn.assetlog.ai\/assets\/1842\/bmw-rad-3-coupe-330-ci-170kw-m6-2d-aj-na-splatky-protiucet_31_small.webp"},{"id":62260,"max":"https:\/\/cdn.assetlog.ai\/assets\/1842\/bmw-rad-3-coupe-330-ci-170kw-m6-2d-aj-na-splatky-protiucet_32_max.webp","medium":"https:\/\/cdn.assetlog.ai\/assets\/1842\/bmw-rad-3-coupe-330-ci-170kw-m6-2d-aj-na-splatky-protiucet_32_medium.webp","small":"https:\/\/cdn.assetlog.ai\/assets\/1842\/bmw-rad-3-coupe-330-ci-170kw-m6-2d-aj-na-splatky-protiucet_32_small.webp"},{"id":62261,"max":"https:\/\/cdn.assetlog.ai\/assets\/1842\/bmw-rad-3-coupe-330-ci-170kw-m6-2d-aj-na-splatky-protiucet_33_max.webp","medium":"https:\/\/cdn.assetlog.ai\/assets\/1842\/bmw-rad-3-coupe-330-ci-170kw-m6-2d-aj-na-splatky-protiucet_33_medium.webp","small":"https:\/\/cdn.assetlog.ai\/assets\/1842\/bmw-rad-3-coupe-330-ci-170kw-m6-2d-aj-na-splatky-protiucet_33_small.webp"},{"id":62262,"max":"https:\/\/cdn.assetlog.ai\/assets\/1842\/bmw-rad-3-coupe-330-ci-170kw-m6-2d-aj-na-splatky-protiucet_34_max.webp","medium":"https:\/\/cdn.assetlog.ai\/assets\/1842\/bmw-rad-3-coupe-330-ci-170kw-m6-2d-aj-na-splatky-protiucet_34_medium.webp","small":"https:\/\/cdn.assetlog.ai\/assets\/1842\/bmw-rad-3-coupe-330-ci-170kw-m6-2d-aj-na-splatky-protiucet_34_small.webp"}],"published_at":null,"expires_at":null,"created_at":"2026-06-07T14:23:47+00:00","updated_at":"2026-09-02T03:43:15+00:00"}}