{"data":{"id":163625,"slug":"bmw-rad-3-touring-320d-mhev-xdrive-at8-140kw-aj-na-splatky-protiucet","type":"vehicle","title":"BMW Series 3 Touring 320d mHEV xDrive AT\/8 140kW \/ ON INSTALLMENTS \/ TRADE-IN","description":"Commission sale - you purchase the vehicle directly from the owner.\n\nI am selling a BMW 320d xDrive, year of manufacture 2022. The vehicle includes two keys, a complete service booklet, and complete service history. All service inspections were performed at an authorized service center, with the exception of the last inspection. The entire body is in original, unpainted condition.\n\nThe vehicle has passed insurance record checks, execution searches, paint thickness measurement, and document verification. Physically inspected, also verified through the vehicle operating records registry.\n\nWe offer favorable financing with monthly installments, so you can enjoy your new car immediately without waiting with 0% down payment and installments up to 96 months.\n\nFor your greater convenience and peace of mind, we can provide you with an extended warranty for up to 12-36 months.\n\nIf you already own a car, you don't need to worry about selling it - in return, we'll take it directly from you. Just bring it to us, we'll appraise it and deduct the value from your new car's price. You'll save time, stress, and money with a quick and easy process - you'll drive away in your new car without unnecessary paperwork.\n\nVEHICLE LOCATED IN Bratislava. For more information, please call us at 0911 898 409. Registration number: AA962XD. Technical inspection valid until: 2026-01-26. Emissions test valid until: 2026-01-26.\n\nTechnical specifications\n\nM.Y.: 01\/22, 1995cc, 140kW (190HP), Drive: 4\u00d74, Automatic transmission (8-speed), Diesel, EURO 6, 5-door, (5-seater), 80,422km, Black metallic, VIN WBA31DZ040FM42195\n\nVehicle fuel consumption (l\/100km)\n\nCity: 5.1, Highway: 4.1, Combined: 4.5\n\nService booklet, Leasing available, Credit available, Complete service history","language":"cs","is_translated":true,"title_original":"BMW Rad 3 Touring 320d mHEV xDrive AT\/8 140kW \/ AJ NA SPL\u00c1TKY \/ PROTI\u00da\u010cET","description_original":"Komisn\u00ed prodej - vozidlo kupujete p\u0159\u00edmo od majitele.\n\nProd\u00e1v\u00e1m BMW 320d xDrive, rok v\u00fdroby 2022. Sou\u010d\u00e1st\u00ed vozu jsou dva kl\u00ed\u010de, kompletn\u00ed servisn\u00ed kn\u00ed\u017eka a kompletn\u00ed servisn\u00ed historie. V\u0161echny servisn\u00ed prohl\u00eddky byly provedeny v autorizovan\u00e9m servisu, s v\u00fdjimkou posledn\u00ed prohl\u00eddky. Cel\u00e1 karoserie je v p\u016fvodn\u00edm, nelakovan\u00e9m stavu.\n\nVozidlo pro\u0161lo kontrolou z\u00e1znam\u016f o poji\u0161t\u011bn\u00ed, exekuc\u00ed, m\u011b\u0159en\u00edm laku a kontrolou doklad\u016f. Zkontrolov\u00e1no fyzicky, tak\u00e9 prost\u0159ednictv\u00edm registru provozn\u00edch z\u00e1znam\u016f vozidla.\n\nNab\u00edz\u00edme v\u00fdhodn\u00e9 financov\u00e1n\u00ed na m\u011bs\u00ed\u010dn\u00ed spl\u00e1tky, tak\u017ee si sv\u016fj nov\u00fd v\u016fz m\u016f\u017eete u\u017e\u00edvat hned a bez \u010dek\u00e1n\u00ed s akontac\u00ed 0 % a spl\u00e1tkami a\u017e na 96 m\u011bs\u00edc\u016f.\n\nPro va\u0161e v\u011bt\u0161\u00ed pohodl\u00ed a jistotu v\u00e1m m\u016f\u017eeme poskytnout prodlou\u017eenou z\u00e1ruku a\u017e na 12-36 m\u011bs\u00edc\u016f.\n\nPokud ji\u017e v\u016fz vlastn\u00edte, nemus\u00edte se zab\u00fdvat jeho prodejem - na opl\u00e1tku si ho od v\u00e1s p\u0159\u00edmo vezmeme. Sta\u010d\u00ed, kdy\u017e k n\u00e1m s n\u00edm p\u0159ijdete, my ho ocen\u00edme a n\u00e1klady ode\u010dteme od hodnoty va\u0161eho nov\u00e9ho vozu. U\u0161et\u0159\u00edte tak \u010das, starosti i pen\u00edze a cel\u00fd proces bude rychl\u00fd a snadn\u00fd - odjedete rovnou ve sv\u00e9m nov\u00e9m voze bez zbyte\u010dn\u00e9ho pap\u00edrov\u00e1n\u00ed.\n\nVOZIDLO SE NACH\u00c1Z\u00cd V Bratislave. V\u00edce informac\u00ed v\u00e1m r\u00e1di poskytneme na telefonn\u00edm \u010d\u00edsle 0911 898 409. E\u010cV: AA962XD. EK platn\u00e1 do: 2026-01-26. STK platn\u00e1 do: 2026-01-26.\n\nTechnick\u00e9 \u00fadaje\n\nv.v.: 01\/22, 1995cm\u00b3, 140kW (190PS), Pohon: 4\u00d74, Automatick\u00e1 p\u0159evodovka (8 st.), Diesel, EURO 6, 5 dv., (5-m\u00edstn\u00fd), 80 422km, \u010cern\u00e1 metal\u00edza, VIN WBA31DZ040FM42195\n\nSpot\u0159eba vozidla (l\/100km)\n\nVe m\u011bst\u011b: 5.1, mimo m\u011bsto: 4.1, kombinovan\u00e1: 4.5\n\nServisn\u00ed kn\u00ed\u017eka, Mo\u017en\u00fd leasing, Mo\u017en\u00fd \u00fav\u011br, \u00dapln\u00e1 servisn\u00ed historie","price":"652078.00","currency":"CZK","status":"active","noindex":true,"location":{"address":null,"full_address":null,"city":"Bratislava","country":"SK","latitude":48.1516988,"longitude":17.1093063},"metadata":{"vin":"WBA31DZ040FM42195","fuel":"diesel","year":2022,"brand":"BMW","color":"Black","doors":5,"drive":"AWD \/ 4x4","model":"rad 3 Touring","seats":5,"region":"Bratislavsk\u00fd kraj","mileage":80422,"emisions":"Euro 6","features":["Posilova\u010d \u0159\u00edzen\u00ed","ABS","ESP","Brzdov\u00fd asistent (EBA, BAS)","ISOFIX na zadn\u00edch sedadlech","Deaktivace airbagu spolujezdce","Nat\u00e1\u010dec\u00ed sv\u011btlomety","Senzor tlaku","Syst\u00e9m rozpozn\u00e1v\u00e1n\u00ed dopravn\u00edch zna\u010dek","Asistent d\u00e1lkov\u00fdch sv\u011btel (HBA)","Centr\u00e1ln\u00ed zamyk\u00e1n\u00ed","Zadn\u00ed el. stahovateln\u00e1 okna","El. nastaviteln\u00e1 p\u0159edn\u00ed sedadla","Elektricky nastaviteln\u00e1 zp\u011btn\u00e1 zrc\u00e1tka","Centr\u00e1ln\u00ed zamyk\u00e1n\u00ed na d\u00e1lkov\u00e9 ovl\u00e1d\u00e1n\u00ed","Autor\u00e1dio","Multifunk\u010dn\u00ed volant","Loketn\u00ed op\u011brka vp\u0159edu","Start\/Stop syst\u00e9m","Automatick\u00e1 3-z\u00f3nov\u00e1 klimatizace","Apple Car Play","Welcome light","Digit\u00e1ln\u00ed p\u0159\u00edstrojov\u00e1 deska","Lit\u00e1 kola","Imobiliz\u00e9r","Palubn\u00ed po\u010d\u00edta\u010d","Navigace","Automatick\u00e9 parkov\u00e1n\u00ed","St\u0159e\u0161n\u00ed nosi\u010d","Tempomat","Ko\u017een\u00fd interi\u00e9r","Vyh\u0159\u00edvan\u00e1 sedadla","Elektricky vyh\u0159\u00edvan\u00e1 zp\u011btn\u00e1 zrc\u00e1tka","F\u00f3lie","Senzor st\u011bra\u010d\u016f","Sv\u011bteln\u00fd senzor","P\u0159ep\u00e1\u017eka zavazadlov\u00e9ho prostoru","Parkovac\u00ed kamera","P\u0159edn\u00ed a zadn\u00ed parkovac\u00ed senzory","El. ovl\u00e1dan\u00fd kufr","Elektrick\u00e9 dov\u00edr\u00e1n\u00ed zavazadlov\u00e9ho prostoru","Bluetooth","Denn\u00ed sv\u00edcen\u00ed","LED sv\u011btlomety","Ambientn\u00ed LED osv\u011btlen\u00ed interi\u00e9ru","Serv. kni\u017eka","Mo\u017en\u00fd leasing","Mo\u017en\u00fd \u00faver","\u00dapln\u00e1 servisn\u00e1 hist\u00f3ria","Ko\u017een\u00fd paket","Odo-pass","Asistent udr\u017eov\u00e1n\u00ed j\u00edzdn\u00edho pruhu","Asistent rozjezdu do kopce","Kontrola mrtv\u00e9ho \u00fahlu","Drive Select (j\u00edzdy re\u017eimy)","Elektricky sklopn\u00e1 zp\u011btn\u00e1 zrc\u00e1tka"],"power_kw":140,"body_type":"Estate","condition":"Used","transmission":"automatic","vat_deductible":false,"consumption_city":5.1,"translation_hash":"39063ce173e6e04b173c9c15da18c30ce51b87c3","vehicle_category":"car","engine_volume_cm3":1995,"first_registration":"2022-01-01","translation_status":"done","consumption_highway":4.1,"consumption_combined":4.5},"user_id":45,"is_sponsored":false,"views_count":8,"ai_views_count":10,"ai_vendor_counts":{"meta":5,"other":2,"openai":2,"anthropic":1},"visibility":"public","submission_source":null,"submission_ai_name":null,"has_owner_email":true,"can_contact_owner":true,"phone":"+421 911 898 409","owner_email":"pulc@autorro.sk","user":{"id":45,"slug":"milan-pulc-45","name":"Milan Pulc","bio":"Prodejce. P\u016fsob\u00edm v okresech Bratislava a Senec.\n\nP\u016fsobnost: Bratislava, Senec","nationality":"SK","languages":["cs","sk"],"service_areas":[],"card_style":null,"card_palette":null,"avatar_url":"https:\/\/cdn.assetlog.ai\/avatars\/45\/avatar_max.webp?v=1786535213","avatar_thumb_url":"https:\/\/cdn.assetlog.ai\/avatars\/45\/avatar_small.webp?v=1786535213","reviews_count":0,"avg_rating":null,"seller_badge":"silver","can_calendar":true},"images":[{"id":133676,"max":"https:\/\/cdn.assetlog.ai\/assets\/163625\/bmw-rad-3-touring-320d-mhev-xdrive-at8-140kw-aj-na-splatky-protiucet_1_max.webp","medium":"https:\/\/cdn.assetlog.ai\/assets\/163625\/bmw-rad-3-touring-320d-mhev-xdrive-at8-140kw-aj-na-splatky-protiucet_1_medium.webp","small":"https:\/\/cdn.assetlog.ai\/assets\/163625\/bmw-rad-3-touring-320d-mhev-xdrive-at8-140kw-aj-na-splatky-protiucet_1_small.webp"},{"id":133677,"max":"https:\/\/cdn.assetlog.ai\/assets\/163625\/bmw-rad-3-touring-320d-mhev-xdrive-at8-140kw-aj-na-splatky-protiucet_2_max.webp","medium":"https:\/\/cdn.assetlog.ai\/assets\/163625\/bmw-rad-3-touring-320d-mhev-xdrive-at8-140kw-aj-na-splatky-protiucet_2_medium.webp","small":"https:\/\/cdn.assetlog.ai\/assets\/163625\/bmw-rad-3-touring-320d-mhev-xdrive-at8-140kw-aj-na-splatky-protiucet_2_small.webp"},{"id":133678,"max":"https:\/\/cdn.assetlog.ai\/assets\/163625\/bmw-rad-3-touring-320d-mhev-xdrive-at8-140kw-aj-na-splatky-protiucet_3_max.webp","medium":"https:\/\/cdn.assetlog.ai\/assets\/163625\/bmw-rad-3-touring-320d-mhev-xdrive-at8-140kw-aj-na-splatky-protiucet_3_medium.webp","small":"https:\/\/cdn.assetlog.ai\/assets\/163625\/bmw-rad-3-touring-320d-mhev-xdrive-at8-140kw-aj-na-splatky-protiucet_3_small.webp"},{"id":133679,"max":"https:\/\/cdn.assetlog.ai\/assets\/163625\/bmw-rad-3-touring-320d-mhev-xdrive-at8-140kw-aj-na-splatky-protiucet_4_max.webp","medium":"https:\/\/cdn.assetlog.ai\/assets\/163625\/bmw-rad-3-touring-320d-mhev-xdrive-at8-140kw-aj-na-splatky-protiucet_4_medium.webp","small":"https:\/\/cdn.assetlog.ai\/assets\/163625\/bmw-rad-3-touring-320d-mhev-xdrive-at8-140kw-aj-na-splatky-protiucet_4_small.webp"},{"id":133680,"max":"https:\/\/cdn.assetlog.ai\/assets\/163625\/bmw-rad-3-touring-320d-mhev-xdrive-at8-140kw-aj-na-splatky-protiucet_5_max.webp","medium":"https:\/\/cdn.assetlog.ai\/assets\/163625\/bmw-rad-3-touring-320d-mhev-xdrive-at8-140kw-aj-na-splatky-protiucet_5_medium.webp","small":"https:\/\/cdn.assetlog.ai\/assets\/163625\/bmw-rad-3-touring-320d-mhev-xdrive-at8-140kw-aj-na-splatky-protiucet_5_small.webp"},{"id":133681,"max":"https:\/\/cdn.assetlog.ai\/assets\/163625\/bmw-rad-3-touring-320d-mhev-xdrive-at8-140kw-aj-na-splatky-protiucet_6_max.webp","medium":"https:\/\/cdn.assetlog.ai\/assets\/163625\/bmw-rad-3-touring-320d-mhev-xdrive-at8-140kw-aj-na-splatky-protiucet_6_medium.webp","small":"https:\/\/cdn.assetlog.ai\/assets\/163625\/bmw-rad-3-touring-320d-mhev-xdrive-at8-140kw-aj-na-splatky-protiucet_6_small.webp"},{"id":133682,"max":"https:\/\/cdn.assetlog.ai\/assets\/163625\/bmw-rad-3-touring-320d-mhev-xdrive-at8-140kw-aj-na-splatky-protiucet_7_max.webp","medium":"https:\/\/cdn.assetlog.ai\/assets\/163625\/bmw-rad-3-touring-320d-mhev-xdrive-at8-140kw-aj-na-splatky-protiucet_7_medium.webp","small":"https:\/\/cdn.assetlog.ai\/assets\/163625\/bmw-rad-3-touring-320d-mhev-xdrive-at8-140kw-aj-na-splatky-protiucet_7_small.webp"},{"id":133683,"max":"https:\/\/cdn.assetlog.ai\/assets\/163625\/bmw-rad-3-touring-320d-mhev-xdrive-at8-140kw-aj-na-splatky-protiucet_8_max.webp","medium":"https:\/\/cdn.assetlog.ai\/assets\/163625\/bmw-rad-3-touring-320d-mhev-xdrive-at8-140kw-aj-na-splatky-protiucet_8_medium.webp","small":"https:\/\/cdn.assetlog.ai\/assets\/163625\/bmw-rad-3-touring-320d-mhev-xdrive-at8-140kw-aj-na-splatky-protiucet_8_small.webp"},{"id":133684,"max":"https:\/\/cdn.assetlog.ai\/assets\/163625\/bmw-rad-3-touring-320d-mhev-xdrive-at8-140kw-aj-na-splatky-protiucet_9_max.webp","medium":"https:\/\/cdn.assetlog.ai\/assets\/163625\/bmw-rad-3-touring-320d-mhev-xdrive-at8-140kw-aj-na-splatky-protiucet_9_medium.webp","small":"https:\/\/cdn.assetlog.ai\/assets\/163625\/bmw-rad-3-touring-320d-mhev-xdrive-at8-140kw-aj-na-splatky-protiucet_9_small.webp"},{"id":133685,"max":"https:\/\/cdn.assetlog.ai\/assets\/163625\/bmw-rad-3-touring-320d-mhev-xdrive-at8-140kw-aj-na-splatky-protiucet_10_max.webp","medium":"https:\/\/cdn.assetlog.ai\/assets\/163625\/bmw-rad-3-touring-320d-mhev-xdrive-at8-140kw-aj-na-splatky-protiucet_10_medium.webp","small":"https:\/\/cdn.assetlog.ai\/assets\/163625\/bmw-rad-3-touring-320d-mhev-xdrive-at8-140kw-aj-na-splatky-protiucet_10_small.webp"},{"id":133686,"max":"https:\/\/cdn.assetlog.ai\/assets\/163625\/bmw-rad-3-touring-320d-mhev-xdrive-at8-140kw-aj-na-splatky-protiucet_11_max.webp","medium":"https:\/\/cdn.assetlog.ai\/assets\/163625\/bmw-rad-3-touring-320d-mhev-xdrive-at8-140kw-aj-na-splatky-protiucet_11_medium.webp","small":"https:\/\/cdn.assetlog.ai\/assets\/163625\/bmw-rad-3-touring-320d-mhev-xdrive-at8-140kw-aj-na-splatky-protiucet_11_small.webp"},{"id":133687,"max":"https:\/\/cdn.assetlog.ai\/assets\/163625\/bmw-rad-3-touring-320d-mhev-xdrive-at8-140kw-aj-na-splatky-protiucet_12_max.webp","medium":"https:\/\/cdn.assetlog.ai\/assets\/163625\/bmw-rad-3-touring-320d-mhev-xdrive-at8-140kw-aj-na-splatky-protiucet_12_medium.webp","small":"https:\/\/cdn.assetlog.ai\/assets\/163625\/bmw-rad-3-touring-320d-mhev-xdrive-at8-140kw-aj-na-splatky-protiucet_12_small.webp"},{"id":133688,"max":"https:\/\/cdn.assetlog.ai\/assets\/163625\/bmw-rad-3-touring-320d-mhev-xdrive-at8-140kw-aj-na-splatky-protiucet_13_max.webp","medium":"https:\/\/cdn.assetlog.ai\/assets\/163625\/bmw-rad-3-touring-320d-mhev-xdrive-at8-140kw-aj-na-splatky-protiucet_13_medium.webp","small":"https:\/\/cdn.assetlog.ai\/assets\/163625\/bmw-rad-3-touring-320d-mhev-xdrive-at8-140kw-aj-na-splatky-protiucet_13_small.webp"},{"id":133689,"max":"https:\/\/cdn.assetlog.ai\/assets\/163625\/bmw-rad-3-touring-320d-mhev-xdrive-at8-140kw-aj-na-splatky-protiucet_14_max.webp","medium":"https:\/\/cdn.assetlog.ai\/assets\/163625\/bmw-rad-3-touring-320d-mhev-xdrive-at8-140kw-aj-na-splatky-protiucet_14_medium.webp","small":"https:\/\/cdn.assetlog.ai\/assets\/163625\/bmw-rad-3-touring-320d-mhev-xdrive-at8-140kw-aj-na-splatky-protiucet_14_small.webp"},{"id":133690,"max":"https:\/\/cdn.assetlog.ai\/assets\/163625\/bmw-rad-3-touring-320d-mhev-xdrive-at8-140kw-aj-na-splatky-protiucet_15_max.webp","medium":"https:\/\/cdn.assetlog.ai\/assets\/163625\/bmw-rad-3-touring-320d-mhev-xdrive-at8-140kw-aj-na-splatky-protiucet_15_medium.webp","small":"https:\/\/cdn.assetlog.ai\/assets\/163625\/bmw-rad-3-touring-320d-mhev-xdrive-at8-140kw-aj-na-splatky-protiucet_15_small.webp"},{"id":133691,"max":"https:\/\/cdn.assetlog.ai\/assets\/163625\/bmw-rad-3-touring-320d-mhev-xdrive-at8-140kw-aj-na-splatky-protiucet_16_max.webp","medium":"https:\/\/cdn.assetlog.ai\/assets\/163625\/bmw-rad-3-touring-320d-mhev-xdrive-at8-140kw-aj-na-splatky-protiucet_16_medium.webp","small":"https:\/\/cdn.assetlog.ai\/assets\/163625\/bmw-rad-3-touring-320d-mhev-xdrive-at8-140kw-aj-na-splatky-protiucet_16_small.webp"},{"id":133692,"max":"https:\/\/cdn.assetlog.ai\/assets\/163625\/bmw-rad-3-touring-320d-mhev-xdrive-at8-140kw-aj-na-splatky-protiucet_17_max.webp","medium":"https:\/\/cdn.assetlog.ai\/assets\/163625\/bmw-rad-3-touring-320d-mhev-xdrive-at8-140kw-aj-na-splatky-protiucet_17_medium.webp","small":"https:\/\/cdn.assetlog.ai\/assets\/163625\/bmw-rad-3-touring-320d-mhev-xdrive-at8-140kw-aj-na-splatky-protiucet_17_small.webp"},{"id":133693,"max":"https:\/\/cdn.assetlog.ai\/assets\/163625\/bmw-rad-3-touring-320d-mhev-xdrive-at8-140kw-aj-na-splatky-protiucet_18_max.webp","medium":"https:\/\/cdn.assetlog.ai\/assets\/163625\/bmw-rad-3-touring-320d-mhev-xdrive-at8-140kw-aj-na-splatky-protiucet_18_medium.webp","small":"https:\/\/cdn.assetlog.ai\/assets\/163625\/bmw-rad-3-touring-320d-mhev-xdrive-at8-140kw-aj-na-splatky-protiucet_18_small.webp"},{"id":133694,"max":"https:\/\/cdn.assetlog.ai\/assets\/163625\/bmw-rad-3-touring-320d-mhev-xdrive-at8-140kw-aj-na-splatky-protiucet_19_max.webp","medium":"https:\/\/cdn.assetlog.ai\/assets\/163625\/bmw-rad-3-touring-320d-mhev-xdrive-at8-140kw-aj-na-splatky-protiucet_19_medium.webp","small":"https:\/\/cdn.assetlog.ai\/assets\/163625\/bmw-rad-3-touring-320d-mhev-xdrive-at8-140kw-aj-na-splatky-protiucet_19_small.webp"},{"id":133695,"max":"https:\/\/cdn.assetlog.ai\/assets\/163625\/bmw-rad-3-touring-320d-mhev-xdrive-at8-140kw-aj-na-splatky-protiucet_20_max.webp","medium":"https:\/\/cdn.assetlog.ai\/assets\/163625\/bmw-rad-3-touring-320d-mhev-xdrive-at8-140kw-aj-na-splatky-protiucet_20_medium.webp","small":"https:\/\/cdn.assetlog.ai\/assets\/163625\/bmw-rad-3-touring-320d-mhev-xdrive-at8-140kw-aj-na-splatky-protiucet_20_small.webp"},{"id":133696,"max":"https:\/\/cdn.assetlog.ai\/assets\/163625\/bmw-rad-3-touring-320d-mhev-xdrive-at8-140kw-aj-na-splatky-protiucet_21_max.webp","medium":"https:\/\/cdn.assetlog.ai\/assets\/163625\/bmw-rad-3-touring-320d-mhev-xdrive-at8-140kw-aj-na-splatky-protiucet_21_medium.webp","small":"https:\/\/cdn.assetlog.ai\/assets\/163625\/bmw-rad-3-touring-320d-mhev-xdrive-at8-140kw-aj-na-splatky-protiucet_21_small.webp"},{"id":133697,"max":"https:\/\/cdn.assetlog.ai\/assets\/163625\/bmw-rad-3-touring-320d-mhev-xdrive-at8-140kw-aj-na-splatky-protiucet_22_max.webp","medium":"https:\/\/cdn.assetlog.ai\/assets\/163625\/bmw-rad-3-touring-320d-mhev-xdrive-at8-140kw-aj-na-splatky-protiucet_22_medium.webp","small":"https:\/\/cdn.assetlog.ai\/assets\/163625\/bmw-rad-3-touring-320d-mhev-xdrive-at8-140kw-aj-na-splatky-protiucet_22_small.webp"},{"id":133698,"max":"https:\/\/cdn.assetlog.ai\/assets\/163625\/bmw-rad-3-touring-320d-mhev-xdrive-at8-140kw-aj-na-splatky-protiucet_23_max.webp","medium":"https:\/\/cdn.assetlog.ai\/assets\/163625\/bmw-rad-3-touring-320d-mhev-xdrive-at8-140kw-aj-na-splatky-protiucet_23_medium.webp","small":"https:\/\/cdn.assetlog.ai\/assets\/163625\/bmw-rad-3-touring-320d-mhev-xdrive-at8-140kw-aj-na-splatky-protiucet_23_small.webp"},{"id":133699,"max":"https:\/\/cdn.assetlog.ai\/assets\/163625\/bmw-rad-3-touring-320d-mhev-xdrive-at8-140kw-aj-na-splatky-protiucet_24_max.webp","medium":"https:\/\/cdn.assetlog.ai\/assets\/163625\/bmw-rad-3-touring-320d-mhev-xdrive-at8-140kw-aj-na-splatky-protiucet_24_medium.webp","small":"https:\/\/cdn.assetlog.ai\/assets\/163625\/bmw-rad-3-touring-320d-mhev-xdrive-at8-140kw-aj-na-splatky-protiucet_24_small.webp"},{"id":133700,"max":"https:\/\/cdn.assetlog.ai\/assets\/163625\/bmw-rad-3-touring-320d-mhev-xdrive-at8-140kw-aj-na-splatky-protiucet_25_max.webp","medium":"https:\/\/cdn.assetlog.ai\/assets\/163625\/bmw-rad-3-touring-320d-mhev-xdrive-at8-140kw-aj-na-splatky-protiucet_25_medium.webp","small":"https:\/\/cdn.assetlog.ai\/assets\/163625\/bmw-rad-3-touring-320d-mhev-xdrive-at8-140kw-aj-na-splatky-protiucet_25_small.webp"},{"id":133701,"max":"https:\/\/cdn.assetlog.ai\/assets\/163625\/bmw-rad-3-touring-320d-mhev-xdrive-at8-140kw-aj-na-splatky-protiucet_26_max.webp","medium":"https:\/\/cdn.assetlog.ai\/assets\/163625\/bmw-rad-3-touring-320d-mhev-xdrive-at8-140kw-aj-na-splatky-protiucet_26_medium.webp","small":"https:\/\/cdn.assetlog.ai\/assets\/163625\/bmw-rad-3-touring-320d-mhev-xdrive-at8-140kw-aj-na-splatky-protiucet_26_small.webp"},{"id":133702,"max":"https:\/\/cdn.assetlog.ai\/assets\/163625\/bmw-rad-3-touring-320d-mhev-xdrive-at8-140kw-aj-na-splatky-protiucet_27_max.webp","medium":"https:\/\/cdn.assetlog.ai\/assets\/163625\/bmw-rad-3-touring-320d-mhev-xdrive-at8-140kw-aj-na-splatky-protiucet_27_medium.webp","small":"https:\/\/cdn.assetlog.ai\/assets\/163625\/bmw-rad-3-touring-320d-mhev-xdrive-at8-140kw-aj-na-splatky-protiucet_27_small.webp"},{"id":133703,"max":"https:\/\/cdn.assetlog.ai\/assets\/163625\/bmw-rad-3-touring-320d-mhev-xdrive-at8-140kw-aj-na-splatky-protiucet_28_max.webp","medium":"https:\/\/cdn.assetlog.ai\/assets\/163625\/bmw-rad-3-touring-320d-mhev-xdrive-at8-140kw-aj-na-splatky-protiucet_28_medium.webp","small":"https:\/\/cdn.assetlog.ai\/assets\/163625\/bmw-rad-3-touring-320d-mhev-xdrive-at8-140kw-aj-na-splatky-protiucet_28_small.webp"}],"published_at":null,"expires_at":null,"created_at":"2026-08-20T03:40:08+00:00","updated_at":"2026-09-01T03:40:59+00:00"}}