{"data":{"id":178963,"slug":"bmw-rad-5-520d-luxury-line-140kw-at8-rwd-2017-aj-na-splatky-protiucet","type":"vehicle","title":"BMW Series 5 520d Luxury Line 140kW AT\/8 RWD 2017 \/ AVAILABLE FOR INSTALLMENTS \/ TRADE-IN","description":"Commission sale - you are buying the vehicle directly from the owner.\n\nCOMMUNICATION: SK, HU, EN\nFINANCING \/ WARRANTY \/ TRADE-IN\n\nI am selling a BMW 520d in elegant Luxury Line trim with sedan body type, year of manufacture 2017, with a diesel engine with 140 kW (190 HP) power, 8-speed automatic transmission and rear-wheel drive. The vehicle is in white metallic paint and seasonal tire change is also included in the sale.\n\nThe vehicle has undergone inspection of insurance records, execution checks, paint measurement and document verification. Physically inspected, also through the vehicle operating records registry. Additional kilometers may still be added.\n\nWe offer favorable financing with monthly installments, so you can enjoy your new car right away without waiting with 0% down payment and installments up to 96 months. Through the Autorro stand you can fill out a non-binding financing form.\nFor your greater comfort and peace of mind, we can also provide extended warranty up to 12 - 36 months.\n\nIf you already own a car, we will take it from you directly in trade - we will evaluate it and deduct its value from the value of your new car.\n\nThe above equipment is for informational purposes only and does not create a legal claim. The seller reserves the right for unintentional errors in the description.\n\nFurther information is available at phone number 0949 394 685, the vehicle is located in Dunajsk\u00e1 Streda. Registration plate: DS282FP. Technical inspection validity until: May 20, 2027. Technical inspection validity until: May 20, 2027.\n\nTechnical specifications\n\nM.Y.: 05\/17, 1995cm\u00b3, 140kW (190HP), Drive: Rear-wheel drive, Automatic transmission (8-speed), Diesel, EURO 6, 4-door, (5-seater), 116,530km, White metallic, VIN WBAJC310X0G926065\n\nVehicle consumption (l\/100km)\n\nCity: 5, highway: 4.1, combined: 4.5\n\nLeasing possible, Credit possible, Full service history","language":"cs","is_translated":true,"title_original":"BMW Rad 5 520d Luxury line 140kW AT\/8 RWD 2017 \/ AJ NA SPL\u00c1TKY \/ PROTI\u00da\u010cET","description_original":"Komisn\u00ed prodej - vozidlo kupujete p\u0159\u00edmo od majitele.\n\nKOMUNIKACE: SK, HU, EN\nFINANCOV\u00c1N\u00cd \/ Z\u00c1RUKA \/ PROTI\u00da\u010cET\n\nProd\u00e1v\u00e1m BMW 520d v elegantn\u00ed v\u00fdbav\u011b Luxury Line s karoseri\u00ed typu sedan, rok v\u00fdroby 2017, s naftov\u00fdm motorem o v\u00fdkonu 140 kW (190 HP), 8stup\u0148ovou automatickou p\u0159evodovkou a pohonem zadn\u00edch kol. Vozidlo je v b\u00edl\u00e9 metal\u00edze a sou\u010d\u00e1st\u00ed prodeje je tak\u00e9 sez\u00f3nn\u00ed v\u00fdm\u011bna pneumatik.\n\nVozidlo pro\u0161lo kontrolou z\u00e1znam\u016f o poji\u0161t\u011bn\u00ed, exekuc\u00ed, m\u011b\u0159en\u00edm laku a kontrolou doklad\u016f. Zkontrolov\u00e1no fyzicky, tak\u00e9 prost\u0159ednictv\u00edm registru provozn\u00edch z\u00e1znam\u016f vozidla. Najet\u00e9 kilometry mohou b\u00fdt je\u0161t\u011b p\u0159i\u010dteny.\n\nNab\u00edz\u00edme v\u00fdhodn\u00e9 financov\u00e1n\u00ed na m\u011bs\u00ed\u010dn\u00ed spl\u00e1tky, tak\u017ee si sv\u016fj nov\u00fd v\u016fz m\u016f\u017eete u\u017e\u00edvat hned a bez \u010dek\u00e1n\u00ed s akontac\u00ed 0 % a spl\u00e1tkami a\u017e na 96 m\u011bs\u00edc\u016f. Prost\u0159ednictv\u00edm st\u00e1nku Autorro m\u016f\u017eete vyplnit nez\u00e1vazn\u00fd formul\u00e1\u0159 pro financov\u00e1n\u00ed.\nPro va\u0161e v\u011bt\u0161\u00ed pohodl\u00ed a jistotu v\u00e1m m\u016f\u017eeme poskytnout tak\u00e9 prodlou\u017eenou z\u00e1ruku a\u017e na 12 - 36 m\u011bs\u00edc\u016f.\n\nPokud ji\u017e n\u011bjak\u00e9 auto vlastn\u00edte, vezmeme si ho od v\u00e1s p\u0159\u00edmo na opl\u00e1tku - ocen\u00edme ho a jeho cenu ode\u010dteme od hodnoty va\u0161eho nov\u00e9ho vozu.\n\nV\u00fd\u0161e uveden\u00e9 vybaven\u00ed m\u00e1 pouze informativn\u00ed charakter a nezakl\u00e1d\u00e1 pr\u00e1vn\u00ed n\u00e1rok. Prod\u00e1vaj\u00edc\u00ed si vyhrazuje pr\u00e1vo na ne\u00famysln\u00e9 chyby v popisu.\n\nDal\u0161\u00ed informace v\u00e1m r\u00e1di poskytneme na telefonn\u00edm \u010d\u00edsle 0949 394 685, vozidlo se nach\u00e1z\u00ed v Dunajsk\u00e9 St\u0159ed\u011b. Registra\u010dn\u00ed zna\u010dka: DS282FP. Platnost technick\u00e9 kontroly do: 20. 5. 2027. Platnost technick\u00e9 kontroly do: 20. 5. 2027.\n\nTechnick\u00e9 \u00fadaje\n\nv.v.: 05\/17, 1995cm\u00b3, 140kW (190PS), Pohon: Pohon zadn\u00edch kol, Automatick\u00e1 p\u0159evodovka (8 st.), Diesel, EURO 6, 4 dv., (5-m\u00edstn\u00fd), 116 530km, B\u00edl\u00e1 metal\u00edza, VIN WBAJC310X0G926065\n\nSpot\u0159eba vozidla (l\/100km)\n\nVe m\u011bst\u011b: 5, mimo m\u011bsto: 4.1, kombinovan\u00e1: 4.5\n\nMo\u017en\u00fd leasing, Mo\u017en\u00fd \u00fav\u011br, \u00dapln\u00e1 servisn\u00ed historie","price":"644805.00","currency":"CZK","status":"active","noindex":true,"location":{"address":null,"full_address":null,"city":"Dunajsk\u00e1 Streda","country":"SK","latitude":47.9956165,"longitude":17.6162934},"metadata":{"vin":"WBAJC310X0G926065","fuel":"diesel","year":2017,"brand":"BMW","color":"White","doors":4,"drive":"Rear-wheel drive","model":"rad 5","seats":5,"region":"Trnavsk\u00fd kraj","mileage":116530,"emisions":"Euro 6","features":["Alarm","EBD\/EBV","Posilova\u010d \u0159\u00edzen\u00ed","ABS","ESP","Protiprokluzov\u00fd syst\u00e9m kol (TC, ASR)","ADS","DSC\/DTC","Brzdov\u00fd asistent (EBA, BAS)","ISOFIX na zadn\u00edch sedadlech","Deaktivace airbagu spolujezdce","Nat\u00e1\u010dec\u00ed sv\u011btlomety","Senzor tlaku","Syst\u00e9m rozpozn\u00e1v\u00e1n\u00ed dopravn\u00edch zna\u010dek","Sledov\u00e1n\u00ed \u00fanavy \u0159idi\u010de","Asistent d\u00e1lkov\u00fdch sv\u011btel (HBA)","CD p\u0159ehr\u00e1va\u010d","Centr\u00e1ln\u00ed zamyk\u00e1n\u00ed","Zadn\u00ed el. stahovateln\u00e1 okna","El. nastaviteln\u00e1 p\u0159edn\u00ed sedadla","Elektricky nastaviteln\u00e1 zp\u011btn\u00e1 zrc\u00e1tka","Centr\u00e1ln\u00ed zamyk\u00e1n\u00ed na d\u00e1lkov\u00e9 ovl\u00e1d\u00e1n\u00ed","Automatick\u00e1 4-z\u00f3nov\u00e1 klimatizace","Autor\u00e1dio","Nez\u00e1visl\u00e9 topen\u00ed","Multifunk\u010dn\u00ed volant","Loketn\u00ed op\u011brka vp\u0159edu","Head-up display","Start\/Stop syst\u00e9m","Klimatizovan\u00e1 p\u0159ihr\u00e1dka","Ost\u0159ikova\u010de sv\u011btlomet\u016f","Apple Car Play","Android Auto","Welcome light","Digit\u00e1ln\u00ed p\u0159\u00edstrojov\u00e1 deska","Bezdr\u00e1tov\u00e1 nab\u00edje\u010dka mobiln\u00edch telefon\u016f","Lit\u00e1 kola","Mlhovky","Imobiliz\u00e9r","Palubn\u00ed po\u010d\u00edta\u010d","Navigace","Automatick\u00e9 parkov\u00e1n\u00ed","St\u0159e\u0161n\u00ed nosi\u010d","Tempomat","Ko\u017een\u00fd interi\u00e9r","Vyh\u0159\u00edvan\u00e1 sedadla","Senzor st\u011bra\u010d\u016f","Sv\u011bteln\u00fd senzor","Zimn\u00ed sada kol","Parkovac\u00ed kamera","P\u0159edn\u00ed a zadn\u00ed parkovac\u00ed senzory","Adaptivn\u00ed tempomat","Elektrick\u00e9 dov\u00edr\u00e1n\u00ed v\u0161ech dve\u0159\u00ed","Bezkl\u00ed\u010dov\u00fd vstup","El. ovl\u00e1dan\u00fd kufr","Elektrick\u00e9 dov\u00edr\u00e1n\u00ed zavazadlov\u00e9ho prostoru","Bluetooth","Vyh\u0159\u00edvan\u00fd volant","Denn\u00ed sv\u00edcen\u00ed","LED sv\u011btlomety","Pam\u011b\u0165 nastaven\u00ed sedadla \u0159idi\u010de","Ambientn\u00ed LED osv\u011btlen\u00ed interi\u00e9ru","Mo\u017en\u00fd leasing","Mo\u017en\u00fd \u00faver","\u00dapln\u00e1 servisn\u00e1 hist\u00f3ria","Mechanick\u00e9 zabezpe\u010den\u00ed","adaptivn\u00ed podvozek","ko\u017een\u00fd paket","Odo-pass","Asistent udr\u017eov\u00e1n\u00ed j\u00edzdn\u00edho pruhu","Asistent rozjezdu do kopce","Sledov\u00e1n\u00ed mrtv\u00e9ho \u00fahlu","ACC","MSR","LCD panel","Drive Select (j\u00edzdy re\u017eimy)","Pr\u00e9miov\u00fd audiosyst\u00e9m (B&O, Harman, Bose...)","Elektricky sklopn\u00e1 zp\u011btn\u00e1 zrc\u00e1tka","Elektricky nastaviteln\u00fd volant","Rozpozn\u00e1v\u00e1n\u00ed chodc\u016f"],"power_kw":140,"body_type":"Sedan","condition":"Used","transmission":"automatic","vat_deductible":false,"consumption_city":5,"translation_hash":"ec73766c099434de9df1e8583d92bada2a4b3472","vehicle_category":"car","engine_volume_cm3":1995,"first_registration":"2017-05-01","translation_status":"done","consumption_highway":4.1,"consumption_combined":4.5},"user_id":34,"is_sponsored":false,"views_count":3,"ai_views_count":7,"ai_vendor_counts":{"meta":4,"other":2,"anthropic":1},"visibility":"public","submission_source":null,"submission_ai_name":null,"has_owner_email":true,"can_contact_owner":true,"phone":"0949 394 685","owner_email":"forro@autorro.sk","user":{"id":34,"slug":"balint-forro-34","name":"B\u00e1lint Forr\u00f3","bio":"Makl\u00e9r. P\u016fsob\u00edm v Dunajskej Strede, Galante a okol\u00ed.\n\nP\u016fsobnost: Dunajsk\u00e1 Streda, Galanta","nationality":"SK","languages":["cs","sk"],"service_areas":[],"card_style":null,"card_palette":null,"avatar_url":"https:\/\/cdn.assetlog.ai\/avatars\/34\/avatar_max.webp?v=1786535213","avatar_thumb_url":"https:\/\/cdn.assetlog.ai\/avatars\/34\/avatar_small.webp?v=1786535213","reviews_count":0,"avg_rating":null,"seller_badge":"silver","can_calendar":true,"joined_at":"2026-06-07T07:44:52+00:00","primary_intent":null,"seeking":[],"public_assets_count":47,"public_prompts_count":0,"followers_count":0},"images":[{"id":140361,"max":"https:\/\/cdn.assetlog.ai\/assets\/178963\/bmw-rad-5-520d-luxury-line-140kw-at8-rwd-2017-aj-na-splatky-protiucet_1_max.webp","medium":"https:\/\/cdn.assetlog.ai\/assets\/178963\/bmw-rad-5-520d-luxury-line-140kw-at8-rwd-2017-aj-na-splatky-protiucet_1_medium.webp","small":"https:\/\/cdn.assetlog.ai\/assets\/178963\/bmw-rad-5-520d-luxury-line-140kw-at8-rwd-2017-aj-na-splatky-protiucet_1_small.webp"},{"id":140362,"max":"https:\/\/cdn.assetlog.ai\/assets\/178963\/bmw-rad-5-520d-luxury-line-140kw-at8-rwd-2017-aj-na-splatky-protiucet_2_max.webp","medium":"https:\/\/cdn.assetlog.ai\/assets\/178963\/bmw-rad-5-520d-luxury-line-140kw-at8-rwd-2017-aj-na-splatky-protiucet_2_medium.webp","small":"https:\/\/cdn.assetlog.ai\/assets\/178963\/bmw-rad-5-520d-luxury-line-140kw-at8-rwd-2017-aj-na-splatky-protiucet_2_small.webp"},{"id":140363,"max":"https:\/\/cdn.assetlog.ai\/assets\/178963\/bmw-rad-5-520d-luxury-line-140kw-at8-rwd-2017-aj-na-splatky-protiucet_3_max.webp","medium":"https:\/\/cdn.assetlog.ai\/assets\/178963\/bmw-rad-5-520d-luxury-line-140kw-at8-rwd-2017-aj-na-splatky-protiucet_3_medium.webp","small":"https:\/\/cdn.assetlog.ai\/assets\/178963\/bmw-rad-5-520d-luxury-line-140kw-at8-rwd-2017-aj-na-splatky-protiucet_3_small.webp"},{"id":140364,"max":"https:\/\/cdn.assetlog.ai\/assets\/178963\/bmw-rad-5-520d-luxury-line-140kw-at8-rwd-2017-aj-na-splatky-protiucet_4_max.webp","medium":"https:\/\/cdn.assetlog.ai\/assets\/178963\/bmw-rad-5-520d-luxury-line-140kw-at8-rwd-2017-aj-na-splatky-protiucet_4_medium.webp","small":"https:\/\/cdn.assetlog.ai\/assets\/178963\/bmw-rad-5-520d-luxury-line-140kw-at8-rwd-2017-aj-na-splatky-protiucet_4_small.webp"},{"id":140365,"max":"https:\/\/cdn.assetlog.ai\/assets\/178963\/bmw-rad-5-520d-luxury-line-140kw-at8-rwd-2017-aj-na-splatky-protiucet_5_max.webp","medium":"https:\/\/cdn.assetlog.ai\/assets\/178963\/bmw-rad-5-520d-luxury-line-140kw-at8-rwd-2017-aj-na-splatky-protiucet_5_medium.webp","small":"https:\/\/cdn.assetlog.ai\/assets\/178963\/bmw-rad-5-520d-luxury-line-140kw-at8-rwd-2017-aj-na-splatky-protiucet_5_small.webp"},{"id":140366,"max":"https:\/\/cdn.assetlog.ai\/assets\/178963\/bmw-rad-5-520d-luxury-line-140kw-at8-rwd-2017-aj-na-splatky-protiucet_6_max.webp","medium":"https:\/\/cdn.assetlog.ai\/assets\/178963\/bmw-rad-5-520d-luxury-line-140kw-at8-rwd-2017-aj-na-splatky-protiucet_6_medium.webp","small":"https:\/\/cdn.assetlog.ai\/assets\/178963\/bmw-rad-5-520d-luxury-line-140kw-at8-rwd-2017-aj-na-splatky-protiucet_6_small.webp"},{"id":140367,"max":"https:\/\/cdn.assetlog.ai\/assets\/178963\/bmw-rad-5-520d-luxury-line-140kw-at8-rwd-2017-aj-na-splatky-protiucet_7_max.webp","medium":"https:\/\/cdn.assetlog.ai\/assets\/178963\/bmw-rad-5-520d-luxury-line-140kw-at8-rwd-2017-aj-na-splatky-protiucet_7_medium.webp","small":"https:\/\/cdn.assetlog.ai\/assets\/178963\/bmw-rad-5-520d-luxury-line-140kw-at8-rwd-2017-aj-na-splatky-protiucet_7_small.webp"},{"id":140368,"max":"https:\/\/cdn.assetlog.ai\/assets\/178963\/bmw-rad-5-520d-luxury-line-140kw-at8-rwd-2017-aj-na-splatky-protiucet_8_max.webp","medium":"https:\/\/cdn.assetlog.ai\/assets\/178963\/bmw-rad-5-520d-luxury-line-140kw-at8-rwd-2017-aj-na-splatky-protiucet_8_medium.webp","small":"https:\/\/cdn.assetlog.ai\/assets\/178963\/bmw-rad-5-520d-luxury-line-140kw-at8-rwd-2017-aj-na-splatky-protiucet_8_small.webp"},{"id":140369,"max":"https:\/\/cdn.assetlog.ai\/assets\/178963\/bmw-rad-5-520d-luxury-line-140kw-at8-rwd-2017-aj-na-splatky-protiucet_9_max.webp","medium":"https:\/\/cdn.assetlog.ai\/assets\/178963\/bmw-rad-5-520d-luxury-line-140kw-at8-rwd-2017-aj-na-splatky-protiucet_9_medium.webp","small":"https:\/\/cdn.assetlog.ai\/assets\/178963\/bmw-rad-5-520d-luxury-line-140kw-at8-rwd-2017-aj-na-splatky-protiucet_9_small.webp"},{"id":140370,"max":"https:\/\/cdn.assetlog.ai\/assets\/178963\/bmw-rad-5-520d-luxury-line-140kw-at8-rwd-2017-aj-na-splatky-protiucet_10_max.webp","medium":"https:\/\/cdn.assetlog.ai\/assets\/178963\/bmw-rad-5-520d-luxury-line-140kw-at8-rwd-2017-aj-na-splatky-protiucet_10_medium.webp","small":"https:\/\/cdn.assetlog.ai\/assets\/178963\/bmw-rad-5-520d-luxury-line-140kw-at8-rwd-2017-aj-na-splatky-protiucet_10_small.webp"},{"id":140371,"max":"https:\/\/cdn.assetlog.ai\/assets\/178963\/bmw-rad-5-520d-luxury-line-140kw-at8-rwd-2017-aj-na-splatky-protiucet_11_max.webp","medium":"https:\/\/cdn.assetlog.ai\/assets\/178963\/bmw-rad-5-520d-luxury-line-140kw-at8-rwd-2017-aj-na-splatky-protiucet_11_medium.webp","small":"https:\/\/cdn.assetlog.ai\/assets\/178963\/bmw-rad-5-520d-luxury-line-140kw-at8-rwd-2017-aj-na-splatky-protiucet_11_small.webp"},{"id":140372,"max":"https:\/\/cdn.assetlog.ai\/assets\/178963\/bmw-rad-5-520d-luxury-line-140kw-at8-rwd-2017-aj-na-splatky-protiucet_12_max.webp","medium":"https:\/\/cdn.assetlog.ai\/assets\/178963\/bmw-rad-5-520d-luxury-line-140kw-at8-rwd-2017-aj-na-splatky-protiucet_12_medium.webp","small":"https:\/\/cdn.assetlog.ai\/assets\/178963\/bmw-rad-5-520d-luxury-line-140kw-at8-rwd-2017-aj-na-splatky-protiucet_12_small.webp"},{"id":140373,"max":"https:\/\/cdn.assetlog.ai\/assets\/178963\/bmw-rad-5-520d-luxury-line-140kw-at8-rwd-2017-aj-na-splatky-protiucet_13_max.webp","medium":"https:\/\/cdn.assetlog.ai\/assets\/178963\/bmw-rad-5-520d-luxury-line-140kw-at8-rwd-2017-aj-na-splatky-protiucet_13_medium.webp","small":"https:\/\/cdn.assetlog.ai\/assets\/178963\/bmw-rad-5-520d-luxury-line-140kw-at8-rwd-2017-aj-na-splatky-protiucet_13_small.webp"},{"id":140374,"max":"https:\/\/cdn.assetlog.ai\/assets\/178963\/bmw-rad-5-520d-luxury-line-140kw-at8-rwd-2017-aj-na-splatky-protiucet_14_max.webp","medium":"https:\/\/cdn.assetlog.ai\/assets\/178963\/bmw-rad-5-520d-luxury-line-140kw-at8-rwd-2017-aj-na-splatky-protiucet_14_medium.webp","small":"https:\/\/cdn.assetlog.ai\/assets\/178963\/bmw-rad-5-520d-luxury-line-140kw-at8-rwd-2017-aj-na-splatky-protiucet_14_small.webp"},{"id":140375,"max":"https:\/\/cdn.assetlog.ai\/assets\/178963\/bmw-rad-5-520d-luxury-line-140kw-at8-rwd-2017-aj-na-splatky-protiucet_15_max.webp","medium":"https:\/\/cdn.assetlog.ai\/assets\/178963\/bmw-rad-5-520d-luxury-line-140kw-at8-rwd-2017-aj-na-splatky-protiucet_15_medium.webp","small":"https:\/\/cdn.assetlog.ai\/assets\/178963\/bmw-rad-5-520d-luxury-line-140kw-at8-rwd-2017-aj-na-splatky-protiucet_15_small.webp"},{"id":140376,"max":"https:\/\/cdn.assetlog.ai\/assets\/178963\/bmw-rad-5-520d-luxury-line-140kw-at8-rwd-2017-aj-na-splatky-protiucet_16_max.webp","medium":"https:\/\/cdn.assetlog.ai\/assets\/178963\/bmw-rad-5-520d-luxury-line-140kw-at8-rwd-2017-aj-na-splatky-protiucet_16_medium.webp","small":"https:\/\/cdn.assetlog.ai\/assets\/178963\/bmw-rad-5-520d-luxury-line-140kw-at8-rwd-2017-aj-na-splatky-protiucet_16_small.webp"},{"id":140377,"max":"https:\/\/cdn.assetlog.ai\/assets\/178963\/bmw-rad-5-520d-luxury-line-140kw-at8-rwd-2017-aj-na-splatky-protiucet_17_max.webp","medium":"https:\/\/cdn.assetlog.ai\/assets\/178963\/bmw-rad-5-520d-luxury-line-140kw-at8-rwd-2017-aj-na-splatky-protiucet_17_medium.webp","small":"https:\/\/cdn.assetlog.ai\/assets\/178963\/bmw-rad-5-520d-luxury-line-140kw-at8-rwd-2017-aj-na-splatky-protiucet_17_small.webp"},{"id":140378,"max":"https:\/\/cdn.assetlog.ai\/assets\/178963\/bmw-rad-5-520d-luxury-line-140kw-at8-rwd-2017-aj-na-splatky-protiucet_18_max.webp","medium":"https:\/\/cdn.assetlog.ai\/assets\/178963\/bmw-rad-5-520d-luxury-line-140kw-at8-rwd-2017-aj-na-splatky-protiucet_18_medium.webp","small":"https:\/\/cdn.assetlog.ai\/assets\/178963\/bmw-rad-5-520d-luxury-line-140kw-at8-rwd-2017-aj-na-splatky-protiucet_18_small.webp"},{"id":140379,"max":"https:\/\/cdn.assetlog.ai\/assets\/178963\/bmw-rad-5-520d-luxury-line-140kw-at8-rwd-2017-aj-na-splatky-protiucet_19_max.webp","medium":"https:\/\/cdn.assetlog.ai\/assets\/178963\/bmw-rad-5-520d-luxury-line-140kw-at8-rwd-2017-aj-na-splatky-protiucet_19_medium.webp","small":"https:\/\/cdn.assetlog.ai\/assets\/178963\/bmw-rad-5-520d-luxury-line-140kw-at8-rwd-2017-aj-na-splatky-protiucet_19_small.webp"},{"id":140380,"max":"https:\/\/cdn.assetlog.ai\/assets\/178963\/bmw-rad-5-520d-luxury-line-140kw-at8-rwd-2017-aj-na-splatky-protiucet_20_max.webp","medium":"https:\/\/cdn.assetlog.ai\/assets\/178963\/bmw-rad-5-520d-luxury-line-140kw-at8-rwd-2017-aj-na-splatky-protiucet_20_medium.webp","small":"https:\/\/cdn.assetlog.ai\/assets\/178963\/bmw-rad-5-520d-luxury-line-140kw-at8-rwd-2017-aj-na-splatky-protiucet_20_small.webp"},{"id":140381,"max":"https:\/\/cdn.assetlog.ai\/assets\/178963\/bmw-rad-5-520d-luxury-line-140kw-at8-rwd-2017-aj-na-splatky-protiucet_21_max.webp","medium":"https:\/\/cdn.assetlog.ai\/assets\/178963\/bmw-rad-5-520d-luxury-line-140kw-at8-rwd-2017-aj-na-splatky-protiucet_21_medium.webp","small":"https:\/\/cdn.assetlog.ai\/assets\/178963\/bmw-rad-5-520d-luxury-line-140kw-at8-rwd-2017-aj-na-splatky-protiucet_21_small.webp"},{"id":140382,"max":"https:\/\/cdn.assetlog.ai\/assets\/178963\/bmw-rad-5-520d-luxury-line-140kw-at8-rwd-2017-aj-na-splatky-protiucet_22_max.webp","medium":"https:\/\/cdn.assetlog.ai\/assets\/178963\/bmw-rad-5-520d-luxury-line-140kw-at8-rwd-2017-aj-na-splatky-protiucet_22_medium.webp","small":"https:\/\/cdn.assetlog.ai\/assets\/178963\/bmw-rad-5-520d-luxury-line-140kw-at8-rwd-2017-aj-na-splatky-protiucet_22_small.webp"},{"id":140383,"max":"https:\/\/cdn.assetlog.ai\/assets\/178963\/bmw-rad-5-520d-luxury-line-140kw-at8-rwd-2017-aj-na-splatky-protiucet_23_max.webp","medium":"https:\/\/cdn.assetlog.ai\/assets\/178963\/bmw-rad-5-520d-luxury-line-140kw-at8-rwd-2017-aj-na-splatky-protiucet_23_medium.webp","small":"https:\/\/cdn.assetlog.ai\/assets\/178963\/bmw-rad-5-520d-luxury-line-140kw-at8-rwd-2017-aj-na-splatky-protiucet_23_small.webp"},{"id":140384,"max":"https:\/\/cdn.assetlog.ai\/assets\/178963\/bmw-rad-5-520d-luxury-line-140kw-at8-rwd-2017-aj-na-splatky-protiucet_24_max.webp","medium":"https:\/\/cdn.assetlog.ai\/assets\/178963\/bmw-rad-5-520d-luxury-line-140kw-at8-rwd-2017-aj-na-splatky-protiucet_24_medium.webp","small":"https:\/\/cdn.assetlog.ai\/assets\/178963\/bmw-rad-5-520d-luxury-line-140kw-at8-rwd-2017-aj-na-splatky-protiucet_24_small.webp"},{"id":140385,"max":"https:\/\/cdn.assetlog.ai\/assets\/178963\/bmw-rad-5-520d-luxury-line-140kw-at8-rwd-2017-aj-na-splatky-protiucet_25_max.webp","medium":"https:\/\/cdn.assetlog.ai\/assets\/178963\/bmw-rad-5-520d-luxury-line-140kw-at8-rwd-2017-aj-na-splatky-protiucet_25_medium.webp","small":"https:\/\/cdn.assetlog.ai\/assets\/178963\/bmw-rad-5-520d-luxury-line-140kw-at8-rwd-2017-aj-na-splatky-protiucet_25_small.webp"},{"id":140386,"max":"https:\/\/cdn.assetlog.ai\/assets\/178963\/bmw-rad-5-520d-luxury-line-140kw-at8-rwd-2017-aj-na-splatky-protiucet_26_max.webp","medium":"https:\/\/cdn.assetlog.ai\/assets\/178963\/bmw-rad-5-520d-luxury-line-140kw-at8-rwd-2017-aj-na-splatky-protiucet_26_medium.webp","small":"https:\/\/cdn.assetlog.ai\/assets\/178963\/bmw-rad-5-520d-luxury-line-140kw-at8-rwd-2017-aj-na-splatky-protiucet_26_small.webp"},{"id":140387,"max":"https:\/\/cdn.assetlog.ai\/assets\/178963\/bmw-rad-5-520d-luxury-line-140kw-at8-rwd-2017-aj-na-splatky-protiucet_27_max.webp","medium":"https:\/\/cdn.assetlog.ai\/assets\/178963\/bmw-rad-5-520d-luxury-line-140kw-at8-rwd-2017-aj-na-splatky-protiucet_27_medium.webp","small":"https:\/\/cdn.assetlog.ai\/assets\/178963\/bmw-rad-5-520d-luxury-line-140kw-at8-rwd-2017-aj-na-splatky-protiucet_27_small.webp"},{"id":140388,"max":"https:\/\/cdn.assetlog.ai\/assets\/178963\/bmw-rad-5-520d-luxury-line-140kw-at8-rwd-2017-aj-na-splatky-protiucet_28_max.webp","medium":"https:\/\/cdn.assetlog.ai\/assets\/178963\/bmw-rad-5-520d-luxury-line-140kw-at8-rwd-2017-aj-na-splatky-protiucet_28_medium.webp","small":"https:\/\/cdn.assetlog.ai\/assets\/178963\/bmw-rad-5-520d-luxury-line-140kw-at8-rwd-2017-aj-na-splatky-protiucet_28_small.webp"},{"id":140389,"max":"https:\/\/cdn.assetlog.ai\/assets\/178963\/bmw-rad-5-520d-luxury-line-140kw-at8-rwd-2017-aj-na-splatky-protiucet_29_max.webp","medium":"https:\/\/cdn.assetlog.ai\/assets\/178963\/bmw-rad-5-520d-luxury-line-140kw-at8-rwd-2017-aj-na-splatky-protiucet_29_medium.webp","small":"https:\/\/cdn.assetlog.ai\/assets\/178963\/bmw-rad-5-520d-luxury-line-140kw-at8-rwd-2017-aj-na-splatky-protiucet_29_small.webp"},{"id":140390,"max":"https:\/\/cdn.assetlog.ai\/assets\/178963\/bmw-rad-5-520d-luxury-line-140kw-at8-rwd-2017-aj-na-splatky-protiucet_30_max.webp","medium":"https:\/\/cdn.assetlog.ai\/assets\/178963\/bmw-rad-5-520d-luxury-line-140kw-at8-rwd-2017-aj-na-splatky-protiucet_30_medium.webp","small":"https:\/\/cdn.assetlog.ai\/assets\/178963\/bmw-rad-5-520d-luxury-line-140kw-at8-rwd-2017-aj-na-splatky-protiucet_30_small.webp"},{"id":140391,"max":"https:\/\/cdn.assetlog.ai\/assets\/178963\/bmw-rad-5-520d-luxury-line-140kw-at8-rwd-2017-aj-na-splatky-protiucet_31_max.webp","medium":"https:\/\/cdn.assetlog.ai\/assets\/178963\/bmw-rad-5-520d-luxury-line-140kw-at8-rwd-2017-aj-na-splatky-protiucet_31_medium.webp","small":"https:\/\/cdn.assetlog.ai\/assets\/178963\/bmw-rad-5-520d-luxury-line-140kw-at8-rwd-2017-aj-na-splatky-protiucet_31_small.webp"},{"id":140392,"max":"https:\/\/cdn.assetlog.ai\/assets\/178963\/bmw-rad-5-520d-luxury-line-140kw-at8-rwd-2017-aj-na-splatky-protiucet_32_max.webp","medium":"https:\/\/cdn.assetlog.ai\/assets\/178963\/bmw-rad-5-520d-luxury-line-140kw-at8-rwd-2017-aj-na-splatky-protiucet_32_medium.webp","small":"https:\/\/cdn.assetlog.ai\/assets\/178963\/bmw-rad-5-520d-luxury-line-140kw-at8-rwd-2017-aj-na-splatky-protiucet_32_small.webp"},{"id":140393,"max":"https:\/\/cdn.assetlog.ai\/assets\/178963\/bmw-rad-5-520d-luxury-line-140kw-at8-rwd-2017-aj-na-splatky-protiucet_33_max.webp","medium":"https:\/\/cdn.assetlog.ai\/assets\/178963\/bmw-rad-5-520d-luxury-line-140kw-at8-rwd-2017-aj-na-splatky-protiucet_33_medium.webp","small":"https:\/\/cdn.assetlog.ai\/assets\/178963\/bmw-rad-5-520d-luxury-line-140kw-at8-rwd-2017-aj-na-splatky-protiucet_33_small.webp"},{"id":140394,"max":"https:\/\/cdn.assetlog.ai\/assets\/178963\/bmw-rad-5-520d-luxury-line-140kw-at8-rwd-2017-aj-na-splatky-protiucet_34_max.webp","medium":"https:\/\/cdn.assetlog.ai\/assets\/178963\/bmw-rad-5-520d-luxury-line-140kw-at8-rwd-2017-aj-na-splatky-protiucet_34_medium.webp","small":"https:\/\/cdn.assetlog.ai\/assets\/178963\/bmw-rad-5-520d-luxury-line-140kw-at8-rwd-2017-aj-na-splatky-protiucet_34_small.webp"},{"id":140395,"max":"https:\/\/cdn.assetlog.ai\/assets\/178963\/bmw-rad-5-520d-luxury-line-140kw-at8-rwd-2017-aj-na-splatky-protiucet_35_max.webp","medium":"https:\/\/cdn.assetlog.ai\/assets\/178963\/bmw-rad-5-520d-luxury-line-140kw-at8-rwd-2017-aj-na-splatky-protiucet_35_medium.webp","small":"https:\/\/cdn.assetlog.ai\/assets\/178963\/bmw-rad-5-520d-luxury-line-140kw-at8-rwd-2017-aj-na-splatky-protiucet_35_small.webp"},{"id":140396,"max":"https:\/\/cdn.assetlog.ai\/assets\/178963\/bmw-rad-5-520d-luxury-line-140kw-at8-rwd-2017-aj-na-splatky-protiucet_36_max.webp","medium":"https:\/\/cdn.assetlog.ai\/assets\/178963\/bmw-rad-5-520d-luxury-line-140kw-at8-rwd-2017-aj-na-splatky-protiucet_36_medium.webp","small":"https:\/\/cdn.assetlog.ai\/assets\/178963\/bmw-rad-5-520d-luxury-line-140kw-at8-rwd-2017-aj-na-splatky-protiucet_36_small.webp"},{"id":140397,"max":"https:\/\/cdn.assetlog.ai\/assets\/178963\/bmw-rad-5-520d-luxury-line-140kw-at8-rwd-2017-aj-na-splatky-protiucet_37_max.webp","medium":"https:\/\/cdn.assetlog.ai\/assets\/178963\/bmw-rad-5-520d-luxury-line-140kw-at8-rwd-2017-aj-na-splatky-protiucet_37_medium.webp","small":"https:\/\/cdn.assetlog.ai\/assets\/178963\/bmw-rad-5-520d-luxury-line-140kw-at8-rwd-2017-aj-na-splatky-protiucet_37_small.webp"},{"id":140398,"max":"https:\/\/cdn.assetlog.ai\/assets\/178963\/bmw-rad-5-520d-luxury-line-140kw-at8-rwd-2017-aj-na-splatky-protiucet_38_max.webp","medium":"https:\/\/cdn.assetlog.ai\/assets\/178963\/bmw-rad-5-520d-luxury-line-140kw-at8-rwd-2017-aj-na-splatky-protiucet_38_medium.webp","small":"https:\/\/cdn.assetlog.ai\/assets\/178963\/bmw-rad-5-520d-luxury-line-140kw-at8-rwd-2017-aj-na-splatky-protiucet_38_small.webp"},{"id":140399,"max":"https:\/\/cdn.assetlog.ai\/assets\/178963\/bmw-rad-5-520d-luxury-line-140kw-at8-rwd-2017-aj-na-splatky-protiucet_39_max.webp","medium":"https:\/\/cdn.assetlog.ai\/assets\/178963\/bmw-rad-5-520d-luxury-line-140kw-at8-rwd-2017-aj-na-splatky-protiucet_39_medium.webp","small":"https:\/\/cdn.assetlog.ai\/assets\/178963\/bmw-rad-5-520d-luxury-line-140kw-at8-rwd-2017-aj-na-splatky-protiucet_39_small.webp"},{"id":140400,"max":"https:\/\/cdn.assetlog.ai\/assets\/178963\/bmw-rad-5-520d-luxury-line-140kw-at8-rwd-2017-aj-na-splatky-protiucet_40_max.webp","medium":"https:\/\/cdn.assetlog.ai\/assets\/178963\/bmw-rad-5-520d-luxury-line-140kw-at8-rwd-2017-aj-na-splatky-protiucet_40_medium.webp","small":"https:\/\/cdn.assetlog.ai\/assets\/178963\/bmw-rad-5-520d-luxury-line-140kw-at8-rwd-2017-aj-na-splatky-protiucet_40_small.webp"}],"published_at":null,"expires_at":null,"created_at":"2026-08-29T17:22:03+00:00","updated_at":"2026-09-02T03:41:04+00:00"}}