{"data":{"id":157551,"slug":"bmw-rad-5-530d-xdrive-f10-at-190kw-a8-aj-na-splatky-protiucet","type":"vehicle","title":"BMW Series 5 530d xDrive F10 A\/T, 190kW, A8 \/ AJ INSTALLMENTS \/ TRADE-IN \/","description":"FINANCING \/ TRADE-IN\nSale on commission \u2013 you purchase the vehicle directly from the owner.\n\nThe BMW 530d xDrive F10 is a comfortable and powerful sedan with all-wheel drive xDrive, suitable for both everyday driving and long highway trips. The 3.0 diesel engine offers plenty of power, pleasant dynamics, and good efficiency on longer journeys.\nThe vehicle is fitted with Pirelli R18 summer tires and comes with 2 keys. The equipment includes a head-up display, sunroof, and navigation with a larger display and iDrive system.\nThe vehicle has been regularly serviced and has undergone several major service interventions in recent years. At 300,000 km, the differential and transmission oil were replaced and engine mounts were replaced. At 295,000 km, the engine oil and all filters were replaced, front control arms and half-shafts were replaced. At 265,000 km, the transmission oil was replaced, complete shock absorbers and complete brake system were replaced. At 240,000 km, the timing belt was replaced. Approximately 1.5 years ago, the bi-xenon headlights were completely refurbished.\n\nWe offer favorable financing options with monthly installments, so you can enjoy your new vehicle immediately, without unnecessary waiting, with a down payment from 0% and installments up to 96 months. On the Autorro website, you can fill out a non-binding financing form.\n\nIf you already own a vehicle, you don't need to worry about selling it - in return, we will take it directly from you. Just come to us with it, we will evaluate it and deduct the costs from the value of your new vehicle. This way you save time, hassle, and money, and the entire process will be quick and easy - you drive away in your new vehicle without unnecessary paperwork.\n\nTHE VEHICLE IS LOCATED IN Levice.\nMore information will be provided to you at telephone number 0949 228 711.\n\nVehicle number: AA875VZ. Technical certificate valid until: January 20, 2028. Technical inspection valid until: January 20, 2028.\n\nTechnical Data\n\nModel year: 10\/11, 2993cc, 190kW (258HP), Vehicle generation: F10, Drive: 4\u00d74, Automatic transmission (8-speed), Diesel, EURO 5, 4-door, (5-seater), 303,298 km, Black metallic, VIN WBAFV310X0DP47607\n\nVehicle Consumption (l\/100km)\n\nIn city: 6.6, Outside city: 5.2, Combined: 5.7\n\nPossible trade-in, Loan available","language":"cs","is_translated":true,"title_original":"BMW Rad 5 530d xDrive F10 A\/T, 190kW, A8 \/ AJ NA SPL\u00c1TKY \/ PROTI\u00da\u010cET \/","description_original":"FINANCOV\u00c1N\u00cd \/ PROTI\u00da\u010cET\nProdej na provizi \u2013 vozidlo kupujete p\u0159\u00edmo od majitele.\n\nBMW 530d xDrive F10 je komfortn\u00ed a v\u00fdkonn\u00fd sedan s pohonem v\u0161ech kol xDrive, vhodn\u00fd jak pro ka\u017edodenn\u00ed j\u00edzdu, tak pro dlouh\u00e9 d\u00e1lni\u010dn\u00ed trasy. Dieselov\u00fd motor 3,0 nab\u00edz\u00ed dostatek v\u00fdkonu, p\u0159\u00edjemnou dynamiku a z\u00e1rove\u0148 dobrou \u00fa\u010dinnost p\u0159i del\u0161\u00edch cest\u00e1ch.\nVozidlo je obuto do letn\u00edch pneumatik Pirelli R18 a k dispozici jsou 2 kl\u00ed\u010de. Z v\u00fdbavy nab\u00edz\u00ed head-up displej, st\u0159e\u0161n\u00ed okno a navigaci s v\u011bt\u0161\u00edm displejem a syst\u00e9mem iDrive.\nVozidlo bylo pravideln\u011b servisov\u00e1no a v posledn\u00edch letech pro\u0161lo n\u011bkolika rozs\u00e1hlej\u0161\u00edmi servisn\u00edmi z\u00e1sahy. P\u0159i 300 000 km byl vym\u011bn\u011bn olej v diferenci\u00e1lech a p\u0159evodovce a byly vym\u011bn\u011bny silentbloky motoru. P\u0159i 295 000 km byl vym\u011bn\u011bn motorov\u00fd olej a v\u0161echny filtry, p\u0159edn\u00ed ramena a poloosy. P\u0159i 265 000 km byl vym\u011bn\u011bn olej v p\u0159evodovce, kompletn\u00ed tlumi\u010de a kompletn\u00ed brzdy. P\u0159i 240 000 km byl vym\u011bn\u011bn rozvodov\u00fd \u0159emen. P\u0159ibli\u017en\u011b p\u0159ed 1,5 rokem byly kompletn\u011b repasov\u00e1ny bi-xenonov\u00e9 sv\u011btlomety.\n\nNab\u00edz\u00edme mo\u017enost v\u00fdhodn\u00e9ho financov\u00e1n\u00ed s m\u011bs\u00ed\u010dn\u00edmi spl\u00e1tkami, tak\u017ee si sv\u00e9 nov\u00e9 vozidlo m\u016f\u017eete u\u017e\u00edt ihned, bez zbyte\u010dn\u00e9ho \u010dek\u00e1n\u00ed, s akontac\u00ed od 0 % a spl\u00e1tkami a\u017e na 96 m\u011bs\u00edc\u016f. Na str\u00e1nk\u00e1ch Autorro m\u016f\u017eete vyplnit nez\u00e1vazn\u00fd formul\u00e1\u0159 pro financov\u00e1n\u00ed.\n\nPokud ji\u017e v\u016fz vlastn\u00edte, nemus\u00edte se zab\u00fdvat jeho prodejem - na opl\u00e1tku si ho od v\u00e1s p\u0159\u00edmo vezmeme. Sta\u010d\u00ed, kdy\u017e k n\u00e1m s n\u00edm p\u0159ijdete, my ho ocen\u00edme a n\u00e1klady ode\u010dteme od hodnoty va\u0161eho nov\u00e9ho vozu. U\u0161et\u0159\u00edte tak \u010das, starosti i pen\u00edze a cel\u00fd proces bude rychl\u00fd a snadn\u00fd - odjedete rovnou ve sv\u00e9m nov\u00e9m voze bez zbyte\u010dn\u00e9ho pap\u00edrov\u00e1n\u00ed.\n\nVOZIDLO SE NACH\u00c1Z\u00cd V Leviciach.\nViac inform\u00e1ci\u00ed V\u00e1m poskytneme na telefonn\u00edm \u010d\u00edsle 0949 228 711.\n\n\u010c\u00edslo vozidla: AA875VZ. Platnost technick\u00e9ho osv\u011bd\u010den\u00ed do: 20. 1. 2028. Platnost technick\u00e9 kontroly do: 20. 1. 2028.\n\nTechnick\u00e9 \u00fadaje\n\nv.v.: 10\/11, 2993cm\u00b3, 190kW (258PS), Generace vozidla: F10, Pohon: 4\u00d74, Automatick\u00e1 p\u0159evodovka (8 st.), Diesel, EURO 5, 4 dv., (5-m\u00edstn\u00fd), 303 298km, \u010cern\u00e1 metal\u00edza, VIN WBAFV310X0DP47607\n\nSpot\u0159eba vozidla (l\/100km)\n\nVe m\u011bst\u011b: 6.6, mimo m\u011bsto: 5.2, kombinovan\u00e1: 5.7\n\nMo\u017en\u00e1 v\u00fdm\u011bna, Mo\u017en\u00fd \u00fav\u011br","price":"252757.00","currency":"CZK","status":"active","noindex":true,"location":{"address":null,"full_address":null,"city":"Levice","country":"SK","latitude":48.2163194,"longitude":18.6000869},"metadata":{"vin":"WBAFV310X0DP47607","fuel":"diesel","year":2011,"brand":"BMW","color":"Black","doors":4,"drive":"AWD \/ 4x4","model":"rad 5","seats":5,"region":"Nitriansky kraj","mileage":303298,"emisions":"Euro 5","features":["Alarm","EBD\/EBV","Posilova\u010d \u0159\u00edzen\u00ed","ABS","ESP","DSC\/DTC","Brzdov\u00fd asistent (EBA, BAS)","ISOFIX na zadn\u00edch sedadlech","Deaktivace airbagu spolujezdce","Nat\u00e1\u010dec\u00ed sv\u011btlomety","Senzor tlaku","Syst\u00e9m rozpozn\u00e1v\u00e1n\u00ed dopravn\u00edch zna\u010dek","Asistent d\u00e1lkov\u00fdch sv\u011btel (HBA)","Centr\u00e1ln\u00ed zamyk\u00e1n\u00ed","Zadn\u00ed el. stahovateln\u00e1 okna","Elektricky nastaviteln\u00e1 zp\u011btn\u00e1 zrc\u00e1tka","Centr\u00e1ln\u00ed zamyk\u00e1n\u00ed na d\u00e1lkov\u00e9 ovl\u00e1d\u00e1n\u00ed","Autor\u00e1dio","Multifunk\u010dn\u00ed volant","Loketn\u00ed op\u011brka vp\u0159edu","Head-up display","Start\/Stop syst\u00e9m","Venkovn\u00ed teplom\u011br","Klimatizovan\u00e1 p\u0159ihr\u00e1dka","Ost\u0159ikova\u010de sv\u011btlomet\u016f","Automatick\u00e1 3-z\u00f3nov\u00e1 klimatizace","Welcome light","Lit\u00e1 kola","Mlhovky","Imobiliz\u00e9r","Palubn\u00ed po\u010d\u00edta\u010d","Navigace","St\u0159e\u0161n\u00ed okno","Tempomat","Ko\u017een\u00fd interi\u00e9r","Vyh\u0159\u00edvan\u00e1 sedadla","Elektricky vyh\u0159\u00edvan\u00e1 zp\u011btn\u00e1 zrc\u00e1tka","F\u00f3lie","Senzor st\u011bra\u010d\u016f","Sv\u011bteln\u00fd senzor","P\u0159edn\u00ed a zadn\u00ed parkovac\u00ed senzory","El. ovl\u00e1dan\u00fd kufr","Elektrick\u00e9 dov\u00edr\u00e1n\u00ed zavazadlov\u00e9ho prostoru","Bluetooth","Denn\u00ed sv\u00edcen\u00ed","Mo\u017en\u00e1 v\u00fdmena","Mo\u017en\u00fd \u00faver","Odo-pass","asistent rozjezdu do kopce","LCD panel","CD m\u011bni\u010d","Drive Select (j\u00edzdy re\u017eimy)","elektricky sklopn\u00e1 zp\u011btn\u00e1 zrc\u00e1tka"],"power_kw":190,"body_type":"Sedan","condition":"Used","transmission":"automatic","vat_deductible":false,"consumption_city":6.6,"translation_hash":"6775b576104a8f2313a119c7218efa26ed387a20","vehicle_category":"car","engine_volume_cm3":2993,"first_registration":"2011-10-01","translation_status":"done","consumption_highway":5.2,"consumption_combined":5.7},"user_id":16,"is_sponsored":false,"views_count":6,"ai_views_count":11,"ai_vendor_counts":{"meta":5,"other":2,"openai":2,"anthropic":2},"visibility":"public","submission_source":null,"submission_ai_name":null,"has_owner_email":true,"can_contact_owner":true,"phone":"0949 228 711","owner_email":"petras@autorro.sk","user":{"id":16,"slug":"martin-petras-16","name":"Martin Petr\u00e1\u0161","bio":"Makl\u00e9r. P\u016fsob\u00edm v Leviciach a okol\u00ed.\n\nP\u016fsobnost: Levice","nationality":"SK","languages":["cs","sk"],"service_areas":[],"card_style":null,"card_palette":null,"avatar_url":"https:\/\/cdn.assetlog.ai\/avatars\/16\/avatar_max.webp?v=1786535213","avatar_thumb_url":"https:\/\/cdn.assetlog.ai\/avatars\/16\/avatar_small.webp?v=1786535213","reviews_count":0,"avg_rating":null,"seller_badge":"silver","can_calendar":true,"joined_at":"2026-06-07T07:44:40+00:00","primary_intent":null,"seeking":[],"public_assets_count":35,"public_prompts_count":0,"followers_count":0},"images":[{"id":132152,"max":"https:\/\/cdn.assetlog.ai\/assets\/157551\/bmw-rad-5-530d-xdrive-f10-at-190kw-a8-aj-na-splatky-protiucet_1_max.webp","medium":"https:\/\/cdn.assetlog.ai\/assets\/157551\/bmw-rad-5-530d-xdrive-f10-at-190kw-a8-aj-na-splatky-protiucet_1_medium.webp","small":"https:\/\/cdn.assetlog.ai\/assets\/157551\/bmw-rad-5-530d-xdrive-f10-at-190kw-a8-aj-na-splatky-protiucet_1_small.webp"},{"id":132153,"max":"https:\/\/cdn.assetlog.ai\/assets\/157551\/bmw-rad-5-530d-xdrive-f10-at-190kw-a8-aj-na-splatky-protiucet_2_max.webp","medium":"https:\/\/cdn.assetlog.ai\/assets\/157551\/bmw-rad-5-530d-xdrive-f10-at-190kw-a8-aj-na-splatky-protiucet_2_medium.webp","small":"https:\/\/cdn.assetlog.ai\/assets\/157551\/bmw-rad-5-530d-xdrive-f10-at-190kw-a8-aj-na-splatky-protiucet_2_small.webp"},{"id":132154,"max":"https:\/\/cdn.assetlog.ai\/assets\/157551\/bmw-rad-5-530d-xdrive-f10-at-190kw-a8-aj-na-splatky-protiucet_3_max.webp","medium":"https:\/\/cdn.assetlog.ai\/assets\/157551\/bmw-rad-5-530d-xdrive-f10-at-190kw-a8-aj-na-splatky-protiucet_3_medium.webp","small":"https:\/\/cdn.assetlog.ai\/assets\/157551\/bmw-rad-5-530d-xdrive-f10-at-190kw-a8-aj-na-splatky-protiucet_3_small.webp"},{"id":132155,"max":"https:\/\/cdn.assetlog.ai\/assets\/157551\/bmw-rad-5-530d-xdrive-f10-at-190kw-a8-aj-na-splatky-protiucet_4_max.webp","medium":"https:\/\/cdn.assetlog.ai\/assets\/157551\/bmw-rad-5-530d-xdrive-f10-at-190kw-a8-aj-na-splatky-protiucet_4_medium.webp","small":"https:\/\/cdn.assetlog.ai\/assets\/157551\/bmw-rad-5-530d-xdrive-f10-at-190kw-a8-aj-na-splatky-protiucet_4_small.webp"},{"id":132156,"max":"https:\/\/cdn.assetlog.ai\/assets\/157551\/bmw-rad-5-530d-xdrive-f10-at-190kw-a8-aj-na-splatky-protiucet_5_max.webp","medium":"https:\/\/cdn.assetlog.ai\/assets\/157551\/bmw-rad-5-530d-xdrive-f10-at-190kw-a8-aj-na-splatky-protiucet_5_medium.webp","small":"https:\/\/cdn.assetlog.ai\/assets\/157551\/bmw-rad-5-530d-xdrive-f10-at-190kw-a8-aj-na-splatky-protiucet_5_small.webp"},{"id":132157,"max":"https:\/\/cdn.assetlog.ai\/assets\/157551\/bmw-rad-5-530d-xdrive-f10-at-190kw-a8-aj-na-splatky-protiucet_6_max.webp","medium":"https:\/\/cdn.assetlog.ai\/assets\/157551\/bmw-rad-5-530d-xdrive-f10-at-190kw-a8-aj-na-splatky-protiucet_6_medium.webp","small":"https:\/\/cdn.assetlog.ai\/assets\/157551\/bmw-rad-5-530d-xdrive-f10-at-190kw-a8-aj-na-splatky-protiucet_6_small.webp"},{"id":132158,"max":"https:\/\/cdn.assetlog.ai\/assets\/157551\/bmw-rad-5-530d-xdrive-f10-at-190kw-a8-aj-na-splatky-protiucet_7_max.webp","medium":"https:\/\/cdn.assetlog.ai\/assets\/157551\/bmw-rad-5-530d-xdrive-f10-at-190kw-a8-aj-na-splatky-protiucet_7_medium.webp","small":"https:\/\/cdn.assetlog.ai\/assets\/157551\/bmw-rad-5-530d-xdrive-f10-at-190kw-a8-aj-na-splatky-protiucet_7_small.webp"},{"id":132159,"max":"https:\/\/cdn.assetlog.ai\/assets\/157551\/bmw-rad-5-530d-xdrive-f10-at-190kw-a8-aj-na-splatky-protiucet_8_max.webp","medium":"https:\/\/cdn.assetlog.ai\/assets\/157551\/bmw-rad-5-530d-xdrive-f10-at-190kw-a8-aj-na-splatky-protiucet_8_medium.webp","small":"https:\/\/cdn.assetlog.ai\/assets\/157551\/bmw-rad-5-530d-xdrive-f10-at-190kw-a8-aj-na-splatky-protiucet_8_small.webp"},{"id":132160,"max":"https:\/\/cdn.assetlog.ai\/assets\/157551\/bmw-rad-5-530d-xdrive-f10-at-190kw-a8-aj-na-splatky-protiucet_9_max.webp","medium":"https:\/\/cdn.assetlog.ai\/assets\/157551\/bmw-rad-5-530d-xdrive-f10-at-190kw-a8-aj-na-splatky-protiucet_9_medium.webp","small":"https:\/\/cdn.assetlog.ai\/assets\/157551\/bmw-rad-5-530d-xdrive-f10-at-190kw-a8-aj-na-splatky-protiucet_9_small.webp"},{"id":132161,"max":"https:\/\/cdn.assetlog.ai\/assets\/157551\/bmw-rad-5-530d-xdrive-f10-at-190kw-a8-aj-na-splatky-protiucet_10_max.webp","medium":"https:\/\/cdn.assetlog.ai\/assets\/157551\/bmw-rad-5-530d-xdrive-f10-at-190kw-a8-aj-na-splatky-protiucet_10_medium.webp","small":"https:\/\/cdn.assetlog.ai\/assets\/157551\/bmw-rad-5-530d-xdrive-f10-at-190kw-a8-aj-na-splatky-protiucet_10_small.webp"},{"id":132162,"max":"https:\/\/cdn.assetlog.ai\/assets\/157551\/bmw-rad-5-530d-xdrive-f10-at-190kw-a8-aj-na-splatky-protiucet_11_max.webp","medium":"https:\/\/cdn.assetlog.ai\/assets\/157551\/bmw-rad-5-530d-xdrive-f10-at-190kw-a8-aj-na-splatky-protiucet_11_medium.webp","small":"https:\/\/cdn.assetlog.ai\/assets\/157551\/bmw-rad-5-530d-xdrive-f10-at-190kw-a8-aj-na-splatky-protiucet_11_small.webp"},{"id":132163,"max":"https:\/\/cdn.assetlog.ai\/assets\/157551\/bmw-rad-5-530d-xdrive-f10-at-190kw-a8-aj-na-splatky-protiucet_12_max.webp","medium":"https:\/\/cdn.assetlog.ai\/assets\/157551\/bmw-rad-5-530d-xdrive-f10-at-190kw-a8-aj-na-splatky-protiucet_12_medium.webp","small":"https:\/\/cdn.assetlog.ai\/assets\/157551\/bmw-rad-5-530d-xdrive-f10-at-190kw-a8-aj-na-splatky-protiucet_12_small.webp"},{"id":132164,"max":"https:\/\/cdn.assetlog.ai\/assets\/157551\/bmw-rad-5-530d-xdrive-f10-at-190kw-a8-aj-na-splatky-protiucet_13_max.webp","medium":"https:\/\/cdn.assetlog.ai\/assets\/157551\/bmw-rad-5-530d-xdrive-f10-at-190kw-a8-aj-na-splatky-protiucet_13_medium.webp","small":"https:\/\/cdn.assetlog.ai\/assets\/157551\/bmw-rad-5-530d-xdrive-f10-at-190kw-a8-aj-na-splatky-protiucet_13_small.webp"},{"id":132165,"max":"https:\/\/cdn.assetlog.ai\/assets\/157551\/bmw-rad-5-530d-xdrive-f10-at-190kw-a8-aj-na-splatky-protiucet_14_max.webp","medium":"https:\/\/cdn.assetlog.ai\/assets\/157551\/bmw-rad-5-530d-xdrive-f10-at-190kw-a8-aj-na-splatky-protiucet_14_medium.webp","small":"https:\/\/cdn.assetlog.ai\/assets\/157551\/bmw-rad-5-530d-xdrive-f10-at-190kw-a8-aj-na-splatky-protiucet_14_small.webp"},{"id":132166,"max":"https:\/\/cdn.assetlog.ai\/assets\/157551\/bmw-rad-5-530d-xdrive-f10-at-190kw-a8-aj-na-splatky-protiucet_15_max.webp","medium":"https:\/\/cdn.assetlog.ai\/assets\/157551\/bmw-rad-5-530d-xdrive-f10-at-190kw-a8-aj-na-splatky-protiucet_15_medium.webp","small":"https:\/\/cdn.assetlog.ai\/assets\/157551\/bmw-rad-5-530d-xdrive-f10-at-190kw-a8-aj-na-splatky-protiucet_15_small.webp"},{"id":132167,"max":"https:\/\/cdn.assetlog.ai\/assets\/157551\/bmw-rad-5-530d-xdrive-f10-at-190kw-a8-aj-na-splatky-protiucet_16_max.webp","medium":"https:\/\/cdn.assetlog.ai\/assets\/157551\/bmw-rad-5-530d-xdrive-f10-at-190kw-a8-aj-na-splatky-protiucet_16_medium.webp","small":"https:\/\/cdn.assetlog.ai\/assets\/157551\/bmw-rad-5-530d-xdrive-f10-at-190kw-a8-aj-na-splatky-protiucet_16_small.webp"},{"id":132168,"max":"https:\/\/cdn.assetlog.ai\/assets\/157551\/bmw-rad-5-530d-xdrive-f10-at-190kw-a8-aj-na-splatky-protiucet_17_max.webp","medium":"https:\/\/cdn.assetlog.ai\/assets\/157551\/bmw-rad-5-530d-xdrive-f10-at-190kw-a8-aj-na-splatky-protiucet_17_medium.webp","small":"https:\/\/cdn.assetlog.ai\/assets\/157551\/bmw-rad-5-530d-xdrive-f10-at-190kw-a8-aj-na-splatky-protiucet_17_small.webp"},{"id":132169,"max":"https:\/\/cdn.assetlog.ai\/assets\/157551\/bmw-rad-5-530d-xdrive-f10-at-190kw-a8-aj-na-splatky-protiucet_18_max.webp","medium":"https:\/\/cdn.assetlog.ai\/assets\/157551\/bmw-rad-5-530d-xdrive-f10-at-190kw-a8-aj-na-splatky-protiucet_18_medium.webp","small":"https:\/\/cdn.assetlog.ai\/assets\/157551\/bmw-rad-5-530d-xdrive-f10-at-190kw-a8-aj-na-splatky-protiucet_18_small.webp"},{"id":132170,"max":"https:\/\/cdn.assetlog.ai\/assets\/157551\/bmw-rad-5-530d-xdrive-f10-at-190kw-a8-aj-na-splatky-protiucet_19_max.webp","medium":"https:\/\/cdn.assetlog.ai\/assets\/157551\/bmw-rad-5-530d-xdrive-f10-at-190kw-a8-aj-na-splatky-protiucet_19_medium.webp","small":"https:\/\/cdn.assetlog.ai\/assets\/157551\/bmw-rad-5-530d-xdrive-f10-at-190kw-a8-aj-na-splatky-protiucet_19_small.webp"},{"id":132171,"max":"https:\/\/cdn.assetlog.ai\/assets\/157551\/bmw-rad-5-530d-xdrive-f10-at-190kw-a8-aj-na-splatky-protiucet_20_max.webp","medium":"https:\/\/cdn.assetlog.ai\/assets\/157551\/bmw-rad-5-530d-xdrive-f10-at-190kw-a8-aj-na-splatky-protiucet_20_medium.webp","small":"https:\/\/cdn.assetlog.ai\/assets\/157551\/bmw-rad-5-530d-xdrive-f10-at-190kw-a8-aj-na-splatky-protiucet_20_small.webp"},{"id":132172,"max":"https:\/\/cdn.assetlog.ai\/assets\/157551\/bmw-rad-5-530d-xdrive-f10-at-190kw-a8-aj-na-splatky-protiucet_21_max.webp","medium":"https:\/\/cdn.assetlog.ai\/assets\/157551\/bmw-rad-5-530d-xdrive-f10-at-190kw-a8-aj-na-splatky-protiucet_21_medium.webp","small":"https:\/\/cdn.assetlog.ai\/assets\/157551\/bmw-rad-5-530d-xdrive-f10-at-190kw-a8-aj-na-splatky-protiucet_21_small.webp"},{"id":132173,"max":"https:\/\/cdn.assetlog.ai\/assets\/157551\/bmw-rad-5-530d-xdrive-f10-at-190kw-a8-aj-na-splatky-protiucet_22_max.webp","medium":"https:\/\/cdn.assetlog.ai\/assets\/157551\/bmw-rad-5-530d-xdrive-f10-at-190kw-a8-aj-na-splatky-protiucet_22_medium.webp","small":"https:\/\/cdn.assetlog.ai\/assets\/157551\/bmw-rad-5-530d-xdrive-f10-at-190kw-a8-aj-na-splatky-protiucet_22_small.webp"},{"id":132174,"max":"https:\/\/cdn.assetlog.ai\/assets\/157551\/bmw-rad-5-530d-xdrive-f10-at-190kw-a8-aj-na-splatky-protiucet_23_max.webp","medium":"https:\/\/cdn.assetlog.ai\/assets\/157551\/bmw-rad-5-530d-xdrive-f10-at-190kw-a8-aj-na-splatky-protiucet_23_medium.webp","small":"https:\/\/cdn.assetlog.ai\/assets\/157551\/bmw-rad-5-530d-xdrive-f10-at-190kw-a8-aj-na-splatky-protiucet_23_small.webp"},{"id":132175,"max":"https:\/\/cdn.assetlog.ai\/assets\/157551\/bmw-rad-5-530d-xdrive-f10-at-190kw-a8-aj-na-splatky-protiucet_24_max.webp","medium":"https:\/\/cdn.assetlog.ai\/assets\/157551\/bmw-rad-5-530d-xdrive-f10-at-190kw-a8-aj-na-splatky-protiucet_24_medium.webp","small":"https:\/\/cdn.assetlog.ai\/assets\/157551\/bmw-rad-5-530d-xdrive-f10-at-190kw-a8-aj-na-splatky-protiucet_24_small.webp"},{"id":132176,"max":"https:\/\/cdn.assetlog.ai\/assets\/157551\/bmw-rad-5-530d-xdrive-f10-at-190kw-a8-aj-na-splatky-protiucet_25_max.webp","medium":"https:\/\/cdn.assetlog.ai\/assets\/157551\/bmw-rad-5-530d-xdrive-f10-at-190kw-a8-aj-na-splatky-protiucet_25_medium.webp","small":"https:\/\/cdn.assetlog.ai\/assets\/157551\/bmw-rad-5-530d-xdrive-f10-at-190kw-a8-aj-na-splatky-protiucet_25_small.webp"},{"id":132177,"max":"https:\/\/cdn.assetlog.ai\/assets\/157551\/bmw-rad-5-530d-xdrive-f10-at-190kw-a8-aj-na-splatky-protiucet_26_max.webp","medium":"https:\/\/cdn.assetlog.ai\/assets\/157551\/bmw-rad-5-530d-xdrive-f10-at-190kw-a8-aj-na-splatky-protiucet_26_medium.webp","small":"https:\/\/cdn.assetlog.ai\/assets\/157551\/bmw-rad-5-530d-xdrive-f10-at-190kw-a8-aj-na-splatky-protiucet_26_small.webp"},{"id":132178,"max":"https:\/\/cdn.assetlog.ai\/assets\/157551\/bmw-rad-5-530d-xdrive-f10-at-190kw-a8-aj-na-splatky-protiucet_27_max.webp","medium":"https:\/\/cdn.assetlog.ai\/assets\/157551\/bmw-rad-5-530d-xdrive-f10-at-190kw-a8-aj-na-splatky-protiucet_27_medium.webp","small":"https:\/\/cdn.assetlog.ai\/assets\/157551\/bmw-rad-5-530d-xdrive-f10-at-190kw-a8-aj-na-splatky-protiucet_27_small.webp"},{"id":132179,"max":"https:\/\/cdn.assetlog.ai\/assets\/157551\/bmw-rad-5-530d-xdrive-f10-at-190kw-a8-aj-na-splatky-protiucet_28_max.webp","medium":"https:\/\/cdn.assetlog.ai\/assets\/157551\/bmw-rad-5-530d-xdrive-f10-at-190kw-a8-aj-na-splatky-protiucet_28_medium.webp","small":"https:\/\/cdn.assetlog.ai\/assets\/157551\/bmw-rad-5-530d-xdrive-f10-at-190kw-a8-aj-na-splatky-protiucet_28_small.webp"},{"id":132180,"max":"https:\/\/cdn.assetlog.ai\/assets\/157551\/bmw-rad-5-530d-xdrive-f10-at-190kw-a8-aj-na-splatky-protiucet_29_max.webp","medium":"https:\/\/cdn.assetlog.ai\/assets\/157551\/bmw-rad-5-530d-xdrive-f10-at-190kw-a8-aj-na-splatky-protiucet_29_medium.webp","small":"https:\/\/cdn.assetlog.ai\/assets\/157551\/bmw-rad-5-530d-xdrive-f10-at-190kw-a8-aj-na-splatky-protiucet_29_small.webp"},{"id":132181,"max":"https:\/\/cdn.assetlog.ai\/assets\/157551\/bmw-rad-5-530d-xdrive-f10-at-190kw-a8-aj-na-splatky-protiucet_30_max.webp","medium":"https:\/\/cdn.assetlog.ai\/assets\/157551\/bmw-rad-5-530d-xdrive-f10-at-190kw-a8-aj-na-splatky-protiucet_30_medium.webp","small":"https:\/\/cdn.assetlog.ai\/assets\/157551\/bmw-rad-5-530d-xdrive-f10-at-190kw-a8-aj-na-splatky-protiucet_30_small.webp"},{"id":132182,"max":"https:\/\/cdn.assetlog.ai\/assets\/157551\/bmw-rad-5-530d-xdrive-f10-at-190kw-a8-aj-na-splatky-protiucet_31_max.webp","medium":"https:\/\/cdn.assetlog.ai\/assets\/157551\/bmw-rad-5-530d-xdrive-f10-at-190kw-a8-aj-na-splatky-protiucet_31_medium.webp","small":"https:\/\/cdn.assetlog.ai\/assets\/157551\/bmw-rad-5-530d-xdrive-f10-at-190kw-a8-aj-na-splatky-protiucet_31_small.webp"},{"id":132183,"max":"https:\/\/cdn.assetlog.ai\/assets\/157551\/bmw-rad-5-530d-xdrive-f10-at-190kw-a8-aj-na-splatky-protiucet_32_max.webp","medium":"https:\/\/cdn.assetlog.ai\/assets\/157551\/bmw-rad-5-530d-xdrive-f10-at-190kw-a8-aj-na-splatky-protiucet_32_medium.webp","small":"https:\/\/cdn.assetlog.ai\/assets\/157551\/bmw-rad-5-530d-xdrive-f10-at-190kw-a8-aj-na-splatky-protiucet_32_small.webp"},{"id":132184,"max":"https:\/\/cdn.assetlog.ai\/assets\/157551\/bmw-rad-5-530d-xdrive-f10-at-190kw-a8-aj-na-splatky-protiucet_33_max.webp","medium":"https:\/\/cdn.assetlog.ai\/assets\/157551\/bmw-rad-5-530d-xdrive-f10-at-190kw-a8-aj-na-splatky-protiucet_33_medium.webp","small":"https:\/\/cdn.assetlog.ai\/assets\/157551\/bmw-rad-5-530d-xdrive-f10-at-190kw-a8-aj-na-splatky-protiucet_33_small.webp"},{"id":132185,"max":"https:\/\/cdn.assetlog.ai\/assets\/157551\/bmw-rad-5-530d-xdrive-f10-at-190kw-a8-aj-na-splatky-protiucet_34_max.webp","medium":"https:\/\/cdn.assetlog.ai\/assets\/157551\/bmw-rad-5-530d-xdrive-f10-at-190kw-a8-aj-na-splatky-protiucet_34_medium.webp","small":"https:\/\/cdn.assetlog.ai\/assets\/157551\/bmw-rad-5-530d-xdrive-f10-at-190kw-a8-aj-na-splatky-protiucet_34_small.webp"},{"id":132186,"max":"https:\/\/cdn.assetlog.ai\/assets\/157551\/bmw-rad-5-530d-xdrive-f10-at-190kw-a8-aj-na-splatky-protiucet_35_max.webp","medium":"https:\/\/cdn.assetlog.ai\/assets\/157551\/bmw-rad-5-530d-xdrive-f10-at-190kw-a8-aj-na-splatky-protiucet_35_medium.webp","small":"https:\/\/cdn.assetlog.ai\/assets\/157551\/bmw-rad-5-530d-xdrive-f10-at-190kw-a8-aj-na-splatky-protiucet_35_small.webp"},{"id":132187,"max":"https:\/\/cdn.assetlog.ai\/assets\/157551\/bmw-rad-5-530d-xdrive-f10-at-190kw-a8-aj-na-splatky-protiucet_36_max.webp","medium":"https:\/\/cdn.assetlog.ai\/assets\/157551\/bmw-rad-5-530d-xdrive-f10-at-190kw-a8-aj-na-splatky-protiucet_36_medium.webp","small":"https:\/\/cdn.assetlog.ai\/assets\/157551\/bmw-rad-5-530d-xdrive-f10-at-190kw-a8-aj-na-splatky-protiucet_36_small.webp"},{"id":132188,"max":"https:\/\/cdn.assetlog.ai\/assets\/157551\/bmw-rad-5-530d-xdrive-f10-at-190kw-a8-aj-na-splatky-protiucet_37_max.webp","medium":"https:\/\/cdn.assetlog.ai\/assets\/157551\/bmw-rad-5-530d-xdrive-f10-at-190kw-a8-aj-na-splatky-protiucet_37_medium.webp","small":"https:\/\/cdn.assetlog.ai\/assets\/157551\/bmw-rad-5-530d-xdrive-f10-at-190kw-a8-aj-na-splatky-protiucet_37_small.webp"},{"id":132189,"max":"https:\/\/cdn.assetlog.ai\/assets\/157551\/bmw-rad-5-530d-xdrive-f10-at-190kw-a8-aj-na-splatky-protiucet_38_max.webp","medium":"https:\/\/cdn.assetlog.ai\/assets\/157551\/bmw-rad-5-530d-xdrive-f10-at-190kw-a8-aj-na-splatky-protiucet_38_medium.webp","small":"https:\/\/cdn.assetlog.ai\/assets\/157551\/bmw-rad-5-530d-xdrive-f10-at-190kw-a8-aj-na-splatky-protiucet_38_small.webp"},{"id":132190,"max":"https:\/\/cdn.assetlog.ai\/assets\/157551\/bmw-rad-5-530d-xdrive-f10-at-190kw-a8-aj-na-splatky-protiucet_39_max.webp","medium":"https:\/\/cdn.assetlog.ai\/assets\/157551\/bmw-rad-5-530d-xdrive-f10-at-190kw-a8-aj-na-splatky-protiucet_39_medium.webp","small":"https:\/\/cdn.assetlog.ai\/assets\/157551\/bmw-rad-5-530d-xdrive-f10-at-190kw-a8-aj-na-splatky-protiucet_39_small.webp"},{"id":132191,"max":"https:\/\/cdn.assetlog.ai\/assets\/157551\/bmw-rad-5-530d-xdrive-f10-at-190kw-a8-aj-na-splatky-protiucet_40_max.webp","medium":"https:\/\/cdn.assetlog.ai\/assets\/157551\/bmw-rad-5-530d-xdrive-f10-at-190kw-a8-aj-na-splatky-protiucet_40_medium.webp","small":"https:\/\/cdn.assetlog.ai\/assets\/157551\/bmw-rad-5-530d-xdrive-f10-at-190kw-a8-aj-na-splatky-protiucet_40_small.webp"}],"published_at":null,"expires_at":null,"created_at":"2026-08-18T03:45:14+00:00","updated_at":"2026-09-01T03:40:41+00:00"}}