{"data":{"id":643,"slug":"bmw-rad-5-touring-520d-g31-140kw-xdrive-at8-2019-aj-na-splatky-protiucet","type":"vehicle","title":"BMW Series 5 Touring 520d G31 140kw xDrive AT\/8 2019 \/ AVAILABLE FOR INSTALLMENTS \/ TRADE-IN","description":"Commission sale - you buy the vehicle directly from the owner.\n\nFor sale 2019 BMW 520d Touring G31 xDrive - a comfortable and very easy-to-handle estate car with all-wheel drive, offering an ideal combination of an economical diesel engine, xDrive security and first-class craftsmanship typical of BMW.\n\nThe vehicle is regularly serviced exclusively at an authorized BMW service center, which guarantees proper maintenance and long-term reliability. The car is in good technical and visual condition, reasonably used and ready for many more problem-free kilometers.\n\nThe G31 model is known for its very comfortable suspension, excellent driving characteristics and practical interior with large luggage space, making it ideal as both a family and executive car for long journeys.\n\nThe vehicle has undergone paint thickness measurement and retention record verification.\nODO-PASS and AUTO-PASS are available and will be provided upon inspection.\n\nOption of favorable financing - down payment from 0%, installments up to 96 months\nExtended warranty up to 12 - 36 months\nWe can accept your old car as a trade-in\n\nThe vehicle is located in \u0160t\u00farovo - if you are seriously interested, we offer the option of delivering the car to your home.\n+421 917 172 833 - call NONSTOP registration number: AA621LK. Registration valid until: 2026-07-24.\n\nTechnical Specifications\n\nManufacture date: 02\/19, 1995cc, 140kW (190HP), Vehicle generation: , Drive: 4x4, Automatic transmission (8-speed), Diesel, EURO 6, 5-door, (5-seater), 168,724km, Gray metallic, VIN WBAJP51070BV48316\n\nVehicle Consumption (l\/100km)\n\nCity: 5.9, Out of city: 4.9, Combined: 5.3\n\nService book, Manufactured in EU, VAT deduction possible, TOP condition","language":"cs","is_translated":true,"title_original":"BMW Rad 5 Touring 520d G31 140kw xDrive AT\/8 2019 \/ AJ NA SPL\u00c1TKY \/ PROTI\u00da\u010cET","description_original":"Komisn\u00ed prodej - vozidlo kupujete p\u0159\u00edmo od majitele.\n\nNa prodej 2019 BMW 520d Touring G31 xDrive - komfortn\u00ed a velmi dob\u0159e ovladateln\u00e9 kombi s pohonem v\u0161ech kol, kter\u00e9 nab\u00edz\u00ed ide\u00e1ln\u00ed kombinaci \u00fasporn\u00e9ho vzn\u011btov\u00e9ho motoru, jistoty pohonu xDrive a prvot\u0159\u00eddn\u00edho zpracov\u00e1n\u00ed typick\u00e9ho pro BMW.\n\nVozidlo je pravideln\u011b servisov\u00e1no v\u00fdhradn\u011b v autorizovan\u00e9m servisu BMW, co\u017e zaru\u010duje \u0159\u00e1dnou \u00fadr\u017ebu a dlouhodobou spolehlivost. V\u016fz je v dobr\u00e9m technick\u00e9m i optick\u00e9m stavu, je rozumn\u011b pou\u017e\u00edv\u00e1n a p\u0159ipraven na dal\u0161\u00ed bezprobl\u00e9mov\u00e9 kilometry.\n\nModel G31 je zn\u00e1m\u00fd sv\u00fdm velmi pohodln\u00fdm podvozkem, vynikaj\u00edc\u00edmi j\u00edzdn\u00edmi vlastnostmi a praktick\u00fdm interi\u00e9rem s velk\u00fdm zavazadlov\u00fdm prostorem, tak\u017ee je ide\u00e1ln\u00ed jako rodinn\u00e9 i reprezentativn\u00ed vozidlo na dlouh\u00e9 cesty.\n\nVozidlo pro\u0161lo m\u011b\u0159en\u00edm laku a kontrolou z\u00e1znam\u016f o zadr\u017een\u00ed.\nODO-PASS i AUTO-PASS jsou k dispozici a budou poskytnuty p\u0159i prohl\u00eddce.\n\nMo\u017enost v\u00fdhodn\u00e9ho financov\u00e1n\u00ed - akontace od 0 %, spl\u00e1tky a\u017e 96 m\u011bs\u00edc\u016f\nProdlou\u017een\u00e1 z\u00e1ruka a\u017e na 12 - 36 m\u011bs\u00edc\u016f\nV\u00e1\u0161 star\u00fd v\u016fz m\u016f\u017eeme p\u0159evz\u00edt na opl\u00e1tku\n\nV\u016fz se nach\u00e1z\u00ed ve \u0160t\u00farov\u011b - v p\u0159\u00edpad\u011b v\u00e1\u017en\u00e9ho z\u00e1jmu nab\u00edz\u00edme mo\u017enost p\u0159istaven\u00ed vozu k v\u00e1m dom\u016f.\n+421 917 172 833 - volejte NONSTOP registra\u010dn\u00ed zna\u010dka: AA621LK. EK platn\u00e1 do: 2026-07-24.\n\nTechnick\u00e9 \u00fadaje\n\nv.v.: 02\/19, 1995cm\u00b3, 140kW (190PS), Generace vozidla: , Pohon: 4\u00d74, Automatick\u00e1 p\u0159evodovka (8 st.), Diesel, EURO 6, 5 dv., (5-m\u00edstn\u00fd), 168 724km, \u0160ed\u00e1 metal\u00edza, VIN WBAJP51070BV48316\n\nSpot\u0159eba vozidla (l\/100km)\n\nVe m\u011bst\u011b: 5.9, mimo m\u011bsto: 4.9, kombinovan\u00e1: 5.3\n\nServisn\u00ed kn\u00ed\u017eka, Vyroben\u00e9 v EU, Mo\u017en\u00fd odpo\u010det DPH, TOP stav","price":"435178.00","currency":"CZK","status":"active","noindex":true,"location":{"address":null,"full_address":null,"city":"\u0160t\u00farovo","country":"SK","latitude":47.7978002,"longitude":18.7158785},"metadata":{"vin":"WBAJP51070BV48316","fuel":"diesel","year":2019,"brand":"BMW","color":"Grey","doors":5,"drive":"AWD \/ 4x4","model":"rad 5 Touring","seats":5,"region":"Nitriansky kraj","mileage":168724,"emisions":"6","features":["Alarm","6x airbag","EBD\/EBV","Posilova\u010d \u0159\u00edzen\u00ed","ABS","ESP","DSC\/DTC","Brzdov\u00fd asistent (EBA, BAS)","ISOFIX na zadn\u00edch sedadlech","Deaktivace airbagu spolujezdce","Nat\u00e1\u010dec\u00ed sv\u011btlomety","Senzor tlaku","Kotou\u010dov\u00e9 brzdy","EBS","Sledov\u00e1n\u00ed \u00fanavy \u0159idi\u010de","T\u00eds\u0148ov\u00e9 vol\u00e1n\u00ed","Asistent d\u00e1lkov\u00fdch sv\u011btel (HBA)","Centr\u00e1ln\u00ed zamyk\u00e1n\u00ed","Zadn\u00ed el. stahovateln\u00e1 okna","El. nastaviteln\u00e1 p\u0159edn\u00ed sedadla","Elektricky nastaviteln\u00e1 zp\u011btn\u00e1 zrc\u00e1tka","Automatick\u00e1 2-z\u00f3nov\u00e1 klimatizace","Centr\u00e1ln\u00ed zamyk\u00e1n\u00ed na d\u00e1lkov\u00e9 ovl\u00e1d\u00e1n\u00ed","Autor\u00e1dio","Nez\u00e1visl\u00e9 topen\u00ed","Multifunk\u010dn\u00ed volant","Loketn\u00ed op\u011brka vp\u0159edu","Start\/Stop syst\u00e9m","Venkovn\u00ed teplom\u011br","Welcome light","Lit\u00e1 kola","Imobiliz\u00e9r","Palubn\u00ed po\u010d\u00edta\u010d","Navigace","Automatick\u00e9 parkov\u00e1n\u00ed","St\u0159e\u0161n\u00ed nosi\u010d","Tempomat","Ko\u017een\u00fd interi\u00e9r","Vyh\u0159\u00edvan\u00e1 sedadla","Elektricky vyh\u0159\u00edvan\u00e1 zp\u011btn\u00e1 zrc\u00e1tka","Senzor st\u011bra\u010d\u016f","Sv\u011bteln\u00fd senzor","Parkovac\u00ed kamera","P\u0159edn\u00ed a zadn\u00ed parkovac\u00ed senzory","Bezkl\u00ed\u010dov\u00fd vstup","El. ovl\u00e1dan\u00fd kufr","Elektrick\u00e9 dov\u00edr\u00e1n\u00ed zavazadlov\u00e9ho prostoru","Bluetooth","Denn\u00ed sv\u00edcen\u00ed","LED sv\u011btlomety","Pam\u011b\u0165 nastaven\u00ed sedadla \u0159idi\u010de","Ambientn\u00ed LED osv\u011btlen\u00ed interi\u00e9ru","Serv. kni\u017eka","Vyroben\u00e9 v EU","Mo\u017en\u00fd odpo\u010det DPH","TOP stav!","Mechanick\u00e9 zabezpe\u010den\u00ed","Adaptivn\u00ed podvozek","Ko\u017een\u00fd paket","Odo-pass","Asistent rozjezdu do kopce"],"power_kw":140,"body_type":"Estate","condition":"Used","transmission":"automatic","vat_deductible":true,"consumption_city":5.9,"translation_hash":"024bb8f032bc855ce36ad4e78f937dee9074f78f","vehicle_category":"car","engine_volume_cm3":1995,"first_registration":"2019-02-01","translation_status":"done","consumption_highway":4.9,"consumption_combined":5.3},"user_id":28,"is_sponsored":false,"views_count":39,"ai_views_count":7,"ai_vendor_counts":{"openai":4,"anthropic":2,"microsoft":1},"visibility":"public","submission_source":null,"submission_ai_name":null,"has_owner_email":true,"can_contact_owner":true,"phone":"0917 172 833","owner_email":"kadek@autorro.sk","user":{"id":28,"slug":"daniel-kadek-28","name":"Daniel K\u00e1dek","bio":"Makl\u00e9r. P\u016fsob\u00edm v Kom\u00e1rne, Nov\u00fdch Z\u00e1mkoch a okol\u00ed.\n\nP\u016fsobnost: Kom\u00e1rno, Dunajsk\u00e1 Streda","nationality":"SK","languages":["cs","sk"],"service_areas":[],"card_style":null,"card_palette":null,"avatar_url":"https:\/\/cdn.assetlog.ai\/avatars\/28\/avatar_max.webp?v=1786535213","avatar_thumb_url":"https:\/\/cdn.assetlog.ai\/avatars\/28\/avatar_small.webp?v=1786535213","reviews_count":0,"avg_rating":null,"seller_badge":"silver","can_calendar":true,"joined_at":"2026-06-07T07:44:46+00:00","primary_intent":null,"seeking":[],"public_assets_count":66,"public_prompts_count":0,"followers_count":0},"images":[{"id":21326,"max":"https:\/\/cdn.assetlog.ai\/assets\/643\/bmw-rad-5-touring-520d-g31-140kw-xdrive-at8-2019-aj-na-splatky-protiucet_1_max.webp","medium":"https:\/\/cdn.assetlog.ai\/assets\/643\/bmw-rad-5-touring-520d-g31-140kw-xdrive-at8-2019-aj-na-splatky-protiucet_1_medium.webp","small":"https:\/\/cdn.assetlog.ai\/assets\/643\/bmw-rad-5-touring-520d-g31-140kw-xdrive-at8-2019-aj-na-splatky-protiucet_1_small.webp"},{"id":21327,"max":"https:\/\/cdn.assetlog.ai\/assets\/643\/bmw-rad-5-touring-520d-g31-140kw-xdrive-at8-2019-aj-na-splatky-protiucet_2_max.webp","medium":"https:\/\/cdn.assetlog.ai\/assets\/643\/bmw-rad-5-touring-520d-g31-140kw-xdrive-at8-2019-aj-na-splatky-protiucet_2_medium.webp","small":"https:\/\/cdn.assetlog.ai\/assets\/643\/bmw-rad-5-touring-520d-g31-140kw-xdrive-at8-2019-aj-na-splatky-protiucet_2_small.webp"},{"id":21328,"max":"https:\/\/cdn.assetlog.ai\/assets\/643\/bmw-rad-5-touring-520d-g31-140kw-xdrive-at8-2019-aj-na-splatky-protiucet_3_max.webp","medium":"https:\/\/cdn.assetlog.ai\/assets\/643\/bmw-rad-5-touring-520d-g31-140kw-xdrive-at8-2019-aj-na-splatky-protiucet_3_medium.webp","small":"https:\/\/cdn.assetlog.ai\/assets\/643\/bmw-rad-5-touring-520d-g31-140kw-xdrive-at8-2019-aj-na-splatky-protiucet_3_small.webp"},{"id":21329,"max":"https:\/\/cdn.assetlog.ai\/assets\/643\/bmw-rad-5-touring-520d-g31-140kw-xdrive-at8-2019-aj-na-splatky-protiucet_4_max.webp","medium":"https:\/\/cdn.assetlog.ai\/assets\/643\/bmw-rad-5-touring-520d-g31-140kw-xdrive-at8-2019-aj-na-splatky-protiucet_4_medium.webp","small":"https:\/\/cdn.assetlog.ai\/assets\/643\/bmw-rad-5-touring-520d-g31-140kw-xdrive-at8-2019-aj-na-splatky-protiucet_4_small.webp"},{"id":21330,"max":"https:\/\/cdn.assetlog.ai\/assets\/643\/bmw-rad-5-touring-520d-g31-140kw-xdrive-at8-2019-aj-na-splatky-protiucet_5_max.webp","medium":"https:\/\/cdn.assetlog.ai\/assets\/643\/bmw-rad-5-touring-520d-g31-140kw-xdrive-at8-2019-aj-na-splatky-protiucet_5_medium.webp","small":"https:\/\/cdn.assetlog.ai\/assets\/643\/bmw-rad-5-touring-520d-g31-140kw-xdrive-at8-2019-aj-na-splatky-protiucet_5_small.webp"},{"id":21331,"max":"https:\/\/cdn.assetlog.ai\/assets\/643\/bmw-rad-5-touring-520d-g31-140kw-xdrive-at8-2019-aj-na-splatky-protiucet_6_max.webp","medium":"https:\/\/cdn.assetlog.ai\/assets\/643\/bmw-rad-5-touring-520d-g31-140kw-xdrive-at8-2019-aj-na-splatky-protiucet_6_medium.webp","small":"https:\/\/cdn.assetlog.ai\/assets\/643\/bmw-rad-5-touring-520d-g31-140kw-xdrive-at8-2019-aj-na-splatky-protiucet_6_small.webp"},{"id":21332,"max":"https:\/\/cdn.assetlog.ai\/assets\/643\/bmw-rad-5-touring-520d-g31-140kw-xdrive-at8-2019-aj-na-splatky-protiucet_7_max.webp","medium":"https:\/\/cdn.assetlog.ai\/assets\/643\/bmw-rad-5-touring-520d-g31-140kw-xdrive-at8-2019-aj-na-splatky-protiucet_7_medium.webp","small":"https:\/\/cdn.assetlog.ai\/assets\/643\/bmw-rad-5-touring-520d-g31-140kw-xdrive-at8-2019-aj-na-splatky-protiucet_7_small.webp"},{"id":21333,"max":"https:\/\/cdn.assetlog.ai\/assets\/643\/bmw-rad-5-touring-520d-g31-140kw-xdrive-at8-2019-aj-na-splatky-protiucet_8_max.webp","medium":"https:\/\/cdn.assetlog.ai\/assets\/643\/bmw-rad-5-touring-520d-g31-140kw-xdrive-at8-2019-aj-na-splatky-protiucet_8_medium.webp","small":"https:\/\/cdn.assetlog.ai\/assets\/643\/bmw-rad-5-touring-520d-g31-140kw-xdrive-at8-2019-aj-na-splatky-protiucet_8_small.webp"},{"id":21334,"max":"https:\/\/cdn.assetlog.ai\/assets\/643\/bmw-rad-5-touring-520d-g31-140kw-xdrive-at8-2019-aj-na-splatky-protiucet_9_max.webp","medium":"https:\/\/cdn.assetlog.ai\/assets\/643\/bmw-rad-5-touring-520d-g31-140kw-xdrive-at8-2019-aj-na-splatky-protiucet_9_medium.webp","small":"https:\/\/cdn.assetlog.ai\/assets\/643\/bmw-rad-5-touring-520d-g31-140kw-xdrive-at8-2019-aj-na-splatky-protiucet_9_small.webp"},{"id":21335,"max":"https:\/\/cdn.assetlog.ai\/assets\/643\/bmw-rad-5-touring-520d-g31-140kw-xdrive-at8-2019-aj-na-splatky-protiucet_10_max.webp","medium":"https:\/\/cdn.assetlog.ai\/assets\/643\/bmw-rad-5-touring-520d-g31-140kw-xdrive-at8-2019-aj-na-splatky-protiucet_10_medium.webp","small":"https:\/\/cdn.assetlog.ai\/assets\/643\/bmw-rad-5-touring-520d-g31-140kw-xdrive-at8-2019-aj-na-splatky-protiucet_10_small.webp"},{"id":21336,"max":"https:\/\/cdn.assetlog.ai\/assets\/643\/bmw-rad-5-touring-520d-g31-140kw-xdrive-at8-2019-aj-na-splatky-protiucet_11_max.webp","medium":"https:\/\/cdn.assetlog.ai\/assets\/643\/bmw-rad-5-touring-520d-g31-140kw-xdrive-at8-2019-aj-na-splatky-protiucet_11_medium.webp","small":"https:\/\/cdn.assetlog.ai\/assets\/643\/bmw-rad-5-touring-520d-g31-140kw-xdrive-at8-2019-aj-na-splatky-protiucet_11_small.webp"},{"id":21337,"max":"https:\/\/cdn.assetlog.ai\/assets\/643\/bmw-rad-5-touring-520d-g31-140kw-xdrive-at8-2019-aj-na-splatky-protiucet_12_max.webp","medium":"https:\/\/cdn.assetlog.ai\/assets\/643\/bmw-rad-5-touring-520d-g31-140kw-xdrive-at8-2019-aj-na-splatky-protiucet_12_medium.webp","small":"https:\/\/cdn.assetlog.ai\/assets\/643\/bmw-rad-5-touring-520d-g31-140kw-xdrive-at8-2019-aj-na-splatky-protiucet_12_small.webp"},{"id":21338,"max":"https:\/\/cdn.assetlog.ai\/assets\/643\/bmw-rad-5-touring-520d-g31-140kw-xdrive-at8-2019-aj-na-splatky-protiucet_13_max.webp","medium":"https:\/\/cdn.assetlog.ai\/assets\/643\/bmw-rad-5-touring-520d-g31-140kw-xdrive-at8-2019-aj-na-splatky-protiucet_13_medium.webp","small":"https:\/\/cdn.assetlog.ai\/assets\/643\/bmw-rad-5-touring-520d-g31-140kw-xdrive-at8-2019-aj-na-splatky-protiucet_13_small.webp"},{"id":21339,"max":"https:\/\/cdn.assetlog.ai\/assets\/643\/bmw-rad-5-touring-520d-g31-140kw-xdrive-at8-2019-aj-na-splatky-protiucet_14_max.webp","medium":"https:\/\/cdn.assetlog.ai\/assets\/643\/bmw-rad-5-touring-520d-g31-140kw-xdrive-at8-2019-aj-na-splatky-protiucet_14_medium.webp","small":"https:\/\/cdn.assetlog.ai\/assets\/643\/bmw-rad-5-touring-520d-g31-140kw-xdrive-at8-2019-aj-na-splatky-protiucet_14_small.webp"},{"id":21340,"max":"https:\/\/cdn.assetlog.ai\/assets\/643\/bmw-rad-5-touring-520d-g31-140kw-xdrive-at8-2019-aj-na-splatky-protiucet_15_max.webp","medium":"https:\/\/cdn.assetlog.ai\/assets\/643\/bmw-rad-5-touring-520d-g31-140kw-xdrive-at8-2019-aj-na-splatky-protiucet_15_medium.webp","small":"https:\/\/cdn.assetlog.ai\/assets\/643\/bmw-rad-5-touring-520d-g31-140kw-xdrive-at8-2019-aj-na-splatky-protiucet_15_small.webp"},{"id":21341,"max":"https:\/\/cdn.assetlog.ai\/assets\/643\/bmw-rad-5-touring-520d-g31-140kw-xdrive-at8-2019-aj-na-splatky-protiucet_16_max.webp","medium":"https:\/\/cdn.assetlog.ai\/assets\/643\/bmw-rad-5-touring-520d-g31-140kw-xdrive-at8-2019-aj-na-splatky-protiucet_16_medium.webp","small":"https:\/\/cdn.assetlog.ai\/assets\/643\/bmw-rad-5-touring-520d-g31-140kw-xdrive-at8-2019-aj-na-splatky-protiucet_16_small.webp"},{"id":21342,"max":"https:\/\/cdn.assetlog.ai\/assets\/643\/bmw-rad-5-touring-520d-g31-140kw-xdrive-at8-2019-aj-na-splatky-protiucet_17_max.webp","medium":"https:\/\/cdn.assetlog.ai\/assets\/643\/bmw-rad-5-touring-520d-g31-140kw-xdrive-at8-2019-aj-na-splatky-protiucet_17_medium.webp","small":"https:\/\/cdn.assetlog.ai\/assets\/643\/bmw-rad-5-touring-520d-g31-140kw-xdrive-at8-2019-aj-na-splatky-protiucet_17_small.webp"},{"id":21343,"max":"https:\/\/cdn.assetlog.ai\/assets\/643\/bmw-rad-5-touring-520d-g31-140kw-xdrive-at8-2019-aj-na-splatky-protiucet_18_max.webp","medium":"https:\/\/cdn.assetlog.ai\/assets\/643\/bmw-rad-5-touring-520d-g31-140kw-xdrive-at8-2019-aj-na-splatky-protiucet_18_medium.webp","small":"https:\/\/cdn.assetlog.ai\/assets\/643\/bmw-rad-5-touring-520d-g31-140kw-xdrive-at8-2019-aj-na-splatky-protiucet_18_small.webp"},{"id":21344,"max":"https:\/\/cdn.assetlog.ai\/assets\/643\/bmw-rad-5-touring-520d-g31-140kw-xdrive-at8-2019-aj-na-splatky-protiucet_19_max.webp","medium":"https:\/\/cdn.assetlog.ai\/assets\/643\/bmw-rad-5-touring-520d-g31-140kw-xdrive-at8-2019-aj-na-splatky-protiucet_19_medium.webp","small":"https:\/\/cdn.assetlog.ai\/assets\/643\/bmw-rad-5-touring-520d-g31-140kw-xdrive-at8-2019-aj-na-splatky-protiucet_19_small.webp"},{"id":21345,"max":"https:\/\/cdn.assetlog.ai\/assets\/643\/bmw-rad-5-touring-520d-g31-140kw-xdrive-at8-2019-aj-na-splatky-protiucet_20_max.webp","medium":"https:\/\/cdn.assetlog.ai\/assets\/643\/bmw-rad-5-touring-520d-g31-140kw-xdrive-at8-2019-aj-na-splatky-protiucet_20_medium.webp","small":"https:\/\/cdn.assetlog.ai\/assets\/643\/bmw-rad-5-touring-520d-g31-140kw-xdrive-at8-2019-aj-na-splatky-protiucet_20_small.webp"},{"id":21346,"max":"https:\/\/cdn.assetlog.ai\/assets\/643\/bmw-rad-5-touring-520d-g31-140kw-xdrive-at8-2019-aj-na-splatky-protiucet_21_max.webp","medium":"https:\/\/cdn.assetlog.ai\/assets\/643\/bmw-rad-5-touring-520d-g31-140kw-xdrive-at8-2019-aj-na-splatky-protiucet_21_medium.webp","small":"https:\/\/cdn.assetlog.ai\/assets\/643\/bmw-rad-5-touring-520d-g31-140kw-xdrive-at8-2019-aj-na-splatky-protiucet_21_small.webp"},{"id":21347,"max":"https:\/\/cdn.assetlog.ai\/assets\/643\/bmw-rad-5-touring-520d-g31-140kw-xdrive-at8-2019-aj-na-splatky-protiucet_22_max.webp","medium":"https:\/\/cdn.assetlog.ai\/assets\/643\/bmw-rad-5-touring-520d-g31-140kw-xdrive-at8-2019-aj-na-splatky-protiucet_22_medium.webp","small":"https:\/\/cdn.assetlog.ai\/assets\/643\/bmw-rad-5-touring-520d-g31-140kw-xdrive-at8-2019-aj-na-splatky-protiucet_22_small.webp"},{"id":21348,"max":"https:\/\/cdn.assetlog.ai\/assets\/643\/bmw-rad-5-touring-520d-g31-140kw-xdrive-at8-2019-aj-na-splatky-protiucet_23_max.webp","medium":"https:\/\/cdn.assetlog.ai\/assets\/643\/bmw-rad-5-touring-520d-g31-140kw-xdrive-at8-2019-aj-na-splatky-protiucet_23_medium.webp","small":"https:\/\/cdn.assetlog.ai\/assets\/643\/bmw-rad-5-touring-520d-g31-140kw-xdrive-at8-2019-aj-na-splatky-protiucet_23_small.webp"},{"id":21349,"max":"https:\/\/cdn.assetlog.ai\/assets\/643\/bmw-rad-5-touring-520d-g31-140kw-xdrive-at8-2019-aj-na-splatky-protiucet_24_max.webp","medium":"https:\/\/cdn.assetlog.ai\/assets\/643\/bmw-rad-5-touring-520d-g31-140kw-xdrive-at8-2019-aj-na-splatky-protiucet_24_medium.webp","small":"https:\/\/cdn.assetlog.ai\/assets\/643\/bmw-rad-5-touring-520d-g31-140kw-xdrive-at8-2019-aj-na-splatky-protiucet_24_small.webp"},{"id":21350,"max":"https:\/\/cdn.assetlog.ai\/assets\/643\/bmw-rad-5-touring-520d-g31-140kw-xdrive-at8-2019-aj-na-splatky-protiucet_25_max.webp","medium":"https:\/\/cdn.assetlog.ai\/assets\/643\/bmw-rad-5-touring-520d-g31-140kw-xdrive-at8-2019-aj-na-splatky-protiucet_25_medium.webp","small":"https:\/\/cdn.assetlog.ai\/assets\/643\/bmw-rad-5-touring-520d-g31-140kw-xdrive-at8-2019-aj-na-splatky-protiucet_25_small.webp"},{"id":21351,"max":"https:\/\/cdn.assetlog.ai\/assets\/643\/bmw-rad-5-touring-520d-g31-140kw-xdrive-at8-2019-aj-na-splatky-protiucet_26_max.webp","medium":"https:\/\/cdn.assetlog.ai\/assets\/643\/bmw-rad-5-touring-520d-g31-140kw-xdrive-at8-2019-aj-na-splatky-protiucet_26_medium.webp","small":"https:\/\/cdn.assetlog.ai\/assets\/643\/bmw-rad-5-touring-520d-g31-140kw-xdrive-at8-2019-aj-na-splatky-protiucet_26_small.webp"},{"id":21352,"max":"https:\/\/cdn.assetlog.ai\/assets\/643\/bmw-rad-5-touring-520d-g31-140kw-xdrive-at8-2019-aj-na-splatky-protiucet_27_max.webp","medium":"https:\/\/cdn.assetlog.ai\/assets\/643\/bmw-rad-5-touring-520d-g31-140kw-xdrive-at8-2019-aj-na-splatky-protiucet_27_medium.webp","small":"https:\/\/cdn.assetlog.ai\/assets\/643\/bmw-rad-5-touring-520d-g31-140kw-xdrive-at8-2019-aj-na-splatky-protiucet_27_small.webp"},{"id":21353,"max":"https:\/\/cdn.assetlog.ai\/assets\/643\/bmw-rad-5-touring-520d-g31-140kw-xdrive-at8-2019-aj-na-splatky-protiucet_28_max.webp","medium":"https:\/\/cdn.assetlog.ai\/assets\/643\/bmw-rad-5-touring-520d-g31-140kw-xdrive-at8-2019-aj-na-splatky-protiucet_28_medium.webp","small":"https:\/\/cdn.assetlog.ai\/assets\/643\/bmw-rad-5-touring-520d-g31-140kw-xdrive-at8-2019-aj-na-splatky-protiucet_28_small.webp"},{"id":21354,"max":"https:\/\/cdn.assetlog.ai\/assets\/643\/bmw-rad-5-touring-520d-g31-140kw-xdrive-at8-2019-aj-na-splatky-protiucet_29_max.webp","medium":"https:\/\/cdn.assetlog.ai\/assets\/643\/bmw-rad-5-touring-520d-g31-140kw-xdrive-at8-2019-aj-na-splatky-protiucet_29_medium.webp","small":"https:\/\/cdn.assetlog.ai\/assets\/643\/bmw-rad-5-touring-520d-g31-140kw-xdrive-at8-2019-aj-na-splatky-protiucet_29_small.webp"},{"id":21355,"max":"https:\/\/cdn.assetlog.ai\/assets\/643\/bmw-rad-5-touring-520d-g31-140kw-xdrive-at8-2019-aj-na-splatky-protiucet_30_max.webp","medium":"https:\/\/cdn.assetlog.ai\/assets\/643\/bmw-rad-5-touring-520d-g31-140kw-xdrive-at8-2019-aj-na-splatky-protiucet_30_medium.webp","small":"https:\/\/cdn.assetlog.ai\/assets\/643\/bmw-rad-5-touring-520d-g31-140kw-xdrive-at8-2019-aj-na-splatky-protiucet_30_small.webp"},{"id":21356,"max":"https:\/\/cdn.assetlog.ai\/assets\/643\/bmw-rad-5-touring-520d-g31-140kw-xdrive-at8-2019-aj-na-splatky-protiucet_31_max.webp","medium":"https:\/\/cdn.assetlog.ai\/assets\/643\/bmw-rad-5-touring-520d-g31-140kw-xdrive-at8-2019-aj-na-splatky-protiucet_31_medium.webp","small":"https:\/\/cdn.assetlog.ai\/assets\/643\/bmw-rad-5-touring-520d-g31-140kw-xdrive-at8-2019-aj-na-splatky-protiucet_31_small.webp"},{"id":21357,"max":"https:\/\/cdn.assetlog.ai\/assets\/643\/bmw-rad-5-touring-520d-g31-140kw-xdrive-at8-2019-aj-na-splatky-protiucet_32_max.webp","medium":"https:\/\/cdn.assetlog.ai\/assets\/643\/bmw-rad-5-touring-520d-g31-140kw-xdrive-at8-2019-aj-na-splatky-protiucet_32_medium.webp","small":"https:\/\/cdn.assetlog.ai\/assets\/643\/bmw-rad-5-touring-520d-g31-140kw-xdrive-at8-2019-aj-na-splatky-protiucet_32_small.webp"}],"published_at":null,"expires_at":null,"created_at":"2026-06-07T14:21:28+00:00","updated_at":"2026-09-01T03:41:27+00:00"}}