{"data":{"id":172880,"slug":"bmw-rad-5-touring-520d-xdrive-g31-140kw-a8-zaruka-aj-na-splatky-protiucet","type":"vehicle","title":"BMW Series 5 Touring 520d xDrive G31 \/ 140kW \/ A8 \/ WARRANTY \/ ENGLISH AVAILABLE \/ INSTALLMENT PAYMENTS \/ TRADE-IN","description":"The BMW 520d xDrive G31 is an elegant and comfortable premium estate car that offers a spacious interior, large cargo space, and excellent driving characteristics. The economical 2.0 diesel engine combined with all-wheel drive xDrive represents a good compromise between dynamics, comfort, and efficiency.\n\nThe vehicle has undergone important brake maintenance and a set of winter wheels is also available.\n\nService at 213,000 km:\n\nComplete replacement of front brakes\nComplete replacement of rear brakes\n\nAdditional information:\n\nAll-wheel drive xDrive\n2.0 diesel engine\nSecond set of wheels with winter tires\n\nWe offer advantageous financing with monthly installments, so you can enjoy your new car right away without waiting, with 0% down payment and installments up to 96 months.\n\nThe vehicle has passed insurance record checks, execution checks, paint thickness measurement, and document verification. Physically inspected and also verified through the vehicle operational records registry.\n\nFor your greater convenience and peace of mind, we can provide you with an extended warranty of up to 12-36 months.\n\nIf you already own a car, you don't need to worry about selling it - we'll take it directly from you in return. Just come to us with it, we'll evaluate it and deduct the amount from the value of your new car. This way you'll save time, worry, and money, and the entire process will be quick and easy - you'll drive away in your new car without unnecessary paperwork.\n\nTHE VEHICLE IS LOCATED IN Bansk\u00e1 Bystrica.\nMore information about the vehicle can be provided to you at telephone number 0904 440 337. License plate: AA765LT. MOT valid until: 2028-03-02. Technical inspection valid until: 2028-03-02.\n\nTechnical specifications\n\nYear of manufacture: 11\/19, 1995cc, 140kW (190PS), Vehicle generation: , Drive: 4\u00d74, Automatic transmission (8-speed), Diesel, EURO 6, 5-door, (5-seater), 213,572 km, Gray metallic, VIN WBAJP51030CD38843\n\nVehicle consumption (l\/100km)\n\nUrban: 5.9, Extra-urban: 4.9, Combined: 5.3\n\nLeasing possible, Credit possible","language":"cs","is_translated":true,"title_original":"BMW Rad 5 Touring 520d xDrive G31 \/ 140kW \/ A8 \/ Z\u00c1RUKA \/ AJ NA SPL\u00c1TKY \/ PROTI\u00da\u010cET","description_original":"BMW 520d xDrive G31 je elegantn\u00ed a komfortn\u00ed pr\u00e9miov\u00e9 kombi, kter\u00e9 nab\u00edz\u00ed prostorn\u00fd interi\u00e9r, velk\u00fd zavazadlov\u00fd prostor a vynikaj\u00edc\u00ed j\u00edzdn\u00ed vlastnosti. \u00dasporn\u00fd dieselov\u00fd motor 2,0 v kombinaci s pohonem v\u0161ech kol xDrive p\u0159edstavuje dobr\u00fd kompromis mezi dynamikou, komfortem a efektivitou.\n\nVozidlo pro\u0161lo d\u016fle\u017eitou \u00fadr\u017ebou brzd a k dispozici je tak\u00e9 sada zimn\u00edch kol.\n\nServis p\u0159i 213 000 km:\n\nKompletn\u00ed v\u00fdm\u011bna p\u0159edn\u00edch brzd\nKompletn\u00ed v\u00fdm\u011bna zadn\u00edch brzd\n\nDal\u0161\u00ed informace:\n\nPohon v\u0161ech kol xDrive\nMotor 2,0 diesel\nDruh\u00e1 sada kol se zimn\u00edmi pneumatikami\n\nNab\u00edz\u00edme v\u00fdhodn\u00e9 financov\u00e1n\u00ed na m\u011bs\u00ed\u010dn\u00ed spl\u00e1tky, tak\u017ee si sv\u016fj nov\u00fd v\u016fz m\u016f\u017eete u\u017e\u00edvat hned a bez \u010dek\u00e1n\u00ed s akontac\u00ed 0 % a spl\u00e1tkami a\u017e na 96 m\u011bs\u00edc\u016f.\n\nVozidlo pro\u0161lo kontrolou z\u00e1znam\u016f o poji\u0161t\u011bn\u00ed, exekuc\u00ed, m\u011b\u0159en\u00edm laku a kontrolou doklad\u016f. Zkontrolov\u00e1no fyzicky, tak\u00e9 prost\u0159ednictv\u00edm registru provozn\u00edch z\u00e1znam\u016f vozidla.\n\nPro va\u0161e v\u011bt\u0161\u00ed pohodl\u00ed a jistotu v\u00e1m m\u016f\u017eeme poskytnout prodlou\u017eenou z\u00e1ruku a\u017e na 12-36 m\u011bs\u00edc\u016f.\n\nPokud ji\u017e v\u016fz vlastn\u00edte, nemus\u00edte se zab\u00fdvat jeho prodejem - na opl\u00e1tku si ho od v\u00e1s p\u0159\u00edmo vezmeme. Sta\u010d\u00ed, kdy\u017e k n\u00e1m s n\u00edm p\u0159ijdete, my ho ocen\u00edme a n\u00e1klady ode\u010dteme od hodnoty va\u0161eho nov\u00e9ho vozu. U\u0161et\u0159\u00edte tak \u010das, starosti i pen\u00edze a cel\u00fd proces bude rychl\u00fd a snadn\u00fd - odjedete rovnou ve sv\u00e9m nov\u00e9m voze bez zbyte\u010dn\u00e9ho pap\u00edrov\u00e1n\u00ed.\n\nVOZIDLO SE NACH\u00c1Z\u00cd V Banskej Bystrici.\nViac inform\u00e1ci\u00ed o vozidle V\u00e1m poskytneme na telefonn\u00edm \u010d\u00edsle 0904 440 337. E\u010cV: AA765LT. EK platn\u00e1 do: 2028-03-02. STK platn\u00e1 do: 2028-03-02.\n\nTechnick\u00e9 \u00fadaje\n\nv.v.: 11\/19, 1995cm\u00b3, 140kW (190PS), Generace vozidla: , Pohon: 4\u00d74, Automatick\u00e1 p\u0159evodovka (8 st.), Diesel, EURO 6, 5 dv., (5-m\u00edstn\u00fd), 213 572km, \u0160ed\u00e1 metal\u00edza, VIN WBAJP51030CD38843\n\nSpot\u0159eba vozidla (l\/100km)\n\nVe m\u011bst\u011b: 5.9, mimo m\u011bsto: 4.9, kombinovan\u00e1: 5.3\n\nMo\u017en\u00fd leasing, Mo\u017en\u00fd \u00fav\u011br","price":"457279.00","currency":"CZK","status":"active","noindex":true,"location":{"address":null,"full_address":null,"city":"Bansk\u00e1 Bystrica","country":"SK","latitude":48.735429,"longitude":19.1457338},"metadata":{"vin":"WBAJP51030CD38843","fuel":"diesel","year":2019,"brand":"BMW","color":"Grey","doors":5,"drive":"AWD \/ 4x4","model":"rad 5 Touring","seats":5,"region":"Banskobystrick\u00fd kraj","mileage":213572,"emisions":"Euro 6","features":["Alarm","ABS","ESP","DSC\/DTC","Brzdov\u00fd asistent (EBA, BAS)","ISOFIX na zadn\u00edch sedadlech","Deaktivace airbagu spolujezdce","Senzor tlaku","Syst\u00e9m rozpozn\u00e1v\u00e1n\u00ed dopravn\u00edch zna\u010dek","Sledov\u00e1n\u00ed \u00fanavy \u0159idi\u010de","T\u00eds\u0148ov\u00e9 vol\u00e1n\u00ed","Asistent d\u00e1lkov\u00fdch sv\u011btel (HBA)","Centr\u00e1ln\u00ed zamyk\u00e1n\u00ed","Zadn\u00ed el. stahovateln\u00e1 okna","El. nastaviteln\u00e1 p\u0159edn\u00ed sedadla","Elektricky nastaviteln\u00e1 zp\u011btn\u00e1 zrc\u00e1tka","Automatick\u00e1 2-z\u00f3nov\u00e1 klimatizace","Centr\u00e1ln\u00ed zamyk\u00e1n\u00ed na d\u00e1lkov\u00e9 ovl\u00e1d\u00e1n\u00ed","Autor\u00e1dio","Vyh\u0159\u00edvan\u00e9 \u010deln\u00ed sklo","Multifunk\u010dn\u00ed volant","Loketn\u00ed op\u011brka vp\u0159edu","Head-up display","Start\/Stop syst\u00e9m","Apple Car Play","Android Auto","Welcome light","P\u00e1dla pod volantem","Lit\u00e1 kola","Imobiliz\u00e9r","Palubn\u00ed po\u010d\u00edta\u010d","Navigace","St\u0159e\u0161n\u00ed nosi\u010d","Ko\u017een\u00fd interi\u00e9r","Vyh\u0159\u00edvan\u00e1 sedadla","Elektricky vyh\u0159\u00edvan\u00e1 zp\u011btn\u00e1 zrc\u00e1tka","Senzor st\u011bra\u010d\u016f","Sv\u011bteln\u00fd senzor","Zimn\u00ed sada kol","Parkovac\u00ed kamera","P\u0159edn\u00ed a zadn\u00ed parkovac\u00ed senzory","Adaptivn\u00ed tempomat","El. ovl\u00e1dan\u00fd kufr","Elektrick\u00e9 dov\u00edr\u00e1n\u00ed zavazadlov\u00e9ho prostoru","Bluetooth","Denn\u00ed sv\u00edcen\u00ed","LED sv\u011btlomety","Mo\u017en\u00fd leasing","Mo\u017en\u00fd \u00faver"],"power_kw":140,"body_type":"Estate","condition":"Used","transmission":"automatic","vat_deductible":false,"consumption_city":5.9,"translation_hash":"6d9165a572e7d65de897f454df9e2249001d076c","vehicle_category":"car","engine_volume_cm3":1995,"first_registration":"2019-11-01","translation_status":"done","consumption_highway":4.9,"consumption_combined":5.3},"user_id":35,"is_sponsored":false,"views_count":2,"ai_views_count":12,"ai_vendor_counts":{"meta":6,"other":2,"openai":2,"anthropic":2},"visibility":"public","submission_source":null,"submission_ai_name":null,"has_owner_email":true,"can_contact_owner":true,"phone":"0904 440 337","owner_email":"cik@autorro.sk","user":{"id":35,"slug":"andrej-cik-35","name":"Andrej \u010c\u00edk","bio":"Makl\u00e9r. P\u016fsob\u00edm v Banskej Bystrici a okol\u00ed.\n\nP\u016fsobnost: Bansk\u00e1 Bystrica","nationality":"SK","languages":["cs","sk"],"service_areas":[],"card_style":null,"card_palette":null,"avatar_url":"https:\/\/cdn.assetlog.ai\/avatars\/35\/avatar_max.webp?v=1786535213","avatar_thumb_url":"https:\/\/cdn.assetlog.ai\/avatars\/35\/avatar_small.webp?v=1786535213","reviews_count":0,"avg_rating":null,"seller_badge":"silver","can_calendar":true,"joined_at":"2026-06-07T07:44:52+00:00","primary_intent":null,"seeking":[],"public_assets_count":48,"public_prompts_count":0,"followers_count":0},"images":[{"id":137401,"max":"https:\/\/cdn.assetlog.ai\/assets\/172880\/bmw-rad-5-touring-520d-xdrive-g31-140kw-a8-zaruka-aj-na-splatky-protiucet_1_max.webp","medium":"https:\/\/cdn.assetlog.ai\/assets\/172880\/bmw-rad-5-touring-520d-xdrive-g31-140kw-a8-zaruka-aj-na-splatky-protiucet_1_medium.webp","small":"https:\/\/cdn.assetlog.ai\/assets\/172880\/bmw-rad-5-touring-520d-xdrive-g31-140kw-a8-zaruka-aj-na-splatky-protiucet_1_small.webp"},{"id":137402,"max":"https:\/\/cdn.assetlog.ai\/assets\/172880\/bmw-rad-5-touring-520d-xdrive-g31-140kw-a8-zaruka-aj-na-splatky-protiucet_2_max.webp","medium":"https:\/\/cdn.assetlog.ai\/assets\/172880\/bmw-rad-5-touring-520d-xdrive-g31-140kw-a8-zaruka-aj-na-splatky-protiucet_2_medium.webp","small":"https:\/\/cdn.assetlog.ai\/assets\/172880\/bmw-rad-5-touring-520d-xdrive-g31-140kw-a8-zaruka-aj-na-splatky-protiucet_2_small.webp"},{"id":137403,"max":"https:\/\/cdn.assetlog.ai\/assets\/172880\/bmw-rad-5-touring-520d-xdrive-g31-140kw-a8-zaruka-aj-na-splatky-protiucet_3_max.webp","medium":"https:\/\/cdn.assetlog.ai\/assets\/172880\/bmw-rad-5-touring-520d-xdrive-g31-140kw-a8-zaruka-aj-na-splatky-protiucet_3_medium.webp","small":"https:\/\/cdn.assetlog.ai\/assets\/172880\/bmw-rad-5-touring-520d-xdrive-g31-140kw-a8-zaruka-aj-na-splatky-protiucet_3_small.webp"},{"id":137404,"max":"https:\/\/cdn.assetlog.ai\/assets\/172880\/bmw-rad-5-touring-520d-xdrive-g31-140kw-a8-zaruka-aj-na-splatky-protiucet_4_max.webp","medium":"https:\/\/cdn.assetlog.ai\/assets\/172880\/bmw-rad-5-touring-520d-xdrive-g31-140kw-a8-zaruka-aj-na-splatky-protiucet_4_medium.webp","small":"https:\/\/cdn.assetlog.ai\/assets\/172880\/bmw-rad-5-touring-520d-xdrive-g31-140kw-a8-zaruka-aj-na-splatky-protiucet_4_small.webp"},{"id":137405,"max":"https:\/\/cdn.assetlog.ai\/assets\/172880\/bmw-rad-5-touring-520d-xdrive-g31-140kw-a8-zaruka-aj-na-splatky-protiucet_5_max.webp","medium":"https:\/\/cdn.assetlog.ai\/assets\/172880\/bmw-rad-5-touring-520d-xdrive-g31-140kw-a8-zaruka-aj-na-splatky-protiucet_5_medium.webp","small":"https:\/\/cdn.assetlog.ai\/assets\/172880\/bmw-rad-5-touring-520d-xdrive-g31-140kw-a8-zaruka-aj-na-splatky-protiucet_5_small.webp"},{"id":137406,"max":"https:\/\/cdn.assetlog.ai\/assets\/172880\/bmw-rad-5-touring-520d-xdrive-g31-140kw-a8-zaruka-aj-na-splatky-protiucet_6_max.webp","medium":"https:\/\/cdn.assetlog.ai\/assets\/172880\/bmw-rad-5-touring-520d-xdrive-g31-140kw-a8-zaruka-aj-na-splatky-protiucet_6_medium.webp","small":"https:\/\/cdn.assetlog.ai\/assets\/172880\/bmw-rad-5-touring-520d-xdrive-g31-140kw-a8-zaruka-aj-na-splatky-protiucet_6_small.webp"},{"id":137407,"max":"https:\/\/cdn.assetlog.ai\/assets\/172880\/bmw-rad-5-touring-520d-xdrive-g31-140kw-a8-zaruka-aj-na-splatky-protiucet_7_max.webp","medium":"https:\/\/cdn.assetlog.ai\/assets\/172880\/bmw-rad-5-touring-520d-xdrive-g31-140kw-a8-zaruka-aj-na-splatky-protiucet_7_medium.webp","small":"https:\/\/cdn.assetlog.ai\/assets\/172880\/bmw-rad-5-touring-520d-xdrive-g31-140kw-a8-zaruka-aj-na-splatky-protiucet_7_small.webp"},{"id":137408,"max":"https:\/\/cdn.assetlog.ai\/assets\/172880\/bmw-rad-5-touring-520d-xdrive-g31-140kw-a8-zaruka-aj-na-splatky-protiucet_8_max.webp","medium":"https:\/\/cdn.assetlog.ai\/assets\/172880\/bmw-rad-5-touring-520d-xdrive-g31-140kw-a8-zaruka-aj-na-splatky-protiucet_8_medium.webp","small":"https:\/\/cdn.assetlog.ai\/assets\/172880\/bmw-rad-5-touring-520d-xdrive-g31-140kw-a8-zaruka-aj-na-splatky-protiucet_8_small.webp"},{"id":137409,"max":"https:\/\/cdn.assetlog.ai\/assets\/172880\/bmw-rad-5-touring-520d-xdrive-g31-140kw-a8-zaruka-aj-na-splatky-protiucet_9_max.webp","medium":"https:\/\/cdn.assetlog.ai\/assets\/172880\/bmw-rad-5-touring-520d-xdrive-g31-140kw-a8-zaruka-aj-na-splatky-protiucet_9_medium.webp","small":"https:\/\/cdn.assetlog.ai\/assets\/172880\/bmw-rad-5-touring-520d-xdrive-g31-140kw-a8-zaruka-aj-na-splatky-protiucet_9_small.webp"},{"id":137410,"max":"https:\/\/cdn.assetlog.ai\/assets\/172880\/bmw-rad-5-touring-520d-xdrive-g31-140kw-a8-zaruka-aj-na-splatky-protiucet_10_max.webp","medium":"https:\/\/cdn.assetlog.ai\/assets\/172880\/bmw-rad-5-touring-520d-xdrive-g31-140kw-a8-zaruka-aj-na-splatky-protiucet_10_medium.webp","small":"https:\/\/cdn.assetlog.ai\/assets\/172880\/bmw-rad-5-touring-520d-xdrive-g31-140kw-a8-zaruka-aj-na-splatky-protiucet_10_small.webp"},{"id":137411,"max":"https:\/\/cdn.assetlog.ai\/assets\/172880\/bmw-rad-5-touring-520d-xdrive-g31-140kw-a8-zaruka-aj-na-splatky-protiucet_11_max.webp","medium":"https:\/\/cdn.assetlog.ai\/assets\/172880\/bmw-rad-5-touring-520d-xdrive-g31-140kw-a8-zaruka-aj-na-splatky-protiucet_11_medium.webp","small":"https:\/\/cdn.assetlog.ai\/assets\/172880\/bmw-rad-5-touring-520d-xdrive-g31-140kw-a8-zaruka-aj-na-splatky-protiucet_11_small.webp"},{"id":137412,"max":"https:\/\/cdn.assetlog.ai\/assets\/172880\/bmw-rad-5-touring-520d-xdrive-g31-140kw-a8-zaruka-aj-na-splatky-protiucet_12_max.webp","medium":"https:\/\/cdn.assetlog.ai\/assets\/172880\/bmw-rad-5-touring-520d-xdrive-g31-140kw-a8-zaruka-aj-na-splatky-protiucet_12_medium.webp","small":"https:\/\/cdn.assetlog.ai\/assets\/172880\/bmw-rad-5-touring-520d-xdrive-g31-140kw-a8-zaruka-aj-na-splatky-protiucet_12_small.webp"},{"id":137413,"max":"https:\/\/cdn.assetlog.ai\/assets\/172880\/bmw-rad-5-touring-520d-xdrive-g31-140kw-a8-zaruka-aj-na-splatky-protiucet_13_max.webp","medium":"https:\/\/cdn.assetlog.ai\/assets\/172880\/bmw-rad-5-touring-520d-xdrive-g31-140kw-a8-zaruka-aj-na-splatky-protiucet_13_medium.webp","small":"https:\/\/cdn.assetlog.ai\/assets\/172880\/bmw-rad-5-touring-520d-xdrive-g31-140kw-a8-zaruka-aj-na-splatky-protiucet_13_small.webp"},{"id":137414,"max":"https:\/\/cdn.assetlog.ai\/assets\/172880\/bmw-rad-5-touring-520d-xdrive-g31-140kw-a8-zaruka-aj-na-splatky-protiucet_14_max.webp","medium":"https:\/\/cdn.assetlog.ai\/assets\/172880\/bmw-rad-5-touring-520d-xdrive-g31-140kw-a8-zaruka-aj-na-splatky-protiucet_14_medium.webp","small":"https:\/\/cdn.assetlog.ai\/assets\/172880\/bmw-rad-5-touring-520d-xdrive-g31-140kw-a8-zaruka-aj-na-splatky-protiucet_14_small.webp"},{"id":137415,"max":"https:\/\/cdn.assetlog.ai\/assets\/172880\/bmw-rad-5-touring-520d-xdrive-g31-140kw-a8-zaruka-aj-na-splatky-protiucet_15_max.webp","medium":"https:\/\/cdn.assetlog.ai\/assets\/172880\/bmw-rad-5-touring-520d-xdrive-g31-140kw-a8-zaruka-aj-na-splatky-protiucet_15_medium.webp","small":"https:\/\/cdn.assetlog.ai\/assets\/172880\/bmw-rad-5-touring-520d-xdrive-g31-140kw-a8-zaruka-aj-na-splatky-protiucet_15_small.webp"},{"id":137416,"max":"https:\/\/cdn.assetlog.ai\/assets\/172880\/bmw-rad-5-touring-520d-xdrive-g31-140kw-a8-zaruka-aj-na-splatky-protiucet_16_max.webp","medium":"https:\/\/cdn.assetlog.ai\/assets\/172880\/bmw-rad-5-touring-520d-xdrive-g31-140kw-a8-zaruka-aj-na-splatky-protiucet_16_medium.webp","small":"https:\/\/cdn.assetlog.ai\/assets\/172880\/bmw-rad-5-touring-520d-xdrive-g31-140kw-a8-zaruka-aj-na-splatky-protiucet_16_small.webp"},{"id":137417,"max":"https:\/\/cdn.assetlog.ai\/assets\/172880\/bmw-rad-5-touring-520d-xdrive-g31-140kw-a8-zaruka-aj-na-splatky-protiucet_17_max.webp","medium":"https:\/\/cdn.assetlog.ai\/assets\/172880\/bmw-rad-5-touring-520d-xdrive-g31-140kw-a8-zaruka-aj-na-splatky-protiucet_17_medium.webp","small":"https:\/\/cdn.assetlog.ai\/assets\/172880\/bmw-rad-5-touring-520d-xdrive-g31-140kw-a8-zaruka-aj-na-splatky-protiucet_17_small.webp"},{"id":137418,"max":"https:\/\/cdn.assetlog.ai\/assets\/172880\/bmw-rad-5-touring-520d-xdrive-g31-140kw-a8-zaruka-aj-na-splatky-protiucet_18_max.webp","medium":"https:\/\/cdn.assetlog.ai\/assets\/172880\/bmw-rad-5-touring-520d-xdrive-g31-140kw-a8-zaruka-aj-na-splatky-protiucet_18_medium.webp","small":"https:\/\/cdn.assetlog.ai\/assets\/172880\/bmw-rad-5-touring-520d-xdrive-g31-140kw-a8-zaruka-aj-na-splatky-protiucet_18_small.webp"},{"id":137419,"max":"https:\/\/cdn.assetlog.ai\/assets\/172880\/bmw-rad-5-touring-520d-xdrive-g31-140kw-a8-zaruka-aj-na-splatky-protiucet_19_max.webp","medium":"https:\/\/cdn.assetlog.ai\/assets\/172880\/bmw-rad-5-touring-520d-xdrive-g31-140kw-a8-zaruka-aj-na-splatky-protiucet_19_medium.webp","small":"https:\/\/cdn.assetlog.ai\/assets\/172880\/bmw-rad-5-touring-520d-xdrive-g31-140kw-a8-zaruka-aj-na-splatky-protiucet_19_small.webp"},{"id":137420,"max":"https:\/\/cdn.assetlog.ai\/assets\/172880\/bmw-rad-5-touring-520d-xdrive-g31-140kw-a8-zaruka-aj-na-splatky-protiucet_20_max.webp","medium":"https:\/\/cdn.assetlog.ai\/assets\/172880\/bmw-rad-5-touring-520d-xdrive-g31-140kw-a8-zaruka-aj-na-splatky-protiucet_20_medium.webp","small":"https:\/\/cdn.assetlog.ai\/assets\/172880\/bmw-rad-5-touring-520d-xdrive-g31-140kw-a8-zaruka-aj-na-splatky-protiucet_20_small.webp"},{"id":137421,"max":"https:\/\/cdn.assetlog.ai\/assets\/172880\/bmw-rad-5-touring-520d-xdrive-g31-140kw-a8-zaruka-aj-na-splatky-protiucet_21_max.webp","medium":"https:\/\/cdn.assetlog.ai\/assets\/172880\/bmw-rad-5-touring-520d-xdrive-g31-140kw-a8-zaruka-aj-na-splatky-protiucet_21_medium.webp","small":"https:\/\/cdn.assetlog.ai\/assets\/172880\/bmw-rad-5-touring-520d-xdrive-g31-140kw-a8-zaruka-aj-na-splatky-protiucet_21_small.webp"},{"id":137422,"max":"https:\/\/cdn.assetlog.ai\/assets\/172880\/bmw-rad-5-touring-520d-xdrive-g31-140kw-a8-zaruka-aj-na-splatky-protiucet_22_max.webp","medium":"https:\/\/cdn.assetlog.ai\/assets\/172880\/bmw-rad-5-touring-520d-xdrive-g31-140kw-a8-zaruka-aj-na-splatky-protiucet_22_medium.webp","small":"https:\/\/cdn.assetlog.ai\/assets\/172880\/bmw-rad-5-touring-520d-xdrive-g31-140kw-a8-zaruka-aj-na-splatky-protiucet_22_small.webp"},{"id":137423,"max":"https:\/\/cdn.assetlog.ai\/assets\/172880\/bmw-rad-5-touring-520d-xdrive-g31-140kw-a8-zaruka-aj-na-splatky-protiucet_23_max.webp","medium":"https:\/\/cdn.assetlog.ai\/assets\/172880\/bmw-rad-5-touring-520d-xdrive-g31-140kw-a8-zaruka-aj-na-splatky-protiucet_23_medium.webp","small":"https:\/\/cdn.assetlog.ai\/assets\/172880\/bmw-rad-5-touring-520d-xdrive-g31-140kw-a8-zaruka-aj-na-splatky-protiucet_23_small.webp"},{"id":137424,"max":"https:\/\/cdn.assetlog.ai\/assets\/172880\/bmw-rad-5-touring-520d-xdrive-g31-140kw-a8-zaruka-aj-na-splatky-protiucet_24_max.webp","medium":"https:\/\/cdn.assetlog.ai\/assets\/172880\/bmw-rad-5-touring-520d-xdrive-g31-140kw-a8-zaruka-aj-na-splatky-protiucet_24_medium.webp","small":"https:\/\/cdn.assetlog.ai\/assets\/172880\/bmw-rad-5-touring-520d-xdrive-g31-140kw-a8-zaruka-aj-na-splatky-protiucet_24_small.webp"},{"id":137425,"max":"https:\/\/cdn.assetlog.ai\/assets\/172880\/bmw-rad-5-touring-520d-xdrive-g31-140kw-a8-zaruka-aj-na-splatky-protiucet_25_max.webp","medium":"https:\/\/cdn.assetlog.ai\/assets\/172880\/bmw-rad-5-touring-520d-xdrive-g31-140kw-a8-zaruka-aj-na-splatky-protiucet_25_medium.webp","small":"https:\/\/cdn.assetlog.ai\/assets\/172880\/bmw-rad-5-touring-520d-xdrive-g31-140kw-a8-zaruka-aj-na-splatky-protiucet_25_small.webp"},{"id":137426,"max":"https:\/\/cdn.assetlog.ai\/assets\/172880\/bmw-rad-5-touring-520d-xdrive-g31-140kw-a8-zaruka-aj-na-splatky-protiucet_26_max.webp","medium":"https:\/\/cdn.assetlog.ai\/assets\/172880\/bmw-rad-5-touring-520d-xdrive-g31-140kw-a8-zaruka-aj-na-splatky-protiucet_26_medium.webp","small":"https:\/\/cdn.assetlog.ai\/assets\/172880\/bmw-rad-5-touring-520d-xdrive-g31-140kw-a8-zaruka-aj-na-splatky-protiucet_26_small.webp"},{"id":137427,"max":"https:\/\/cdn.assetlog.ai\/assets\/172880\/bmw-rad-5-touring-520d-xdrive-g31-140kw-a8-zaruka-aj-na-splatky-protiucet_27_max.webp","medium":"https:\/\/cdn.assetlog.ai\/assets\/172880\/bmw-rad-5-touring-520d-xdrive-g31-140kw-a8-zaruka-aj-na-splatky-protiucet_27_medium.webp","small":"https:\/\/cdn.assetlog.ai\/assets\/172880\/bmw-rad-5-touring-520d-xdrive-g31-140kw-a8-zaruka-aj-na-splatky-protiucet_27_small.webp"},{"id":137428,"max":"https:\/\/cdn.assetlog.ai\/assets\/172880\/bmw-rad-5-touring-520d-xdrive-g31-140kw-a8-zaruka-aj-na-splatky-protiucet_28_max.webp","medium":"https:\/\/cdn.assetlog.ai\/assets\/172880\/bmw-rad-5-touring-520d-xdrive-g31-140kw-a8-zaruka-aj-na-splatky-protiucet_28_medium.webp","small":"https:\/\/cdn.assetlog.ai\/assets\/172880\/bmw-rad-5-touring-520d-xdrive-g31-140kw-a8-zaruka-aj-na-splatky-protiucet_28_small.webp"},{"id":137429,"max":"https:\/\/cdn.assetlog.ai\/assets\/172880\/bmw-rad-5-touring-520d-xdrive-g31-140kw-a8-zaruka-aj-na-splatky-protiucet_29_max.webp","medium":"https:\/\/cdn.assetlog.ai\/assets\/172880\/bmw-rad-5-touring-520d-xdrive-g31-140kw-a8-zaruka-aj-na-splatky-protiucet_29_medium.webp","small":"https:\/\/cdn.assetlog.ai\/assets\/172880\/bmw-rad-5-touring-520d-xdrive-g31-140kw-a8-zaruka-aj-na-splatky-protiucet_29_small.webp"},{"id":137430,"max":"https:\/\/cdn.assetlog.ai\/assets\/172880\/bmw-rad-5-touring-520d-xdrive-g31-140kw-a8-zaruka-aj-na-splatky-protiucet_30_max.webp","medium":"https:\/\/cdn.assetlog.ai\/assets\/172880\/bmw-rad-5-touring-520d-xdrive-g31-140kw-a8-zaruka-aj-na-splatky-protiucet_30_medium.webp","small":"https:\/\/cdn.assetlog.ai\/assets\/172880\/bmw-rad-5-touring-520d-xdrive-g31-140kw-a8-zaruka-aj-na-splatky-protiucet_30_small.webp"},{"id":137431,"max":"https:\/\/cdn.assetlog.ai\/assets\/172880\/bmw-rad-5-touring-520d-xdrive-g31-140kw-a8-zaruka-aj-na-splatky-protiucet_31_max.webp","medium":"https:\/\/cdn.assetlog.ai\/assets\/172880\/bmw-rad-5-touring-520d-xdrive-g31-140kw-a8-zaruka-aj-na-splatky-protiucet_31_medium.webp","small":"https:\/\/cdn.assetlog.ai\/assets\/172880\/bmw-rad-5-touring-520d-xdrive-g31-140kw-a8-zaruka-aj-na-splatky-protiucet_31_small.webp"},{"id":137432,"max":"https:\/\/cdn.assetlog.ai\/assets\/172880\/bmw-rad-5-touring-520d-xdrive-g31-140kw-a8-zaruka-aj-na-splatky-protiucet_32_max.webp","medium":"https:\/\/cdn.assetlog.ai\/assets\/172880\/bmw-rad-5-touring-520d-xdrive-g31-140kw-a8-zaruka-aj-na-splatky-protiucet_32_medium.webp","small":"https:\/\/cdn.assetlog.ai\/assets\/172880\/bmw-rad-5-touring-520d-xdrive-g31-140kw-a8-zaruka-aj-na-splatky-protiucet_32_small.webp"},{"id":137433,"max":"https:\/\/cdn.assetlog.ai\/assets\/172880\/bmw-rad-5-touring-520d-xdrive-g31-140kw-a8-zaruka-aj-na-splatky-protiucet_33_max.webp","medium":"https:\/\/cdn.assetlog.ai\/assets\/172880\/bmw-rad-5-touring-520d-xdrive-g31-140kw-a8-zaruka-aj-na-splatky-protiucet_33_medium.webp","small":"https:\/\/cdn.assetlog.ai\/assets\/172880\/bmw-rad-5-touring-520d-xdrive-g31-140kw-a8-zaruka-aj-na-splatky-protiucet_33_small.webp"},{"id":137434,"max":"https:\/\/cdn.assetlog.ai\/assets\/172880\/bmw-rad-5-touring-520d-xdrive-g31-140kw-a8-zaruka-aj-na-splatky-protiucet_34_max.webp","medium":"https:\/\/cdn.assetlog.ai\/assets\/172880\/bmw-rad-5-touring-520d-xdrive-g31-140kw-a8-zaruka-aj-na-splatky-protiucet_34_medium.webp","small":"https:\/\/cdn.assetlog.ai\/assets\/172880\/bmw-rad-5-touring-520d-xdrive-g31-140kw-a8-zaruka-aj-na-splatky-protiucet_34_small.webp"},{"id":137435,"max":"https:\/\/cdn.assetlog.ai\/assets\/172880\/bmw-rad-5-touring-520d-xdrive-g31-140kw-a8-zaruka-aj-na-splatky-protiucet_35_max.webp","medium":"https:\/\/cdn.assetlog.ai\/assets\/172880\/bmw-rad-5-touring-520d-xdrive-g31-140kw-a8-zaruka-aj-na-splatky-protiucet_35_medium.webp","small":"https:\/\/cdn.assetlog.ai\/assets\/172880\/bmw-rad-5-touring-520d-xdrive-g31-140kw-a8-zaruka-aj-na-splatky-protiucet_35_small.webp"},{"id":137436,"max":"https:\/\/cdn.assetlog.ai\/assets\/172880\/bmw-rad-5-touring-520d-xdrive-g31-140kw-a8-zaruka-aj-na-splatky-protiucet_36_max.webp","medium":"https:\/\/cdn.assetlog.ai\/assets\/172880\/bmw-rad-5-touring-520d-xdrive-g31-140kw-a8-zaruka-aj-na-splatky-protiucet_36_medium.webp","small":"https:\/\/cdn.assetlog.ai\/assets\/172880\/bmw-rad-5-touring-520d-xdrive-g31-140kw-a8-zaruka-aj-na-splatky-protiucet_36_small.webp"},{"id":137437,"max":"https:\/\/cdn.assetlog.ai\/assets\/172880\/bmw-rad-5-touring-520d-xdrive-g31-140kw-a8-zaruka-aj-na-splatky-protiucet_37_max.webp","medium":"https:\/\/cdn.assetlog.ai\/assets\/172880\/bmw-rad-5-touring-520d-xdrive-g31-140kw-a8-zaruka-aj-na-splatky-protiucet_37_medium.webp","small":"https:\/\/cdn.assetlog.ai\/assets\/172880\/bmw-rad-5-touring-520d-xdrive-g31-140kw-a8-zaruka-aj-na-splatky-protiucet_37_small.webp"},{"id":137438,"max":"https:\/\/cdn.assetlog.ai\/assets\/172880\/bmw-rad-5-touring-520d-xdrive-g31-140kw-a8-zaruka-aj-na-splatky-protiucet_38_max.webp","medium":"https:\/\/cdn.assetlog.ai\/assets\/172880\/bmw-rad-5-touring-520d-xdrive-g31-140kw-a8-zaruka-aj-na-splatky-protiucet_38_medium.webp","small":"https:\/\/cdn.assetlog.ai\/assets\/172880\/bmw-rad-5-touring-520d-xdrive-g31-140kw-a8-zaruka-aj-na-splatky-protiucet_38_small.webp"},{"id":137439,"max":"https:\/\/cdn.assetlog.ai\/assets\/172880\/bmw-rad-5-touring-520d-xdrive-g31-140kw-a8-zaruka-aj-na-splatky-protiucet_39_max.webp","medium":"https:\/\/cdn.assetlog.ai\/assets\/172880\/bmw-rad-5-touring-520d-xdrive-g31-140kw-a8-zaruka-aj-na-splatky-protiucet_39_medium.webp","small":"https:\/\/cdn.assetlog.ai\/assets\/172880\/bmw-rad-5-touring-520d-xdrive-g31-140kw-a8-zaruka-aj-na-splatky-protiucet_39_small.webp"}],"published_at":null,"expires_at":null,"created_at":"2026-08-26T03:40:44+00:00","updated_at":"2026-09-01T03:40:32+00:00"}}