{"data":{"id":120999,"slug":"bmw-rad-5-touring-530d-xdrive-m-sport-shadow-at-195kw-a8-aj-na-splatky-protiucet","type":"vehicle","title":"BMW Series 5 Touring 530d xDrive M Sport Shadow A\/T, 195kW, A8 \/ AJ INSTALLMENTS \/ TRADE-IN \/","description":"Sale on commission \u2013 you purchase the vehicle directly from the owner.\n\nBMW 530d xDrive A\/T M Sport Shadow \u2013 thanks to the combination of dynamics, comfort and low fuel consumption, it is an ideal choice for drivers looking for a prestigious vehicle for everyday driving as well as long highway trips. The M Sport Shadow version gives the car an attractive sporty appearance and rich equipment.\nThe vehicle comes from Germany and was imported to Slovakia in 2022. It has complete and documented service history, is in excellent technical and visual condition, has no insurance claims, has never been repainted and currently requires no investment. The interior is very well preserved, with no signs of significant wear. The vehicle comes with 2 keys. It is fitted with Continental SportContact 7 R19 summer tires with DOT 2025 and seasonal changeover to rims is also included in the sale.\n\nWe offer favorable financing with monthly installments, so you can enjoy your new car right away and without waiting with 0% down payment and installments up to 96 months.\n\nFor your greater convenience and peace of mind, we can provide you with an extended warranty of up to 12-36 months.\n\nIf you already own a vehicle, you don't have to deal with selling it - in return we will take it directly from you. Just come to us with it, we will evaluate it and deduct the costs from the value of your new car. This way you save time, trouble and money and the entire process will be quick and easy - you drive away in your new car without unnecessary paperwork.\n\nTHE VEHICLE IS LOCATED IN Pezinok.\nMore information will be provided to you at the phone number 0950 261 833. License plate: AVENGER. Technical inspection valid until: 2028-02-10. MOT valid until: 2028-02-10.\n\nTechnical specifications\n\nYear of manufacture: 02\/20, 2993cc, 195kW (265PS), Drive: 4\u00d74, Automatic transmission (8 speed), Diesel, EURO 6, 5-door, (5-seater), 147,200km, Black metallic, VIN WBAJN51030CE00179\n\nFuel consumption (l\/100km)\n\nCity: 6, outside city: 4.9, combined: 5.3\n\nService booklet, Manufactured in EU, Never damaged, VAT deduction possible, Exchange possible, Financing possible, TOP condition, Full service history","language":"cs","is_translated":true,"title_original":"BMW Rad 5 Touring 530d xDrive M sport shadow A\/T, 195kW, A8 \/ AJ NA SPL\u00c1TKY \/ PROTI\u00da\u010cET \/","description_original":"Prodej na provizi \u2013 vozidlo kupujete p\u0159\u00edmo od majitele.\n\nBMW 530d xDrive A\/T M Sport Shadow \u2013 d\u00edky kombinaci dynamiky, komfortu a n\u00edzk\u00e9 spot\u0159eby je ide\u00e1ln\u00ed volbou pro \u0159idi\u010de, kte\u0159\u00ed hledaj\u00ed reprezentativn\u00ed vozidlo pro ka\u017edodenn\u00ed j\u00edzdu i dlouh\u00e9 d\u00e1lni\u010dn\u00ed trasy. Verze M Sport Shadow dod\u00e1v\u00e1 vozu atraktivn\u00ed sportovn\u00ed vzhled a bohatou v\u00fdbavu.\nVozidlo poch\u00e1z\u00ed z N\u011bmecka a v roce 2022 bylo dovezeno na Slovensko. M\u00e1 kompletn\u00ed a dolo\u017eitelnou servisn\u00ed historii, je ve v\u00fdborn\u00e9m technick\u00e9m i vizu\u00e1ln\u00edm stavu, bez pojistn\u00fdch ud\u00e1lost\u00ed, nebylo lakov\u00e1no a v sou\u010dasn\u00e9 dob\u011b nevy\u017eaduje \u017e\u00e1dn\u00e9 investice. Interi\u00e9r je velmi zachoval\u00fd, bez zn\u00e1mek v\u00fdrazn\u00e9ho opot\u0159eben\u00ed. K vozidlu jsou p\u0159ilo\u017eeny 2 kl\u00ed\u010de. Je obuto na letn\u00ed pneumatiky Continental SportContact 7 R19 s DOT 2025 a sou\u010d\u00e1st\u00ed prodeje je tak\u00e9 sez\u00f3nn\u00ed p\u0159ezut\u00ed na r\u00e1fky.\n\nNab\u00edz\u00edme v\u00fdhodn\u00e9 financov\u00e1n\u00ed na m\u011bs\u00ed\u010dn\u00ed spl\u00e1tky, tak\u017ee si sv\u016fj nov\u00fd v\u016fz m\u016f\u017eete u\u017e\u00edvat hned a bez \u010dek\u00e1n\u00ed s akontac\u00ed 0 % a spl\u00e1tkami a\u017e na 96 m\u011bs\u00edc\u016f.\n\nPro va\u0161e v\u011bt\u0161\u00ed pohodl\u00ed a jistotu v\u00e1m m\u016f\u017eeme poskytnout prodlou\u017eenou z\u00e1ruku a\u017e na 12-36 m\u011bs\u00edc\u016f.\n\nPokud ji\u017e v\u016fz vlastn\u00edte, nemus\u00edte se zab\u00fdvat jeho prodejem - na opl\u00e1tku si ho od v\u00e1s p\u0159\u00edmo vezmeme. Sta\u010d\u00ed, kdy\u017e k n\u00e1m s n\u00edm p\u0159ijdete, my ho ocen\u00edme a n\u00e1klady ode\u010dteme od hodnoty va\u0161eho nov\u00e9ho vozu. U\u0161et\u0159\u00edte tak \u010das, starosti i pen\u00edze a cel\u00fd proces bude rychl\u00fd a snadn\u00fd - odjedete rovnou ve sv\u00e9m nov\u00e9m voze bez zbyte\u010dn\u00e9ho pap\u00edrov\u00e1n\u00ed.\n\nVOZIDLO SE NACH\u00c1Z\u00cd V Pezinku.\nViac inform\u00e1ci\u00ed V\u00e1m poskytneme na telefonn\u00edm \u010d\u00edsle 0950 261 833. E\u010cV: AVENGER. EK platn\u00e1 do: 2028-02-10. STK platn\u00e1 do: 2028-02-10.\n\nTechnick\u00e9 \u00fadaje\n\nv.v.: 02\/20, 2993cm\u00b3, 195kW (265PS), Pohon: 4\u00d74, Automatick\u00e1 p\u0159evodovka (8 st.), Diesel, EURO 6, 5 dv., (5-m\u00edstn\u00fd), 147 200km, \u010cern\u00e1 metal\u00edza, VIN WBAJN51030CE00179\n\nSpot\u0159eba vozidla (l\/100km)\n\nVe m\u011bst\u011b: 6, mimo m\u011bsto: 4.9, kombinovan\u00e1: 5.3\n\nServisn\u00ed kn\u00ed\u017eka, Vyroben\u00e9 v EU, Nikdy neb\u00faran\u00e9, Mo\u017en\u00fd odpo\u010det DPH, Mo\u017en\u00e1 v\u00fdm\u011bna, Mo\u017en\u00fd \u00fav\u011br, TOP stav, \u00dapln\u00e1 servisn\u00ed historie","price":"726900.00","currency":"CZK","status":"active","noindex":true,"location":{"address":null,"full_address":null,"city":"Pezinok","country":"SK","latitude":48.2854539,"longitude":17.270194},"metadata":{"vin":"WBAJN51030CE00179","fuel":"diesel","year":2020,"brand":"BMW","color":"Black","doors":5,"drive":"AWD \/ 4x4","model":"rad 5 Touring","seats":5,"region":"Bratislavsk\u00fd kraj","mileage":147200,"emisions":"Euro 6","features":["Alarm","8x airbag","EBD\/EBV","Posilova\u010d \u0159\u00edzen\u00ed","ABS","ESP","Protiprokluzov\u00fd syst\u00e9m kol (TC, ASR)","ADS","Brzdov\u00fd asistent (EBA, BAS)","ISOFIX na zadn\u00edch sedadlech","Deaktivace airbagu spolujezdce","Nat\u00e1\u010dec\u00ed sv\u011btlomety","Senzor tlaku","Syst\u00e9m rozpozn\u00e1v\u00e1n\u00ed dopravn\u00edch zna\u010dek","Sledov\u00e1n\u00ed \u00fanavy \u0159idi\u010de","360\u00b0 monitorovac\u00ed syst\u00e9m (AVM)","Asistent d\u00e1lkov\u00fdch sv\u011btel (HBA)","Centr\u00e1ln\u00ed zamyk\u00e1n\u00ed","Zadn\u00ed el. stahovateln\u00e1 okna","El. nastaviteln\u00e1 p\u0159edn\u00ed sedadla","Elektricky nastaviteln\u00e1 zp\u011btn\u00e1 zrc\u00e1tka","Automatick\u00e1 2-z\u00f3nov\u00e1 klimatizace","Centr\u00e1ln\u00ed zamyk\u00e1n\u00ed na d\u00e1lkov\u00e9 ovl\u00e1d\u00e1n\u00ed","Autor\u00e1dio","Nez\u00e1visl\u00e9 topen\u00ed","Multifunk\u010dn\u00ed volant","Loketn\u00ed op\u011brka vp\u0159edu","Start\/Stop syst\u00e9m","Klimatizovan\u00e1 p\u0159ihr\u00e1dka","Ost\u0159ikova\u010de sv\u011btlomet\u016f","Apple Car Play","Android Auto","Welcome light","Digit\u00e1ln\u00ed p\u0159\u00edstrojov\u00e1 deska","P\u00e1dla pod volantem","Bezdr\u00e1tov\u00e1 nab\u00edje\u010dka mobiln\u00edch telefon\u016f","Lit\u00e1 kola","Mlhovky","Imobiliz\u00e9r","Palubn\u00ed po\u010d\u00edta\u010d","Navigace","Automatick\u00e9 parkov\u00e1n\u00ed","St\u0159e\u0161n\u00ed nosi\u010d","Ta\u017en\u00e9 za\u0159\u00edzen\u00ed","Ko\u017een\u00fd interi\u00e9r","Vyh\u0159\u00edvan\u00e1 sedadla","Elektricky vyh\u0159\u00edvan\u00e1 zp\u011btn\u00e1 zrc\u00e1tka","Senzor st\u011bra\u010d\u016f","Sv\u011bteln\u00fd senzor","Zimn\u00ed sada kol","Parkovac\u00ed kamera","P\u0159edn\u00ed a zadn\u00ed parkovac\u00ed senzory","Adaptivn\u00ed tempomat","El. ovl\u00e1dan\u00fd kufr","Elektrick\u00e9 dov\u00edr\u00e1n\u00ed zavazadlov\u00e9ho prostoru","Bluetooth","Vyh\u0159\u00edvan\u00fd volant","Denn\u00ed sv\u00edcen\u00ed","LED sv\u011btlomety","Bezdotykov\u00e9 ovl\u00e1d\u00e1n\u00ed v\u00edka zavazadlov\u00e9ho prostoru","Pam\u011b\u0165 nastaven\u00ed sedadla \u0159idi\u010de","Ambientn\u00ed LED osv\u011btlen\u00ed interi\u00e9ru","Serv. kni\u017eka","Vyroben\u00e9 v EU","Nikdy neb\u00faran\u00e9","Mo\u017en\u00fd odpo\u010det DPH","Mo\u017en\u00e1 v\u00fdmena","Mo\u017en\u00fd \u00faver","TOP stav!","\u00dapln\u00e1 servisn\u00e1 hist\u00f3ria","Ko\u017een\u00fd bal\u00ed\u010dek","Odo-pass","Asistent udr\u017eov\u00e1n\u00ed j\u00edzdn\u00edho pruhu","Asistent rozjezdu do kopce","Kontrola mrtv\u00e9ho \u00fahlu. CD m\u011bni\u010d","sportovn\u00ed sedadla","Drive Select (j\u00edzdy re\u017eimy)","Harman\/Kardon","elektricky sklopn\u00e1 zp\u011btn\u00e1 zrc\u00e1tka"],"power_kw":195,"body_type":"Estate","condition":"Used","transmission":"automatic","vat_deductible":true,"consumption_city":6,"translation_hash":"42c3b941e1258bb4a5df0abde42092891a9a40cb","vehicle_category":"car","engine_volume_cm3":2993,"first_registration":"2020-02-01","translation_status":"done","consumption_highway":4.9,"consumption_combined":5.3},"user_id":41,"is_sponsored":false,"views_count":18,"ai_views_count":6,"ai_vendor_counts":{"openai":3,"anthropic":3},"visibility":"public","submission_source":null,"submission_ai_name":null,"has_owner_email":true,"can_contact_owner":true,"phone":"0950 261 833","owner_email":"hromada@autorro.sk","user":{"id":41,"slug":"matej-hromada-41","name":"Matej Hromada","bio":"Makl\u00e9r. P\u016fsob\u00edm v Malack\u00e1ch a okol\u00ed.\n\nP\u016fsobnost: Malacky","nationality":"SK","languages":["cs","sk"],"service_areas":[],"card_style":null,"card_palette":null,"avatar_url":"https:\/\/cdn.assetlog.ai\/avatars\/41\/avatar_max.webp?v=1786535213","avatar_thumb_url":"https:\/\/cdn.assetlog.ai\/avatars\/41\/avatar_small.webp?v=1786535213","reviews_count":0,"avg_rating":null,"seller_badge":"silver","can_calendar":true,"joined_at":"2026-06-07T07:44:56+00:00","primary_intent":null,"seeking":[],"public_assets_count":30,"public_prompts_count":0,"followers_count":0},"images":[{"id":98188,"max":"https:\/\/cdn.assetlog.ai\/assets\/120999\/bmw-rad-5-touring-530d-xdrive-m-sport-shadow-at-195kw-a8-aj-na-splatky-protiucet_1_max.webp","medium":"https:\/\/cdn.assetlog.ai\/assets\/120999\/bmw-rad-5-touring-530d-xdrive-m-sport-shadow-at-195kw-a8-aj-na-splatky-protiucet_1_medium.webp","small":"https:\/\/cdn.assetlog.ai\/assets\/120999\/bmw-rad-5-touring-530d-xdrive-m-sport-shadow-at-195kw-a8-aj-na-splatky-protiucet_1_small.webp"},{"id":98189,"max":"https:\/\/cdn.assetlog.ai\/assets\/120999\/bmw-rad-5-touring-530d-xdrive-m-sport-shadow-at-195kw-a8-aj-na-splatky-protiucet_2_max.webp","medium":"https:\/\/cdn.assetlog.ai\/assets\/120999\/bmw-rad-5-touring-530d-xdrive-m-sport-shadow-at-195kw-a8-aj-na-splatky-protiucet_2_medium.webp","small":"https:\/\/cdn.assetlog.ai\/assets\/120999\/bmw-rad-5-touring-530d-xdrive-m-sport-shadow-at-195kw-a8-aj-na-splatky-protiucet_2_small.webp"},{"id":98190,"max":"https:\/\/cdn.assetlog.ai\/assets\/120999\/bmw-rad-5-touring-530d-xdrive-m-sport-shadow-at-195kw-a8-aj-na-splatky-protiucet_3_max.webp","medium":"https:\/\/cdn.assetlog.ai\/assets\/120999\/bmw-rad-5-touring-530d-xdrive-m-sport-shadow-at-195kw-a8-aj-na-splatky-protiucet_3_medium.webp","small":"https:\/\/cdn.assetlog.ai\/assets\/120999\/bmw-rad-5-touring-530d-xdrive-m-sport-shadow-at-195kw-a8-aj-na-splatky-protiucet_3_small.webp"},{"id":98191,"max":"https:\/\/cdn.assetlog.ai\/assets\/120999\/bmw-rad-5-touring-530d-xdrive-m-sport-shadow-at-195kw-a8-aj-na-splatky-protiucet_4_max.webp","medium":"https:\/\/cdn.assetlog.ai\/assets\/120999\/bmw-rad-5-touring-530d-xdrive-m-sport-shadow-at-195kw-a8-aj-na-splatky-protiucet_4_medium.webp","small":"https:\/\/cdn.assetlog.ai\/assets\/120999\/bmw-rad-5-touring-530d-xdrive-m-sport-shadow-at-195kw-a8-aj-na-splatky-protiucet_4_small.webp"},{"id":98192,"max":"https:\/\/cdn.assetlog.ai\/assets\/120999\/bmw-rad-5-touring-530d-xdrive-m-sport-shadow-at-195kw-a8-aj-na-splatky-protiucet_5_max.webp","medium":"https:\/\/cdn.assetlog.ai\/assets\/120999\/bmw-rad-5-touring-530d-xdrive-m-sport-shadow-at-195kw-a8-aj-na-splatky-protiucet_5_medium.webp","small":"https:\/\/cdn.assetlog.ai\/assets\/120999\/bmw-rad-5-touring-530d-xdrive-m-sport-shadow-at-195kw-a8-aj-na-splatky-protiucet_5_small.webp"},{"id":98193,"max":"https:\/\/cdn.assetlog.ai\/assets\/120999\/bmw-rad-5-touring-530d-xdrive-m-sport-shadow-at-195kw-a8-aj-na-splatky-protiucet_6_max.webp","medium":"https:\/\/cdn.assetlog.ai\/assets\/120999\/bmw-rad-5-touring-530d-xdrive-m-sport-shadow-at-195kw-a8-aj-na-splatky-protiucet_6_medium.webp","small":"https:\/\/cdn.assetlog.ai\/assets\/120999\/bmw-rad-5-touring-530d-xdrive-m-sport-shadow-at-195kw-a8-aj-na-splatky-protiucet_6_small.webp"},{"id":98194,"max":"https:\/\/cdn.assetlog.ai\/assets\/120999\/bmw-rad-5-touring-530d-xdrive-m-sport-shadow-at-195kw-a8-aj-na-splatky-protiucet_7_max.webp","medium":"https:\/\/cdn.assetlog.ai\/assets\/120999\/bmw-rad-5-touring-530d-xdrive-m-sport-shadow-at-195kw-a8-aj-na-splatky-protiucet_7_medium.webp","small":"https:\/\/cdn.assetlog.ai\/assets\/120999\/bmw-rad-5-touring-530d-xdrive-m-sport-shadow-at-195kw-a8-aj-na-splatky-protiucet_7_small.webp"},{"id":98195,"max":"https:\/\/cdn.assetlog.ai\/assets\/120999\/bmw-rad-5-touring-530d-xdrive-m-sport-shadow-at-195kw-a8-aj-na-splatky-protiucet_8_max.webp","medium":"https:\/\/cdn.assetlog.ai\/assets\/120999\/bmw-rad-5-touring-530d-xdrive-m-sport-shadow-at-195kw-a8-aj-na-splatky-protiucet_8_medium.webp","small":"https:\/\/cdn.assetlog.ai\/assets\/120999\/bmw-rad-5-touring-530d-xdrive-m-sport-shadow-at-195kw-a8-aj-na-splatky-protiucet_8_small.webp"},{"id":98196,"max":"https:\/\/cdn.assetlog.ai\/assets\/120999\/bmw-rad-5-touring-530d-xdrive-m-sport-shadow-at-195kw-a8-aj-na-splatky-protiucet_9_max.webp","medium":"https:\/\/cdn.assetlog.ai\/assets\/120999\/bmw-rad-5-touring-530d-xdrive-m-sport-shadow-at-195kw-a8-aj-na-splatky-protiucet_9_medium.webp","small":"https:\/\/cdn.assetlog.ai\/assets\/120999\/bmw-rad-5-touring-530d-xdrive-m-sport-shadow-at-195kw-a8-aj-na-splatky-protiucet_9_small.webp"},{"id":98197,"max":"https:\/\/cdn.assetlog.ai\/assets\/120999\/bmw-rad-5-touring-530d-xdrive-m-sport-shadow-at-195kw-a8-aj-na-splatky-protiucet_10_max.webp","medium":"https:\/\/cdn.assetlog.ai\/assets\/120999\/bmw-rad-5-touring-530d-xdrive-m-sport-shadow-at-195kw-a8-aj-na-splatky-protiucet_10_medium.webp","small":"https:\/\/cdn.assetlog.ai\/assets\/120999\/bmw-rad-5-touring-530d-xdrive-m-sport-shadow-at-195kw-a8-aj-na-splatky-protiucet_10_small.webp"},{"id":98198,"max":"https:\/\/cdn.assetlog.ai\/assets\/120999\/bmw-rad-5-touring-530d-xdrive-m-sport-shadow-at-195kw-a8-aj-na-splatky-protiucet_11_max.webp","medium":"https:\/\/cdn.assetlog.ai\/assets\/120999\/bmw-rad-5-touring-530d-xdrive-m-sport-shadow-at-195kw-a8-aj-na-splatky-protiucet_11_medium.webp","small":"https:\/\/cdn.assetlog.ai\/assets\/120999\/bmw-rad-5-touring-530d-xdrive-m-sport-shadow-at-195kw-a8-aj-na-splatky-protiucet_11_small.webp"},{"id":98199,"max":"https:\/\/cdn.assetlog.ai\/assets\/120999\/bmw-rad-5-touring-530d-xdrive-m-sport-shadow-at-195kw-a8-aj-na-splatky-protiucet_12_max.webp","medium":"https:\/\/cdn.assetlog.ai\/assets\/120999\/bmw-rad-5-touring-530d-xdrive-m-sport-shadow-at-195kw-a8-aj-na-splatky-protiucet_12_medium.webp","small":"https:\/\/cdn.assetlog.ai\/assets\/120999\/bmw-rad-5-touring-530d-xdrive-m-sport-shadow-at-195kw-a8-aj-na-splatky-protiucet_12_small.webp"},{"id":98200,"max":"https:\/\/cdn.assetlog.ai\/assets\/120999\/bmw-rad-5-touring-530d-xdrive-m-sport-shadow-at-195kw-a8-aj-na-splatky-protiucet_13_max.webp","medium":"https:\/\/cdn.assetlog.ai\/assets\/120999\/bmw-rad-5-touring-530d-xdrive-m-sport-shadow-at-195kw-a8-aj-na-splatky-protiucet_13_medium.webp","small":"https:\/\/cdn.assetlog.ai\/assets\/120999\/bmw-rad-5-touring-530d-xdrive-m-sport-shadow-at-195kw-a8-aj-na-splatky-protiucet_13_small.webp"},{"id":98201,"max":"https:\/\/cdn.assetlog.ai\/assets\/120999\/bmw-rad-5-touring-530d-xdrive-m-sport-shadow-at-195kw-a8-aj-na-splatky-protiucet_14_max.webp","medium":"https:\/\/cdn.assetlog.ai\/assets\/120999\/bmw-rad-5-touring-530d-xdrive-m-sport-shadow-at-195kw-a8-aj-na-splatky-protiucet_14_medium.webp","small":"https:\/\/cdn.assetlog.ai\/assets\/120999\/bmw-rad-5-touring-530d-xdrive-m-sport-shadow-at-195kw-a8-aj-na-splatky-protiucet_14_small.webp"},{"id":98202,"max":"https:\/\/cdn.assetlog.ai\/assets\/120999\/bmw-rad-5-touring-530d-xdrive-m-sport-shadow-at-195kw-a8-aj-na-splatky-protiucet_15_max.webp","medium":"https:\/\/cdn.assetlog.ai\/assets\/120999\/bmw-rad-5-touring-530d-xdrive-m-sport-shadow-at-195kw-a8-aj-na-splatky-protiucet_15_medium.webp","small":"https:\/\/cdn.assetlog.ai\/assets\/120999\/bmw-rad-5-touring-530d-xdrive-m-sport-shadow-at-195kw-a8-aj-na-splatky-protiucet_15_small.webp"},{"id":98203,"max":"https:\/\/cdn.assetlog.ai\/assets\/120999\/bmw-rad-5-touring-530d-xdrive-m-sport-shadow-at-195kw-a8-aj-na-splatky-protiucet_16_max.webp","medium":"https:\/\/cdn.assetlog.ai\/assets\/120999\/bmw-rad-5-touring-530d-xdrive-m-sport-shadow-at-195kw-a8-aj-na-splatky-protiucet_16_medium.webp","small":"https:\/\/cdn.assetlog.ai\/assets\/120999\/bmw-rad-5-touring-530d-xdrive-m-sport-shadow-at-195kw-a8-aj-na-splatky-protiucet_16_small.webp"},{"id":98204,"max":"https:\/\/cdn.assetlog.ai\/assets\/120999\/bmw-rad-5-touring-530d-xdrive-m-sport-shadow-at-195kw-a8-aj-na-splatky-protiucet_17_max.webp","medium":"https:\/\/cdn.assetlog.ai\/assets\/120999\/bmw-rad-5-touring-530d-xdrive-m-sport-shadow-at-195kw-a8-aj-na-splatky-protiucet_17_medium.webp","small":"https:\/\/cdn.assetlog.ai\/assets\/120999\/bmw-rad-5-touring-530d-xdrive-m-sport-shadow-at-195kw-a8-aj-na-splatky-protiucet_17_small.webp"},{"id":98205,"max":"https:\/\/cdn.assetlog.ai\/assets\/120999\/bmw-rad-5-touring-530d-xdrive-m-sport-shadow-at-195kw-a8-aj-na-splatky-protiucet_18_max.webp","medium":"https:\/\/cdn.assetlog.ai\/assets\/120999\/bmw-rad-5-touring-530d-xdrive-m-sport-shadow-at-195kw-a8-aj-na-splatky-protiucet_18_medium.webp","small":"https:\/\/cdn.assetlog.ai\/assets\/120999\/bmw-rad-5-touring-530d-xdrive-m-sport-shadow-at-195kw-a8-aj-na-splatky-protiucet_18_small.webp"},{"id":98206,"max":"https:\/\/cdn.assetlog.ai\/assets\/120999\/bmw-rad-5-touring-530d-xdrive-m-sport-shadow-at-195kw-a8-aj-na-splatky-protiucet_19_max.webp","medium":"https:\/\/cdn.assetlog.ai\/assets\/120999\/bmw-rad-5-touring-530d-xdrive-m-sport-shadow-at-195kw-a8-aj-na-splatky-protiucet_19_medium.webp","small":"https:\/\/cdn.assetlog.ai\/assets\/120999\/bmw-rad-5-touring-530d-xdrive-m-sport-shadow-at-195kw-a8-aj-na-splatky-protiucet_19_small.webp"},{"id":98207,"max":"https:\/\/cdn.assetlog.ai\/assets\/120999\/bmw-rad-5-touring-530d-xdrive-m-sport-shadow-at-195kw-a8-aj-na-splatky-protiucet_20_max.webp","medium":"https:\/\/cdn.assetlog.ai\/assets\/120999\/bmw-rad-5-touring-530d-xdrive-m-sport-shadow-at-195kw-a8-aj-na-splatky-protiucet_20_medium.webp","small":"https:\/\/cdn.assetlog.ai\/assets\/120999\/bmw-rad-5-touring-530d-xdrive-m-sport-shadow-at-195kw-a8-aj-na-splatky-protiucet_20_small.webp"},{"id":98208,"max":"https:\/\/cdn.assetlog.ai\/assets\/120999\/bmw-rad-5-touring-530d-xdrive-m-sport-shadow-at-195kw-a8-aj-na-splatky-protiucet_21_max.webp","medium":"https:\/\/cdn.assetlog.ai\/assets\/120999\/bmw-rad-5-touring-530d-xdrive-m-sport-shadow-at-195kw-a8-aj-na-splatky-protiucet_21_medium.webp","small":"https:\/\/cdn.assetlog.ai\/assets\/120999\/bmw-rad-5-touring-530d-xdrive-m-sport-shadow-at-195kw-a8-aj-na-splatky-protiucet_21_small.webp"},{"id":98209,"max":"https:\/\/cdn.assetlog.ai\/assets\/120999\/bmw-rad-5-touring-530d-xdrive-m-sport-shadow-at-195kw-a8-aj-na-splatky-protiucet_22_max.webp","medium":"https:\/\/cdn.assetlog.ai\/assets\/120999\/bmw-rad-5-touring-530d-xdrive-m-sport-shadow-at-195kw-a8-aj-na-splatky-protiucet_22_medium.webp","small":"https:\/\/cdn.assetlog.ai\/assets\/120999\/bmw-rad-5-touring-530d-xdrive-m-sport-shadow-at-195kw-a8-aj-na-splatky-protiucet_22_small.webp"},{"id":98210,"max":"https:\/\/cdn.assetlog.ai\/assets\/120999\/bmw-rad-5-touring-530d-xdrive-m-sport-shadow-at-195kw-a8-aj-na-splatky-protiucet_23_max.webp","medium":"https:\/\/cdn.assetlog.ai\/assets\/120999\/bmw-rad-5-touring-530d-xdrive-m-sport-shadow-at-195kw-a8-aj-na-splatky-protiucet_23_medium.webp","small":"https:\/\/cdn.assetlog.ai\/assets\/120999\/bmw-rad-5-touring-530d-xdrive-m-sport-shadow-at-195kw-a8-aj-na-splatky-protiucet_23_small.webp"},{"id":98211,"max":"https:\/\/cdn.assetlog.ai\/assets\/120999\/bmw-rad-5-touring-530d-xdrive-m-sport-shadow-at-195kw-a8-aj-na-splatky-protiucet_24_max.webp","medium":"https:\/\/cdn.assetlog.ai\/assets\/120999\/bmw-rad-5-touring-530d-xdrive-m-sport-shadow-at-195kw-a8-aj-na-splatky-protiucet_24_medium.webp","small":"https:\/\/cdn.assetlog.ai\/assets\/120999\/bmw-rad-5-touring-530d-xdrive-m-sport-shadow-at-195kw-a8-aj-na-splatky-protiucet_24_small.webp"},{"id":98212,"max":"https:\/\/cdn.assetlog.ai\/assets\/120999\/bmw-rad-5-touring-530d-xdrive-m-sport-shadow-at-195kw-a8-aj-na-splatky-protiucet_25_max.webp","medium":"https:\/\/cdn.assetlog.ai\/assets\/120999\/bmw-rad-5-touring-530d-xdrive-m-sport-shadow-at-195kw-a8-aj-na-splatky-protiucet_25_medium.webp","small":"https:\/\/cdn.assetlog.ai\/assets\/120999\/bmw-rad-5-touring-530d-xdrive-m-sport-shadow-at-195kw-a8-aj-na-splatky-protiucet_25_small.webp"},{"id":98213,"max":"https:\/\/cdn.assetlog.ai\/assets\/120999\/bmw-rad-5-touring-530d-xdrive-m-sport-shadow-at-195kw-a8-aj-na-splatky-protiucet_26_max.webp","medium":"https:\/\/cdn.assetlog.ai\/assets\/120999\/bmw-rad-5-touring-530d-xdrive-m-sport-shadow-at-195kw-a8-aj-na-splatky-protiucet_26_medium.webp","small":"https:\/\/cdn.assetlog.ai\/assets\/120999\/bmw-rad-5-touring-530d-xdrive-m-sport-shadow-at-195kw-a8-aj-na-splatky-protiucet_26_small.webp"},{"id":98214,"max":"https:\/\/cdn.assetlog.ai\/assets\/120999\/bmw-rad-5-touring-530d-xdrive-m-sport-shadow-at-195kw-a8-aj-na-splatky-protiucet_27_max.webp","medium":"https:\/\/cdn.assetlog.ai\/assets\/120999\/bmw-rad-5-touring-530d-xdrive-m-sport-shadow-at-195kw-a8-aj-na-splatky-protiucet_27_medium.webp","small":"https:\/\/cdn.assetlog.ai\/assets\/120999\/bmw-rad-5-touring-530d-xdrive-m-sport-shadow-at-195kw-a8-aj-na-splatky-protiucet_27_small.webp"},{"id":98215,"max":"https:\/\/cdn.assetlog.ai\/assets\/120999\/bmw-rad-5-touring-530d-xdrive-m-sport-shadow-at-195kw-a8-aj-na-splatky-protiucet_28_max.webp","medium":"https:\/\/cdn.assetlog.ai\/assets\/120999\/bmw-rad-5-touring-530d-xdrive-m-sport-shadow-at-195kw-a8-aj-na-splatky-protiucet_28_medium.webp","small":"https:\/\/cdn.assetlog.ai\/assets\/120999\/bmw-rad-5-touring-530d-xdrive-m-sport-shadow-at-195kw-a8-aj-na-splatky-protiucet_28_small.webp"},{"id":98216,"max":"https:\/\/cdn.assetlog.ai\/assets\/120999\/bmw-rad-5-touring-530d-xdrive-m-sport-shadow-at-195kw-a8-aj-na-splatky-protiucet_29_max.webp","medium":"https:\/\/cdn.assetlog.ai\/assets\/120999\/bmw-rad-5-touring-530d-xdrive-m-sport-shadow-at-195kw-a8-aj-na-splatky-protiucet_29_medium.webp","small":"https:\/\/cdn.assetlog.ai\/assets\/120999\/bmw-rad-5-touring-530d-xdrive-m-sport-shadow-at-195kw-a8-aj-na-splatky-protiucet_29_small.webp"},{"id":98217,"max":"https:\/\/cdn.assetlog.ai\/assets\/120999\/bmw-rad-5-touring-530d-xdrive-m-sport-shadow-at-195kw-a8-aj-na-splatky-protiucet_30_max.webp","medium":"https:\/\/cdn.assetlog.ai\/assets\/120999\/bmw-rad-5-touring-530d-xdrive-m-sport-shadow-at-195kw-a8-aj-na-splatky-protiucet_30_medium.webp","small":"https:\/\/cdn.assetlog.ai\/assets\/120999\/bmw-rad-5-touring-530d-xdrive-m-sport-shadow-at-195kw-a8-aj-na-splatky-protiucet_30_small.webp"},{"id":98218,"max":"https:\/\/cdn.assetlog.ai\/assets\/120999\/bmw-rad-5-touring-530d-xdrive-m-sport-shadow-at-195kw-a8-aj-na-splatky-protiucet_31_max.webp","medium":"https:\/\/cdn.assetlog.ai\/assets\/120999\/bmw-rad-5-touring-530d-xdrive-m-sport-shadow-at-195kw-a8-aj-na-splatky-protiucet_31_medium.webp","small":"https:\/\/cdn.assetlog.ai\/assets\/120999\/bmw-rad-5-touring-530d-xdrive-m-sport-shadow-at-195kw-a8-aj-na-splatky-protiucet_31_small.webp"},{"id":98219,"max":"https:\/\/cdn.assetlog.ai\/assets\/120999\/bmw-rad-5-touring-530d-xdrive-m-sport-shadow-at-195kw-a8-aj-na-splatky-protiucet_32_max.webp","medium":"https:\/\/cdn.assetlog.ai\/assets\/120999\/bmw-rad-5-touring-530d-xdrive-m-sport-shadow-at-195kw-a8-aj-na-splatky-protiucet_32_medium.webp","small":"https:\/\/cdn.assetlog.ai\/assets\/120999\/bmw-rad-5-touring-530d-xdrive-m-sport-shadow-at-195kw-a8-aj-na-splatky-protiucet_32_small.webp"},{"id":98220,"max":"https:\/\/cdn.assetlog.ai\/assets\/120999\/bmw-rad-5-touring-530d-xdrive-m-sport-shadow-at-195kw-a8-aj-na-splatky-protiucet_33_max.webp","medium":"https:\/\/cdn.assetlog.ai\/assets\/120999\/bmw-rad-5-touring-530d-xdrive-m-sport-shadow-at-195kw-a8-aj-na-splatky-protiucet_33_medium.webp","small":"https:\/\/cdn.assetlog.ai\/assets\/120999\/bmw-rad-5-touring-530d-xdrive-m-sport-shadow-at-195kw-a8-aj-na-splatky-protiucet_33_small.webp"},{"id":98221,"max":"https:\/\/cdn.assetlog.ai\/assets\/120999\/bmw-rad-5-touring-530d-xdrive-m-sport-shadow-at-195kw-a8-aj-na-splatky-protiucet_34_max.webp","medium":"https:\/\/cdn.assetlog.ai\/assets\/120999\/bmw-rad-5-touring-530d-xdrive-m-sport-shadow-at-195kw-a8-aj-na-splatky-protiucet_34_medium.webp","small":"https:\/\/cdn.assetlog.ai\/assets\/120999\/bmw-rad-5-touring-530d-xdrive-m-sport-shadow-at-195kw-a8-aj-na-splatky-protiucet_34_small.webp"},{"id":98222,"max":"https:\/\/cdn.assetlog.ai\/assets\/120999\/bmw-rad-5-touring-530d-xdrive-m-sport-shadow-at-195kw-a8-aj-na-splatky-protiucet_35_max.webp","medium":"https:\/\/cdn.assetlog.ai\/assets\/120999\/bmw-rad-5-touring-530d-xdrive-m-sport-shadow-at-195kw-a8-aj-na-splatky-protiucet_35_medium.webp","small":"https:\/\/cdn.assetlog.ai\/assets\/120999\/bmw-rad-5-touring-530d-xdrive-m-sport-shadow-at-195kw-a8-aj-na-splatky-protiucet_35_small.webp"},{"id":98223,"max":"https:\/\/cdn.assetlog.ai\/assets\/120999\/bmw-rad-5-touring-530d-xdrive-m-sport-shadow-at-195kw-a8-aj-na-splatky-protiucet_36_max.webp","medium":"https:\/\/cdn.assetlog.ai\/assets\/120999\/bmw-rad-5-touring-530d-xdrive-m-sport-shadow-at-195kw-a8-aj-na-splatky-protiucet_36_medium.webp","small":"https:\/\/cdn.assetlog.ai\/assets\/120999\/bmw-rad-5-touring-530d-xdrive-m-sport-shadow-at-195kw-a8-aj-na-splatky-protiucet_36_small.webp"},{"id":98224,"max":"https:\/\/cdn.assetlog.ai\/assets\/120999\/bmw-rad-5-touring-530d-xdrive-m-sport-shadow-at-195kw-a8-aj-na-splatky-protiucet_37_max.webp","medium":"https:\/\/cdn.assetlog.ai\/assets\/120999\/bmw-rad-5-touring-530d-xdrive-m-sport-shadow-at-195kw-a8-aj-na-splatky-protiucet_37_medium.webp","small":"https:\/\/cdn.assetlog.ai\/assets\/120999\/bmw-rad-5-touring-530d-xdrive-m-sport-shadow-at-195kw-a8-aj-na-splatky-protiucet_37_small.webp"},{"id":98225,"max":"https:\/\/cdn.assetlog.ai\/assets\/120999\/bmw-rad-5-touring-530d-xdrive-m-sport-shadow-at-195kw-a8-aj-na-splatky-protiucet_38_max.webp","medium":"https:\/\/cdn.assetlog.ai\/assets\/120999\/bmw-rad-5-touring-530d-xdrive-m-sport-shadow-at-195kw-a8-aj-na-splatky-protiucet_38_medium.webp","small":"https:\/\/cdn.assetlog.ai\/assets\/120999\/bmw-rad-5-touring-530d-xdrive-m-sport-shadow-at-195kw-a8-aj-na-splatky-protiucet_38_small.webp"},{"id":98226,"max":"https:\/\/cdn.assetlog.ai\/assets\/120999\/bmw-rad-5-touring-530d-xdrive-m-sport-shadow-at-195kw-a8-aj-na-splatky-protiucet_39_max.webp","medium":"https:\/\/cdn.assetlog.ai\/assets\/120999\/bmw-rad-5-touring-530d-xdrive-m-sport-shadow-at-195kw-a8-aj-na-splatky-protiucet_39_medium.webp","small":"https:\/\/cdn.assetlog.ai\/assets\/120999\/bmw-rad-5-touring-530d-xdrive-m-sport-shadow-at-195kw-a8-aj-na-splatky-protiucet_39_small.webp"},{"id":98227,"max":"https:\/\/cdn.assetlog.ai\/assets\/120999\/bmw-rad-5-touring-530d-xdrive-m-sport-shadow-at-195kw-a8-aj-na-splatky-protiucet_40_max.webp","medium":"https:\/\/cdn.assetlog.ai\/assets\/120999\/bmw-rad-5-touring-530d-xdrive-m-sport-shadow-at-195kw-a8-aj-na-splatky-protiucet_40_medium.webp","small":"https:\/\/cdn.assetlog.ai\/assets\/120999\/bmw-rad-5-touring-530d-xdrive-m-sport-shadow-at-195kw-a8-aj-na-splatky-protiucet_40_small.webp"}],"published_at":null,"expires_at":null,"created_at":"2026-07-16T03:40:02+00:00","updated_at":"2026-09-01T03:41:56+00:00"}}