{"data":{"id":154710,"slug":"bmw-rad-5-touring-g31-530d-xdrive-sportline-195kw-a8-zaruka-aj-na-splatky-protiucet","type":"vehicle","title":"BMW Series 5 Touring G31 530d xDrive Sportline \/ 195kW \/ A8 \/ WARRANTY \/ ENGLISH AVAILABLE \/ INSTALLMENT PLANS \/ TRADE-IN","description":"The vehicle has been regularly and thoroughly maintained and is in very good technical and visual condition. Important service work has been performed preventively and as needed.\n\nService at 110,000 km:\n\nDifferential seal replacement\nNew differential oil\nAutomatic transmission oil change\n\nService at 130,000 km:\n\nComplete front and rear brake replacement\n\nAdditional service work:\n\nControl unit replacement\nBackup battery replacement\nHardy coupling replacement\n\nAdditional information:\n\nRegularly and thoroughly serviced vehicle\nVery good technical and visual condition\nSportline equipment\n4x4 xDrive all-wheel drive\n\nThe BMW G31 530d xDrive Sportline is an elegant and spacious premium estate car that offers a combination of sporty character, comfort and practicality. The powerful 3.0 530d diesel engine combined with xDrive all-wheel drive ensures excellent dynamics, high torque and driving confidence in all conditions.\n\nCommission sale - you are buying the vehicle directly from the owner.\n\nThe vehicle has passed insurance record checks, execution checks, paint thickness measurement and document verification. Physically inspected, also via the vehicle's operating record registry.\n\nWe offer favorable financing with monthly installments, so you can enjoy your new car immediately and without delay with 0% down payment and installments up to 96 months.\n\nFor your greater convenience and peace of mind, we can provide you with an extended warranty of up to 12-36 months.\n\nIf you already own a car, you don't have to worry about selling it - in return we'll take it directly from you. Just come to us with it, we'll evaluate it and deduct the value from your new car. You'll save time, hassle and money, and the whole process will be quick and easy - you'll drive away in your new car without unnecessary paperwork.\n\nTHE VEHICLE IS LOCATED IN \u017dilina.\nFor more information, please call us at 0915 606 702. Registration: AA807BB. MOT valid until: 2027-06-06. Technical inspection valid until: 2027-06-06.\n\nTechnical specifications\n\nYear of manufacture: 04\/19, 2993 cc, 195kW (265 PS), Vehicle generation: , Drivetrain: 4\u00d74, Automatic transmission (8-speed), Diesel, EURO 6, 5-door, (5-seater), 131,287 km, Gray metallic, VIN WBAJN51060B265718\n\nVehicle consumption (l\/100km)\n\nUrban: 6, Extra-urban: 4.9, Combined: 5.3\n\nLeasing available, Credit available","language":"cs","is_translated":true,"title_original":"BMW Rad 5 Touring G31 530d xDrive Sportline \/ 195kW \/ A8 \/ Z\u00c1RUKA \/ AJ NA SPL\u00c1TKY \/ PROTI\u00da\u010cET","description_original":"O vozidlo bylo pravideln\u011b a d\u016fkladn\u011b pe\u010dov\u00e1no a je ve velmi dobr\u00e9m technick\u00e9m i vizu\u00e1ln\u00edm stavu. D\u016fle\u017eit\u00e9 servisn\u00ed \u00fakony byly prov\u00e1d\u011bny preventivn\u011b a podle pot\u0159eby.\n\nServis p\u0159i 110 000 km:\n\nT\u011bsn\u011bn\u00ed diferenci\u00e1lu\nNov\u00fd olej v diferenci\u00e1lu\nV\u00fdm\u011bna oleje v automatick\u00e9 p\u0159evodovce\n\nServis p\u0159i 130 000 km:\n\nKompletn\u00ed v\u00fdm\u011bna p\u0159edn\u00edch a zadn\u00edch brzd\n\nDal\u0161\u00ed servisn\u00ed \u00fakony:\n\nV\u00fdm\u011bna \u0159\u00eddic\u00ed jednotky\nV\u00fdm\u011bna z\u00e1lo\u017en\u00ed baterie\nV\u00fdm\u011bna spojky Hardy\n\nDal\u0161\u00ed informace:\n\nVozidlo pravideln\u011b a d\u016fkladn\u011b servisovan\u00e9\nVelmi dobr\u00fd technick\u00fd i vizu\u00e1ln\u00ed stav\nV\u00fdbava Sportline\nPohon xDrive 4x4\n\nBMW G31 530d xDrive Sportline je elegantn\u00ed a prostorn\u00e9 pr\u00e9miov\u00e9 kombi, kter\u00e9 nab\u00edz\u00ed kombinaci sportovn\u00edho charakteru, komfortu a prakti\u010dnosti. V\u00fdkonn\u00fd dieselov\u00fd motor 3.0 530d ve spojen\u00ed s pohonem v\u0161ech kol xDrive zaji\u0161\u0165uje vynikaj\u00edc\u00ed dynamiku, vysok\u00fd to\u010div\u00fd moment a jistotu p\u0159i j\u00edzd\u011b za v\u0161ech podm\u00ednek.\n\nKomisn\u00ed prodej - vozidlo kupujete p\u0159\u00edmo od majitele.\n\nVozidlo pro\u0161lo kontrolou z\u00e1znam\u016f o poji\u0161t\u011bn\u00ed, exekuc\u00ed, m\u011b\u0159en\u00edm laku a kontrolou doklad\u016f. Zkontrolov\u00e1no fyzicky, tak\u00e9 prost\u0159ednictv\u00edm registru provozn\u00edch z\u00e1znam\u016f vozidla.\n\nNab\u00edz\u00edme v\u00fdhodn\u00e9 financov\u00e1n\u00ed na m\u011bs\u00ed\u010dn\u00ed spl\u00e1tky, tak\u017ee si sv\u016fj nov\u00fd v\u016fz m\u016f\u017eete u\u017e\u00edvat hned a bez \u010dek\u00e1n\u00ed s akontac\u00ed 0 % a spl\u00e1tkami a\u017e na 96 m\u011bs\u00edc\u016f.\n\nPro va\u0161e v\u011bt\u0161\u00ed pohodl\u00ed a jistotu v\u00e1m m\u016f\u017eeme poskytnout prodlou\u017eenou z\u00e1ruku a\u017e na 12-36 m\u011bs\u00edc\u016f.\n\nPokud ji\u017e v\u016fz vlastn\u00edte, nemus\u00edte se zab\u00fdvat jeho prodejem - na opl\u00e1tku si ho od v\u00e1s p\u0159\u00edmo vezmeme. Sta\u010d\u00ed, kdy\u017e k n\u00e1m s n\u00edm p\u0159ijdete, my ho ocen\u00edme a n\u00e1klady ode\u010dteme od hodnoty va\u0161eho nov\u00e9ho vozu. U\u0161et\u0159\u00edte tak \u010das, starosti i pen\u00edze a cel\u00fd proces bude rychl\u00fd a snadn\u00fd - odjedete rovnou ve sv\u00e9m nov\u00e9m voze bez zbyte\u010dn\u00e9ho pap\u00edrov\u00e1n\u00ed.\n\nVOZIDLO SE NACH\u00c1Z\u00cd V \u017diline.\nV\u00edce informac\u00ed v\u00e1m r\u00e1di poskytneme na telefonn\u00edm \u010d\u00edsle 0915 606 702. E\u010cV: AA807BB. EK platn\u00e1 do: 2027-06-06. STK platn\u00e1 do: 2027-06-06.\n\nTechnick\u00e9 \u00fadaje\n\nv.v.: 04\/19, 2993cm\u00b3, 195kW (265PS), Generace vozidla: , Pohon: 4\u00d74, Automatick\u00e1 p\u0159evodovka (8 st.), Diesel, EURO 6, 5 dv., (5-m\u00edstn\u00fd), 131 287km, \u0160ed\u00e1 metal\u00edza, VIN WBAJN51060B265718\n\nSpot\u0159eba vozidla (l\/100km)\n\nVe m\u011bst\u011b: 6, mimo m\u011bsto: 4.9, kombinovan\u00e1: 5.3\n\nMo\u017en\u00fd leasing, Mo\u017en\u00fd \u00fav\u011br","price":"627399.00","currency":"CZK","status":"active","noindex":true,"location":{"address":null,"full_address":null,"city":"\u017dilina","country":"SK","latitude":49.2234674,"longitude":18.7393139},"metadata":{"vin":"WBAJN51060B265718","fuel":"diesel","year":2019,"brand":"BMW","color":"Grey","doors":5,"drive":"AWD \/ 4x4","model":"rad 5 Touring","seats":5,"region":"\u017dilinsk\u00fd kraj","mileage":131287,"emisions":"Euro 6","features":["Alarm","EBD\/EBV","ABS","ESP","DSC\/DTC","Brzdov\u00fd asistent (EBA, BAS)","ISOFIX na zadn\u00edch sedadlech","Deaktivace airbagu spolujezdce","Nat\u00e1\u010dec\u00ed sv\u011btlomety","Senzor tlaku","Syst\u00e9m rozpozn\u00e1v\u00e1n\u00ed dopravn\u00edch zna\u010dek","Sledov\u00e1n\u00ed \u00fanavy \u0159idi\u010de","Asistent d\u00e1lkov\u00fdch sv\u011btel (HBA)","Centr\u00e1ln\u00ed zamyk\u00e1n\u00ed","Zadn\u00ed el. stahovateln\u00e1 okna","El. nastaviteln\u00e1 p\u0159edn\u00ed sedadla","Elektricky nastaviteln\u00e1 zp\u011btn\u00e1 zrc\u00e1tka","Automatick\u00e1 2-z\u00f3nov\u00e1 klimatizace","Centr\u00e1ln\u00ed zamyk\u00e1n\u00ed na d\u00e1lkov\u00e9 ovl\u00e1d\u00e1n\u00ed","Autor\u00e1dio","Nez\u00e1visl\u00e9 topen\u00ed","Multifunk\u010dn\u00ed volant","Loketn\u00ed op\u011brka vp\u0159edu","Head-up display","Start\/Stop syst\u00e9m","Apple Car Play","Android Auto","Welcome light","Digit\u00e1ln\u00ed p\u0159\u00edstrojov\u00e1 deska","Bezdr\u00e1tov\u00e1 nab\u00edje\u010dka mobiln\u00edch telefon\u016f","Lit\u00e1 kola","Mlhovky","Imobiliz\u00e9r","Palubn\u00ed po\u010d\u00edta\u010d","Navigace","Automatick\u00e9 parkov\u00e1n\u00ed","St\u0159e\u0161n\u00ed nosi\u010d","Ta\u017en\u00e9 za\u0159\u00edzen\u00ed","Ko\u017een\u00fd interi\u00e9r","Vyh\u0159\u00edvan\u00e1 sedadla","Elektricky vyh\u0159\u00edvan\u00e1 zp\u011btn\u00e1 zrc\u00e1tka","Senzor st\u011bra\u010d\u016f","Sv\u011bteln\u00fd senzor","Parkovac\u00ed kamera","P\u0159edn\u00ed a zadn\u00ed parkovac\u00ed senzory","Adaptivn\u00ed tempomat","Bezkl\u00ed\u010dov\u00fd vstup","El. ovl\u00e1dan\u00fd kufr","Elektrick\u00e9 dov\u00edr\u00e1n\u00ed zavazadlov\u00e9ho prostoru","Ventilovan\u00e1 p\u0159edn\u00ed sedadla","Bluetooth","Denn\u00ed sv\u00edcen\u00ed","LED sv\u011btlomety","Pam\u011b\u0165 nastaven\u00ed sedadla \u0159idi\u010de","Mo\u017en\u00fd leasing","Mo\u017en\u00fd \u00faver","Adaptivn\u00ed podvozek","Odo-pass","Asistent udr\u017eov\u00e1n\u00ed v j\u00edzdn\u00edm pruhu","Asistent rozjezdu do kopce","Hl\u00edd\u00e1n\u00ed mrtv\u00e9ho \u00fahlu"],"power_kw":195,"body_type":"Estate","condition":"Used","transmission":"automatic","vat_deductible":true,"consumption_city":6,"translation_hash":"b21066575a90e4b1216055104fd260c042ddcb0c","vehicle_category":"car","engine_volume_cm3":2993,"first_registration":"2019-04-01","translation_status":"done","consumption_highway":4.9,"consumption_combined":5.3},"user_id":51,"is_sponsored":false,"views_count":16,"ai_views_count":8,"ai_vendor_counts":{"meta":5,"openai":2,"anthropic":1},"visibility":"public","submission_source":null,"submission_ai_name":null,"has_owner_email":true,"can_contact_owner":true,"phone":"0915 606 702","owner_email":"gazo@autorro.sk","user":{"id":51,"slug":"matej-gazo-51","name":"Matej Ga\u017eo","bio":"Makl\u00e9r. P\u016fsob\u00edm v \u017diline a okol\u00ed.\n\nP\u016fsobnost: \u017dilina","nationality":"SK","languages":["cs","sk"],"service_areas":[],"card_style":null,"card_palette":null,"avatar_url":"https:\/\/cdn.assetlog.ai\/avatars\/51\/avatar_max.webp?v=1786535213","avatar_thumb_url":"https:\/\/cdn.assetlog.ai\/avatars\/51\/avatar_small.webp?v=1786535213","reviews_count":0,"avg_rating":null,"seller_badge":"silver","can_calendar":true,"joined_at":"2026-06-07T14:20:25+00:00","primary_intent":null,"seeking":[],"public_assets_count":31,"public_prompts_count":0,"followers_count":0},"images":[{"id":115829,"max":"https:\/\/cdn.assetlog.ai\/assets\/154710\/bmw-rad-5-touring-g31-530d-xdrive-sportline-195kw-a8-zaruka-aj-na-splatky-protiucet_1_max.webp","medium":"https:\/\/cdn.assetlog.ai\/assets\/154710\/bmw-rad-5-touring-g31-530d-xdrive-sportline-195kw-a8-zaruka-aj-na-splatky-protiucet_1_medium.webp","small":"https:\/\/cdn.assetlog.ai\/assets\/154710\/bmw-rad-5-touring-g31-530d-xdrive-sportline-195kw-a8-zaruka-aj-na-splatky-protiucet_1_small.webp"},{"id":115830,"max":"https:\/\/cdn.assetlog.ai\/assets\/154710\/bmw-rad-5-touring-g31-530d-xdrive-sportline-195kw-a8-zaruka-aj-na-splatky-protiucet_2_max.webp","medium":"https:\/\/cdn.assetlog.ai\/assets\/154710\/bmw-rad-5-touring-g31-530d-xdrive-sportline-195kw-a8-zaruka-aj-na-splatky-protiucet_2_medium.webp","small":"https:\/\/cdn.assetlog.ai\/assets\/154710\/bmw-rad-5-touring-g31-530d-xdrive-sportline-195kw-a8-zaruka-aj-na-splatky-protiucet_2_small.webp"},{"id":115831,"max":"https:\/\/cdn.assetlog.ai\/assets\/154710\/bmw-rad-5-touring-g31-530d-xdrive-sportline-195kw-a8-zaruka-aj-na-splatky-protiucet_3_max.webp","medium":"https:\/\/cdn.assetlog.ai\/assets\/154710\/bmw-rad-5-touring-g31-530d-xdrive-sportline-195kw-a8-zaruka-aj-na-splatky-protiucet_3_medium.webp","small":"https:\/\/cdn.assetlog.ai\/assets\/154710\/bmw-rad-5-touring-g31-530d-xdrive-sportline-195kw-a8-zaruka-aj-na-splatky-protiucet_3_small.webp"},{"id":115832,"max":"https:\/\/cdn.assetlog.ai\/assets\/154710\/bmw-rad-5-touring-g31-530d-xdrive-sportline-195kw-a8-zaruka-aj-na-splatky-protiucet_4_max.webp","medium":"https:\/\/cdn.assetlog.ai\/assets\/154710\/bmw-rad-5-touring-g31-530d-xdrive-sportline-195kw-a8-zaruka-aj-na-splatky-protiucet_4_medium.webp","small":"https:\/\/cdn.assetlog.ai\/assets\/154710\/bmw-rad-5-touring-g31-530d-xdrive-sportline-195kw-a8-zaruka-aj-na-splatky-protiucet_4_small.webp"},{"id":115833,"max":"https:\/\/cdn.assetlog.ai\/assets\/154710\/bmw-rad-5-touring-g31-530d-xdrive-sportline-195kw-a8-zaruka-aj-na-splatky-protiucet_5_max.webp","medium":"https:\/\/cdn.assetlog.ai\/assets\/154710\/bmw-rad-5-touring-g31-530d-xdrive-sportline-195kw-a8-zaruka-aj-na-splatky-protiucet_5_medium.webp","small":"https:\/\/cdn.assetlog.ai\/assets\/154710\/bmw-rad-5-touring-g31-530d-xdrive-sportline-195kw-a8-zaruka-aj-na-splatky-protiucet_5_small.webp"},{"id":115834,"max":"https:\/\/cdn.assetlog.ai\/assets\/154710\/bmw-rad-5-touring-g31-530d-xdrive-sportline-195kw-a8-zaruka-aj-na-splatky-protiucet_6_max.webp","medium":"https:\/\/cdn.assetlog.ai\/assets\/154710\/bmw-rad-5-touring-g31-530d-xdrive-sportline-195kw-a8-zaruka-aj-na-splatky-protiucet_6_medium.webp","small":"https:\/\/cdn.assetlog.ai\/assets\/154710\/bmw-rad-5-touring-g31-530d-xdrive-sportline-195kw-a8-zaruka-aj-na-splatky-protiucet_6_small.webp"},{"id":115835,"max":"https:\/\/cdn.assetlog.ai\/assets\/154710\/bmw-rad-5-touring-g31-530d-xdrive-sportline-195kw-a8-zaruka-aj-na-splatky-protiucet_7_max.webp","medium":"https:\/\/cdn.assetlog.ai\/assets\/154710\/bmw-rad-5-touring-g31-530d-xdrive-sportline-195kw-a8-zaruka-aj-na-splatky-protiucet_7_medium.webp","small":"https:\/\/cdn.assetlog.ai\/assets\/154710\/bmw-rad-5-touring-g31-530d-xdrive-sportline-195kw-a8-zaruka-aj-na-splatky-protiucet_7_small.webp"},{"id":115836,"max":"https:\/\/cdn.assetlog.ai\/assets\/154710\/bmw-rad-5-touring-g31-530d-xdrive-sportline-195kw-a8-zaruka-aj-na-splatky-protiucet_8_max.webp","medium":"https:\/\/cdn.assetlog.ai\/assets\/154710\/bmw-rad-5-touring-g31-530d-xdrive-sportline-195kw-a8-zaruka-aj-na-splatky-protiucet_8_medium.webp","small":"https:\/\/cdn.assetlog.ai\/assets\/154710\/bmw-rad-5-touring-g31-530d-xdrive-sportline-195kw-a8-zaruka-aj-na-splatky-protiucet_8_small.webp"},{"id":115837,"max":"https:\/\/cdn.assetlog.ai\/assets\/154710\/bmw-rad-5-touring-g31-530d-xdrive-sportline-195kw-a8-zaruka-aj-na-splatky-protiucet_9_max.webp","medium":"https:\/\/cdn.assetlog.ai\/assets\/154710\/bmw-rad-5-touring-g31-530d-xdrive-sportline-195kw-a8-zaruka-aj-na-splatky-protiucet_9_medium.webp","small":"https:\/\/cdn.assetlog.ai\/assets\/154710\/bmw-rad-5-touring-g31-530d-xdrive-sportline-195kw-a8-zaruka-aj-na-splatky-protiucet_9_small.webp"},{"id":115838,"max":"https:\/\/cdn.assetlog.ai\/assets\/154710\/bmw-rad-5-touring-g31-530d-xdrive-sportline-195kw-a8-zaruka-aj-na-splatky-protiucet_10_max.webp","medium":"https:\/\/cdn.assetlog.ai\/assets\/154710\/bmw-rad-5-touring-g31-530d-xdrive-sportline-195kw-a8-zaruka-aj-na-splatky-protiucet_10_medium.webp","small":"https:\/\/cdn.assetlog.ai\/assets\/154710\/bmw-rad-5-touring-g31-530d-xdrive-sportline-195kw-a8-zaruka-aj-na-splatky-protiucet_10_small.webp"},{"id":115839,"max":"https:\/\/cdn.assetlog.ai\/assets\/154710\/bmw-rad-5-touring-g31-530d-xdrive-sportline-195kw-a8-zaruka-aj-na-splatky-protiucet_11_max.webp","medium":"https:\/\/cdn.assetlog.ai\/assets\/154710\/bmw-rad-5-touring-g31-530d-xdrive-sportline-195kw-a8-zaruka-aj-na-splatky-protiucet_11_medium.webp","small":"https:\/\/cdn.assetlog.ai\/assets\/154710\/bmw-rad-5-touring-g31-530d-xdrive-sportline-195kw-a8-zaruka-aj-na-splatky-protiucet_11_small.webp"},{"id":115840,"max":"https:\/\/cdn.assetlog.ai\/assets\/154710\/bmw-rad-5-touring-g31-530d-xdrive-sportline-195kw-a8-zaruka-aj-na-splatky-protiucet_12_max.webp","medium":"https:\/\/cdn.assetlog.ai\/assets\/154710\/bmw-rad-5-touring-g31-530d-xdrive-sportline-195kw-a8-zaruka-aj-na-splatky-protiucet_12_medium.webp","small":"https:\/\/cdn.assetlog.ai\/assets\/154710\/bmw-rad-5-touring-g31-530d-xdrive-sportline-195kw-a8-zaruka-aj-na-splatky-protiucet_12_small.webp"},{"id":115841,"max":"https:\/\/cdn.assetlog.ai\/assets\/154710\/bmw-rad-5-touring-g31-530d-xdrive-sportline-195kw-a8-zaruka-aj-na-splatky-protiucet_13_max.webp","medium":"https:\/\/cdn.assetlog.ai\/assets\/154710\/bmw-rad-5-touring-g31-530d-xdrive-sportline-195kw-a8-zaruka-aj-na-splatky-protiucet_13_medium.webp","small":"https:\/\/cdn.assetlog.ai\/assets\/154710\/bmw-rad-5-touring-g31-530d-xdrive-sportline-195kw-a8-zaruka-aj-na-splatky-protiucet_13_small.webp"},{"id":115842,"max":"https:\/\/cdn.assetlog.ai\/assets\/154710\/bmw-rad-5-touring-g31-530d-xdrive-sportline-195kw-a8-zaruka-aj-na-splatky-protiucet_14_max.webp","medium":"https:\/\/cdn.assetlog.ai\/assets\/154710\/bmw-rad-5-touring-g31-530d-xdrive-sportline-195kw-a8-zaruka-aj-na-splatky-protiucet_14_medium.webp","small":"https:\/\/cdn.assetlog.ai\/assets\/154710\/bmw-rad-5-touring-g31-530d-xdrive-sportline-195kw-a8-zaruka-aj-na-splatky-protiucet_14_small.webp"},{"id":115843,"max":"https:\/\/cdn.assetlog.ai\/assets\/154710\/bmw-rad-5-touring-g31-530d-xdrive-sportline-195kw-a8-zaruka-aj-na-splatky-protiucet_15_max.webp","medium":"https:\/\/cdn.assetlog.ai\/assets\/154710\/bmw-rad-5-touring-g31-530d-xdrive-sportline-195kw-a8-zaruka-aj-na-splatky-protiucet_15_medium.webp","small":"https:\/\/cdn.assetlog.ai\/assets\/154710\/bmw-rad-5-touring-g31-530d-xdrive-sportline-195kw-a8-zaruka-aj-na-splatky-protiucet_15_small.webp"},{"id":115844,"max":"https:\/\/cdn.assetlog.ai\/assets\/154710\/bmw-rad-5-touring-g31-530d-xdrive-sportline-195kw-a8-zaruka-aj-na-splatky-protiucet_16_max.webp","medium":"https:\/\/cdn.assetlog.ai\/assets\/154710\/bmw-rad-5-touring-g31-530d-xdrive-sportline-195kw-a8-zaruka-aj-na-splatky-protiucet_16_medium.webp","small":"https:\/\/cdn.assetlog.ai\/assets\/154710\/bmw-rad-5-touring-g31-530d-xdrive-sportline-195kw-a8-zaruka-aj-na-splatky-protiucet_16_small.webp"},{"id":115845,"max":"https:\/\/cdn.assetlog.ai\/assets\/154710\/bmw-rad-5-touring-g31-530d-xdrive-sportline-195kw-a8-zaruka-aj-na-splatky-protiucet_17_max.webp","medium":"https:\/\/cdn.assetlog.ai\/assets\/154710\/bmw-rad-5-touring-g31-530d-xdrive-sportline-195kw-a8-zaruka-aj-na-splatky-protiucet_17_medium.webp","small":"https:\/\/cdn.assetlog.ai\/assets\/154710\/bmw-rad-5-touring-g31-530d-xdrive-sportline-195kw-a8-zaruka-aj-na-splatky-protiucet_17_small.webp"},{"id":115846,"max":"https:\/\/cdn.assetlog.ai\/assets\/154710\/bmw-rad-5-touring-g31-530d-xdrive-sportline-195kw-a8-zaruka-aj-na-splatky-protiucet_18_max.webp","medium":"https:\/\/cdn.assetlog.ai\/assets\/154710\/bmw-rad-5-touring-g31-530d-xdrive-sportline-195kw-a8-zaruka-aj-na-splatky-protiucet_18_medium.webp","small":"https:\/\/cdn.assetlog.ai\/assets\/154710\/bmw-rad-5-touring-g31-530d-xdrive-sportline-195kw-a8-zaruka-aj-na-splatky-protiucet_18_small.webp"},{"id":115847,"max":"https:\/\/cdn.assetlog.ai\/assets\/154710\/bmw-rad-5-touring-g31-530d-xdrive-sportline-195kw-a8-zaruka-aj-na-splatky-protiucet_19_max.webp","medium":"https:\/\/cdn.assetlog.ai\/assets\/154710\/bmw-rad-5-touring-g31-530d-xdrive-sportline-195kw-a8-zaruka-aj-na-splatky-protiucet_19_medium.webp","small":"https:\/\/cdn.assetlog.ai\/assets\/154710\/bmw-rad-5-touring-g31-530d-xdrive-sportline-195kw-a8-zaruka-aj-na-splatky-protiucet_19_small.webp"},{"id":115848,"max":"https:\/\/cdn.assetlog.ai\/assets\/154710\/bmw-rad-5-touring-g31-530d-xdrive-sportline-195kw-a8-zaruka-aj-na-splatky-protiucet_20_max.webp","medium":"https:\/\/cdn.assetlog.ai\/assets\/154710\/bmw-rad-5-touring-g31-530d-xdrive-sportline-195kw-a8-zaruka-aj-na-splatky-protiucet_20_medium.webp","small":"https:\/\/cdn.assetlog.ai\/assets\/154710\/bmw-rad-5-touring-g31-530d-xdrive-sportline-195kw-a8-zaruka-aj-na-splatky-protiucet_20_small.webp"},{"id":115849,"max":"https:\/\/cdn.assetlog.ai\/assets\/154710\/bmw-rad-5-touring-g31-530d-xdrive-sportline-195kw-a8-zaruka-aj-na-splatky-protiucet_21_max.webp","medium":"https:\/\/cdn.assetlog.ai\/assets\/154710\/bmw-rad-5-touring-g31-530d-xdrive-sportline-195kw-a8-zaruka-aj-na-splatky-protiucet_21_medium.webp","small":"https:\/\/cdn.assetlog.ai\/assets\/154710\/bmw-rad-5-touring-g31-530d-xdrive-sportline-195kw-a8-zaruka-aj-na-splatky-protiucet_21_small.webp"},{"id":115850,"max":"https:\/\/cdn.assetlog.ai\/assets\/154710\/bmw-rad-5-touring-g31-530d-xdrive-sportline-195kw-a8-zaruka-aj-na-splatky-protiucet_22_max.webp","medium":"https:\/\/cdn.assetlog.ai\/assets\/154710\/bmw-rad-5-touring-g31-530d-xdrive-sportline-195kw-a8-zaruka-aj-na-splatky-protiucet_22_medium.webp","small":"https:\/\/cdn.assetlog.ai\/assets\/154710\/bmw-rad-5-touring-g31-530d-xdrive-sportline-195kw-a8-zaruka-aj-na-splatky-protiucet_22_small.webp"},{"id":115851,"max":"https:\/\/cdn.assetlog.ai\/assets\/154710\/bmw-rad-5-touring-g31-530d-xdrive-sportline-195kw-a8-zaruka-aj-na-splatky-protiucet_23_max.webp","medium":"https:\/\/cdn.assetlog.ai\/assets\/154710\/bmw-rad-5-touring-g31-530d-xdrive-sportline-195kw-a8-zaruka-aj-na-splatky-protiucet_23_medium.webp","small":"https:\/\/cdn.assetlog.ai\/assets\/154710\/bmw-rad-5-touring-g31-530d-xdrive-sportline-195kw-a8-zaruka-aj-na-splatky-protiucet_23_small.webp"},{"id":115852,"max":"https:\/\/cdn.assetlog.ai\/assets\/154710\/bmw-rad-5-touring-g31-530d-xdrive-sportline-195kw-a8-zaruka-aj-na-splatky-protiucet_24_max.webp","medium":"https:\/\/cdn.assetlog.ai\/assets\/154710\/bmw-rad-5-touring-g31-530d-xdrive-sportline-195kw-a8-zaruka-aj-na-splatky-protiucet_24_medium.webp","small":"https:\/\/cdn.assetlog.ai\/assets\/154710\/bmw-rad-5-touring-g31-530d-xdrive-sportline-195kw-a8-zaruka-aj-na-splatky-protiucet_24_small.webp"},{"id":115853,"max":"https:\/\/cdn.assetlog.ai\/assets\/154710\/bmw-rad-5-touring-g31-530d-xdrive-sportline-195kw-a8-zaruka-aj-na-splatky-protiucet_25_max.webp","medium":"https:\/\/cdn.assetlog.ai\/assets\/154710\/bmw-rad-5-touring-g31-530d-xdrive-sportline-195kw-a8-zaruka-aj-na-splatky-protiucet_25_medium.webp","small":"https:\/\/cdn.assetlog.ai\/assets\/154710\/bmw-rad-5-touring-g31-530d-xdrive-sportline-195kw-a8-zaruka-aj-na-splatky-protiucet_25_small.webp"},{"id":115854,"max":"https:\/\/cdn.assetlog.ai\/assets\/154710\/bmw-rad-5-touring-g31-530d-xdrive-sportline-195kw-a8-zaruka-aj-na-splatky-protiucet_26_max.webp","medium":"https:\/\/cdn.assetlog.ai\/assets\/154710\/bmw-rad-5-touring-g31-530d-xdrive-sportline-195kw-a8-zaruka-aj-na-splatky-protiucet_26_medium.webp","small":"https:\/\/cdn.assetlog.ai\/assets\/154710\/bmw-rad-5-touring-g31-530d-xdrive-sportline-195kw-a8-zaruka-aj-na-splatky-protiucet_26_small.webp"},{"id":115855,"max":"https:\/\/cdn.assetlog.ai\/assets\/154710\/bmw-rad-5-touring-g31-530d-xdrive-sportline-195kw-a8-zaruka-aj-na-splatky-protiucet_27_max.webp","medium":"https:\/\/cdn.assetlog.ai\/assets\/154710\/bmw-rad-5-touring-g31-530d-xdrive-sportline-195kw-a8-zaruka-aj-na-splatky-protiucet_27_medium.webp","small":"https:\/\/cdn.assetlog.ai\/assets\/154710\/bmw-rad-5-touring-g31-530d-xdrive-sportline-195kw-a8-zaruka-aj-na-splatky-protiucet_27_small.webp"},{"id":115856,"max":"https:\/\/cdn.assetlog.ai\/assets\/154710\/bmw-rad-5-touring-g31-530d-xdrive-sportline-195kw-a8-zaruka-aj-na-splatky-protiucet_28_max.webp","medium":"https:\/\/cdn.assetlog.ai\/assets\/154710\/bmw-rad-5-touring-g31-530d-xdrive-sportline-195kw-a8-zaruka-aj-na-splatky-protiucet_28_medium.webp","small":"https:\/\/cdn.assetlog.ai\/assets\/154710\/bmw-rad-5-touring-g31-530d-xdrive-sportline-195kw-a8-zaruka-aj-na-splatky-protiucet_28_small.webp"},{"id":115857,"max":"https:\/\/cdn.assetlog.ai\/assets\/154710\/bmw-rad-5-touring-g31-530d-xdrive-sportline-195kw-a8-zaruka-aj-na-splatky-protiucet_29_max.webp","medium":"https:\/\/cdn.assetlog.ai\/assets\/154710\/bmw-rad-5-touring-g31-530d-xdrive-sportline-195kw-a8-zaruka-aj-na-splatky-protiucet_29_medium.webp","small":"https:\/\/cdn.assetlog.ai\/assets\/154710\/bmw-rad-5-touring-g31-530d-xdrive-sportline-195kw-a8-zaruka-aj-na-splatky-protiucet_29_small.webp"},{"id":115858,"max":"https:\/\/cdn.assetlog.ai\/assets\/154710\/bmw-rad-5-touring-g31-530d-xdrive-sportline-195kw-a8-zaruka-aj-na-splatky-protiucet_30_max.webp","medium":"https:\/\/cdn.assetlog.ai\/assets\/154710\/bmw-rad-5-touring-g31-530d-xdrive-sportline-195kw-a8-zaruka-aj-na-splatky-protiucet_30_medium.webp","small":"https:\/\/cdn.assetlog.ai\/assets\/154710\/bmw-rad-5-touring-g31-530d-xdrive-sportline-195kw-a8-zaruka-aj-na-splatky-protiucet_30_small.webp"},{"id":115859,"max":"https:\/\/cdn.assetlog.ai\/assets\/154710\/bmw-rad-5-touring-g31-530d-xdrive-sportline-195kw-a8-zaruka-aj-na-splatky-protiucet_31_max.webp","medium":"https:\/\/cdn.assetlog.ai\/assets\/154710\/bmw-rad-5-touring-g31-530d-xdrive-sportline-195kw-a8-zaruka-aj-na-splatky-protiucet_31_medium.webp","small":"https:\/\/cdn.assetlog.ai\/assets\/154710\/bmw-rad-5-touring-g31-530d-xdrive-sportline-195kw-a8-zaruka-aj-na-splatky-protiucet_31_small.webp"},{"id":115860,"max":"https:\/\/cdn.assetlog.ai\/assets\/154710\/bmw-rad-5-touring-g31-530d-xdrive-sportline-195kw-a8-zaruka-aj-na-splatky-protiucet_32_max.webp","medium":"https:\/\/cdn.assetlog.ai\/assets\/154710\/bmw-rad-5-touring-g31-530d-xdrive-sportline-195kw-a8-zaruka-aj-na-splatky-protiucet_32_medium.webp","small":"https:\/\/cdn.assetlog.ai\/assets\/154710\/bmw-rad-5-touring-g31-530d-xdrive-sportline-195kw-a8-zaruka-aj-na-splatky-protiucet_32_small.webp"},{"id":115861,"max":"https:\/\/cdn.assetlog.ai\/assets\/154710\/bmw-rad-5-touring-g31-530d-xdrive-sportline-195kw-a8-zaruka-aj-na-splatky-protiucet_33_max.webp","medium":"https:\/\/cdn.assetlog.ai\/assets\/154710\/bmw-rad-5-touring-g31-530d-xdrive-sportline-195kw-a8-zaruka-aj-na-splatky-protiucet_33_medium.webp","small":"https:\/\/cdn.assetlog.ai\/assets\/154710\/bmw-rad-5-touring-g31-530d-xdrive-sportline-195kw-a8-zaruka-aj-na-splatky-protiucet_33_small.webp"},{"id":115862,"max":"https:\/\/cdn.assetlog.ai\/assets\/154710\/bmw-rad-5-touring-g31-530d-xdrive-sportline-195kw-a8-zaruka-aj-na-splatky-protiucet_34_max.webp","medium":"https:\/\/cdn.assetlog.ai\/assets\/154710\/bmw-rad-5-touring-g31-530d-xdrive-sportline-195kw-a8-zaruka-aj-na-splatky-protiucet_34_medium.webp","small":"https:\/\/cdn.assetlog.ai\/assets\/154710\/bmw-rad-5-touring-g31-530d-xdrive-sportline-195kw-a8-zaruka-aj-na-splatky-protiucet_34_small.webp"},{"id":115863,"max":"https:\/\/cdn.assetlog.ai\/assets\/154710\/bmw-rad-5-touring-g31-530d-xdrive-sportline-195kw-a8-zaruka-aj-na-splatky-protiucet_35_max.webp","medium":"https:\/\/cdn.assetlog.ai\/assets\/154710\/bmw-rad-5-touring-g31-530d-xdrive-sportline-195kw-a8-zaruka-aj-na-splatky-protiucet_35_medium.webp","small":"https:\/\/cdn.assetlog.ai\/assets\/154710\/bmw-rad-5-touring-g31-530d-xdrive-sportline-195kw-a8-zaruka-aj-na-splatky-protiucet_35_small.webp"},{"id":115864,"max":"https:\/\/cdn.assetlog.ai\/assets\/154710\/bmw-rad-5-touring-g31-530d-xdrive-sportline-195kw-a8-zaruka-aj-na-splatky-protiucet_36_max.webp","medium":"https:\/\/cdn.assetlog.ai\/assets\/154710\/bmw-rad-5-touring-g31-530d-xdrive-sportline-195kw-a8-zaruka-aj-na-splatky-protiucet_36_medium.webp","small":"https:\/\/cdn.assetlog.ai\/assets\/154710\/bmw-rad-5-touring-g31-530d-xdrive-sportline-195kw-a8-zaruka-aj-na-splatky-protiucet_36_small.webp"},{"id":115865,"max":"https:\/\/cdn.assetlog.ai\/assets\/154710\/bmw-rad-5-touring-g31-530d-xdrive-sportline-195kw-a8-zaruka-aj-na-splatky-protiucet_37_max.webp","medium":"https:\/\/cdn.assetlog.ai\/assets\/154710\/bmw-rad-5-touring-g31-530d-xdrive-sportline-195kw-a8-zaruka-aj-na-splatky-protiucet_37_medium.webp","small":"https:\/\/cdn.assetlog.ai\/assets\/154710\/bmw-rad-5-touring-g31-530d-xdrive-sportline-195kw-a8-zaruka-aj-na-splatky-protiucet_37_small.webp"},{"id":115866,"max":"https:\/\/cdn.assetlog.ai\/assets\/154710\/bmw-rad-5-touring-g31-530d-xdrive-sportline-195kw-a8-zaruka-aj-na-splatky-protiucet_38_max.webp","medium":"https:\/\/cdn.assetlog.ai\/assets\/154710\/bmw-rad-5-touring-g31-530d-xdrive-sportline-195kw-a8-zaruka-aj-na-splatky-protiucet_38_medium.webp","small":"https:\/\/cdn.assetlog.ai\/assets\/154710\/bmw-rad-5-touring-g31-530d-xdrive-sportline-195kw-a8-zaruka-aj-na-splatky-protiucet_38_small.webp"},{"id":115867,"max":"https:\/\/cdn.assetlog.ai\/assets\/154710\/bmw-rad-5-touring-g31-530d-xdrive-sportline-195kw-a8-zaruka-aj-na-splatky-protiucet_39_max.webp","medium":"https:\/\/cdn.assetlog.ai\/assets\/154710\/bmw-rad-5-touring-g31-530d-xdrive-sportline-195kw-a8-zaruka-aj-na-splatky-protiucet_39_medium.webp","small":"https:\/\/cdn.assetlog.ai\/assets\/154710\/bmw-rad-5-touring-g31-530d-xdrive-sportline-195kw-a8-zaruka-aj-na-splatky-protiucet_39_small.webp"},{"id":115868,"max":"https:\/\/cdn.assetlog.ai\/assets\/154710\/bmw-rad-5-touring-g31-530d-xdrive-sportline-195kw-a8-zaruka-aj-na-splatky-protiucet_40_max.webp","medium":"https:\/\/cdn.assetlog.ai\/assets\/154710\/bmw-rad-5-touring-g31-530d-xdrive-sportline-195kw-a8-zaruka-aj-na-splatky-protiucet_40_medium.webp","small":"https:\/\/cdn.assetlog.ai\/assets\/154710\/bmw-rad-5-touring-g31-530d-xdrive-sportline-195kw-a8-zaruka-aj-na-splatky-protiucet_40_small.webp"}],"published_at":null,"expires_at":null,"created_at":"2026-08-15T03:41:49+00:00","updated_at":"2026-09-02T03:41:08+00:00"}}