{"data":{"id":157289,"slug":"bmw-rad-7-740ld-xdrive-g12-235kw-a8-zaruka-aj-na-splatky-protiucet","type":"vehicle","title":"BMW Series 7 740Ld xDrive G12 \/ 235kW \/ A8 \/ WARRANTY \/ ENGLISH AVAILABLE \/ INSTALLMENT PAYMENTS \/ TRADE-IN","description":"The BMW 740Ld xDrive G12 is a luxury sedan that offers exceptional comfort, a spacious interior, and top-notch driving characteristics. The extended 740Ld version provides even more room for passengers and, combined with the all-wheel-drive xDrive system, offers a high level of stability and safety under all conditions.\n\nThe powerful and efficient 3.0 TwinPower Turbo diesel engine offers plenty of power, high torque, and refined performance, making the BMW Series 7 ideal especially for long-distance travel.\n\nAdditional information:\n\nComplete service history\nService booklet\n2 vehicle keys\nSecond set of wheels with winter tires\nExtended Long version\nAll-wheel-drive xDrive\n3.0 diesel engine\n\nPrivate sale - you purchase the vehicle directly from the owner.\n\nWe offer convenient financing with monthly installments, so you can enjoy your new car immediately without waiting, with 0% down payment and installments up to 96 months.\n\nFor your greater convenience and peace of mind, we can provide you with an extended warranty of up to 12-36 months.\n\nIf you already own a vehicle, you don't have to worry about selling it - we can take it off your hands directly. Just come to us with it, we'll evaluate it, and the value will be deducted from your new car's price. You'll save time, hassle, and money, and the entire process will be quick and easy - you'll drive away in your new car without unnecessary paperwork.\n\nTHE VEHICLE IS LOCATED IN Hlohovec.\nFor more information, please call 0910 601 651. Registration: HC912CM. MOT valid until: 2028-07-03. Technical inspection valid until: 2028-07-03.\n\nTechnical specifications\n\nManufactured: 06\/17, 2993cc, 235kW (320HP), Vehicle generation: , Drive: 4\u00d74, Automatic transmission (8-speed), Diesel, EURO 6, 4-door, (5-seater), 255,145 km, Gray metallic, VIN WBA7C610X0G759797\n\nVehicle consumption (l\/100km)\n\nCity: 6.3, Highway: 4.3, Combined: 5\n\nLeasing available, Financing available, Complete service history","language":"cs","is_translated":true,"title_original":"BMW Rad 7 740Ld xDrive G12 \/ 235kW \/ A8 \/ Z\u00c1RUKA \/ AJ NA SPL\u00c1TKY \/ PROTI\u00da\u010cET","description_original":"BMW 740Ld xDrive G12 je luxusn\u00ed limuz\u00edna, kter\u00e1 nab\u00edz\u00ed v\u00fdjime\u010dn\u00fd komfort, prostorn\u00fd interi\u00e9r a \u0161pi\u010dkov\u00e9 j\u00edzdn\u00ed vlastnosti. Prodlou\u017een\u00e1 verze 740Ld poskytuje je\u0161t\u011b v\u00edce prostoru pro pos\u00e1dku a v kombinaci s pohonem v\u0161ech kol xDrive nab\u00edz\u00ed vysokou \u00farove\u0148 stability a jistoty za v\u0161ech podm\u00ednek.\n\nV\u00fdkonn\u00fd a \u00fasporn\u00fd vzn\u011btov\u00fd motor 3.0 TwinPower Turbo nab\u00edz\u00ed dostatek v\u00fdkonu, vysok\u00fd to\u010div\u00fd moment a kultivovan\u00fd chod, d\u00edky \u010demu\u017e je BMW \u0159ady 7 ide\u00e1ln\u00ed zejm\u00e9na na dlouh\u00e9 trasy.\n\nDal\u0161\u00ed informace:\n\nKompletn\u00ed servisn\u00ed historie\nServisn\u00ed kn\u00ed\u017eka\n2 kl\u00ed\u010de od vozidla\nDruh\u00e1 sada kol se zimn\u00edmi pneumatikami\nProdlou\u017een\u00e1 verze Long\nPohon v\u0161ech kol xDrive\nMotor 3,0 diesel\n\nKomisn\u00ed prodej - vozidlo kupujete p\u0159\u00edmo od majitele.\n\nNab\u00edz\u00edme v\u00fdhodn\u00e9 financov\u00e1n\u00ed na m\u011bs\u00ed\u010dn\u00ed spl\u00e1tky, tak\u017ee si sv\u016fj nov\u00fd v\u016fz m\u016f\u017eete u\u017e\u00edvat hned a bez \u010dek\u00e1n\u00ed s akontac\u00ed 0 % a spl\u00e1tkami a\u017e na 96 m\u011bs\u00edc\u016f.\n\nPro va\u0161e v\u011bt\u0161\u00ed pohodl\u00ed a jistotu v\u00e1m m\u016f\u017eeme poskytnout prodlou\u017eenou z\u00e1ruku a\u017e na 12-36 m\u011bs\u00edc\u016f.\n\nPokud ji\u017e v\u016fz vlastn\u00edte, nemus\u00edte se zab\u00fdvat jeho prodejem - na opl\u00e1tku si ho od v\u00e1s p\u0159\u00edmo vezmeme. Sta\u010d\u00ed, kdy\u017e k n\u00e1m s n\u00edm p\u0159ijdete, my ho ocen\u00edme a n\u00e1klady ode\u010dteme od hodnoty va\u0161eho nov\u00e9ho vozu. U\u0161et\u0159\u00edte tak \u010das, starosti i pen\u00edze a cel\u00fd proces bude rychl\u00fd a snadn\u00fd - odjedete rovnou ve sv\u00e9m nov\u00e9m voze bez zbyte\u010dn\u00e9ho pap\u00edrov\u00e1n\u00ed.\n\nVOZIDLO SE NACH\u00c1Z\u00cd V Hlohovci.\nViac inform\u00e1ci\u00ed V\u00e1m poskytneme na telefonn\u00edm \u010d\u00edsle 0910 601 651. E\u010cV: HC912CM. EK platn\u00e1 do: 2028-07-03. STK platn\u00e1 do: 2028-07-03.\n\nTechnick\u00e9 \u00fadaje\n\nv.v.: 06\/17, 2993cm\u00b3, 235kW (320PS), Generace vozidla: , Pohon: 4\u00d74, Automatick\u00e1 p\u0159evodovka (8 st.), Diesel, EURO 6, 4 dv., (5-m\u00edstn\u00fd), 255 145km, \u0160ed\u00e1 metal\u00edza, VIN WBA7C610X0G759797\n\nSpot\u0159eba vozidla (l\/100km)\n\nVe m\u011bst\u011b: 6.3, mimo m\u011bsto: 4.3, kombinovan\u00e1: 5\n\nMo\u017en\u00fd leasing, Mo\u017en\u00fd \u00fav\u011br, \u00dapln\u00e1 servisn\u00ed historie","price":"544725.00","currency":"CZK","status":"active","noindex":true,"location":{"address":null,"full_address":null,"city":"Hlohovec","country":"SK","latitude":48.4278838,"longitude":17.798782},"metadata":{"vin":"WBA7C610X0G759797","fuel":"diesel","year":2017,"brand":"BMW","color":"Grey","doors":4,"drive":"AWD \/ 4x4","model":"rad 7","seats":5,"region":"Trnavsk\u00fd kraj","mileage":255145,"emisions":"Euro 6","features":["Alarm","EBD\/EBV","ABS","ESP","Protiprokluzov\u00fd syst\u00e9m kol (TC, ASR)","DSC\/DTC","Brzdov\u00fd asistent (EBA, BAS)","ISOFIX na zadn\u00edch sedadlech","Deaktivace airbagu spolujezdce","Nat\u00e1\u010dec\u00ed sv\u011btlomety","Senzor tlaku","Syst\u00e9m rozpozn\u00e1v\u00e1n\u00ed dopravn\u00edch zna\u010dek","Sledov\u00e1n\u00ed \u00fanavy \u0159idi\u010de","T\u00eds\u0148ov\u00e9 vol\u00e1n\u00ed","360\u00b0 monitorovac\u00ed syst\u00e9m (AVM)","Asistent d\u00e1lkov\u00fdch sv\u011btel (HBA)","Centr\u00e1ln\u00ed zamyk\u00e1n\u00ed","Zadn\u00ed el. stahovateln\u00e1 okna","El. nastaviteln\u00e1 p\u0159edn\u00ed sedadla","Elektricky nastaviteln\u00e1 zp\u011btn\u00e1 zrc\u00e1tka","Automatick\u00e1 2-z\u00f3nov\u00e1 klimatizace","Centr\u00e1ln\u00ed zamyk\u00e1n\u00ed na d\u00e1lkov\u00e9 ovl\u00e1d\u00e1n\u00ed","Autor\u00e1dio","Nez\u00e1visl\u00e9 topen\u00ed","Multifunk\u010dn\u00ed volant","Loketn\u00ed op\u011brka vp\u0159edu","Head-up display","Start\/Stop syst\u00e9m","Vzduchov\u00e9 odpru\u017een\u00ed","Klimatizovan\u00e1 p\u0159ihr\u00e1dka","Apple Car Play","Android Auto","Welcome light","P\u00e1dla pod volantem","Lit\u00e1 kola","Mlhovky","Imobiliz\u00e9r","Palubn\u00ed po\u010d\u00edta\u010d","Navigace","Automatick\u00e9 parkov\u00e1n\u00ed","St\u0159e\u0161n\u00ed okno","Ko\u017een\u00fd interi\u00e9r","Vyh\u0159\u00edvan\u00e1 sedadla","Elektricky vyh\u0159\u00edvan\u00e1 zp\u011btn\u00e1 zrc\u00e1tka","Senzor st\u011bra\u010d\u016f","Sv\u011bteln\u00fd senzor","Zimn\u00ed sada kol","Parkovac\u00ed kamera","P\u0159edn\u00ed a zadn\u00ed parkovac\u00ed senzory","Adaptivn\u00ed tempomat","Elektrick\u00e9 dov\u00edr\u00e1n\u00ed v\u0161ech dve\u0159\u00ed","Bezkl\u00ed\u010dov\u00fd vstup","El. ovl\u00e1dan\u00fd kufr","Elektrick\u00e9 dov\u00edr\u00e1n\u00ed zavazadlov\u00e9ho prostoru","Mas\u00e1\u017en\u00ed sedadlo \u0159idi\u010de","Bluetooth","Denn\u00ed sv\u00edcen\u00ed","LED sv\u011btlomety","Bezdotykov\u00e9 ovl\u00e1d\u00e1n\u00ed v\u00edka zavazadlov\u00e9ho prostoru","Pam\u011b\u0165 nastaven\u00ed sedadla \u0159idi\u010de","Ambientn\u00ed LED osv\u011btlen\u00ed interi\u00e9ru","Mo\u017en\u00fd leasing","Mo\u017en\u00fd \u00faver","\u00dapln\u00e1 servisn\u00e1 hist\u00f3ria","Adaptivn\u00ed podvozek","Odo-pass","Asistent udr\u017eov\u00e1n\u00ed v j\u00edzdn\u00edm pruhu","Asistent rozjezdu do kopce","Hl\u00edd\u00e1n\u00ed mrtv\u00e9ho \u00fahlu"],"power_kw":235,"body_type":"Sedan","condition":"Used","transmission":"automatic","vat_deductible":false,"consumption_city":6.3,"translation_hash":"efac8bc0994c135c483fdd44650e2aa5440ca9b2","vehicle_category":"car","engine_volume_cm3":2993,"first_registration":"2017-06-01","translation_status":"done","consumption_highway":4.3,"consumption_combined":5},"user_id":39,"is_sponsored":false,"views_count":9,"ai_views_count":10,"ai_vendor_counts":{"meta":3,"other":2,"openai":3,"anthropic":2},"visibility":"public","submission_source":null,"submission_ai_name":null,"has_owner_email":true,"can_contact_owner":true,"phone":"+421 910 601 651","owner_email":"krommel@autorro.sk","user":{"id":39,"slug":"lukas-krommel-39","name":"Luk\u00e1\u0161 Krommel","bio":"Makl\u00e9r. P\u016fsob\u00edm v Trnave, Hlohovci a okol\u00ed.\n\nP\u016fsobnost: Trnava, Hlohovec","nationality":"SK","languages":["cs","sk"],"service_areas":[],"card_style":null,"card_palette":null,"avatar_url":"https:\/\/cdn.assetlog.ai\/avatars\/39\/avatar_max.webp?v=1786535213","avatar_thumb_url":"https:\/\/cdn.assetlog.ai\/avatars\/39\/avatar_small.webp?v=1786535213","reviews_count":0,"avg_rating":null,"seller_badge":"silver","can_calendar":true,"joined_at":"2026-06-07T07:44:55+00:00","primary_intent":null,"seeking":[],"public_assets_count":35,"public_prompts_count":0,"followers_count":0},"images":[{"id":131843,"max":"https:\/\/cdn.assetlog.ai\/assets\/157289\/bmw-rad-7-740ld-xdrive-g12-235kw-a8-zaruka-aj-na-splatky-protiucet_1_max.webp","medium":"https:\/\/cdn.assetlog.ai\/assets\/157289\/bmw-rad-7-740ld-xdrive-g12-235kw-a8-zaruka-aj-na-splatky-protiucet_1_medium.webp","small":"https:\/\/cdn.assetlog.ai\/assets\/157289\/bmw-rad-7-740ld-xdrive-g12-235kw-a8-zaruka-aj-na-splatky-protiucet_1_small.webp"},{"id":131844,"max":"https:\/\/cdn.assetlog.ai\/assets\/157289\/bmw-rad-7-740ld-xdrive-g12-235kw-a8-zaruka-aj-na-splatky-protiucet_2_max.webp","medium":"https:\/\/cdn.assetlog.ai\/assets\/157289\/bmw-rad-7-740ld-xdrive-g12-235kw-a8-zaruka-aj-na-splatky-protiucet_2_medium.webp","small":"https:\/\/cdn.assetlog.ai\/assets\/157289\/bmw-rad-7-740ld-xdrive-g12-235kw-a8-zaruka-aj-na-splatky-protiucet_2_small.webp"},{"id":131845,"max":"https:\/\/cdn.assetlog.ai\/assets\/157289\/bmw-rad-7-740ld-xdrive-g12-235kw-a8-zaruka-aj-na-splatky-protiucet_3_max.webp","medium":"https:\/\/cdn.assetlog.ai\/assets\/157289\/bmw-rad-7-740ld-xdrive-g12-235kw-a8-zaruka-aj-na-splatky-protiucet_3_medium.webp","small":"https:\/\/cdn.assetlog.ai\/assets\/157289\/bmw-rad-7-740ld-xdrive-g12-235kw-a8-zaruka-aj-na-splatky-protiucet_3_small.webp"},{"id":131846,"max":"https:\/\/cdn.assetlog.ai\/assets\/157289\/bmw-rad-7-740ld-xdrive-g12-235kw-a8-zaruka-aj-na-splatky-protiucet_4_max.webp","medium":"https:\/\/cdn.assetlog.ai\/assets\/157289\/bmw-rad-7-740ld-xdrive-g12-235kw-a8-zaruka-aj-na-splatky-protiucet_4_medium.webp","small":"https:\/\/cdn.assetlog.ai\/assets\/157289\/bmw-rad-7-740ld-xdrive-g12-235kw-a8-zaruka-aj-na-splatky-protiucet_4_small.webp"},{"id":131847,"max":"https:\/\/cdn.assetlog.ai\/assets\/157289\/bmw-rad-7-740ld-xdrive-g12-235kw-a8-zaruka-aj-na-splatky-protiucet_5_max.webp","medium":"https:\/\/cdn.assetlog.ai\/assets\/157289\/bmw-rad-7-740ld-xdrive-g12-235kw-a8-zaruka-aj-na-splatky-protiucet_5_medium.webp","small":"https:\/\/cdn.assetlog.ai\/assets\/157289\/bmw-rad-7-740ld-xdrive-g12-235kw-a8-zaruka-aj-na-splatky-protiucet_5_small.webp"},{"id":131848,"max":"https:\/\/cdn.assetlog.ai\/assets\/157289\/bmw-rad-7-740ld-xdrive-g12-235kw-a8-zaruka-aj-na-splatky-protiucet_6_max.webp","medium":"https:\/\/cdn.assetlog.ai\/assets\/157289\/bmw-rad-7-740ld-xdrive-g12-235kw-a8-zaruka-aj-na-splatky-protiucet_6_medium.webp","small":"https:\/\/cdn.assetlog.ai\/assets\/157289\/bmw-rad-7-740ld-xdrive-g12-235kw-a8-zaruka-aj-na-splatky-protiucet_6_small.webp"},{"id":131849,"max":"https:\/\/cdn.assetlog.ai\/assets\/157289\/bmw-rad-7-740ld-xdrive-g12-235kw-a8-zaruka-aj-na-splatky-protiucet_7_max.webp","medium":"https:\/\/cdn.assetlog.ai\/assets\/157289\/bmw-rad-7-740ld-xdrive-g12-235kw-a8-zaruka-aj-na-splatky-protiucet_7_medium.webp","small":"https:\/\/cdn.assetlog.ai\/assets\/157289\/bmw-rad-7-740ld-xdrive-g12-235kw-a8-zaruka-aj-na-splatky-protiucet_7_small.webp"},{"id":131850,"max":"https:\/\/cdn.assetlog.ai\/assets\/157289\/bmw-rad-7-740ld-xdrive-g12-235kw-a8-zaruka-aj-na-splatky-protiucet_8_max.webp","medium":"https:\/\/cdn.assetlog.ai\/assets\/157289\/bmw-rad-7-740ld-xdrive-g12-235kw-a8-zaruka-aj-na-splatky-protiucet_8_medium.webp","small":"https:\/\/cdn.assetlog.ai\/assets\/157289\/bmw-rad-7-740ld-xdrive-g12-235kw-a8-zaruka-aj-na-splatky-protiucet_8_small.webp"},{"id":131851,"max":"https:\/\/cdn.assetlog.ai\/assets\/157289\/bmw-rad-7-740ld-xdrive-g12-235kw-a8-zaruka-aj-na-splatky-protiucet_9_max.webp","medium":"https:\/\/cdn.assetlog.ai\/assets\/157289\/bmw-rad-7-740ld-xdrive-g12-235kw-a8-zaruka-aj-na-splatky-protiucet_9_medium.webp","small":"https:\/\/cdn.assetlog.ai\/assets\/157289\/bmw-rad-7-740ld-xdrive-g12-235kw-a8-zaruka-aj-na-splatky-protiucet_9_small.webp"},{"id":131852,"max":"https:\/\/cdn.assetlog.ai\/assets\/157289\/bmw-rad-7-740ld-xdrive-g12-235kw-a8-zaruka-aj-na-splatky-protiucet_10_max.webp","medium":"https:\/\/cdn.assetlog.ai\/assets\/157289\/bmw-rad-7-740ld-xdrive-g12-235kw-a8-zaruka-aj-na-splatky-protiucet_10_medium.webp","small":"https:\/\/cdn.assetlog.ai\/assets\/157289\/bmw-rad-7-740ld-xdrive-g12-235kw-a8-zaruka-aj-na-splatky-protiucet_10_small.webp"},{"id":131853,"max":"https:\/\/cdn.assetlog.ai\/assets\/157289\/bmw-rad-7-740ld-xdrive-g12-235kw-a8-zaruka-aj-na-splatky-protiucet_11_max.webp","medium":"https:\/\/cdn.assetlog.ai\/assets\/157289\/bmw-rad-7-740ld-xdrive-g12-235kw-a8-zaruka-aj-na-splatky-protiucet_11_medium.webp","small":"https:\/\/cdn.assetlog.ai\/assets\/157289\/bmw-rad-7-740ld-xdrive-g12-235kw-a8-zaruka-aj-na-splatky-protiucet_11_small.webp"},{"id":131854,"max":"https:\/\/cdn.assetlog.ai\/assets\/157289\/bmw-rad-7-740ld-xdrive-g12-235kw-a8-zaruka-aj-na-splatky-protiucet_12_max.webp","medium":"https:\/\/cdn.assetlog.ai\/assets\/157289\/bmw-rad-7-740ld-xdrive-g12-235kw-a8-zaruka-aj-na-splatky-protiucet_12_medium.webp","small":"https:\/\/cdn.assetlog.ai\/assets\/157289\/bmw-rad-7-740ld-xdrive-g12-235kw-a8-zaruka-aj-na-splatky-protiucet_12_small.webp"},{"id":131855,"max":"https:\/\/cdn.assetlog.ai\/assets\/157289\/bmw-rad-7-740ld-xdrive-g12-235kw-a8-zaruka-aj-na-splatky-protiucet_13_max.webp","medium":"https:\/\/cdn.assetlog.ai\/assets\/157289\/bmw-rad-7-740ld-xdrive-g12-235kw-a8-zaruka-aj-na-splatky-protiucet_13_medium.webp","small":"https:\/\/cdn.assetlog.ai\/assets\/157289\/bmw-rad-7-740ld-xdrive-g12-235kw-a8-zaruka-aj-na-splatky-protiucet_13_small.webp"},{"id":131856,"max":"https:\/\/cdn.assetlog.ai\/assets\/157289\/bmw-rad-7-740ld-xdrive-g12-235kw-a8-zaruka-aj-na-splatky-protiucet_14_max.webp","medium":"https:\/\/cdn.assetlog.ai\/assets\/157289\/bmw-rad-7-740ld-xdrive-g12-235kw-a8-zaruka-aj-na-splatky-protiucet_14_medium.webp","small":"https:\/\/cdn.assetlog.ai\/assets\/157289\/bmw-rad-7-740ld-xdrive-g12-235kw-a8-zaruka-aj-na-splatky-protiucet_14_small.webp"},{"id":131857,"max":"https:\/\/cdn.assetlog.ai\/assets\/157289\/bmw-rad-7-740ld-xdrive-g12-235kw-a8-zaruka-aj-na-splatky-protiucet_15_max.webp","medium":"https:\/\/cdn.assetlog.ai\/assets\/157289\/bmw-rad-7-740ld-xdrive-g12-235kw-a8-zaruka-aj-na-splatky-protiucet_15_medium.webp","small":"https:\/\/cdn.assetlog.ai\/assets\/157289\/bmw-rad-7-740ld-xdrive-g12-235kw-a8-zaruka-aj-na-splatky-protiucet_15_small.webp"},{"id":131858,"max":"https:\/\/cdn.assetlog.ai\/assets\/157289\/bmw-rad-7-740ld-xdrive-g12-235kw-a8-zaruka-aj-na-splatky-protiucet_16_max.webp","medium":"https:\/\/cdn.assetlog.ai\/assets\/157289\/bmw-rad-7-740ld-xdrive-g12-235kw-a8-zaruka-aj-na-splatky-protiucet_16_medium.webp","small":"https:\/\/cdn.assetlog.ai\/assets\/157289\/bmw-rad-7-740ld-xdrive-g12-235kw-a8-zaruka-aj-na-splatky-protiucet_16_small.webp"},{"id":131859,"max":"https:\/\/cdn.assetlog.ai\/assets\/157289\/bmw-rad-7-740ld-xdrive-g12-235kw-a8-zaruka-aj-na-splatky-protiucet_17_max.webp","medium":"https:\/\/cdn.assetlog.ai\/assets\/157289\/bmw-rad-7-740ld-xdrive-g12-235kw-a8-zaruka-aj-na-splatky-protiucet_17_medium.webp","small":"https:\/\/cdn.assetlog.ai\/assets\/157289\/bmw-rad-7-740ld-xdrive-g12-235kw-a8-zaruka-aj-na-splatky-protiucet_17_small.webp"},{"id":131860,"max":"https:\/\/cdn.assetlog.ai\/assets\/157289\/bmw-rad-7-740ld-xdrive-g12-235kw-a8-zaruka-aj-na-splatky-protiucet_18_max.webp","medium":"https:\/\/cdn.assetlog.ai\/assets\/157289\/bmw-rad-7-740ld-xdrive-g12-235kw-a8-zaruka-aj-na-splatky-protiucet_18_medium.webp","small":"https:\/\/cdn.assetlog.ai\/assets\/157289\/bmw-rad-7-740ld-xdrive-g12-235kw-a8-zaruka-aj-na-splatky-protiucet_18_small.webp"},{"id":131861,"max":"https:\/\/cdn.assetlog.ai\/assets\/157289\/bmw-rad-7-740ld-xdrive-g12-235kw-a8-zaruka-aj-na-splatky-protiucet_19_max.webp","medium":"https:\/\/cdn.assetlog.ai\/assets\/157289\/bmw-rad-7-740ld-xdrive-g12-235kw-a8-zaruka-aj-na-splatky-protiucet_19_medium.webp","small":"https:\/\/cdn.assetlog.ai\/assets\/157289\/bmw-rad-7-740ld-xdrive-g12-235kw-a8-zaruka-aj-na-splatky-protiucet_19_small.webp"},{"id":131862,"max":"https:\/\/cdn.assetlog.ai\/assets\/157289\/bmw-rad-7-740ld-xdrive-g12-235kw-a8-zaruka-aj-na-splatky-protiucet_20_max.webp","medium":"https:\/\/cdn.assetlog.ai\/assets\/157289\/bmw-rad-7-740ld-xdrive-g12-235kw-a8-zaruka-aj-na-splatky-protiucet_20_medium.webp","small":"https:\/\/cdn.assetlog.ai\/assets\/157289\/bmw-rad-7-740ld-xdrive-g12-235kw-a8-zaruka-aj-na-splatky-protiucet_20_small.webp"},{"id":131863,"max":"https:\/\/cdn.assetlog.ai\/assets\/157289\/bmw-rad-7-740ld-xdrive-g12-235kw-a8-zaruka-aj-na-splatky-protiucet_21_max.webp","medium":"https:\/\/cdn.assetlog.ai\/assets\/157289\/bmw-rad-7-740ld-xdrive-g12-235kw-a8-zaruka-aj-na-splatky-protiucet_21_medium.webp","small":"https:\/\/cdn.assetlog.ai\/assets\/157289\/bmw-rad-7-740ld-xdrive-g12-235kw-a8-zaruka-aj-na-splatky-protiucet_21_small.webp"},{"id":131864,"max":"https:\/\/cdn.assetlog.ai\/assets\/157289\/bmw-rad-7-740ld-xdrive-g12-235kw-a8-zaruka-aj-na-splatky-protiucet_22_max.webp","medium":"https:\/\/cdn.assetlog.ai\/assets\/157289\/bmw-rad-7-740ld-xdrive-g12-235kw-a8-zaruka-aj-na-splatky-protiucet_22_medium.webp","small":"https:\/\/cdn.assetlog.ai\/assets\/157289\/bmw-rad-7-740ld-xdrive-g12-235kw-a8-zaruka-aj-na-splatky-protiucet_22_small.webp"},{"id":131865,"max":"https:\/\/cdn.assetlog.ai\/assets\/157289\/bmw-rad-7-740ld-xdrive-g12-235kw-a8-zaruka-aj-na-splatky-protiucet_23_max.webp","medium":"https:\/\/cdn.assetlog.ai\/assets\/157289\/bmw-rad-7-740ld-xdrive-g12-235kw-a8-zaruka-aj-na-splatky-protiucet_23_medium.webp","small":"https:\/\/cdn.assetlog.ai\/assets\/157289\/bmw-rad-7-740ld-xdrive-g12-235kw-a8-zaruka-aj-na-splatky-protiucet_23_small.webp"},{"id":131866,"max":"https:\/\/cdn.assetlog.ai\/assets\/157289\/bmw-rad-7-740ld-xdrive-g12-235kw-a8-zaruka-aj-na-splatky-protiucet_24_max.webp","medium":"https:\/\/cdn.assetlog.ai\/assets\/157289\/bmw-rad-7-740ld-xdrive-g12-235kw-a8-zaruka-aj-na-splatky-protiucet_24_medium.webp","small":"https:\/\/cdn.assetlog.ai\/assets\/157289\/bmw-rad-7-740ld-xdrive-g12-235kw-a8-zaruka-aj-na-splatky-protiucet_24_small.webp"},{"id":131867,"max":"https:\/\/cdn.assetlog.ai\/assets\/157289\/bmw-rad-7-740ld-xdrive-g12-235kw-a8-zaruka-aj-na-splatky-protiucet_25_max.webp","medium":"https:\/\/cdn.assetlog.ai\/assets\/157289\/bmw-rad-7-740ld-xdrive-g12-235kw-a8-zaruka-aj-na-splatky-protiucet_25_medium.webp","small":"https:\/\/cdn.assetlog.ai\/assets\/157289\/bmw-rad-7-740ld-xdrive-g12-235kw-a8-zaruka-aj-na-splatky-protiucet_25_small.webp"},{"id":131868,"max":"https:\/\/cdn.assetlog.ai\/assets\/157289\/bmw-rad-7-740ld-xdrive-g12-235kw-a8-zaruka-aj-na-splatky-protiucet_26_max.webp","medium":"https:\/\/cdn.assetlog.ai\/assets\/157289\/bmw-rad-7-740ld-xdrive-g12-235kw-a8-zaruka-aj-na-splatky-protiucet_26_medium.webp","small":"https:\/\/cdn.assetlog.ai\/assets\/157289\/bmw-rad-7-740ld-xdrive-g12-235kw-a8-zaruka-aj-na-splatky-protiucet_26_small.webp"},{"id":131869,"max":"https:\/\/cdn.assetlog.ai\/assets\/157289\/bmw-rad-7-740ld-xdrive-g12-235kw-a8-zaruka-aj-na-splatky-protiucet_27_max.webp","medium":"https:\/\/cdn.assetlog.ai\/assets\/157289\/bmw-rad-7-740ld-xdrive-g12-235kw-a8-zaruka-aj-na-splatky-protiucet_27_medium.webp","small":"https:\/\/cdn.assetlog.ai\/assets\/157289\/bmw-rad-7-740ld-xdrive-g12-235kw-a8-zaruka-aj-na-splatky-protiucet_27_small.webp"},{"id":131870,"max":"https:\/\/cdn.assetlog.ai\/assets\/157289\/bmw-rad-7-740ld-xdrive-g12-235kw-a8-zaruka-aj-na-splatky-protiucet_28_max.webp","medium":"https:\/\/cdn.assetlog.ai\/assets\/157289\/bmw-rad-7-740ld-xdrive-g12-235kw-a8-zaruka-aj-na-splatky-protiucet_28_medium.webp","small":"https:\/\/cdn.assetlog.ai\/assets\/157289\/bmw-rad-7-740ld-xdrive-g12-235kw-a8-zaruka-aj-na-splatky-protiucet_28_small.webp"},{"id":131871,"max":"https:\/\/cdn.assetlog.ai\/assets\/157289\/bmw-rad-7-740ld-xdrive-g12-235kw-a8-zaruka-aj-na-splatky-protiucet_29_max.webp","medium":"https:\/\/cdn.assetlog.ai\/assets\/157289\/bmw-rad-7-740ld-xdrive-g12-235kw-a8-zaruka-aj-na-splatky-protiucet_29_medium.webp","small":"https:\/\/cdn.assetlog.ai\/assets\/157289\/bmw-rad-7-740ld-xdrive-g12-235kw-a8-zaruka-aj-na-splatky-protiucet_29_small.webp"},{"id":131872,"max":"https:\/\/cdn.assetlog.ai\/assets\/157289\/bmw-rad-7-740ld-xdrive-g12-235kw-a8-zaruka-aj-na-splatky-protiucet_30_max.webp","medium":"https:\/\/cdn.assetlog.ai\/assets\/157289\/bmw-rad-7-740ld-xdrive-g12-235kw-a8-zaruka-aj-na-splatky-protiucet_30_medium.webp","small":"https:\/\/cdn.assetlog.ai\/assets\/157289\/bmw-rad-7-740ld-xdrive-g12-235kw-a8-zaruka-aj-na-splatky-protiucet_30_small.webp"},{"id":131873,"max":"https:\/\/cdn.assetlog.ai\/assets\/157289\/bmw-rad-7-740ld-xdrive-g12-235kw-a8-zaruka-aj-na-splatky-protiucet_31_max.webp","medium":"https:\/\/cdn.assetlog.ai\/assets\/157289\/bmw-rad-7-740ld-xdrive-g12-235kw-a8-zaruka-aj-na-splatky-protiucet_31_medium.webp","small":"https:\/\/cdn.assetlog.ai\/assets\/157289\/bmw-rad-7-740ld-xdrive-g12-235kw-a8-zaruka-aj-na-splatky-protiucet_31_small.webp"},{"id":131874,"max":"https:\/\/cdn.assetlog.ai\/assets\/157289\/bmw-rad-7-740ld-xdrive-g12-235kw-a8-zaruka-aj-na-splatky-protiucet_32_max.webp","medium":"https:\/\/cdn.assetlog.ai\/assets\/157289\/bmw-rad-7-740ld-xdrive-g12-235kw-a8-zaruka-aj-na-splatky-protiucet_32_medium.webp","small":"https:\/\/cdn.assetlog.ai\/assets\/157289\/bmw-rad-7-740ld-xdrive-g12-235kw-a8-zaruka-aj-na-splatky-protiucet_32_small.webp"},{"id":131875,"max":"https:\/\/cdn.assetlog.ai\/assets\/157289\/bmw-rad-7-740ld-xdrive-g12-235kw-a8-zaruka-aj-na-splatky-protiucet_33_max.webp","medium":"https:\/\/cdn.assetlog.ai\/assets\/157289\/bmw-rad-7-740ld-xdrive-g12-235kw-a8-zaruka-aj-na-splatky-protiucet_33_medium.webp","small":"https:\/\/cdn.assetlog.ai\/assets\/157289\/bmw-rad-7-740ld-xdrive-g12-235kw-a8-zaruka-aj-na-splatky-protiucet_33_small.webp"},{"id":131876,"max":"https:\/\/cdn.assetlog.ai\/assets\/157289\/bmw-rad-7-740ld-xdrive-g12-235kw-a8-zaruka-aj-na-splatky-protiucet_34_max.webp","medium":"https:\/\/cdn.assetlog.ai\/assets\/157289\/bmw-rad-7-740ld-xdrive-g12-235kw-a8-zaruka-aj-na-splatky-protiucet_34_medium.webp","small":"https:\/\/cdn.assetlog.ai\/assets\/157289\/bmw-rad-7-740ld-xdrive-g12-235kw-a8-zaruka-aj-na-splatky-protiucet_34_small.webp"},{"id":131877,"max":"https:\/\/cdn.assetlog.ai\/assets\/157289\/bmw-rad-7-740ld-xdrive-g12-235kw-a8-zaruka-aj-na-splatky-protiucet_35_max.webp","medium":"https:\/\/cdn.assetlog.ai\/assets\/157289\/bmw-rad-7-740ld-xdrive-g12-235kw-a8-zaruka-aj-na-splatky-protiucet_35_medium.webp","small":"https:\/\/cdn.assetlog.ai\/assets\/157289\/bmw-rad-7-740ld-xdrive-g12-235kw-a8-zaruka-aj-na-splatky-protiucet_35_small.webp"},{"id":131878,"max":"https:\/\/cdn.assetlog.ai\/assets\/157289\/bmw-rad-7-740ld-xdrive-g12-235kw-a8-zaruka-aj-na-splatky-protiucet_36_max.webp","medium":"https:\/\/cdn.assetlog.ai\/assets\/157289\/bmw-rad-7-740ld-xdrive-g12-235kw-a8-zaruka-aj-na-splatky-protiucet_36_medium.webp","small":"https:\/\/cdn.assetlog.ai\/assets\/157289\/bmw-rad-7-740ld-xdrive-g12-235kw-a8-zaruka-aj-na-splatky-protiucet_36_small.webp"},{"id":131879,"max":"https:\/\/cdn.assetlog.ai\/assets\/157289\/bmw-rad-7-740ld-xdrive-g12-235kw-a8-zaruka-aj-na-splatky-protiucet_37_max.webp","medium":"https:\/\/cdn.assetlog.ai\/assets\/157289\/bmw-rad-7-740ld-xdrive-g12-235kw-a8-zaruka-aj-na-splatky-protiucet_37_medium.webp","small":"https:\/\/cdn.assetlog.ai\/assets\/157289\/bmw-rad-7-740ld-xdrive-g12-235kw-a8-zaruka-aj-na-splatky-protiucet_37_small.webp"},{"id":131880,"max":"https:\/\/cdn.assetlog.ai\/assets\/157289\/bmw-rad-7-740ld-xdrive-g12-235kw-a8-zaruka-aj-na-splatky-protiucet_38_max.webp","medium":"https:\/\/cdn.assetlog.ai\/assets\/157289\/bmw-rad-7-740ld-xdrive-g12-235kw-a8-zaruka-aj-na-splatky-protiucet_38_medium.webp","small":"https:\/\/cdn.assetlog.ai\/assets\/157289\/bmw-rad-7-740ld-xdrive-g12-235kw-a8-zaruka-aj-na-splatky-protiucet_38_small.webp"},{"id":131881,"max":"https:\/\/cdn.assetlog.ai\/assets\/157289\/bmw-rad-7-740ld-xdrive-g12-235kw-a8-zaruka-aj-na-splatky-protiucet_39_max.webp","medium":"https:\/\/cdn.assetlog.ai\/assets\/157289\/bmw-rad-7-740ld-xdrive-g12-235kw-a8-zaruka-aj-na-splatky-protiucet_39_medium.webp","small":"https:\/\/cdn.assetlog.ai\/assets\/157289\/bmw-rad-7-740ld-xdrive-g12-235kw-a8-zaruka-aj-na-splatky-protiucet_39_small.webp"},{"id":131882,"max":"https:\/\/cdn.assetlog.ai\/assets\/157289\/bmw-rad-7-740ld-xdrive-g12-235kw-a8-zaruka-aj-na-splatky-protiucet_40_max.webp","medium":"https:\/\/cdn.assetlog.ai\/assets\/157289\/bmw-rad-7-740ld-xdrive-g12-235kw-a8-zaruka-aj-na-splatky-protiucet_40_medium.webp","small":"https:\/\/cdn.assetlog.ai\/assets\/157289\/bmw-rad-7-740ld-xdrive-g12-235kw-a8-zaruka-aj-na-splatky-protiucet_40_small.webp"}],"published_at":null,"expires_at":null,"created_at":"2026-08-17T03:40:04+00:00","updated_at":"2026-09-02T03:41:45+00:00"}}