{"data":{"id":116957,"slug":"bmw-rad-7-750d-xdrive-294kw400hp-at8-aj-na-splatky-protiucet","type":"vehicle","title":"BMW Series 7 750d xDrive 294kW 400HP AT\/8 \/ AJ FOR PURCHASE ON INSTALLMENTS \/ TRADE-IN","description":"Commission sale - you purchase the vehicle directly from the owner.\n\nI am selling a BMW Series 7 in sports and luxury M Package equipment with a diesel engine with 294 kW (400 HP) power output, intelligent all-wheel drive xDrive and an 8-speed automatic transmission (A8). The vehicle was purchased new in Slovakia, has had only one owner so far and comes with 2 keys. The vehicle has complete service history and service booklet available, with all servicing performed exclusively at an authorized BMW service center. The offer also includes complete seasonal tire replacement.\nThe vehicle has undergone the following service interventions: At 135,000 km, major engine servicing took place, during which the automatic transmission oil, differential distribution oil, and new oil in both front and rear differentials were replaced. Subsequently, at 150,000 km, the entire brake system on both axles was completely replaced, with both front and rear brake discs replaced along with new brake pads.\n\nThe vehicle has passed insurance record verification, execution checks, paint thickness measurement, and document verification. Physically inspected, also verified through the vehicle operating records registry.\n\nWe offer favorable financing in monthly installments, so you can enjoy your new vehicle right away without waiting with 0% down payment and installments up to 96 months.\n\nFor your greater convenience and peace of mind, we can provide you with an extended warranty of up to 12-36 months.\n\nIf you already own a vehicle, you don't have to worry about selling it - in return, we will take it directly from you. You just need to come to us with it, we will evaluate it and deduct the costs from the value of your new vehicle. This way you will save time, worry and money and the entire process will be quick and easy - you'll drive away in your new vehicle without unnecessary paperwork.\n\nTHE VEHICLE IS LOCATED IN \u017dilina. We will gladly provide you with more information at phone number 0949 560 842. LPR: ZA222IA. MOT valid until: 2028-04-10. Technical inspection valid until: 2028-04-10.\n\nTechnical specifications\n\nFirst registration: 04\/18, 2993cc, 294kW (400HP), Drive: 4\u00d74, Automatic transmission (8-speed), Diesel, EURO 6, 4-door, (5-seater), 154,213 km, Black metallic, VIN WBA7C810X0B299632\n\nVehicle fuel consumption (l\/100km)\n\nIn the city: 6.9, outside the city: 5.3, combined: 5.9\n\nFirst owner, Service booklet, Leasing possible, Purchased new in Slovakia as new, Loan possible, Complete service history","language":"cs","is_translated":true,"title_original":"BMW Rad 7 750d xDrive 294kW400HP AT\/8 \/ AJ NA SPL\u00c1TKY \/ PROTI\u00da\u010cET","description_original":"Komisn\u00ed prodej - vozidlo kupujete p\u0159\u00edmo od majitele.\n\nProd\u00e1v\u00e1m BMW \u0159ady 7 ve sportovn\u00ed a luxusn\u00ed v\u00fdbav\u011b M Package s naftov\u00fdm motorem o v\u00fdkonu 294 kW (400 HP), inteligentn\u00edm pohonem v\u0161ech \u010dty\u0159 kol xDrive a 8stup\u0148ovou automatickou p\u0159evodovkou (A8). V\u016fz byl zakoupen jako nov\u00fd na Slovensku, dosud m\u011bl pouze jednoho majitele a jsou k n\u011bmu p\u0159ilo\u017eeny 2 kl\u00ed\u010de. K vozidlu je k dispozici kompletn\u00ed servisn\u00ed historie a servisn\u00ed kn\u00ed\u017eka, p\u0159i\u010dem\u017e ve\u0161ker\u00fd servis byl prov\u00e1d\u011bn v\u00fdhradn\u011b v autorizovan\u00e9m servisu BMW. Sou\u010d\u00e1st\u00ed nab\u00eddky je tak\u00e9 kompletn\u00ed sez\u00f3nn\u00ed v\u00fdm\u011bna pneumatik.\nVozidlo pro\u0161lo n\u00e1sleduj\u00edc\u00edmi servisn\u00edmi z\u00e1sahy: P\u0159i najet\u00fdch 135 000 km prob\u011bhl velk\u00fd servis pohonu, p\u0159i kter\u00e9m byl vym\u011bn\u011bn olej v automatick\u00e9 p\u0159evodovce, olej v rozd\u011blovac\u00ed p\u0159evodovce a tak\u00e9 nov\u00fd olej v p\u0159edn\u00edm i zadn\u00edm diferenci\u00e1lu. N\u00e1sledn\u011b p\u0159i najet\u00fdch 150 000 km byl kompletn\u011b vym\u011bn\u011bn brzdov\u00fd syst\u00e9m na obou n\u00e1prav\u00e1ch, p\u0159i\u010dem\u017e byly vym\u011bn\u011bny p\u0159edn\u00ed i zadn\u00ed brzdov\u00e9 kotou\u010de v\u010detn\u011b nov\u00fdch brzdov\u00fdch desti\u010dek.\n\nVozidlo pro\u0161lo kontrolou z\u00e1znam\u016f o poji\u0161t\u011bn\u00ed, exekuc\u00ed, m\u011b\u0159en\u00edm laku a kontrolou doklad\u016f. Zkontrolov\u00e1no fyzicky, tak\u00e9 prost\u0159ednictv\u00edm registru provozn\u00edch z\u00e1znam\u016f vozidla.\n\nNab\u00edz\u00edme v\u00fdhodn\u00e9 financov\u00e1n\u00ed na m\u011bs\u00ed\u010dn\u00ed spl\u00e1tky, tak\u017ee si sv\u016fj nov\u00fd v\u016fz m\u016f\u017eete u\u017e\u00edvat hned a bez \u010dek\u00e1n\u00ed s akontac\u00ed 0 % a spl\u00e1tkami a\u017e na 96 m\u011bs\u00edc\u016f.\n\nPro va\u0161e v\u011bt\u0161\u00ed pohodl\u00ed a jistotu v\u00e1m m\u016f\u017eeme poskytnout prodlou\u017eenou z\u00e1ruku a\u017e na 12-36 m\u011bs\u00edc\u016f.\n\nPokud ji\u017e v\u016fz vlastn\u00edte, nemus\u00edte se zab\u00fdvat jeho prodejem - na opl\u00e1tku si ho od v\u00e1s p\u0159\u00edmo vezmeme. Sta\u010d\u00ed, kdy\u017e k n\u00e1m s n\u00edm p\u0159ijdete, my ho ocen\u00edme a n\u00e1klady ode\u010dteme od hodnoty va\u0161eho nov\u00e9ho vozu. U\u0161et\u0159\u00edte tak \u010das, starosti i pen\u00edze a cel\u00fd proces bude rychl\u00fd a snadn\u00fd - odjedete rovnou ve sv\u00e9m nov\u00e9m voze bez zbyte\u010dn\u00e9ho pap\u00edrov\u00e1n\u00ed.\n\nVOZIDLO SE NACH\u00c1Z\u00cd V \u017diline. V\u00edce informac\u00ed v\u00e1m r\u00e1di poskytneme na telefonn\u00edm \u010d\u00edsle 0949 560 842. E\u010cV: ZA222IA. EK platn\u00e1 do: 2028-04-10. STK platn\u00e1 do: 2028-04-10.\n\nTechnick\u00e9 \u00fadaje\n\nv.v.: 04\/18, 2993cm\u00b3, 294kW (400PS), Pohon: 4\u00d74, Automatick\u00e1 p\u0159evodovka (8 st.), Diesel, EURO 6, 4 dv., (5-m\u00edstn\u00fd), 154 213km, \u010cern\u00e1 metal\u00edza, VIN WBA7C810X0B299632\n\nSpot\u0159eba vozidla (l\/100km)\n\nVe m\u011bst\u011b: 6.9, mimo m\u011bsto: 5.3, kombinovan\u00e1: 5.9\n\nPrvn\u00ed majitel, Servisn\u00ed kn\u00ed\u017eka, Mo\u017en\u00fd leasing, Jako nov\u00e9 koupen\u00e9 v SR, Mo\u017en\u00fd \u00fav\u011br, \u00dapln\u00e1 servisn\u00ed historie","price":"921500.00","currency":"CZK","status":"active","noindex":true,"location":{"address":null,"full_address":null,"city":"\u017dilina","country":"SK","latitude":49.2234674,"longitude":18.7393139},"metadata":{"vin":"WBA7C810X0B299632","fuel":"diesel","year":2018,"brand":"BMW","color":"Black","doors":4,"drive":"AWD \/ 4x4","model":"rad 7","seats":5,"region":"\u017dilinsk\u00fd kraj","mileage":154213,"emisions":"Euro 6","features":["Alarm","EBD\/EBV","Posilova\u010d \u0159\u00edzen\u00ed","ABS","ESP","ADS","DSC\/DTC","Brzdov\u00fd asistent (EBA, BAS)","ISOFIX na zadn\u00edch sedadlech","Deaktivace airbagu spolujezdce","Nat\u00e1\u010dec\u00ed sv\u011btlomety","Senzor tlaku","Syst\u00e9m rozpozn\u00e1v\u00e1n\u00ed dopravn\u00edch zna\u010dek","Sledov\u00e1n\u00ed \u00fanavy \u0159idi\u010de","360\u00b0 monitorovac\u00ed syst\u00e9m (AVM)","Asistent d\u00e1lkov\u00fdch sv\u011btel (HBA)","CD p\u0159ehr\u00e1va\u010d","Centr\u00e1ln\u00ed zamyk\u00e1n\u00ed","Zadn\u00ed el. stahovateln\u00e1 okna","El. nastaviteln\u00e1 p\u0159edn\u00ed sedadla","Elektricky nastaviteln\u00e1 zp\u011btn\u00e1 zrc\u00e1tka","Centr\u00e1ln\u00ed zamyk\u00e1n\u00ed na d\u00e1lkov\u00e9 ovl\u00e1d\u00e1n\u00ed","Autor\u00e1dio","Nez\u00e1visl\u00e9 topen\u00ed","Multifunk\u010dn\u00ed volant","Loketn\u00ed op\u011brka vp\u0159edu","Head-up display","Start\/Stop syst\u00e9m","Klimatizovan\u00e1 p\u0159ihr\u00e1dka","Ost\u0159ikova\u010de sv\u011btlomet\u016f","Automatick\u00e1 3-z\u00f3nov\u00e1 klimatizace","Apple Car Play","Android Auto","Welcome light","Digit\u00e1ln\u00ed p\u0159\u00edstrojov\u00e1 deska","Bezdr\u00e1tov\u00e1 nab\u00edje\u010dka mobiln\u00edch telefon\u016f","Lit\u00e1 kola","Mlhovky","Imobiliz\u00e9r","Palubn\u00ed po\u010d\u00edta\u010d","Navigace","Automatick\u00e9 parkov\u00e1n\u00ed","Tempomat","Ko\u017een\u00fd interi\u00e9r","Vyh\u0159\u00edvan\u00e1 sedadla","Elektricky vyh\u0159\u00edvan\u00e1 zp\u011btn\u00e1 zrc\u00e1tka","F\u00f3lie","Senzor st\u011bra\u010d\u016f","Zimn\u00ed sada kol","Parkovac\u00ed kamera","Zadn\u00ed parkovac\u00ed senzory","Elektrick\u00e9 dov\u00edr\u00e1n\u00ed v\u0161ech dve\u0159\u00ed","Bezkl\u00ed\u010dov\u00fd vstup","El. ovl\u00e1dan\u00fd kufr","Elektrick\u00e9 dov\u00edr\u00e1n\u00ed zavazadlov\u00e9ho prostoru","Ventilovan\u00e1 p\u0159edn\u00ed sedadla","Bluetooth","Denn\u00ed sv\u00edcen\u00ed","Bezdotykov\u00e9 ovl\u00e1d\u00e1n\u00ed v\u00edka zavazadlov\u00e9ho prostoru","Pam\u011b\u0165 nastaven\u00ed sedadla \u0159idi\u010de","Ambientn\u00ed LED osv\u011btlen\u00ed interi\u00e9ru","Prv\u00fd majite\u013e","Serv. kni\u017eka","Mo\u017en\u00fd leasing","Ako nov\u00e9 k\u00fapen\u00e9 v SR","Mo\u017en\u00fd \u00faver","\u00dapln\u00e1 servisn\u00e1 hist\u00f3ria","Adaptivn\u00ed podvozek","Ko\u017een\u00fd paket","Odo-pass","Asistent udr\u017eov\u00e1n\u00ed j\u00edzdn\u00edho pruhu","Asistent rozjezdu do kopce","Syst\u00e9m sledov\u00e1n\u00ed mrtv\u00e9ho \u00fahlu","MSR","LCD panel","Drive Select (j\u00edzadn\u00ed re\u017eimy)","Pr\u00e9miov\u00fd audiosyst\u00e9m (B&O, Harman, Bose...)","Elektricky sklopn\u00e1 zp\u011btn\u00e1 zrc\u00e1tka","Rozpozn\u00e1v\u00e1n\u00ed chodc\u016f"],"power_kw":294,"body_type":"Sedan","condition":"Used","transmission":"automatic","vat_deductible":false,"consumption_city":6.9,"translation_hash":"a727f6fa8695441a95b4800f68a0d0671e3dcd3c","vehicle_category":"car","engine_volume_cm3":2993,"first_registration":"2018-04-01","translation_status":"done","consumption_highway":5.3,"consumption_combined":5.9},"user_id":29,"is_sponsored":false,"views_count":13,"ai_views_count":8,"ai_vendor_counts":{"other":1,"openai":3,"anthropic":4},"visibility":"public","submission_source":null,"submission_ai_name":null,"has_owner_email":true,"can_contact_owner":true,"phone":"0949 560 842","owner_email":"jasek@autorro.sk","user":{"id":29,"slug":"daniel-jasek-29","name":"Daniel Ja\u0161ek","bio":"Makl\u00e9r. P\u016fsob\u00edm v \u017diline a okol\u00ed.\n\nP\u016fsobnost: \u017dilina","nationality":"SK","languages":["cs","sk"],"service_areas":[],"card_style":null,"card_palette":null,"avatar_url":"https:\/\/cdn.assetlog.ai\/avatars\/29\/avatar_max.webp?v=1786535213","avatar_thumb_url":"https:\/\/cdn.assetlog.ai\/avatars\/29\/avatar_small.webp?v=1786535213","reviews_count":0,"avg_rating":null,"seller_badge":"silver","can_calendar":true,"joined_at":"2026-06-07T07:44:46+00:00","primary_intent":null,"seeking":[],"public_assets_count":23,"public_prompts_count":0,"followers_count":0},"images":[{"id":95760,"max":"https:\/\/cdn.assetlog.ai\/assets\/116957\/bmw-rad-7-750d-xdrive-294kw400hp-at8-aj-na-splatky-protiucet_1_max.webp","medium":"https:\/\/cdn.assetlog.ai\/assets\/116957\/bmw-rad-7-750d-xdrive-294kw400hp-at8-aj-na-splatky-protiucet_1_medium.webp","small":"https:\/\/cdn.assetlog.ai\/assets\/116957\/bmw-rad-7-750d-xdrive-294kw400hp-at8-aj-na-splatky-protiucet_1_small.webp"},{"id":95761,"max":"https:\/\/cdn.assetlog.ai\/assets\/116957\/bmw-rad-7-750d-xdrive-294kw400hp-at8-aj-na-splatky-protiucet_2_max.webp","medium":"https:\/\/cdn.assetlog.ai\/assets\/116957\/bmw-rad-7-750d-xdrive-294kw400hp-at8-aj-na-splatky-protiucet_2_medium.webp","small":"https:\/\/cdn.assetlog.ai\/assets\/116957\/bmw-rad-7-750d-xdrive-294kw400hp-at8-aj-na-splatky-protiucet_2_small.webp"},{"id":95762,"max":"https:\/\/cdn.assetlog.ai\/assets\/116957\/bmw-rad-7-750d-xdrive-294kw400hp-at8-aj-na-splatky-protiucet_3_max.webp","medium":"https:\/\/cdn.assetlog.ai\/assets\/116957\/bmw-rad-7-750d-xdrive-294kw400hp-at8-aj-na-splatky-protiucet_3_medium.webp","small":"https:\/\/cdn.assetlog.ai\/assets\/116957\/bmw-rad-7-750d-xdrive-294kw400hp-at8-aj-na-splatky-protiucet_3_small.webp"},{"id":95763,"max":"https:\/\/cdn.assetlog.ai\/assets\/116957\/bmw-rad-7-750d-xdrive-294kw400hp-at8-aj-na-splatky-protiucet_4_max.webp","medium":"https:\/\/cdn.assetlog.ai\/assets\/116957\/bmw-rad-7-750d-xdrive-294kw400hp-at8-aj-na-splatky-protiucet_4_medium.webp","small":"https:\/\/cdn.assetlog.ai\/assets\/116957\/bmw-rad-7-750d-xdrive-294kw400hp-at8-aj-na-splatky-protiucet_4_small.webp"},{"id":95764,"max":"https:\/\/cdn.assetlog.ai\/assets\/116957\/bmw-rad-7-750d-xdrive-294kw400hp-at8-aj-na-splatky-protiucet_5_max.webp","medium":"https:\/\/cdn.assetlog.ai\/assets\/116957\/bmw-rad-7-750d-xdrive-294kw400hp-at8-aj-na-splatky-protiucet_5_medium.webp","small":"https:\/\/cdn.assetlog.ai\/assets\/116957\/bmw-rad-7-750d-xdrive-294kw400hp-at8-aj-na-splatky-protiucet_5_small.webp"},{"id":95765,"max":"https:\/\/cdn.assetlog.ai\/assets\/116957\/bmw-rad-7-750d-xdrive-294kw400hp-at8-aj-na-splatky-protiucet_6_max.webp","medium":"https:\/\/cdn.assetlog.ai\/assets\/116957\/bmw-rad-7-750d-xdrive-294kw400hp-at8-aj-na-splatky-protiucet_6_medium.webp","small":"https:\/\/cdn.assetlog.ai\/assets\/116957\/bmw-rad-7-750d-xdrive-294kw400hp-at8-aj-na-splatky-protiucet_6_small.webp"},{"id":95766,"max":"https:\/\/cdn.assetlog.ai\/assets\/116957\/bmw-rad-7-750d-xdrive-294kw400hp-at8-aj-na-splatky-protiucet_7_max.webp","medium":"https:\/\/cdn.assetlog.ai\/assets\/116957\/bmw-rad-7-750d-xdrive-294kw400hp-at8-aj-na-splatky-protiucet_7_medium.webp","small":"https:\/\/cdn.assetlog.ai\/assets\/116957\/bmw-rad-7-750d-xdrive-294kw400hp-at8-aj-na-splatky-protiucet_7_small.webp"},{"id":95767,"max":"https:\/\/cdn.assetlog.ai\/assets\/116957\/bmw-rad-7-750d-xdrive-294kw400hp-at8-aj-na-splatky-protiucet_8_max.webp","medium":"https:\/\/cdn.assetlog.ai\/assets\/116957\/bmw-rad-7-750d-xdrive-294kw400hp-at8-aj-na-splatky-protiucet_8_medium.webp","small":"https:\/\/cdn.assetlog.ai\/assets\/116957\/bmw-rad-7-750d-xdrive-294kw400hp-at8-aj-na-splatky-protiucet_8_small.webp"},{"id":95768,"max":"https:\/\/cdn.assetlog.ai\/assets\/116957\/bmw-rad-7-750d-xdrive-294kw400hp-at8-aj-na-splatky-protiucet_9_max.webp","medium":"https:\/\/cdn.assetlog.ai\/assets\/116957\/bmw-rad-7-750d-xdrive-294kw400hp-at8-aj-na-splatky-protiucet_9_medium.webp","small":"https:\/\/cdn.assetlog.ai\/assets\/116957\/bmw-rad-7-750d-xdrive-294kw400hp-at8-aj-na-splatky-protiucet_9_small.webp"},{"id":95769,"max":"https:\/\/cdn.assetlog.ai\/assets\/116957\/bmw-rad-7-750d-xdrive-294kw400hp-at8-aj-na-splatky-protiucet_10_max.webp","medium":"https:\/\/cdn.assetlog.ai\/assets\/116957\/bmw-rad-7-750d-xdrive-294kw400hp-at8-aj-na-splatky-protiucet_10_medium.webp","small":"https:\/\/cdn.assetlog.ai\/assets\/116957\/bmw-rad-7-750d-xdrive-294kw400hp-at8-aj-na-splatky-protiucet_10_small.webp"},{"id":95770,"max":"https:\/\/cdn.assetlog.ai\/assets\/116957\/bmw-rad-7-750d-xdrive-294kw400hp-at8-aj-na-splatky-protiucet_11_max.webp","medium":"https:\/\/cdn.assetlog.ai\/assets\/116957\/bmw-rad-7-750d-xdrive-294kw400hp-at8-aj-na-splatky-protiucet_11_medium.webp","small":"https:\/\/cdn.assetlog.ai\/assets\/116957\/bmw-rad-7-750d-xdrive-294kw400hp-at8-aj-na-splatky-protiucet_11_small.webp"},{"id":95771,"max":"https:\/\/cdn.assetlog.ai\/assets\/116957\/bmw-rad-7-750d-xdrive-294kw400hp-at8-aj-na-splatky-protiucet_12_max.webp","medium":"https:\/\/cdn.assetlog.ai\/assets\/116957\/bmw-rad-7-750d-xdrive-294kw400hp-at8-aj-na-splatky-protiucet_12_medium.webp","small":"https:\/\/cdn.assetlog.ai\/assets\/116957\/bmw-rad-7-750d-xdrive-294kw400hp-at8-aj-na-splatky-protiucet_12_small.webp"},{"id":95772,"max":"https:\/\/cdn.assetlog.ai\/assets\/116957\/bmw-rad-7-750d-xdrive-294kw400hp-at8-aj-na-splatky-protiucet_13_max.webp","medium":"https:\/\/cdn.assetlog.ai\/assets\/116957\/bmw-rad-7-750d-xdrive-294kw400hp-at8-aj-na-splatky-protiucet_13_medium.webp","small":"https:\/\/cdn.assetlog.ai\/assets\/116957\/bmw-rad-7-750d-xdrive-294kw400hp-at8-aj-na-splatky-protiucet_13_small.webp"},{"id":95773,"max":"https:\/\/cdn.assetlog.ai\/assets\/116957\/bmw-rad-7-750d-xdrive-294kw400hp-at8-aj-na-splatky-protiucet_14_max.webp","medium":"https:\/\/cdn.assetlog.ai\/assets\/116957\/bmw-rad-7-750d-xdrive-294kw400hp-at8-aj-na-splatky-protiucet_14_medium.webp","small":"https:\/\/cdn.assetlog.ai\/assets\/116957\/bmw-rad-7-750d-xdrive-294kw400hp-at8-aj-na-splatky-protiucet_14_small.webp"},{"id":95774,"max":"https:\/\/cdn.assetlog.ai\/assets\/116957\/bmw-rad-7-750d-xdrive-294kw400hp-at8-aj-na-splatky-protiucet_15_max.webp","medium":"https:\/\/cdn.assetlog.ai\/assets\/116957\/bmw-rad-7-750d-xdrive-294kw400hp-at8-aj-na-splatky-protiucet_15_medium.webp","small":"https:\/\/cdn.assetlog.ai\/assets\/116957\/bmw-rad-7-750d-xdrive-294kw400hp-at8-aj-na-splatky-protiucet_15_small.webp"},{"id":95775,"max":"https:\/\/cdn.assetlog.ai\/assets\/116957\/bmw-rad-7-750d-xdrive-294kw400hp-at8-aj-na-splatky-protiucet_16_max.webp","medium":"https:\/\/cdn.assetlog.ai\/assets\/116957\/bmw-rad-7-750d-xdrive-294kw400hp-at8-aj-na-splatky-protiucet_16_medium.webp","small":"https:\/\/cdn.assetlog.ai\/assets\/116957\/bmw-rad-7-750d-xdrive-294kw400hp-at8-aj-na-splatky-protiucet_16_small.webp"},{"id":95776,"max":"https:\/\/cdn.assetlog.ai\/assets\/116957\/bmw-rad-7-750d-xdrive-294kw400hp-at8-aj-na-splatky-protiucet_17_max.webp","medium":"https:\/\/cdn.assetlog.ai\/assets\/116957\/bmw-rad-7-750d-xdrive-294kw400hp-at8-aj-na-splatky-protiucet_17_medium.webp","small":"https:\/\/cdn.assetlog.ai\/assets\/116957\/bmw-rad-7-750d-xdrive-294kw400hp-at8-aj-na-splatky-protiucet_17_small.webp"},{"id":95777,"max":"https:\/\/cdn.assetlog.ai\/assets\/116957\/bmw-rad-7-750d-xdrive-294kw400hp-at8-aj-na-splatky-protiucet_18_max.webp","medium":"https:\/\/cdn.assetlog.ai\/assets\/116957\/bmw-rad-7-750d-xdrive-294kw400hp-at8-aj-na-splatky-protiucet_18_medium.webp","small":"https:\/\/cdn.assetlog.ai\/assets\/116957\/bmw-rad-7-750d-xdrive-294kw400hp-at8-aj-na-splatky-protiucet_18_small.webp"},{"id":95778,"max":"https:\/\/cdn.assetlog.ai\/assets\/116957\/bmw-rad-7-750d-xdrive-294kw400hp-at8-aj-na-splatky-protiucet_19_max.webp","medium":"https:\/\/cdn.assetlog.ai\/assets\/116957\/bmw-rad-7-750d-xdrive-294kw400hp-at8-aj-na-splatky-protiucet_19_medium.webp","small":"https:\/\/cdn.assetlog.ai\/assets\/116957\/bmw-rad-7-750d-xdrive-294kw400hp-at8-aj-na-splatky-protiucet_19_small.webp"},{"id":95779,"max":"https:\/\/cdn.assetlog.ai\/assets\/116957\/bmw-rad-7-750d-xdrive-294kw400hp-at8-aj-na-splatky-protiucet_20_max.webp","medium":"https:\/\/cdn.assetlog.ai\/assets\/116957\/bmw-rad-7-750d-xdrive-294kw400hp-at8-aj-na-splatky-protiucet_20_medium.webp","small":"https:\/\/cdn.assetlog.ai\/assets\/116957\/bmw-rad-7-750d-xdrive-294kw400hp-at8-aj-na-splatky-protiucet_20_small.webp"},{"id":95780,"max":"https:\/\/cdn.assetlog.ai\/assets\/116957\/bmw-rad-7-750d-xdrive-294kw400hp-at8-aj-na-splatky-protiucet_21_max.webp","medium":"https:\/\/cdn.assetlog.ai\/assets\/116957\/bmw-rad-7-750d-xdrive-294kw400hp-at8-aj-na-splatky-protiucet_21_medium.webp","small":"https:\/\/cdn.assetlog.ai\/assets\/116957\/bmw-rad-7-750d-xdrive-294kw400hp-at8-aj-na-splatky-protiucet_21_small.webp"},{"id":95781,"max":"https:\/\/cdn.assetlog.ai\/assets\/116957\/bmw-rad-7-750d-xdrive-294kw400hp-at8-aj-na-splatky-protiucet_22_max.webp","medium":"https:\/\/cdn.assetlog.ai\/assets\/116957\/bmw-rad-7-750d-xdrive-294kw400hp-at8-aj-na-splatky-protiucet_22_medium.webp","small":"https:\/\/cdn.assetlog.ai\/assets\/116957\/bmw-rad-7-750d-xdrive-294kw400hp-at8-aj-na-splatky-protiucet_22_small.webp"},{"id":95782,"max":"https:\/\/cdn.assetlog.ai\/assets\/116957\/bmw-rad-7-750d-xdrive-294kw400hp-at8-aj-na-splatky-protiucet_23_max.webp","medium":"https:\/\/cdn.assetlog.ai\/assets\/116957\/bmw-rad-7-750d-xdrive-294kw400hp-at8-aj-na-splatky-protiucet_23_medium.webp","small":"https:\/\/cdn.assetlog.ai\/assets\/116957\/bmw-rad-7-750d-xdrive-294kw400hp-at8-aj-na-splatky-protiucet_23_small.webp"},{"id":95783,"max":"https:\/\/cdn.assetlog.ai\/assets\/116957\/bmw-rad-7-750d-xdrive-294kw400hp-at8-aj-na-splatky-protiucet_24_max.webp","medium":"https:\/\/cdn.assetlog.ai\/assets\/116957\/bmw-rad-7-750d-xdrive-294kw400hp-at8-aj-na-splatky-protiucet_24_medium.webp","small":"https:\/\/cdn.assetlog.ai\/assets\/116957\/bmw-rad-7-750d-xdrive-294kw400hp-at8-aj-na-splatky-protiucet_24_small.webp"},{"id":95784,"max":"https:\/\/cdn.assetlog.ai\/assets\/116957\/bmw-rad-7-750d-xdrive-294kw400hp-at8-aj-na-splatky-protiucet_25_max.webp","medium":"https:\/\/cdn.assetlog.ai\/assets\/116957\/bmw-rad-7-750d-xdrive-294kw400hp-at8-aj-na-splatky-protiucet_25_medium.webp","small":"https:\/\/cdn.assetlog.ai\/assets\/116957\/bmw-rad-7-750d-xdrive-294kw400hp-at8-aj-na-splatky-protiucet_25_small.webp"},{"id":95785,"max":"https:\/\/cdn.assetlog.ai\/assets\/116957\/bmw-rad-7-750d-xdrive-294kw400hp-at8-aj-na-splatky-protiucet_26_max.webp","medium":"https:\/\/cdn.assetlog.ai\/assets\/116957\/bmw-rad-7-750d-xdrive-294kw400hp-at8-aj-na-splatky-protiucet_26_medium.webp","small":"https:\/\/cdn.assetlog.ai\/assets\/116957\/bmw-rad-7-750d-xdrive-294kw400hp-at8-aj-na-splatky-protiucet_26_small.webp"},{"id":95786,"max":"https:\/\/cdn.assetlog.ai\/assets\/116957\/bmw-rad-7-750d-xdrive-294kw400hp-at8-aj-na-splatky-protiucet_27_max.webp","medium":"https:\/\/cdn.assetlog.ai\/assets\/116957\/bmw-rad-7-750d-xdrive-294kw400hp-at8-aj-na-splatky-protiucet_27_medium.webp","small":"https:\/\/cdn.assetlog.ai\/assets\/116957\/bmw-rad-7-750d-xdrive-294kw400hp-at8-aj-na-splatky-protiucet_27_small.webp"},{"id":95787,"max":"https:\/\/cdn.assetlog.ai\/assets\/116957\/bmw-rad-7-750d-xdrive-294kw400hp-at8-aj-na-splatky-protiucet_28_max.webp","medium":"https:\/\/cdn.assetlog.ai\/assets\/116957\/bmw-rad-7-750d-xdrive-294kw400hp-at8-aj-na-splatky-protiucet_28_medium.webp","small":"https:\/\/cdn.assetlog.ai\/assets\/116957\/bmw-rad-7-750d-xdrive-294kw400hp-at8-aj-na-splatky-protiucet_28_small.webp"},{"id":95788,"max":"https:\/\/cdn.assetlog.ai\/assets\/116957\/bmw-rad-7-750d-xdrive-294kw400hp-at8-aj-na-splatky-protiucet_29_max.webp","medium":"https:\/\/cdn.assetlog.ai\/assets\/116957\/bmw-rad-7-750d-xdrive-294kw400hp-at8-aj-na-splatky-protiucet_29_medium.webp","small":"https:\/\/cdn.assetlog.ai\/assets\/116957\/bmw-rad-7-750d-xdrive-294kw400hp-at8-aj-na-splatky-protiucet_29_small.webp"},{"id":95789,"max":"https:\/\/cdn.assetlog.ai\/assets\/116957\/bmw-rad-7-750d-xdrive-294kw400hp-at8-aj-na-splatky-protiucet_30_max.webp","medium":"https:\/\/cdn.assetlog.ai\/assets\/116957\/bmw-rad-7-750d-xdrive-294kw400hp-at8-aj-na-splatky-protiucet_30_medium.webp","small":"https:\/\/cdn.assetlog.ai\/assets\/116957\/bmw-rad-7-750d-xdrive-294kw400hp-at8-aj-na-splatky-protiucet_30_small.webp"},{"id":95790,"max":"https:\/\/cdn.assetlog.ai\/assets\/116957\/bmw-rad-7-750d-xdrive-294kw400hp-at8-aj-na-splatky-protiucet_31_max.webp","medium":"https:\/\/cdn.assetlog.ai\/assets\/116957\/bmw-rad-7-750d-xdrive-294kw400hp-at8-aj-na-splatky-protiucet_31_medium.webp","small":"https:\/\/cdn.assetlog.ai\/assets\/116957\/bmw-rad-7-750d-xdrive-294kw400hp-at8-aj-na-splatky-protiucet_31_small.webp"},{"id":95791,"max":"https:\/\/cdn.assetlog.ai\/assets\/116957\/bmw-rad-7-750d-xdrive-294kw400hp-at8-aj-na-splatky-protiucet_32_max.webp","medium":"https:\/\/cdn.assetlog.ai\/assets\/116957\/bmw-rad-7-750d-xdrive-294kw400hp-at8-aj-na-splatky-protiucet_32_medium.webp","small":"https:\/\/cdn.assetlog.ai\/assets\/116957\/bmw-rad-7-750d-xdrive-294kw400hp-at8-aj-na-splatky-protiucet_32_small.webp"}],"published_at":null,"expires_at":null,"created_at":"2026-07-11T03:40:04+00:00","updated_at":"2026-09-02T03:42:38+00:00"}}