{"data":{"id":161448,"slug":"bmw-x1-xline-xdrive-18d-110kw-at8-2019-aj-na-splatky-protiucet","type":"vehicle","title":"BMW X1 Xline xDrive 18d 110kW AT\/8 2019 \/ AVAILABLE FOR INSTALLMENT PAYMENTS \/ TRADE-IN ACCEPTED","description":"Commission sale - you purchase the vehicle directly from the owner.\n\nI am selling a BMW X1 xDrive18d, model year 2019, from the first owner, purchased in Slovakia. The vehicle includes two keys, service booklet, and complete service history. Regular maintenance was performed at an authorized BMW service center, with the last service completed at 106,000 km by a reliable mechanic and recorded in the electronic service book. The car has never been in an accident; the only repairs on the hood and front bumper were done due to minor stone chips, so it is in very good visual and technical condition. At 87,000 km, a major service was performed including front and rear brakes, with a complete replacement of brake discs and brake pads on both the front and rear axles also performed at 100,000 km. The car is in excellent condition, ready to drive away. The vehicle comes with a seasonal set of tires, and the reason for sale is non-use due to the purchase of a newer vehicle.\n\nThe vehicle has passed inspection of insurance records, execution checks, paint thickness measurement, and document verification. Physically inspected and also verified through the vehicle operating records register.\n\nWe offer favorable financing with monthly installments, so you can enjoy your new car immediately without waiting, with 0% down payment and installments up to 96 months.\n\nFor your greater convenience and peace of mind, we can provide you with an extended warranty up to 12-36 months.\n\nIf you already own a vehicle, you don't need to worry about selling it - in return, we will take it directly from you. Just come to us with it, we will evaluate it, and the costs will be deducted from the value of your new vehicle. You will save time, stress, and money, and the entire process will be quick and easy - you will drive away in your new car without unnecessary paperwork.\n\nTHE VEHICLE IS LOCATED IN Trnava.\nMore information can be obtained by calling 0944 258 381. Registration number: BL889ZI. MOT valid until: 2028-01-21. Technical inspection valid until: 2028-01-21.\n\nTechnical Details\n\nManufacture date: 12\/19, 1995 cm\u00b3, 110kW (150 PS), Drive: 4\u00d74, Automatic transmission (8-speed), Diesel, EURO 6, 5 doors (5-seater), 112,415 km, White, VIN WBA31AD0X05P78302\n\nVehicle Consumption (l\/100km)\n\nUrban: 5.5, Out of town: 4.3, Combined: 4.7\n\nFirst owner, Service booklet, Leasing available, Purchased as new in Slovakia, VAT deduction possible, Credit available, Complete service history","language":"cs","is_translated":true,"title_original":"BMW X1 Xline xDrive 18d 110kW AT\/8 2019 \/ AJ NA SPL\u00c1TKY \/ PROTI\u00da\u010cET","description_original":"Komisn\u00ed prodej - vozidlo kupujete p\u0159\u00edmo od majitele.\n\nProd\u00e1v\u00e1m BMW X1 xDrive18d, rok v\u00fdroby 2019, od prvn\u00edho majitele, zakoupen\u00e9 na Slovensku. Sou\u010d\u00e1st\u00ed vozidla jsou dva kl\u00ed\u010de, servisn\u00ed kn\u00ed\u017eka a kompletn\u00ed servisn\u00ed historie. Pravideln\u00fd servis byl prov\u00e1d\u011bn v autorizovan\u00e9m servisu BMW, p\u0159i\u010dem\u017e posledn\u00ed servis byl proveden p\u0159i 106 000 km u spolehliv\u00e9ho mechanika a je zaps\u00e1n v elektronick\u00e9 servisn\u00ed knize. V\u016fz nikdy nebyl po nehod\u011b, jedin\u00e9 opravy na kapot\u011b a p\u0159edn\u00edm n\u00e1razn\u00edku byly provedeny kv\u016fli kam\u00ednk\u016fm, tak\u017ee je ve velmi dobr\u00e9m vizu\u00e1ln\u00edm i technick\u00e9m stavu. P\u0159i 87 000 km prob\u011bhl v\u011bt\u0161\u00ed servis v\u010detn\u011b p\u0159edn\u00edch i zadn\u00edch brzd, p\u0159i\u010dem\u017e kompletn\u00ed v\u00fdm\u011bna brzdov\u00fdch kotou\u010d\u016f a brzdov\u00fdch desti\u010dek na p\u0159edn\u00ed i zadn\u00ed n\u00e1prav\u011b byla provedena tak\u00e9 p\u0159i 100 000 km. Auto je ve v\u00fdborn\u00e9m stavu, sta\u010d\u00ed nasednout a vyrazit. Sou\u010d\u00e1st\u00ed vozu je i sez\u00f3nn\u00ed sada pneumatik a d\u016fvodem prodeje je nevyu\u017eit\u00ed v d\u016fsledku po\u0159\u00edzen\u00ed nov\u011bj\u0161\u00edho vozu.\n\nVozidlo pro\u0161lo kontrolou z\u00e1znam\u016f o poji\u0161t\u011bn\u00ed, exekuc\u00ed, m\u011b\u0159en\u00edm laku a kontrolou doklad\u016f. Zkontrolov\u00e1no fyzicky, tak\u00e9 prost\u0159ednictv\u00edm registru provozn\u00edch z\u00e1znam\u016f vozidla.\n\nNab\u00edz\u00edme v\u00fdhodn\u00e9 financov\u00e1n\u00ed na m\u011bs\u00ed\u010dn\u00ed spl\u00e1tky, tak\u017ee si sv\u016fj nov\u00fd v\u016fz m\u016f\u017eete u\u017e\u00edvat hned a bez \u010dek\u00e1n\u00ed s akontac\u00ed 0 % a spl\u00e1tkami a\u017e na 96 m\u011bs\u00edc\u016f.\n\nPro va\u0161e v\u011bt\u0161\u00ed pohodl\u00ed a jistotu v\u00e1m m\u016f\u017eeme poskytnout prodlou\u017eenou z\u00e1ruku a\u017e na 12-36 m\u011bs\u00edc\u016f.\n\nPokud ji\u017e v\u016fz vlastn\u00edte, nemus\u00edte se zab\u00fdvat jeho prodejem - na opl\u00e1tku si ho od v\u00e1s p\u0159\u00edmo vezmeme. Sta\u010d\u00ed, kdy\u017e k n\u00e1m s n\u00edm p\u0159ijdete, my ho ocen\u00edme a n\u00e1klady ode\u010dteme od hodnoty va\u0161eho nov\u00e9ho vozu. U\u0161et\u0159\u00edte tak \u010das, starosti i pen\u00edze a cel\u00fd proces bude rychl\u00fd a snadn\u00fd - odjedete rovnou ve sv\u00e9m nov\u00e9m voze bez zbyte\u010dn\u00e9ho pap\u00edrov\u00e1n\u00ed.\n\nVOZIDLO SE NACH\u00c1Z\u00cd V Trnave.\nViac inform\u00e1ci\u00ed V\u00e1m poskytneme na telefonn\u00edm \u010d\u00edsle 0944 258 381. E\u010cV: BL889ZI. EK platn\u00e1 do: 2028-01-21. STK platn\u00e1 do: 2028-01-21.\n\nTechnick\u00e9 \u00fadaje\n\nv.v.: 12\/19, 1995cm\u00b3, 110kW (150PS), Pohon: 4\u00d74, Automatick\u00e1 p\u0159evodovka (8 st.), Diesel, EURO 6, 5 dv., (5-m\u00edstn\u00fd), 112 415km, B\u00edl\u00e1, VIN WBA31AD0X05P78302\n\nSpot\u0159eba vozidla (l\/100km)\n\nVe m\u011bst\u011b: 5.5, mimo m\u011bsto: 4.3, kombinovan\u00e1: 4.7\n\nPrvn\u00ed majitel, Servisn\u00ed kn\u00ed\u017eka, Mo\u017en\u00fd leasing, Jako nov\u00e9 koupen\u00e9 v SR, Mo\u017en\u00fd odpo\u010det DPH, Mo\u017en\u00fd \u00fav\u011br, \u00dapln\u00e1 servisn\u00ed historie","price":"555209.00","currency":"CZK","status":"active","noindex":true,"location":{"address":null,"full_address":null,"city":"Trnava","country":"SK","latitude":48.3767652,"longitude":17.5858175},"metadata":{"vin":"WBA31AD0X05P78302","fuel":"diesel","year":2019,"brand":"BMW","color":"White","doors":5,"drive":"AWD \/ 4x4","model":"X1","seats":5,"region":"Trnavsk\u00fd kraj","mileage":112415,"emisions":"Euro 6","features":["Posilova\u010d \u0159\u00edzen\u00ed","ABS","ESP","DSC\/DTC","Brzdov\u00fd asistent (EBA, BAS)","ISOFIX na zadn\u00edch sedadlech","Deaktivace airbagu spolujezdce","Nat\u00e1\u010dec\u00ed sv\u011btlomety","Senzor tlaku","Sledov\u00e1n\u00ed \u00fanavy \u0159idi\u010de","Asistent d\u00e1lkov\u00fdch sv\u011btel (HBA)","Centr\u00e1ln\u00ed zamyk\u00e1n\u00ed","Zadn\u00ed el. stahovateln\u00e1 okna","El. nastaviteln\u00e1 p\u0159edn\u00ed sedadla","Elektricky nastaviteln\u00e1 zp\u011btn\u00e1 zrc\u00e1tka","Automatick\u00e1 2-z\u00f3nov\u00e1 klimatizace","Centr\u00e1ln\u00ed zamyk\u00e1n\u00ed na d\u00e1lkov\u00e9 ovl\u00e1d\u00e1n\u00ed","Autor\u00e1dio","Multifunk\u010dn\u00ed volant","Loketn\u00ed op\u011brka vp\u0159edu","Head-up display","Start\/Stop syst\u00e9m","Ost\u0159ikova\u010de sv\u011btlomet\u016f","Apple Car Play","Android Auto","Welcome light","Digit\u00e1ln\u00ed p\u0159\u00edstrojov\u00e1 deska","Lit\u00e1 kola","Mlhovky","Imobiliz\u00e9r","Palubn\u00ed po\u010d\u00edta\u010d","Navigace","Automatick\u00e9 parkov\u00e1n\u00ed","Tempomat","Ko\u017een\u00fd interi\u00e9r","Vyh\u0159\u00edvan\u00e1 sedadla","Elektricky vyh\u0159\u00edvan\u00e1 zp\u011btn\u00e1 zrc\u00e1tka","Senzor st\u011bra\u010d\u016f","Sv\u011bteln\u00fd senzor","Zimn\u00ed sada kol","Parkovac\u00ed kamera","P\u0159edn\u00ed a zadn\u00ed parkovac\u00ed senzory","El. ovl\u00e1dan\u00fd kufr","Elektrick\u00e9 dov\u00edr\u00e1n\u00ed zavazadlov\u00e9ho prostoru","Bluetooth","Vyh\u0159\u00edvan\u00fd volant","LED sv\u011btlomety","Bezdotykov\u00e9 ovl\u00e1d\u00e1n\u00ed v\u00edka zavazadlov\u00e9ho prostoru","Pam\u011b\u0165 nastaven\u00ed sedadla \u0159idi\u010de","Ambientn\u00ed LED osv\u011btlen\u00ed interi\u00e9ru","Prv\u00fd majite\u013e","Serv. kni\u017eka","Mo\u017en\u00fd leasing","Ako nov\u00e9 k\u00fapen\u00e9 v SR","Mo\u017en\u00fd odpo\u010det DPH","Mo\u017en\u00fd \u00faver","\u00dapln\u00e1 servisn\u00e1 hist\u00f3ria","Odo-pass","asistent rozjezdu do kopce","LCD panel","Drive Select (j\u00edzdy re\u017eimy)","elektricky sklopn\u00e1 zp\u011btn\u00e1 zrc\u00e1tka"],"power_kw":110,"body_type":"SUV","condition":"Used","transmission":"automatic","vat_deductible":true,"consumption_city":5.5,"translation_hash":"e97b9459cbd075126910271b6ff0ad4b0ddff426","vehicle_category":"car","engine_volume_cm3":1995,"first_registration":"2019-12-01","translation_status":"done","consumption_highway":4.3,"consumption_combined":4.7},"user_id":43,"is_sponsored":false,"views_count":9,"ai_views_count":7,"ai_vendor_counts":{"meta":3,"other":1,"openai":2,"anthropic":1},"visibility":"public","submission_source":null,"submission_ai_name":null,"has_owner_email":true,"can_contact_owner":true,"phone":"0944 258 381","owner_email":"opalek@autorro.sk","user":{"id":43,"slug":"tomas-opalek-43","name":"Tom\u00e1\u0161 Op\u00e1lek","bio":"Makl\u00e9r. P\u016fsob\u00edm v Trnave a okol\u00ed.\n\nP\u016fsobnost: Trnava","nationality":"SK","languages":["cs","sk"],"service_areas":[],"card_style":null,"card_palette":null,"avatar_url":"https:\/\/cdn.assetlog.ai\/avatars\/43\/avatar_max.webp?v=1786535213","avatar_thumb_url":"https:\/\/cdn.assetlog.ai\/avatars\/43\/avatar_small.webp?v=1786535213","reviews_count":0,"avg_rating":null,"seller_badge":"silver","can_calendar":true,"joined_at":"2026-06-07T07:44:57+00:00","primary_intent":null,"seeking":[],"public_assets_count":33,"public_prompts_count":0,"followers_count":0},"images":[{"id":133100,"max":"https:\/\/cdn.assetlog.ai\/assets\/161448\/bmw-x1-xline-xdrive-18d-110kw-at8-2019-aj-na-splatky-protiucet_1_max.webp","medium":"https:\/\/cdn.assetlog.ai\/assets\/161448\/bmw-x1-xline-xdrive-18d-110kw-at8-2019-aj-na-splatky-protiucet_1_medium.webp","small":"https:\/\/cdn.assetlog.ai\/assets\/161448\/bmw-x1-xline-xdrive-18d-110kw-at8-2019-aj-na-splatky-protiucet_1_small.webp"},{"id":133101,"max":"https:\/\/cdn.assetlog.ai\/assets\/161448\/bmw-x1-xline-xdrive-18d-110kw-at8-2019-aj-na-splatky-protiucet_2_max.webp","medium":"https:\/\/cdn.assetlog.ai\/assets\/161448\/bmw-x1-xline-xdrive-18d-110kw-at8-2019-aj-na-splatky-protiucet_2_medium.webp","small":"https:\/\/cdn.assetlog.ai\/assets\/161448\/bmw-x1-xline-xdrive-18d-110kw-at8-2019-aj-na-splatky-protiucet_2_small.webp"},{"id":133102,"max":"https:\/\/cdn.assetlog.ai\/assets\/161448\/bmw-x1-xline-xdrive-18d-110kw-at8-2019-aj-na-splatky-protiucet_3_max.webp","medium":"https:\/\/cdn.assetlog.ai\/assets\/161448\/bmw-x1-xline-xdrive-18d-110kw-at8-2019-aj-na-splatky-protiucet_3_medium.webp","small":"https:\/\/cdn.assetlog.ai\/assets\/161448\/bmw-x1-xline-xdrive-18d-110kw-at8-2019-aj-na-splatky-protiucet_3_small.webp"},{"id":133103,"max":"https:\/\/cdn.assetlog.ai\/assets\/161448\/bmw-x1-xline-xdrive-18d-110kw-at8-2019-aj-na-splatky-protiucet_4_max.webp","medium":"https:\/\/cdn.assetlog.ai\/assets\/161448\/bmw-x1-xline-xdrive-18d-110kw-at8-2019-aj-na-splatky-protiucet_4_medium.webp","small":"https:\/\/cdn.assetlog.ai\/assets\/161448\/bmw-x1-xline-xdrive-18d-110kw-at8-2019-aj-na-splatky-protiucet_4_small.webp"},{"id":133104,"max":"https:\/\/cdn.assetlog.ai\/assets\/161448\/bmw-x1-xline-xdrive-18d-110kw-at8-2019-aj-na-splatky-protiucet_5_max.webp","medium":"https:\/\/cdn.assetlog.ai\/assets\/161448\/bmw-x1-xline-xdrive-18d-110kw-at8-2019-aj-na-splatky-protiucet_5_medium.webp","small":"https:\/\/cdn.assetlog.ai\/assets\/161448\/bmw-x1-xline-xdrive-18d-110kw-at8-2019-aj-na-splatky-protiucet_5_small.webp"},{"id":133105,"max":"https:\/\/cdn.assetlog.ai\/assets\/161448\/bmw-x1-xline-xdrive-18d-110kw-at8-2019-aj-na-splatky-protiucet_6_max.webp","medium":"https:\/\/cdn.assetlog.ai\/assets\/161448\/bmw-x1-xline-xdrive-18d-110kw-at8-2019-aj-na-splatky-protiucet_6_medium.webp","small":"https:\/\/cdn.assetlog.ai\/assets\/161448\/bmw-x1-xline-xdrive-18d-110kw-at8-2019-aj-na-splatky-protiucet_6_small.webp"},{"id":133106,"max":"https:\/\/cdn.assetlog.ai\/assets\/161448\/bmw-x1-xline-xdrive-18d-110kw-at8-2019-aj-na-splatky-protiucet_7_max.webp","medium":"https:\/\/cdn.assetlog.ai\/assets\/161448\/bmw-x1-xline-xdrive-18d-110kw-at8-2019-aj-na-splatky-protiucet_7_medium.webp","small":"https:\/\/cdn.assetlog.ai\/assets\/161448\/bmw-x1-xline-xdrive-18d-110kw-at8-2019-aj-na-splatky-protiucet_7_small.webp"},{"id":133107,"max":"https:\/\/cdn.assetlog.ai\/assets\/161448\/bmw-x1-xline-xdrive-18d-110kw-at8-2019-aj-na-splatky-protiucet_8_max.webp","medium":"https:\/\/cdn.assetlog.ai\/assets\/161448\/bmw-x1-xline-xdrive-18d-110kw-at8-2019-aj-na-splatky-protiucet_8_medium.webp","small":"https:\/\/cdn.assetlog.ai\/assets\/161448\/bmw-x1-xline-xdrive-18d-110kw-at8-2019-aj-na-splatky-protiucet_8_small.webp"},{"id":133108,"max":"https:\/\/cdn.assetlog.ai\/assets\/161448\/bmw-x1-xline-xdrive-18d-110kw-at8-2019-aj-na-splatky-protiucet_9_max.webp","medium":"https:\/\/cdn.assetlog.ai\/assets\/161448\/bmw-x1-xline-xdrive-18d-110kw-at8-2019-aj-na-splatky-protiucet_9_medium.webp","small":"https:\/\/cdn.assetlog.ai\/assets\/161448\/bmw-x1-xline-xdrive-18d-110kw-at8-2019-aj-na-splatky-protiucet_9_small.webp"},{"id":133109,"max":"https:\/\/cdn.assetlog.ai\/assets\/161448\/bmw-x1-xline-xdrive-18d-110kw-at8-2019-aj-na-splatky-protiucet_10_max.webp","medium":"https:\/\/cdn.assetlog.ai\/assets\/161448\/bmw-x1-xline-xdrive-18d-110kw-at8-2019-aj-na-splatky-protiucet_10_medium.webp","small":"https:\/\/cdn.assetlog.ai\/assets\/161448\/bmw-x1-xline-xdrive-18d-110kw-at8-2019-aj-na-splatky-protiucet_10_small.webp"},{"id":133110,"max":"https:\/\/cdn.assetlog.ai\/assets\/161448\/bmw-x1-xline-xdrive-18d-110kw-at8-2019-aj-na-splatky-protiucet_11_max.webp","medium":"https:\/\/cdn.assetlog.ai\/assets\/161448\/bmw-x1-xline-xdrive-18d-110kw-at8-2019-aj-na-splatky-protiucet_11_medium.webp","small":"https:\/\/cdn.assetlog.ai\/assets\/161448\/bmw-x1-xline-xdrive-18d-110kw-at8-2019-aj-na-splatky-protiucet_11_small.webp"},{"id":133111,"max":"https:\/\/cdn.assetlog.ai\/assets\/161448\/bmw-x1-xline-xdrive-18d-110kw-at8-2019-aj-na-splatky-protiucet_12_max.webp","medium":"https:\/\/cdn.assetlog.ai\/assets\/161448\/bmw-x1-xline-xdrive-18d-110kw-at8-2019-aj-na-splatky-protiucet_12_medium.webp","small":"https:\/\/cdn.assetlog.ai\/assets\/161448\/bmw-x1-xline-xdrive-18d-110kw-at8-2019-aj-na-splatky-protiucet_12_small.webp"},{"id":133112,"max":"https:\/\/cdn.assetlog.ai\/assets\/161448\/bmw-x1-xline-xdrive-18d-110kw-at8-2019-aj-na-splatky-protiucet_13_max.webp","medium":"https:\/\/cdn.assetlog.ai\/assets\/161448\/bmw-x1-xline-xdrive-18d-110kw-at8-2019-aj-na-splatky-protiucet_13_medium.webp","small":"https:\/\/cdn.assetlog.ai\/assets\/161448\/bmw-x1-xline-xdrive-18d-110kw-at8-2019-aj-na-splatky-protiucet_13_small.webp"},{"id":133113,"max":"https:\/\/cdn.assetlog.ai\/assets\/161448\/bmw-x1-xline-xdrive-18d-110kw-at8-2019-aj-na-splatky-protiucet_14_max.webp","medium":"https:\/\/cdn.assetlog.ai\/assets\/161448\/bmw-x1-xline-xdrive-18d-110kw-at8-2019-aj-na-splatky-protiucet_14_medium.webp","small":"https:\/\/cdn.assetlog.ai\/assets\/161448\/bmw-x1-xline-xdrive-18d-110kw-at8-2019-aj-na-splatky-protiucet_14_small.webp"},{"id":133114,"max":"https:\/\/cdn.assetlog.ai\/assets\/161448\/bmw-x1-xline-xdrive-18d-110kw-at8-2019-aj-na-splatky-protiucet_15_max.webp","medium":"https:\/\/cdn.assetlog.ai\/assets\/161448\/bmw-x1-xline-xdrive-18d-110kw-at8-2019-aj-na-splatky-protiucet_15_medium.webp","small":"https:\/\/cdn.assetlog.ai\/assets\/161448\/bmw-x1-xline-xdrive-18d-110kw-at8-2019-aj-na-splatky-protiucet_15_small.webp"},{"id":133115,"max":"https:\/\/cdn.assetlog.ai\/assets\/161448\/bmw-x1-xline-xdrive-18d-110kw-at8-2019-aj-na-splatky-protiucet_16_max.webp","medium":"https:\/\/cdn.assetlog.ai\/assets\/161448\/bmw-x1-xline-xdrive-18d-110kw-at8-2019-aj-na-splatky-protiucet_16_medium.webp","small":"https:\/\/cdn.assetlog.ai\/assets\/161448\/bmw-x1-xline-xdrive-18d-110kw-at8-2019-aj-na-splatky-protiucet_16_small.webp"},{"id":133116,"max":"https:\/\/cdn.assetlog.ai\/assets\/161448\/bmw-x1-xline-xdrive-18d-110kw-at8-2019-aj-na-splatky-protiucet_17_max.webp","medium":"https:\/\/cdn.assetlog.ai\/assets\/161448\/bmw-x1-xline-xdrive-18d-110kw-at8-2019-aj-na-splatky-protiucet_17_medium.webp","small":"https:\/\/cdn.assetlog.ai\/assets\/161448\/bmw-x1-xline-xdrive-18d-110kw-at8-2019-aj-na-splatky-protiucet_17_small.webp"},{"id":133117,"max":"https:\/\/cdn.assetlog.ai\/assets\/161448\/bmw-x1-xline-xdrive-18d-110kw-at8-2019-aj-na-splatky-protiucet_18_max.webp","medium":"https:\/\/cdn.assetlog.ai\/assets\/161448\/bmw-x1-xline-xdrive-18d-110kw-at8-2019-aj-na-splatky-protiucet_18_medium.webp","small":"https:\/\/cdn.assetlog.ai\/assets\/161448\/bmw-x1-xline-xdrive-18d-110kw-at8-2019-aj-na-splatky-protiucet_18_small.webp"},{"id":133118,"max":"https:\/\/cdn.assetlog.ai\/assets\/161448\/bmw-x1-xline-xdrive-18d-110kw-at8-2019-aj-na-splatky-protiucet_19_max.webp","medium":"https:\/\/cdn.assetlog.ai\/assets\/161448\/bmw-x1-xline-xdrive-18d-110kw-at8-2019-aj-na-splatky-protiucet_19_medium.webp","small":"https:\/\/cdn.assetlog.ai\/assets\/161448\/bmw-x1-xline-xdrive-18d-110kw-at8-2019-aj-na-splatky-protiucet_19_small.webp"},{"id":133119,"max":"https:\/\/cdn.assetlog.ai\/assets\/161448\/bmw-x1-xline-xdrive-18d-110kw-at8-2019-aj-na-splatky-protiucet_20_max.webp","medium":"https:\/\/cdn.assetlog.ai\/assets\/161448\/bmw-x1-xline-xdrive-18d-110kw-at8-2019-aj-na-splatky-protiucet_20_medium.webp","small":"https:\/\/cdn.assetlog.ai\/assets\/161448\/bmw-x1-xline-xdrive-18d-110kw-at8-2019-aj-na-splatky-protiucet_20_small.webp"},{"id":133120,"max":"https:\/\/cdn.assetlog.ai\/assets\/161448\/bmw-x1-xline-xdrive-18d-110kw-at8-2019-aj-na-splatky-protiucet_21_max.webp","medium":"https:\/\/cdn.assetlog.ai\/assets\/161448\/bmw-x1-xline-xdrive-18d-110kw-at8-2019-aj-na-splatky-protiucet_21_medium.webp","small":"https:\/\/cdn.assetlog.ai\/assets\/161448\/bmw-x1-xline-xdrive-18d-110kw-at8-2019-aj-na-splatky-protiucet_21_small.webp"},{"id":133121,"max":"https:\/\/cdn.assetlog.ai\/assets\/161448\/bmw-x1-xline-xdrive-18d-110kw-at8-2019-aj-na-splatky-protiucet_22_max.webp","medium":"https:\/\/cdn.assetlog.ai\/assets\/161448\/bmw-x1-xline-xdrive-18d-110kw-at8-2019-aj-na-splatky-protiucet_22_medium.webp","small":"https:\/\/cdn.assetlog.ai\/assets\/161448\/bmw-x1-xline-xdrive-18d-110kw-at8-2019-aj-na-splatky-protiucet_22_small.webp"},{"id":133122,"max":"https:\/\/cdn.assetlog.ai\/assets\/161448\/bmw-x1-xline-xdrive-18d-110kw-at8-2019-aj-na-splatky-protiucet_23_max.webp","medium":"https:\/\/cdn.assetlog.ai\/assets\/161448\/bmw-x1-xline-xdrive-18d-110kw-at8-2019-aj-na-splatky-protiucet_23_medium.webp","small":"https:\/\/cdn.assetlog.ai\/assets\/161448\/bmw-x1-xline-xdrive-18d-110kw-at8-2019-aj-na-splatky-protiucet_23_small.webp"},{"id":133123,"max":"https:\/\/cdn.assetlog.ai\/assets\/161448\/bmw-x1-xline-xdrive-18d-110kw-at8-2019-aj-na-splatky-protiucet_24_max.webp","medium":"https:\/\/cdn.assetlog.ai\/assets\/161448\/bmw-x1-xline-xdrive-18d-110kw-at8-2019-aj-na-splatky-protiucet_24_medium.webp","small":"https:\/\/cdn.assetlog.ai\/assets\/161448\/bmw-x1-xline-xdrive-18d-110kw-at8-2019-aj-na-splatky-protiucet_24_small.webp"},{"id":133124,"max":"https:\/\/cdn.assetlog.ai\/assets\/161448\/bmw-x1-xline-xdrive-18d-110kw-at8-2019-aj-na-splatky-protiucet_25_max.webp","medium":"https:\/\/cdn.assetlog.ai\/assets\/161448\/bmw-x1-xline-xdrive-18d-110kw-at8-2019-aj-na-splatky-protiucet_25_medium.webp","small":"https:\/\/cdn.assetlog.ai\/assets\/161448\/bmw-x1-xline-xdrive-18d-110kw-at8-2019-aj-na-splatky-protiucet_25_small.webp"},{"id":133125,"max":"https:\/\/cdn.assetlog.ai\/assets\/161448\/bmw-x1-xline-xdrive-18d-110kw-at8-2019-aj-na-splatky-protiucet_26_max.webp","medium":"https:\/\/cdn.assetlog.ai\/assets\/161448\/bmw-x1-xline-xdrive-18d-110kw-at8-2019-aj-na-splatky-protiucet_26_medium.webp","small":"https:\/\/cdn.assetlog.ai\/assets\/161448\/bmw-x1-xline-xdrive-18d-110kw-at8-2019-aj-na-splatky-protiucet_26_small.webp"},{"id":133126,"max":"https:\/\/cdn.assetlog.ai\/assets\/161448\/bmw-x1-xline-xdrive-18d-110kw-at8-2019-aj-na-splatky-protiucet_27_max.webp","medium":"https:\/\/cdn.assetlog.ai\/assets\/161448\/bmw-x1-xline-xdrive-18d-110kw-at8-2019-aj-na-splatky-protiucet_27_medium.webp","small":"https:\/\/cdn.assetlog.ai\/assets\/161448\/bmw-x1-xline-xdrive-18d-110kw-at8-2019-aj-na-splatky-protiucet_27_small.webp"},{"id":133127,"max":"https:\/\/cdn.assetlog.ai\/assets\/161448\/bmw-x1-xline-xdrive-18d-110kw-at8-2019-aj-na-splatky-protiucet_28_max.webp","medium":"https:\/\/cdn.assetlog.ai\/assets\/161448\/bmw-x1-xline-xdrive-18d-110kw-at8-2019-aj-na-splatky-protiucet_28_medium.webp","small":"https:\/\/cdn.assetlog.ai\/assets\/161448\/bmw-x1-xline-xdrive-18d-110kw-at8-2019-aj-na-splatky-protiucet_28_small.webp"},{"id":133128,"max":"https:\/\/cdn.assetlog.ai\/assets\/161448\/bmw-x1-xline-xdrive-18d-110kw-at8-2019-aj-na-splatky-protiucet_29_max.webp","medium":"https:\/\/cdn.assetlog.ai\/assets\/161448\/bmw-x1-xline-xdrive-18d-110kw-at8-2019-aj-na-splatky-protiucet_29_medium.webp","small":"https:\/\/cdn.assetlog.ai\/assets\/161448\/bmw-x1-xline-xdrive-18d-110kw-at8-2019-aj-na-splatky-protiucet_29_small.webp"},{"id":133129,"max":"https:\/\/cdn.assetlog.ai\/assets\/161448\/bmw-x1-xline-xdrive-18d-110kw-at8-2019-aj-na-splatky-protiucet_30_max.webp","medium":"https:\/\/cdn.assetlog.ai\/assets\/161448\/bmw-x1-xline-xdrive-18d-110kw-at8-2019-aj-na-splatky-protiucet_30_medium.webp","small":"https:\/\/cdn.assetlog.ai\/assets\/161448\/bmw-x1-xline-xdrive-18d-110kw-at8-2019-aj-na-splatky-protiucet_30_small.webp"},{"id":133130,"max":"https:\/\/cdn.assetlog.ai\/assets\/161448\/bmw-x1-xline-xdrive-18d-110kw-at8-2019-aj-na-splatky-protiucet_31_max.webp","medium":"https:\/\/cdn.assetlog.ai\/assets\/161448\/bmw-x1-xline-xdrive-18d-110kw-at8-2019-aj-na-splatky-protiucet_31_medium.webp","small":"https:\/\/cdn.assetlog.ai\/assets\/161448\/bmw-x1-xline-xdrive-18d-110kw-at8-2019-aj-na-splatky-protiucet_31_small.webp"},{"id":133131,"max":"https:\/\/cdn.assetlog.ai\/assets\/161448\/bmw-x1-xline-xdrive-18d-110kw-at8-2019-aj-na-splatky-protiucet_32_max.webp","medium":"https:\/\/cdn.assetlog.ai\/assets\/161448\/bmw-x1-xline-xdrive-18d-110kw-at8-2019-aj-na-splatky-protiucet_32_medium.webp","small":"https:\/\/cdn.assetlog.ai\/assets\/161448\/bmw-x1-xline-xdrive-18d-110kw-at8-2019-aj-na-splatky-protiucet_32_small.webp"},{"id":133132,"max":"https:\/\/cdn.assetlog.ai\/assets\/161448\/bmw-x1-xline-xdrive-18d-110kw-at8-2019-aj-na-splatky-protiucet_33_max.webp","medium":"https:\/\/cdn.assetlog.ai\/assets\/161448\/bmw-x1-xline-xdrive-18d-110kw-at8-2019-aj-na-splatky-protiucet_33_medium.webp","small":"https:\/\/cdn.assetlog.ai\/assets\/161448\/bmw-x1-xline-xdrive-18d-110kw-at8-2019-aj-na-splatky-protiucet_33_small.webp"},{"id":133133,"max":"https:\/\/cdn.assetlog.ai\/assets\/161448\/bmw-x1-xline-xdrive-18d-110kw-at8-2019-aj-na-splatky-protiucet_34_max.webp","medium":"https:\/\/cdn.assetlog.ai\/assets\/161448\/bmw-x1-xline-xdrive-18d-110kw-at8-2019-aj-na-splatky-protiucet_34_medium.webp","small":"https:\/\/cdn.assetlog.ai\/assets\/161448\/bmw-x1-xline-xdrive-18d-110kw-at8-2019-aj-na-splatky-protiucet_34_small.webp"},{"id":133134,"max":"https:\/\/cdn.assetlog.ai\/assets\/161448\/bmw-x1-xline-xdrive-18d-110kw-at8-2019-aj-na-splatky-protiucet_35_max.webp","medium":"https:\/\/cdn.assetlog.ai\/assets\/161448\/bmw-x1-xline-xdrive-18d-110kw-at8-2019-aj-na-splatky-protiucet_35_medium.webp","small":"https:\/\/cdn.assetlog.ai\/assets\/161448\/bmw-x1-xline-xdrive-18d-110kw-at8-2019-aj-na-splatky-protiucet_35_small.webp"},{"id":133135,"max":"https:\/\/cdn.assetlog.ai\/assets\/161448\/bmw-x1-xline-xdrive-18d-110kw-at8-2019-aj-na-splatky-protiucet_36_max.webp","medium":"https:\/\/cdn.assetlog.ai\/assets\/161448\/bmw-x1-xline-xdrive-18d-110kw-at8-2019-aj-na-splatky-protiucet_36_medium.webp","small":"https:\/\/cdn.assetlog.ai\/assets\/161448\/bmw-x1-xline-xdrive-18d-110kw-at8-2019-aj-na-splatky-protiucet_36_small.webp"}],"published_at":null,"expires_at":null,"created_at":"2026-08-19T03:40:10+00:00","updated_at":"2026-09-01T03:40:14+00:00"}}