{"data":{"id":110964,"slug":"bmw-x3-m40i-mhev-at-265kw360hp-a8-aj-na-splatky-protiucet","type":"vehicle","title":"BMW X3 M40i mHEV AT 265kW 360HP A8 \/ AJ NA INSTALLMENTS \/ TRADE-IN","description":"Commission sale - you purchase the vehicle directly from the owner.\n\nI am selling a BMW X3 M40i with a petrol mild-hybrid engine (mHEV) with 265 kW (360 HP) power and an 8-speed automatic transmission (A8). The vehicle comes with 2 keys and complete service history is available. The vehicle underwent regular service at 31,800 km. The vehicle is covered by a valid factory warranty until 10\/2027. The entire body is in original, unpainted condition and the vehicle is completely accident-free.\n\nThe vehicle has passed insurance records checks, execution checks, paint thickness measurement, and document verification. Physically inspected, also through the vehicle operating records register.\n\nWe offer favorable financing with monthly installments, so you can enjoy your new car immediately and without waiting with 0% down payment and installments up to 96 months.\n\nIf you already own a vehicle, you don't have to worry about selling it - in return, we will take it directly from you. Just come to us with it, we will evaluate it and deduct the costs from the value of your new vehicle. This saves you time, hassle and money, and the entire process will be quick and easy - you drive away in your new car without unnecessary paperwork.\n\nVEHICLE IS LOCATED IN \u017dilina. We are happy to provide more information at telephone number 0910 212 629 LICENSE PLATE: AB079DV. MOT valid until: 2028-10-30. Technical inspection valid until: 2028-10-30.\n\nTechnical specifications\n\nYear: 10\/24, 2998 cm\u00b3, 265 kW (360 HP), Drive: 4\u00d74, Automatic transmission (8-speed), petrol, EURO 6, 5-door, (5-seater), 38,486 km, Black metallic, VIN WBA85DP090N303635\n\nVehicle consumption (l\/100 km)\n\nUrban: , extra-urban: , combined: 9.3\n\nLeasing possible, Credit possible, Under warranty, Complete service history","language":"cs","is_translated":true,"title_original":"BMW X3 M40i mHEV AT 265kW360HP A8 \/ AJ NA SPL\u00c1TKY \/ PROTI\u00da\u010cET","description_original":"Komisn\u00ed prodej - vozidlo kupujete p\u0159\u00edmo od majitele.\n\nProd\u00e1v\u00e1m BMW X3 M40i s benz\u00ednov\u00fdm mild-hybridn\u00edm motorem (mHEV) o v\u00fdkonu 265 kW (360 HP) a 8stup\u0148ovou automatickou p\u0159evodovkou (A8). Sou\u010d\u00e1st\u00ed vozu jsou 2 kl\u00ed\u010de a k dispozici je kompletn\u00ed servisn\u00ed historie. Vozidlo pro\u0161lo pravideln\u00fdm servisem p\u0159i najet\u00fdch 31 800 km. Na v\u016fz se vztahuje platn\u00e1 tov\u00e1rn\u00ed z\u00e1ruka do 10\/2027. Cel\u00e1 karoserie je v p\u016fvodn\u00edm, nelakovan\u00e9m stavu a vozidlo je zcela bez nehod.\n\nVozidlo pro\u0161lo kontrolou z\u00e1znam\u016f o poji\u0161t\u011bn\u00ed, exekuc\u00ed, m\u011b\u0159en\u00edm laku a kontrolou doklad\u016f. Zkontrolov\u00e1no fyzicky, tak\u00e9 prost\u0159ednictv\u00edm registru provozn\u00edch z\u00e1znam\u016f vozidla.\n\nNab\u00edz\u00edme v\u00fdhodn\u00e9 financov\u00e1n\u00ed na m\u011bs\u00ed\u010dn\u00ed spl\u00e1tky, tak\u017ee si sv\u016fj nov\u00fd v\u016fz m\u016f\u017eete u\u017e\u00edvat hned a bez \u010dek\u00e1n\u00ed s akontac\u00ed 0 % a spl\u00e1tkami a\u017e na 96 m\u011bs\u00edc\u016f.\n\nPokud ji\u017e v\u016fz vlastn\u00edte, nemus\u00edte se zab\u00fdvat jeho prodejem - na opl\u00e1tku si ho od v\u00e1s p\u0159\u00edmo vezmeme. Sta\u010d\u00ed, kdy\u017e k n\u00e1m s n\u00edm p\u0159ijdete, my ho ocen\u00edme a n\u00e1klady ode\u010dteme od hodnoty va\u0161eho nov\u00e9ho vozu. U\u0161et\u0159\u00edte tak \u010das, starosti i pen\u00edze a cel\u00fd proces bude rychl\u00fd a snadn\u00fd - odjedete rovnou ve sv\u00e9m nov\u00e9m voze bez zbyte\u010dn\u00e9ho pap\u00edrov\u00e1n\u00ed.\n\nVOZIDLO SE NACH\u00c1Z\u00cd V \u017diline. V\u00edce informac\u00ed v\u00e1m r\u00e1di poskytneme na telefonn\u00edm \u010d\u00edsle 0910 212 629 E\u010cV: AB079DV. EK platn\u00e1 do: 2028-10-30. STK platn\u00e1 do: 2028-10-30.\n\nTechnick\u00e9 \u00fadaje\n\nv.v.: 10\/24, 2998cm\u00b3, 265kW (360PS), Pohon: 4\u00d74, Automatick\u00e1 p\u0159evodovka (8 st.), benz\u00edn, EURO 6, 5 dv., (5-m\u00edstn\u00fd), 38 486km, \u010cern\u00e1 metal\u00edza, VIN WBA85DP090N303635\n\nSpot\u0159eba vozidla (l\/100km)\n\nVe m\u011bst\u011b: , mimo m\u011bsto: , kombinovan\u00e1: 9.3\n\nMo\u017en\u00fd leasing, Mo\u017en\u00fd \u00fav\u011br, V z\u00e1ruce, \u00dapln\u00e1 servisn\u00ed historie","price":"1446959.00","currency":"CZK","status":"active","noindex":true,"location":{"address":null,"full_address":null,"city":"\u017dilina","country":"SK","latitude":49.2234674,"longitude":18.7393139},"metadata":{"vin":"WBA85DP090N303635","fuel":"petrol","year":2024,"brand":"BMW","color":"Black","doors":5,"drive":"AWD \/ 4x4","model":"X3","seats":5,"region":"\u017dilinsk\u00fd kraj","mileage":38486,"emisions":"Euro 6","features":["Alarm","Posilova\u010d \u0159\u00edzen\u00ed","ABS","ESP","Protiprokluzov\u00fd syst\u00e9m kol (TC, ASR)","DSC\/DTC","Brzdov\u00fd asistent (EBA, BAS)","ISOFIX na zadn\u00edch sedadlech","Deaktivace airbagu spolujezdce","Nat\u00e1\u010dec\u00ed sv\u011btlomety","Senzor tlaku","Syst\u00e9m rozpozn\u00e1v\u00e1n\u00ed dopravn\u00edch zna\u010dek","Sledov\u00e1n\u00ed \u00fanavy \u0159idi\u010de","360\u00b0 monitorovac\u00ed syst\u00e9m (AVM)","Asistent d\u00e1lkov\u00fdch sv\u011btel (HBA)","Centr\u00e1ln\u00ed zamyk\u00e1n\u00ed","Zadn\u00ed el. stahovateln\u00e1 okna","El. nastaviteln\u00e1 p\u0159edn\u00ed sedadla","Elektricky nastaviteln\u00e1 zp\u011btn\u00e1 zrc\u00e1tka","Centr\u00e1ln\u00ed zamyk\u00e1n\u00ed na d\u00e1lkov\u00e9 ovl\u00e1d\u00e1n\u00ed","Autor\u00e1dio","Nez\u00e1visl\u00e9 topen\u00ed","Multifunk\u010dn\u00ed volant","Loketn\u00ed op\u011brka vp\u0159edu","Head-up display","Start\/Stop syst\u00e9m","Klimatizovan\u00e1 p\u0159ihr\u00e1dka","Automatick\u00e1 3-z\u00f3nov\u00e1 klimatizace","Apple Car Play","Android Auto","Welcome light","Digit\u00e1ln\u00ed p\u0159\u00edstrojov\u00e1 deska","Bezdr\u00e1tov\u00e1 nab\u00edje\u010dka mobiln\u00edch telefon\u016f","Lit\u00e1 kola","Mlhovky","Imobiliz\u00e9r","Palubn\u00ed po\u010d\u00edta\u010d","Navigace","Automatick\u00e9 parkov\u00e1n\u00ed","St\u0159e\u0161n\u00ed nosi\u010d","Ta\u017en\u00e9 za\u0159\u00edzen\u00ed","Tempomat","Ko\u017een\u00fd interi\u00e9r","Vyh\u0159\u00edvan\u00e1 sedadla","Elektricky vyh\u0159\u00edvan\u00e1 zp\u011btn\u00e1 zrc\u00e1tka","Senzor st\u011bra\u010d\u016f","Sv\u011bteln\u00fd senzor","P\u0159edn\u00ed a zadn\u00ed parkovac\u00ed senzory","Adaptivn\u00ed tempomat","Bezkl\u00ed\u010dov\u00fd vstup","El. ovl\u00e1dan\u00fd kufr","Elektrick\u00e9 dov\u00edr\u00e1n\u00ed zavazadlov\u00e9ho prostoru","Panoramatick\u00e1 st\u0159echa","Bluetooth","Vyh\u0159\u00edvan\u00fd volant","Denn\u00ed sv\u00edcen\u00ed","LED sv\u011btlomety","Pam\u011b\u0165 nastaven\u00ed sedadla \u0159idi\u010de","Ambientn\u00ed LED osv\u011btlen\u00ed interi\u00e9ru","Mo\u017en\u00fd leasing","Mo\u017en\u00fd \u00faver","v z\u00e1ruke","\u00dapln\u00e1 servisn\u00e1 hist\u00f3ria","Mechanick\u00e9 zabezpe\u010den\u00ed","Adaptivn\u00ed podvozek","Ko\u017een\u00fd paket","Odo-pass","Asistent udr\u017eov\u00e1n\u00ed j\u00edzdn\u00edho pruhu","Asistent rozjezdu do kopce","Kontrola mrtv\u00e9ho \u00fahlu","ACC","MSR","LCD panel","Sportovn\u00ed sedadla","Drive Select (j\u00edzadn\u00ed re\u017eimy)","Elektricky sklopn\u00e1 zp\u011btn\u00e1 zrc\u00e1tka","Rozpozn\u00e1v\u00e1n\u00ed chodc\u016f","Audiosyst\u00e9m Harman\/Kardon","Laserov\u00e9 sv\u011btlomety BMW","21&quot","kola"],"power_kw":265,"body_type":"SUV","condition":"Used","transmission":"automatic","vat_deductible":true,"consumption_city":null,"translation_hash":"22ea51414fa464e720886a60703787695ea84b2e","vehicle_category":"car","engine_volume_cm3":2998,"first_registration":"2024-10-01","translation_status":"done","consumption_highway":null,"consumption_combined":9.3},"user_id":32,"is_sponsored":false,"views_count":18,"ai_views_count":10,"ai_vendor_counts":{"other":1,"openai":4,"anthropic":4,"microsoft":1},"visibility":"public","submission_source":null,"submission_ai_name":null,"has_owner_email":true,"can_contact_owner":true,"phone":"0910 212 629","owner_email":"smiesko@autorro.sk","user":{"id":32,"slug":"tomas-smiesko-32","name":"Tom\u00e1\u0161 Smie\u0161ko","bio":"Makl\u00e9r. P\u016fsob\u00edm v \u017diline a okol\u00ed.\n\nP\u016fsobnost: \u017dilina","nationality":"SK","languages":["cs","sk"],"service_areas":[],"card_style":null,"card_palette":null,"avatar_url":"https:\/\/cdn.assetlog.ai\/avatars\/32\/avatar_max.webp?v=1786535213","avatar_thumb_url":"https:\/\/cdn.assetlog.ai\/avatars\/32\/avatar_small.webp?v=1786535213","reviews_count":0,"avg_rating":null,"seller_badge":"silver","can_calendar":true,"joined_at":"2026-06-07T07:44:49+00:00","primary_intent":null,"seeking":[],"asset_types":["vehicle"],"public_assets_count":25,"public_prompts_count":0,"followers_count":0},"images":[{"id":94598,"max":"https:\/\/cdn.assetlog.ai\/assets\/110964\/bmw-x3-m40i-mhev-at-265kw360hp-a8-aj-na-splatky-protiucet_1_max.webp","medium":"https:\/\/cdn.assetlog.ai\/assets\/110964\/bmw-x3-m40i-mhev-at-265kw360hp-a8-aj-na-splatky-protiucet_1_medium.webp","small":"https:\/\/cdn.assetlog.ai\/assets\/110964\/bmw-x3-m40i-mhev-at-265kw360hp-a8-aj-na-splatky-protiucet_1_small.webp"},{"id":94599,"max":"https:\/\/cdn.assetlog.ai\/assets\/110964\/bmw-x3-m40i-mhev-at-265kw360hp-a8-aj-na-splatky-protiucet_2_max.webp","medium":"https:\/\/cdn.assetlog.ai\/assets\/110964\/bmw-x3-m40i-mhev-at-265kw360hp-a8-aj-na-splatky-protiucet_2_medium.webp","small":"https:\/\/cdn.assetlog.ai\/assets\/110964\/bmw-x3-m40i-mhev-at-265kw360hp-a8-aj-na-splatky-protiucet_2_small.webp"},{"id":94600,"max":"https:\/\/cdn.assetlog.ai\/assets\/110964\/bmw-x3-m40i-mhev-at-265kw360hp-a8-aj-na-splatky-protiucet_3_max.webp","medium":"https:\/\/cdn.assetlog.ai\/assets\/110964\/bmw-x3-m40i-mhev-at-265kw360hp-a8-aj-na-splatky-protiucet_3_medium.webp","small":"https:\/\/cdn.assetlog.ai\/assets\/110964\/bmw-x3-m40i-mhev-at-265kw360hp-a8-aj-na-splatky-protiucet_3_small.webp"},{"id":94601,"max":"https:\/\/cdn.assetlog.ai\/assets\/110964\/bmw-x3-m40i-mhev-at-265kw360hp-a8-aj-na-splatky-protiucet_4_max.webp","medium":"https:\/\/cdn.assetlog.ai\/assets\/110964\/bmw-x3-m40i-mhev-at-265kw360hp-a8-aj-na-splatky-protiucet_4_medium.webp","small":"https:\/\/cdn.assetlog.ai\/assets\/110964\/bmw-x3-m40i-mhev-at-265kw360hp-a8-aj-na-splatky-protiucet_4_small.webp"},{"id":94602,"max":"https:\/\/cdn.assetlog.ai\/assets\/110964\/bmw-x3-m40i-mhev-at-265kw360hp-a8-aj-na-splatky-protiucet_5_max.webp","medium":"https:\/\/cdn.assetlog.ai\/assets\/110964\/bmw-x3-m40i-mhev-at-265kw360hp-a8-aj-na-splatky-protiucet_5_medium.webp","small":"https:\/\/cdn.assetlog.ai\/assets\/110964\/bmw-x3-m40i-mhev-at-265kw360hp-a8-aj-na-splatky-protiucet_5_small.webp"},{"id":94603,"max":"https:\/\/cdn.assetlog.ai\/assets\/110964\/bmw-x3-m40i-mhev-at-265kw360hp-a8-aj-na-splatky-protiucet_6_max.webp","medium":"https:\/\/cdn.assetlog.ai\/assets\/110964\/bmw-x3-m40i-mhev-at-265kw360hp-a8-aj-na-splatky-protiucet_6_medium.webp","small":"https:\/\/cdn.assetlog.ai\/assets\/110964\/bmw-x3-m40i-mhev-at-265kw360hp-a8-aj-na-splatky-protiucet_6_small.webp"},{"id":94604,"max":"https:\/\/cdn.assetlog.ai\/assets\/110964\/bmw-x3-m40i-mhev-at-265kw360hp-a8-aj-na-splatky-protiucet_7_max.webp","medium":"https:\/\/cdn.assetlog.ai\/assets\/110964\/bmw-x3-m40i-mhev-at-265kw360hp-a8-aj-na-splatky-protiucet_7_medium.webp","small":"https:\/\/cdn.assetlog.ai\/assets\/110964\/bmw-x3-m40i-mhev-at-265kw360hp-a8-aj-na-splatky-protiucet_7_small.webp"},{"id":94605,"max":"https:\/\/cdn.assetlog.ai\/assets\/110964\/bmw-x3-m40i-mhev-at-265kw360hp-a8-aj-na-splatky-protiucet_8_max.webp","medium":"https:\/\/cdn.assetlog.ai\/assets\/110964\/bmw-x3-m40i-mhev-at-265kw360hp-a8-aj-na-splatky-protiucet_8_medium.webp","small":"https:\/\/cdn.assetlog.ai\/assets\/110964\/bmw-x3-m40i-mhev-at-265kw360hp-a8-aj-na-splatky-protiucet_8_small.webp"},{"id":94606,"max":"https:\/\/cdn.assetlog.ai\/assets\/110964\/bmw-x3-m40i-mhev-at-265kw360hp-a8-aj-na-splatky-protiucet_9_max.webp","medium":"https:\/\/cdn.assetlog.ai\/assets\/110964\/bmw-x3-m40i-mhev-at-265kw360hp-a8-aj-na-splatky-protiucet_9_medium.webp","small":"https:\/\/cdn.assetlog.ai\/assets\/110964\/bmw-x3-m40i-mhev-at-265kw360hp-a8-aj-na-splatky-protiucet_9_small.webp"},{"id":94607,"max":"https:\/\/cdn.assetlog.ai\/assets\/110964\/bmw-x3-m40i-mhev-at-265kw360hp-a8-aj-na-splatky-protiucet_10_max.webp","medium":"https:\/\/cdn.assetlog.ai\/assets\/110964\/bmw-x3-m40i-mhev-at-265kw360hp-a8-aj-na-splatky-protiucet_10_medium.webp","small":"https:\/\/cdn.assetlog.ai\/assets\/110964\/bmw-x3-m40i-mhev-at-265kw360hp-a8-aj-na-splatky-protiucet_10_small.webp"},{"id":94608,"max":"https:\/\/cdn.assetlog.ai\/assets\/110964\/bmw-x3-m40i-mhev-at-265kw360hp-a8-aj-na-splatky-protiucet_11_max.webp","medium":"https:\/\/cdn.assetlog.ai\/assets\/110964\/bmw-x3-m40i-mhev-at-265kw360hp-a8-aj-na-splatky-protiucet_11_medium.webp","small":"https:\/\/cdn.assetlog.ai\/assets\/110964\/bmw-x3-m40i-mhev-at-265kw360hp-a8-aj-na-splatky-protiucet_11_small.webp"},{"id":94609,"max":"https:\/\/cdn.assetlog.ai\/assets\/110964\/bmw-x3-m40i-mhev-at-265kw360hp-a8-aj-na-splatky-protiucet_12_max.webp","medium":"https:\/\/cdn.assetlog.ai\/assets\/110964\/bmw-x3-m40i-mhev-at-265kw360hp-a8-aj-na-splatky-protiucet_12_medium.webp","small":"https:\/\/cdn.assetlog.ai\/assets\/110964\/bmw-x3-m40i-mhev-at-265kw360hp-a8-aj-na-splatky-protiucet_12_small.webp"},{"id":94610,"max":"https:\/\/cdn.assetlog.ai\/assets\/110964\/bmw-x3-m40i-mhev-at-265kw360hp-a8-aj-na-splatky-protiucet_13_max.webp","medium":"https:\/\/cdn.assetlog.ai\/assets\/110964\/bmw-x3-m40i-mhev-at-265kw360hp-a8-aj-na-splatky-protiucet_13_medium.webp","small":"https:\/\/cdn.assetlog.ai\/assets\/110964\/bmw-x3-m40i-mhev-at-265kw360hp-a8-aj-na-splatky-protiucet_13_small.webp"},{"id":94611,"max":"https:\/\/cdn.assetlog.ai\/assets\/110964\/bmw-x3-m40i-mhev-at-265kw360hp-a8-aj-na-splatky-protiucet_14_max.webp","medium":"https:\/\/cdn.assetlog.ai\/assets\/110964\/bmw-x3-m40i-mhev-at-265kw360hp-a8-aj-na-splatky-protiucet_14_medium.webp","small":"https:\/\/cdn.assetlog.ai\/assets\/110964\/bmw-x3-m40i-mhev-at-265kw360hp-a8-aj-na-splatky-protiucet_14_small.webp"},{"id":94612,"max":"https:\/\/cdn.assetlog.ai\/assets\/110964\/bmw-x3-m40i-mhev-at-265kw360hp-a8-aj-na-splatky-protiucet_15_max.webp","medium":"https:\/\/cdn.assetlog.ai\/assets\/110964\/bmw-x3-m40i-mhev-at-265kw360hp-a8-aj-na-splatky-protiucet_15_medium.webp","small":"https:\/\/cdn.assetlog.ai\/assets\/110964\/bmw-x3-m40i-mhev-at-265kw360hp-a8-aj-na-splatky-protiucet_15_small.webp"},{"id":94613,"max":"https:\/\/cdn.assetlog.ai\/assets\/110964\/bmw-x3-m40i-mhev-at-265kw360hp-a8-aj-na-splatky-protiucet_16_max.webp","medium":"https:\/\/cdn.assetlog.ai\/assets\/110964\/bmw-x3-m40i-mhev-at-265kw360hp-a8-aj-na-splatky-protiucet_16_medium.webp","small":"https:\/\/cdn.assetlog.ai\/assets\/110964\/bmw-x3-m40i-mhev-at-265kw360hp-a8-aj-na-splatky-protiucet_16_small.webp"},{"id":94614,"max":"https:\/\/cdn.assetlog.ai\/assets\/110964\/bmw-x3-m40i-mhev-at-265kw360hp-a8-aj-na-splatky-protiucet_17_max.webp","medium":"https:\/\/cdn.assetlog.ai\/assets\/110964\/bmw-x3-m40i-mhev-at-265kw360hp-a8-aj-na-splatky-protiucet_17_medium.webp","small":"https:\/\/cdn.assetlog.ai\/assets\/110964\/bmw-x3-m40i-mhev-at-265kw360hp-a8-aj-na-splatky-protiucet_17_small.webp"},{"id":94615,"max":"https:\/\/cdn.assetlog.ai\/assets\/110964\/bmw-x3-m40i-mhev-at-265kw360hp-a8-aj-na-splatky-protiucet_18_max.webp","medium":"https:\/\/cdn.assetlog.ai\/assets\/110964\/bmw-x3-m40i-mhev-at-265kw360hp-a8-aj-na-splatky-protiucet_18_medium.webp","small":"https:\/\/cdn.assetlog.ai\/assets\/110964\/bmw-x3-m40i-mhev-at-265kw360hp-a8-aj-na-splatky-protiucet_18_small.webp"},{"id":94616,"max":"https:\/\/cdn.assetlog.ai\/assets\/110964\/bmw-x3-m40i-mhev-at-265kw360hp-a8-aj-na-splatky-protiucet_19_max.webp","medium":"https:\/\/cdn.assetlog.ai\/assets\/110964\/bmw-x3-m40i-mhev-at-265kw360hp-a8-aj-na-splatky-protiucet_19_medium.webp","small":"https:\/\/cdn.assetlog.ai\/assets\/110964\/bmw-x3-m40i-mhev-at-265kw360hp-a8-aj-na-splatky-protiucet_19_small.webp"},{"id":94617,"max":"https:\/\/cdn.assetlog.ai\/assets\/110964\/bmw-x3-m40i-mhev-at-265kw360hp-a8-aj-na-splatky-protiucet_20_max.webp","medium":"https:\/\/cdn.assetlog.ai\/assets\/110964\/bmw-x3-m40i-mhev-at-265kw360hp-a8-aj-na-splatky-protiucet_20_medium.webp","small":"https:\/\/cdn.assetlog.ai\/assets\/110964\/bmw-x3-m40i-mhev-at-265kw360hp-a8-aj-na-splatky-protiucet_20_small.webp"},{"id":94618,"max":"https:\/\/cdn.assetlog.ai\/assets\/110964\/bmw-x3-m40i-mhev-at-265kw360hp-a8-aj-na-splatky-protiucet_21_max.webp","medium":"https:\/\/cdn.assetlog.ai\/assets\/110964\/bmw-x3-m40i-mhev-at-265kw360hp-a8-aj-na-splatky-protiucet_21_medium.webp","small":"https:\/\/cdn.assetlog.ai\/assets\/110964\/bmw-x3-m40i-mhev-at-265kw360hp-a8-aj-na-splatky-protiucet_21_small.webp"},{"id":94619,"max":"https:\/\/cdn.assetlog.ai\/assets\/110964\/bmw-x3-m40i-mhev-at-265kw360hp-a8-aj-na-splatky-protiucet_22_max.webp","medium":"https:\/\/cdn.assetlog.ai\/assets\/110964\/bmw-x3-m40i-mhev-at-265kw360hp-a8-aj-na-splatky-protiucet_22_medium.webp","small":"https:\/\/cdn.assetlog.ai\/assets\/110964\/bmw-x3-m40i-mhev-at-265kw360hp-a8-aj-na-splatky-protiucet_22_small.webp"},{"id":94620,"max":"https:\/\/cdn.assetlog.ai\/assets\/110964\/bmw-x3-m40i-mhev-at-265kw360hp-a8-aj-na-splatky-protiucet_23_max.webp","medium":"https:\/\/cdn.assetlog.ai\/assets\/110964\/bmw-x3-m40i-mhev-at-265kw360hp-a8-aj-na-splatky-protiucet_23_medium.webp","small":"https:\/\/cdn.assetlog.ai\/assets\/110964\/bmw-x3-m40i-mhev-at-265kw360hp-a8-aj-na-splatky-protiucet_23_small.webp"},{"id":94621,"max":"https:\/\/cdn.assetlog.ai\/assets\/110964\/bmw-x3-m40i-mhev-at-265kw360hp-a8-aj-na-splatky-protiucet_24_max.webp","medium":"https:\/\/cdn.assetlog.ai\/assets\/110964\/bmw-x3-m40i-mhev-at-265kw360hp-a8-aj-na-splatky-protiucet_24_medium.webp","small":"https:\/\/cdn.assetlog.ai\/assets\/110964\/bmw-x3-m40i-mhev-at-265kw360hp-a8-aj-na-splatky-protiucet_24_small.webp"},{"id":94622,"max":"https:\/\/cdn.assetlog.ai\/assets\/110964\/bmw-x3-m40i-mhev-at-265kw360hp-a8-aj-na-splatky-protiucet_25_max.webp","medium":"https:\/\/cdn.assetlog.ai\/assets\/110964\/bmw-x3-m40i-mhev-at-265kw360hp-a8-aj-na-splatky-protiucet_25_medium.webp","small":"https:\/\/cdn.assetlog.ai\/assets\/110964\/bmw-x3-m40i-mhev-at-265kw360hp-a8-aj-na-splatky-protiucet_25_small.webp"},{"id":94623,"max":"https:\/\/cdn.assetlog.ai\/assets\/110964\/bmw-x3-m40i-mhev-at-265kw360hp-a8-aj-na-splatky-protiucet_26_max.webp","medium":"https:\/\/cdn.assetlog.ai\/assets\/110964\/bmw-x3-m40i-mhev-at-265kw360hp-a8-aj-na-splatky-protiucet_26_medium.webp","small":"https:\/\/cdn.assetlog.ai\/assets\/110964\/bmw-x3-m40i-mhev-at-265kw360hp-a8-aj-na-splatky-protiucet_26_small.webp"},{"id":94624,"max":"https:\/\/cdn.assetlog.ai\/assets\/110964\/bmw-x3-m40i-mhev-at-265kw360hp-a8-aj-na-splatky-protiucet_27_max.webp","medium":"https:\/\/cdn.assetlog.ai\/assets\/110964\/bmw-x3-m40i-mhev-at-265kw360hp-a8-aj-na-splatky-protiucet_27_medium.webp","small":"https:\/\/cdn.assetlog.ai\/assets\/110964\/bmw-x3-m40i-mhev-at-265kw360hp-a8-aj-na-splatky-protiucet_27_small.webp"},{"id":94625,"max":"https:\/\/cdn.assetlog.ai\/assets\/110964\/bmw-x3-m40i-mhev-at-265kw360hp-a8-aj-na-splatky-protiucet_28_max.webp","medium":"https:\/\/cdn.assetlog.ai\/assets\/110964\/bmw-x3-m40i-mhev-at-265kw360hp-a8-aj-na-splatky-protiucet_28_medium.webp","small":"https:\/\/cdn.assetlog.ai\/assets\/110964\/bmw-x3-m40i-mhev-at-265kw360hp-a8-aj-na-splatky-protiucet_28_small.webp"},{"id":94626,"max":"https:\/\/cdn.assetlog.ai\/assets\/110964\/bmw-x3-m40i-mhev-at-265kw360hp-a8-aj-na-splatky-protiucet_29_max.webp","medium":"https:\/\/cdn.assetlog.ai\/assets\/110964\/bmw-x3-m40i-mhev-at-265kw360hp-a8-aj-na-splatky-protiucet_29_medium.webp","small":"https:\/\/cdn.assetlog.ai\/assets\/110964\/bmw-x3-m40i-mhev-at-265kw360hp-a8-aj-na-splatky-protiucet_29_small.webp"},{"id":94627,"max":"https:\/\/cdn.assetlog.ai\/assets\/110964\/bmw-x3-m40i-mhev-at-265kw360hp-a8-aj-na-splatky-protiucet_30_max.webp","medium":"https:\/\/cdn.assetlog.ai\/assets\/110964\/bmw-x3-m40i-mhev-at-265kw360hp-a8-aj-na-splatky-protiucet_30_medium.webp","small":"https:\/\/cdn.assetlog.ai\/assets\/110964\/bmw-x3-m40i-mhev-at-265kw360hp-a8-aj-na-splatky-protiucet_30_small.webp"},{"id":94628,"max":"https:\/\/cdn.assetlog.ai\/assets\/110964\/bmw-x3-m40i-mhev-at-265kw360hp-a8-aj-na-splatky-protiucet_31_max.webp","medium":"https:\/\/cdn.assetlog.ai\/assets\/110964\/bmw-x3-m40i-mhev-at-265kw360hp-a8-aj-na-splatky-protiucet_31_medium.webp","small":"https:\/\/cdn.assetlog.ai\/assets\/110964\/bmw-x3-m40i-mhev-at-265kw360hp-a8-aj-na-splatky-protiucet_31_small.webp"},{"id":94629,"max":"https:\/\/cdn.assetlog.ai\/assets\/110964\/bmw-x3-m40i-mhev-at-265kw360hp-a8-aj-na-splatky-protiucet_32_max.webp","medium":"https:\/\/cdn.assetlog.ai\/assets\/110964\/bmw-x3-m40i-mhev-at-265kw360hp-a8-aj-na-splatky-protiucet_32_medium.webp","small":"https:\/\/cdn.assetlog.ai\/assets\/110964\/bmw-x3-m40i-mhev-at-265kw360hp-a8-aj-na-splatky-protiucet_32_small.webp"},{"id":94630,"max":"https:\/\/cdn.assetlog.ai\/assets\/110964\/bmw-x3-m40i-mhev-at-265kw360hp-a8-aj-na-splatky-protiucet_33_max.webp","medium":"https:\/\/cdn.assetlog.ai\/assets\/110964\/bmw-x3-m40i-mhev-at-265kw360hp-a8-aj-na-splatky-protiucet_33_medium.webp","small":"https:\/\/cdn.assetlog.ai\/assets\/110964\/bmw-x3-m40i-mhev-at-265kw360hp-a8-aj-na-splatky-protiucet_33_small.webp"},{"id":94631,"max":"https:\/\/cdn.assetlog.ai\/assets\/110964\/bmw-x3-m40i-mhev-at-265kw360hp-a8-aj-na-splatky-protiucet_34_max.webp","medium":"https:\/\/cdn.assetlog.ai\/assets\/110964\/bmw-x3-m40i-mhev-at-265kw360hp-a8-aj-na-splatky-protiucet_34_medium.webp","small":"https:\/\/cdn.assetlog.ai\/assets\/110964\/bmw-x3-m40i-mhev-at-265kw360hp-a8-aj-na-splatky-protiucet_34_small.webp"},{"id":94632,"max":"https:\/\/cdn.assetlog.ai\/assets\/110964\/bmw-x3-m40i-mhev-at-265kw360hp-a8-aj-na-splatky-protiucet_35_max.webp","medium":"https:\/\/cdn.assetlog.ai\/assets\/110964\/bmw-x3-m40i-mhev-at-265kw360hp-a8-aj-na-splatky-protiucet_35_medium.webp","small":"https:\/\/cdn.assetlog.ai\/assets\/110964\/bmw-x3-m40i-mhev-at-265kw360hp-a8-aj-na-splatky-protiucet_35_small.webp"},{"id":94633,"max":"https:\/\/cdn.assetlog.ai\/assets\/110964\/bmw-x3-m40i-mhev-at-265kw360hp-a8-aj-na-splatky-protiucet_36_max.webp","medium":"https:\/\/cdn.assetlog.ai\/assets\/110964\/bmw-x3-m40i-mhev-at-265kw360hp-a8-aj-na-splatky-protiucet_36_medium.webp","small":"https:\/\/cdn.assetlog.ai\/assets\/110964\/bmw-x3-m40i-mhev-at-265kw360hp-a8-aj-na-splatky-protiucet_36_small.webp"},{"id":94634,"max":"https:\/\/cdn.assetlog.ai\/assets\/110964\/bmw-x3-m40i-mhev-at-265kw360hp-a8-aj-na-splatky-protiucet_37_max.webp","medium":"https:\/\/cdn.assetlog.ai\/assets\/110964\/bmw-x3-m40i-mhev-at-265kw360hp-a8-aj-na-splatky-protiucet_37_medium.webp","small":"https:\/\/cdn.assetlog.ai\/assets\/110964\/bmw-x3-m40i-mhev-at-265kw360hp-a8-aj-na-splatky-protiucet_37_small.webp"},{"id":94635,"max":"https:\/\/cdn.assetlog.ai\/assets\/110964\/bmw-x3-m40i-mhev-at-265kw360hp-a8-aj-na-splatky-protiucet_38_max.webp","medium":"https:\/\/cdn.assetlog.ai\/assets\/110964\/bmw-x3-m40i-mhev-at-265kw360hp-a8-aj-na-splatky-protiucet_38_medium.webp","small":"https:\/\/cdn.assetlog.ai\/assets\/110964\/bmw-x3-m40i-mhev-at-265kw360hp-a8-aj-na-splatky-protiucet_38_small.webp"},{"id":94636,"max":"https:\/\/cdn.assetlog.ai\/assets\/110964\/bmw-x3-m40i-mhev-at-265kw360hp-a8-aj-na-splatky-protiucet_39_max.webp","medium":"https:\/\/cdn.assetlog.ai\/assets\/110964\/bmw-x3-m40i-mhev-at-265kw360hp-a8-aj-na-splatky-protiucet_39_medium.webp","small":"https:\/\/cdn.assetlog.ai\/assets\/110964\/bmw-x3-m40i-mhev-at-265kw360hp-a8-aj-na-splatky-protiucet_39_small.webp"},{"id":94637,"max":"https:\/\/cdn.assetlog.ai\/assets\/110964\/bmw-x3-m40i-mhev-at-265kw360hp-a8-aj-na-splatky-protiucet_40_max.webp","medium":"https:\/\/cdn.assetlog.ai\/assets\/110964\/bmw-x3-m40i-mhev-at-265kw360hp-a8-aj-na-splatky-protiucet_40_medium.webp","small":"https:\/\/cdn.assetlog.ai\/assets\/110964\/bmw-x3-m40i-mhev-at-265kw360hp-a8-aj-na-splatky-protiucet_40_small.webp"}],"published_at":null,"expires_at":null,"created_at":"2026-07-09T02:20:05+00:00","updated_at":"2026-09-02T03:41:25+00:00"}}