{"data":{"id":38986,"slug":"bmw-x3-xdrive30d-160kw-2006-aj-na-splatky-protiucet","type":"vehicle","title":"BMW X3 xDrive30d, 160kW (2006) \/ FINANCING AVAILABLE \/ TRADE-IN WELCOME \/","description":"BMW X3 xDrive30d, 160 kW (2006) \u2013 power, comfort and reliability on every road\n\nI am selling a stylish and timeless BMW X3 xDrive30d with a powerful and reliable 3.0-liter diesel engine delivering 160 kW. Combined with all-wheel drive xDrive, it offers excellent driving characteristics, high comfort and safety in any weather.\n\nEquipment:\n- Parking sensors front and rear\n- Cruise control\n- Automatic air conditioning\n- Electrically controlled front and rear windows\n- Electrically adjustable side mirrors\n\nThe BMW X3 offers a spacious interior, elevated driving position and plenty of room for passengers and luggage. It is an ideal choice for families, long trips and daily driving.\n\nVehicle history:\n- Vehicle was imported from Italy in February 2019 \u2013 with 146,195 km on the odometer.\n\nThe vehicle was regularly serviced in accordance with service intervals.\n- 210k km: complete brake replacement front and rear\n- 220k km: engine oil and filter replacement\n- Airbag replacement (repair notice from BMW)\n\nVehicle is equipped with 17-inch aluminum wheels with Matador winter tires.\n\nThe vehicle passed inspection of vehicle operation records, debt collection record check, vehicle towing record check, paint thickness measurement, ODO-PASS and AUTO-PASS documentation verification and underwent a test drive.\n\nWe will refinance your vehicle conveniently, quickly and hassle-free. We will tailor the monthly payment to your requirements with down payments from 0% and installments up to 96 months.\n\nTHE VEHICLE IS LOCATED IN Pre\u0161ov. More information will be gladly provided to you at telephone number 0918978949.\n\nRegistration number: PO477IK. MOT valid until: 27 January 2027. Technical inspection valid until: 27 January 2027.\n\nTechnical specifications\n\nYear\/month: 04\/06, 2993cc, 160kW (218PS), Vehicle generation: , Drive: 4\u00d74, Manual (6-speed), Diesel, EURO 4, 5-door, (5-seater), 227,244km, Grey, VIN WBAPD51010WC87120\n\nVehicle fuel consumption (l\/100km)\n\nUrban: 10.3, Extra urban: 6.5, Combined: 7.9\n\nService booklet, Imported, Leasing available, Financing available, Authenticity inspection","language":"cs","is_translated":true,"title_original":"BMW X3 xDrive30d, 160kW (2006) \/ AJ NA SPL\u00c1TKY \/ PROTI\u00da\u010cET \/","description_original":"BMW X3 xDrive30d, 160 kW (2006) \u2013 v\u00fdkon, komfort a jistota na ka\u017ed\u00e9 silnici\n\nProd\u00e1v\u00e1m stylov\u00e9 a nad\u010dasov\u00e9 BMW X3 xDrive30d s v\u00fdkonn\u00fdm a spolehliv\u00fdm 3,0litrov\u00fdm dieselov\u00fdm motorem o v\u00fdkonu 160 kW. V kombinaci s pohonem v\u0161ech kol xDrive nab\u00edz\u00ed vynikaj\u00edc\u00ed j\u00edzdn\u00ed vlastnosti, vysok\u00fd komfort a bezpe\u010dnost za ka\u017ed\u00e9ho po\u010das\u00ed.\n\nV\u00fdbava:\n- Parkovac\u00ed senzory vp\u0159edu i vzadu\n- Tempomat\n- Automatick\u00e1 klimatizace\n- Elektricky ovl\u00e1dan\u00e1 p\u0159edn\u00ed a zadn\u00ed okna\n- Elektricky nastaviteln\u00e1 zp\u011btn\u00e1 zrc\u00e1tka\n\nBMW X3 nab\u00edz\u00ed prostorn\u00fd interi\u00e9r, vy\u0161\u0161\u00ed polohu za volantem a dostatek m\u00edsta pro pos\u00e1dku i zavazadla. Je ide\u00e1ln\u00ed volbou pro rodinu, na dlouh\u00e9 cesty i ka\u017edodenn\u00ed j\u00edzdy.\n\nHistorie vozidla:\n- Vozidlo bylo dovezeno z It\u00e1lie v \u00fanoru 2019 \u2013 s najet\u00fdmi 146 195 km.\n\nVozidlo bylo pravideln\u011b servisov\u00e1no v souladu s servisn\u00edmi intervaly.\n- 210t km: v\u00fdm\u011bna kompletn\u00edch brzd vp\u0159edu i vzadu\n- 220t km: v\u00fdm\u011bna motorov\u00e9ho oleje + filtr\u016f\n- V\u00fdm\u011bna airbag\u016f (v\u00fdzva k oprav\u011b od BMW)\n\nVozidlo je vybaveno hlin\u00edkov\u00fdmi r\u00e1fky R17 se zimn\u00edmi pneumatikami Matador.\n\nVozidlo pro\u0161lo kontrolou z\u00e1znam\u016f o provozu vozidla, kontrolou z\u00e1znam\u016f o vym\u00e1h\u00e1n\u00ed, kontrolou z\u00e1znam\u016f o odtahu, kontrolou m\u011b\u0159en\u00ed laku , kontrolou doklad\u016f ODO-PASS a AUTO-PASS a bylo podrobeno zku\u0161ebn\u00ed j\u00edzd\u011b.\n\nVa\u0161e vozidlo refinancujeme pohodln\u011b, rychle a bezstarostn\u011b. M\u011bs\u00ed\u010dn\u00ed spl\u00e1tku p\u0159izp\u016fsob\u00edme va\u0161im po\u017eadavk\u016fm s akontac\u00ed od 0 % a spl\u00e1tkami a\u017e na 96 m\u011bs\u00edc\u016f.\n\nVOZIDLO SE NACH\u00c1Z\u00cd V Pre\u0161ove. Viac inform\u00e1ci\u00ed V\u00e1m r\u00e1d poskytnem na telefonn\u00edm \u010d\u00edsle 0918978949.\n\nE\u010cV: PO477IK. EK platn\u00e1 do: 27. 1. 2027. STK platn\u00e1 do: 27. 1. 2027.\n\nTechnick\u00e9 \u00fadaje\n\nv.v.: 04\/06, 2993cm\u00b3, 160kW (218PS), Generace vozidla: , Pohon: 4\u00d74, Manu\u00e1ln\u00ed (6 st.), Diesel, EURO 4, 5 dv., (5-m\u00edstn\u00fd), 227 244km, \u0160ed\u00e1, VIN WBAPD51010WC87120\n\nSpot\u0159eba vozidla (l\/100km)\n\nVe m\u011bst\u011b: 10.3, mimo m\u011bsto: 6.5, kombinovan\u00e1: 7.9\n\nServisn\u00ed kn\u00ed\u017eka, Dovezen\u00e9, Mo\u017en\u00fd leasing, Mo\u017en\u00fd \u00fav\u011br, Kontrola originality","price":"133458.00","currency":"CZK","status":"active","noindex":true,"location":{"address":null,"full_address":null,"city":"Pre\u0161ov","country":"SK","latitude":49.0000074,"longitude":21.2392122},"metadata":{"vin":"WBAPD51010WC87120","fuel":"diesel","year":2006,"brand":"BMW","color":"Grey","doors":5,"drive":"AWD \/ 4x4","model":"X3","seats":5,"region":"Pre\u0161ovsk\u00fd kraj","mileage":227244,"emisions":"Euro 4","features":["Alarm","EBD\/EBV","Posilova\u010d \u0159\u00edzen\u00ed","ABS","ESP","Brzdov\u00fd asistent (EBA, BAS)","ISOFIX na zadn\u00edch sedadlech","Deaktivace airbagu spolujezdce","Senzor tlaku","Automatick\u00e1 klimatizace","CD p\u0159ehr\u00e1va\u010d","Centr\u00e1ln\u00ed zamyk\u00e1n\u00ed","Zadn\u00ed el. stahovateln\u00e1 okna","Elektricky nastaviteln\u00e1 zp\u011btn\u00e1 zrc\u00e1tka","Centr\u00e1ln\u00ed zamyk\u00e1n\u00ed na d\u00e1lkov\u00e9 ovl\u00e1d\u00e1n\u00ed","Multifunk\u010dn\u00ed volant","Loketn\u00ed op\u011brka vp\u0159edu","Venkovn\u00ed teplom\u011br","Lit\u00e1 kola","Mlhovky","Imobiliz\u00e9r","Palubn\u00ed po\u010d\u00edta\u010d","St\u0159e\u0161n\u00ed nosi\u010d","Tempomat","F\u00f3lie","Senzor st\u011bra\u010d\u016f","Sv\u011bteln\u00fd senzor","P\u0159edn\u00ed a zadn\u00ed parkovac\u00ed senzory","Serv. kni\u017eka","Dovezen\u00e9","Mo\u017en\u00fd leasing","Mo\u017en\u00fd \u00faver","Kontrola originality","Ant\u00e9na Odo-pass","ve tvaru \u017eralo\u010d\u00ed ploutve","zp\u011btn\u00e1 zrc\u00e1tka a kliky dve\u0159\u00ed lakovan\u00e9 v barv\u011b karoserie","ru\u010dn\u00ed brzda","ko\u017een\u00fd volant","vyh\u0159\u00edvan\u00e9 zadn\u00ed sklo","dr\u017e\u00e1ky na n\u00e1poje","l\u00e1tkov\u00e9 potahy"],"power_kw":160,"body_type":"SUV","condition":"Used","transmission":"manual","vat_deductible":false,"consumption_city":10.3,"translation_hash":"c0ccc791705420385551aed4ce52bbf038a1ec61","vehicle_category":"car","engine_volume_cm3":2993,"first_registration":"2006-04-01","translation_status":"done","consumption_highway":6.5,"consumption_combined":7.9},"user_id":12,"is_sponsored":false,"views_count":25,"ai_views_count":7,"ai_vendor_counts":{"other":1,"openai":3,"anthropic":2,"microsoft":1},"visibility":"public","submission_source":null,"submission_ai_name":null,"has_owner_email":true,"can_contact_owner":true,"phone":"0918 978 949","owner_email":"zivcak@autorro.sk","user":{"id":12,"slug":"bc-martin-zivcak-12","name":"Bc. Martin \u017div\u010d\u00e1k","bio":"Makl\u00e9r. P\u016fsob\u00edm v Pre\u0161ove a okol\u00ed.\n\nP\u016fsobnost: Pre\u0161ov","nationality":"SK","languages":["cs","sk"],"service_areas":[],"card_style":null,"card_palette":null,"avatar_url":"https:\/\/cdn.assetlog.ai\/avatars\/12\/avatar_max.webp?v=1786535213","avatar_thumb_url":"https:\/\/cdn.assetlog.ai\/avatars\/12\/avatar_small.webp?v=1786535213","reviews_count":0,"avg_rating":null,"seller_badge":"silver","can_calendar":true},"images":[{"id":82839,"max":"https:\/\/cdn.assetlog.ai\/assets\/38986\/bmw-x3-xdrive30d-160kw-2006-aj-na-splatky-protiucet_1_max.webp","medium":"https:\/\/cdn.assetlog.ai\/assets\/38986\/bmw-x3-xdrive30d-160kw-2006-aj-na-splatky-protiucet_1_medium.webp","small":"https:\/\/cdn.assetlog.ai\/assets\/38986\/bmw-x3-xdrive30d-160kw-2006-aj-na-splatky-protiucet_1_small.webp"},{"id":82840,"max":"https:\/\/cdn.assetlog.ai\/assets\/38986\/bmw-x3-xdrive30d-160kw-2006-aj-na-splatky-protiucet_2_max.webp","medium":"https:\/\/cdn.assetlog.ai\/assets\/38986\/bmw-x3-xdrive30d-160kw-2006-aj-na-splatky-protiucet_2_medium.webp","small":"https:\/\/cdn.assetlog.ai\/assets\/38986\/bmw-x3-xdrive30d-160kw-2006-aj-na-splatky-protiucet_2_small.webp"},{"id":82841,"max":"https:\/\/cdn.assetlog.ai\/assets\/38986\/bmw-x3-xdrive30d-160kw-2006-aj-na-splatky-protiucet_3_max.webp","medium":"https:\/\/cdn.assetlog.ai\/assets\/38986\/bmw-x3-xdrive30d-160kw-2006-aj-na-splatky-protiucet_3_medium.webp","small":"https:\/\/cdn.assetlog.ai\/assets\/38986\/bmw-x3-xdrive30d-160kw-2006-aj-na-splatky-protiucet_3_small.webp"},{"id":82842,"max":"https:\/\/cdn.assetlog.ai\/assets\/38986\/bmw-x3-xdrive30d-160kw-2006-aj-na-splatky-protiucet_4_max.webp","medium":"https:\/\/cdn.assetlog.ai\/assets\/38986\/bmw-x3-xdrive30d-160kw-2006-aj-na-splatky-protiucet_4_medium.webp","small":"https:\/\/cdn.assetlog.ai\/assets\/38986\/bmw-x3-xdrive30d-160kw-2006-aj-na-splatky-protiucet_4_small.webp"},{"id":82843,"max":"https:\/\/cdn.assetlog.ai\/assets\/38986\/bmw-x3-xdrive30d-160kw-2006-aj-na-splatky-protiucet_5_max.webp","medium":"https:\/\/cdn.assetlog.ai\/assets\/38986\/bmw-x3-xdrive30d-160kw-2006-aj-na-splatky-protiucet_5_medium.webp","small":"https:\/\/cdn.assetlog.ai\/assets\/38986\/bmw-x3-xdrive30d-160kw-2006-aj-na-splatky-protiucet_5_small.webp"},{"id":82844,"max":"https:\/\/cdn.assetlog.ai\/assets\/38986\/bmw-x3-xdrive30d-160kw-2006-aj-na-splatky-protiucet_6_max.webp","medium":"https:\/\/cdn.assetlog.ai\/assets\/38986\/bmw-x3-xdrive30d-160kw-2006-aj-na-splatky-protiucet_6_medium.webp","small":"https:\/\/cdn.assetlog.ai\/assets\/38986\/bmw-x3-xdrive30d-160kw-2006-aj-na-splatky-protiucet_6_small.webp"},{"id":82845,"max":"https:\/\/cdn.assetlog.ai\/assets\/38986\/bmw-x3-xdrive30d-160kw-2006-aj-na-splatky-protiucet_7_max.webp","medium":"https:\/\/cdn.assetlog.ai\/assets\/38986\/bmw-x3-xdrive30d-160kw-2006-aj-na-splatky-protiucet_7_medium.webp","small":"https:\/\/cdn.assetlog.ai\/assets\/38986\/bmw-x3-xdrive30d-160kw-2006-aj-na-splatky-protiucet_7_small.webp"},{"id":82846,"max":"https:\/\/cdn.assetlog.ai\/assets\/38986\/bmw-x3-xdrive30d-160kw-2006-aj-na-splatky-protiucet_8_max.webp","medium":"https:\/\/cdn.assetlog.ai\/assets\/38986\/bmw-x3-xdrive30d-160kw-2006-aj-na-splatky-protiucet_8_medium.webp","small":"https:\/\/cdn.assetlog.ai\/assets\/38986\/bmw-x3-xdrive30d-160kw-2006-aj-na-splatky-protiucet_8_small.webp"},{"id":82847,"max":"https:\/\/cdn.assetlog.ai\/assets\/38986\/bmw-x3-xdrive30d-160kw-2006-aj-na-splatky-protiucet_9_max.webp","medium":"https:\/\/cdn.assetlog.ai\/assets\/38986\/bmw-x3-xdrive30d-160kw-2006-aj-na-splatky-protiucet_9_medium.webp","small":"https:\/\/cdn.assetlog.ai\/assets\/38986\/bmw-x3-xdrive30d-160kw-2006-aj-na-splatky-protiucet_9_small.webp"},{"id":82848,"max":"https:\/\/cdn.assetlog.ai\/assets\/38986\/bmw-x3-xdrive30d-160kw-2006-aj-na-splatky-protiucet_10_max.webp","medium":"https:\/\/cdn.assetlog.ai\/assets\/38986\/bmw-x3-xdrive30d-160kw-2006-aj-na-splatky-protiucet_10_medium.webp","small":"https:\/\/cdn.assetlog.ai\/assets\/38986\/bmw-x3-xdrive30d-160kw-2006-aj-na-splatky-protiucet_10_small.webp"},{"id":82849,"max":"https:\/\/cdn.assetlog.ai\/assets\/38986\/bmw-x3-xdrive30d-160kw-2006-aj-na-splatky-protiucet_11_max.webp","medium":"https:\/\/cdn.assetlog.ai\/assets\/38986\/bmw-x3-xdrive30d-160kw-2006-aj-na-splatky-protiucet_11_medium.webp","small":"https:\/\/cdn.assetlog.ai\/assets\/38986\/bmw-x3-xdrive30d-160kw-2006-aj-na-splatky-protiucet_11_small.webp"},{"id":82850,"max":"https:\/\/cdn.assetlog.ai\/assets\/38986\/bmw-x3-xdrive30d-160kw-2006-aj-na-splatky-protiucet_12_max.webp","medium":"https:\/\/cdn.assetlog.ai\/assets\/38986\/bmw-x3-xdrive30d-160kw-2006-aj-na-splatky-protiucet_12_medium.webp","small":"https:\/\/cdn.assetlog.ai\/assets\/38986\/bmw-x3-xdrive30d-160kw-2006-aj-na-splatky-protiucet_12_small.webp"},{"id":82851,"max":"https:\/\/cdn.assetlog.ai\/assets\/38986\/bmw-x3-xdrive30d-160kw-2006-aj-na-splatky-protiucet_13_max.webp","medium":"https:\/\/cdn.assetlog.ai\/assets\/38986\/bmw-x3-xdrive30d-160kw-2006-aj-na-splatky-protiucet_13_medium.webp","small":"https:\/\/cdn.assetlog.ai\/assets\/38986\/bmw-x3-xdrive30d-160kw-2006-aj-na-splatky-protiucet_13_small.webp"},{"id":82852,"max":"https:\/\/cdn.assetlog.ai\/assets\/38986\/bmw-x3-xdrive30d-160kw-2006-aj-na-splatky-protiucet_14_max.webp","medium":"https:\/\/cdn.assetlog.ai\/assets\/38986\/bmw-x3-xdrive30d-160kw-2006-aj-na-splatky-protiucet_14_medium.webp","small":"https:\/\/cdn.assetlog.ai\/assets\/38986\/bmw-x3-xdrive30d-160kw-2006-aj-na-splatky-protiucet_14_small.webp"},{"id":82853,"max":"https:\/\/cdn.assetlog.ai\/assets\/38986\/bmw-x3-xdrive30d-160kw-2006-aj-na-splatky-protiucet_15_max.webp","medium":"https:\/\/cdn.assetlog.ai\/assets\/38986\/bmw-x3-xdrive30d-160kw-2006-aj-na-splatky-protiucet_15_medium.webp","small":"https:\/\/cdn.assetlog.ai\/assets\/38986\/bmw-x3-xdrive30d-160kw-2006-aj-na-splatky-protiucet_15_small.webp"},{"id":82854,"max":"https:\/\/cdn.assetlog.ai\/assets\/38986\/bmw-x3-xdrive30d-160kw-2006-aj-na-splatky-protiucet_16_max.webp","medium":"https:\/\/cdn.assetlog.ai\/assets\/38986\/bmw-x3-xdrive30d-160kw-2006-aj-na-splatky-protiucet_16_medium.webp","small":"https:\/\/cdn.assetlog.ai\/assets\/38986\/bmw-x3-xdrive30d-160kw-2006-aj-na-splatky-protiucet_16_small.webp"},{"id":82855,"max":"https:\/\/cdn.assetlog.ai\/assets\/38986\/bmw-x3-xdrive30d-160kw-2006-aj-na-splatky-protiucet_17_max.webp","medium":"https:\/\/cdn.assetlog.ai\/assets\/38986\/bmw-x3-xdrive30d-160kw-2006-aj-na-splatky-protiucet_17_medium.webp","small":"https:\/\/cdn.assetlog.ai\/assets\/38986\/bmw-x3-xdrive30d-160kw-2006-aj-na-splatky-protiucet_17_small.webp"},{"id":82856,"max":"https:\/\/cdn.assetlog.ai\/assets\/38986\/bmw-x3-xdrive30d-160kw-2006-aj-na-splatky-protiucet_18_max.webp","medium":"https:\/\/cdn.assetlog.ai\/assets\/38986\/bmw-x3-xdrive30d-160kw-2006-aj-na-splatky-protiucet_18_medium.webp","small":"https:\/\/cdn.assetlog.ai\/assets\/38986\/bmw-x3-xdrive30d-160kw-2006-aj-na-splatky-protiucet_18_small.webp"},{"id":82857,"max":"https:\/\/cdn.assetlog.ai\/assets\/38986\/bmw-x3-xdrive30d-160kw-2006-aj-na-splatky-protiucet_19_max.webp","medium":"https:\/\/cdn.assetlog.ai\/assets\/38986\/bmw-x3-xdrive30d-160kw-2006-aj-na-splatky-protiucet_19_medium.webp","small":"https:\/\/cdn.assetlog.ai\/assets\/38986\/bmw-x3-xdrive30d-160kw-2006-aj-na-splatky-protiucet_19_small.webp"},{"id":82858,"max":"https:\/\/cdn.assetlog.ai\/assets\/38986\/bmw-x3-xdrive30d-160kw-2006-aj-na-splatky-protiucet_20_max.webp","medium":"https:\/\/cdn.assetlog.ai\/assets\/38986\/bmw-x3-xdrive30d-160kw-2006-aj-na-splatky-protiucet_20_medium.webp","small":"https:\/\/cdn.assetlog.ai\/assets\/38986\/bmw-x3-xdrive30d-160kw-2006-aj-na-splatky-protiucet_20_small.webp"},{"id":82859,"max":"https:\/\/cdn.assetlog.ai\/assets\/38986\/bmw-x3-xdrive30d-160kw-2006-aj-na-splatky-protiucet_21_max.webp","medium":"https:\/\/cdn.assetlog.ai\/assets\/38986\/bmw-x3-xdrive30d-160kw-2006-aj-na-splatky-protiucet_21_medium.webp","small":"https:\/\/cdn.assetlog.ai\/assets\/38986\/bmw-x3-xdrive30d-160kw-2006-aj-na-splatky-protiucet_21_small.webp"},{"id":82860,"max":"https:\/\/cdn.assetlog.ai\/assets\/38986\/bmw-x3-xdrive30d-160kw-2006-aj-na-splatky-protiucet_22_max.webp","medium":"https:\/\/cdn.assetlog.ai\/assets\/38986\/bmw-x3-xdrive30d-160kw-2006-aj-na-splatky-protiucet_22_medium.webp","small":"https:\/\/cdn.assetlog.ai\/assets\/38986\/bmw-x3-xdrive30d-160kw-2006-aj-na-splatky-protiucet_22_small.webp"},{"id":82861,"max":"https:\/\/cdn.assetlog.ai\/assets\/38986\/bmw-x3-xdrive30d-160kw-2006-aj-na-splatky-protiucet_23_max.webp","medium":"https:\/\/cdn.assetlog.ai\/assets\/38986\/bmw-x3-xdrive30d-160kw-2006-aj-na-splatky-protiucet_23_medium.webp","small":"https:\/\/cdn.assetlog.ai\/assets\/38986\/bmw-x3-xdrive30d-160kw-2006-aj-na-splatky-protiucet_23_small.webp"},{"id":82862,"max":"https:\/\/cdn.assetlog.ai\/assets\/38986\/bmw-x3-xdrive30d-160kw-2006-aj-na-splatky-protiucet_24_max.webp","medium":"https:\/\/cdn.assetlog.ai\/assets\/38986\/bmw-x3-xdrive30d-160kw-2006-aj-na-splatky-protiucet_24_medium.webp","small":"https:\/\/cdn.assetlog.ai\/assets\/38986\/bmw-x3-xdrive30d-160kw-2006-aj-na-splatky-protiucet_24_small.webp"},{"id":82863,"max":"https:\/\/cdn.assetlog.ai\/assets\/38986\/bmw-x3-xdrive30d-160kw-2006-aj-na-splatky-protiucet_25_max.webp","medium":"https:\/\/cdn.assetlog.ai\/assets\/38986\/bmw-x3-xdrive30d-160kw-2006-aj-na-splatky-protiucet_25_medium.webp","small":"https:\/\/cdn.assetlog.ai\/assets\/38986\/bmw-x3-xdrive30d-160kw-2006-aj-na-splatky-protiucet_25_small.webp"},{"id":82864,"max":"https:\/\/cdn.assetlog.ai\/assets\/38986\/bmw-x3-xdrive30d-160kw-2006-aj-na-splatky-protiucet_26_max.webp","medium":"https:\/\/cdn.assetlog.ai\/assets\/38986\/bmw-x3-xdrive30d-160kw-2006-aj-na-splatky-protiucet_26_medium.webp","small":"https:\/\/cdn.assetlog.ai\/assets\/38986\/bmw-x3-xdrive30d-160kw-2006-aj-na-splatky-protiucet_26_small.webp"},{"id":82865,"max":"https:\/\/cdn.assetlog.ai\/assets\/38986\/bmw-x3-xdrive30d-160kw-2006-aj-na-splatky-protiucet_27_max.webp","medium":"https:\/\/cdn.assetlog.ai\/assets\/38986\/bmw-x3-xdrive30d-160kw-2006-aj-na-splatky-protiucet_27_medium.webp","small":"https:\/\/cdn.assetlog.ai\/assets\/38986\/bmw-x3-xdrive30d-160kw-2006-aj-na-splatky-protiucet_27_small.webp"},{"id":82866,"max":"https:\/\/cdn.assetlog.ai\/assets\/38986\/bmw-x3-xdrive30d-160kw-2006-aj-na-splatky-protiucet_28_max.webp","medium":"https:\/\/cdn.assetlog.ai\/assets\/38986\/bmw-x3-xdrive30d-160kw-2006-aj-na-splatky-protiucet_28_medium.webp","small":"https:\/\/cdn.assetlog.ai\/assets\/38986\/bmw-x3-xdrive30d-160kw-2006-aj-na-splatky-protiucet_28_small.webp"},{"id":82867,"max":"https:\/\/cdn.assetlog.ai\/assets\/38986\/bmw-x3-xdrive30d-160kw-2006-aj-na-splatky-protiucet_29_max.webp","medium":"https:\/\/cdn.assetlog.ai\/assets\/38986\/bmw-x3-xdrive30d-160kw-2006-aj-na-splatky-protiucet_29_medium.webp","small":"https:\/\/cdn.assetlog.ai\/assets\/38986\/bmw-x3-xdrive30d-160kw-2006-aj-na-splatky-protiucet_29_small.webp"},{"id":82868,"max":"https:\/\/cdn.assetlog.ai\/assets\/38986\/bmw-x3-xdrive30d-160kw-2006-aj-na-splatky-protiucet_30_max.webp","medium":"https:\/\/cdn.assetlog.ai\/assets\/38986\/bmw-x3-xdrive30d-160kw-2006-aj-na-splatky-protiucet_30_medium.webp","small":"https:\/\/cdn.assetlog.ai\/assets\/38986\/bmw-x3-xdrive30d-160kw-2006-aj-na-splatky-protiucet_30_small.webp"},{"id":82869,"max":"https:\/\/cdn.assetlog.ai\/assets\/38986\/bmw-x3-xdrive30d-160kw-2006-aj-na-splatky-protiucet_31_max.webp","medium":"https:\/\/cdn.assetlog.ai\/assets\/38986\/bmw-x3-xdrive30d-160kw-2006-aj-na-splatky-protiucet_31_medium.webp","small":"https:\/\/cdn.assetlog.ai\/assets\/38986\/bmw-x3-xdrive30d-160kw-2006-aj-na-splatky-protiucet_31_small.webp"},{"id":82870,"max":"https:\/\/cdn.assetlog.ai\/assets\/38986\/bmw-x3-xdrive30d-160kw-2006-aj-na-splatky-protiucet_32_max.webp","medium":"https:\/\/cdn.assetlog.ai\/assets\/38986\/bmw-x3-xdrive30d-160kw-2006-aj-na-splatky-protiucet_32_medium.webp","small":"https:\/\/cdn.assetlog.ai\/assets\/38986\/bmw-x3-xdrive30d-160kw-2006-aj-na-splatky-protiucet_32_small.webp"},{"id":82871,"max":"https:\/\/cdn.assetlog.ai\/assets\/38986\/bmw-x3-xdrive30d-160kw-2006-aj-na-splatky-protiucet_33_max.webp","medium":"https:\/\/cdn.assetlog.ai\/assets\/38986\/bmw-x3-xdrive30d-160kw-2006-aj-na-splatky-protiucet_33_medium.webp","small":"https:\/\/cdn.assetlog.ai\/assets\/38986\/bmw-x3-xdrive30d-160kw-2006-aj-na-splatky-protiucet_33_small.webp"},{"id":82872,"max":"https:\/\/cdn.assetlog.ai\/assets\/38986\/bmw-x3-xdrive30d-160kw-2006-aj-na-splatky-protiucet_34_max.webp","medium":"https:\/\/cdn.assetlog.ai\/assets\/38986\/bmw-x3-xdrive30d-160kw-2006-aj-na-splatky-protiucet_34_medium.webp","small":"https:\/\/cdn.assetlog.ai\/assets\/38986\/bmw-x3-xdrive30d-160kw-2006-aj-na-splatky-protiucet_34_small.webp"},{"id":82873,"max":"https:\/\/cdn.assetlog.ai\/assets\/38986\/bmw-x3-xdrive30d-160kw-2006-aj-na-splatky-protiucet_35_max.webp","medium":"https:\/\/cdn.assetlog.ai\/assets\/38986\/bmw-x3-xdrive30d-160kw-2006-aj-na-splatky-protiucet_35_medium.webp","small":"https:\/\/cdn.assetlog.ai\/assets\/38986\/bmw-x3-xdrive30d-160kw-2006-aj-na-splatky-protiucet_35_small.webp"},{"id":82874,"max":"https:\/\/cdn.assetlog.ai\/assets\/38986\/bmw-x3-xdrive30d-160kw-2006-aj-na-splatky-protiucet_36_max.webp","medium":"https:\/\/cdn.assetlog.ai\/assets\/38986\/bmw-x3-xdrive30d-160kw-2006-aj-na-splatky-protiucet_36_medium.webp","small":"https:\/\/cdn.assetlog.ai\/assets\/38986\/bmw-x3-xdrive30d-160kw-2006-aj-na-splatky-protiucet_36_small.webp"}],"published_at":null,"expires_at":null,"created_at":"2026-06-20T05:00:25+00:00","updated_at":"2026-09-01T03:41:58+00:00"}}