{"data":{"id":161441,"slug":"bmw-x3-xdrive30d-m-packet-at-195kw-a8-aj-na-splatky-protiucet","type":"vehicle","title":"BMW X3 xDrive30d M-Sport A\/T, 195kW, A8 \/ Available on Installments \/ Trade-in","description":"FINANCING \/ VEHICLE TRADE-IN \/ WARRANTY\nSale on commission \u2013 you purchase the vehicle directly from the owner.\n\nThe BMW X3 xDrive30d M Sport is a powerful and comfortable SUV with xDrive all-wheel drive, offering an excellent combination of dynamics, spaciousness and comfort. The three-liter diesel engine provides ample power and is also suitable for long trips, where it stands out for its favorable fuel consumption.\nThe vehicle has a complete service history and 2 keys are available. From its rich equipment, it offers Head-Up Display, Virtual Pedal, panoramic roof, parking camera and other comfort and safety features.\nIt is fitted with Pirelli R20 summer tires; the vehicle also includes winter tires that are one year old.\n\nWe offer the option of favorable financing with monthly installments, so you can enjoy your new vehicle immediately, without unnecessary waiting, with a down payment from 0% and installments up to 96 months. On the Autorro website, you can fill out a non-binding financing form.\n\nFor your greater convenience and peace of mind, we can provide you with an extended warranty of up to 12-36 months.\n\nIf you already own a vehicle, you don't have to deal with selling it - in exchange, we'll take it directly from you. Just come to us with it, we'll evaluate it and deduct the costs from the value of your new vehicle. This way you'll save time, hassle and money, and the entire process will be quick and easy - you'll drive away in your new vehicle without unnecessary paperwork.\n\nVEHICLE LOCATED IN Bratislava.\nMore information available at phone number 0911 898 409. Registration plate: BA19FYX. MOT valid until: 2027-04-14. Technical inspection valid until: 2027-04-14.\n\nTechnical Data\n\nYear of manufacture: 09\/20, 2993cm\u00b3, 195kW (265PS), Drive: 4\u00d74, Automatic transmission (8-speed), Diesel, EURO 6, 5-door, (5-seater), 177,104km, Blue metallic, VIN WBATX75060N056857\n\nVehicle Consumption (l\/100km)\n\nCity: 6.6, Highway: 5.7, Combined: 6\n\nService book, Trade-in available, Financing available, Complete service history","language":"cs","is_translated":true,"title_original":"BMW X3 xDrive30d M-packet A\/T, 195kW, A8 \/ AJ NA SPL\u00c1TKY \/ PROTI\u00da\u010cET \/","description_original":"FINANCOV\u00c1N\u00cd \/ V\u00ddM\u011aNA VOZU \/ Z\u00c1RUKA\nProdej na provizi \u2013 vozidlo kupujete p\u0159\u00edmo od majitele.\n\nBMW X3 xDrive30d M Sport je v\u00fdkonn\u00e9 a komfortn\u00ed SUV s pohonem v\u0161ech kol xDrive, kter\u00e9 nab\u00edz\u00ed vynikaj\u00edc\u00ed kombinaci dynamiky, prostornosti a pohodl\u00ed. T\u0159\u00edlitrov\u00fd dieselov\u00fd motor poskytuje dostatek v\u00fdkonu a z\u00e1rove\u0148 je vhodn\u00fd i na dlouh\u00e9 trasy, kde se vyzna\u010duje p\u0159\u00edznivou spot\u0159ebou.\nVozidlo m\u00e1 kompletn\u00ed servisn\u00ed historii a k dispozici jsou 2 kl\u00ed\u010de. Z bohat\u00e9 v\u00fdbavy nab\u00edz\u00ed Head-Up Display, Virtual Pedal, panoramatickou st\u0159echu, parkovac\u00ed kameru a dal\u0161\u00ed komfortn\u00ed a bezpe\u010dnostn\u00ed prvky.\nJe obuto na letn\u00ed pneumatiky Pirelli R20, k vozu pat\u0159\u00ed tak\u00e9 zimn\u00ed pneumatiky star\u00e9 jeden rok.\n\nNab\u00edz\u00edme mo\u017enost v\u00fdhodn\u00e9ho financov\u00e1n\u00ed s m\u011bs\u00ed\u010dn\u00edmi spl\u00e1tkami, tak\u017ee si sv\u00e9 nov\u00e9 vozidlo m\u016f\u017eete u\u017e\u00edt ihned, bez zbyte\u010dn\u00e9ho \u010dek\u00e1n\u00ed, s akontac\u00ed od 0 % a spl\u00e1tkami a\u017e na 96 m\u011bs\u00edc\u016f. Na str\u00e1nk\u00e1ch Autorro m\u016f\u017eete vyplnit nez\u00e1vazn\u00fd formul\u00e1\u0159 pro financov\u00e1n\u00ed.\n\nPro va\u0161e v\u011bt\u0161\u00ed pohodl\u00ed a jistotu v\u00e1m m\u016f\u017eeme poskytnout prodlou\u017eenou z\u00e1ruku a\u017e na 12-36 m\u011bs\u00edc\u016f.\n\nPokud ji\u017e v\u016fz vlastn\u00edte, nemus\u00edte se zab\u00fdvat jeho prodejem - na opl\u00e1tku si ho od v\u00e1s p\u0159\u00edmo vezmeme. Sta\u010d\u00ed, kdy\u017e k n\u00e1m s n\u00edm p\u0159ijdete, my ho ocen\u00edme a n\u00e1klady ode\u010dteme od hodnoty va\u0161eho nov\u00e9ho vozu. U\u0161et\u0159\u00edte tak \u010das, starosti i pen\u00edze a cel\u00fd proces bude rychl\u00fd a snadn\u00fd - odjedete rovnou ve sv\u00e9m nov\u00e9m voze bez zbyte\u010dn\u00e9ho pap\u00edrov\u00e1n\u00ed.\n\nVOZIDLO SE NACH\u00c1Z\u00cd V Bratislave.\nViac inform\u00e1ci\u00ed V\u00e1m poskytneme na telefonn\u00edm \u010d\u00edsle 0911 898 409. E\u010cV: BA19FYX. EK platn\u00e1 do: 2027-04-14. STK platn\u00e1 do: 2027-04-14.\n\nTechnick\u00e9 \u00fadaje\n\nv.v.: 09\/20, 2993cm\u00b3, 195kW (265PS), Pohon: 4\u00d74, Automatick\u00e1 p\u0159evodovka (8 st.), Diesel, EURO 6, 5 dv., (5-m\u00edstn\u00fd), 177 104km, Modr\u00e1 metal\u00edza, VIN WBATX75060N056857\n\nSpot\u0159eba vozidla (l\/100km)\n\nVe m\u011bst\u011b: 6.6, mimo m\u011bsto: 5.7, kombinovan\u00e1: 6\n\nServisn\u00ed kn\u00ed\u017eka, Mo\u017en\u00e1 v\u00fdm\u011bna, Mo\u017en\u00fd \u00fav\u011br, \u00dapln\u00e1 servisn\u00ed historie","price":"773518.00","currency":"CZK","status":"active","noindex":true,"location":{"address":null,"full_address":null,"city":"Bratislava","country":"SK","latitude":48.1516988,"longitude":17.1093063},"metadata":{"vin":"WBATX75060N056857","fuel":"diesel","year":2020,"brand":"BMW","color":"Blue","doors":5,"drive":"AWD \/ 4x4","model":"X3","seats":5,"region":"Bratislavsk\u00fd kraj","mileage":177104,"emisions":"Euro 6","features":["Posilova\u010d \u0159\u00edzen\u00ed","ABS","ESP","Protiprokluzov\u00fd syst\u00e9m kol (TC, ASR)","Brzdov\u00fd asistent (EBA, BAS)","ISOFIX na zadn\u00edch sedadlech","Deaktivace airbagu spolujezdce","Senzor tlaku","Syst\u00e9m rozpozn\u00e1v\u00e1n\u00ed dopravn\u00edch zna\u010dek","Asistent d\u00e1lkov\u00fdch sv\u011btel (HBA)","Centr\u00e1ln\u00ed zamyk\u00e1n\u00ed","Zadn\u00ed el. stahovateln\u00e1 okna","El. nastaviteln\u00e1 p\u0159edn\u00ed sedadla","Elektricky nastaviteln\u00e1 zp\u011btn\u00e1 zrc\u00e1tka","Centr\u00e1ln\u00ed zamyk\u00e1n\u00ed na d\u00e1lkov\u00e9 ovl\u00e1d\u00e1n\u00ed","Autor\u00e1dio","Multifunk\u010dn\u00ed volant","Loketn\u00ed op\u011brka vp\u0159edu","Head-up display","Start\/Stop syst\u00e9m","Venkovn\u00ed teplom\u011br","Klimatizovan\u00e1 p\u0159ihr\u00e1dka","Automatick\u00e1 3-z\u00f3nov\u00e1 klimatizace","Apple Car Play","Welcome light","Digit\u00e1ln\u00ed p\u0159\u00edstrojov\u00e1 deska","P\u00e1dla pod volantem","Lit\u00e1 kola","Mlhovky","Imobiliz\u00e9r","Palubn\u00ed po\u010d\u00edta\u010d","Navigace","Automatick\u00e9 parkov\u00e1n\u00ed","St\u0159e\u0161n\u00ed nosi\u010d","Ta\u017en\u00e9 za\u0159\u00edzen\u00ed","Ko\u017een\u00fd interi\u00e9r","Vyh\u0159\u00edvan\u00e1 sedadla","Elektricky vyh\u0159\u00edvan\u00e1 zp\u011btn\u00e1 zrc\u00e1tka","F\u00f3lie","Senzor st\u011bra\u010d\u016f","Sv\u011bteln\u00fd senzor","Zimn\u00ed sada kol","Parkovac\u00ed kamera","P\u0159edn\u00ed a zadn\u00ed parkovac\u00ed senzory","Adaptivn\u00ed tempomat","Bezkl\u00ed\u010dov\u00fd vstup","El. ovl\u00e1dan\u00fd kufr","Elektrick\u00e9 dov\u00edr\u00e1n\u00ed zavazadlov\u00e9ho prostoru","Vyh\u0159\u00edvan\u00e1 zadn\u00ed sedadla","Panoramatick\u00e1 st\u0159echa","Bluetooth","Vyh\u0159\u00edvan\u00fd volant","Denn\u00ed sv\u00edcen\u00ed","LED sv\u011btlomety","Bezdotykov\u00e9 ovl\u00e1d\u00e1n\u00ed v\u00edka zavazadlov\u00e9ho prostoru","Pam\u011b\u0165 nastaven\u00ed sedadla \u0159idi\u010de","Serv. kni\u017eka","Mo\u017en\u00e1 v\u00fdmena","Mo\u017en\u00fd \u00faver","\u00dapln\u00e1 servisn\u00e1 hist\u00f3ria","Ko\u017een\u00fd paket","Odo-pass","Asistent udr\u017eov\u00e1n\u00ed j\u00edzdn\u00edho pruhu","Asistent rozjezdu do kopce","Sledov\u00e1n\u00ed mrtv\u00e9ho \u00fahlu","Sportovn\u00ed sedadla","Drive Select (j\u00edzdy re\u017eimy)","Hi-Fi reproduktory","Elektricky sklopn\u00e1 zp\u011btn\u00e1 zrc\u00e1tka","Rozpozn\u00e1v\u00e1n\u00ed chodc\u016f"],"power_kw":195,"body_type":"SUV","condition":"Used","transmission":"automatic","vat_deductible":false,"consumption_city":6.6,"translation_hash":"4f52f091bad083df43823f11de8c790f619f014c","vehicle_category":"car","engine_volume_cm3":2993,"first_registration":"2020-09-01","translation_status":"done","consumption_highway":5.7,"consumption_combined":6},"user_id":45,"is_sponsored":false,"views_count":9,"ai_views_count":12,"ai_vendor_counts":{"meta":6,"other":2,"openai":3,"anthropic":1},"visibility":"public","submission_source":null,"submission_ai_name":null,"has_owner_email":true,"can_contact_owner":true,"phone":"+421 911 898 409","owner_email":"pulc@autorro.sk","user":{"id":45,"slug":"milan-pulc-45","name":"Milan Pulc","bio":"Prodejce. P\u016fsob\u00edm v okresech Bratislava a Senec.\n\nP\u016fsobnost: Bratislava, Senec","nationality":"SK","languages":["cs","sk"],"service_areas":[],"card_style":null,"card_palette":null,"avatar_url":"https:\/\/cdn.assetlog.ai\/avatars\/45\/avatar_max.webp?v=1786535213","avatar_thumb_url":"https:\/\/cdn.assetlog.ai\/avatars\/45\/avatar_small.webp?v=1786535213","reviews_count":0,"avg_rating":null,"seller_badge":"silver","can_calendar":true},"images":[{"id":132873,"max":"https:\/\/cdn.assetlog.ai\/assets\/161441\/bmw-x3-xdrive30d-m-packet-at-195kw-a8-aj-na-splatky-protiucet_1_max.webp","medium":"https:\/\/cdn.assetlog.ai\/assets\/161441\/bmw-x3-xdrive30d-m-packet-at-195kw-a8-aj-na-splatky-protiucet_1_medium.webp","small":"https:\/\/cdn.assetlog.ai\/assets\/161441\/bmw-x3-xdrive30d-m-packet-at-195kw-a8-aj-na-splatky-protiucet_1_small.webp"},{"id":132874,"max":"https:\/\/cdn.assetlog.ai\/assets\/161441\/bmw-x3-xdrive30d-m-packet-at-195kw-a8-aj-na-splatky-protiucet_2_max.webp","medium":"https:\/\/cdn.assetlog.ai\/assets\/161441\/bmw-x3-xdrive30d-m-packet-at-195kw-a8-aj-na-splatky-protiucet_2_medium.webp","small":"https:\/\/cdn.assetlog.ai\/assets\/161441\/bmw-x3-xdrive30d-m-packet-at-195kw-a8-aj-na-splatky-protiucet_2_small.webp"},{"id":132875,"max":"https:\/\/cdn.assetlog.ai\/assets\/161441\/bmw-x3-xdrive30d-m-packet-at-195kw-a8-aj-na-splatky-protiucet_3_max.webp","medium":"https:\/\/cdn.assetlog.ai\/assets\/161441\/bmw-x3-xdrive30d-m-packet-at-195kw-a8-aj-na-splatky-protiucet_3_medium.webp","small":"https:\/\/cdn.assetlog.ai\/assets\/161441\/bmw-x3-xdrive30d-m-packet-at-195kw-a8-aj-na-splatky-protiucet_3_small.webp"},{"id":132876,"max":"https:\/\/cdn.assetlog.ai\/assets\/161441\/bmw-x3-xdrive30d-m-packet-at-195kw-a8-aj-na-splatky-protiucet_4_max.webp","medium":"https:\/\/cdn.assetlog.ai\/assets\/161441\/bmw-x3-xdrive30d-m-packet-at-195kw-a8-aj-na-splatky-protiucet_4_medium.webp","small":"https:\/\/cdn.assetlog.ai\/assets\/161441\/bmw-x3-xdrive30d-m-packet-at-195kw-a8-aj-na-splatky-protiucet_4_small.webp"},{"id":132877,"max":"https:\/\/cdn.assetlog.ai\/assets\/161441\/bmw-x3-xdrive30d-m-packet-at-195kw-a8-aj-na-splatky-protiucet_5_max.webp","medium":"https:\/\/cdn.assetlog.ai\/assets\/161441\/bmw-x3-xdrive30d-m-packet-at-195kw-a8-aj-na-splatky-protiucet_5_medium.webp","small":"https:\/\/cdn.assetlog.ai\/assets\/161441\/bmw-x3-xdrive30d-m-packet-at-195kw-a8-aj-na-splatky-protiucet_5_small.webp"},{"id":132878,"max":"https:\/\/cdn.assetlog.ai\/assets\/161441\/bmw-x3-xdrive30d-m-packet-at-195kw-a8-aj-na-splatky-protiucet_6_max.webp","medium":"https:\/\/cdn.assetlog.ai\/assets\/161441\/bmw-x3-xdrive30d-m-packet-at-195kw-a8-aj-na-splatky-protiucet_6_medium.webp","small":"https:\/\/cdn.assetlog.ai\/assets\/161441\/bmw-x3-xdrive30d-m-packet-at-195kw-a8-aj-na-splatky-protiucet_6_small.webp"},{"id":132879,"max":"https:\/\/cdn.assetlog.ai\/assets\/161441\/bmw-x3-xdrive30d-m-packet-at-195kw-a8-aj-na-splatky-protiucet_7_max.webp","medium":"https:\/\/cdn.assetlog.ai\/assets\/161441\/bmw-x3-xdrive30d-m-packet-at-195kw-a8-aj-na-splatky-protiucet_7_medium.webp","small":"https:\/\/cdn.assetlog.ai\/assets\/161441\/bmw-x3-xdrive30d-m-packet-at-195kw-a8-aj-na-splatky-protiucet_7_small.webp"},{"id":132880,"max":"https:\/\/cdn.assetlog.ai\/assets\/161441\/bmw-x3-xdrive30d-m-packet-at-195kw-a8-aj-na-splatky-protiucet_8_max.webp","medium":"https:\/\/cdn.assetlog.ai\/assets\/161441\/bmw-x3-xdrive30d-m-packet-at-195kw-a8-aj-na-splatky-protiucet_8_medium.webp","small":"https:\/\/cdn.assetlog.ai\/assets\/161441\/bmw-x3-xdrive30d-m-packet-at-195kw-a8-aj-na-splatky-protiucet_8_small.webp"},{"id":132881,"max":"https:\/\/cdn.assetlog.ai\/assets\/161441\/bmw-x3-xdrive30d-m-packet-at-195kw-a8-aj-na-splatky-protiucet_9_max.webp","medium":"https:\/\/cdn.assetlog.ai\/assets\/161441\/bmw-x3-xdrive30d-m-packet-at-195kw-a8-aj-na-splatky-protiucet_9_medium.webp","small":"https:\/\/cdn.assetlog.ai\/assets\/161441\/bmw-x3-xdrive30d-m-packet-at-195kw-a8-aj-na-splatky-protiucet_9_small.webp"},{"id":132882,"max":"https:\/\/cdn.assetlog.ai\/assets\/161441\/bmw-x3-xdrive30d-m-packet-at-195kw-a8-aj-na-splatky-protiucet_10_max.webp","medium":"https:\/\/cdn.assetlog.ai\/assets\/161441\/bmw-x3-xdrive30d-m-packet-at-195kw-a8-aj-na-splatky-protiucet_10_medium.webp","small":"https:\/\/cdn.assetlog.ai\/assets\/161441\/bmw-x3-xdrive30d-m-packet-at-195kw-a8-aj-na-splatky-protiucet_10_small.webp"},{"id":132883,"max":"https:\/\/cdn.assetlog.ai\/assets\/161441\/bmw-x3-xdrive30d-m-packet-at-195kw-a8-aj-na-splatky-protiucet_11_max.webp","medium":"https:\/\/cdn.assetlog.ai\/assets\/161441\/bmw-x3-xdrive30d-m-packet-at-195kw-a8-aj-na-splatky-protiucet_11_medium.webp","small":"https:\/\/cdn.assetlog.ai\/assets\/161441\/bmw-x3-xdrive30d-m-packet-at-195kw-a8-aj-na-splatky-protiucet_11_small.webp"},{"id":132884,"max":"https:\/\/cdn.assetlog.ai\/assets\/161441\/bmw-x3-xdrive30d-m-packet-at-195kw-a8-aj-na-splatky-protiucet_12_max.webp","medium":"https:\/\/cdn.assetlog.ai\/assets\/161441\/bmw-x3-xdrive30d-m-packet-at-195kw-a8-aj-na-splatky-protiucet_12_medium.webp","small":"https:\/\/cdn.assetlog.ai\/assets\/161441\/bmw-x3-xdrive30d-m-packet-at-195kw-a8-aj-na-splatky-protiucet_12_small.webp"},{"id":132885,"max":"https:\/\/cdn.assetlog.ai\/assets\/161441\/bmw-x3-xdrive30d-m-packet-at-195kw-a8-aj-na-splatky-protiucet_13_max.webp","medium":"https:\/\/cdn.assetlog.ai\/assets\/161441\/bmw-x3-xdrive30d-m-packet-at-195kw-a8-aj-na-splatky-protiucet_13_medium.webp","small":"https:\/\/cdn.assetlog.ai\/assets\/161441\/bmw-x3-xdrive30d-m-packet-at-195kw-a8-aj-na-splatky-protiucet_13_small.webp"},{"id":132886,"max":"https:\/\/cdn.assetlog.ai\/assets\/161441\/bmw-x3-xdrive30d-m-packet-at-195kw-a8-aj-na-splatky-protiucet_14_max.webp","medium":"https:\/\/cdn.assetlog.ai\/assets\/161441\/bmw-x3-xdrive30d-m-packet-at-195kw-a8-aj-na-splatky-protiucet_14_medium.webp","small":"https:\/\/cdn.assetlog.ai\/assets\/161441\/bmw-x3-xdrive30d-m-packet-at-195kw-a8-aj-na-splatky-protiucet_14_small.webp"},{"id":132887,"max":"https:\/\/cdn.assetlog.ai\/assets\/161441\/bmw-x3-xdrive30d-m-packet-at-195kw-a8-aj-na-splatky-protiucet_15_max.webp","medium":"https:\/\/cdn.assetlog.ai\/assets\/161441\/bmw-x3-xdrive30d-m-packet-at-195kw-a8-aj-na-splatky-protiucet_15_medium.webp","small":"https:\/\/cdn.assetlog.ai\/assets\/161441\/bmw-x3-xdrive30d-m-packet-at-195kw-a8-aj-na-splatky-protiucet_15_small.webp"},{"id":132888,"max":"https:\/\/cdn.assetlog.ai\/assets\/161441\/bmw-x3-xdrive30d-m-packet-at-195kw-a8-aj-na-splatky-protiucet_16_max.webp","medium":"https:\/\/cdn.assetlog.ai\/assets\/161441\/bmw-x3-xdrive30d-m-packet-at-195kw-a8-aj-na-splatky-protiucet_16_medium.webp","small":"https:\/\/cdn.assetlog.ai\/assets\/161441\/bmw-x3-xdrive30d-m-packet-at-195kw-a8-aj-na-splatky-protiucet_16_small.webp"},{"id":132889,"max":"https:\/\/cdn.assetlog.ai\/assets\/161441\/bmw-x3-xdrive30d-m-packet-at-195kw-a8-aj-na-splatky-protiucet_17_max.webp","medium":"https:\/\/cdn.assetlog.ai\/assets\/161441\/bmw-x3-xdrive30d-m-packet-at-195kw-a8-aj-na-splatky-protiucet_17_medium.webp","small":"https:\/\/cdn.assetlog.ai\/assets\/161441\/bmw-x3-xdrive30d-m-packet-at-195kw-a8-aj-na-splatky-protiucet_17_small.webp"},{"id":132890,"max":"https:\/\/cdn.assetlog.ai\/assets\/161441\/bmw-x3-xdrive30d-m-packet-at-195kw-a8-aj-na-splatky-protiucet_18_max.webp","medium":"https:\/\/cdn.assetlog.ai\/assets\/161441\/bmw-x3-xdrive30d-m-packet-at-195kw-a8-aj-na-splatky-protiucet_18_medium.webp","small":"https:\/\/cdn.assetlog.ai\/assets\/161441\/bmw-x3-xdrive30d-m-packet-at-195kw-a8-aj-na-splatky-protiucet_18_small.webp"},{"id":132891,"max":"https:\/\/cdn.assetlog.ai\/assets\/161441\/bmw-x3-xdrive30d-m-packet-at-195kw-a8-aj-na-splatky-protiucet_19_max.webp","medium":"https:\/\/cdn.assetlog.ai\/assets\/161441\/bmw-x3-xdrive30d-m-packet-at-195kw-a8-aj-na-splatky-protiucet_19_medium.webp","small":"https:\/\/cdn.assetlog.ai\/assets\/161441\/bmw-x3-xdrive30d-m-packet-at-195kw-a8-aj-na-splatky-protiucet_19_small.webp"},{"id":132892,"max":"https:\/\/cdn.assetlog.ai\/assets\/161441\/bmw-x3-xdrive30d-m-packet-at-195kw-a8-aj-na-splatky-protiucet_20_max.webp","medium":"https:\/\/cdn.assetlog.ai\/assets\/161441\/bmw-x3-xdrive30d-m-packet-at-195kw-a8-aj-na-splatky-protiucet_20_medium.webp","small":"https:\/\/cdn.assetlog.ai\/assets\/161441\/bmw-x3-xdrive30d-m-packet-at-195kw-a8-aj-na-splatky-protiucet_20_small.webp"},{"id":132893,"max":"https:\/\/cdn.assetlog.ai\/assets\/161441\/bmw-x3-xdrive30d-m-packet-at-195kw-a8-aj-na-splatky-protiucet_21_max.webp","medium":"https:\/\/cdn.assetlog.ai\/assets\/161441\/bmw-x3-xdrive30d-m-packet-at-195kw-a8-aj-na-splatky-protiucet_21_medium.webp","small":"https:\/\/cdn.assetlog.ai\/assets\/161441\/bmw-x3-xdrive30d-m-packet-at-195kw-a8-aj-na-splatky-protiucet_21_small.webp"},{"id":132894,"max":"https:\/\/cdn.assetlog.ai\/assets\/161441\/bmw-x3-xdrive30d-m-packet-at-195kw-a8-aj-na-splatky-protiucet_22_max.webp","medium":"https:\/\/cdn.assetlog.ai\/assets\/161441\/bmw-x3-xdrive30d-m-packet-at-195kw-a8-aj-na-splatky-protiucet_22_medium.webp","small":"https:\/\/cdn.assetlog.ai\/assets\/161441\/bmw-x3-xdrive30d-m-packet-at-195kw-a8-aj-na-splatky-protiucet_22_small.webp"},{"id":132895,"max":"https:\/\/cdn.assetlog.ai\/assets\/161441\/bmw-x3-xdrive30d-m-packet-at-195kw-a8-aj-na-splatky-protiucet_23_max.webp","medium":"https:\/\/cdn.assetlog.ai\/assets\/161441\/bmw-x3-xdrive30d-m-packet-at-195kw-a8-aj-na-splatky-protiucet_23_medium.webp","small":"https:\/\/cdn.assetlog.ai\/assets\/161441\/bmw-x3-xdrive30d-m-packet-at-195kw-a8-aj-na-splatky-protiucet_23_small.webp"},{"id":132896,"max":"https:\/\/cdn.assetlog.ai\/assets\/161441\/bmw-x3-xdrive30d-m-packet-at-195kw-a8-aj-na-splatky-protiucet_24_max.webp","medium":"https:\/\/cdn.assetlog.ai\/assets\/161441\/bmw-x3-xdrive30d-m-packet-at-195kw-a8-aj-na-splatky-protiucet_24_medium.webp","small":"https:\/\/cdn.assetlog.ai\/assets\/161441\/bmw-x3-xdrive30d-m-packet-at-195kw-a8-aj-na-splatky-protiucet_24_small.webp"},{"id":132897,"max":"https:\/\/cdn.assetlog.ai\/assets\/161441\/bmw-x3-xdrive30d-m-packet-at-195kw-a8-aj-na-splatky-protiucet_25_max.webp","medium":"https:\/\/cdn.assetlog.ai\/assets\/161441\/bmw-x3-xdrive30d-m-packet-at-195kw-a8-aj-na-splatky-protiucet_25_medium.webp","small":"https:\/\/cdn.assetlog.ai\/assets\/161441\/bmw-x3-xdrive30d-m-packet-at-195kw-a8-aj-na-splatky-protiucet_25_small.webp"},{"id":132898,"max":"https:\/\/cdn.assetlog.ai\/assets\/161441\/bmw-x3-xdrive30d-m-packet-at-195kw-a8-aj-na-splatky-protiucet_26_max.webp","medium":"https:\/\/cdn.assetlog.ai\/assets\/161441\/bmw-x3-xdrive30d-m-packet-at-195kw-a8-aj-na-splatky-protiucet_26_medium.webp","small":"https:\/\/cdn.assetlog.ai\/assets\/161441\/bmw-x3-xdrive30d-m-packet-at-195kw-a8-aj-na-splatky-protiucet_26_small.webp"},{"id":132899,"max":"https:\/\/cdn.assetlog.ai\/assets\/161441\/bmw-x3-xdrive30d-m-packet-at-195kw-a8-aj-na-splatky-protiucet_27_max.webp","medium":"https:\/\/cdn.assetlog.ai\/assets\/161441\/bmw-x3-xdrive30d-m-packet-at-195kw-a8-aj-na-splatky-protiucet_27_medium.webp","small":"https:\/\/cdn.assetlog.ai\/assets\/161441\/bmw-x3-xdrive30d-m-packet-at-195kw-a8-aj-na-splatky-protiucet_27_small.webp"},{"id":132900,"max":"https:\/\/cdn.assetlog.ai\/assets\/161441\/bmw-x3-xdrive30d-m-packet-at-195kw-a8-aj-na-splatky-protiucet_28_max.webp","medium":"https:\/\/cdn.assetlog.ai\/assets\/161441\/bmw-x3-xdrive30d-m-packet-at-195kw-a8-aj-na-splatky-protiucet_28_medium.webp","small":"https:\/\/cdn.assetlog.ai\/assets\/161441\/bmw-x3-xdrive30d-m-packet-at-195kw-a8-aj-na-splatky-protiucet_28_small.webp"},{"id":132901,"max":"https:\/\/cdn.assetlog.ai\/assets\/161441\/bmw-x3-xdrive30d-m-packet-at-195kw-a8-aj-na-splatky-protiucet_29_max.webp","medium":"https:\/\/cdn.assetlog.ai\/assets\/161441\/bmw-x3-xdrive30d-m-packet-at-195kw-a8-aj-na-splatky-protiucet_29_medium.webp","small":"https:\/\/cdn.assetlog.ai\/assets\/161441\/bmw-x3-xdrive30d-m-packet-at-195kw-a8-aj-na-splatky-protiucet_29_small.webp"},{"id":132902,"max":"https:\/\/cdn.assetlog.ai\/assets\/161441\/bmw-x3-xdrive30d-m-packet-at-195kw-a8-aj-na-splatky-protiucet_30_max.webp","medium":"https:\/\/cdn.assetlog.ai\/assets\/161441\/bmw-x3-xdrive30d-m-packet-at-195kw-a8-aj-na-splatky-protiucet_30_medium.webp","small":"https:\/\/cdn.assetlog.ai\/assets\/161441\/bmw-x3-xdrive30d-m-packet-at-195kw-a8-aj-na-splatky-protiucet_30_small.webp"},{"id":132903,"max":"https:\/\/cdn.assetlog.ai\/assets\/161441\/bmw-x3-xdrive30d-m-packet-at-195kw-a8-aj-na-splatky-protiucet_31_max.webp","medium":"https:\/\/cdn.assetlog.ai\/assets\/161441\/bmw-x3-xdrive30d-m-packet-at-195kw-a8-aj-na-splatky-protiucet_31_medium.webp","small":"https:\/\/cdn.assetlog.ai\/assets\/161441\/bmw-x3-xdrive30d-m-packet-at-195kw-a8-aj-na-splatky-protiucet_31_small.webp"},{"id":132904,"max":"https:\/\/cdn.assetlog.ai\/assets\/161441\/bmw-x3-xdrive30d-m-packet-at-195kw-a8-aj-na-splatky-protiucet_32_max.webp","medium":"https:\/\/cdn.assetlog.ai\/assets\/161441\/bmw-x3-xdrive30d-m-packet-at-195kw-a8-aj-na-splatky-protiucet_32_medium.webp","small":"https:\/\/cdn.assetlog.ai\/assets\/161441\/bmw-x3-xdrive30d-m-packet-at-195kw-a8-aj-na-splatky-protiucet_32_small.webp"},{"id":132905,"max":"https:\/\/cdn.assetlog.ai\/assets\/161441\/bmw-x3-xdrive30d-m-packet-at-195kw-a8-aj-na-splatky-protiucet_33_max.webp","medium":"https:\/\/cdn.assetlog.ai\/assets\/161441\/bmw-x3-xdrive30d-m-packet-at-195kw-a8-aj-na-splatky-protiucet_33_medium.webp","small":"https:\/\/cdn.assetlog.ai\/assets\/161441\/bmw-x3-xdrive30d-m-packet-at-195kw-a8-aj-na-splatky-protiucet_33_small.webp"},{"id":132906,"max":"https:\/\/cdn.assetlog.ai\/assets\/161441\/bmw-x3-xdrive30d-m-packet-at-195kw-a8-aj-na-splatky-protiucet_34_max.webp","medium":"https:\/\/cdn.assetlog.ai\/assets\/161441\/bmw-x3-xdrive30d-m-packet-at-195kw-a8-aj-na-splatky-protiucet_34_medium.webp","small":"https:\/\/cdn.assetlog.ai\/assets\/161441\/bmw-x3-xdrive30d-m-packet-at-195kw-a8-aj-na-splatky-protiucet_34_small.webp"},{"id":132907,"max":"https:\/\/cdn.assetlog.ai\/assets\/161441\/bmw-x3-xdrive30d-m-packet-at-195kw-a8-aj-na-splatky-protiucet_35_max.webp","medium":"https:\/\/cdn.assetlog.ai\/assets\/161441\/bmw-x3-xdrive30d-m-packet-at-195kw-a8-aj-na-splatky-protiucet_35_medium.webp","small":"https:\/\/cdn.assetlog.ai\/assets\/161441\/bmw-x3-xdrive30d-m-packet-at-195kw-a8-aj-na-splatky-protiucet_35_small.webp"},{"id":132908,"max":"https:\/\/cdn.assetlog.ai\/assets\/161441\/bmw-x3-xdrive30d-m-packet-at-195kw-a8-aj-na-splatky-protiucet_36_max.webp","medium":"https:\/\/cdn.assetlog.ai\/assets\/161441\/bmw-x3-xdrive30d-m-packet-at-195kw-a8-aj-na-splatky-protiucet_36_medium.webp","small":"https:\/\/cdn.assetlog.ai\/assets\/161441\/bmw-x3-xdrive30d-m-packet-at-195kw-a8-aj-na-splatky-protiucet_36_small.webp"},{"id":132909,"max":"https:\/\/cdn.assetlog.ai\/assets\/161441\/bmw-x3-xdrive30d-m-packet-at-195kw-a8-aj-na-splatky-protiucet_37_max.webp","medium":"https:\/\/cdn.assetlog.ai\/assets\/161441\/bmw-x3-xdrive30d-m-packet-at-195kw-a8-aj-na-splatky-protiucet_37_medium.webp","small":"https:\/\/cdn.assetlog.ai\/assets\/161441\/bmw-x3-xdrive30d-m-packet-at-195kw-a8-aj-na-splatky-protiucet_37_small.webp"},{"id":132910,"max":"https:\/\/cdn.assetlog.ai\/assets\/161441\/bmw-x3-xdrive30d-m-packet-at-195kw-a8-aj-na-splatky-protiucet_38_max.webp","medium":"https:\/\/cdn.assetlog.ai\/assets\/161441\/bmw-x3-xdrive30d-m-packet-at-195kw-a8-aj-na-splatky-protiucet_38_medium.webp","small":"https:\/\/cdn.assetlog.ai\/assets\/161441\/bmw-x3-xdrive30d-m-packet-at-195kw-a8-aj-na-splatky-protiucet_38_small.webp"},{"id":132911,"max":"https:\/\/cdn.assetlog.ai\/assets\/161441\/bmw-x3-xdrive30d-m-packet-at-195kw-a8-aj-na-splatky-protiucet_39_max.webp","medium":"https:\/\/cdn.assetlog.ai\/assets\/161441\/bmw-x3-xdrive30d-m-packet-at-195kw-a8-aj-na-splatky-protiucet_39_medium.webp","small":"https:\/\/cdn.assetlog.ai\/assets\/161441\/bmw-x3-xdrive30d-m-packet-at-195kw-a8-aj-na-splatky-protiucet_39_small.webp"},{"id":132912,"max":"https:\/\/cdn.assetlog.ai\/assets\/161441\/bmw-x3-xdrive30d-m-packet-at-195kw-a8-aj-na-splatky-protiucet_40_max.webp","medium":"https:\/\/cdn.assetlog.ai\/assets\/161441\/bmw-x3-xdrive30d-m-packet-at-195kw-a8-aj-na-splatky-protiucet_40_medium.webp","small":"https:\/\/cdn.assetlog.ai\/assets\/161441\/bmw-x3-xdrive30d-m-packet-at-195kw-a8-aj-na-splatky-protiucet_40_small.webp"}],"published_at":null,"expires_at":null,"created_at":"2026-08-19T03:40:05+00:00","updated_at":"2026-09-01T03:41:03+00:00"}}