{"data":{"id":116972,"slug":"bmw-x4-m40i-at-260kw-a8-aj-na-splatky-protiucet","type":"vehicle","title":"BMW X4 M40i A\/T, 260kW, A8 \/ AJ ON INSTALLMENTS \/ TRADE-IN \/","description":"Commission sale - you purchase the vehicle directly from the owner.\n\nThis well-maintained BMW X4 M40i offers a combination of a powerful inline six-cylinder engine, xDrive all-wheel drive, and a luxurious interior, ensuring both dynamic and comfortable driving. The vehicle is from Germany and was serviced at an authorized BMW service center until 2024. At 120,000 km, the transmission oil was changed and rear brake pads were replaced. The last oil and filter change was at 135,000 km, and at 140,000 km the PCV valve was replaced. The vehicle has never been in an accident (only minor cosmetic wear), shows no repainting, and has been verified through the vehicle service records register (ODO-Pass+AUTO-Pass) and has also passed inspection of execution records, encumbrances, and document verification.\n\nWe offer favorable financing with monthly installments, so you can enjoy your new vehicle immediately without waiting, with a down payment from 0% and installments up to 96 months. For your added convenience and peace of mind, we can also provide an extended warranty of up to 12-36 months.\n\nIf you already own a vehicle, you don't need to worry about selling it - in return, we'll buy it from you directly. Just come to us with it, we'll evaluate it, and we'll deduct the amount from the value of your new vehicle. This way you'll save time, hassle, and money, and the entire process will be quick and easy - you'll drive away in your new vehicle without unnecessary paperwork.\n\nTHE VEHICLE IS LOCATED IN BRATISLAVA.\nFor more information, please call us at 0918 033 999. License plate: RL33333. Registration valid until: 2027-02-28. MOT valid until: 2027-02-28.\n\nTechnical Data\n\nYear: 12\/18, 2998cc, 260kW (354 PS), Drive: 4\u00d74, Automatic transmission (8-speed), Petrol, EURO 6, 5-door, (5-seater), 140,361 km, Dark gray metallic, VIN WBAUJ510X0LM18054\n\nFuel Consumption (l\/100km)\n\nCity: 11.5, Highway: 7.7, Combined: 9.1\n\nService booklet, Manufactured in the EU, Never written off, Trade-in possible, Financing available","language":"cs","is_translated":true,"title_original":"BMW X4 M40i A\/T, 260kW, A8 \/ AJ NA SPL\u00c1TKY \/ PROTI\u00da\u010cET \/","description_original":"Komisn\u00ed prodej - vozidlo kupujete p\u0159\u00edmo od majitele.\n\nToto zachoval\u00e9 BMW X4 M40i nab\u00edz\u00ed kombinaci v\u00fdkonn\u00e9ho \u0159adov\u00e9ho \u0161estiv\u00e1lce, pohonu xDrive a luxusn\u00edho interi\u00e9ru, d\u00edky \u010demu\u017e zaji\u0161\u0165uje dynamickou i pohodlnou j\u00edzdu. Vozidlo poch\u00e1z\u00ed z N\u011bmecka, do roku 2024 bylo servisov\u00e1no v autorizovan\u00e9m servisu BMW, p\u0159i 120 000 km byl vym\u011bn\u011bn olej v p\u0159evodovce, vym\u011bn\u011bny zadn\u00ed brzdov\u00e9 desti\u010dky, posledn\u00ed v\u00fdm\u011bna oleje a filtr\u016f prob\u011bhla p\u0159i 135 000 km a p\u0159i 140 000 km byl vym\u011bn\u011bn ventil PCV. Vozidlo nikdy nebylo havarovan\u00e9 (pouze kosmetick\u00e9 vady), vykazuje nelakovan\u00fd stav a bylo zkontrolov\u00e1no prost\u0159ednictv\u00edm registru provozn\u00edch z\u00e1znam\u016f vozidel (ODO-Pass+AUTO-Pass) a pro\u0161lo tak\u00e9 kontrolou exeku\u010dn\u00edch z\u00e1znam\u016f, z\u00e1t\u011b\u017e\u00ed a prov\u011brkou doklad\u016f.\n\nNab\u00edz\u00edme v\u00fdhodn\u00e9 financov\u00e1n\u00ed na m\u011bs\u00ed\u010dn\u00ed spl\u00e1tky, tak\u017ee si m\u016f\u017eete u\u017e\u00edvat sv\u016fj nov\u00fd v\u016fz hned a bez \u010dek\u00e1n\u00ed, s akontac\u00ed od 0 % a spl\u00e1tkami a\u017e na 96 m\u011bs\u00edc\u016f. Pro va\u0161e v\u011bt\u0161\u00ed pohodl\u00ed a jistotu m\u016f\u017eeme tak\u00e9 poskytnout prodlou\u017eenou z\u00e1ruku a\u017e na 12-36 m\u011bs\u00edc\u016f.\n\nPokud ji\u017e v\u016fz vlastn\u00edte, nemus\u00edte se zab\u00fdvat jeho prodejem - na opl\u00e1tku si ho od v\u00e1s p\u0159\u00edmo vezmeme. Sta\u010d\u00ed, kdy\u017e k n\u00e1m s n\u00edm p\u0159ijdete, my ho ocen\u00edme a n\u00e1klady ode\u010dteme od hodnoty va\u0161eho nov\u00e9ho vozu. U\u0161et\u0159\u00edte tak \u010das, starosti i pen\u00edze a cel\u00fd proces bude rychl\u00fd a snadn\u00fd - odjedete rovnou ve sv\u00e9m nov\u00e9m voze bez zbyte\u010dn\u00e9ho pap\u00edrov\u00e1n\u00ed.\n\nVOZIDLO SE NACH\u00c1Z\u00cd V BRATISLAVE.\nViac inform\u00e1ci\u00ed V\u00e1m poskytneme na telefonn\u00edm \u010d\u00edsle 0918 033 999. E\u010cV: RL33333. EK platn\u00e1 do: 2027-02-28. STK platn\u00e1 do: 2027-02-28.\n\nTechnick\u00e9 \u00fadaje\n\nv.v.: 12\/18, 2998cm\u00b3, 260kW (354PS), Pohon: 4\u00d74, Automatick\u00e1 p\u0159evodovka (8 st.), Benz\u00edn, EURO 6, 5 dv., (5-m\u00edstn\u00fd), 140 361km, \u0160ed\u00e1 tmav\u00e1 metal\u00edza, VIN WBAUJ510X0LM18054\n\nSpot\u0159eba vozidla (l\/100km)\n\nVe m\u011bst\u011b: 11.5, mimo m\u011bsto: 7.7, kombinovan\u00e1: 9.1\n\nServisn\u00ed kn\u00ed\u017eka, Vyroben\u00e9 v EU, Nikdy neb\u00faran\u00e9, Mo\u017en\u00e1 v\u00fdm\u011bna, Mo\u017en\u00fd \u00fav\u011br","price":"842559.00","currency":"CZK","status":"active","noindex":true,"location":{"address":null,"full_address":null,"city":"Bratislava","country":"SK","latitude":48.1516988,"longitude":17.1093063},"metadata":{"vin":"WBAUJ510X0LM18054","fuel":"petrol","year":2018,"brand":"BMW","color":"Grey","doors":5,"drive":"AWD \/ 4x4","model":"X4","seats":5,"region":"Bratislavsk\u00fd kraj","mileage":140361,"emisions":"Euro 6","features":["Alarm","EBD\/EBV","Posilova\u010d \u0159\u00edzen\u00ed","ABS","ESP","Protiprokluzov\u00fd syst\u00e9m kol (TC, ASR)","Brzdov\u00fd asistent (EBA, BAS)","ISOFIX na zadn\u00edch sedadlech","Deaktivace airbagu spolujezdce","Nat\u00e1\u010dec\u00ed sv\u011btlomety","Senzor tlaku","Syst\u00e9m rozpozn\u00e1v\u00e1n\u00ed dopravn\u00edch zna\u010dek","Sledov\u00e1n\u00ed \u00fanavy \u0159idi\u010de","360\u00b0 monitorovac\u00ed syst\u00e9m (AVM)","Asistent d\u00e1lkov\u00fdch sv\u011btel (HBA)","Centr\u00e1ln\u00ed zamyk\u00e1n\u00ed","Zadn\u00ed el. stahovateln\u00e1 okna","El. nastaviteln\u00e1 p\u0159edn\u00ed sedadla","Elektricky nastaviteln\u00e1 zp\u011btn\u00e1 zrc\u00e1tka","Centr\u00e1ln\u00ed zamyk\u00e1n\u00ed na d\u00e1lkov\u00e9 ovl\u00e1d\u00e1n\u00ed","Autor\u00e1dio","Nez\u00e1visl\u00e9 topen\u00ed","Multifunk\u010dn\u00ed volant","Loketn\u00ed op\u011brka vp\u0159edu","Head-up display","Start\/Stop syst\u00e9m","Venkovn\u00ed teplom\u011br","Automatick\u00e1 3-z\u00f3nov\u00e1 klimatizace","Welcome light","Digit\u00e1ln\u00ed p\u0159\u00edstrojov\u00e1 deska","P\u00e1dla pod volantem","Bezdr\u00e1tov\u00e1 nab\u00edje\u010dka mobiln\u00edch telefon\u016f","Lit\u00e1 kola","Mlhovky","Imobiliz\u00e9r","Palubn\u00ed po\u010d\u00edta\u010d","Navigace","St\u0159e\u0161n\u00ed okno","Ta\u017en\u00e9 za\u0159\u00edzen\u00ed","Ko\u017een\u00fd interi\u00e9r","Vyh\u0159\u00edvan\u00e1 sedadla","Elektricky vyh\u0159\u00edvan\u00e1 zp\u011btn\u00e1 zrc\u00e1tka","F\u00f3lie","Senzor st\u011bra\u010d\u016f","Sv\u011bteln\u00fd senzor","Zimn\u00ed sada kol","Parkovac\u00ed kamera","P\u0159edn\u00ed a zadn\u00ed parkovac\u00ed senzory","Adaptivn\u00ed tempomat","Bezkl\u00ed\u010dov\u00fd vstup","El. ovl\u00e1dan\u00fd kufr","Elektrick\u00e9 dov\u00edr\u00e1n\u00ed zavazadlov\u00e9ho prostoru","Panoramatick\u00e1 st\u0159echa","Bluetooth","Vyh\u0159\u00edvan\u00fd volant","Denn\u00ed sv\u00edcen\u00ed","LED sv\u011btlomety","Dotykov\u00e1 obrazovka","Pam\u011b\u0165 nastaven\u00ed sedadla \u0159idi\u010de","Ambientn\u00ed LED osv\u011btlen\u00ed interi\u00e9ru","Serv. kni\u017eka","Vyroben\u00e9 v EU","Nikdy neb\u00faran\u00e9","Mo\u017en\u00e1 v\u00fdmena","Mo\u017en\u00fd \u00faver","Ko\u017een\u00fd paket","Odo-pass","Asistent rozjezdu do kopce","Kontrola mrtv\u00e9ho \u00fahlu","LCD panel","CD m\u011bni\u010d","Drive Select (j\u00edzdy re\u017eimy)","harman\/kardon","Elektricky sklopn\u00e1 zp\u011btn\u00e1 zrc\u00e1tka","Ovl\u00e1d\u00e1n\u00ed gesty","Rozpozn\u00e1v\u00e1n\u00ed chodc\u016f","Dr\u017e\u00e1k na n\u00e1poje"],"power_kw":260,"body_type":"SUV","condition":"Used","transmission":"automatic","vat_deductible":false,"consumption_city":11.5,"translation_hash":"4808808bdcadb8023ca8b3beebaed3db9f39ccba","vehicle_category":"car","engine_volume_cm3":2998,"first_registration":"2018-12-01","translation_status":"done","consumption_highway":7.7,"consumption_combined":9.1},"user_id":13,"is_sponsored":false,"views_count":14,"ai_views_count":9,"ai_vendor_counts":{"other":2,"openai":4,"anthropic":3},"visibility":"public","submission_source":null,"submission_ai_name":null,"has_owner_email":true,"can_contact_owner":true,"phone":"0918 033 999","owner_email":"bosela@autorro.sk","user":{"id":13,"slug":"mgr-martin-bosela-13","name":"Mgr. Martin Bo\u0161e\u013ea","bio":"Makl\u00e9r. P\u016fsob\u00edm v Bratislave a okol\u00ed.\n\nP\u016fsobnost: Bratislava","nationality":"SK","languages":["cs","sk"],"service_areas":[],"card_style":null,"card_palette":null,"avatar_url":"https:\/\/cdn.assetlog.ai\/avatars\/13\/avatar_max.webp?v=1786535213","avatar_thumb_url":"https:\/\/cdn.assetlog.ai\/avatars\/13\/avatar_small.webp?v=1786535213","reviews_count":0,"avg_rating":null,"seller_badge":"silver","can_calendar":true,"joined_at":"2026-06-07T07:44:39+00:00","primary_intent":null,"seeking":[],"public_assets_count":35,"public_prompts_count":0,"followers_count":0},"images":[{"id":96274,"max":"https:\/\/cdn.assetlog.ai\/assets\/116972\/bmw-x4-m40i-at-260kw-a8-aj-na-splatky-protiucet_1_max.webp","medium":"https:\/\/cdn.assetlog.ai\/assets\/116972\/bmw-x4-m40i-at-260kw-a8-aj-na-splatky-protiucet_1_medium.webp","small":"https:\/\/cdn.assetlog.ai\/assets\/116972\/bmw-x4-m40i-at-260kw-a8-aj-na-splatky-protiucet_1_small.webp"},{"id":96275,"max":"https:\/\/cdn.assetlog.ai\/assets\/116972\/bmw-x4-m40i-at-260kw-a8-aj-na-splatky-protiucet_2_max.webp","medium":"https:\/\/cdn.assetlog.ai\/assets\/116972\/bmw-x4-m40i-at-260kw-a8-aj-na-splatky-protiucet_2_medium.webp","small":"https:\/\/cdn.assetlog.ai\/assets\/116972\/bmw-x4-m40i-at-260kw-a8-aj-na-splatky-protiucet_2_small.webp"},{"id":96276,"max":"https:\/\/cdn.assetlog.ai\/assets\/116972\/bmw-x4-m40i-at-260kw-a8-aj-na-splatky-protiucet_3_max.webp","medium":"https:\/\/cdn.assetlog.ai\/assets\/116972\/bmw-x4-m40i-at-260kw-a8-aj-na-splatky-protiucet_3_medium.webp","small":"https:\/\/cdn.assetlog.ai\/assets\/116972\/bmw-x4-m40i-at-260kw-a8-aj-na-splatky-protiucet_3_small.webp"},{"id":96277,"max":"https:\/\/cdn.assetlog.ai\/assets\/116972\/bmw-x4-m40i-at-260kw-a8-aj-na-splatky-protiucet_4_max.webp","medium":"https:\/\/cdn.assetlog.ai\/assets\/116972\/bmw-x4-m40i-at-260kw-a8-aj-na-splatky-protiucet_4_medium.webp","small":"https:\/\/cdn.assetlog.ai\/assets\/116972\/bmw-x4-m40i-at-260kw-a8-aj-na-splatky-protiucet_4_small.webp"},{"id":96278,"max":"https:\/\/cdn.assetlog.ai\/assets\/116972\/bmw-x4-m40i-at-260kw-a8-aj-na-splatky-protiucet_5_max.webp","medium":"https:\/\/cdn.assetlog.ai\/assets\/116972\/bmw-x4-m40i-at-260kw-a8-aj-na-splatky-protiucet_5_medium.webp","small":"https:\/\/cdn.assetlog.ai\/assets\/116972\/bmw-x4-m40i-at-260kw-a8-aj-na-splatky-protiucet_5_small.webp"},{"id":96279,"max":"https:\/\/cdn.assetlog.ai\/assets\/116972\/bmw-x4-m40i-at-260kw-a8-aj-na-splatky-protiucet_6_max.webp","medium":"https:\/\/cdn.assetlog.ai\/assets\/116972\/bmw-x4-m40i-at-260kw-a8-aj-na-splatky-protiucet_6_medium.webp","small":"https:\/\/cdn.assetlog.ai\/assets\/116972\/bmw-x4-m40i-at-260kw-a8-aj-na-splatky-protiucet_6_small.webp"},{"id":96280,"max":"https:\/\/cdn.assetlog.ai\/assets\/116972\/bmw-x4-m40i-at-260kw-a8-aj-na-splatky-protiucet_7_max.webp","medium":"https:\/\/cdn.assetlog.ai\/assets\/116972\/bmw-x4-m40i-at-260kw-a8-aj-na-splatky-protiucet_7_medium.webp","small":"https:\/\/cdn.assetlog.ai\/assets\/116972\/bmw-x4-m40i-at-260kw-a8-aj-na-splatky-protiucet_7_small.webp"},{"id":96281,"max":"https:\/\/cdn.assetlog.ai\/assets\/116972\/bmw-x4-m40i-at-260kw-a8-aj-na-splatky-protiucet_8_max.webp","medium":"https:\/\/cdn.assetlog.ai\/assets\/116972\/bmw-x4-m40i-at-260kw-a8-aj-na-splatky-protiucet_8_medium.webp","small":"https:\/\/cdn.assetlog.ai\/assets\/116972\/bmw-x4-m40i-at-260kw-a8-aj-na-splatky-protiucet_8_small.webp"},{"id":96282,"max":"https:\/\/cdn.assetlog.ai\/assets\/116972\/bmw-x4-m40i-at-260kw-a8-aj-na-splatky-protiucet_9_max.webp","medium":"https:\/\/cdn.assetlog.ai\/assets\/116972\/bmw-x4-m40i-at-260kw-a8-aj-na-splatky-protiucet_9_medium.webp","small":"https:\/\/cdn.assetlog.ai\/assets\/116972\/bmw-x4-m40i-at-260kw-a8-aj-na-splatky-protiucet_9_small.webp"},{"id":96283,"max":"https:\/\/cdn.assetlog.ai\/assets\/116972\/bmw-x4-m40i-at-260kw-a8-aj-na-splatky-protiucet_10_max.webp","medium":"https:\/\/cdn.assetlog.ai\/assets\/116972\/bmw-x4-m40i-at-260kw-a8-aj-na-splatky-protiucet_10_medium.webp","small":"https:\/\/cdn.assetlog.ai\/assets\/116972\/bmw-x4-m40i-at-260kw-a8-aj-na-splatky-protiucet_10_small.webp"},{"id":96284,"max":"https:\/\/cdn.assetlog.ai\/assets\/116972\/bmw-x4-m40i-at-260kw-a8-aj-na-splatky-protiucet_11_max.webp","medium":"https:\/\/cdn.assetlog.ai\/assets\/116972\/bmw-x4-m40i-at-260kw-a8-aj-na-splatky-protiucet_11_medium.webp","small":"https:\/\/cdn.assetlog.ai\/assets\/116972\/bmw-x4-m40i-at-260kw-a8-aj-na-splatky-protiucet_11_small.webp"},{"id":96285,"max":"https:\/\/cdn.assetlog.ai\/assets\/116972\/bmw-x4-m40i-at-260kw-a8-aj-na-splatky-protiucet_12_max.webp","medium":"https:\/\/cdn.assetlog.ai\/assets\/116972\/bmw-x4-m40i-at-260kw-a8-aj-na-splatky-protiucet_12_medium.webp","small":"https:\/\/cdn.assetlog.ai\/assets\/116972\/bmw-x4-m40i-at-260kw-a8-aj-na-splatky-protiucet_12_small.webp"},{"id":96286,"max":"https:\/\/cdn.assetlog.ai\/assets\/116972\/bmw-x4-m40i-at-260kw-a8-aj-na-splatky-protiucet_13_max.webp","medium":"https:\/\/cdn.assetlog.ai\/assets\/116972\/bmw-x4-m40i-at-260kw-a8-aj-na-splatky-protiucet_13_medium.webp","small":"https:\/\/cdn.assetlog.ai\/assets\/116972\/bmw-x4-m40i-at-260kw-a8-aj-na-splatky-protiucet_13_small.webp"},{"id":96287,"max":"https:\/\/cdn.assetlog.ai\/assets\/116972\/bmw-x4-m40i-at-260kw-a8-aj-na-splatky-protiucet_14_max.webp","medium":"https:\/\/cdn.assetlog.ai\/assets\/116972\/bmw-x4-m40i-at-260kw-a8-aj-na-splatky-protiucet_14_medium.webp","small":"https:\/\/cdn.assetlog.ai\/assets\/116972\/bmw-x4-m40i-at-260kw-a8-aj-na-splatky-protiucet_14_small.webp"},{"id":96288,"max":"https:\/\/cdn.assetlog.ai\/assets\/116972\/bmw-x4-m40i-at-260kw-a8-aj-na-splatky-protiucet_15_max.webp","medium":"https:\/\/cdn.assetlog.ai\/assets\/116972\/bmw-x4-m40i-at-260kw-a8-aj-na-splatky-protiucet_15_medium.webp","small":"https:\/\/cdn.assetlog.ai\/assets\/116972\/bmw-x4-m40i-at-260kw-a8-aj-na-splatky-protiucet_15_small.webp"},{"id":96289,"max":"https:\/\/cdn.assetlog.ai\/assets\/116972\/bmw-x4-m40i-at-260kw-a8-aj-na-splatky-protiucet_16_max.webp","medium":"https:\/\/cdn.assetlog.ai\/assets\/116972\/bmw-x4-m40i-at-260kw-a8-aj-na-splatky-protiucet_16_medium.webp","small":"https:\/\/cdn.assetlog.ai\/assets\/116972\/bmw-x4-m40i-at-260kw-a8-aj-na-splatky-protiucet_16_small.webp"},{"id":96290,"max":"https:\/\/cdn.assetlog.ai\/assets\/116972\/bmw-x4-m40i-at-260kw-a8-aj-na-splatky-protiucet_17_max.webp","medium":"https:\/\/cdn.assetlog.ai\/assets\/116972\/bmw-x4-m40i-at-260kw-a8-aj-na-splatky-protiucet_17_medium.webp","small":"https:\/\/cdn.assetlog.ai\/assets\/116972\/bmw-x4-m40i-at-260kw-a8-aj-na-splatky-protiucet_17_small.webp"},{"id":96291,"max":"https:\/\/cdn.assetlog.ai\/assets\/116972\/bmw-x4-m40i-at-260kw-a8-aj-na-splatky-protiucet_18_max.webp","medium":"https:\/\/cdn.assetlog.ai\/assets\/116972\/bmw-x4-m40i-at-260kw-a8-aj-na-splatky-protiucet_18_medium.webp","small":"https:\/\/cdn.assetlog.ai\/assets\/116972\/bmw-x4-m40i-at-260kw-a8-aj-na-splatky-protiucet_18_small.webp"},{"id":96292,"max":"https:\/\/cdn.assetlog.ai\/assets\/116972\/bmw-x4-m40i-at-260kw-a8-aj-na-splatky-protiucet_19_max.webp","medium":"https:\/\/cdn.assetlog.ai\/assets\/116972\/bmw-x4-m40i-at-260kw-a8-aj-na-splatky-protiucet_19_medium.webp","small":"https:\/\/cdn.assetlog.ai\/assets\/116972\/bmw-x4-m40i-at-260kw-a8-aj-na-splatky-protiucet_19_small.webp"},{"id":96293,"max":"https:\/\/cdn.assetlog.ai\/assets\/116972\/bmw-x4-m40i-at-260kw-a8-aj-na-splatky-protiucet_20_max.webp","medium":"https:\/\/cdn.assetlog.ai\/assets\/116972\/bmw-x4-m40i-at-260kw-a8-aj-na-splatky-protiucet_20_medium.webp","small":"https:\/\/cdn.assetlog.ai\/assets\/116972\/bmw-x4-m40i-at-260kw-a8-aj-na-splatky-protiucet_20_small.webp"},{"id":96294,"max":"https:\/\/cdn.assetlog.ai\/assets\/116972\/bmw-x4-m40i-at-260kw-a8-aj-na-splatky-protiucet_21_max.webp","medium":"https:\/\/cdn.assetlog.ai\/assets\/116972\/bmw-x4-m40i-at-260kw-a8-aj-na-splatky-protiucet_21_medium.webp","small":"https:\/\/cdn.assetlog.ai\/assets\/116972\/bmw-x4-m40i-at-260kw-a8-aj-na-splatky-protiucet_21_small.webp"},{"id":96295,"max":"https:\/\/cdn.assetlog.ai\/assets\/116972\/bmw-x4-m40i-at-260kw-a8-aj-na-splatky-protiucet_22_max.webp","medium":"https:\/\/cdn.assetlog.ai\/assets\/116972\/bmw-x4-m40i-at-260kw-a8-aj-na-splatky-protiucet_22_medium.webp","small":"https:\/\/cdn.assetlog.ai\/assets\/116972\/bmw-x4-m40i-at-260kw-a8-aj-na-splatky-protiucet_22_small.webp"},{"id":96296,"max":"https:\/\/cdn.assetlog.ai\/assets\/116972\/bmw-x4-m40i-at-260kw-a8-aj-na-splatky-protiucet_23_max.webp","medium":"https:\/\/cdn.assetlog.ai\/assets\/116972\/bmw-x4-m40i-at-260kw-a8-aj-na-splatky-protiucet_23_medium.webp","small":"https:\/\/cdn.assetlog.ai\/assets\/116972\/bmw-x4-m40i-at-260kw-a8-aj-na-splatky-protiucet_23_small.webp"},{"id":96297,"max":"https:\/\/cdn.assetlog.ai\/assets\/116972\/bmw-x4-m40i-at-260kw-a8-aj-na-splatky-protiucet_24_max.webp","medium":"https:\/\/cdn.assetlog.ai\/assets\/116972\/bmw-x4-m40i-at-260kw-a8-aj-na-splatky-protiucet_24_medium.webp","small":"https:\/\/cdn.assetlog.ai\/assets\/116972\/bmw-x4-m40i-at-260kw-a8-aj-na-splatky-protiucet_24_small.webp"},{"id":96298,"max":"https:\/\/cdn.assetlog.ai\/assets\/116972\/bmw-x4-m40i-at-260kw-a8-aj-na-splatky-protiucet_25_max.webp","medium":"https:\/\/cdn.assetlog.ai\/assets\/116972\/bmw-x4-m40i-at-260kw-a8-aj-na-splatky-protiucet_25_medium.webp","small":"https:\/\/cdn.assetlog.ai\/assets\/116972\/bmw-x4-m40i-at-260kw-a8-aj-na-splatky-protiucet_25_small.webp"},{"id":96299,"max":"https:\/\/cdn.assetlog.ai\/assets\/116972\/bmw-x4-m40i-at-260kw-a8-aj-na-splatky-protiucet_26_max.webp","medium":"https:\/\/cdn.assetlog.ai\/assets\/116972\/bmw-x4-m40i-at-260kw-a8-aj-na-splatky-protiucet_26_medium.webp","small":"https:\/\/cdn.assetlog.ai\/assets\/116972\/bmw-x4-m40i-at-260kw-a8-aj-na-splatky-protiucet_26_small.webp"},{"id":96300,"max":"https:\/\/cdn.assetlog.ai\/assets\/116972\/bmw-x4-m40i-at-260kw-a8-aj-na-splatky-protiucet_27_max.webp","medium":"https:\/\/cdn.assetlog.ai\/assets\/116972\/bmw-x4-m40i-at-260kw-a8-aj-na-splatky-protiucet_27_medium.webp","small":"https:\/\/cdn.assetlog.ai\/assets\/116972\/bmw-x4-m40i-at-260kw-a8-aj-na-splatky-protiucet_27_small.webp"},{"id":96301,"max":"https:\/\/cdn.assetlog.ai\/assets\/116972\/bmw-x4-m40i-at-260kw-a8-aj-na-splatky-protiucet_28_max.webp","medium":"https:\/\/cdn.assetlog.ai\/assets\/116972\/bmw-x4-m40i-at-260kw-a8-aj-na-splatky-protiucet_28_medium.webp","small":"https:\/\/cdn.assetlog.ai\/assets\/116972\/bmw-x4-m40i-at-260kw-a8-aj-na-splatky-protiucet_28_small.webp"},{"id":96302,"max":"https:\/\/cdn.assetlog.ai\/assets\/116972\/bmw-x4-m40i-at-260kw-a8-aj-na-splatky-protiucet_29_max.webp","medium":"https:\/\/cdn.assetlog.ai\/assets\/116972\/bmw-x4-m40i-at-260kw-a8-aj-na-splatky-protiucet_29_medium.webp","small":"https:\/\/cdn.assetlog.ai\/assets\/116972\/bmw-x4-m40i-at-260kw-a8-aj-na-splatky-protiucet_29_small.webp"},{"id":96303,"max":"https:\/\/cdn.assetlog.ai\/assets\/116972\/bmw-x4-m40i-at-260kw-a8-aj-na-splatky-protiucet_30_max.webp","medium":"https:\/\/cdn.assetlog.ai\/assets\/116972\/bmw-x4-m40i-at-260kw-a8-aj-na-splatky-protiucet_30_medium.webp","small":"https:\/\/cdn.assetlog.ai\/assets\/116972\/bmw-x4-m40i-at-260kw-a8-aj-na-splatky-protiucet_30_small.webp"},{"id":96304,"max":"https:\/\/cdn.assetlog.ai\/assets\/116972\/bmw-x4-m40i-at-260kw-a8-aj-na-splatky-protiucet_31_max.webp","medium":"https:\/\/cdn.assetlog.ai\/assets\/116972\/bmw-x4-m40i-at-260kw-a8-aj-na-splatky-protiucet_31_medium.webp","small":"https:\/\/cdn.assetlog.ai\/assets\/116972\/bmw-x4-m40i-at-260kw-a8-aj-na-splatky-protiucet_31_small.webp"},{"id":96305,"max":"https:\/\/cdn.assetlog.ai\/assets\/116972\/bmw-x4-m40i-at-260kw-a8-aj-na-splatky-protiucet_32_max.webp","medium":"https:\/\/cdn.assetlog.ai\/assets\/116972\/bmw-x4-m40i-at-260kw-a8-aj-na-splatky-protiucet_32_medium.webp","small":"https:\/\/cdn.assetlog.ai\/assets\/116972\/bmw-x4-m40i-at-260kw-a8-aj-na-splatky-protiucet_32_small.webp"},{"id":96306,"max":"https:\/\/cdn.assetlog.ai\/assets\/116972\/bmw-x4-m40i-at-260kw-a8-aj-na-splatky-protiucet_33_max.webp","medium":"https:\/\/cdn.assetlog.ai\/assets\/116972\/bmw-x4-m40i-at-260kw-a8-aj-na-splatky-protiucet_33_medium.webp","small":"https:\/\/cdn.assetlog.ai\/assets\/116972\/bmw-x4-m40i-at-260kw-a8-aj-na-splatky-protiucet_33_small.webp"},{"id":96307,"max":"https:\/\/cdn.assetlog.ai\/assets\/116972\/bmw-x4-m40i-at-260kw-a8-aj-na-splatky-protiucet_34_max.webp","medium":"https:\/\/cdn.assetlog.ai\/assets\/116972\/bmw-x4-m40i-at-260kw-a8-aj-na-splatky-protiucet_34_medium.webp","small":"https:\/\/cdn.assetlog.ai\/assets\/116972\/bmw-x4-m40i-at-260kw-a8-aj-na-splatky-protiucet_34_small.webp"},{"id":96308,"max":"https:\/\/cdn.assetlog.ai\/assets\/116972\/bmw-x4-m40i-at-260kw-a8-aj-na-splatky-protiucet_35_max.webp","medium":"https:\/\/cdn.assetlog.ai\/assets\/116972\/bmw-x4-m40i-at-260kw-a8-aj-na-splatky-protiucet_35_medium.webp","small":"https:\/\/cdn.assetlog.ai\/assets\/116972\/bmw-x4-m40i-at-260kw-a8-aj-na-splatky-protiucet_35_small.webp"},{"id":96309,"max":"https:\/\/cdn.assetlog.ai\/assets\/116972\/bmw-x4-m40i-at-260kw-a8-aj-na-splatky-protiucet_36_max.webp","medium":"https:\/\/cdn.assetlog.ai\/assets\/116972\/bmw-x4-m40i-at-260kw-a8-aj-na-splatky-protiucet_36_medium.webp","small":"https:\/\/cdn.assetlog.ai\/assets\/116972\/bmw-x4-m40i-at-260kw-a8-aj-na-splatky-protiucet_36_small.webp"},{"id":96310,"max":"https:\/\/cdn.assetlog.ai\/assets\/116972\/bmw-x4-m40i-at-260kw-a8-aj-na-splatky-protiucet_37_max.webp","medium":"https:\/\/cdn.assetlog.ai\/assets\/116972\/bmw-x4-m40i-at-260kw-a8-aj-na-splatky-protiucet_37_medium.webp","small":"https:\/\/cdn.assetlog.ai\/assets\/116972\/bmw-x4-m40i-at-260kw-a8-aj-na-splatky-protiucet_37_small.webp"},{"id":96311,"max":"https:\/\/cdn.assetlog.ai\/assets\/116972\/bmw-x4-m40i-at-260kw-a8-aj-na-splatky-protiucet_38_max.webp","medium":"https:\/\/cdn.assetlog.ai\/assets\/116972\/bmw-x4-m40i-at-260kw-a8-aj-na-splatky-protiucet_38_medium.webp","small":"https:\/\/cdn.assetlog.ai\/assets\/116972\/bmw-x4-m40i-at-260kw-a8-aj-na-splatky-protiucet_38_small.webp"},{"id":96312,"max":"https:\/\/cdn.assetlog.ai\/assets\/116972\/bmw-x4-m40i-at-260kw-a8-aj-na-splatky-protiucet_39_max.webp","medium":"https:\/\/cdn.assetlog.ai\/assets\/116972\/bmw-x4-m40i-at-260kw-a8-aj-na-splatky-protiucet_39_medium.webp","small":"https:\/\/cdn.assetlog.ai\/assets\/116972\/bmw-x4-m40i-at-260kw-a8-aj-na-splatky-protiucet_39_small.webp"},{"id":96313,"max":"https:\/\/cdn.assetlog.ai\/assets\/116972\/bmw-x4-m40i-at-260kw-a8-aj-na-splatky-protiucet_40_max.webp","medium":"https:\/\/cdn.assetlog.ai\/assets\/116972\/bmw-x4-m40i-at-260kw-a8-aj-na-splatky-protiucet_40_medium.webp","small":"https:\/\/cdn.assetlog.ai\/assets\/116972\/bmw-x4-m40i-at-260kw-a8-aj-na-splatky-protiucet_40_small.webp"}],"published_at":null,"expires_at":null,"created_at":"2026-07-11T03:40:10+00:00","updated_at":"2026-09-01T03:40:32+00:00"}}