{"data":{"id":167693,"slug":"bmw-x5-30sd-xdrive-e70-210kw-a6-aj-na-splatky-protiucet","type":"vehicle","title":"BMW X5 3.0sd xDrive E70 \/ 210kW \/ A6 \/ FINANCING AVAILABLE \/ TRADE-IN","description":"The vehicle has already undergone several important service interventions, including replacement of timing belt, coolant, oil and filters. A new battery and glow plugs represent additional benefits for the new owner.\n\nService:\n\nAt 232,400 km timing belt replacement\nAt 232,400 km coolant replacement\nAt 260,000 km engine oil and filter replacement\nNew battery\nNew glow plugs\nAirbags were replaced at an authorized BMW service as part of a recall campaign\n\nThe BMW X5 E70 3.0sd is a powerful and comfortable SUV that offers a combination of sporty character, high comfort and practicality. The 3.0sd engine provides plenty of power and torque, making the X5 suitable for both everyday driving and longer trips.\n\nCommission sale - you buy the vehicle directly from the owner.\n\nThe vehicle has passed inspection of insurance records, execution checks, paint measurement and documentation verification. Physically inspected, also through the vehicle operational records registry.\n\nWe offer favorable financing with monthly installments, so you can enjoy your new car immediately without waiting with 0% down payment and installments up to 96 months.\n\nIf you already own a car, you don't have to worry about selling it - we'll take it directly from you in return. Just come to us with it, we'll evaluate it and deduct the costs from the value of your new car. This way you'll save time, stress and money and the entire process will be quick and easy - you'll drive away in your new car without unnecessary paperwork.\n\nTHE VEHICLE IS LOCATED IN \u017diar nad Hronom.\nMore information will be provided to you at telephone number 0903 321 323. License plate: BS479BE. Registration valid until: 2028-03-20. Technical inspection valid until: 2028-03-20.\n\nTechnical Data\n\nYear of manufacture: 04\/08, 2993cm\u00b3, 210kW (286PS), Generation: , Drive: 4\u00d74, Automatic transmission (6 speed), Diesel, EURO 4, 5 doors, (5-seater), 278,518 km, Black, VIN WBAFF01030L202057\n\nVehicle Consumption (l\/100km)\n\nIn the city: 10.3, outside the city: 7, combined: 8.2\n\nLeasing possible, Credit possible","language":"cs","is_translated":true,"title_original":"BMW X5 3.0sd xDrive E70 \/ 210kW \/ A6 \/ AJ NA SPL\u00c1TKY \/ PROTI\u00da\u010cET","description_original":"Vozidlo ji\u017e pro\u0161lo n\u011bkolika d\u016fle\u017eit\u00fdmi servisn\u00edmi z\u00e1sahy, v\u010detn\u011b v\u00fdm\u011bny rozvod\u016f, chladic\u00ed kapaliny, oleje a filtr\u016f. Nov\u00e1 baterie a \u017ehav\u00edky p\u0159edstavuj\u00ed dal\u0161\u00ed v\u00fdhodu pro nov\u00e9ho majitele.\n\nSlu\u017eba:\n\nP\u0159i 232 400 km v\u00fdm\u011bna rozvod\u016f\nP\u0159i 232 400 km v\u00fdm\u011bna chladic\u00ed kapaliny\nP\u0159i 260 000 km v\u00fdm\u011bna motorov\u00e9ho oleje a filtr\u016f\nNov\u00e1 baterie\nNov\u00e9 \u017ehav\u00edky\nV autorizovan\u00e9m servisu BMW byly v r\u00e1mci svol\u00e1vac\u00ed akce vym\u011bn\u011bny airbagy\n\nBMW X5 E70 3.0sd je v\u00fdkonn\u00e9 a komfortn\u00ed SUV, kter\u00e9 nab\u00edz\u00ed kombinaci sportovn\u00edho charakteru, vysok\u00e9ho komfortu a prakti\u010dnosti. Motor 3.0sd poskytuje dostatek v\u00fdkonu a to\u010div\u00e9ho momentu, d\u00edky \u010demu\u017e je X5 vhodn\u00fd jak pro ka\u017edodenn\u00ed j\u00edzdu, tak i pro del\u0161\u00ed trasy.\n\nKomisn\u00ed prodej - vozidlo kupujete p\u0159\u00edmo od majitele.\n\nVozidlo pro\u0161lo kontrolou z\u00e1znam\u016f o poji\u0161t\u011bn\u00ed, exekuc\u00ed, m\u011b\u0159en\u00edm laku a kontrolou doklad\u016f. Zkontrolov\u00e1no fyzicky, tak\u00e9 prost\u0159ednictv\u00edm registru provozn\u00edch z\u00e1znam\u016f vozidla.\n\nNab\u00edz\u00edme v\u00fdhodn\u00e9 financov\u00e1n\u00ed na m\u011bs\u00ed\u010dn\u00ed spl\u00e1tky, tak\u017ee si sv\u016fj nov\u00fd v\u016fz m\u016f\u017eete u\u017e\u00edvat hned a bez \u010dek\u00e1n\u00ed s akontac\u00ed 0 % a spl\u00e1tkami a\u017e na 96 m\u011bs\u00edc\u016f.\n\nPokud ji\u017e v\u016fz vlastn\u00edte, nemus\u00edte se zab\u00fdvat jeho prodejem - na opl\u00e1tku si ho od v\u00e1s p\u0159\u00edmo vezmeme. Sta\u010d\u00ed, kdy\u017e k n\u00e1m s n\u00edm p\u0159ijdete, my ho ocen\u00edme a n\u00e1klady ode\u010dteme od hodnoty va\u0161eho nov\u00e9ho vozu. U\u0161et\u0159\u00edte tak \u010das, starosti i pen\u00edze a cel\u00fd proces bude rychl\u00fd a snadn\u00fd - odjedete rovnou ve sv\u00e9m nov\u00e9m voze bez zbyte\u010dn\u00e9ho pap\u00edrov\u00e1n\u00ed.\n\nVOZIDLO SE NACH\u00c1Z\u00cd V \u017diari nad Hronom.\nViac inform\u00e1ci\u00ed V\u00e1m poskytneme na telefonn\u00edm \u010d\u00edsle 0903 321 323. E\u010cV: BS479BE. EK platn\u00e1 do: 2028-03-20. STK platn\u00e1 do: 2028-03-20.\n\nTechnick\u00e9 \u00fadaje\n\nv.v.: 04\/08, 2993cm\u00b3, 210kW (286PS), Generace vozidla: , Pohon: 4\u00d74, Automatick\u00e1 p\u0159evodovka (6 st.), Diesel, EURO 4, 5 dv., (5-m\u00edstn\u00fd), 278 518km, \u010cern\u00e1, VIN WBAFF01030L202057\n\nSpot\u0159eba vozidla (l\/100km)\n\nVe m\u011bst\u011b: 10.3, mimo m\u011bsto: 7, kombinovan\u00e1: 8.2\n\nMo\u017en\u00fd leasing, Mo\u017en\u00fd \u00fav\u011br","price":"216479.00","currency":"CZK","status":"active","noindex":true,"location":{"address":null,"full_address":null,"city":"\u017diar nad Hronom","country":"SK","latitude":48.5910183,"longitude":18.8500892},"metadata":{"vin":"WBAFF01030L202057","fuel":"diesel","year":2008,"brand":"BMW","color":"Black","doors":5,"drive":"AWD \/ 4x4","model":"X5","seats":5,"region":"Banskobystrick\u00fd kraj","mileage":278518,"emisions":"Euro 4","features":["ABS","DSC\/DTC","Brzdov\u00fd asistent (EBA, BAS)","ISOFIX na zadn\u00edch sedadlech","Deaktivace airbagu spolujezdce","Senzor tlaku","Manu\u00e1ln\u00ed klimatizace","Centr\u00e1ln\u00ed zamyk\u00e1n\u00ed","Zadn\u00ed el. stahovateln\u00e1 okna","El. nastaviteln\u00e1 p\u0159edn\u00ed sedadla","Elektricky nastaviteln\u00e1 zp\u011btn\u00e1 zrc\u00e1tka","Centr\u00e1ln\u00ed zamyk\u00e1n\u00ed na d\u00e1lkov\u00e9 ovl\u00e1d\u00e1n\u00ed","Autor\u00e1dio","Multifunk\u010dn\u00ed volant","Loketn\u00ed op\u011brka vp\u0159edu","Klimatizovan\u00e1 p\u0159ihr\u00e1dka","Ost\u0159ikova\u010de sv\u011btlomet\u016f","Lit\u00e1 kola","Mlhovky","Imobiliz\u00e9r","Palubn\u00ed po\u010d\u00edta\u010d","Navigace","St\u0159e\u0161n\u00ed okno","Ta\u017en\u00e9 za\u0159\u00edzen\u00ed","Tempomat","Ko\u017een\u00fd interi\u00e9r","Vyh\u0159\u00edvan\u00e1 sedadla","Elektricky vyh\u0159\u00edvan\u00e1 zp\u011btn\u00e1 zrc\u00e1tka","Senzor st\u011bra\u010d\u016f","Parkovac\u00ed kamera","P\u0159edn\u00ed a zadn\u00ed parkovac\u00ed senzory","Ventilovan\u00e1 p\u0159edn\u00ed sedadla","Bluetooth","Pam\u011b\u0165 nastaven\u00ed sedadla \u0159idi\u010de","Mo\u017en\u00fd leasing","Mo\u017en\u00fd \u00faver","Odo-pass"],"power_kw":210,"body_type":"SUV","condition":"Used","transmission":"automatic","vat_deductible":false,"consumption_city":10.3,"translation_hash":"3fe1a069920a03af60f39245400a4feb55e7bb69","vehicle_category":"car","engine_volume_cm3":2993,"first_registration":"2008-04-01","translation_status":"done","consumption_highway":7,"consumption_combined":8.2},"user_id":33,"is_sponsored":false,"views_count":4,"ai_views_count":10,"ai_vendor_counts":{"meta":4,"other":2,"openai":2,"anthropic":2},"visibility":"public","submission_source":null,"submission_ai_name":null,"has_owner_email":true,"can_contact_owner":true,"phone":"0903 321 323","owner_email":"kompanikova@autorro.sk","user":{"id":33,"slug":"dominika-kompanikova-33","name":"Dominika Kompan\u00edkov\u00e1","bio":"Makl\u00e9rka. P\u016fsob\u00edm v \u017diari nad Hronom a okol\u00ed.\n\nP\u016fsobnost: \u017diar nad Hronom","nationality":"SK","languages":["cs","sk"],"service_areas":[],"card_style":null,"card_palette":null,"avatar_url":"https:\/\/cdn.assetlog.ai\/avatars\/33\/avatar_max.webp?v=1786535213","avatar_thumb_url":"https:\/\/cdn.assetlog.ai\/avatars\/33\/avatar_small.webp?v=1786535213","reviews_count":0,"avg_rating":null,"seller_badge":"silver","can_calendar":true,"joined_at":"2026-06-07T07:44:49+00:00","primary_intent":null,"seeking":[],"public_assets_count":70,"public_prompts_count":0,"followers_count":0},"images":[{"id":135470,"max":"https:\/\/cdn.assetlog.ai\/assets\/167693\/bmw-x5-30sd-xdrive-e70-210kw-a6-aj-na-splatky-protiucet_1_max.webp","medium":"https:\/\/cdn.assetlog.ai\/assets\/167693\/bmw-x5-30sd-xdrive-e70-210kw-a6-aj-na-splatky-protiucet_1_medium.webp","small":"https:\/\/cdn.assetlog.ai\/assets\/167693\/bmw-x5-30sd-xdrive-e70-210kw-a6-aj-na-splatky-protiucet_1_small.webp"},{"id":135471,"max":"https:\/\/cdn.assetlog.ai\/assets\/167693\/bmw-x5-30sd-xdrive-e70-210kw-a6-aj-na-splatky-protiucet_2_max.webp","medium":"https:\/\/cdn.assetlog.ai\/assets\/167693\/bmw-x5-30sd-xdrive-e70-210kw-a6-aj-na-splatky-protiucet_2_medium.webp","small":"https:\/\/cdn.assetlog.ai\/assets\/167693\/bmw-x5-30sd-xdrive-e70-210kw-a6-aj-na-splatky-protiucet_2_small.webp"},{"id":135472,"max":"https:\/\/cdn.assetlog.ai\/assets\/167693\/bmw-x5-30sd-xdrive-e70-210kw-a6-aj-na-splatky-protiucet_3_max.webp","medium":"https:\/\/cdn.assetlog.ai\/assets\/167693\/bmw-x5-30sd-xdrive-e70-210kw-a6-aj-na-splatky-protiucet_3_medium.webp","small":"https:\/\/cdn.assetlog.ai\/assets\/167693\/bmw-x5-30sd-xdrive-e70-210kw-a6-aj-na-splatky-protiucet_3_small.webp"},{"id":135473,"max":"https:\/\/cdn.assetlog.ai\/assets\/167693\/bmw-x5-30sd-xdrive-e70-210kw-a6-aj-na-splatky-protiucet_4_max.webp","medium":"https:\/\/cdn.assetlog.ai\/assets\/167693\/bmw-x5-30sd-xdrive-e70-210kw-a6-aj-na-splatky-protiucet_4_medium.webp","small":"https:\/\/cdn.assetlog.ai\/assets\/167693\/bmw-x5-30sd-xdrive-e70-210kw-a6-aj-na-splatky-protiucet_4_small.webp"},{"id":135474,"max":"https:\/\/cdn.assetlog.ai\/assets\/167693\/bmw-x5-30sd-xdrive-e70-210kw-a6-aj-na-splatky-protiucet_5_max.webp","medium":"https:\/\/cdn.assetlog.ai\/assets\/167693\/bmw-x5-30sd-xdrive-e70-210kw-a6-aj-na-splatky-protiucet_5_medium.webp","small":"https:\/\/cdn.assetlog.ai\/assets\/167693\/bmw-x5-30sd-xdrive-e70-210kw-a6-aj-na-splatky-protiucet_5_small.webp"},{"id":135475,"max":"https:\/\/cdn.assetlog.ai\/assets\/167693\/bmw-x5-30sd-xdrive-e70-210kw-a6-aj-na-splatky-protiucet_6_max.webp","medium":"https:\/\/cdn.assetlog.ai\/assets\/167693\/bmw-x5-30sd-xdrive-e70-210kw-a6-aj-na-splatky-protiucet_6_medium.webp","small":"https:\/\/cdn.assetlog.ai\/assets\/167693\/bmw-x5-30sd-xdrive-e70-210kw-a6-aj-na-splatky-protiucet_6_small.webp"},{"id":135476,"max":"https:\/\/cdn.assetlog.ai\/assets\/167693\/bmw-x5-30sd-xdrive-e70-210kw-a6-aj-na-splatky-protiucet_7_max.webp","medium":"https:\/\/cdn.assetlog.ai\/assets\/167693\/bmw-x5-30sd-xdrive-e70-210kw-a6-aj-na-splatky-protiucet_7_medium.webp","small":"https:\/\/cdn.assetlog.ai\/assets\/167693\/bmw-x5-30sd-xdrive-e70-210kw-a6-aj-na-splatky-protiucet_7_small.webp"},{"id":135477,"max":"https:\/\/cdn.assetlog.ai\/assets\/167693\/bmw-x5-30sd-xdrive-e70-210kw-a6-aj-na-splatky-protiucet_8_max.webp","medium":"https:\/\/cdn.assetlog.ai\/assets\/167693\/bmw-x5-30sd-xdrive-e70-210kw-a6-aj-na-splatky-protiucet_8_medium.webp","small":"https:\/\/cdn.assetlog.ai\/assets\/167693\/bmw-x5-30sd-xdrive-e70-210kw-a6-aj-na-splatky-protiucet_8_small.webp"},{"id":135478,"max":"https:\/\/cdn.assetlog.ai\/assets\/167693\/bmw-x5-30sd-xdrive-e70-210kw-a6-aj-na-splatky-protiucet_9_max.webp","medium":"https:\/\/cdn.assetlog.ai\/assets\/167693\/bmw-x5-30sd-xdrive-e70-210kw-a6-aj-na-splatky-protiucet_9_medium.webp","small":"https:\/\/cdn.assetlog.ai\/assets\/167693\/bmw-x5-30sd-xdrive-e70-210kw-a6-aj-na-splatky-protiucet_9_small.webp"},{"id":135479,"max":"https:\/\/cdn.assetlog.ai\/assets\/167693\/bmw-x5-30sd-xdrive-e70-210kw-a6-aj-na-splatky-protiucet_10_max.webp","medium":"https:\/\/cdn.assetlog.ai\/assets\/167693\/bmw-x5-30sd-xdrive-e70-210kw-a6-aj-na-splatky-protiucet_10_medium.webp","small":"https:\/\/cdn.assetlog.ai\/assets\/167693\/bmw-x5-30sd-xdrive-e70-210kw-a6-aj-na-splatky-protiucet_10_small.webp"},{"id":135480,"max":"https:\/\/cdn.assetlog.ai\/assets\/167693\/bmw-x5-30sd-xdrive-e70-210kw-a6-aj-na-splatky-protiucet_11_max.webp","medium":"https:\/\/cdn.assetlog.ai\/assets\/167693\/bmw-x5-30sd-xdrive-e70-210kw-a6-aj-na-splatky-protiucet_11_medium.webp","small":"https:\/\/cdn.assetlog.ai\/assets\/167693\/bmw-x5-30sd-xdrive-e70-210kw-a6-aj-na-splatky-protiucet_11_small.webp"},{"id":135481,"max":"https:\/\/cdn.assetlog.ai\/assets\/167693\/bmw-x5-30sd-xdrive-e70-210kw-a6-aj-na-splatky-protiucet_12_max.webp","medium":"https:\/\/cdn.assetlog.ai\/assets\/167693\/bmw-x5-30sd-xdrive-e70-210kw-a6-aj-na-splatky-protiucet_12_medium.webp","small":"https:\/\/cdn.assetlog.ai\/assets\/167693\/bmw-x5-30sd-xdrive-e70-210kw-a6-aj-na-splatky-protiucet_12_small.webp"},{"id":135482,"max":"https:\/\/cdn.assetlog.ai\/assets\/167693\/bmw-x5-30sd-xdrive-e70-210kw-a6-aj-na-splatky-protiucet_13_max.webp","medium":"https:\/\/cdn.assetlog.ai\/assets\/167693\/bmw-x5-30sd-xdrive-e70-210kw-a6-aj-na-splatky-protiucet_13_medium.webp","small":"https:\/\/cdn.assetlog.ai\/assets\/167693\/bmw-x5-30sd-xdrive-e70-210kw-a6-aj-na-splatky-protiucet_13_small.webp"},{"id":135483,"max":"https:\/\/cdn.assetlog.ai\/assets\/167693\/bmw-x5-30sd-xdrive-e70-210kw-a6-aj-na-splatky-protiucet_14_max.webp","medium":"https:\/\/cdn.assetlog.ai\/assets\/167693\/bmw-x5-30sd-xdrive-e70-210kw-a6-aj-na-splatky-protiucet_14_medium.webp","small":"https:\/\/cdn.assetlog.ai\/assets\/167693\/bmw-x5-30sd-xdrive-e70-210kw-a6-aj-na-splatky-protiucet_14_small.webp"},{"id":135484,"max":"https:\/\/cdn.assetlog.ai\/assets\/167693\/bmw-x5-30sd-xdrive-e70-210kw-a6-aj-na-splatky-protiucet_15_max.webp","medium":"https:\/\/cdn.assetlog.ai\/assets\/167693\/bmw-x5-30sd-xdrive-e70-210kw-a6-aj-na-splatky-protiucet_15_medium.webp","small":"https:\/\/cdn.assetlog.ai\/assets\/167693\/bmw-x5-30sd-xdrive-e70-210kw-a6-aj-na-splatky-protiucet_15_small.webp"},{"id":135485,"max":"https:\/\/cdn.assetlog.ai\/assets\/167693\/bmw-x5-30sd-xdrive-e70-210kw-a6-aj-na-splatky-protiucet_16_max.webp","medium":"https:\/\/cdn.assetlog.ai\/assets\/167693\/bmw-x5-30sd-xdrive-e70-210kw-a6-aj-na-splatky-protiucet_16_medium.webp","small":"https:\/\/cdn.assetlog.ai\/assets\/167693\/bmw-x5-30sd-xdrive-e70-210kw-a6-aj-na-splatky-protiucet_16_small.webp"},{"id":135486,"max":"https:\/\/cdn.assetlog.ai\/assets\/167693\/bmw-x5-30sd-xdrive-e70-210kw-a6-aj-na-splatky-protiucet_17_max.webp","medium":"https:\/\/cdn.assetlog.ai\/assets\/167693\/bmw-x5-30sd-xdrive-e70-210kw-a6-aj-na-splatky-protiucet_17_medium.webp","small":"https:\/\/cdn.assetlog.ai\/assets\/167693\/bmw-x5-30sd-xdrive-e70-210kw-a6-aj-na-splatky-protiucet_17_small.webp"},{"id":135487,"max":"https:\/\/cdn.assetlog.ai\/assets\/167693\/bmw-x5-30sd-xdrive-e70-210kw-a6-aj-na-splatky-protiucet_18_max.webp","medium":"https:\/\/cdn.assetlog.ai\/assets\/167693\/bmw-x5-30sd-xdrive-e70-210kw-a6-aj-na-splatky-protiucet_18_medium.webp","small":"https:\/\/cdn.assetlog.ai\/assets\/167693\/bmw-x5-30sd-xdrive-e70-210kw-a6-aj-na-splatky-protiucet_18_small.webp"},{"id":135488,"max":"https:\/\/cdn.assetlog.ai\/assets\/167693\/bmw-x5-30sd-xdrive-e70-210kw-a6-aj-na-splatky-protiucet_19_max.webp","medium":"https:\/\/cdn.assetlog.ai\/assets\/167693\/bmw-x5-30sd-xdrive-e70-210kw-a6-aj-na-splatky-protiucet_19_medium.webp","small":"https:\/\/cdn.assetlog.ai\/assets\/167693\/bmw-x5-30sd-xdrive-e70-210kw-a6-aj-na-splatky-protiucet_19_small.webp"},{"id":135489,"max":"https:\/\/cdn.assetlog.ai\/assets\/167693\/bmw-x5-30sd-xdrive-e70-210kw-a6-aj-na-splatky-protiucet_20_max.webp","medium":"https:\/\/cdn.assetlog.ai\/assets\/167693\/bmw-x5-30sd-xdrive-e70-210kw-a6-aj-na-splatky-protiucet_20_medium.webp","small":"https:\/\/cdn.assetlog.ai\/assets\/167693\/bmw-x5-30sd-xdrive-e70-210kw-a6-aj-na-splatky-protiucet_20_small.webp"},{"id":135490,"max":"https:\/\/cdn.assetlog.ai\/assets\/167693\/bmw-x5-30sd-xdrive-e70-210kw-a6-aj-na-splatky-protiucet_21_max.webp","medium":"https:\/\/cdn.assetlog.ai\/assets\/167693\/bmw-x5-30sd-xdrive-e70-210kw-a6-aj-na-splatky-protiucet_21_medium.webp","small":"https:\/\/cdn.assetlog.ai\/assets\/167693\/bmw-x5-30sd-xdrive-e70-210kw-a6-aj-na-splatky-protiucet_21_small.webp"},{"id":135491,"max":"https:\/\/cdn.assetlog.ai\/assets\/167693\/bmw-x5-30sd-xdrive-e70-210kw-a6-aj-na-splatky-protiucet_22_max.webp","medium":"https:\/\/cdn.assetlog.ai\/assets\/167693\/bmw-x5-30sd-xdrive-e70-210kw-a6-aj-na-splatky-protiucet_22_medium.webp","small":"https:\/\/cdn.assetlog.ai\/assets\/167693\/bmw-x5-30sd-xdrive-e70-210kw-a6-aj-na-splatky-protiucet_22_small.webp"},{"id":135492,"max":"https:\/\/cdn.assetlog.ai\/assets\/167693\/bmw-x5-30sd-xdrive-e70-210kw-a6-aj-na-splatky-protiucet_23_max.webp","medium":"https:\/\/cdn.assetlog.ai\/assets\/167693\/bmw-x5-30sd-xdrive-e70-210kw-a6-aj-na-splatky-protiucet_23_medium.webp","small":"https:\/\/cdn.assetlog.ai\/assets\/167693\/bmw-x5-30sd-xdrive-e70-210kw-a6-aj-na-splatky-protiucet_23_small.webp"},{"id":135493,"max":"https:\/\/cdn.assetlog.ai\/assets\/167693\/bmw-x5-30sd-xdrive-e70-210kw-a6-aj-na-splatky-protiucet_24_max.webp","medium":"https:\/\/cdn.assetlog.ai\/assets\/167693\/bmw-x5-30sd-xdrive-e70-210kw-a6-aj-na-splatky-protiucet_24_medium.webp","small":"https:\/\/cdn.assetlog.ai\/assets\/167693\/bmw-x5-30sd-xdrive-e70-210kw-a6-aj-na-splatky-protiucet_24_small.webp"},{"id":135494,"max":"https:\/\/cdn.assetlog.ai\/assets\/167693\/bmw-x5-30sd-xdrive-e70-210kw-a6-aj-na-splatky-protiucet_25_max.webp","medium":"https:\/\/cdn.assetlog.ai\/assets\/167693\/bmw-x5-30sd-xdrive-e70-210kw-a6-aj-na-splatky-protiucet_25_medium.webp","small":"https:\/\/cdn.assetlog.ai\/assets\/167693\/bmw-x5-30sd-xdrive-e70-210kw-a6-aj-na-splatky-protiucet_25_small.webp"},{"id":135495,"max":"https:\/\/cdn.assetlog.ai\/assets\/167693\/bmw-x5-30sd-xdrive-e70-210kw-a6-aj-na-splatky-protiucet_26_max.webp","medium":"https:\/\/cdn.assetlog.ai\/assets\/167693\/bmw-x5-30sd-xdrive-e70-210kw-a6-aj-na-splatky-protiucet_26_medium.webp","small":"https:\/\/cdn.assetlog.ai\/assets\/167693\/bmw-x5-30sd-xdrive-e70-210kw-a6-aj-na-splatky-protiucet_26_small.webp"},{"id":135496,"max":"https:\/\/cdn.assetlog.ai\/assets\/167693\/bmw-x5-30sd-xdrive-e70-210kw-a6-aj-na-splatky-protiucet_27_max.webp","medium":"https:\/\/cdn.assetlog.ai\/assets\/167693\/bmw-x5-30sd-xdrive-e70-210kw-a6-aj-na-splatky-protiucet_27_medium.webp","small":"https:\/\/cdn.assetlog.ai\/assets\/167693\/bmw-x5-30sd-xdrive-e70-210kw-a6-aj-na-splatky-protiucet_27_small.webp"},{"id":135497,"max":"https:\/\/cdn.assetlog.ai\/assets\/167693\/bmw-x5-30sd-xdrive-e70-210kw-a6-aj-na-splatky-protiucet_28_max.webp","medium":"https:\/\/cdn.assetlog.ai\/assets\/167693\/bmw-x5-30sd-xdrive-e70-210kw-a6-aj-na-splatky-protiucet_28_medium.webp","small":"https:\/\/cdn.assetlog.ai\/assets\/167693\/bmw-x5-30sd-xdrive-e70-210kw-a6-aj-na-splatky-protiucet_28_small.webp"},{"id":135498,"max":"https:\/\/cdn.assetlog.ai\/assets\/167693\/bmw-x5-30sd-xdrive-e70-210kw-a6-aj-na-splatky-protiucet_29_max.webp","medium":"https:\/\/cdn.assetlog.ai\/assets\/167693\/bmw-x5-30sd-xdrive-e70-210kw-a6-aj-na-splatky-protiucet_29_medium.webp","small":"https:\/\/cdn.assetlog.ai\/assets\/167693\/bmw-x5-30sd-xdrive-e70-210kw-a6-aj-na-splatky-protiucet_29_small.webp"},{"id":135499,"max":"https:\/\/cdn.assetlog.ai\/assets\/167693\/bmw-x5-30sd-xdrive-e70-210kw-a6-aj-na-splatky-protiucet_30_max.webp","medium":"https:\/\/cdn.assetlog.ai\/assets\/167693\/bmw-x5-30sd-xdrive-e70-210kw-a6-aj-na-splatky-protiucet_30_medium.webp","small":"https:\/\/cdn.assetlog.ai\/assets\/167693\/bmw-x5-30sd-xdrive-e70-210kw-a6-aj-na-splatky-protiucet_30_small.webp"}],"published_at":null,"expires_at":null,"created_at":"2026-08-22T03:40:43+00:00","updated_at":"2026-09-01T03:40:33+00:00"}}