{"data":{"id":118883,"slug":"bmw-x5-m60i-xdrive-390kw-vyfukovy-system-dahler-aj-na-splatky-protiucet","type":"vehicle","title":"BMW X5 M60i xDrive 390kw D\u00e4hler exhaust system ON INSTALLMENTS \/ TRADE-IN","description":"Commission sale - you are buying the vehicle directly from the owner.\n\nVehicle in beautiful preserved condition, serviced at an authorized dealer, factory warranty 9\/2028\/100,000 miles, prepaid Repair Inclusive service package free until 9\/2026.\n\nThe car is equipped with a high-end D\u00e4hler sports exhaust system, which significantly improves the sound and overall character of the engine. A high-quality exhaust from a renowned Swiss manufacturer. The exhaust system provides a deeper, sportier and more pronounced sound without unpleasant droning during normal driving. The system is equipped with controllable flaps that can be opened and closed via remote control, allowing the driver to easily switch between quieter comfort mode and full sports engine sound. A luxury and exceptionally powerful SUV that combines sporty character with maximum comfort. The interior offers premium materials, a modern curved BMW display, state-of-the-art infotainment and a range of assistance systems for safe and comfortable driving.\n\nThe vehicle has undergone inspection of insurance records, execution checks, paint thickness measurement and document verification. Also checked in the vehicle operating records registry.\n\nWe offer favorable financing in monthly installments, so you can enjoy your new car right away and without waiting with 0% down payment and installments up to 96 months.\n\nIf you already own a car, you don't have to worry about selling it - we'll take it directly from you in return. Just come to us with it, we'll evaluate it and deduct the costs from the value of your new car. This way you'll save time, hassle and money and the whole process will be quick and easy - you'll drive off in your new car without unnecessary paperwork.\n\nVEHICLE IS LOCATED IN BRATISLAVA. More information about the vehicle will be provided during inspection or by phone at 0911 898 409. License plate: OXOOOOX.\n\nTechnical data\n\nReg. date: 10\/23, 4395cm\u00b3, 390kW (530PS), Vehicle generation: , Drive: 4\u00d74, Automatic transmission (8-speed), Petrol, EURO, 5-door, (5-seater), 61,191km, Green metallic, VIN WBA31EU0609T09515\n\nVehicle consumption (l\/100km)\n\nCity: , outside city: , combined:\n\nPossible leasing, Possible VAT deduction, Possible loan, Under warranty, TOP condition, Originality check, Complete service history","language":"cs","is_translated":true,"title_original":"BMW X5 M60i xDrive 390kw  v\u00fdfukov\u00fd syst\u00e9m d\u00c4HLer AJ NA SPL\u00c1TKY \/ PROTI\u00da\u010cET","description_original":"Komisn\u00ed prodej - vozidlo kupujete p\u0159\u00edmo od majitele.\n\nVozidlo v kr\u00e1sn\u00e9m zachoval\u00e9m stavu, servisov\u00e1no u autorizovan\u00e9ho prodejce, tov\u00e1rn\u00ed z\u00e1ruka 9\/2028\/100 000 mil, p\u0159edplacen\u00fd servisn\u00ed bal\u00ed\u010dek Repair Incluzive zdarma do 9\/2026.\n\nV\u016fz je vybaven \u0161pi\u010dkov\u00fdm sportovn\u00edm v\u00fdfukov\u00fdm syst\u00e9mem d\u00c4HLer, kter\u00fd v\u00fdrazn\u011b zlep\u0161uje zvuk i celkov\u00fd charakter motoru. Vysoce kvalitn\u00ed v\u00fdfuk od renomovan\u00e9ho \u0161v\u00fdcarsk\u00e9ho v\u00fdrobce. v\u00fdfukov\u00fd syst\u00e9m poskytuje hlub\u0161\u00ed, sportovn\u011bj\u0161\u00ed a v\u00fdrazn\u011bj\u0161\u00ed zvuk bez nep\u0159\u00edjemn\u00e9ho dun\u011bn\u00ed p\u0159i b\u011b\u017en\u00e9 j\u00edzd\u011b. Syst\u00e9m je vybaven ovladateln\u00fdmi klapkami, kter\u00e9 lze otev\u00edrat a zav\u00edrat pomoc\u00ed d\u00e1lkov\u00e9ho ovl\u00e1d\u00e1n\u00ed, co\u017e \u0159idi\u010di umo\u017e\u0148uje snadno volit mezi ti\u0161\u0161\u00edm komfortn\u00edm re\u017eimem a pln\u00fdm sportovn\u00edm zvukem motoru. Luxusn\u00ed a mimo\u0159\u00e1dn\u011b v\u00fdkonn\u00e9 SUV, kter\u00e9 kombinuje sportovn\u00ed charakter s maxim\u00e1ln\u00edm komfortem. Interi\u00e9r nab\u00edz\u00ed pr\u00e9miov\u00e9 materi\u00e1ly, modern\u00ed zak\u0159iven\u00fd displej BMW, nejmodern\u011bj\u0161\u00ed infotainment a \u0159adu asisten\u010dn\u00edch syst\u00e9m\u016f pro bezpe\u010dnou a pohodlnou j\u00edzdu.\n\nVozidlo pro\u0161lo kontrolou z\u00e1znam\u016f o poji\u0161t\u011bn\u00ed, exekuc\u00ed, m\u011b\u0159en\u00edm laku a kontrolou doklad\u016f. Rovn\u011b\u017e prov\u011b\u0159eno v registru provozn\u00edch z\u00e1znam\u016f vozidla.\n\nNab\u00edz\u00edme v\u00fdhodn\u00e9 financov\u00e1n\u00ed na m\u011bs\u00ed\u010dn\u00ed spl\u00e1tky, tak\u017ee si sv\u016fj nov\u00fd v\u016fz m\u016f\u017eete u\u017e\u00edvat hned a bez \u010dek\u00e1n\u00ed s akontac\u00ed 0 % a spl\u00e1tkami a\u017e na 96 m\u011bs\u00edc\u016f.\n\nPokud ji\u017e v\u016fz vlastn\u00edte, nemus\u00edte se zab\u00fdvat jeho prodejem - na opl\u00e1tku si ho od v\u00e1s p\u0159\u00edmo vezmeme. Sta\u010d\u00ed, kdy\u017e k n\u00e1m s n\u00edm p\u0159ijdete, my ho ocen\u00edme a n\u00e1klady ode\u010dteme od hodnoty va\u0161eho nov\u00e9ho vozu. U\u0161et\u0159\u00edte tak \u010das, starosti i pen\u00edze a cel\u00fd proces bude rychl\u00fd a snadn\u00fd - odjedete rovnou ve sv\u00e9m nov\u00e9m voze bez zbyte\u010dn\u00e9ho pap\u00edrov\u00e1n\u00ed.\n\nVOZIDLO SE NACH\u00c1Z\u00cd V BRATISLAVE. Viac inform\u00e1ci\u00ed o vozidle V\u00e1m poskytneme pri obhliadke alebo na telefonn\u00edm \u010d\u00edsle 0911 898 409. E\u010cV: OXOOOOX.\n\nTechnick\u00e9 \u00fadaje\n\nv.v.: 10\/23, 4395cm\u00b3, 390kW (530PS), Generace vozidla: , Pohon: 4\u00d74, Automatick\u00e1 p\u0159evodovka (8 st.), Benz\u00edn, EURO , 5 dv., (5-m\u00edstn\u00fd), 61 191km, Zelen\u00e1 metal\u00edza, VIN WBA31EU0609T09515\n\nSpot\u0159eba vozidla (l\/100km)\n\nVe m\u011bst\u011b: , mimo m\u011bsto: , kombinovan\u00e1:\n\nMo\u017en\u00fd leasing, Mo\u017en\u00fd odpo\u010det DPH, Mo\u017en\u00fd \u00fav\u011br, V z\u00e1ruce, TOP stav, Kontrola originality, \u00dapln\u00e1 servisn\u00ed historie","price":"2303750.00","currency":"CZK","status":"active","noindex":true,"location":{"address":null,"full_address":null,"city":"Bratislava","country":"SK","latitude":48.1516988,"longitude":17.1093063},"metadata":{"vin":"WBA31EU0609T09515","fuel":"petrol","year":2023,"brand":"BMW","color":"Green","doors":5,"drive":"AWD \/ 4x4","model":"X5","seats":5,"region":"Bratislavsk\u00fd kraj","mileage":61191,"emisions":"Euro 6","features":["Alarm","ABS","ESP","Protiprokluzov\u00fd syst\u00e9m kol (TC, ASR)","DSC\/DTC","Brzdov\u00fd asistent (EBA, BAS)","ISOFIX na zadn\u00edch sedadlech","Deaktivace airbagu spolujezdce","Nat\u00e1\u010dec\u00ed sv\u011btlomety","Senzor tlaku","Syst\u00e9m rozpozn\u00e1v\u00e1n\u00ed dopravn\u00edch zna\u010dek","Varov\u00e1n\u00ed o vzd\u00e1lenosti (BAS Plus)","Sledov\u00e1n\u00ed \u00fanavy \u0159idi\u010de","T\u00eds\u0148ov\u00e9 vol\u00e1n\u00ed","Upozorn\u011bn\u00ed na p\u0159ij\u00ed\u017ed\u011bj\u00edc\u00ed vozidla p\u0159i couv\u00e1n\u00ed (RCTA)","360\u00b0 monitorovac\u00ed syst\u00e9m (AVM)","Asistent d\u00e1lkov\u00fdch sv\u011btel (HBA)","Centr\u00e1ln\u00ed zamyk\u00e1n\u00ed","Zadn\u00ed el. stahovateln\u00e1 okna","El. nastaviteln\u00e1 p\u0159edn\u00ed sedadla","Elektricky nastaviteln\u00e1 zp\u011btn\u00e1 zrc\u00e1tka","Centr\u00e1ln\u00ed zamyk\u00e1n\u00ed na d\u00e1lkov\u00e9 ovl\u00e1d\u00e1n\u00ed","Automatick\u00e1 4-z\u00f3nov\u00e1 klimatizace","Autor\u00e1dio","Multifunk\u010dn\u00ed volant","Loketn\u00ed op\u011brka vp\u0159edu","Head-up display","Start\/Stop syst\u00e9m","Klimatizovan\u00e1 p\u0159ihr\u00e1dka","Apple Car Play","Android Auto","Welcome light","Digit\u00e1ln\u00ed p\u0159\u00edstrojov\u00e1 deska","P\u00e1dla pod volantem","Bezdr\u00e1tov\u00e1 nab\u00edje\u010dka mobiln\u00edch telefon\u016f","Atermick\u00e9 \u010deln\u00ed sklo","Lit\u00e1 kola","Imobiliz\u00e9r","Palubn\u00ed po\u010d\u00edta\u010d","Navigace","Automatick\u00e9 parkov\u00e1n\u00ed","St\u0159e\u0161n\u00ed okno","St\u0159e\u0161n\u00ed nosi\u010d","Ta\u017en\u00e9 za\u0159\u00edzen\u00ed","Tempomat","Ko\u017een\u00fd interi\u00e9r","Vyh\u0159\u00edvan\u00e1 sedadla","Elektricky vyh\u0159\u00edvan\u00e1 zp\u011btn\u00e1 zrc\u00e1tka","F\u00f3lie","Senzor st\u011bra\u010d\u016f","Sv\u011bteln\u00fd senzor","Elektrick\u00e9 st\u0159e\u0161n\u00ed okno","Parkovac\u00ed kamera","P\u0159edn\u00ed a zadn\u00ed parkovac\u00ed senzory","Adaptivn\u00ed tempomat","Elektrick\u00e9 dov\u00edr\u00e1n\u00ed v\u0161ech dve\u0159\u00ed","Bezkl\u00ed\u010dov\u00fd vstup","El. ovl\u00e1dan\u00fd kufr","Elektrick\u00e9 dov\u00edr\u00e1n\u00ed zavazadlov\u00e9ho prostoru","Mas\u00e1\u017en\u00ed sedadlo \u0159idi\u010de","Ventilovan\u00e1 p\u0159edn\u00ed sedadla","Panoramatick\u00e1 st\u0159echa","Bluetooth","Vyh\u0159\u00edvan\u00fd volant","Denn\u00ed sv\u00edcen\u00ed","LED sv\u011btlomety","Pam\u011b\u0165 nastaven\u00ed sedadla \u0159idi\u010de","Wifi hotspot","Ambientn\u00ed LED osv\u011btlen\u00ed interi\u00e9ru","Mo\u017en\u00fd leasing","Mo\u017en\u00fd odpo\u010det DPH","Mo\u017en\u00fd \u00faver","v z\u00e1ruke","TOP stav!","Kontrola originality","\u00dapln\u00e1 servisn\u00e1 hist\u00f3ria","Adaptivn\u00ed podvozek","ko\u017een\u00fd paket","Odo-pass","asistent udr\u017eov\u00e1n\u00ed j\u00edzdn\u00edho pruhu","asistent rozjezdu do kopce","Sledov\u00e1n\u00ed mrtv\u00e9ho \u00fahlu","audiosyst\u00e9m Bowers &amp","Wilkins","ovl\u00e1d\u00e1n\u00ed gesty","akustick\u00e1 skla","panoramatick\u00e1 st\u0159echa Sky Lounge s integrovan\u00fdm LED osv\u011btlen\u00edm","dvouvrstv\u00fd metalick\u00fd lak \u2013 BMW Individual Lackerung","adaptivn\u00ed podvozek M","asistent d\u00e1lkov\u00fdch sv\u011btel","parkovac\u00ed asistent","asistent bd\u011blosti","Bedern\u00ed op\u011brka pro \u0159idi\u010de a spolujezdce","Dynamick\u00e1 brzdov\u00e1 sv\u011btla","N\u00e1razov\u00fd senzor","S\u00ed\u0165ka odd\u011bluj\u00edc\u00ed zavazadlov\u00fd prostor","T\u00f3novan\u00e1 skla vzadu","Vyh\u0159\u00edvan\u00e9 trysky ost\u0159ikova\u010d\u016f","Sportovn\u00ed p\u0159edn\u00ed sedadla","M sportovn\u00ed paket Pro","Nez\u00e1visl\u00e1 ventilace"],"power_kw":390,"body_type":"SUV","condition":"Used","transmission":"automatic","vat_deductible":true,"consumption_city":null,"translation_hash":"e3e57a42d84245adb2be8d5d3f5adf1ac1f12bd0","vehicle_category":"car","engine_volume_cm3":4395,"first_registration":"2023-10-01","translation_status":"done","consumption_highway":null,"consumption_combined":null},"user_id":45,"is_sponsored":false,"views_count":18,"ai_views_count":9,"ai_vendor_counts":{"other":1,"openai":4,"anthropic":3,"microsoft":1},"visibility":"public","submission_source":null,"submission_ai_name":null,"has_owner_email":true,"can_contact_owner":true,"phone":"+421 911 898 409","owner_email":"pulc@autorro.sk","user":{"id":45,"slug":"milan-pulc-45","name":"Milan Pulc","bio":"Prodejce. P\u016fsob\u00edm v okresech Bratislava a Senec.\n\nP\u016fsobnost: Bratislava, Senec","nationality":"SK","languages":["cs","sk"],"service_areas":[],"card_style":null,"card_palette":null,"avatar_url":"https:\/\/cdn.assetlog.ai\/avatars\/45\/avatar_max.webp?v=1786535213","avatar_thumb_url":"https:\/\/cdn.assetlog.ai\/avatars\/45\/avatar_small.webp?v=1786535213","reviews_count":0,"avg_rating":null,"seller_badge":"silver","can_calendar":true},"images":[{"id":97523,"max":"https:\/\/cdn.assetlog.ai\/assets\/118883\/bmw-x5-m60i-xdrive-390kw-vyfukovy-system-dahler-aj-na-splatky-protiucet_1_max.webp","medium":"https:\/\/cdn.assetlog.ai\/assets\/118883\/bmw-x5-m60i-xdrive-390kw-vyfukovy-system-dahler-aj-na-splatky-protiucet_1_medium.webp","small":"https:\/\/cdn.assetlog.ai\/assets\/118883\/bmw-x5-m60i-xdrive-390kw-vyfukovy-system-dahler-aj-na-splatky-protiucet_1_small.webp"},{"id":97524,"max":"https:\/\/cdn.assetlog.ai\/assets\/118883\/bmw-x5-m60i-xdrive-390kw-vyfukovy-system-dahler-aj-na-splatky-protiucet_2_max.webp","medium":"https:\/\/cdn.assetlog.ai\/assets\/118883\/bmw-x5-m60i-xdrive-390kw-vyfukovy-system-dahler-aj-na-splatky-protiucet_2_medium.webp","small":"https:\/\/cdn.assetlog.ai\/assets\/118883\/bmw-x5-m60i-xdrive-390kw-vyfukovy-system-dahler-aj-na-splatky-protiucet_2_small.webp"},{"id":97525,"max":"https:\/\/cdn.assetlog.ai\/assets\/118883\/bmw-x5-m60i-xdrive-390kw-vyfukovy-system-dahler-aj-na-splatky-protiucet_3_max.webp","medium":"https:\/\/cdn.assetlog.ai\/assets\/118883\/bmw-x5-m60i-xdrive-390kw-vyfukovy-system-dahler-aj-na-splatky-protiucet_3_medium.webp","small":"https:\/\/cdn.assetlog.ai\/assets\/118883\/bmw-x5-m60i-xdrive-390kw-vyfukovy-system-dahler-aj-na-splatky-protiucet_3_small.webp"},{"id":97526,"max":"https:\/\/cdn.assetlog.ai\/assets\/118883\/bmw-x5-m60i-xdrive-390kw-vyfukovy-system-dahler-aj-na-splatky-protiucet_4_max.webp","medium":"https:\/\/cdn.assetlog.ai\/assets\/118883\/bmw-x5-m60i-xdrive-390kw-vyfukovy-system-dahler-aj-na-splatky-protiucet_4_medium.webp","small":"https:\/\/cdn.assetlog.ai\/assets\/118883\/bmw-x5-m60i-xdrive-390kw-vyfukovy-system-dahler-aj-na-splatky-protiucet_4_small.webp"},{"id":97527,"max":"https:\/\/cdn.assetlog.ai\/assets\/118883\/bmw-x5-m60i-xdrive-390kw-vyfukovy-system-dahler-aj-na-splatky-protiucet_5_max.webp","medium":"https:\/\/cdn.assetlog.ai\/assets\/118883\/bmw-x5-m60i-xdrive-390kw-vyfukovy-system-dahler-aj-na-splatky-protiucet_5_medium.webp","small":"https:\/\/cdn.assetlog.ai\/assets\/118883\/bmw-x5-m60i-xdrive-390kw-vyfukovy-system-dahler-aj-na-splatky-protiucet_5_small.webp"},{"id":97528,"max":"https:\/\/cdn.assetlog.ai\/assets\/118883\/bmw-x5-m60i-xdrive-390kw-vyfukovy-system-dahler-aj-na-splatky-protiucet_6_max.webp","medium":"https:\/\/cdn.assetlog.ai\/assets\/118883\/bmw-x5-m60i-xdrive-390kw-vyfukovy-system-dahler-aj-na-splatky-protiucet_6_medium.webp","small":"https:\/\/cdn.assetlog.ai\/assets\/118883\/bmw-x5-m60i-xdrive-390kw-vyfukovy-system-dahler-aj-na-splatky-protiucet_6_small.webp"},{"id":97529,"max":"https:\/\/cdn.assetlog.ai\/assets\/118883\/bmw-x5-m60i-xdrive-390kw-vyfukovy-system-dahler-aj-na-splatky-protiucet_7_max.webp","medium":"https:\/\/cdn.assetlog.ai\/assets\/118883\/bmw-x5-m60i-xdrive-390kw-vyfukovy-system-dahler-aj-na-splatky-protiucet_7_medium.webp","small":"https:\/\/cdn.assetlog.ai\/assets\/118883\/bmw-x5-m60i-xdrive-390kw-vyfukovy-system-dahler-aj-na-splatky-protiucet_7_small.webp"},{"id":97530,"max":"https:\/\/cdn.assetlog.ai\/assets\/118883\/bmw-x5-m60i-xdrive-390kw-vyfukovy-system-dahler-aj-na-splatky-protiucet_8_max.webp","medium":"https:\/\/cdn.assetlog.ai\/assets\/118883\/bmw-x5-m60i-xdrive-390kw-vyfukovy-system-dahler-aj-na-splatky-protiucet_8_medium.webp","small":"https:\/\/cdn.assetlog.ai\/assets\/118883\/bmw-x5-m60i-xdrive-390kw-vyfukovy-system-dahler-aj-na-splatky-protiucet_8_small.webp"},{"id":97531,"max":"https:\/\/cdn.assetlog.ai\/assets\/118883\/bmw-x5-m60i-xdrive-390kw-vyfukovy-system-dahler-aj-na-splatky-protiucet_9_max.webp","medium":"https:\/\/cdn.assetlog.ai\/assets\/118883\/bmw-x5-m60i-xdrive-390kw-vyfukovy-system-dahler-aj-na-splatky-protiucet_9_medium.webp","small":"https:\/\/cdn.assetlog.ai\/assets\/118883\/bmw-x5-m60i-xdrive-390kw-vyfukovy-system-dahler-aj-na-splatky-protiucet_9_small.webp"},{"id":97532,"max":"https:\/\/cdn.assetlog.ai\/assets\/118883\/bmw-x5-m60i-xdrive-390kw-vyfukovy-system-dahler-aj-na-splatky-protiucet_10_max.webp","medium":"https:\/\/cdn.assetlog.ai\/assets\/118883\/bmw-x5-m60i-xdrive-390kw-vyfukovy-system-dahler-aj-na-splatky-protiucet_10_medium.webp","small":"https:\/\/cdn.assetlog.ai\/assets\/118883\/bmw-x5-m60i-xdrive-390kw-vyfukovy-system-dahler-aj-na-splatky-protiucet_10_small.webp"},{"id":97533,"max":"https:\/\/cdn.assetlog.ai\/assets\/118883\/bmw-x5-m60i-xdrive-390kw-vyfukovy-system-dahler-aj-na-splatky-protiucet_11_max.webp","medium":"https:\/\/cdn.assetlog.ai\/assets\/118883\/bmw-x5-m60i-xdrive-390kw-vyfukovy-system-dahler-aj-na-splatky-protiucet_11_medium.webp","small":"https:\/\/cdn.assetlog.ai\/assets\/118883\/bmw-x5-m60i-xdrive-390kw-vyfukovy-system-dahler-aj-na-splatky-protiucet_11_small.webp"},{"id":97534,"max":"https:\/\/cdn.assetlog.ai\/assets\/118883\/bmw-x5-m60i-xdrive-390kw-vyfukovy-system-dahler-aj-na-splatky-protiucet_12_max.webp","medium":"https:\/\/cdn.assetlog.ai\/assets\/118883\/bmw-x5-m60i-xdrive-390kw-vyfukovy-system-dahler-aj-na-splatky-protiucet_12_medium.webp","small":"https:\/\/cdn.assetlog.ai\/assets\/118883\/bmw-x5-m60i-xdrive-390kw-vyfukovy-system-dahler-aj-na-splatky-protiucet_12_small.webp"},{"id":97535,"max":"https:\/\/cdn.assetlog.ai\/assets\/118883\/bmw-x5-m60i-xdrive-390kw-vyfukovy-system-dahler-aj-na-splatky-protiucet_13_max.webp","medium":"https:\/\/cdn.assetlog.ai\/assets\/118883\/bmw-x5-m60i-xdrive-390kw-vyfukovy-system-dahler-aj-na-splatky-protiucet_13_medium.webp","small":"https:\/\/cdn.assetlog.ai\/assets\/118883\/bmw-x5-m60i-xdrive-390kw-vyfukovy-system-dahler-aj-na-splatky-protiucet_13_small.webp"},{"id":97536,"max":"https:\/\/cdn.assetlog.ai\/assets\/118883\/bmw-x5-m60i-xdrive-390kw-vyfukovy-system-dahler-aj-na-splatky-protiucet_14_max.webp","medium":"https:\/\/cdn.assetlog.ai\/assets\/118883\/bmw-x5-m60i-xdrive-390kw-vyfukovy-system-dahler-aj-na-splatky-protiucet_14_medium.webp","small":"https:\/\/cdn.assetlog.ai\/assets\/118883\/bmw-x5-m60i-xdrive-390kw-vyfukovy-system-dahler-aj-na-splatky-protiucet_14_small.webp"},{"id":97537,"max":"https:\/\/cdn.assetlog.ai\/assets\/118883\/bmw-x5-m60i-xdrive-390kw-vyfukovy-system-dahler-aj-na-splatky-protiucet_15_max.webp","medium":"https:\/\/cdn.assetlog.ai\/assets\/118883\/bmw-x5-m60i-xdrive-390kw-vyfukovy-system-dahler-aj-na-splatky-protiucet_15_medium.webp","small":"https:\/\/cdn.assetlog.ai\/assets\/118883\/bmw-x5-m60i-xdrive-390kw-vyfukovy-system-dahler-aj-na-splatky-protiucet_15_small.webp"},{"id":97538,"max":"https:\/\/cdn.assetlog.ai\/assets\/118883\/bmw-x5-m60i-xdrive-390kw-vyfukovy-system-dahler-aj-na-splatky-protiucet_16_max.webp","medium":"https:\/\/cdn.assetlog.ai\/assets\/118883\/bmw-x5-m60i-xdrive-390kw-vyfukovy-system-dahler-aj-na-splatky-protiucet_16_medium.webp","small":"https:\/\/cdn.assetlog.ai\/assets\/118883\/bmw-x5-m60i-xdrive-390kw-vyfukovy-system-dahler-aj-na-splatky-protiucet_16_small.webp"},{"id":97539,"max":"https:\/\/cdn.assetlog.ai\/assets\/118883\/bmw-x5-m60i-xdrive-390kw-vyfukovy-system-dahler-aj-na-splatky-protiucet_17_max.webp","medium":"https:\/\/cdn.assetlog.ai\/assets\/118883\/bmw-x5-m60i-xdrive-390kw-vyfukovy-system-dahler-aj-na-splatky-protiucet_17_medium.webp","small":"https:\/\/cdn.assetlog.ai\/assets\/118883\/bmw-x5-m60i-xdrive-390kw-vyfukovy-system-dahler-aj-na-splatky-protiucet_17_small.webp"},{"id":97540,"max":"https:\/\/cdn.assetlog.ai\/assets\/118883\/bmw-x5-m60i-xdrive-390kw-vyfukovy-system-dahler-aj-na-splatky-protiucet_18_max.webp","medium":"https:\/\/cdn.assetlog.ai\/assets\/118883\/bmw-x5-m60i-xdrive-390kw-vyfukovy-system-dahler-aj-na-splatky-protiucet_18_medium.webp","small":"https:\/\/cdn.assetlog.ai\/assets\/118883\/bmw-x5-m60i-xdrive-390kw-vyfukovy-system-dahler-aj-na-splatky-protiucet_18_small.webp"},{"id":97541,"max":"https:\/\/cdn.assetlog.ai\/assets\/118883\/bmw-x5-m60i-xdrive-390kw-vyfukovy-system-dahler-aj-na-splatky-protiucet_19_max.webp","medium":"https:\/\/cdn.assetlog.ai\/assets\/118883\/bmw-x5-m60i-xdrive-390kw-vyfukovy-system-dahler-aj-na-splatky-protiucet_19_medium.webp","small":"https:\/\/cdn.assetlog.ai\/assets\/118883\/bmw-x5-m60i-xdrive-390kw-vyfukovy-system-dahler-aj-na-splatky-protiucet_19_small.webp"},{"id":97542,"max":"https:\/\/cdn.assetlog.ai\/assets\/118883\/bmw-x5-m60i-xdrive-390kw-vyfukovy-system-dahler-aj-na-splatky-protiucet_20_max.webp","medium":"https:\/\/cdn.assetlog.ai\/assets\/118883\/bmw-x5-m60i-xdrive-390kw-vyfukovy-system-dahler-aj-na-splatky-protiucet_20_medium.webp","small":"https:\/\/cdn.assetlog.ai\/assets\/118883\/bmw-x5-m60i-xdrive-390kw-vyfukovy-system-dahler-aj-na-splatky-protiucet_20_small.webp"},{"id":97543,"max":"https:\/\/cdn.assetlog.ai\/assets\/118883\/bmw-x5-m60i-xdrive-390kw-vyfukovy-system-dahler-aj-na-splatky-protiucet_21_max.webp","medium":"https:\/\/cdn.assetlog.ai\/assets\/118883\/bmw-x5-m60i-xdrive-390kw-vyfukovy-system-dahler-aj-na-splatky-protiucet_21_medium.webp","small":"https:\/\/cdn.assetlog.ai\/assets\/118883\/bmw-x5-m60i-xdrive-390kw-vyfukovy-system-dahler-aj-na-splatky-protiucet_21_small.webp"},{"id":97544,"max":"https:\/\/cdn.assetlog.ai\/assets\/118883\/bmw-x5-m60i-xdrive-390kw-vyfukovy-system-dahler-aj-na-splatky-protiucet_22_max.webp","medium":"https:\/\/cdn.assetlog.ai\/assets\/118883\/bmw-x5-m60i-xdrive-390kw-vyfukovy-system-dahler-aj-na-splatky-protiucet_22_medium.webp","small":"https:\/\/cdn.assetlog.ai\/assets\/118883\/bmw-x5-m60i-xdrive-390kw-vyfukovy-system-dahler-aj-na-splatky-protiucet_22_small.webp"},{"id":97545,"max":"https:\/\/cdn.assetlog.ai\/assets\/118883\/bmw-x5-m60i-xdrive-390kw-vyfukovy-system-dahler-aj-na-splatky-protiucet_23_max.webp","medium":"https:\/\/cdn.assetlog.ai\/assets\/118883\/bmw-x5-m60i-xdrive-390kw-vyfukovy-system-dahler-aj-na-splatky-protiucet_23_medium.webp","small":"https:\/\/cdn.assetlog.ai\/assets\/118883\/bmw-x5-m60i-xdrive-390kw-vyfukovy-system-dahler-aj-na-splatky-protiucet_23_small.webp"},{"id":97546,"max":"https:\/\/cdn.assetlog.ai\/assets\/118883\/bmw-x5-m60i-xdrive-390kw-vyfukovy-system-dahler-aj-na-splatky-protiucet_24_max.webp","medium":"https:\/\/cdn.assetlog.ai\/assets\/118883\/bmw-x5-m60i-xdrive-390kw-vyfukovy-system-dahler-aj-na-splatky-protiucet_24_medium.webp","small":"https:\/\/cdn.assetlog.ai\/assets\/118883\/bmw-x5-m60i-xdrive-390kw-vyfukovy-system-dahler-aj-na-splatky-protiucet_24_small.webp"},{"id":97547,"max":"https:\/\/cdn.assetlog.ai\/assets\/118883\/bmw-x5-m60i-xdrive-390kw-vyfukovy-system-dahler-aj-na-splatky-protiucet_25_max.webp","medium":"https:\/\/cdn.assetlog.ai\/assets\/118883\/bmw-x5-m60i-xdrive-390kw-vyfukovy-system-dahler-aj-na-splatky-protiucet_25_medium.webp","small":"https:\/\/cdn.assetlog.ai\/assets\/118883\/bmw-x5-m60i-xdrive-390kw-vyfukovy-system-dahler-aj-na-splatky-protiucet_25_small.webp"},{"id":97548,"max":"https:\/\/cdn.assetlog.ai\/assets\/118883\/bmw-x5-m60i-xdrive-390kw-vyfukovy-system-dahler-aj-na-splatky-protiucet_26_max.webp","medium":"https:\/\/cdn.assetlog.ai\/assets\/118883\/bmw-x5-m60i-xdrive-390kw-vyfukovy-system-dahler-aj-na-splatky-protiucet_26_medium.webp","small":"https:\/\/cdn.assetlog.ai\/assets\/118883\/bmw-x5-m60i-xdrive-390kw-vyfukovy-system-dahler-aj-na-splatky-protiucet_26_small.webp"},{"id":97549,"max":"https:\/\/cdn.assetlog.ai\/assets\/118883\/bmw-x5-m60i-xdrive-390kw-vyfukovy-system-dahler-aj-na-splatky-protiucet_27_max.webp","medium":"https:\/\/cdn.assetlog.ai\/assets\/118883\/bmw-x5-m60i-xdrive-390kw-vyfukovy-system-dahler-aj-na-splatky-protiucet_27_medium.webp","small":"https:\/\/cdn.assetlog.ai\/assets\/118883\/bmw-x5-m60i-xdrive-390kw-vyfukovy-system-dahler-aj-na-splatky-protiucet_27_small.webp"},{"id":97550,"max":"https:\/\/cdn.assetlog.ai\/assets\/118883\/bmw-x5-m60i-xdrive-390kw-vyfukovy-system-dahler-aj-na-splatky-protiucet_28_max.webp","medium":"https:\/\/cdn.assetlog.ai\/assets\/118883\/bmw-x5-m60i-xdrive-390kw-vyfukovy-system-dahler-aj-na-splatky-protiucet_28_medium.webp","small":"https:\/\/cdn.assetlog.ai\/assets\/118883\/bmw-x5-m60i-xdrive-390kw-vyfukovy-system-dahler-aj-na-splatky-protiucet_28_small.webp"},{"id":97551,"max":"https:\/\/cdn.assetlog.ai\/assets\/118883\/bmw-x5-m60i-xdrive-390kw-vyfukovy-system-dahler-aj-na-splatky-protiucet_29_max.webp","medium":"https:\/\/cdn.assetlog.ai\/assets\/118883\/bmw-x5-m60i-xdrive-390kw-vyfukovy-system-dahler-aj-na-splatky-protiucet_29_medium.webp","small":"https:\/\/cdn.assetlog.ai\/assets\/118883\/bmw-x5-m60i-xdrive-390kw-vyfukovy-system-dahler-aj-na-splatky-protiucet_29_small.webp"},{"id":97552,"max":"https:\/\/cdn.assetlog.ai\/assets\/118883\/bmw-x5-m60i-xdrive-390kw-vyfukovy-system-dahler-aj-na-splatky-protiucet_30_max.webp","medium":"https:\/\/cdn.assetlog.ai\/assets\/118883\/bmw-x5-m60i-xdrive-390kw-vyfukovy-system-dahler-aj-na-splatky-protiucet_30_medium.webp","small":"https:\/\/cdn.assetlog.ai\/assets\/118883\/bmw-x5-m60i-xdrive-390kw-vyfukovy-system-dahler-aj-na-splatky-protiucet_30_small.webp"},{"id":97553,"max":"https:\/\/cdn.assetlog.ai\/assets\/118883\/bmw-x5-m60i-xdrive-390kw-vyfukovy-system-dahler-aj-na-splatky-protiucet_31_max.webp","medium":"https:\/\/cdn.assetlog.ai\/assets\/118883\/bmw-x5-m60i-xdrive-390kw-vyfukovy-system-dahler-aj-na-splatky-protiucet_31_medium.webp","small":"https:\/\/cdn.assetlog.ai\/assets\/118883\/bmw-x5-m60i-xdrive-390kw-vyfukovy-system-dahler-aj-na-splatky-protiucet_31_small.webp"},{"id":97554,"max":"https:\/\/cdn.assetlog.ai\/assets\/118883\/bmw-x5-m60i-xdrive-390kw-vyfukovy-system-dahler-aj-na-splatky-protiucet_32_max.webp","medium":"https:\/\/cdn.assetlog.ai\/assets\/118883\/bmw-x5-m60i-xdrive-390kw-vyfukovy-system-dahler-aj-na-splatky-protiucet_32_medium.webp","small":"https:\/\/cdn.assetlog.ai\/assets\/118883\/bmw-x5-m60i-xdrive-390kw-vyfukovy-system-dahler-aj-na-splatky-protiucet_32_small.webp"},{"id":97555,"max":"https:\/\/cdn.assetlog.ai\/assets\/118883\/bmw-x5-m60i-xdrive-390kw-vyfukovy-system-dahler-aj-na-splatky-protiucet_33_max.webp","medium":"https:\/\/cdn.assetlog.ai\/assets\/118883\/bmw-x5-m60i-xdrive-390kw-vyfukovy-system-dahler-aj-na-splatky-protiucet_33_medium.webp","small":"https:\/\/cdn.assetlog.ai\/assets\/118883\/bmw-x5-m60i-xdrive-390kw-vyfukovy-system-dahler-aj-na-splatky-protiucet_33_small.webp"},{"id":97556,"max":"https:\/\/cdn.assetlog.ai\/assets\/118883\/bmw-x5-m60i-xdrive-390kw-vyfukovy-system-dahler-aj-na-splatky-protiucet_34_max.webp","medium":"https:\/\/cdn.assetlog.ai\/assets\/118883\/bmw-x5-m60i-xdrive-390kw-vyfukovy-system-dahler-aj-na-splatky-protiucet_34_medium.webp","small":"https:\/\/cdn.assetlog.ai\/assets\/118883\/bmw-x5-m60i-xdrive-390kw-vyfukovy-system-dahler-aj-na-splatky-protiucet_34_small.webp"},{"id":97557,"max":"https:\/\/cdn.assetlog.ai\/assets\/118883\/bmw-x5-m60i-xdrive-390kw-vyfukovy-system-dahler-aj-na-splatky-protiucet_35_max.webp","medium":"https:\/\/cdn.assetlog.ai\/assets\/118883\/bmw-x5-m60i-xdrive-390kw-vyfukovy-system-dahler-aj-na-splatky-protiucet_35_medium.webp","small":"https:\/\/cdn.assetlog.ai\/assets\/118883\/bmw-x5-m60i-xdrive-390kw-vyfukovy-system-dahler-aj-na-splatky-protiucet_35_small.webp"},{"id":97558,"max":"https:\/\/cdn.assetlog.ai\/assets\/118883\/bmw-x5-m60i-xdrive-390kw-vyfukovy-system-dahler-aj-na-splatky-protiucet_36_max.webp","medium":"https:\/\/cdn.assetlog.ai\/assets\/118883\/bmw-x5-m60i-xdrive-390kw-vyfukovy-system-dahler-aj-na-splatky-protiucet_36_medium.webp","small":"https:\/\/cdn.assetlog.ai\/assets\/118883\/bmw-x5-m60i-xdrive-390kw-vyfukovy-system-dahler-aj-na-splatky-protiucet_36_small.webp"},{"id":97559,"max":"https:\/\/cdn.assetlog.ai\/assets\/118883\/bmw-x5-m60i-xdrive-390kw-vyfukovy-system-dahler-aj-na-splatky-protiucet_37_max.webp","medium":"https:\/\/cdn.assetlog.ai\/assets\/118883\/bmw-x5-m60i-xdrive-390kw-vyfukovy-system-dahler-aj-na-splatky-protiucet_37_medium.webp","small":"https:\/\/cdn.assetlog.ai\/assets\/118883\/bmw-x5-m60i-xdrive-390kw-vyfukovy-system-dahler-aj-na-splatky-protiucet_37_small.webp"},{"id":97560,"max":"https:\/\/cdn.assetlog.ai\/assets\/118883\/bmw-x5-m60i-xdrive-390kw-vyfukovy-system-dahler-aj-na-splatky-protiucet_38_max.webp","medium":"https:\/\/cdn.assetlog.ai\/assets\/118883\/bmw-x5-m60i-xdrive-390kw-vyfukovy-system-dahler-aj-na-splatky-protiucet_38_medium.webp","small":"https:\/\/cdn.assetlog.ai\/assets\/118883\/bmw-x5-m60i-xdrive-390kw-vyfukovy-system-dahler-aj-na-splatky-protiucet_38_small.webp"},{"id":97561,"max":"https:\/\/cdn.assetlog.ai\/assets\/118883\/bmw-x5-m60i-xdrive-390kw-vyfukovy-system-dahler-aj-na-splatky-protiucet_39_max.webp","medium":"https:\/\/cdn.assetlog.ai\/assets\/118883\/bmw-x5-m60i-xdrive-390kw-vyfukovy-system-dahler-aj-na-splatky-protiucet_39_medium.webp","small":"https:\/\/cdn.assetlog.ai\/assets\/118883\/bmw-x5-m60i-xdrive-390kw-vyfukovy-system-dahler-aj-na-splatky-protiucet_39_small.webp"},{"id":97562,"max":"https:\/\/cdn.assetlog.ai\/assets\/118883\/bmw-x5-m60i-xdrive-390kw-vyfukovy-system-dahler-aj-na-splatky-protiucet_40_max.webp","medium":"https:\/\/cdn.assetlog.ai\/assets\/118883\/bmw-x5-m60i-xdrive-390kw-vyfukovy-system-dahler-aj-na-splatky-protiucet_40_medium.webp","small":"https:\/\/cdn.assetlog.ai\/assets\/118883\/bmw-x5-m60i-xdrive-390kw-vyfukovy-system-dahler-aj-na-splatky-protiucet_40_small.webp"}],"published_at":null,"expires_at":null,"created_at":"2026-07-14T03:40:09+00:00","updated_at":"2026-09-01T03:41:59+00:00"}}