{"data":{"id":142630,"slug":"bmw-x5-xdrive-40d-2017-at8-230kw-aj-na-splatky-protiucet","type":"vehicle","title":"BMW X5 xDrive 40d 2017 AT\/8 230kW \/ AVAILABLE FOR INSTALLMENTS \/ TRADE-IN","description":"\u2714Service\nThe vehicle is regularly serviced. The last oil and filter change was performed at 208,000 km. Service actions under recall campaigns have been completed.\n\nThe vehicle was inspected before being put up for sale.\n\n\u2714Overall condition\nThe engine is in excellent condition, dry, with no visible fluid leaks. Cold starts without disturbing noises or vibrations.\nThe transmission shifts smoothly and beautifully.\nThe brakes work well, without steering wheel vibration.\nThe suspension is solid, nothing rattles and the car holds its line.\nThe body is rust-free with minor cosmetic imperfections.\nFitted with quality Pirelli all-season tires.\nThe interior is in great condition.\n\nThe vehicle was not in an accident and all steel body parts still have the original paint. There is an existing loan on the vehicle, which can be paid off immediately if interested.\n---\nA true powerhouse with impressive performance and a sense of security that you will love from the very first kilometers. The luxuriously appointed leather interior offers comfort and rich equipment, allowing you to handle long journeys without compromise.\n\n\u2714It is possible to buy on installments and use your car as a trade-in value.\n\n\u2714Sale brokered by Autorro Prievidza. You are buying directly from the owner.\n\n\u2714Contact: Peter Mjartan\n- 0950 224 271 \u2013 also via WhatsApp\n- 0952 532 818\n\nIf I don't answer, I will call you back. Vehicle number: PD206GM. Technical inspection valid until: 21. 11. 2026. Technical inspection valid until: 21. 11. 2026.\n\nTechnical specifications\n\nFirst registration: 12\/17, 2993 cc, 230kW (313 PS), Drive: 4\u00d74, Automatic transmission (8-speed), Diesel, EURO 6, 5 doors, (5-seater), 213,540 km, Gray metallic, VIN WBAKS610X00N71593\n\nVehicle consumption (l\/100km)\n\nCity: 7.2, Highway: 5.8, Combined: 6.5\n\nLeasing available, New purchase in SR, Loan available","language":"cs","is_translated":true,"title_original":"BMW X5 xDrive 40d 2017 AT\/8 230kW \/ AJ NA SPL\u00c1TKY \/ PROTI\u00da\u010cET","description_original":"\u2714Servis\nVozidlo je pravideln\u011b servisov\u00e1no. Posledn\u00ed v\u00fdm\u011bna oleje a filtr\u016f prob\u011bhla p\u0159i najet\u00fdch 208 000 km. Servisn\u00ed akce v r\u00e1mci svol\u00e1vac\u00edch akc\u00ed byly provedeny.\n\nVozidlo bylo p\u0159ed za\u0159azen\u00edm do prodeje zkontrolov\u00e1no.\n\n\u2714Celkov\u00fd stav\nMotor je ve v\u00fdborn\u00e9m stavu, such\u00fd, bez viditeln\u00fdch \u00fanik\u016f kapalin. Studen\u00e9 starty bez ru\u0161iv\u00fdch zvuk\u016f \u010di vibrac\u00ed.\nP\u0159evodovka \u0159ad\u00ed kr\u00e1sn\u011b plynule.\nBrzdy funguj\u00ed dob\u0159e, bez chv\u011bn\u00ed volantu.\nPodvozek je pevn\u00fd, nic nebouch\u00e1 a auto dr\u017e\u00ed stopu.\nKaroserie je bez koroze, s drobn\u00fdmi kosmetick\u00fdmi nedostatky.\nObuta je kvalitn\u00edmi celoro\u010dn\u00edmi pneumatikami Pirelli.\nInteri\u00e9r je ve skv\u011bl\u00e9m stavu.\n\nV\u016fz nebyl havarovan\u00fd a v\u0161echny ocelov\u00e9 \u010d\u00e1sti karoserie maj\u00ed st\u00e1le p\u016fvodn\u00ed lak. Na v\u016fz je sjednan\u00fd \u00fav\u011br, kter\u00fd lze v p\u0159\u00edpad\u011b z\u00e1jmu ihned splatit.\n---\nOpravdov\u00fd kolos s po\u0159\u00e1dn\u00fdm v\u00fdkonem a pocitem jistoty, kter\u00fd si zamilujete u\u017e po prvn\u00edch kilometrech. Luxusn\u011b p\u016fsob\u00edc\u00ed ko\u017een\u00fd interi\u00e9r nab\u00edz\u00ed komfort a bohatou v\u00fdbavu, d\u00edky \u010demu\u017e zvl\u00e1dnete i dlouh\u00e9 trasy bez kompromis\u016f.\n\n\u2714Je mo\u017en\u00e9 koupit i na spl\u00e1tky a vyu\u017e\u00edt va\u0161e auto jako protihodnotu.\n\n\u2714Prodej zprost\u0159edkovan\u00fd spole\u010dnost\u00ed Autorro Prievidza. Kupujete p\u0159\u00edmo od majitele.\n\n\u2714Kontakt: Peter Mjartan\n- 0950 224 271 \u2013 tak\u00e9 p\u0159es WhatsApp\n- 0952 532 818\n\nPokud to nezvednu, zavol\u00e1m v\u00e1m zp\u011bt. \u010c\u00edslo vozidla: PD206GM. Platnost technick\u00e9 kontroly do: 21. 11. 2026. Platnost technick\u00e9 kontroly do: 21. 11. 2026.\n\nTechnick\u00e9 \u00fadaje\n\nv.v.: 12\/17, 2993cm\u00b3, 230kW (313PS), Pohon: 4\u00d74, Automatick\u00e1 p\u0159evodovka (8 st.), Diesel, EURO 6, 5 dv., (5-m\u00edstn\u00fd), 213 540km, \u0160ed\u00e1 metal\u00edza, VIN WBAKS610X00N71593\n\nSpot\u0159eba vozidla (l\/100km)\n\nVe m\u011bst\u011b: 7.2, mimo m\u011bsto: 5.8, kombinovan\u00e1: 6.5\n\nMo\u017en\u00fd leasing, Jako nov\u00e9 koupen\u00e9 v SR, Mo\u017en\u00fd \u00fav\u011br","price":"519628.00","currency":"CZK","status":"active","noindex":true,"location":{"address":null,"full_address":null,"city":"Prievidza","country":"SK","latitude":48.7718361,"longitude":18.6234916},"metadata":{"vin":"WBAKS610X00N71593","fuel":"diesel","year":2017,"brand":"BMW","color":"Grey","doors":5,"drive":"AWD \/ 4x4","model":"X5","seats":5,"region":"Tren\u010diansky kraj","mileage":213540,"emisions":"Euro 6","features":["ABS","ESP","Brzdov\u00fd asistent (EBA, BAS)","ISOFIX na zadn\u00edch sedadlech","Deaktivace airbagu spolujezdce","Senzor tlaku","Syst\u00e9m rozpozn\u00e1v\u00e1n\u00ed dopravn\u00edch zna\u010dek","360\u00b0 monitorovac\u00ed syst\u00e9m (AVM)","Asistent d\u00e1lkov\u00fdch sv\u011btel (HBA)","Centr\u00e1ln\u00ed zamyk\u00e1n\u00ed","Zadn\u00ed el. stahovateln\u00e1 okna","El. nastaviteln\u00e1 p\u0159edn\u00ed sedadla","Elektricky nastaviteln\u00e1 zp\u011btn\u00e1 zrc\u00e1tka","Centr\u00e1ln\u00ed zamyk\u00e1n\u00ed na d\u00e1lkov\u00e9 ovl\u00e1d\u00e1n\u00ed","Automatick\u00e1 4-z\u00f3nov\u00e1 klimatizace","Autor\u00e1dio","Multifunk\u010dn\u00ed volant","Head-up display","Start\/Stop syst\u00e9m","Apple Car Play","Android Auto","Bezdr\u00e1tov\u00e1 nab\u00edje\u010dka mobiln\u00edch telefon\u016f","Imobiliz\u00e9r","Palubn\u00ed po\u010d\u00edta\u010d","Navigace","Tempomat","Ko\u017een\u00fd interi\u00e9r","Vyh\u0159\u00edvan\u00e1 sedadla","Elektricky vyh\u0159\u00edvan\u00e1 zp\u011btn\u00e1 zrc\u00e1tka","Senzor st\u011bra\u010d\u016f","Sv\u011bteln\u00fd senzor","Parkovac\u00ed kamera","P\u0159edn\u00ed a zadn\u00ed parkovac\u00ed senzory","Adaptivn\u00ed tempomat","Bezkl\u00ed\u010dov\u00fd vstup","El. ovl\u00e1dan\u00fd kufr","Elektrick\u00e9 dov\u00edr\u00e1n\u00ed zavazadlov\u00e9ho prostoru","Panoramatick\u00e1 st\u0159echa","Bluetooth","LED sv\u011btlomety","Pam\u011b\u0165 nastaven\u00ed sedadla \u0159idi\u010de","Ambientn\u00ed LED osv\u011btlen\u00ed interi\u00e9ru","Mo\u017en\u00fd leasing","Ako nov\u00e9 k\u00fapen\u00e9 v SR","Mo\u017en\u00fd \u00faver","Adaptivn\u00ed podvozek","Asistent udr\u017eov\u00e1n\u00ed j\u00edzdn\u00edho pruhu","Asistent rozjezdu do kopce","Syst\u00e9m sledov\u00e1n\u00ed mrtv\u00e9ho \u00fahlu","ACC","Drive Select (j\u00edzadn\u00ed re\u017eimy)","Elektricky sklopn\u00e1 zp\u011btn\u00e1 zrc\u00e1tka","elektricky nastaviteln\u00fd volant","2 kl\u00ed\u010de"],"power_kw":230,"body_type":"SUV","condition":"Used","transmission":"automatic","vat_deductible":false,"consumption_city":7.2,"translation_hash":"a94ea8ff52d8d9c20985731820258db2a0f968fe","vehicle_category":"car","engine_volume_cm3":2993,"first_registration":"2017-12-01","translation_status":"done","consumption_highway":5.8,"consumption_combined":6.5},"user_id":17,"is_sponsored":false,"views_count":10,"ai_views_count":9,"ai_vendor_counts":{"meta":3,"other":2,"openai":3,"anthropic":1},"visibility":"public","submission_source":null,"submission_ai_name":null,"has_owner_email":true,"can_contact_owner":true,"phone":"0950 224 271","owner_email":"mjartan@autorro.sk","user":{"id":17,"slug":"peter-mjartan-17","name":"Peter Mjartan","bio":"Makl\u00e9r. P\u016fsob\u00edm v Prievidzi a okol\u00ed.\n\nP\u016fsobnost: Prievidza","nationality":"SK","languages":["cs","sk"],"service_areas":[],"card_style":null,"card_palette":null,"avatar_url":"https:\/\/cdn.assetlog.ai\/avatars\/17\/avatar_max.webp?v=1786535213","avatar_thumb_url":"https:\/\/cdn.assetlog.ai\/avatars\/17\/avatar_small.webp?v=1786535213","reviews_count":0,"avg_rating":null,"seller_badge":"silver","can_calendar":true,"joined_at":"2026-06-07T07:44:41+00:00","primary_intent":null,"seeking":[],"public_assets_count":43,"public_prompts_count":0,"followers_count":0},"images":[{"id":111937,"max":"https:\/\/cdn.assetlog.ai\/assets\/142630\/bmw-x5-xdrive-40d-2017-at8-230kw-aj-na-splatky-protiucet_1_max.webp","medium":"https:\/\/cdn.assetlog.ai\/assets\/142630\/bmw-x5-xdrive-40d-2017-at8-230kw-aj-na-splatky-protiucet_1_medium.webp","small":"https:\/\/cdn.assetlog.ai\/assets\/142630\/bmw-x5-xdrive-40d-2017-at8-230kw-aj-na-splatky-protiucet_1_small.webp"},{"id":111938,"max":"https:\/\/cdn.assetlog.ai\/assets\/142630\/bmw-x5-xdrive-40d-2017-at8-230kw-aj-na-splatky-protiucet_2_max.webp","medium":"https:\/\/cdn.assetlog.ai\/assets\/142630\/bmw-x5-xdrive-40d-2017-at8-230kw-aj-na-splatky-protiucet_2_medium.webp","small":"https:\/\/cdn.assetlog.ai\/assets\/142630\/bmw-x5-xdrive-40d-2017-at8-230kw-aj-na-splatky-protiucet_2_small.webp"},{"id":111939,"max":"https:\/\/cdn.assetlog.ai\/assets\/142630\/bmw-x5-xdrive-40d-2017-at8-230kw-aj-na-splatky-protiucet_3_max.webp","medium":"https:\/\/cdn.assetlog.ai\/assets\/142630\/bmw-x5-xdrive-40d-2017-at8-230kw-aj-na-splatky-protiucet_3_medium.webp","small":"https:\/\/cdn.assetlog.ai\/assets\/142630\/bmw-x5-xdrive-40d-2017-at8-230kw-aj-na-splatky-protiucet_3_small.webp"},{"id":111940,"max":"https:\/\/cdn.assetlog.ai\/assets\/142630\/bmw-x5-xdrive-40d-2017-at8-230kw-aj-na-splatky-protiucet_4_max.webp","medium":"https:\/\/cdn.assetlog.ai\/assets\/142630\/bmw-x5-xdrive-40d-2017-at8-230kw-aj-na-splatky-protiucet_4_medium.webp","small":"https:\/\/cdn.assetlog.ai\/assets\/142630\/bmw-x5-xdrive-40d-2017-at8-230kw-aj-na-splatky-protiucet_4_small.webp"},{"id":111941,"max":"https:\/\/cdn.assetlog.ai\/assets\/142630\/bmw-x5-xdrive-40d-2017-at8-230kw-aj-na-splatky-protiucet_5_max.webp","medium":"https:\/\/cdn.assetlog.ai\/assets\/142630\/bmw-x5-xdrive-40d-2017-at8-230kw-aj-na-splatky-protiucet_5_medium.webp","small":"https:\/\/cdn.assetlog.ai\/assets\/142630\/bmw-x5-xdrive-40d-2017-at8-230kw-aj-na-splatky-protiucet_5_small.webp"},{"id":111942,"max":"https:\/\/cdn.assetlog.ai\/assets\/142630\/bmw-x5-xdrive-40d-2017-at8-230kw-aj-na-splatky-protiucet_6_max.webp","medium":"https:\/\/cdn.assetlog.ai\/assets\/142630\/bmw-x5-xdrive-40d-2017-at8-230kw-aj-na-splatky-protiucet_6_medium.webp","small":"https:\/\/cdn.assetlog.ai\/assets\/142630\/bmw-x5-xdrive-40d-2017-at8-230kw-aj-na-splatky-protiucet_6_small.webp"},{"id":111943,"max":"https:\/\/cdn.assetlog.ai\/assets\/142630\/bmw-x5-xdrive-40d-2017-at8-230kw-aj-na-splatky-protiucet_7_max.webp","medium":"https:\/\/cdn.assetlog.ai\/assets\/142630\/bmw-x5-xdrive-40d-2017-at8-230kw-aj-na-splatky-protiucet_7_medium.webp","small":"https:\/\/cdn.assetlog.ai\/assets\/142630\/bmw-x5-xdrive-40d-2017-at8-230kw-aj-na-splatky-protiucet_7_small.webp"},{"id":111944,"max":"https:\/\/cdn.assetlog.ai\/assets\/142630\/bmw-x5-xdrive-40d-2017-at8-230kw-aj-na-splatky-protiucet_8_max.webp","medium":"https:\/\/cdn.assetlog.ai\/assets\/142630\/bmw-x5-xdrive-40d-2017-at8-230kw-aj-na-splatky-protiucet_8_medium.webp","small":"https:\/\/cdn.assetlog.ai\/assets\/142630\/bmw-x5-xdrive-40d-2017-at8-230kw-aj-na-splatky-protiucet_8_small.webp"},{"id":111945,"max":"https:\/\/cdn.assetlog.ai\/assets\/142630\/bmw-x5-xdrive-40d-2017-at8-230kw-aj-na-splatky-protiucet_9_max.webp","medium":"https:\/\/cdn.assetlog.ai\/assets\/142630\/bmw-x5-xdrive-40d-2017-at8-230kw-aj-na-splatky-protiucet_9_medium.webp","small":"https:\/\/cdn.assetlog.ai\/assets\/142630\/bmw-x5-xdrive-40d-2017-at8-230kw-aj-na-splatky-protiucet_9_small.webp"},{"id":111946,"max":"https:\/\/cdn.assetlog.ai\/assets\/142630\/bmw-x5-xdrive-40d-2017-at8-230kw-aj-na-splatky-protiucet_10_max.webp","medium":"https:\/\/cdn.assetlog.ai\/assets\/142630\/bmw-x5-xdrive-40d-2017-at8-230kw-aj-na-splatky-protiucet_10_medium.webp","small":"https:\/\/cdn.assetlog.ai\/assets\/142630\/bmw-x5-xdrive-40d-2017-at8-230kw-aj-na-splatky-protiucet_10_small.webp"},{"id":111947,"max":"https:\/\/cdn.assetlog.ai\/assets\/142630\/bmw-x5-xdrive-40d-2017-at8-230kw-aj-na-splatky-protiucet_11_max.webp","medium":"https:\/\/cdn.assetlog.ai\/assets\/142630\/bmw-x5-xdrive-40d-2017-at8-230kw-aj-na-splatky-protiucet_11_medium.webp","small":"https:\/\/cdn.assetlog.ai\/assets\/142630\/bmw-x5-xdrive-40d-2017-at8-230kw-aj-na-splatky-protiucet_11_small.webp"},{"id":111948,"max":"https:\/\/cdn.assetlog.ai\/assets\/142630\/bmw-x5-xdrive-40d-2017-at8-230kw-aj-na-splatky-protiucet_12_max.webp","medium":"https:\/\/cdn.assetlog.ai\/assets\/142630\/bmw-x5-xdrive-40d-2017-at8-230kw-aj-na-splatky-protiucet_12_medium.webp","small":"https:\/\/cdn.assetlog.ai\/assets\/142630\/bmw-x5-xdrive-40d-2017-at8-230kw-aj-na-splatky-protiucet_12_small.webp"},{"id":111949,"max":"https:\/\/cdn.assetlog.ai\/assets\/142630\/bmw-x5-xdrive-40d-2017-at8-230kw-aj-na-splatky-protiucet_13_max.webp","medium":"https:\/\/cdn.assetlog.ai\/assets\/142630\/bmw-x5-xdrive-40d-2017-at8-230kw-aj-na-splatky-protiucet_13_medium.webp","small":"https:\/\/cdn.assetlog.ai\/assets\/142630\/bmw-x5-xdrive-40d-2017-at8-230kw-aj-na-splatky-protiucet_13_small.webp"},{"id":111950,"max":"https:\/\/cdn.assetlog.ai\/assets\/142630\/bmw-x5-xdrive-40d-2017-at8-230kw-aj-na-splatky-protiucet_14_max.webp","medium":"https:\/\/cdn.assetlog.ai\/assets\/142630\/bmw-x5-xdrive-40d-2017-at8-230kw-aj-na-splatky-protiucet_14_medium.webp","small":"https:\/\/cdn.assetlog.ai\/assets\/142630\/bmw-x5-xdrive-40d-2017-at8-230kw-aj-na-splatky-protiucet_14_small.webp"},{"id":111951,"max":"https:\/\/cdn.assetlog.ai\/assets\/142630\/bmw-x5-xdrive-40d-2017-at8-230kw-aj-na-splatky-protiucet_15_max.webp","medium":"https:\/\/cdn.assetlog.ai\/assets\/142630\/bmw-x5-xdrive-40d-2017-at8-230kw-aj-na-splatky-protiucet_15_medium.webp","small":"https:\/\/cdn.assetlog.ai\/assets\/142630\/bmw-x5-xdrive-40d-2017-at8-230kw-aj-na-splatky-protiucet_15_small.webp"},{"id":111952,"max":"https:\/\/cdn.assetlog.ai\/assets\/142630\/bmw-x5-xdrive-40d-2017-at8-230kw-aj-na-splatky-protiucet_16_max.webp","medium":"https:\/\/cdn.assetlog.ai\/assets\/142630\/bmw-x5-xdrive-40d-2017-at8-230kw-aj-na-splatky-protiucet_16_medium.webp","small":"https:\/\/cdn.assetlog.ai\/assets\/142630\/bmw-x5-xdrive-40d-2017-at8-230kw-aj-na-splatky-protiucet_16_small.webp"},{"id":111953,"max":"https:\/\/cdn.assetlog.ai\/assets\/142630\/bmw-x5-xdrive-40d-2017-at8-230kw-aj-na-splatky-protiucet_17_max.webp","medium":"https:\/\/cdn.assetlog.ai\/assets\/142630\/bmw-x5-xdrive-40d-2017-at8-230kw-aj-na-splatky-protiucet_17_medium.webp","small":"https:\/\/cdn.assetlog.ai\/assets\/142630\/bmw-x5-xdrive-40d-2017-at8-230kw-aj-na-splatky-protiucet_17_small.webp"},{"id":111954,"max":"https:\/\/cdn.assetlog.ai\/assets\/142630\/bmw-x5-xdrive-40d-2017-at8-230kw-aj-na-splatky-protiucet_18_max.webp","medium":"https:\/\/cdn.assetlog.ai\/assets\/142630\/bmw-x5-xdrive-40d-2017-at8-230kw-aj-na-splatky-protiucet_18_medium.webp","small":"https:\/\/cdn.assetlog.ai\/assets\/142630\/bmw-x5-xdrive-40d-2017-at8-230kw-aj-na-splatky-protiucet_18_small.webp"},{"id":111955,"max":"https:\/\/cdn.assetlog.ai\/assets\/142630\/bmw-x5-xdrive-40d-2017-at8-230kw-aj-na-splatky-protiucet_19_max.webp","medium":"https:\/\/cdn.assetlog.ai\/assets\/142630\/bmw-x5-xdrive-40d-2017-at8-230kw-aj-na-splatky-protiucet_19_medium.webp","small":"https:\/\/cdn.assetlog.ai\/assets\/142630\/bmw-x5-xdrive-40d-2017-at8-230kw-aj-na-splatky-protiucet_19_small.webp"},{"id":111956,"max":"https:\/\/cdn.assetlog.ai\/assets\/142630\/bmw-x5-xdrive-40d-2017-at8-230kw-aj-na-splatky-protiucet_20_max.webp","medium":"https:\/\/cdn.assetlog.ai\/assets\/142630\/bmw-x5-xdrive-40d-2017-at8-230kw-aj-na-splatky-protiucet_20_medium.webp","small":"https:\/\/cdn.assetlog.ai\/assets\/142630\/bmw-x5-xdrive-40d-2017-at8-230kw-aj-na-splatky-protiucet_20_small.webp"},{"id":111957,"max":"https:\/\/cdn.assetlog.ai\/assets\/142630\/bmw-x5-xdrive-40d-2017-at8-230kw-aj-na-splatky-protiucet_21_max.webp","medium":"https:\/\/cdn.assetlog.ai\/assets\/142630\/bmw-x5-xdrive-40d-2017-at8-230kw-aj-na-splatky-protiucet_21_medium.webp","small":"https:\/\/cdn.assetlog.ai\/assets\/142630\/bmw-x5-xdrive-40d-2017-at8-230kw-aj-na-splatky-protiucet_21_small.webp"},{"id":111958,"max":"https:\/\/cdn.assetlog.ai\/assets\/142630\/bmw-x5-xdrive-40d-2017-at8-230kw-aj-na-splatky-protiucet_22_max.webp","medium":"https:\/\/cdn.assetlog.ai\/assets\/142630\/bmw-x5-xdrive-40d-2017-at8-230kw-aj-na-splatky-protiucet_22_medium.webp","small":"https:\/\/cdn.assetlog.ai\/assets\/142630\/bmw-x5-xdrive-40d-2017-at8-230kw-aj-na-splatky-protiucet_22_small.webp"},{"id":111959,"max":"https:\/\/cdn.assetlog.ai\/assets\/142630\/bmw-x5-xdrive-40d-2017-at8-230kw-aj-na-splatky-protiucet_23_max.webp","medium":"https:\/\/cdn.assetlog.ai\/assets\/142630\/bmw-x5-xdrive-40d-2017-at8-230kw-aj-na-splatky-protiucet_23_medium.webp","small":"https:\/\/cdn.assetlog.ai\/assets\/142630\/bmw-x5-xdrive-40d-2017-at8-230kw-aj-na-splatky-protiucet_23_small.webp"},{"id":111960,"max":"https:\/\/cdn.assetlog.ai\/assets\/142630\/bmw-x5-xdrive-40d-2017-at8-230kw-aj-na-splatky-protiucet_24_max.webp","medium":"https:\/\/cdn.assetlog.ai\/assets\/142630\/bmw-x5-xdrive-40d-2017-at8-230kw-aj-na-splatky-protiucet_24_medium.webp","small":"https:\/\/cdn.assetlog.ai\/assets\/142630\/bmw-x5-xdrive-40d-2017-at8-230kw-aj-na-splatky-protiucet_24_small.webp"},{"id":111961,"max":"https:\/\/cdn.assetlog.ai\/assets\/142630\/bmw-x5-xdrive-40d-2017-at8-230kw-aj-na-splatky-protiucet_25_max.webp","medium":"https:\/\/cdn.assetlog.ai\/assets\/142630\/bmw-x5-xdrive-40d-2017-at8-230kw-aj-na-splatky-protiucet_25_medium.webp","small":"https:\/\/cdn.assetlog.ai\/assets\/142630\/bmw-x5-xdrive-40d-2017-at8-230kw-aj-na-splatky-protiucet_25_small.webp"},{"id":111962,"max":"https:\/\/cdn.assetlog.ai\/assets\/142630\/bmw-x5-xdrive-40d-2017-at8-230kw-aj-na-splatky-protiucet_26_max.webp","medium":"https:\/\/cdn.assetlog.ai\/assets\/142630\/bmw-x5-xdrive-40d-2017-at8-230kw-aj-na-splatky-protiucet_26_medium.webp","small":"https:\/\/cdn.assetlog.ai\/assets\/142630\/bmw-x5-xdrive-40d-2017-at8-230kw-aj-na-splatky-protiucet_26_small.webp"},{"id":111963,"max":"https:\/\/cdn.assetlog.ai\/assets\/142630\/bmw-x5-xdrive-40d-2017-at8-230kw-aj-na-splatky-protiucet_27_max.webp","medium":"https:\/\/cdn.assetlog.ai\/assets\/142630\/bmw-x5-xdrive-40d-2017-at8-230kw-aj-na-splatky-protiucet_27_medium.webp","small":"https:\/\/cdn.assetlog.ai\/assets\/142630\/bmw-x5-xdrive-40d-2017-at8-230kw-aj-na-splatky-protiucet_27_small.webp"},{"id":111964,"max":"https:\/\/cdn.assetlog.ai\/assets\/142630\/bmw-x5-xdrive-40d-2017-at8-230kw-aj-na-splatky-protiucet_28_max.webp","medium":"https:\/\/cdn.assetlog.ai\/assets\/142630\/bmw-x5-xdrive-40d-2017-at8-230kw-aj-na-splatky-protiucet_28_medium.webp","small":"https:\/\/cdn.assetlog.ai\/assets\/142630\/bmw-x5-xdrive-40d-2017-at8-230kw-aj-na-splatky-protiucet_28_small.webp"},{"id":111965,"max":"https:\/\/cdn.assetlog.ai\/assets\/142630\/bmw-x5-xdrive-40d-2017-at8-230kw-aj-na-splatky-protiucet_29_max.webp","medium":"https:\/\/cdn.assetlog.ai\/assets\/142630\/bmw-x5-xdrive-40d-2017-at8-230kw-aj-na-splatky-protiucet_29_medium.webp","small":"https:\/\/cdn.assetlog.ai\/assets\/142630\/bmw-x5-xdrive-40d-2017-at8-230kw-aj-na-splatky-protiucet_29_small.webp"},{"id":111966,"max":"https:\/\/cdn.assetlog.ai\/assets\/142630\/bmw-x5-xdrive-40d-2017-at8-230kw-aj-na-splatky-protiucet_30_max.webp","medium":"https:\/\/cdn.assetlog.ai\/assets\/142630\/bmw-x5-xdrive-40d-2017-at8-230kw-aj-na-splatky-protiucet_30_medium.webp","small":"https:\/\/cdn.assetlog.ai\/assets\/142630\/bmw-x5-xdrive-40d-2017-at8-230kw-aj-na-splatky-protiucet_30_small.webp"},{"id":111967,"max":"https:\/\/cdn.assetlog.ai\/assets\/142630\/bmw-x5-xdrive-40d-2017-at8-230kw-aj-na-splatky-protiucet_31_max.webp","medium":"https:\/\/cdn.assetlog.ai\/assets\/142630\/bmw-x5-xdrive-40d-2017-at8-230kw-aj-na-splatky-protiucet_31_medium.webp","small":"https:\/\/cdn.assetlog.ai\/assets\/142630\/bmw-x5-xdrive-40d-2017-at8-230kw-aj-na-splatky-protiucet_31_small.webp"},{"id":111968,"max":"https:\/\/cdn.assetlog.ai\/assets\/142630\/bmw-x5-xdrive-40d-2017-at8-230kw-aj-na-splatky-protiucet_32_max.webp","medium":"https:\/\/cdn.assetlog.ai\/assets\/142630\/bmw-x5-xdrive-40d-2017-at8-230kw-aj-na-splatky-protiucet_32_medium.webp","small":"https:\/\/cdn.assetlog.ai\/assets\/142630\/bmw-x5-xdrive-40d-2017-at8-230kw-aj-na-splatky-protiucet_32_small.webp"},{"id":111969,"max":"https:\/\/cdn.assetlog.ai\/assets\/142630\/bmw-x5-xdrive-40d-2017-at8-230kw-aj-na-splatky-protiucet_33_max.webp","medium":"https:\/\/cdn.assetlog.ai\/assets\/142630\/bmw-x5-xdrive-40d-2017-at8-230kw-aj-na-splatky-protiucet_33_medium.webp","small":"https:\/\/cdn.assetlog.ai\/assets\/142630\/bmw-x5-xdrive-40d-2017-at8-230kw-aj-na-splatky-protiucet_33_small.webp"},{"id":111970,"max":"https:\/\/cdn.assetlog.ai\/assets\/142630\/bmw-x5-xdrive-40d-2017-at8-230kw-aj-na-splatky-protiucet_34_max.webp","medium":"https:\/\/cdn.assetlog.ai\/assets\/142630\/bmw-x5-xdrive-40d-2017-at8-230kw-aj-na-splatky-protiucet_34_medium.webp","small":"https:\/\/cdn.assetlog.ai\/assets\/142630\/bmw-x5-xdrive-40d-2017-at8-230kw-aj-na-splatky-protiucet_34_small.webp"},{"id":111971,"max":"https:\/\/cdn.assetlog.ai\/assets\/142630\/bmw-x5-xdrive-40d-2017-at8-230kw-aj-na-splatky-protiucet_35_max.webp","medium":"https:\/\/cdn.assetlog.ai\/assets\/142630\/bmw-x5-xdrive-40d-2017-at8-230kw-aj-na-splatky-protiucet_35_medium.webp","small":"https:\/\/cdn.assetlog.ai\/assets\/142630\/bmw-x5-xdrive-40d-2017-at8-230kw-aj-na-splatky-protiucet_35_small.webp"},{"id":111972,"max":"https:\/\/cdn.assetlog.ai\/assets\/142630\/bmw-x5-xdrive-40d-2017-at8-230kw-aj-na-splatky-protiucet_36_max.webp","medium":"https:\/\/cdn.assetlog.ai\/assets\/142630\/bmw-x5-xdrive-40d-2017-at8-230kw-aj-na-splatky-protiucet_36_medium.webp","small":"https:\/\/cdn.assetlog.ai\/assets\/142630\/bmw-x5-xdrive-40d-2017-at8-230kw-aj-na-splatky-protiucet_36_small.webp"},{"id":111973,"max":"https:\/\/cdn.assetlog.ai\/assets\/142630\/bmw-x5-xdrive-40d-2017-at8-230kw-aj-na-splatky-protiucet_37_max.webp","medium":"https:\/\/cdn.assetlog.ai\/assets\/142630\/bmw-x5-xdrive-40d-2017-at8-230kw-aj-na-splatky-protiucet_37_medium.webp","small":"https:\/\/cdn.assetlog.ai\/assets\/142630\/bmw-x5-xdrive-40d-2017-at8-230kw-aj-na-splatky-protiucet_37_small.webp"},{"id":111974,"max":"https:\/\/cdn.assetlog.ai\/assets\/142630\/bmw-x5-xdrive-40d-2017-at8-230kw-aj-na-splatky-protiucet_38_max.webp","medium":"https:\/\/cdn.assetlog.ai\/assets\/142630\/bmw-x5-xdrive-40d-2017-at8-230kw-aj-na-splatky-protiucet_38_medium.webp","small":"https:\/\/cdn.assetlog.ai\/assets\/142630\/bmw-x5-xdrive-40d-2017-at8-230kw-aj-na-splatky-protiucet_38_small.webp"},{"id":111975,"max":"https:\/\/cdn.assetlog.ai\/assets\/142630\/bmw-x5-xdrive-40d-2017-at8-230kw-aj-na-splatky-protiucet_39_max.webp","medium":"https:\/\/cdn.assetlog.ai\/assets\/142630\/bmw-x5-xdrive-40d-2017-at8-230kw-aj-na-splatky-protiucet_39_medium.webp","small":"https:\/\/cdn.assetlog.ai\/assets\/142630\/bmw-x5-xdrive-40d-2017-at8-230kw-aj-na-splatky-protiucet_39_small.webp"},{"id":111976,"max":"https:\/\/cdn.assetlog.ai\/assets\/142630\/bmw-x5-xdrive-40d-2017-at8-230kw-aj-na-splatky-protiucet_40_max.webp","medium":"https:\/\/cdn.assetlog.ai\/assets\/142630\/bmw-x5-xdrive-40d-2017-at8-230kw-aj-na-splatky-protiucet_40_medium.webp","small":"https:\/\/cdn.assetlog.ai\/assets\/142630\/bmw-x5-xdrive-40d-2017-at8-230kw-aj-na-splatky-protiucet_40_small.webp"}],"published_at":null,"expires_at":null,"created_at":"2026-08-08T03:40:10+00:00","updated_at":"2026-09-01T03:41:01+00:00"}}