{"data":{"id":144422,"slug":"bmw-x5-xdrive30d-at-195kw-2020-aj-na-splatky-protiucet-2","type":"vehicle","title":"BMW X5 xDrive30d A\/T, 195kW (2020) \/ AVAILABLE ON INSTALLMENTS \/ TRADE-IN \/","description":"BMW X5 xDrive30d A\/T, 195 kW (2020) \u2013 LUXURY, PERFORMANCE AND COMFORT\n\nThe BMW X5 xDrive30d represents a combination of **power, luxury and maximum comfort** in one premium SUV. The powerful diesel engine with 195 kW output, automatic transmission and intelligent all-wheel drive xDrive ensure sovereign driving on long routes as well as in everyday operation. The vehicle impresses not only with its elegant design, but also with **luxurious and exceptionally rich equipment** that will enhance every journey.\n\n**Vehicle Equipment:**\n- Adaptive LED headlights\n- 360\u00b0 camera system\n- Parking assistant\n- Parking sensors front and rear\n- Adaptive cruise control\n- Navigation system\n- Automatic air conditioning\n- Heated front seats\n- Heated steering wheel\n- Electrically adjustable steering wheel\n- Electrically adjustable front seats with memory\n- Premium Harman\/Kardon audio system\n- Head-up display\n- Virtual cockpit\n- Panoramic roof\n- Ambient interior lighting\n- Contactless start and door opening\n- Wireless smartphone charging\n- Apple CarPlay \/ Android Auto\n- Electrically controlled luggage compartment\n- Adaptive chassis with pneumatic suspension\n- M Sport package\n\n**The BMW X5 is an ideal choice for a demanding driver looking for a powerful, representative and comfortable SUV with no compromises.** Thanks to rich equipment, modern technologies and air suspension, it offers maximum comfort on every drive.\n\n- Slovak vehicle, owned by one meticulous owner who took excellent care of it.\n\nThe vehicle was regularly serviced in accordance with service intervals.\n\nWe will refinance your vehicle conveniently, quickly and hassle-free. We will adjust the monthly installment to your requirements with a down payment from 0% and payments up to 96 months. If you have been self-employed for at least 3 months, you have the option to take a vehicle on installments up to 15,000 without proof of income and from 0% down payment.\n\nFor your greater convenience and peace of mind, we can provide you with extended warranty up to 12-36 months.\n\nIf you already own a vehicle, you don't need to deal with selling it - in return, we will take it directly from you. Just come to us with it, we will appraise it and deduct the costs from the value of your new vehicle. You will save time, hassle and money, and the entire process will be quick and easy - you will drive away in your new vehicle without unnecessary paperwork.\n\nTHE VEHICLE IS LOCATED IN Ko\u0161ice. More information will be provided to you at telephone number 0947 919 104.\n\nVehicle number: SK031BK. Technical inspection valid until: April 15, 2028. Technical inspection valid until: April 15, 2028.\n\nTechnical Data\n\nFirst registration: 05\/20, 2993 cm\u00b3, 195kW (265 HP), Vehicle generation: , Drive: 4\u00d74, Automatic transmission (8 speed), Diesel, EURO , 5 doors, (5-seater), 186,839 km, White metallic, VIN WBACV61020LK08831\n\nVehicle Fuel Consumption (l\/100km)\n\nIn city: 6.8, outside city: 5.6, combined: 6\n\nFirst owner, Service booklet, Leasing possible, Purchased new in Slovakia, Loan possible, Top condition, Complete service history","language":"cs","is_translated":true,"title_original":"BMW X5 xDrive30d A\/T, 195kW (2020) \/ AJ NA SPL\u00c1TKY \/ PROTI\u00da\u010cET \/","description_original":"BMW X5 xDrive30d A\/T, 195 kW (2020) \u2013 LUXUS, V\u00ddKON A KOMFORT\n\nBMW X5 xDrive30d p\u0159edstavuje spojen\u00ed **v\u00fdkonu, luxusu a maxim\u00e1ln\u00edho komfortu** v jednom pr\u00e9miov\u00e9m SUV. V\u00fdkonn\u00fd vzn\u011btov\u00fd motor o v\u00fdkonu 195 kW, automatick\u00e1 p\u0159evodovka a inteligentn\u00ed pohon v\u0161ech kol xDrive zaji\u0161\u0165uj\u00ed suver\u00e9nn\u00ed j\u00edzdu na dlouh\u00fdch tras\u00e1ch i v ka\u017edodenn\u00edm provozu. V\u016fz zaujme nejen elegantn\u00edm designem, ale tak\u00e9 **luxusn\u00ed a mimo\u0159\u00e1dn\u011b bohatou v\u00fdbavou**, kter\u00e1 zp\u0159\u00edjemn\u00ed ka\u017edou cestu.\n\n**V\u00fdbava vozidla:**\n- Adaptivn\u00ed LED sv\u011btlomety\n- 360\u00b0 kamerov\u00fd syst\u00e9m\n- Parkovac\u00ed asistent\n- Parkovac\u00ed senzory vp\u0159edu i vzadu\n- Adaptivn\u00ed tempomat\n- Naviga\u010dn\u00ed syst\u00e9m\n- Automatick\u00e1 klimatizace\n- Vyh\u0159\u00edvan\u00e1 p\u0159edn\u00ed sedadla\n- Vyh\u0159\u00edvan\u00fd volant\n- Elektricky nastaviteln\u00fd volant\n- Elektricky nastaviteln\u00e1 p\u0159edn\u00ed sedadla s pam\u011bt\u00ed\n- Pr\u00e9miov\u00fd audiosyst\u00e9m Harman\/Kardon\n- Head-up displej\n- Virtu\u00e1ln\u00ed kokpit\n- Panoramatick\u00e1 st\u0159echa\n- Ambientn\u00ed osv\u011btlen\u00ed interi\u00e9ru\n- Bezkontaktn\u00ed startov\u00e1n\u00ed a otev\u00edr\u00e1n\u00ed dve\u0159\u00ed\n- Bezdr\u00e1tov\u00e9 nab\u00edjen\u00ed smartphon\u016f\n- Apple CarPlay \/ Android Auto\n- Elektricky ovl\u00e1dan\u00fd zavazadlov\u00fd prostor\n- Adaptivn\u00ed podvozek s pneumatick\u00fdm odpru\u017een\u00edm\n- Sportovn\u00ed paket M\n\n**BMW X5 je ide\u00e1ln\u00ed volbou pro n\u00e1ro\u010dn\u00e9ho \u0159idi\u010de, kter\u00fd hled\u00e1 v\u00fdkonn\u00e9, reprezentativn\u00ed a komfortn\u00ed SUV bez kompromis\u016f.** D\u00edky bohat\u00e9 v\u00fdbav\u011b, modern\u00edm technologi\u00edm a vzduchov\u00e9mu odpru\u017een\u00ed nab\u00edz\u00ed maxim\u00e1ln\u00ed komfort p\u0159i ka\u017ed\u00e9 j\u00edzd\u011b.\n\n- Slovensk\u00fd v\u016fz, po 1. majiteli, kter\u00fd byl maxim\u00e1ln\u00ed pedant a o v\u016fz se maxim\u00e1ln\u011b staral.\n\nVozidlo bylo pravideln\u011b servisov\u00e1no v souladu se servisn\u00edmi intervaly.\n\nVa\u0161e vozidlo refinancujeme pohodln\u011b, rychle a bezstarostn\u011b. M\u011bs\u00ed\u010dn\u00ed spl\u00e1tku p\u0159izp\u016fsob\u00edme va\u0161im po\u017eadavk\u016fm s akontac\u00ed od 0 % a spl\u00e1tkami a\u017e na 96 m\u011bs\u00edc\u016f. Pokud podnik\u00e1te alespo\u0148 3 m\u011bs\u00edce, m\u00e1te mo\u017enost vz\u00edt si vozidlo na spl\u00e1tky a\u017e do v\u00fd\u0161e 15 tis\u00edc bez dokl\u00e1d\u00e1n\u00ed p\u0159\u00edjm\u016f a od 0% akontace.\n\nPro va\u0161e v\u011bt\u0161\u00ed pohodl\u00ed a jistotu v\u00e1m m\u016f\u017eeme poskytnout prodlou\u017eenou z\u00e1ruku a\u017e na 12-36 m\u011bs\u00edc\u016f.\n\nPokud ji\u017e v\u016fz vlastn\u00edte, nemus\u00edte se zab\u00fdvat jeho prodejem - na opl\u00e1tku si ho od v\u00e1s p\u0159\u00edmo vezmeme. Sta\u010d\u00ed, kdy\u017e k n\u00e1m s n\u00edm p\u0159ijdete, my ho ocen\u00edme a n\u00e1klady ode\u010dteme od hodnoty va\u0161eho nov\u00e9ho vozu. U\u0161et\u0159\u00edte tak \u010das, starosti i pen\u00edze a cel\u00fd proces bude rychl\u00fd a snadn\u00fd - odjedete rovnou ve sv\u00e9m nov\u00e9m voze bez zbyte\u010dn\u00e9ho pap\u00edrov\u00e1n\u00ed.\n\nVOZIDLO SE NACH\u00c1Z\u00cd V Ko\u0161iciach. Viac inform\u00e1ci\u00ed V\u00e1m poskytneme na telefonn\u00edm \u010d\u00edsle 0947 919 104.\n\n\u010c\u00edslo vozidla: SK031BK. Platnost technick\u00e9 kontroly do: 15. 4. 2028. Platnost technick\u00e9 kontroly do: 15. 4. 2028.\n\nTechnick\u00e9 \u00fadaje\n\nv.v.: 05\/20, 2993cm\u00b3, 195kW (265PS), Generace vozidla: , Pohon: 4\u00d74, Automatick\u00e1 p\u0159evodovka (8 st.), Diesel, EURO , 5 dv., (5-m\u00edstn\u00fd), 186 839km, B\u00edl\u00e1 metal\u00edza, VIN WBACV61020LK08831\n\nSpot\u0159eba vozidla (l\/100km)\n\nVe m\u011bst\u011b: 6.8, mimo m\u011bsto: 5.6, kombinovan\u00e1: 6\n\nPrvn\u00ed majitel, Servisn\u00ed kn\u00ed\u017eka, Mo\u017en\u00fd leasing, Jako nov\u00e9 koupen\u00e9 v SR, Mo\u017en\u00fd \u00fav\u011br, TOP stav, \u00dapln\u00e1 servisn\u00ed historie","price":"847808.00","currency":"CZK","status":"active","noindex":true,"location":{"address":null,"full_address":null,"city":"Ko\u0161ice","country":"SK","latitude":48.7172272,"longitude":21.2496774},"metadata":{"vin":"WBACV61020LK08831","fuel":"diesel","year":2020,"brand":"BMW","color":"White","doors":5,"drive":"AWD \/ 4x4","model":"X5","seats":5,"region":"Ko\u0161ick\u00fd kraj","mileage":186839,"emisions":"Euro 1","features":["Alarm","EBD\/EBV","Posilova\u010d \u0159\u00edzen\u00ed","ABS","ESP","Brzdov\u00fd asistent (EBA, BAS)","ISOFIX na zadn\u00edch sedadlech","Deaktivace airbagu spolujezdce","Senzor tlaku","Syst\u00e9m rozpozn\u00e1v\u00e1n\u00ed dopravn\u00edch zna\u010dek","Varov\u00e1n\u00ed o vzd\u00e1lenosti (BAS Plus)","Sledov\u00e1n\u00ed \u00fanavy \u0159idi\u010de","T\u00eds\u0148ov\u00e9 vol\u00e1n\u00ed","Upozorn\u011bn\u00ed na p\u0159ij\u00ed\u017ed\u011bj\u00edc\u00ed vozidla p\u0159i couv\u00e1n\u00ed (RCTA)","360\u00b0 monitorovac\u00ed syst\u00e9m (AVM)","Asistent d\u00e1lkov\u00fdch sv\u011btel (HBA)","Automatick\u00e1 klimatizace","Centr\u00e1ln\u00ed zamyk\u00e1n\u00ed","Zadn\u00ed el. stahovateln\u00e1 okna","El. nastaviteln\u00e1 p\u0159edn\u00ed sedadla","Elektricky nastaviteln\u00e1 zp\u011btn\u00e1 zrc\u00e1tka","Centr\u00e1ln\u00ed zamyk\u00e1n\u00ed na d\u00e1lkov\u00e9 ovl\u00e1d\u00e1n\u00ed","Autor\u00e1dio","Multifunk\u010dn\u00ed volant","Loketn\u00ed op\u011brka vp\u0159edu","Head-up display","Start\/Stop syst\u00e9m","Vzduchov\u00e9 odpru\u017een\u00ed","Venkovn\u00ed teplom\u011br","Apple Car Play","Android Auto","Welcome light","Digit\u00e1ln\u00ed p\u0159\u00edstrojov\u00e1 deska","P\u00e1dla pod volantem","Bezdr\u00e1tov\u00e1 nab\u00edje\u010dka mobiln\u00edch telefon\u016f","Lit\u00e1 kola","Mlhovky","Imobiliz\u00e9r","Palubn\u00ed po\u010d\u00edta\u010d","Navigace","Automatick\u00e9 parkov\u00e1n\u00ed","St\u0159e\u0161n\u00ed nosi\u010d","Ko\u017een\u00fd interi\u00e9r","Vyh\u0159\u00edvan\u00e1 sedadla","Elektricky vyh\u0159\u00edvan\u00e1 zp\u011btn\u00e1 zrc\u00e1tka","F\u00f3lie","Senzor st\u011bra\u010d\u016f","Sv\u011bteln\u00fd senzor","P\u0159edn\u00ed a zadn\u00ed parkovac\u00ed senzory","Adaptivn\u00ed tempomat","Bezkl\u00ed\u010dov\u00fd vstup","El. ovl\u00e1dan\u00fd kufr","Elektrick\u00e9 dov\u00edr\u00e1n\u00ed zavazadlov\u00e9ho prostoru","Panoramatick\u00e1 st\u0159echa","Bluetooth","Vyh\u0159\u00edvan\u00fd volant","Denn\u00ed sv\u00edcen\u00ed","LED sv\u011btlomety","Dotykov\u00e1 obrazovka","Pam\u011b\u0165 nastaven\u00ed sedadla \u0159idi\u010de","Ambientn\u00ed LED osv\u011btlen\u00ed interi\u00e9ru","Prv\u00fd majite\u013e","Serv. kni\u017eka","Mo\u017en\u00fd leasing","Ako nov\u00e9 k\u00fapen\u00e9 v SR","Mo\u017en\u00fd \u00faver","TOP stav!","\u00dapln\u00e1 servisn\u00e1 hist\u00f3ria","Adaptivn\u00ed podvozek","Odo-pass","Asistent udr\u017eov\u00e1n\u00ed j\u00edzdn\u00edho pruhu","Asistent rozjezdu do kopce","Kontrola mrtv\u00e9ho \u00fahlu","M Sportovn\u00ed paket","pr\u00e9miov\u00fd audiosyst\u00e9m Harman\/Kardon","ant\u00e9na ve tvaru \u017eralo\u010d\u00ed ploutve","zp\u011btn\u00e1 zrc\u00e1tka a kliky dve\u0159\u00ed lakovan\u00e9 v barv\u011b karoserie","elektricky nastaviteln\u00e1","sklopn\u00e1 a vyh\u0159\u00edvan\u00e1 zp\u011btn\u00e1 zrc\u00e1tka","v\u00fdb\u011br j\u00edzdn\u00edch re\u017eim\u016f","adaptivn\u00ed podvozek s pneumatick\u00fdm odpru\u017een\u00edm","elektricky nastaviteln\u00fd volant","sportovn\u00ed sedadla","sportovn\u00ed volant","elektronick\u00e1 parkovac\u00ed brzda s funkc\u00ed auto-hold","ko\u017een\u00e9 potahy","ochrana chodc\u016f"],"power_kw":195,"body_type":"SUV","condition":"Used","transmission":"automatic","vat_deductible":false,"consumption_city":6.8,"translation_hash":"fc0a60176153f40458468e7841ca084048c1d005","vehicle_category":"car","engine_volume_cm3":2993,"first_registration":"2020-05-01","translation_status":"done","consumption_highway":5.6,"consumption_combined":6},"user_id":46,"is_sponsored":false,"views_count":5,"ai_views_count":10,"ai_vendor_counts":{"meta":4,"other":2,"openai":3,"anthropic":1},"visibility":"public","submission_source":null,"submission_ai_name":null,"has_owner_email":true,"can_contact_owner":true,"phone":"0947 919 104","owner_email":"tej@autorro.sk","user":{"id":46,"slug":"jan-tej-46","name":"J\u00e1n Tej","bio":"Makl\u00e9r. P\u016fsob\u00edm v Ko\u0161iciach a okol\u00ed.\n\nP\u016fsobnost: Ko\u0161ice","nationality":null,"languages":["cs","sk"],"service_areas":[],"card_style":null,"card_palette":null,"avatar_url":"https:\/\/cdn.assetlog.ai\/avatars\/46\/avatar_max.webp?v=1786535213","avatar_thumb_url":"https:\/\/cdn.assetlog.ai\/avatars\/46\/avatar_small.webp?v=1786535213","reviews_count":0,"avg_rating":null,"seller_badge":"silver","can_calendar":true},"images":[{"id":114664,"max":"https:\/\/cdn.assetlog.ai\/assets\/144422\/bmw-x5-xdrive30d-at-195kw-2020-aj-na-splatky-protiucet-2_1_max.webp","medium":"https:\/\/cdn.assetlog.ai\/assets\/144422\/bmw-x5-xdrive30d-at-195kw-2020-aj-na-splatky-protiucet-2_1_medium.webp","small":"https:\/\/cdn.assetlog.ai\/assets\/144422\/bmw-x5-xdrive30d-at-195kw-2020-aj-na-splatky-protiucet-2_1_small.webp"},{"id":114665,"max":"https:\/\/cdn.assetlog.ai\/assets\/144422\/bmw-x5-xdrive30d-at-195kw-2020-aj-na-splatky-protiucet-2_2_max.webp","medium":"https:\/\/cdn.assetlog.ai\/assets\/144422\/bmw-x5-xdrive30d-at-195kw-2020-aj-na-splatky-protiucet-2_2_medium.webp","small":"https:\/\/cdn.assetlog.ai\/assets\/144422\/bmw-x5-xdrive30d-at-195kw-2020-aj-na-splatky-protiucet-2_2_small.webp"},{"id":114666,"max":"https:\/\/cdn.assetlog.ai\/assets\/144422\/bmw-x5-xdrive30d-at-195kw-2020-aj-na-splatky-protiucet-2_3_max.webp","medium":"https:\/\/cdn.assetlog.ai\/assets\/144422\/bmw-x5-xdrive30d-at-195kw-2020-aj-na-splatky-protiucet-2_3_medium.webp","small":"https:\/\/cdn.assetlog.ai\/assets\/144422\/bmw-x5-xdrive30d-at-195kw-2020-aj-na-splatky-protiucet-2_3_small.webp"},{"id":114667,"max":"https:\/\/cdn.assetlog.ai\/assets\/144422\/bmw-x5-xdrive30d-at-195kw-2020-aj-na-splatky-protiucet-2_4_max.webp","medium":"https:\/\/cdn.assetlog.ai\/assets\/144422\/bmw-x5-xdrive30d-at-195kw-2020-aj-na-splatky-protiucet-2_4_medium.webp","small":"https:\/\/cdn.assetlog.ai\/assets\/144422\/bmw-x5-xdrive30d-at-195kw-2020-aj-na-splatky-protiucet-2_4_small.webp"},{"id":114668,"max":"https:\/\/cdn.assetlog.ai\/assets\/144422\/bmw-x5-xdrive30d-at-195kw-2020-aj-na-splatky-protiucet-2_5_max.webp","medium":"https:\/\/cdn.assetlog.ai\/assets\/144422\/bmw-x5-xdrive30d-at-195kw-2020-aj-na-splatky-protiucet-2_5_medium.webp","small":"https:\/\/cdn.assetlog.ai\/assets\/144422\/bmw-x5-xdrive30d-at-195kw-2020-aj-na-splatky-protiucet-2_5_small.webp"},{"id":114669,"max":"https:\/\/cdn.assetlog.ai\/assets\/144422\/bmw-x5-xdrive30d-at-195kw-2020-aj-na-splatky-protiucet-2_6_max.webp","medium":"https:\/\/cdn.assetlog.ai\/assets\/144422\/bmw-x5-xdrive30d-at-195kw-2020-aj-na-splatky-protiucet-2_6_medium.webp","small":"https:\/\/cdn.assetlog.ai\/assets\/144422\/bmw-x5-xdrive30d-at-195kw-2020-aj-na-splatky-protiucet-2_6_small.webp"},{"id":114670,"max":"https:\/\/cdn.assetlog.ai\/assets\/144422\/bmw-x5-xdrive30d-at-195kw-2020-aj-na-splatky-protiucet-2_7_max.webp","medium":"https:\/\/cdn.assetlog.ai\/assets\/144422\/bmw-x5-xdrive30d-at-195kw-2020-aj-na-splatky-protiucet-2_7_medium.webp","small":"https:\/\/cdn.assetlog.ai\/assets\/144422\/bmw-x5-xdrive30d-at-195kw-2020-aj-na-splatky-protiucet-2_7_small.webp"},{"id":114671,"max":"https:\/\/cdn.assetlog.ai\/assets\/144422\/bmw-x5-xdrive30d-at-195kw-2020-aj-na-splatky-protiucet-2_8_max.webp","medium":"https:\/\/cdn.assetlog.ai\/assets\/144422\/bmw-x5-xdrive30d-at-195kw-2020-aj-na-splatky-protiucet-2_8_medium.webp","small":"https:\/\/cdn.assetlog.ai\/assets\/144422\/bmw-x5-xdrive30d-at-195kw-2020-aj-na-splatky-protiucet-2_8_small.webp"},{"id":114672,"max":"https:\/\/cdn.assetlog.ai\/assets\/144422\/bmw-x5-xdrive30d-at-195kw-2020-aj-na-splatky-protiucet-2_9_max.webp","medium":"https:\/\/cdn.assetlog.ai\/assets\/144422\/bmw-x5-xdrive30d-at-195kw-2020-aj-na-splatky-protiucet-2_9_medium.webp","small":"https:\/\/cdn.assetlog.ai\/assets\/144422\/bmw-x5-xdrive30d-at-195kw-2020-aj-na-splatky-protiucet-2_9_small.webp"},{"id":114673,"max":"https:\/\/cdn.assetlog.ai\/assets\/144422\/bmw-x5-xdrive30d-at-195kw-2020-aj-na-splatky-protiucet-2_10_max.webp","medium":"https:\/\/cdn.assetlog.ai\/assets\/144422\/bmw-x5-xdrive30d-at-195kw-2020-aj-na-splatky-protiucet-2_10_medium.webp","small":"https:\/\/cdn.assetlog.ai\/assets\/144422\/bmw-x5-xdrive30d-at-195kw-2020-aj-na-splatky-protiucet-2_10_small.webp"},{"id":114674,"max":"https:\/\/cdn.assetlog.ai\/assets\/144422\/bmw-x5-xdrive30d-at-195kw-2020-aj-na-splatky-protiucet-2_11_max.webp","medium":"https:\/\/cdn.assetlog.ai\/assets\/144422\/bmw-x5-xdrive30d-at-195kw-2020-aj-na-splatky-protiucet-2_11_medium.webp","small":"https:\/\/cdn.assetlog.ai\/assets\/144422\/bmw-x5-xdrive30d-at-195kw-2020-aj-na-splatky-protiucet-2_11_small.webp"},{"id":114675,"max":"https:\/\/cdn.assetlog.ai\/assets\/144422\/bmw-x5-xdrive30d-at-195kw-2020-aj-na-splatky-protiucet-2_12_max.webp","medium":"https:\/\/cdn.assetlog.ai\/assets\/144422\/bmw-x5-xdrive30d-at-195kw-2020-aj-na-splatky-protiucet-2_12_medium.webp","small":"https:\/\/cdn.assetlog.ai\/assets\/144422\/bmw-x5-xdrive30d-at-195kw-2020-aj-na-splatky-protiucet-2_12_small.webp"},{"id":114676,"max":"https:\/\/cdn.assetlog.ai\/assets\/144422\/bmw-x5-xdrive30d-at-195kw-2020-aj-na-splatky-protiucet-2_13_max.webp","medium":"https:\/\/cdn.assetlog.ai\/assets\/144422\/bmw-x5-xdrive30d-at-195kw-2020-aj-na-splatky-protiucet-2_13_medium.webp","small":"https:\/\/cdn.assetlog.ai\/assets\/144422\/bmw-x5-xdrive30d-at-195kw-2020-aj-na-splatky-protiucet-2_13_small.webp"},{"id":114677,"max":"https:\/\/cdn.assetlog.ai\/assets\/144422\/bmw-x5-xdrive30d-at-195kw-2020-aj-na-splatky-protiucet-2_14_max.webp","medium":"https:\/\/cdn.assetlog.ai\/assets\/144422\/bmw-x5-xdrive30d-at-195kw-2020-aj-na-splatky-protiucet-2_14_medium.webp","small":"https:\/\/cdn.assetlog.ai\/assets\/144422\/bmw-x5-xdrive30d-at-195kw-2020-aj-na-splatky-protiucet-2_14_small.webp"},{"id":114678,"max":"https:\/\/cdn.assetlog.ai\/assets\/144422\/bmw-x5-xdrive30d-at-195kw-2020-aj-na-splatky-protiucet-2_15_max.webp","medium":"https:\/\/cdn.assetlog.ai\/assets\/144422\/bmw-x5-xdrive30d-at-195kw-2020-aj-na-splatky-protiucet-2_15_medium.webp","small":"https:\/\/cdn.assetlog.ai\/assets\/144422\/bmw-x5-xdrive30d-at-195kw-2020-aj-na-splatky-protiucet-2_15_small.webp"},{"id":114679,"max":"https:\/\/cdn.assetlog.ai\/assets\/144422\/bmw-x5-xdrive30d-at-195kw-2020-aj-na-splatky-protiucet-2_16_max.webp","medium":"https:\/\/cdn.assetlog.ai\/assets\/144422\/bmw-x5-xdrive30d-at-195kw-2020-aj-na-splatky-protiucet-2_16_medium.webp","small":"https:\/\/cdn.assetlog.ai\/assets\/144422\/bmw-x5-xdrive30d-at-195kw-2020-aj-na-splatky-protiucet-2_16_small.webp"},{"id":114680,"max":"https:\/\/cdn.assetlog.ai\/assets\/144422\/bmw-x5-xdrive30d-at-195kw-2020-aj-na-splatky-protiucet-2_17_max.webp","medium":"https:\/\/cdn.assetlog.ai\/assets\/144422\/bmw-x5-xdrive30d-at-195kw-2020-aj-na-splatky-protiucet-2_17_medium.webp","small":"https:\/\/cdn.assetlog.ai\/assets\/144422\/bmw-x5-xdrive30d-at-195kw-2020-aj-na-splatky-protiucet-2_17_small.webp"},{"id":114681,"max":"https:\/\/cdn.assetlog.ai\/assets\/144422\/bmw-x5-xdrive30d-at-195kw-2020-aj-na-splatky-protiucet-2_18_max.webp","medium":"https:\/\/cdn.assetlog.ai\/assets\/144422\/bmw-x5-xdrive30d-at-195kw-2020-aj-na-splatky-protiucet-2_18_medium.webp","small":"https:\/\/cdn.assetlog.ai\/assets\/144422\/bmw-x5-xdrive30d-at-195kw-2020-aj-na-splatky-protiucet-2_18_small.webp"},{"id":114682,"max":"https:\/\/cdn.assetlog.ai\/assets\/144422\/bmw-x5-xdrive30d-at-195kw-2020-aj-na-splatky-protiucet-2_19_max.webp","medium":"https:\/\/cdn.assetlog.ai\/assets\/144422\/bmw-x5-xdrive30d-at-195kw-2020-aj-na-splatky-protiucet-2_19_medium.webp","small":"https:\/\/cdn.assetlog.ai\/assets\/144422\/bmw-x5-xdrive30d-at-195kw-2020-aj-na-splatky-protiucet-2_19_small.webp"},{"id":114683,"max":"https:\/\/cdn.assetlog.ai\/assets\/144422\/bmw-x5-xdrive30d-at-195kw-2020-aj-na-splatky-protiucet-2_20_max.webp","medium":"https:\/\/cdn.assetlog.ai\/assets\/144422\/bmw-x5-xdrive30d-at-195kw-2020-aj-na-splatky-protiucet-2_20_medium.webp","small":"https:\/\/cdn.assetlog.ai\/assets\/144422\/bmw-x5-xdrive30d-at-195kw-2020-aj-na-splatky-protiucet-2_20_small.webp"},{"id":114684,"max":"https:\/\/cdn.assetlog.ai\/assets\/144422\/bmw-x5-xdrive30d-at-195kw-2020-aj-na-splatky-protiucet-2_21_max.webp","medium":"https:\/\/cdn.assetlog.ai\/assets\/144422\/bmw-x5-xdrive30d-at-195kw-2020-aj-na-splatky-protiucet-2_21_medium.webp","small":"https:\/\/cdn.assetlog.ai\/assets\/144422\/bmw-x5-xdrive30d-at-195kw-2020-aj-na-splatky-protiucet-2_21_small.webp"},{"id":114685,"max":"https:\/\/cdn.assetlog.ai\/assets\/144422\/bmw-x5-xdrive30d-at-195kw-2020-aj-na-splatky-protiucet-2_22_max.webp","medium":"https:\/\/cdn.assetlog.ai\/assets\/144422\/bmw-x5-xdrive30d-at-195kw-2020-aj-na-splatky-protiucet-2_22_medium.webp","small":"https:\/\/cdn.assetlog.ai\/assets\/144422\/bmw-x5-xdrive30d-at-195kw-2020-aj-na-splatky-protiucet-2_22_small.webp"},{"id":114686,"max":"https:\/\/cdn.assetlog.ai\/assets\/144422\/bmw-x5-xdrive30d-at-195kw-2020-aj-na-splatky-protiucet-2_23_max.webp","medium":"https:\/\/cdn.assetlog.ai\/assets\/144422\/bmw-x5-xdrive30d-at-195kw-2020-aj-na-splatky-protiucet-2_23_medium.webp","small":"https:\/\/cdn.assetlog.ai\/assets\/144422\/bmw-x5-xdrive30d-at-195kw-2020-aj-na-splatky-protiucet-2_23_small.webp"},{"id":114687,"max":"https:\/\/cdn.assetlog.ai\/assets\/144422\/bmw-x5-xdrive30d-at-195kw-2020-aj-na-splatky-protiucet-2_24_max.webp","medium":"https:\/\/cdn.assetlog.ai\/assets\/144422\/bmw-x5-xdrive30d-at-195kw-2020-aj-na-splatky-protiucet-2_24_medium.webp","small":"https:\/\/cdn.assetlog.ai\/assets\/144422\/bmw-x5-xdrive30d-at-195kw-2020-aj-na-splatky-protiucet-2_24_small.webp"},{"id":114688,"max":"https:\/\/cdn.assetlog.ai\/assets\/144422\/bmw-x5-xdrive30d-at-195kw-2020-aj-na-splatky-protiucet-2_25_max.webp","medium":"https:\/\/cdn.assetlog.ai\/assets\/144422\/bmw-x5-xdrive30d-at-195kw-2020-aj-na-splatky-protiucet-2_25_medium.webp","small":"https:\/\/cdn.assetlog.ai\/assets\/144422\/bmw-x5-xdrive30d-at-195kw-2020-aj-na-splatky-protiucet-2_25_small.webp"},{"id":114689,"max":"https:\/\/cdn.assetlog.ai\/assets\/144422\/bmw-x5-xdrive30d-at-195kw-2020-aj-na-splatky-protiucet-2_26_max.webp","medium":"https:\/\/cdn.assetlog.ai\/assets\/144422\/bmw-x5-xdrive30d-at-195kw-2020-aj-na-splatky-protiucet-2_26_medium.webp","small":"https:\/\/cdn.assetlog.ai\/assets\/144422\/bmw-x5-xdrive30d-at-195kw-2020-aj-na-splatky-protiucet-2_26_small.webp"},{"id":114690,"max":"https:\/\/cdn.assetlog.ai\/assets\/144422\/bmw-x5-xdrive30d-at-195kw-2020-aj-na-splatky-protiucet-2_27_max.webp","medium":"https:\/\/cdn.assetlog.ai\/assets\/144422\/bmw-x5-xdrive30d-at-195kw-2020-aj-na-splatky-protiucet-2_27_medium.webp","small":"https:\/\/cdn.assetlog.ai\/assets\/144422\/bmw-x5-xdrive30d-at-195kw-2020-aj-na-splatky-protiucet-2_27_small.webp"},{"id":114691,"max":"https:\/\/cdn.assetlog.ai\/assets\/144422\/bmw-x5-xdrive30d-at-195kw-2020-aj-na-splatky-protiucet-2_28_max.webp","medium":"https:\/\/cdn.assetlog.ai\/assets\/144422\/bmw-x5-xdrive30d-at-195kw-2020-aj-na-splatky-protiucet-2_28_medium.webp","small":"https:\/\/cdn.assetlog.ai\/assets\/144422\/bmw-x5-xdrive30d-at-195kw-2020-aj-na-splatky-protiucet-2_28_small.webp"},{"id":114692,"max":"https:\/\/cdn.assetlog.ai\/assets\/144422\/bmw-x5-xdrive30d-at-195kw-2020-aj-na-splatky-protiucet-2_29_max.webp","medium":"https:\/\/cdn.assetlog.ai\/assets\/144422\/bmw-x5-xdrive30d-at-195kw-2020-aj-na-splatky-protiucet-2_29_medium.webp","small":"https:\/\/cdn.assetlog.ai\/assets\/144422\/bmw-x5-xdrive30d-at-195kw-2020-aj-na-splatky-protiucet-2_29_small.webp"},{"id":114693,"max":"https:\/\/cdn.assetlog.ai\/assets\/144422\/bmw-x5-xdrive30d-at-195kw-2020-aj-na-splatky-protiucet-2_30_max.webp","medium":"https:\/\/cdn.assetlog.ai\/assets\/144422\/bmw-x5-xdrive30d-at-195kw-2020-aj-na-splatky-protiucet-2_30_medium.webp","small":"https:\/\/cdn.assetlog.ai\/assets\/144422\/bmw-x5-xdrive30d-at-195kw-2020-aj-na-splatky-protiucet-2_30_small.webp"},{"id":114694,"max":"https:\/\/cdn.assetlog.ai\/assets\/144422\/bmw-x5-xdrive30d-at-195kw-2020-aj-na-splatky-protiucet-2_31_max.webp","medium":"https:\/\/cdn.assetlog.ai\/assets\/144422\/bmw-x5-xdrive30d-at-195kw-2020-aj-na-splatky-protiucet-2_31_medium.webp","small":"https:\/\/cdn.assetlog.ai\/assets\/144422\/bmw-x5-xdrive30d-at-195kw-2020-aj-na-splatky-protiucet-2_31_small.webp"},{"id":114695,"max":"https:\/\/cdn.assetlog.ai\/assets\/144422\/bmw-x5-xdrive30d-at-195kw-2020-aj-na-splatky-protiucet-2_32_max.webp","medium":"https:\/\/cdn.assetlog.ai\/assets\/144422\/bmw-x5-xdrive30d-at-195kw-2020-aj-na-splatky-protiucet-2_32_medium.webp","small":"https:\/\/cdn.assetlog.ai\/assets\/144422\/bmw-x5-xdrive30d-at-195kw-2020-aj-na-splatky-protiucet-2_32_small.webp"},{"id":114696,"max":"https:\/\/cdn.assetlog.ai\/assets\/144422\/bmw-x5-xdrive30d-at-195kw-2020-aj-na-splatky-protiucet-2_33_max.webp","medium":"https:\/\/cdn.assetlog.ai\/assets\/144422\/bmw-x5-xdrive30d-at-195kw-2020-aj-na-splatky-protiucet-2_33_medium.webp","small":"https:\/\/cdn.assetlog.ai\/assets\/144422\/bmw-x5-xdrive30d-at-195kw-2020-aj-na-splatky-protiucet-2_33_small.webp"},{"id":114697,"max":"https:\/\/cdn.assetlog.ai\/assets\/144422\/bmw-x5-xdrive30d-at-195kw-2020-aj-na-splatky-protiucet-2_34_max.webp","medium":"https:\/\/cdn.assetlog.ai\/assets\/144422\/bmw-x5-xdrive30d-at-195kw-2020-aj-na-splatky-protiucet-2_34_medium.webp","small":"https:\/\/cdn.assetlog.ai\/assets\/144422\/bmw-x5-xdrive30d-at-195kw-2020-aj-na-splatky-protiucet-2_34_small.webp"},{"id":114698,"max":"https:\/\/cdn.assetlog.ai\/assets\/144422\/bmw-x5-xdrive30d-at-195kw-2020-aj-na-splatky-protiucet-2_35_max.webp","medium":"https:\/\/cdn.assetlog.ai\/assets\/144422\/bmw-x5-xdrive30d-at-195kw-2020-aj-na-splatky-protiucet-2_35_medium.webp","small":"https:\/\/cdn.assetlog.ai\/assets\/144422\/bmw-x5-xdrive30d-at-195kw-2020-aj-na-splatky-protiucet-2_35_small.webp"},{"id":114699,"max":"https:\/\/cdn.assetlog.ai\/assets\/144422\/bmw-x5-xdrive30d-at-195kw-2020-aj-na-splatky-protiucet-2_36_max.webp","medium":"https:\/\/cdn.assetlog.ai\/assets\/144422\/bmw-x5-xdrive30d-at-195kw-2020-aj-na-splatky-protiucet-2_36_medium.webp","small":"https:\/\/cdn.assetlog.ai\/assets\/144422\/bmw-x5-xdrive30d-at-195kw-2020-aj-na-splatky-protiucet-2_36_small.webp"},{"id":114700,"max":"https:\/\/cdn.assetlog.ai\/assets\/144422\/bmw-x5-xdrive30d-at-195kw-2020-aj-na-splatky-protiucet-2_37_max.webp","medium":"https:\/\/cdn.assetlog.ai\/assets\/144422\/bmw-x5-xdrive30d-at-195kw-2020-aj-na-splatky-protiucet-2_37_medium.webp","small":"https:\/\/cdn.assetlog.ai\/assets\/144422\/bmw-x5-xdrive30d-at-195kw-2020-aj-na-splatky-protiucet-2_37_small.webp"},{"id":114701,"max":"https:\/\/cdn.assetlog.ai\/assets\/144422\/bmw-x5-xdrive30d-at-195kw-2020-aj-na-splatky-protiucet-2_38_max.webp","medium":"https:\/\/cdn.assetlog.ai\/assets\/144422\/bmw-x5-xdrive30d-at-195kw-2020-aj-na-splatky-protiucet-2_38_medium.webp","small":"https:\/\/cdn.assetlog.ai\/assets\/144422\/bmw-x5-xdrive30d-at-195kw-2020-aj-na-splatky-protiucet-2_38_small.webp"},{"id":114702,"max":"https:\/\/cdn.assetlog.ai\/assets\/144422\/bmw-x5-xdrive30d-at-195kw-2020-aj-na-splatky-protiucet-2_39_max.webp","medium":"https:\/\/cdn.assetlog.ai\/assets\/144422\/bmw-x5-xdrive30d-at-195kw-2020-aj-na-splatky-protiucet-2_39_medium.webp","small":"https:\/\/cdn.assetlog.ai\/assets\/144422\/bmw-x5-xdrive30d-at-195kw-2020-aj-na-splatky-protiucet-2_39_small.webp"},{"id":114703,"max":"https:\/\/cdn.assetlog.ai\/assets\/144422\/bmw-x5-xdrive30d-at-195kw-2020-aj-na-splatky-protiucet-2_40_max.webp","medium":"https:\/\/cdn.assetlog.ai\/assets\/144422\/bmw-x5-xdrive30d-at-195kw-2020-aj-na-splatky-protiucet-2_40_medium.webp","small":"https:\/\/cdn.assetlog.ai\/assets\/144422\/bmw-x5-xdrive30d-at-195kw-2020-aj-na-splatky-protiucet-2_40_small.webp"}],"published_at":null,"expires_at":null,"created_at":"2026-08-14T03:40:02+00:00","updated_at":"2026-09-01T03:41:10+00:00"}}