{"data":{"id":68,"slug":"bmw-x5-xdrive30d-at-195kwa8-zaruka-aj-na-splatky-protiucet","type":"vehicle","title":"BMW X5 xDrive30d A\/T, 195kW, A8 WARRANTY \/ ENGLISH AVAILABLE ON INSTALLMENTS \/ TRADE-IN","description":"Commission sale - you buy the vehicle directly from the owner. The car is in excellent technical condition and visually in good equipment. Garaged throughout its life with full service history. Last service: all brake discs and pads replaced including brake fluid change. The car is originally from Slovakia, current 2nd owner. The car is supplied with summer tires.\n\nWe offer attractive financing on monthly installments, so you can enjoy your new car right away and without waiting, with a down payment from 0% and installments up to 96 months. For your greater comfort and peace of mind, we can also provide extended warranty up to 12-36 months.\n\nIf you already own a car, you don't have to deal with selling it - in return we will take it directly from you. Just come to us with it, we will value it and deduct the costs from the value of your new car. You will save time, worry and money and the whole process will be quick and easy - you will drive away in your new car without unnecessary paperwork. The car has passed a test drive, paint measurement and document verification.\n\nVEHICLE LOCATED IN Bratislava. We will be happy to provide you with more information at phone number 0949 895 200 LRN: AA100NB.\n\nTechnical data\n\nManufactured: 06\/19, 2993cm\u00b3, 195kW (265PS), Vehicle generation: , Drive: 4\u00d74, Automatic transmission (8 gears), Diesel, EURO 6, 5 doors, (5-seater), 190,336km, Black metallic, VIN WBACV61060LK07391\n\nVehicle consumption (l\/100km)\n\nIn town: 6.8, outside town: 5.6, combined: 6\n\nLeasing possible, Credit possible, Full service history","language":"cs","is_translated":true,"title_original":"BMW X5 xDrive30d A\/T, 195kW,A8 Z\u00c1RUKA \/ AJ NA SPL\u00c1TKY \/ PROTI\u00da\u010cET","description_original":"Komisn\u00ed prodej - vozidlo kupujete p\u0159\u00edmo od majitele. V\u016fz je ve v\u00fdborn\u00e9m technick\u00e9m stavu a opticky v dobr\u00e9 v\u00fdbav\u011b. Po celou dobu gar\u00e1\u017eovan\u00fd s plnou servisn\u00ed histori\u00ed. Posledn\u00ed servis: vym\u011bn\u011bny v\u0161echny brzdov\u00e9 kotou\u010de a desti\u010dky v\u010detn\u011b v\u00fdm\u011bny brzdov\u00e9 kapaliny. V\u016fz je p\u016fvodem ze Slovenska sou\u010dasn\u00fd 2. majitel. V\u016fz je dod\u00e1v\u00e1n s letn\u00ed v\u00fdm\u011bnou.\n\nNab\u00edz\u00edme v\u00fdhodn\u00e9 financov\u00e1n\u00ed na m\u011bs\u00ed\u010dn\u00ed spl\u00e1tky, tak\u017ee si m\u016f\u017eete u\u017e\u00edvat sv\u016fj nov\u00fd v\u016fz hned a bez \u010dek\u00e1n\u00ed, s akontac\u00ed od 0 % a spl\u00e1tkami a\u017e na 96 m\u011bs\u00edc\u016f. Pro va\u0161e v\u011bt\u0161\u00ed pohodl\u00ed a jistotu m\u016f\u017eeme tak\u00e9 poskytnout prodlou\u017eenou z\u00e1ruku a\u017e na 12-36 m\u011bs\u00edc\u016f.\n\nPokud ji\u017e v\u016fz vlastn\u00edte, nemus\u00edte se zab\u00fdvat jeho prodejem - na opl\u00e1tku si ho od v\u00e1s p\u0159\u00edmo vezmeme. Sta\u010d\u00ed, kdy\u017e k n\u00e1m s n\u00edm p\u0159ijdete, my ho ocen\u00edme a n\u00e1klady ode\u010dteme od hodnoty va\u0161eho nov\u00e9ho vozu. U\u0161et\u0159\u00edte tak \u010das, starosti i pen\u00edze a cel\u00fd proces bude rychl\u00fd a snadn\u00fd - odjedete rovnou ve sv\u00e9m nov\u00e9m voze bez zbyte\u010dn\u00e9ho pap\u00edrov\u00e1n\u00ed. V\u016fz pro\u0161el zku\u0161ebn\u00ed j\u00edzdou, m\u011b\u0159en\u00edm laku a kontrolou doklad\u016f.\n\nVOZIDLO SE NACH\u00c1Z\u00cd V Bratislave. V\u00edce informac\u00ed v\u00e1m r\u00e1di poskytneme na telefonn\u00edm \u010d\u00edsle 0949 895 200 E\u010cV: AA100NB.\n\nTechnick\u00e9 \u00fadaje\n\nv.v.: 06\/19, 2993cm\u00b3, 195kW (265PS), Generace vozidla: , Pohon: 4\u00d74, Automatick\u00e1 p\u0159evodovka (8 st.), Diesel, EURO 6, 5 dv., (5-m\u00edstn\u00fd), 190 336km, \u010cern\u00e1 metal\u00edza, VIN WBACV61060LK07391\n\nSpot\u0159eba vozidla (l\/100km)\n\nVe m\u011bst\u011b: 6.8, mimo m\u011bsto: 5.6, kombinovan\u00e1: 6\n\nMo\u017en\u00fd leasing, Mo\u017en\u00fd \u00fav\u011br, \u00dapln\u00e1 servisn\u00ed historie","price":"725158.00","currency":"CZK","status":"active","noindex":true,"location":{"address":null,"full_address":null,"city":"Bratislava","country":"SK","latitude":48.1516988,"longitude":17.1093063},"metadata":{"vin":"WBACV61060LK07391","fuel":"diesel","year":2019,"brand":"BMW","color":"Black","doors":5,"drive":"AWD \/ 4x4","model":"X5","seats":5,"region":"Bratislavsk\u00fd kraj","mileage":190336,"emisions":"6","features":["Alarm","EBD\/EBV","ABS","ESP","DSC\/DTC","Brzdov\u00fd asistent (EBA, BAS)","ISOFIX na zadn\u00edch sedadlech","Deaktivace airbagu spolujezdce","Nat\u00e1\u010dec\u00ed sv\u011btlomety","Senzor tlaku","Syst\u00e9m rozpozn\u00e1v\u00e1n\u00ed dopravn\u00edch zna\u010dek","Varov\u00e1n\u00ed o vzd\u00e1lenosti (BAS Plus)","Sledov\u00e1n\u00ed \u00fanavy \u0159idi\u010de","T\u00eds\u0148ov\u00e9 vol\u00e1n\u00ed","Asistent d\u00e1lkov\u00fdch sv\u011btel (HBA)","Centr\u00e1ln\u00ed zamyk\u00e1n\u00ed","Zadn\u00ed el. stahovateln\u00e1 okna","El. nastaviteln\u00e1 p\u0159edn\u00ed sedadla","Elektricky nastaviteln\u00e1 zp\u011btn\u00e1 zrc\u00e1tka","Centr\u00e1ln\u00ed zamyk\u00e1n\u00ed na d\u00e1lkov\u00e9 ovl\u00e1d\u00e1n\u00ed","Automatick\u00e1 4-z\u00f3nov\u00e1 klimatizace","Autor\u00e1dio","Vyh\u0159\u00edvan\u00e9 \u010deln\u00ed sklo","Multifunk\u010dn\u00ed volant","Loketn\u00ed op\u011brka vp\u0159edu","Start\/Stop syst\u00e9m","Klimatizovan\u00e1 p\u0159ihr\u00e1dka","Apple Car Play","Android Auto","Welcome light","Digit\u00e1ln\u00ed p\u0159\u00edstrojov\u00e1 deska","P\u00e1dla pod volantem","Bezdr\u00e1tov\u00e1 nab\u00edje\u010dka mobiln\u00edch telefon\u016f","Lit\u00e1 kola","Mlhovky","Imobiliz\u00e9r","Palubn\u00ed po\u010d\u00edta\u010d","Navigace","Automatick\u00e9 parkov\u00e1n\u00ed","Tempomat","Ko\u017een\u00fd interi\u00e9r","Vyh\u0159\u00edvan\u00e1 sedadla","Elektricky vyh\u0159\u00edvan\u00e1 zp\u011btn\u00e1 zrc\u00e1tka","F\u00f3lie","Senzor st\u011bra\u010d\u016f","Sv\u011bteln\u00fd senzor","Zimn\u00ed sada kol","Parkovac\u00ed kamera","P\u0159edn\u00ed a zadn\u00ed parkovac\u00ed senzory","Adaptivn\u00ed tempomat","Elektrick\u00e9 dov\u00edr\u00e1n\u00ed v\u0161ech dve\u0159\u00ed","Bezkl\u00ed\u010dov\u00fd vstup","El. ovl\u00e1dan\u00fd kufr","Elektrick\u00e9 dov\u00edr\u00e1n\u00ed zavazadlov\u00e9ho prostoru","Ventilovan\u00e1 p\u0159edn\u00ed sedadla","Bluetooth","Denn\u00ed sv\u00edcen\u00ed","LED sv\u011btlomety","Bezdotykov\u00e9 ovl\u00e1d\u00e1n\u00ed v\u00edka zavazadlov\u00e9ho prostoru","Pam\u011b\u0165 nastaven\u00ed sedadla \u0159idi\u010de","Ambientn\u00ed LED osv\u011btlen\u00ed interi\u00e9ru","Mo\u017en\u00fd leasing","Mo\u017en\u00fd \u00faver","\u00dapln\u00e1 servisn\u00e1 hist\u00f3ria","Adaptivn\u00ed podvozek","ko\u017een\u00fd paket","Odo-pass","asistent udr\u017eov\u00e1n\u00ed j\u00edzdn\u00edho pruhu","asistent rozjezdu do kopce","monitorov\u00e1n\u00ed mrtv\u00e9ho \u00fahlu","- Vzduchov\u00e9 odpru\u017een\u00ed na obou n\u00e1prav\u00e1ch (2VR) \u2013 maxim\u00e1ln\u00ed komfort","mo\u017enost nastaven\u00ed v\u00fd\u0161ky","skv\u011bl\u00e9 i na dlouh\u00e9 trasy","- Driving Assistant Professional (5AU) + Active Guard Plus (5AQ) \u2013 pokro\u010dil\u00e9 asisten\u010dn\u00ed syst\u00e9my","vy\u0161\u0161\u00ed bezpe\u010dnost na d\u00e1lnici i ve m\u011bst\u011b","- BMW Laserlight (5AZ) + asistent d\u00e1lkov\u00fdch sv\u011btel (5AC) \u2013 vynikaj\u00edc\u00ed sv\u011bteln\u00fd v\u00fdkon","komfortn\u00ed no\u010dn\u00ed j\u00edzdy.","komfortn\u00ed sedadla s pam\u011bt\u00ed (456)","ventilovan\u00e1 p\u0159edn\u00ed sedadla (453)","vyh\u0159\u00edv\u00e1n\u00ed sedadel vp\u0159edu i vzadu (4HA)","t\u00f3novan\u00e1 skla \/ Sun protection glazing (420)","Soft-Close (tich\u00e9 zav\u00edr\u00e1n\u00ed dve\u0159\u00ed) (323) \u2013 pr\u00e9miov\u00e1 funkce","velmi praktick\u00e1","Comfort Access (322) \u2013 bezkl\u00ed\u010dov\u00fd p\u0159\u00edstup","Harman\/Kardon Surround (688) \u2013 \u0161pi\u010dkov\u00fd zvuk","Parkovac\u00ed asistent \/ Parking Assistance (5DM) \u2013 snadn\u00e9 parkov\u00e1n\u00ed","20&quot","origin\u00e1ln\u00ed disky BMW (1TA) + pneumatiky Runflat (258)","Sportovn\u00ed automatick\u00e1 p\u0159evodovka (2TB) + ko\u017een\u00fd volant M (710)","Bezdr\u00e1tov\u00e9 nab\u00edjen\u00ed telefonu + roz\u0161\u00ed\u0159en\u00e1 telefonie (6NW)","Ambientn\u00ed osv\u011btlen\u00ed interi\u00e9ru (4UR).","Dal\u0161\u00ed v\u00fdbava:","alarm (302)","kontrola tlaku v pneumatik\u00e1ch (2VB)","X-Line (7HW)","hlin\u00edkov\u00e9 li\u0161ty\/st\u0159e\u0161n\u00ed nosi\u010de","dekor Piano Black (4ML)","05A1 LED mlhov\u00e1 sv\u011btla","04T8 vn\u011bj\u0161\u00ed zrc\u00e1tka s automatick\u00fdm stm\u00edv\u00e1n\u00edm","06C3 Connected Package Professional","06U3 BMW Live Operating Area Professional","06AK ConnectedDrive Services","06AF z\u00e1konn\u00e9 t\u00eds\u0148ov\u00e9 vol\u00e1n\u00ed (eCall)","06AE Teleservices","03MB Indiv. Ext. Line (le\u0161t\u011bn\u00fd hlin\u00edk)","04AW palubn\u00ed deska Sensatec","0328 hlin\u00edkov\u00e1 stupa\u010dka","02PA uzamykateln\u00e9 \u0161rouby kol","0423 velurov\u00e9 roho\u017ee","0428 v\u00fdstra\u017en\u00fd troj\u00faheln\u00edk + l\u00e9k\u00e1rni\u010dka","08TF aktivn\u00ed ochrana chodc\u016f","asistent brzd\u011bn\u00ed","elektronick\u00fd sn\u00edma\u010d hladiny oleje","kryty zp\u011btn\u00fdch zrc\u00e1tek v barv\u011b vozu","LED zadn\u00ed sv\u011btla","USB porty","v\u00fd\u0161kov\u011b a pod\u00e9ln\u011b nastaviteln\u00fd volant","sportovn\u00ed ko\u017een\u00fd volant"],"power_kw":195,"body_type":"SUV","condition":"Used","transmission":"automatic","vat_deductible":false,"consumption_city":6.8,"translation_hash":"c1a974474195e3d772773f1efcee95900187d977","vehicle_category":"car","engine_volume_cm3":2993,"first_registration":"2019-06-01","translation_status":"done","consumption_highway":5.6,"consumption_combined":6},"user_id":18,"is_sponsored":false,"views_count":34,"ai_views_count":9,"ai_vendor_counts":{"other":1,"openai":5,"anthropic":3},"visibility":"public","submission_source":null,"submission_ai_name":null,"has_owner_email":true,"can_contact_owner":true,"phone":"+421 949 895 200","owner_email":"mikus@autorro.sk","user":{"id":18,"slug":"ing-jan-mikus-18","name":"Ing. J\u00e1n Miku\u0161","bio":"Makl\u00e9r. P\u016fsob\u00edm v Bratislave a okol\u00ed.\n\nP\u016fsobnost: Bratislava","nationality":"SK","languages":["cs","sk"],"service_areas":[],"card_style":null,"card_palette":null,"avatar_url":"https:\/\/cdn.assetlog.ai\/avatars\/18\/avatar_max.webp?v=1786535213","avatar_thumb_url":"https:\/\/cdn.assetlog.ai\/avatars\/18\/avatar_small.webp?v=1786535213","reviews_count":0,"avg_rating":null,"seller_badge":"silver","can_calendar":true},"images":[{"id":1527,"max":"https:\/\/cdn.assetlog.ai\/assets\/68\/bmw-x5-xdrive30d-at-195kwa8-zaruka-aj-na-splatky-protiucet_1_max.webp","medium":"https:\/\/cdn.assetlog.ai\/assets\/68\/bmw-x5-xdrive30d-at-195kwa8-zaruka-aj-na-splatky-protiucet_1_medium.webp","small":"https:\/\/cdn.assetlog.ai\/assets\/68\/bmw-x5-xdrive30d-at-195kwa8-zaruka-aj-na-splatky-protiucet_1_small.webp"},{"id":1528,"max":"https:\/\/cdn.assetlog.ai\/assets\/68\/bmw-x5-xdrive30d-at-195kwa8-zaruka-aj-na-splatky-protiucet_2_max.webp","medium":"https:\/\/cdn.assetlog.ai\/assets\/68\/bmw-x5-xdrive30d-at-195kwa8-zaruka-aj-na-splatky-protiucet_2_medium.webp","small":"https:\/\/cdn.assetlog.ai\/assets\/68\/bmw-x5-xdrive30d-at-195kwa8-zaruka-aj-na-splatky-protiucet_2_small.webp"},{"id":1529,"max":"https:\/\/cdn.assetlog.ai\/assets\/68\/bmw-x5-xdrive30d-at-195kwa8-zaruka-aj-na-splatky-protiucet_3_max.webp","medium":"https:\/\/cdn.assetlog.ai\/assets\/68\/bmw-x5-xdrive30d-at-195kwa8-zaruka-aj-na-splatky-protiucet_3_medium.webp","small":"https:\/\/cdn.assetlog.ai\/assets\/68\/bmw-x5-xdrive30d-at-195kwa8-zaruka-aj-na-splatky-protiucet_3_small.webp"},{"id":1530,"max":"https:\/\/cdn.assetlog.ai\/assets\/68\/bmw-x5-xdrive30d-at-195kwa8-zaruka-aj-na-splatky-protiucet_4_max.webp","medium":"https:\/\/cdn.assetlog.ai\/assets\/68\/bmw-x5-xdrive30d-at-195kwa8-zaruka-aj-na-splatky-protiucet_4_medium.webp","small":"https:\/\/cdn.assetlog.ai\/assets\/68\/bmw-x5-xdrive30d-at-195kwa8-zaruka-aj-na-splatky-protiucet_4_small.webp"},{"id":1531,"max":"https:\/\/cdn.assetlog.ai\/assets\/68\/bmw-x5-xdrive30d-at-195kwa8-zaruka-aj-na-splatky-protiucet_5_max.webp","medium":"https:\/\/cdn.assetlog.ai\/assets\/68\/bmw-x5-xdrive30d-at-195kwa8-zaruka-aj-na-splatky-protiucet_5_medium.webp","small":"https:\/\/cdn.assetlog.ai\/assets\/68\/bmw-x5-xdrive30d-at-195kwa8-zaruka-aj-na-splatky-protiucet_5_small.webp"},{"id":1532,"max":"https:\/\/cdn.assetlog.ai\/assets\/68\/bmw-x5-xdrive30d-at-195kwa8-zaruka-aj-na-splatky-protiucet_6_max.webp","medium":"https:\/\/cdn.assetlog.ai\/assets\/68\/bmw-x5-xdrive30d-at-195kwa8-zaruka-aj-na-splatky-protiucet_6_medium.webp","small":"https:\/\/cdn.assetlog.ai\/assets\/68\/bmw-x5-xdrive30d-at-195kwa8-zaruka-aj-na-splatky-protiucet_6_small.webp"},{"id":1533,"max":"https:\/\/cdn.assetlog.ai\/assets\/68\/bmw-x5-xdrive30d-at-195kwa8-zaruka-aj-na-splatky-protiucet_7_max.webp","medium":"https:\/\/cdn.assetlog.ai\/assets\/68\/bmw-x5-xdrive30d-at-195kwa8-zaruka-aj-na-splatky-protiucet_7_medium.webp","small":"https:\/\/cdn.assetlog.ai\/assets\/68\/bmw-x5-xdrive30d-at-195kwa8-zaruka-aj-na-splatky-protiucet_7_small.webp"},{"id":1534,"max":"https:\/\/cdn.assetlog.ai\/assets\/68\/bmw-x5-xdrive30d-at-195kwa8-zaruka-aj-na-splatky-protiucet_8_max.webp","medium":"https:\/\/cdn.assetlog.ai\/assets\/68\/bmw-x5-xdrive30d-at-195kwa8-zaruka-aj-na-splatky-protiucet_8_medium.webp","small":"https:\/\/cdn.assetlog.ai\/assets\/68\/bmw-x5-xdrive30d-at-195kwa8-zaruka-aj-na-splatky-protiucet_8_small.webp"},{"id":1535,"max":"https:\/\/cdn.assetlog.ai\/assets\/68\/bmw-x5-xdrive30d-at-195kwa8-zaruka-aj-na-splatky-protiucet_9_max.webp","medium":"https:\/\/cdn.assetlog.ai\/assets\/68\/bmw-x5-xdrive30d-at-195kwa8-zaruka-aj-na-splatky-protiucet_9_medium.webp","small":"https:\/\/cdn.assetlog.ai\/assets\/68\/bmw-x5-xdrive30d-at-195kwa8-zaruka-aj-na-splatky-protiucet_9_small.webp"},{"id":1536,"max":"https:\/\/cdn.assetlog.ai\/assets\/68\/bmw-x5-xdrive30d-at-195kwa8-zaruka-aj-na-splatky-protiucet_10_max.webp","medium":"https:\/\/cdn.assetlog.ai\/assets\/68\/bmw-x5-xdrive30d-at-195kwa8-zaruka-aj-na-splatky-protiucet_10_medium.webp","small":"https:\/\/cdn.assetlog.ai\/assets\/68\/bmw-x5-xdrive30d-at-195kwa8-zaruka-aj-na-splatky-protiucet_10_small.webp"},{"id":1537,"max":"https:\/\/cdn.assetlog.ai\/assets\/68\/bmw-x5-xdrive30d-at-195kwa8-zaruka-aj-na-splatky-protiucet_11_max.webp","medium":"https:\/\/cdn.assetlog.ai\/assets\/68\/bmw-x5-xdrive30d-at-195kwa8-zaruka-aj-na-splatky-protiucet_11_medium.webp","small":"https:\/\/cdn.assetlog.ai\/assets\/68\/bmw-x5-xdrive30d-at-195kwa8-zaruka-aj-na-splatky-protiucet_11_small.webp"},{"id":1538,"max":"https:\/\/cdn.assetlog.ai\/assets\/68\/bmw-x5-xdrive30d-at-195kwa8-zaruka-aj-na-splatky-protiucet_12_max.webp","medium":"https:\/\/cdn.assetlog.ai\/assets\/68\/bmw-x5-xdrive30d-at-195kwa8-zaruka-aj-na-splatky-protiucet_12_medium.webp","small":"https:\/\/cdn.assetlog.ai\/assets\/68\/bmw-x5-xdrive30d-at-195kwa8-zaruka-aj-na-splatky-protiucet_12_small.webp"},{"id":1539,"max":"https:\/\/cdn.assetlog.ai\/assets\/68\/bmw-x5-xdrive30d-at-195kwa8-zaruka-aj-na-splatky-protiucet_13_max.webp","medium":"https:\/\/cdn.assetlog.ai\/assets\/68\/bmw-x5-xdrive30d-at-195kwa8-zaruka-aj-na-splatky-protiucet_13_medium.webp","small":"https:\/\/cdn.assetlog.ai\/assets\/68\/bmw-x5-xdrive30d-at-195kwa8-zaruka-aj-na-splatky-protiucet_13_small.webp"},{"id":1540,"max":"https:\/\/cdn.assetlog.ai\/assets\/68\/bmw-x5-xdrive30d-at-195kwa8-zaruka-aj-na-splatky-protiucet_14_max.webp","medium":"https:\/\/cdn.assetlog.ai\/assets\/68\/bmw-x5-xdrive30d-at-195kwa8-zaruka-aj-na-splatky-protiucet_14_medium.webp","small":"https:\/\/cdn.assetlog.ai\/assets\/68\/bmw-x5-xdrive30d-at-195kwa8-zaruka-aj-na-splatky-protiucet_14_small.webp"},{"id":1541,"max":"https:\/\/cdn.assetlog.ai\/assets\/68\/bmw-x5-xdrive30d-at-195kwa8-zaruka-aj-na-splatky-protiucet_15_max.webp","medium":"https:\/\/cdn.assetlog.ai\/assets\/68\/bmw-x5-xdrive30d-at-195kwa8-zaruka-aj-na-splatky-protiucet_15_medium.webp","small":"https:\/\/cdn.assetlog.ai\/assets\/68\/bmw-x5-xdrive30d-at-195kwa8-zaruka-aj-na-splatky-protiucet_15_small.webp"},{"id":1542,"max":"https:\/\/cdn.assetlog.ai\/assets\/68\/bmw-x5-xdrive30d-at-195kwa8-zaruka-aj-na-splatky-protiucet_16_max.webp","medium":"https:\/\/cdn.assetlog.ai\/assets\/68\/bmw-x5-xdrive30d-at-195kwa8-zaruka-aj-na-splatky-protiucet_16_medium.webp","small":"https:\/\/cdn.assetlog.ai\/assets\/68\/bmw-x5-xdrive30d-at-195kwa8-zaruka-aj-na-splatky-protiucet_16_small.webp"},{"id":1543,"max":"https:\/\/cdn.assetlog.ai\/assets\/68\/bmw-x5-xdrive30d-at-195kwa8-zaruka-aj-na-splatky-protiucet_17_max.webp","medium":"https:\/\/cdn.assetlog.ai\/assets\/68\/bmw-x5-xdrive30d-at-195kwa8-zaruka-aj-na-splatky-protiucet_17_medium.webp","small":"https:\/\/cdn.assetlog.ai\/assets\/68\/bmw-x5-xdrive30d-at-195kwa8-zaruka-aj-na-splatky-protiucet_17_small.webp"},{"id":1544,"max":"https:\/\/cdn.assetlog.ai\/assets\/68\/bmw-x5-xdrive30d-at-195kwa8-zaruka-aj-na-splatky-protiucet_18_max.webp","medium":"https:\/\/cdn.assetlog.ai\/assets\/68\/bmw-x5-xdrive30d-at-195kwa8-zaruka-aj-na-splatky-protiucet_18_medium.webp","small":"https:\/\/cdn.assetlog.ai\/assets\/68\/bmw-x5-xdrive30d-at-195kwa8-zaruka-aj-na-splatky-protiucet_18_small.webp"},{"id":1545,"max":"https:\/\/cdn.assetlog.ai\/assets\/68\/bmw-x5-xdrive30d-at-195kwa8-zaruka-aj-na-splatky-protiucet_19_max.webp","medium":"https:\/\/cdn.assetlog.ai\/assets\/68\/bmw-x5-xdrive30d-at-195kwa8-zaruka-aj-na-splatky-protiucet_19_medium.webp","small":"https:\/\/cdn.assetlog.ai\/assets\/68\/bmw-x5-xdrive30d-at-195kwa8-zaruka-aj-na-splatky-protiucet_19_small.webp"},{"id":1546,"max":"https:\/\/cdn.assetlog.ai\/assets\/68\/bmw-x5-xdrive30d-at-195kwa8-zaruka-aj-na-splatky-protiucet_20_max.webp","medium":"https:\/\/cdn.assetlog.ai\/assets\/68\/bmw-x5-xdrive30d-at-195kwa8-zaruka-aj-na-splatky-protiucet_20_medium.webp","small":"https:\/\/cdn.assetlog.ai\/assets\/68\/bmw-x5-xdrive30d-at-195kwa8-zaruka-aj-na-splatky-protiucet_20_small.webp"},{"id":1547,"max":"https:\/\/cdn.assetlog.ai\/assets\/68\/bmw-x5-xdrive30d-at-195kwa8-zaruka-aj-na-splatky-protiucet_21_max.webp","medium":"https:\/\/cdn.assetlog.ai\/assets\/68\/bmw-x5-xdrive30d-at-195kwa8-zaruka-aj-na-splatky-protiucet_21_medium.webp","small":"https:\/\/cdn.assetlog.ai\/assets\/68\/bmw-x5-xdrive30d-at-195kwa8-zaruka-aj-na-splatky-protiucet_21_small.webp"},{"id":1548,"max":"https:\/\/cdn.assetlog.ai\/assets\/68\/bmw-x5-xdrive30d-at-195kwa8-zaruka-aj-na-splatky-protiucet_22_max.webp","medium":"https:\/\/cdn.assetlog.ai\/assets\/68\/bmw-x5-xdrive30d-at-195kwa8-zaruka-aj-na-splatky-protiucet_22_medium.webp","small":"https:\/\/cdn.assetlog.ai\/assets\/68\/bmw-x5-xdrive30d-at-195kwa8-zaruka-aj-na-splatky-protiucet_22_small.webp"},{"id":1549,"max":"https:\/\/cdn.assetlog.ai\/assets\/68\/bmw-x5-xdrive30d-at-195kwa8-zaruka-aj-na-splatky-protiucet_23_max.webp","medium":"https:\/\/cdn.assetlog.ai\/assets\/68\/bmw-x5-xdrive30d-at-195kwa8-zaruka-aj-na-splatky-protiucet_23_medium.webp","small":"https:\/\/cdn.assetlog.ai\/assets\/68\/bmw-x5-xdrive30d-at-195kwa8-zaruka-aj-na-splatky-protiucet_23_small.webp"},{"id":1550,"max":"https:\/\/cdn.assetlog.ai\/assets\/68\/bmw-x5-xdrive30d-at-195kwa8-zaruka-aj-na-splatky-protiucet_24_max.webp","medium":"https:\/\/cdn.assetlog.ai\/assets\/68\/bmw-x5-xdrive30d-at-195kwa8-zaruka-aj-na-splatky-protiucet_24_medium.webp","small":"https:\/\/cdn.assetlog.ai\/assets\/68\/bmw-x5-xdrive30d-at-195kwa8-zaruka-aj-na-splatky-protiucet_24_small.webp"},{"id":1551,"max":"https:\/\/cdn.assetlog.ai\/assets\/68\/bmw-x5-xdrive30d-at-195kwa8-zaruka-aj-na-splatky-protiucet_25_max.webp","medium":"https:\/\/cdn.assetlog.ai\/assets\/68\/bmw-x5-xdrive30d-at-195kwa8-zaruka-aj-na-splatky-protiucet_25_medium.webp","small":"https:\/\/cdn.assetlog.ai\/assets\/68\/bmw-x5-xdrive30d-at-195kwa8-zaruka-aj-na-splatky-protiucet_25_small.webp"},{"id":1552,"max":"https:\/\/cdn.assetlog.ai\/assets\/68\/bmw-x5-xdrive30d-at-195kwa8-zaruka-aj-na-splatky-protiucet_26_max.webp","medium":"https:\/\/cdn.assetlog.ai\/assets\/68\/bmw-x5-xdrive30d-at-195kwa8-zaruka-aj-na-splatky-protiucet_26_medium.webp","small":"https:\/\/cdn.assetlog.ai\/assets\/68\/bmw-x5-xdrive30d-at-195kwa8-zaruka-aj-na-splatky-protiucet_26_small.webp"},{"id":1553,"max":"https:\/\/cdn.assetlog.ai\/assets\/68\/bmw-x5-xdrive30d-at-195kwa8-zaruka-aj-na-splatky-protiucet_27_max.webp","medium":"https:\/\/cdn.assetlog.ai\/assets\/68\/bmw-x5-xdrive30d-at-195kwa8-zaruka-aj-na-splatky-protiucet_27_medium.webp","small":"https:\/\/cdn.assetlog.ai\/assets\/68\/bmw-x5-xdrive30d-at-195kwa8-zaruka-aj-na-splatky-protiucet_27_small.webp"},{"id":1554,"max":"https:\/\/cdn.assetlog.ai\/assets\/68\/bmw-x5-xdrive30d-at-195kwa8-zaruka-aj-na-splatky-protiucet_28_max.webp","medium":"https:\/\/cdn.assetlog.ai\/assets\/68\/bmw-x5-xdrive30d-at-195kwa8-zaruka-aj-na-splatky-protiucet_28_medium.webp","small":"https:\/\/cdn.assetlog.ai\/assets\/68\/bmw-x5-xdrive30d-at-195kwa8-zaruka-aj-na-splatky-protiucet_28_small.webp"},{"id":1555,"max":"https:\/\/cdn.assetlog.ai\/assets\/68\/bmw-x5-xdrive30d-at-195kwa8-zaruka-aj-na-splatky-protiucet_29_max.webp","medium":"https:\/\/cdn.assetlog.ai\/assets\/68\/bmw-x5-xdrive30d-at-195kwa8-zaruka-aj-na-splatky-protiucet_29_medium.webp","small":"https:\/\/cdn.assetlog.ai\/assets\/68\/bmw-x5-xdrive30d-at-195kwa8-zaruka-aj-na-splatky-protiucet_29_small.webp"},{"id":1556,"max":"https:\/\/cdn.assetlog.ai\/assets\/68\/bmw-x5-xdrive30d-at-195kwa8-zaruka-aj-na-splatky-protiucet_30_max.webp","medium":"https:\/\/cdn.assetlog.ai\/assets\/68\/bmw-x5-xdrive30d-at-195kwa8-zaruka-aj-na-splatky-protiucet_30_medium.webp","small":"https:\/\/cdn.assetlog.ai\/assets\/68\/bmw-x5-xdrive30d-at-195kwa8-zaruka-aj-na-splatky-protiucet_30_small.webp"},{"id":1557,"max":"https:\/\/cdn.assetlog.ai\/assets\/68\/bmw-x5-xdrive30d-at-195kwa8-zaruka-aj-na-splatky-protiucet_31_max.webp","medium":"https:\/\/cdn.assetlog.ai\/assets\/68\/bmw-x5-xdrive30d-at-195kwa8-zaruka-aj-na-splatky-protiucet_31_medium.webp","small":"https:\/\/cdn.assetlog.ai\/assets\/68\/bmw-x5-xdrive30d-at-195kwa8-zaruka-aj-na-splatky-protiucet_31_small.webp"},{"id":1558,"max":"https:\/\/cdn.assetlog.ai\/assets\/68\/bmw-x5-xdrive30d-at-195kwa8-zaruka-aj-na-splatky-protiucet_32_max.webp","medium":"https:\/\/cdn.assetlog.ai\/assets\/68\/bmw-x5-xdrive30d-at-195kwa8-zaruka-aj-na-splatky-protiucet_32_medium.webp","small":"https:\/\/cdn.assetlog.ai\/assets\/68\/bmw-x5-xdrive30d-at-195kwa8-zaruka-aj-na-splatky-protiucet_32_small.webp"},{"id":1559,"max":"https:\/\/cdn.assetlog.ai\/assets\/68\/bmw-x5-xdrive30d-at-195kwa8-zaruka-aj-na-splatky-protiucet_33_max.webp","medium":"https:\/\/cdn.assetlog.ai\/assets\/68\/bmw-x5-xdrive30d-at-195kwa8-zaruka-aj-na-splatky-protiucet_33_medium.webp","small":"https:\/\/cdn.assetlog.ai\/assets\/68\/bmw-x5-xdrive30d-at-195kwa8-zaruka-aj-na-splatky-protiucet_33_small.webp"},{"id":1560,"max":"https:\/\/cdn.assetlog.ai\/assets\/68\/bmw-x5-xdrive30d-at-195kwa8-zaruka-aj-na-splatky-protiucet_34_max.webp","medium":"https:\/\/cdn.assetlog.ai\/assets\/68\/bmw-x5-xdrive30d-at-195kwa8-zaruka-aj-na-splatky-protiucet_34_medium.webp","small":"https:\/\/cdn.assetlog.ai\/assets\/68\/bmw-x5-xdrive30d-at-195kwa8-zaruka-aj-na-splatky-protiucet_34_small.webp"},{"id":1561,"max":"https:\/\/cdn.assetlog.ai\/assets\/68\/bmw-x5-xdrive30d-at-195kwa8-zaruka-aj-na-splatky-protiucet_35_max.webp","medium":"https:\/\/cdn.assetlog.ai\/assets\/68\/bmw-x5-xdrive30d-at-195kwa8-zaruka-aj-na-splatky-protiucet_35_medium.webp","small":"https:\/\/cdn.assetlog.ai\/assets\/68\/bmw-x5-xdrive30d-at-195kwa8-zaruka-aj-na-splatky-protiucet_35_small.webp"},{"id":1562,"max":"https:\/\/cdn.assetlog.ai\/assets\/68\/bmw-x5-xdrive30d-at-195kwa8-zaruka-aj-na-splatky-protiucet_36_max.webp","medium":"https:\/\/cdn.assetlog.ai\/assets\/68\/bmw-x5-xdrive30d-at-195kwa8-zaruka-aj-na-splatky-protiucet_36_medium.webp","small":"https:\/\/cdn.assetlog.ai\/assets\/68\/bmw-x5-xdrive30d-at-195kwa8-zaruka-aj-na-splatky-protiucet_36_small.webp"},{"id":1563,"max":"https:\/\/cdn.assetlog.ai\/assets\/68\/bmw-x5-xdrive30d-at-195kwa8-zaruka-aj-na-splatky-protiucet_37_max.webp","medium":"https:\/\/cdn.assetlog.ai\/assets\/68\/bmw-x5-xdrive30d-at-195kwa8-zaruka-aj-na-splatky-protiucet_37_medium.webp","small":"https:\/\/cdn.assetlog.ai\/assets\/68\/bmw-x5-xdrive30d-at-195kwa8-zaruka-aj-na-splatky-protiucet_37_small.webp"},{"id":1564,"max":"https:\/\/cdn.assetlog.ai\/assets\/68\/bmw-x5-xdrive30d-at-195kwa8-zaruka-aj-na-splatky-protiucet_38_max.webp","medium":"https:\/\/cdn.assetlog.ai\/assets\/68\/bmw-x5-xdrive30d-at-195kwa8-zaruka-aj-na-splatky-protiucet_38_medium.webp","small":"https:\/\/cdn.assetlog.ai\/assets\/68\/bmw-x5-xdrive30d-at-195kwa8-zaruka-aj-na-splatky-protiucet_38_small.webp"},{"id":1565,"max":"https:\/\/cdn.assetlog.ai\/assets\/68\/bmw-x5-xdrive30d-at-195kwa8-zaruka-aj-na-splatky-protiucet_39_max.webp","medium":"https:\/\/cdn.assetlog.ai\/assets\/68\/bmw-x5-xdrive30d-at-195kwa8-zaruka-aj-na-splatky-protiucet_39_medium.webp","small":"https:\/\/cdn.assetlog.ai\/assets\/68\/bmw-x5-xdrive30d-at-195kwa8-zaruka-aj-na-splatky-protiucet_39_small.webp"},{"id":1566,"max":"https:\/\/cdn.assetlog.ai\/assets\/68\/bmw-x5-xdrive30d-at-195kwa8-zaruka-aj-na-splatky-protiucet_40_max.webp","medium":"https:\/\/cdn.assetlog.ai\/assets\/68\/bmw-x5-xdrive30d-at-195kwa8-zaruka-aj-na-splatky-protiucet_40_medium.webp","small":"https:\/\/cdn.assetlog.ai\/assets\/68\/bmw-x5-xdrive30d-at-195kwa8-zaruka-aj-na-splatky-protiucet_40_small.webp"}],"published_at":null,"expires_at":null,"created_at":"2026-06-07T07:44:48+00:00","updated_at":"2026-09-01T03:41:01+00:00"}}