{"data":{"id":142827,"slug":"citroen-berlingo-business-bluehdi-100-ss-feel-pack-m-75kw-aj-na-splatky-protiucet","type":"vehicle","title":"Citro\u00ebn Berlingo Business BlueHDi 100 SS Feel Pack M 75kW \/ ON INSTALLMENTS \/ TRADE-IN \/","description":"Commission sale \u2013 you purchase the vehicle directly from the owner.\n\nCitro\u00ebn Berlingo is a practical and economical vehicle suitable for families, business use and everyday driving. It offers generous interior space and versatility, making it ideal for longer trips or transporting larger amounts of luggage. The economical BlueHDi diesel engine with 75 kW power combined with a manual transmission provides a good balance of performance and fuel consumption.\nThe vehicle is from the first owner, purchased as new in Slovakia, with complete service history and service booklet. Warranty valid until 09\/2026. The vehicle comes with 2 keys. It is fitted with Michelin summer tires on R16 rims; winter tires on rims are also included with the vehicle.\n\nWe offer advantageous financing options with monthly installments, so you can enjoy your new vehicle immediately, without unnecessary waiting, with a down payment from 0% and installments up to 96 months. On the Autorro website, you can fill out a non-binding financing form.\n\nFor your greater comfort and peace of mind, we can provide you with extended warranty up to 12-36 months.\n\nIf you already own a vehicle, you don't have to worry about selling it - in return, we will take it directly from you. Just come to us with it, we will evaluate it and deduct the costs from the value of your new vehicle. You will save time, hassle and money, and the entire process will be quick and easy - you will drive away in your new vehicle without unnecessary paperwork.\n\nTHE VEHICLE IS LOCATED IN Lu\u010denec.\nFor more information, please call us at 0907 097 633. License plate: LC402DU. Registration certificate valid until: 2026-09-01. Technical inspection valid until: 2026-09-01.\n\nTechnical Data\n\nYear of manufacture: 09\/22, 1499cc, 75kW (102HP), Drive: Front-wheel drive, Manual (6-speed), Diesel, EURO 6, 5 doors, (5-seater), 34,000 km, Grey metallic, VIN VR7EFYHT2NJ685639\n\nVehicle Fuel Consumption (l\/100km)\n\nCity: 4.8, highway: 4, combined: 4.3\n\nFirst owner, Service booklet, Never damaged, Leasing possible, Purchased as new in Slovakia, Trade-in possible, Finance available, Under warranty, Complete service history, Low fuel consumption","language":"cs","is_translated":true,"title_original":"Citro\u00ebn Berlingo Business BlueHDi 100 SS Feel Pack M 75kW \/ AJ NA SPL\u00c1TKY \/ PROTI\u00da\u010cET \/","description_original":"Prodej na komisi \u2013 vozidlo kupujete p\u0159\u00edmo od majitele.\n\nCitro\u00ebn Berlingo je praktick\u00e9 a \u00fasporn\u00e9 vozidlo vhodn\u00e9 pro rodinu, podnik\u00e1n\u00ed i ka\u017edodenn\u00ed pou\u017eit\u00ed. Nab\u00edz\u00ed velkorys\u00fd vnit\u0159n\u00ed prostor a variabilitu, d\u00edky \u010demu\u017e je ide\u00e1ln\u00ed i na del\u0161\u00ed cesty nebo p\u0159epravu v\u011bt\u0161\u00edho mno\u017estv\u00ed zavazadel. \u00dasporn\u00fd dieselov\u00fd motor BlueHDi s v\u00fdkonem 75 kW v kombinaci s manu\u00e1ln\u00ed p\u0159evodovkou poskytuje dobr\u00fd pom\u011br v\u00fdkonu a spot\u0159eby.\nVozidlo je od prvn\u00edho majitele, zakoupen\u00e9 jako nov\u00e9 na Slovensku, s kompletn\u00ed servisn\u00ed histori\u00ed a servisn\u00ed kn\u00ed\u017ekou. Z\u00e1ruka plat\u00ed do 09\/2026. K vozidlu jsou 2 kl\u00ed\u010de. Je obuto na letn\u00ed pneumatiky Michelin na r\u00e1fc\u00edch R16, k vozidlu jsou tak\u00e9 zimn\u00ed pneumatiky na r\u00e1fc\u00edch.\n\nNab\u00edz\u00edme mo\u017enost v\u00fdhodn\u00e9ho financov\u00e1n\u00ed s m\u011bs\u00ed\u010dn\u00edmi spl\u00e1tkami, tak\u017ee si sv\u00e9 nov\u00e9 vozidlo m\u016f\u017eete u\u017e\u00edt ihned, bez zbyte\u010dn\u00e9ho \u010dek\u00e1n\u00ed, s akontac\u00ed od 0 % a spl\u00e1tkami a\u017e na 96 m\u011bs\u00edc\u016f. Na str\u00e1nk\u00e1ch Autorro m\u016f\u017eete vyplnit nez\u00e1vazn\u00fd formul\u00e1\u0159 pro financov\u00e1n\u00ed.\n\nPro va\u0161e v\u011bt\u0161\u00ed pohodl\u00ed a jistotu v\u00e1m m\u016f\u017eeme poskytnout prodlou\u017eenou z\u00e1ruku a\u017e na 12-36 m\u011bs\u00edc\u016f.\n\nPokud ji\u017e v\u016fz vlastn\u00edte, nemus\u00edte se zab\u00fdvat jeho prodejem - na opl\u00e1tku si ho od v\u00e1s p\u0159\u00edmo vezmeme. Sta\u010d\u00ed, kdy\u017e k n\u00e1m s n\u00edm p\u0159ijdete, my ho ocen\u00edme a n\u00e1klady ode\u010dteme od hodnoty va\u0161eho nov\u00e9ho vozu. U\u0161et\u0159\u00edte tak \u010das, starosti i pen\u00edze a cel\u00fd proces bude rychl\u00fd a snadn\u00fd - odjedete rovnou ve sv\u00e9m nov\u00e9m voze bez zbyte\u010dn\u00e9ho pap\u00edrov\u00e1n\u00ed.\n\nVOZIDLO SE NACH\u00c1Z\u00cd V Lu\u010denci.\nViac inform\u00e1ci\u00ed V\u00e1m poskytneme na telefonn\u00edm \u010d\u00edsle 0907 097 633. E\u010cV: LC402DU. EK platn\u00e1 do: 2026-09-01. STK platn\u00e1 do: 2026-09-01.\n\nTechnick\u00e9 \u00fadaje\n\nv.v.: 09\/22, 1499cm\u00b3, 75kW (102PS), Pohon: Pohon p\u0159edn\u00edch kol, Manu\u00e1ln\u00ed (6 st.), Diesel, EURO 6, 5 dv., (5-m\u00edstn\u00fd), 34 000km, \u0160ed\u00e1 metal\u00edza, VIN VR7EFYHT2NJ685639\n\nSpot\u0159eba vozidla (l\/100km)\n\nVe m\u011bst\u011b: 4.8, mimo m\u011bsto: 4, kombinovan\u00e1: 4.3\n\nPrvn\u00ed majitel, Servisn\u00ed kn\u00ed\u017eka, Nikdy neb\u00faran\u00e9, Mo\u017en\u00fd leasing, Jako nov\u00e9 koupen\u00e9 v SR, Mo\u017en\u00e1 v\u00fdm\u011bna, Mo\u017en\u00fd \u00fav\u011br, V z\u00e1ruce, \u00dapln\u00e1 servisn\u00ed historie, N\u00edzk\u00e1 spot\u0159eba","price":"415552.00","currency":"CZK","status":"active","noindex":true,"location":{"address":null,"full_address":null,"city":"Lu\u010denec","country":"SK","latitude":48.3303886,"longitude":19.6634149},"metadata":{"vin":"VR7EFYHT2NJ685639","fuel":"diesel","year":2022,"brand":"Citro\u00ebn","color":"Grey","doors":5,"drive":"Front-wheel drive","model":"Berlingo","seats":5,"region":"Banskobystrick\u00fd kraj","mileage":34000,"emisions":"Euro 6","features":["Posilova\u010d \u0159\u00edzen\u00ed","ABS","ESP","ISOFIX na zadn\u00edch sedadlech","Senzor tlaku","Asistent d\u00e1lkov\u00fdch sv\u011btel (HBA)","Centr\u00e1ln\u00ed zamyk\u00e1n\u00ed","P\u0159edn\u00ed el. stahovateln\u00e1 okna","Elektricky nastaviteln\u00e1 zp\u011btn\u00e1 zrc\u00e1tka","Automatick\u00e1 2-z\u00f3nov\u00e1 klimatizace","Centr\u00e1ln\u00ed zamyk\u00e1n\u00ed na d\u00e1lkov\u00e9 ovl\u00e1d\u00e1n\u00ed","Autor\u00e1dio","Multifunk\u010dn\u00ed volant","Loketn\u00ed op\u011brka vp\u0159edu","Venkovn\u00ed teplom\u011br","Apple Car Play","Android Auto","Lit\u00e1 kola","Mlhovky","Imobiliz\u00e9r","Palubn\u00ed po\u010d\u00edta\u010d","Automatick\u00e9 parkov\u00e1n\u00ed","Tempomat","F\u00f3lie","Zimn\u00ed sada kol","Start\/Stop syst\u00e9m","Zadn\u00ed parkovac\u00ed senzory","Bluetooth","Denn\u00ed sv\u00edcen\u00ed","Prv\u00fd majite\u013e","Serv. kni\u017eka","Nikdy neb\u00faran\u00e9","Mo\u017en\u00fd leasing","Ako nov\u00e9 k\u00fapen\u00e9 v SR","Mo\u017en\u00e1 v\u00fdmena","Mo\u017en\u00fd \u00faver","v z\u00e1ruke","\u00dapln\u00e1 servisn\u00e1 hist\u00f3ria","N\u00edzka spotreba","Odo-pass","Asistent pro udr\u017eov\u00e1n\u00ed v j\u00edzdn\u00edm pruhu","Asistent pro rozjezd do kopce"],"power_kw":75,"body_type":"MPV","condition":"Used","transmission":"manual","vat_deductible":false,"consumption_city":4.8,"translation_hash":"0253cccbae9edf68de9a7a98e188fc83013a519c","vehicle_category":"car","engine_volume_cm3":1499,"first_registration":"2022-09-01","translation_status":"done","consumption_highway":4,"consumption_combined":4.3},"user_id":40,"is_sponsored":false,"views_count":14,"ai_views_count":8,"ai_vendor_counts":{"meta":4,"openai":2,"anthropic":2},"visibility":"public","submission_source":null,"submission_ai_name":null,"has_owner_email":true,"can_contact_owner":true,"phone":"0907 097 633","owner_email":"juhaniak@autorro.sk","user":{"id":40,"slug":"david-juhaniak-40","name":"David Juhaniak","bio":"Makl\u00e9r. P\u016fsob\u00edm v Rimavskej Sobote a okol\u00ed.\n\nP\u016fsobnost: Rimavsk\u00e1 Sobota","nationality":"SK","languages":["cs","sk"],"service_areas":[],"card_style":null,"card_palette":null,"avatar_url":"https:\/\/cdn.assetlog.ai\/avatars\/40\/avatar_max.webp?v=1786535213","avatar_thumb_url":"https:\/\/cdn.assetlog.ai\/avatars\/40\/avatar_small.webp?v=1786535213","reviews_count":0,"avg_rating":null,"seller_badge":"silver","can_calendar":true},"images":[{"id":112358,"max":"https:\/\/cdn.assetlog.ai\/assets\/142827\/citroen-berlingo-business-bluehdi-100-ss-feel-pack-m-75kw-aj-na-splatky-protiucet_1_max.webp","medium":"https:\/\/cdn.assetlog.ai\/assets\/142827\/citroen-berlingo-business-bluehdi-100-ss-feel-pack-m-75kw-aj-na-splatky-protiucet_1_medium.webp","small":"https:\/\/cdn.assetlog.ai\/assets\/142827\/citroen-berlingo-business-bluehdi-100-ss-feel-pack-m-75kw-aj-na-splatky-protiucet_1_small.webp"},{"id":112359,"max":"https:\/\/cdn.assetlog.ai\/assets\/142827\/citroen-berlingo-business-bluehdi-100-ss-feel-pack-m-75kw-aj-na-splatky-protiucet_2_max.webp","medium":"https:\/\/cdn.assetlog.ai\/assets\/142827\/citroen-berlingo-business-bluehdi-100-ss-feel-pack-m-75kw-aj-na-splatky-protiucet_2_medium.webp","small":"https:\/\/cdn.assetlog.ai\/assets\/142827\/citroen-berlingo-business-bluehdi-100-ss-feel-pack-m-75kw-aj-na-splatky-protiucet_2_small.webp"},{"id":112360,"max":"https:\/\/cdn.assetlog.ai\/assets\/142827\/citroen-berlingo-business-bluehdi-100-ss-feel-pack-m-75kw-aj-na-splatky-protiucet_3_max.webp","medium":"https:\/\/cdn.assetlog.ai\/assets\/142827\/citroen-berlingo-business-bluehdi-100-ss-feel-pack-m-75kw-aj-na-splatky-protiucet_3_medium.webp","small":"https:\/\/cdn.assetlog.ai\/assets\/142827\/citroen-berlingo-business-bluehdi-100-ss-feel-pack-m-75kw-aj-na-splatky-protiucet_3_small.webp"},{"id":112361,"max":"https:\/\/cdn.assetlog.ai\/assets\/142827\/citroen-berlingo-business-bluehdi-100-ss-feel-pack-m-75kw-aj-na-splatky-protiucet_4_max.webp","medium":"https:\/\/cdn.assetlog.ai\/assets\/142827\/citroen-berlingo-business-bluehdi-100-ss-feel-pack-m-75kw-aj-na-splatky-protiucet_4_medium.webp","small":"https:\/\/cdn.assetlog.ai\/assets\/142827\/citroen-berlingo-business-bluehdi-100-ss-feel-pack-m-75kw-aj-na-splatky-protiucet_4_small.webp"},{"id":112362,"max":"https:\/\/cdn.assetlog.ai\/assets\/142827\/citroen-berlingo-business-bluehdi-100-ss-feel-pack-m-75kw-aj-na-splatky-protiucet_5_max.webp","medium":"https:\/\/cdn.assetlog.ai\/assets\/142827\/citroen-berlingo-business-bluehdi-100-ss-feel-pack-m-75kw-aj-na-splatky-protiucet_5_medium.webp","small":"https:\/\/cdn.assetlog.ai\/assets\/142827\/citroen-berlingo-business-bluehdi-100-ss-feel-pack-m-75kw-aj-na-splatky-protiucet_5_small.webp"},{"id":112363,"max":"https:\/\/cdn.assetlog.ai\/assets\/142827\/citroen-berlingo-business-bluehdi-100-ss-feel-pack-m-75kw-aj-na-splatky-protiucet_6_max.webp","medium":"https:\/\/cdn.assetlog.ai\/assets\/142827\/citroen-berlingo-business-bluehdi-100-ss-feel-pack-m-75kw-aj-na-splatky-protiucet_6_medium.webp","small":"https:\/\/cdn.assetlog.ai\/assets\/142827\/citroen-berlingo-business-bluehdi-100-ss-feel-pack-m-75kw-aj-na-splatky-protiucet_6_small.webp"},{"id":112364,"max":"https:\/\/cdn.assetlog.ai\/assets\/142827\/citroen-berlingo-business-bluehdi-100-ss-feel-pack-m-75kw-aj-na-splatky-protiucet_7_max.webp","medium":"https:\/\/cdn.assetlog.ai\/assets\/142827\/citroen-berlingo-business-bluehdi-100-ss-feel-pack-m-75kw-aj-na-splatky-protiucet_7_medium.webp","small":"https:\/\/cdn.assetlog.ai\/assets\/142827\/citroen-berlingo-business-bluehdi-100-ss-feel-pack-m-75kw-aj-na-splatky-protiucet_7_small.webp"},{"id":112365,"max":"https:\/\/cdn.assetlog.ai\/assets\/142827\/citroen-berlingo-business-bluehdi-100-ss-feel-pack-m-75kw-aj-na-splatky-protiucet_8_max.webp","medium":"https:\/\/cdn.assetlog.ai\/assets\/142827\/citroen-berlingo-business-bluehdi-100-ss-feel-pack-m-75kw-aj-na-splatky-protiucet_8_medium.webp","small":"https:\/\/cdn.assetlog.ai\/assets\/142827\/citroen-berlingo-business-bluehdi-100-ss-feel-pack-m-75kw-aj-na-splatky-protiucet_8_small.webp"},{"id":112366,"max":"https:\/\/cdn.assetlog.ai\/assets\/142827\/citroen-berlingo-business-bluehdi-100-ss-feel-pack-m-75kw-aj-na-splatky-protiucet_9_max.webp","medium":"https:\/\/cdn.assetlog.ai\/assets\/142827\/citroen-berlingo-business-bluehdi-100-ss-feel-pack-m-75kw-aj-na-splatky-protiucet_9_medium.webp","small":"https:\/\/cdn.assetlog.ai\/assets\/142827\/citroen-berlingo-business-bluehdi-100-ss-feel-pack-m-75kw-aj-na-splatky-protiucet_9_small.webp"},{"id":112367,"max":"https:\/\/cdn.assetlog.ai\/assets\/142827\/citroen-berlingo-business-bluehdi-100-ss-feel-pack-m-75kw-aj-na-splatky-protiucet_10_max.webp","medium":"https:\/\/cdn.assetlog.ai\/assets\/142827\/citroen-berlingo-business-bluehdi-100-ss-feel-pack-m-75kw-aj-na-splatky-protiucet_10_medium.webp","small":"https:\/\/cdn.assetlog.ai\/assets\/142827\/citroen-berlingo-business-bluehdi-100-ss-feel-pack-m-75kw-aj-na-splatky-protiucet_10_small.webp"},{"id":112368,"max":"https:\/\/cdn.assetlog.ai\/assets\/142827\/citroen-berlingo-business-bluehdi-100-ss-feel-pack-m-75kw-aj-na-splatky-protiucet_11_max.webp","medium":"https:\/\/cdn.assetlog.ai\/assets\/142827\/citroen-berlingo-business-bluehdi-100-ss-feel-pack-m-75kw-aj-na-splatky-protiucet_11_medium.webp","small":"https:\/\/cdn.assetlog.ai\/assets\/142827\/citroen-berlingo-business-bluehdi-100-ss-feel-pack-m-75kw-aj-na-splatky-protiucet_11_small.webp"},{"id":112369,"max":"https:\/\/cdn.assetlog.ai\/assets\/142827\/citroen-berlingo-business-bluehdi-100-ss-feel-pack-m-75kw-aj-na-splatky-protiucet_12_max.webp","medium":"https:\/\/cdn.assetlog.ai\/assets\/142827\/citroen-berlingo-business-bluehdi-100-ss-feel-pack-m-75kw-aj-na-splatky-protiucet_12_medium.webp","small":"https:\/\/cdn.assetlog.ai\/assets\/142827\/citroen-berlingo-business-bluehdi-100-ss-feel-pack-m-75kw-aj-na-splatky-protiucet_12_small.webp"},{"id":112370,"max":"https:\/\/cdn.assetlog.ai\/assets\/142827\/citroen-berlingo-business-bluehdi-100-ss-feel-pack-m-75kw-aj-na-splatky-protiucet_13_max.webp","medium":"https:\/\/cdn.assetlog.ai\/assets\/142827\/citroen-berlingo-business-bluehdi-100-ss-feel-pack-m-75kw-aj-na-splatky-protiucet_13_medium.webp","small":"https:\/\/cdn.assetlog.ai\/assets\/142827\/citroen-berlingo-business-bluehdi-100-ss-feel-pack-m-75kw-aj-na-splatky-protiucet_13_small.webp"},{"id":112371,"max":"https:\/\/cdn.assetlog.ai\/assets\/142827\/citroen-berlingo-business-bluehdi-100-ss-feel-pack-m-75kw-aj-na-splatky-protiucet_14_max.webp","medium":"https:\/\/cdn.assetlog.ai\/assets\/142827\/citroen-berlingo-business-bluehdi-100-ss-feel-pack-m-75kw-aj-na-splatky-protiucet_14_medium.webp","small":"https:\/\/cdn.assetlog.ai\/assets\/142827\/citroen-berlingo-business-bluehdi-100-ss-feel-pack-m-75kw-aj-na-splatky-protiucet_14_small.webp"},{"id":112372,"max":"https:\/\/cdn.assetlog.ai\/assets\/142827\/citroen-berlingo-business-bluehdi-100-ss-feel-pack-m-75kw-aj-na-splatky-protiucet_15_max.webp","medium":"https:\/\/cdn.assetlog.ai\/assets\/142827\/citroen-berlingo-business-bluehdi-100-ss-feel-pack-m-75kw-aj-na-splatky-protiucet_15_medium.webp","small":"https:\/\/cdn.assetlog.ai\/assets\/142827\/citroen-berlingo-business-bluehdi-100-ss-feel-pack-m-75kw-aj-na-splatky-protiucet_15_small.webp"},{"id":112373,"max":"https:\/\/cdn.assetlog.ai\/assets\/142827\/citroen-berlingo-business-bluehdi-100-ss-feel-pack-m-75kw-aj-na-splatky-protiucet_16_max.webp","medium":"https:\/\/cdn.assetlog.ai\/assets\/142827\/citroen-berlingo-business-bluehdi-100-ss-feel-pack-m-75kw-aj-na-splatky-protiucet_16_medium.webp","small":"https:\/\/cdn.assetlog.ai\/assets\/142827\/citroen-berlingo-business-bluehdi-100-ss-feel-pack-m-75kw-aj-na-splatky-protiucet_16_small.webp"},{"id":112374,"max":"https:\/\/cdn.assetlog.ai\/assets\/142827\/citroen-berlingo-business-bluehdi-100-ss-feel-pack-m-75kw-aj-na-splatky-protiucet_17_max.webp","medium":"https:\/\/cdn.assetlog.ai\/assets\/142827\/citroen-berlingo-business-bluehdi-100-ss-feel-pack-m-75kw-aj-na-splatky-protiucet_17_medium.webp","small":"https:\/\/cdn.assetlog.ai\/assets\/142827\/citroen-berlingo-business-bluehdi-100-ss-feel-pack-m-75kw-aj-na-splatky-protiucet_17_small.webp"},{"id":112375,"max":"https:\/\/cdn.assetlog.ai\/assets\/142827\/citroen-berlingo-business-bluehdi-100-ss-feel-pack-m-75kw-aj-na-splatky-protiucet_18_max.webp","medium":"https:\/\/cdn.assetlog.ai\/assets\/142827\/citroen-berlingo-business-bluehdi-100-ss-feel-pack-m-75kw-aj-na-splatky-protiucet_18_medium.webp","small":"https:\/\/cdn.assetlog.ai\/assets\/142827\/citroen-berlingo-business-bluehdi-100-ss-feel-pack-m-75kw-aj-na-splatky-protiucet_18_small.webp"},{"id":112376,"max":"https:\/\/cdn.assetlog.ai\/assets\/142827\/citroen-berlingo-business-bluehdi-100-ss-feel-pack-m-75kw-aj-na-splatky-protiucet_19_max.webp","medium":"https:\/\/cdn.assetlog.ai\/assets\/142827\/citroen-berlingo-business-bluehdi-100-ss-feel-pack-m-75kw-aj-na-splatky-protiucet_19_medium.webp","small":"https:\/\/cdn.assetlog.ai\/assets\/142827\/citroen-berlingo-business-bluehdi-100-ss-feel-pack-m-75kw-aj-na-splatky-protiucet_19_small.webp"},{"id":112377,"max":"https:\/\/cdn.assetlog.ai\/assets\/142827\/citroen-berlingo-business-bluehdi-100-ss-feel-pack-m-75kw-aj-na-splatky-protiucet_20_max.webp","medium":"https:\/\/cdn.assetlog.ai\/assets\/142827\/citroen-berlingo-business-bluehdi-100-ss-feel-pack-m-75kw-aj-na-splatky-protiucet_20_medium.webp","small":"https:\/\/cdn.assetlog.ai\/assets\/142827\/citroen-berlingo-business-bluehdi-100-ss-feel-pack-m-75kw-aj-na-splatky-protiucet_20_small.webp"},{"id":112378,"max":"https:\/\/cdn.assetlog.ai\/assets\/142827\/citroen-berlingo-business-bluehdi-100-ss-feel-pack-m-75kw-aj-na-splatky-protiucet_21_max.webp","medium":"https:\/\/cdn.assetlog.ai\/assets\/142827\/citroen-berlingo-business-bluehdi-100-ss-feel-pack-m-75kw-aj-na-splatky-protiucet_21_medium.webp","small":"https:\/\/cdn.assetlog.ai\/assets\/142827\/citroen-berlingo-business-bluehdi-100-ss-feel-pack-m-75kw-aj-na-splatky-protiucet_21_small.webp"},{"id":112379,"max":"https:\/\/cdn.assetlog.ai\/assets\/142827\/citroen-berlingo-business-bluehdi-100-ss-feel-pack-m-75kw-aj-na-splatky-protiucet_22_max.webp","medium":"https:\/\/cdn.assetlog.ai\/assets\/142827\/citroen-berlingo-business-bluehdi-100-ss-feel-pack-m-75kw-aj-na-splatky-protiucet_22_medium.webp","small":"https:\/\/cdn.assetlog.ai\/assets\/142827\/citroen-berlingo-business-bluehdi-100-ss-feel-pack-m-75kw-aj-na-splatky-protiucet_22_small.webp"},{"id":112380,"max":"https:\/\/cdn.assetlog.ai\/assets\/142827\/citroen-berlingo-business-bluehdi-100-ss-feel-pack-m-75kw-aj-na-splatky-protiucet_23_max.webp","medium":"https:\/\/cdn.assetlog.ai\/assets\/142827\/citroen-berlingo-business-bluehdi-100-ss-feel-pack-m-75kw-aj-na-splatky-protiucet_23_medium.webp","small":"https:\/\/cdn.assetlog.ai\/assets\/142827\/citroen-berlingo-business-bluehdi-100-ss-feel-pack-m-75kw-aj-na-splatky-protiucet_23_small.webp"},{"id":112381,"max":"https:\/\/cdn.assetlog.ai\/assets\/142827\/citroen-berlingo-business-bluehdi-100-ss-feel-pack-m-75kw-aj-na-splatky-protiucet_24_max.webp","medium":"https:\/\/cdn.assetlog.ai\/assets\/142827\/citroen-berlingo-business-bluehdi-100-ss-feel-pack-m-75kw-aj-na-splatky-protiucet_24_medium.webp","small":"https:\/\/cdn.assetlog.ai\/assets\/142827\/citroen-berlingo-business-bluehdi-100-ss-feel-pack-m-75kw-aj-na-splatky-protiucet_24_small.webp"},{"id":112382,"max":"https:\/\/cdn.assetlog.ai\/assets\/142827\/citroen-berlingo-business-bluehdi-100-ss-feel-pack-m-75kw-aj-na-splatky-protiucet_25_max.webp","medium":"https:\/\/cdn.assetlog.ai\/assets\/142827\/citroen-berlingo-business-bluehdi-100-ss-feel-pack-m-75kw-aj-na-splatky-protiucet_25_medium.webp","small":"https:\/\/cdn.assetlog.ai\/assets\/142827\/citroen-berlingo-business-bluehdi-100-ss-feel-pack-m-75kw-aj-na-splatky-protiucet_25_small.webp"},{"id":112383,"max":"https:\/\/cdn.assetlog.ai\/assets\/142827\/citroen-berlingo-business-bluehdi-100-ss-feel-pack-m-75kw-aj-na-splatky-protiucet_26_max.webp","medium":"https:\/\/cdn.assetlog.ai\/assets\/142827\/citroen-berlingo-business-bluehdi-100-ss-feel-pack-m-75kw-aj-na-splatky-protiucet_26_medium.webp","small":"https:\/\/cdn.assetlog.ai\/assets\/142827\/citroen-berlingo-business-bluehdi-100-ss-feel-pack-m-75kw-aj-na-splatky-protiucet_26_small.webp"},{"id":112384,"max":"https:\/\/cdn.assetlog.ai\/assets\/142827\/citroen-berlingo-business-bluehdi-100-ss-feel-pack-m-75kw-aj-na-splatky-protiucet_27_max.webp","medium":"https:\/\/cdn.assetlog.ai\/assets\/142827\/citroen-berlingo-business-bluehdi-100-ss-feel-pack-m-75kw-aj-na-splatky-protiucet_27_medium.webp","small":"https:\/\/cdn.assetlog.ai\/assets\/142827\/citroen-berlingo-business-bluehdi-100-ss-feel-pack-m-75kw-aj-na-splatky-protiucet_27_small.webp"},{"id":112385,"max":"https:\/\/cdn.assetlog.ai\/assets\/142827\/citroen-berlingo-business-bluehdi-100-ss-feel-pack-m-75kw-aj-na-splatky-protiucet_28_max.webp","medium":"https:\/\/cdn.assetlog.ai\/assets\/142827\/citroen-berlingo-business-bluehdi-100-ss-feel-pack-m-75kw-aj-na-splatky-protiucet_28_medium.webp","small":"https:\/\/cdn.assetlog.ai\/assets\/142827\/citroen-berlingo-business-bluehdi-100-ss-feel-pack-m-75kw-aj-na-splatky-protiucet_28_small.webp"},{"id":112386,"max":"https:\/\/cdn.assetlog.ai\/assets\/142827\/citroen-berlingo-business-bluehdi-100-ss-feel-pack-m-75kw-aj-na-splatky-protiucet_29_max.webp","medium":"https:\/\/cdn.assetlog.ai\/assets\/142827\/citroen-berlingo-business-bluehdi-100-ss-feel-pack-m-75kw-aj-na-splatky-protiucet_29_medium.webp","small":"https:\/\/cdn.assetlog.ai\/assets\/142827\/citroen-berlingo-business-bluehdi-100-ss-feel-pack-m-75kw-aj-na-splatky-protiucet_29_small.webp"},{"id":112387,"max":"https:\/\/cdn.assetlog.ai\/assets\/142827\/citroen-berlingo-business-bluehdi-100-ss-feel-pack-m-75kw-aj-na-splatky-protiucet_30_max.webp","medium":"https:\/\/cdn.assetlog.ai\/assets\/142827\/citroen-berlingo-business-bluehdi-100-ss-feel-pack-m-75kw-aj-na-splatky-protiucet_30_medium.webp","small":"https:\/\/cdn.assetlog.ai\/assets\/142827\/citroen-berlingo-business-bluehdi-100-ss-feel-pack-m-75kw-aj-na-splatky-protiucet_30_small.webp"},{"id":112388,"max":"https:\/\/cdn.assetlog.ai\/assets\/142827\/citroen-berlingo-business-bluehdi-100-ss-feel-pack-m-75kw-aj-na-splatky-protiucet_31_max.webp","medium":"https:\/\/cdn.assetlog.ai\/assets\/142827\/citroen-berlingo-business-bluehdi-100-ss-feel-pack-m-75kw-aj-na-splatky-protiucet_31_medium.webp","small":"https:\/\/cdn.assetlog.ai\/assets\/142827\/citroen-berlingo-business-bluehdi-100-ss-feel-pack-m-75kw-aj-na-splatky-protiucet_31_small.webp"},{"id":112389,"max":"https:\/\/cdn.assetlog.ai\/assets\/142827\/citroen-berlingo-business-bluehdi-100-ss-feel-pack-m-75kw-aj-na-splatky-protiucet_32_max.webp","medium":"https:\/\/cdn.assetlog.ai\/assets\/142827\/citroen-berlingo-business-bluehdi-100-ss-feel-pack-m-75kw-aj-na-splatky-protiucet_32_medium.webp","small":"https:\/\/cdn.assetlog.ai\/assets\/142827\/citroen-berlingo-business-bluehdi-100-ss-feel-pack-m-75kw-aj-na-splatky-protiucet_32_small.webp"},{"id":112390,"max":"https:\/\/cdn.assetlog.ai\/assets\/142827\/citroen-berlingo-business-bluehdi-100-ss-feel-pack-m-75kw-aj-na-splatky-protiucet_33_max.webp","medium":"https:\/\/cdn.assetlog.ai\/assets\/142827\/citroen-berlingo-business-bluehdi-100-ss-feel-pack-m-75kw-aj-na-splatky-protiucet_33_medium.webp","small":"https:\/\/cdn.assetlog.ai\/assets\/142827\/citroen-berlingo-business-bluehdi-100-ss-feel-pack-m-75kw-aj-na-splatky-protiucet_33_small.webp"},{"id":112391,"max":"https:\/\/cdn.assetlog.ai\/assets\/142827\/citroen-berlingo-business-bluehdi-100-ss-feel-pack-m-75kw-aj-na-splatky-protiucet_34_max.webp","medium":"https:\/\/cdn.assetlog.ai\/assets\/142827\/citroen-berlingo-business-bluehdi-100-ss-feel-pack-m-75kw-aj-na-splatky-protiucet_34_medium.webp","small":"https:\/\/cdn.assetlog.ai\/assets\/142827\/citroen-berlingo-business-bluehdi-100-ss-feel-pack-m-75kw-aj-na-splatky-protiucet_34_small.webp"},{"id":112392,"max":"https:\/\/cdn.assetlog.ai\/assets\/142827\/citroen-berlingo-business-bluehdi-100-ss-feel-pack-m-75kw-aj-na-splatky-protiucet_35_max.webp","medium":"https:\/\/cdn.assetlog.ai\/assets\/142827\/citroen-berlingo-business-bluehdi-100-ss-feel-pack-m-75kw-aj-na-splatky-protiucet_35_medium.webp","small":"https:\/\/cdn.assetlog.ai\/assets\/142827\/citroen-berlingo-business-bluehdi-100-ss-feel-pack-m-75kw-aj-na-splatky-protiucet_35_small.webp"}],"published_at":null,"expires_at":null,"created_at":"2026-08-09T03:40:08+00:00","updated_at":"2026-09-01T03:40:57+00:00"}}