{"data":{"id":177384,"slug":"citroen-c4-puretech-130-eat8-96kw-2025-aj-na-splatky-protiucet","type":"vehicle","title":"Citro\u00ebn C4 PureTech 130 EAT8 96kW 2025 \/ PAYMENT PLAN AVAILABLE \/ TRADE-IN ACCEPTED","description":"During the service interval, the vehicle underwent 1 oil change.\nSTK-EC valid until: 10.07.2029\n\nWarranty until 07\/2027.\nPurchased in Slovakia at Final CD dealership.\nOnly one owner.\nReason for sale: purchasing an electric vehicle.\n\nThe vehicle has no insurance claims, has not been in an accident, and all steel parts of the bodywork still have the original paint. Legally clear \u2013 no liens, leasing, loans, or execution blocks. Still smells brand new.\n\nAlmost new Citro\u00ebn C4, model year 2025, with just over 12,000 km on the odometer \u2013 a comfortable car that stands out with its soft suspension, excellent sound insulation, and comfortable higher seating position. Modern design, spacious interior, and practical trunk space make it an ideal vehicle for daily driving and longer trips. Minimal mileage, maximum comfort, and still a very fresh car that doesn't look like a used vehicle.\n\n\u2714 It is possible to buy on installment payments and use your car as a trade-in.\n\n\u2714 Sale mediated by Autorro Prievidza. You are buying directly from the owner.\n\n\u2714 Contact: Peter Mjartan\n- 0950 224 271 \u2013 also via WhatsApp\n- 0952 532 818\n\nIf I don't answer, I'll call you back.\n\nTechnical Specifications\n\nYear: 07\/25, 1199 cm\u00b3, 96kW (131 HP), Drive: Front-wheel drive, Automatic transmission (8-speed), Petrol, EURO 6, 5-door, (5-seater), 12,207 km, White metallic, VIN VR7BAHNS5SE054024\n\nFuel Consumption (l\/100 km)\n\nCombined: 5.9\n\nFirst owner, Service book, Leasing possible, Purchased as new in Slovakia, Loan possible, Under warranty, Complete service history","language":"cs","is_translated":true,"title_original":"Citro\u00ebn C4 PureTech 130 EAT8 96kW 2025 \/ AJ NA SPL\u00c1TKY \/ PROTI\u00da\u010cET","description_original":"V r\u00e1mci servisn\u00edho intervalu bylo u vozidla provedeno 1x v\u00fdm\u011bna oleje.\nSTK-EK platn\u00e1 do: 10.07.2029\n\nZ\u00e1ruka do 07\/2027.\nZakoupeno na Slovensku v obchod\u011b Final CD.\nPouze jeden majitel.\nD\u016fvod prodeje: po\u0159\u00edzen\u00ed elektromobilu.\n\nVozidlo nem\u00e1 \u017e\u00e1dn\u00e9 pojistn\u00e9 ud\u00e1losti, nebylo havarovan\u00e9 a v\u0161echny ocelov\u00e9 \u010d\u00e1sti karoserie maj\u00ed st\u00e1le p\u016fvodn\u00ed lak. Pr\u00e1vn\u011b bez z\u00e1vad \u2013 bez z\u00e1stavn\u00edch pr\u00e1v, leasingu, \u00fav\u011bru ani exeku\u010dn\u00edch blokac\u00ed. Je\u0161t\u011b von\u00ed novotou.\n\nT\u00e9m\u011b\u0159 nov\u00fd Citro\u00ebn C4, rok v\u00fdroby 2025, s n\u00e1jezdem jen n\u011bco p\u0159es 12 000 km \u2013 pohodln\u00e9 auto, kter\u00e9 vynik\u00e1 m\u011bkk\u00fdm podvozkem, dobrou zvukovou izolac\u00ed a pohodln\u00fdm vy\u0161\u0161\u00edm posezem. Modern\u00ed design, prostorn\u00fd interi\u00e9r a praktick\u00fd zavazadlov\u00fd prostor z n\u011bj d\u011blaj\u00ed ide\u00e1ln\u00ed v\u016fz pro ka\u017edodenn\u00ed j\u00edzdy i del\u0161\u00ed trasy. Minim\u00e1ln\u00ed po\u010det kilometr\u016f, maxim\u00e1ln\u00ed komfort a st\u00e1le velmi sv\u011b\u017e\u00ed v\u016fz, kter\u00fd nep\u016fsob\u00ed jako ojetina.\n\n\u2714Je mo\u017en\u00e9 koupit i na spl\u00e1tky a vyu\u017e\u00edt va\u0161e auto jako protihodnotu.\n\n\u2714Prodej zprost\u0159edkovan\u00fd spole\u010dnost\u00ed Autorro Prievidza. Kupujete p\u0159\u00edmo od majitele.\n\n\u2714Kontakt: Peter Mjartan\n- 0950 224 271 \u2013 tak\u00e9 p\u0159es WhatsApp\n- 0952 532 818\n\nPokud to nezvednu, zavol\u00e1m v\u00e1m zp\u011bt.\n\nTechnick\u00e9 \u00fadaje\n\nv.v.: 07\/25, 1199cm\u00b3, 96kW (131PS), Pohon: Pohon p\u0159edn\u00edch kol, Automatick\u00e1 p\u0159evodovka (8 st.), Benz\u00edn, EURO 6, 5 dv., (5-m\u00edstn\u00fd), 12 207km, B\u00edl\u00e1 metal\u00edza, VIN VR7BAHNS5SE054024\n\nSpot\u0159eba vozidla (l\/100km)\n\nkombinovan\u00e1: 5.9\n\nPrvn\u00ed majitel, Servisn\u00ed kn\u00ed\u017eka, Mo\u017en\u00fd leasing, Jako nov\u00e9 koupen\u00e9 v SR, Mo\u017en\u00fd \u00fav\u011br, V z\u00e1ruce, \u00dapln\u00e1 servisn\u00ed historie","price":"429451.00","currency":"CZK","status":"active","noindex":true,"location":{"address":null,"full_address":null,"city":"Prievidza","country":"SK","latitude":48.7718361,"longitude":18.6234916},"metadata":{"vin":"VR7BAHNS5SE054024","fuel":"petrol","year":2025,"brand":"Citro\u00ebn","color":"White","doors":5,"drive":"Front-wheel drive","model":"C4","seats":5,"region":"Tren\u010diansky kraj","mileage":12207,"emisions":"Euro 6","features":["Posilova\u010d \u0159\u00edzen\u00ed","ABS","ESP","Brzdov\u00fd asistent (EBA, BAS)","ISOFIX na zadn\u00edch sedadlech","Deaktivace airbagu spolujezdce","Senzor tlaku","Syst\u00e9m rozpozn\u00e1v\u00e1n\u00ed dopravn\u00edch zna\u010dek","Centr\u00e1ln\u00ed zamyk\u00e1n\u00ed","Zadn\u00ed el. stahovateln\u00e1 okna","Elektricky nastaviteln\u00e1 zp\u011btn\u00e1 zrc\u00e1tka","Automatick\u00e1 2-z\u00f3nov\u00e1 klimatizace","Centr\u00e1ln\u00ed zamyk\u00e1n\u00ed na d\u00e1lkov\u00e9 ovl\u00e1d\u00e1n\u00ed","Autor\u00e1dio","Multifunk\u010dn\u00ed volant","Loketn\u00ed op\u011brka vp\u0159edu","Apple Car Play","Android Auto","Welcome light","Digit\u00e1ln\u00ed p\u0159\u00edstrojov\u00e1 deska","Lit\u00e1 kola","Imobiliz\u00e9r","Palubn\u00ed po\u010d\u00edta\u010d","Navigace","Tempomat","Vyh\u0159\u00edvan\u00e1 sedadla","Elektricky vyh\u0159\u00edvan\u00e1 zp\u011btn\u00e1 zrc\u00e1tka","Senzor st\u011bra\u010d\u016f","Sv\u011bteln\u00fd senzor","Zimn\u00ed sada kol","Start\/Stop syst\u00e9m","Parkovac\u00ed kamera","Zadn\u00ed parkovac\u00ed senzory","Bluetooth","LED sv\u011btlomety","Prv\u00fd majite\u013e","Serv. kni\u017eka","Mo\u017en\u00fd leasing","Ako nov\u00e9 k\u00fapen\u00e9 v SR","Mo\u017en\u00fd \u00faver","v z\u00e1ruke","\u00dapln\u00e1 servisn\u00e1 hist\u00f3ria","Asistent udr\u017eov\u00e1n\u00ed j\u00edzdn\u00edho pruhu","asistent rozjezdu do kopce","sklopn\u00e1 zp\u011btn\u00e1 zrc\u00e1tka","2 kl\u00ed\u010de","druh\u00e1 sada pneumatik v cen\u011b."],"power_kw":96,"body_type":"Hatchback","condition":"Used","transmission":"automatic","vat_deductible":false,"consumption_city":null,"translation_hash":"42bfe45e0ba88c4497bf4faa0034c0e15f25b94c","vehicle_category":"car","engine_volume_cm3":1199,"first_registration":"2025-07-01","translation_status":"done","consumption_highway":null,"consumption_combined":5.9},"user_id":17,"is_sponsored":false,"views_count":3,"ai_views_count":3,"ai_vendor_counts":{"other":2,"anthropic":1},"visibility":"public","submission_source":null,"submission_ai_name":null,"has_owner_email":true,"can_contact_owner":true,"phone":"0950 224 271","owner_email":"mjartan@autorro.sk","user":{"id":17,"slug":"peter-mjartan-17","name":"Peter Mjartan","bio":"Makl\u00e9r. P\u016fsob\u00edm v Prievidzi a okol\u00ed.\n\nP\u016fsobnost: Prievidza","nationality":"SK","languages":["cs","sk"],"service_areas":[],"card_style":null,"card_palette":null,"avatar_url":"https:\/\/cdn.assetlog.ai\/avatars\/17\/avatar_max.webp?v=1786535213","avatar_thumb_url":"https:\/\/cdn.assetlog.ai\/avatars\/17\/avatar_small.webp?v=1786535213","reviews_count":0,"avg_rating":null,"seller_badge":"silver","can_calendar":true,"joined_at":"2026-06-07T07:44:41+00:00","primary_intent":null,"seeking":[],"public_assets_count":43,"public_prompts_count":0,"followers_count":0},"images":[{"id":139942,"max":"https:\/\/cdn.assetlog.ai\/assets\/177384\/citroen-c4-puretech-130-eat8-96kw-2025-aj-na-splatky-protiucet_1_max.webp","medium":"https:\/\/cdn.assetlog.ai\/assets\/177384\/citroen-c4-puretech-130-eat8-96kw-2025-aj-na-splatky-protiucet_1_medium.webp","small":"https:\/\/cdn.assetlog.ai\/assets\/177384\/citroen-c4-puretech-130-eat8-96kw-2025-aj-na-splatky-protiucet_1_small.webp"},{"id":139943,"max":"https:\/\/cdn.assetlog.ai\/assets\/177384\/citroen-c4-puretech-130-eat8-96kw-2025-aj-na-splatky-protiucet_2_max.webp","medium":"https:\/\/cdn.assetlog.ai\/assets\/177384\/citroen-c4-puretech-130-eat8-96kw-2025-aj-na-splatky-protiucet_2_medium.webp","small":"https:\/\/cdn.assetlog.ai\/assets\/177384\/citroen-c4-puretech-130-eat8-96kw-2025-aj-na-splatky-protiucet_2_small.webp"},{"id":139944,"max":"https:\/\/cdn.assetlog.ai\/assets\/177384\/citroen-c4-puretech-130-eat8-96kw-2025-aj-na-splatky-protiucet_3_max.webp","medium":"https:\/\/cdn.assetlog.ai\/assets\/177384\/citroen-c4-puretech-130-eat8-96kw-2025-aj-na-splatky-protiucet_3_medium.webp","small":"https:\/\/cdn.assetlog.ai\/assets\/177384\/citroen-c4-puretech-130-eat8-96kw-2025-aj-na-splatky-protiucet_3_small.webp"},{"id":139945,"max":"https:\/\/cdn.assetlog.ai\/assets\/177384\/citroen-c4-puretech-130-eat8-96kw-2025-aj-na-splatky-protiucet_4_max.webp","medium":"https:\/\/cdn.assetlog.ai\/assets\/177384\/citroen-c4-puretech-130-eat8-96kw-2025-aj-na-splatky-protiucet_4_medium.webp","small":"https:\/\/cdn.assetlog.ai\/assets\/177384\/citroen-c4-puretech-130-eat8-96kw-2025-aj-na-splatky-protiucet_4_small.webp"},{"id":139946,"max":"https:\/\/cdn.assetlog.ai\/assets\/177384\/citroen-c4-puretech-130-eat8-96kw-2025-aj-na-splatky-protiucet_5_max.webp","medium":"https:\/\/cdn.assetlog.ai\/assets\/177384\/citroen-c4-puretech-130-eat8-96kw-2025-aj-na-splatky-protiucet_5_medium.webp","small":"https:\/\/cdn.assetlog.ai\/assets\/177384\/citroen-c4-puretech-130-eat8-96kw-2025-aj-na-splatky-protiucet_5_small.webp"},{"id":139947,"max":"https:\/\/cdn.assetlog.ai\/assets\/177384\/citroen-c4-puretech-130-eat8-96kw-2025-aj-na-splatky-protiucet_6_max.webp","medium":"https:\/\/cdn.assetlog.ai\/assets\/177384\/citroen-c4-puretech-130-eat8-96kw-2025-aj-na-splatky-protiucet_6_medium.webp","small":"https:\/\/cdn.assetlog.ai\/assets\/177384\/citroen-c4-puretech-130-eat8-96kw-2025-aj-na-splatky-protiucet_6_small.webp"},{"id":139948,"max":"https:\/\/cdn.assetlog.ai\/assets\/177384\/citroen-c4-puretech-130-eat8-96kw-2025-aj-na-splatky-protiucet_7_max.webp","medium":"https:\/\/cdn.assetlog.ai\/assets\/177384\/citroen-c4-puretech-130-eat8-96kw-2025-aj-na-splatky-protiucet_7_medium.webp","small":"https:\/\/cdn.assetlog.ai\/assets\/177384\/citroen-c4-puretech-130-eat8-96kw-2025-aj-na-splatky-protiucet_7_small.webp"},{"id":139949,"max":"https:\/\/cdn.assetlog.ai\/assets\/177384\/citroen-c4-puretech-130-eat8-96kw-2025-aj-na-splatky-protiucet_8_max.webp","medium":"https:\/\/cdn.assetlog.ai\/assets\/177384\/citroen-c4-puretech-130-eat8-96kw-2025-aj-na-splatky-protiucet_8_medium.webp","small":"https:\/\/cdn.assetlog.ai\/assets\/177384\/citroen-c4-puretech-130-eat8-96kw-2025-aj-na-splatky-protiucet_8_small.webp"},{"id":139950,"max":"https:\/\/cdn.assetlog.ai\/assets\/177384\/citroen-c4-puretech-130-eat8-96kw-2025-aj-na-splatky-protiucet_9_max.webp","medium":"https:\/\/cdn.assetlog.ai\/assets\/177384\/citroen-c4-puretech-130-eat8-96kw-2025-aj-na-splatky-protiucet_9_medium.webp","small":"https:\/\/cdn.assetlog.ai\/assets\/177384\/citroen-c4-puretech-130-eat8-96kw-2025-aj-na-splatky-protiucet_9_small.webp"},{"id":139951,"max":"https:\/\/cdn.assetlog.ai\/assets\/177384\/citroen-c4-puretech-130-eat8-96kw-2025-aj-na-splatky-protiucet_10_max.webp","medium":"https:\/\/cdn.assetlog.ai\/assets\/177384\/citroen-c4-puretech-130-eat8-96kw-2025-aj-na-splatky-protiucet_10_medium.webp","small":"https:\/\/cdn.assetlog.ai\/assets\/177384\/citroen-c4-puretech-130-eat8-96kw-2025-aj-na-splatky-protiucet_10_small.webp"},{"id":139952,"max":"https:\/\/cdn.assetlog.ai\/assets\/177384\/citroen-c4-puretech-130-eat8-96kw-2025-aj-na-splatky-protiucet_11_max.webp","medium":"https:\/\/cdn.assetlog.ai\/assets\/177384\/citroen-c4-puretech-130-eat8-96kw-2025-aj-na-splatky-protiucet_11_medium.webp","small":"https:\/\/cdn.assetlog.ai\/assets\/177384\/citroen-c4-puretech-130-eat8-96kw-2025-aj-na-splatky-protiucet_11_small.webp"},{"id":139953,"max":"https:\/\/cdn.assetlog.ai\/assets\/177384\/citroen-c4-puretech-130-eat8-96kw-2025-aj-na-splatky-protiucet_12_max.webp","medium":"https:\/\/cdn.assetlog.ai\/assets\/177384\/citroen-c4-puretech-130-eat8-96kw-2025-aj-na-splatky-protiucet_12_medium.webp","small":"https:\/\/cdn.assetlog.ai\/assets\/177384\/citroen-c4-puretech-130-eat8-96kw-2025-aj-na-splatky-protiucet_12_small.webp"},{"id":139954,"max":"https:\/\/cdn.assetlog.ai\/assets\/177384\/citroen-c4-puretech-130-eat8-96kw-2025-aj-na-splatky-protiucet_13_max.webp","medium":"https:\/\/cdn.assetlog.ai\/assets\/177384\/citroen-c4-puretech-130-eat8-96kw-2025-aj-na-splatky-protiucet_13_medium.webp","small":"https:\/\/cdn.assetlog.ai\/assets\/177384\/citroen-c4-puretech-130-eat8-96kw-2025-aj-na-splatky-protiucet_13_small.webp"},{"id":139955,"max":"https:\/\/cdn.assetlog.ai\/assets\/177384\/citroen-c4-puretech-130-eat8-96kw-2025-aj-na-splatky-protiucet_14_max.webp","medium":"https:\/\/cdn.assetlog.ai\/assets\/177384\/citroen-c4-puretech-130-eat8-96kw-2025-aj-na-splatky-protiucet_14_medium.webp","small":"https:\/\/cdn.assetlog.ai\/assets\/177384\/citroen-c4-puretech-130-eat8-96kw-2025-aj-na-splatky-protiucet_14_small.webp"},{"id":139956,"max":"https:\/\/cdn.assetlog.ai\/assets\/177384\/citroen-c4-puretech-130-eat8-96kw-2025-aj-na-splatky-protiucet_15_max.webp","medium":"https:\/\/cdn.assetlog.ai\/assets\/177384\/citroen-c4-puretech-130-eat8-96kw-2025-aj-na-splatky-protiucet_15_medium.webp","small":"https:\/\/cdn.assetlog.ai\/assets\/177384\/citroen-c4-puretech-130-eat8-96kw-2025-aj-na-splatky-protiucet_15_small.webp"},{"id":139957,"max":"https:\/\/cdn.assetlog.ai\/assets\/177384\/citroen-c4-puretech-130-eat8-96kw-2025-aj-na-splatky-protiucet_16_max.webp","medium":"https:\/\/cdn.assetlog.ai\/assets\/177384\/citroen-c4-puretech-130-eat8-96kw-2025-aj-na-splatky-protiucet_16_medium.webp","small":"https:\/\/cdn.assetlog.ai\/assets\/177384\/citroen-c4-puretech-130-eat8-96kw-2025-aj-na-splatky-protiucet_16_small.webp"},{"id":139958,"max":"https:\/\/cdn.assetlog.ai\/assets\/177384\/citroen-c4-puretech-130-eat8-96kw-2025-aj-na-splatky-protiucet_17_max.webp","medium":"https:\/\/cdn.assetlog.ai\/assets\/177384\/citroen-c4-puretech-130-eat8-96kw-2025-aj-na-splatky-protiucet_17_medium.webp","small":"https:\/\/cdn.assetlog.ai\/assets\/177384\/citroen-c4-puretech-130-eat8-96kw-2025-aj-na-splatky-protiucet_17_small.webp"},{"id":139959,"max":"https:\/\/cdn.assetlog.ai\/assets\/177384\/citroen-c4-puretech-130-eat8-96kw-2025-aj-na-splatky-protiucet_18_max.webp","medium":"https:\/\/cdn.assetlog.ai\/assets\/177384\/citroen-c4-puretech-130-eat8-96kw-2025-aj-na-splatky-protiucet_18_medium.webp","small":"https:\/\/cdn.assetlog.ai\/assets\/177384\/citroen-c4-puretech-130-eat8-96kw-2025-aj-na-splatky-protiucet_18_small.webp"},{"id":139960,"max":"https:\/\/cdn.assetlog.ai\/assets\/177384\/citroen-c4-puretech-130-eat8-96kw-2025-aj-na-splatky-protiucet_19_max.webp","medium":"https:\/\/cdn.assetlog.ai\/assets\/177384\/citroen-c4-puretech-130-eat8-96kw-2025-aj-na-splatky-protiucet_19_medium.webp","small":"https:\/\/cdn.assetlog.ai\/assets\/177384\/citroen-c4-puretech-130-eat8-96kw-2025-aj-na-splatky-protiucet_19_small.webp"},{"id":139961,"max":"https:\/\/cdn.assetlog.ai\/assets\/177384\/citroen-c4-puretech-130-eat8-96kw-2025-aj-na-splatky-protiucet_20_max.webp","medium":"https:\/\/cdn.assetlog.ai\/assets\/177384\/citroen-c4-puretech-130-eat8-96kw-2025-aj-na-splatky-protiucet_20_medium.webp","small":"https:\/\/cdn.assetlog.ai\/assets\/177384\/citroen-c4-puretech-130-eat8-96kw-2025-aj-na-splatky-protiucet_20_small.webp"},{"id":139962,"max":"https:\/\/cdn.assetlog.ai\/assets\/177384\/citroen-c4-puretech-130-eat8-96kw-2025-aj-na-splatky-protiucet_21_max.webp","medium":"https:\/\/cdn.assetlog.ai\/assets\/177384\/citroen-c4-puretech-130-eat8-96kw-2025-aj-na-splatky-protiucet_21_medium.webp","small":"https:\/\/cdn.assetlog.ai\/assets\/177384\/citroen-c4-puretech-130-eat8-96kw-2025-aj-na-splatky-protiucet_21_small.webp"},{"id":139963,"max":"https:\/\/cdn.assetlog.ai\/assets\/177384\/citroen-c4-puretech-130-eat8-96kw-2025-aj-na-splatky-protiucet_22_max.webp","medium":"https:\/\/cdn.assetlog.ai\/assets\/177384\/citroen-c4-puretech-130-eat8-96kw-2025-aj-na-splatky-protiucet_22_medium.webp","small":"https:\/\/cdn.assetlog.ai\/assets\/177384\/citroen-c4-puretech-130-eat8-96kw-2025-aj-na-splatky-protiucet_22_small.webp"},{"id":139964,"max":"https:\/\/cdn.assetlog.ai\/assets\/177384\/citroen-c4-puretech-130-eat8-96kw-2025-aj-na-splatky-protiucet_23_max.webp","medium":"https:\/\/cdn.assetlog.ai\/assets\/177384\/citroen-c4-puretech-130-eat8-96kw-2025-aj-na-splatky-protiucet_23_medium.webp","small":"https:\/\/cdn.assetlog.ai\/assets\/177384\/citroen-c4-puretech-130-eat8-96kw-2025-aj-na-splatky-protiucet_23_small.webp"},{"id":139965,"max":"https:\/\/cdn.assetlog.ai\/assets\/177384\/citroen-c4-puretech-130-eat8-96kw-2025-aj-na-splatky-protiucet_24_max.webp","medium":"https:\/\/cdn.assetlog.ai\/assets\/177384\/citroen-c4-puretech-130-eat8-96kw-2025-aj-na-splatky-protiucet_24_medium.webp","small":"https:\/\/cdn.assetlog.ai\/assets\/177384\/citroen-c4-puretech-130-eat8-96kw-2025-aj-na-splatky-protiucet_24_small.webp"},{"id":139966,"max":"https:\/\/cdn.assetlog.ai\/assets\/177384\/citroen-c4-puretech-130-eat8-96kw-2025-aj-na-splatky-protiucet_25_max.webp","medium":"https:\/\/cdn.assetlog.ai\/assets\/177384\/citroen-c4-puretech-130-eat8-96kw-2025-aj-na-splatky-protiucet_25_medium.webp","small":"https:\/\/cdn.assetlog.ai\/assets\/177384\/citroen-c4-puretech-130-eat8-96kw-2025-aj-na-splatky-protiucet_25_small.webp"},{"id":139967,"max":"https:\/\/cdn.assetlog.ai\/assets\/177384\/citroen-c4-puretech-130-eat8-96kw-2025-aj-na-splatky-protiucet_26_max.webp","medium":"https:\/\/cdn.assetlog.ai\/assets\/177384\/citroen-c4-puretech-130-eat8-96kw-2025-aj-na-splatky-protiucet_26_medium.webp","small":"https:\/\/cdn.assetlog.ai\/assets\/177384\/citroen-c4-puretech-130-eat8-96kw-2025-aj-na-splatky-protiucet_26_small.webp"},{"id":139968,"max":"https:\/\/cdn.assetlog.ai\/assets\/177384\/citroen-c4-puretech-130-eat8-96kw-2025-aj-na-splatky-protiucet_27_max.webp","medium":"https:\/\/cdn.assetlog.ai\/assets\/177384\/citroen-c4-puretech-130-eat8-96kw-2025-aj-na-splatky-protiucet_27_medium.webp","small":"https:\/\/cdn.assetlog.ai\/assets\/177384\/citroen-c4-puretech-130-eat8-96kw-2025-aj-na-splatky-protiucet_27_small.webp"},{"id":139969,"max":"https:\/\/cdn.assetlog.ai\/assets\/177384\/citroen-c4-puretech-130-eat8-96kw-2025-aj-na-splatky-protiucet_28_max.webp","medium":"https:\/\/cdn.assetlog.ai\/assets\/177384\/citroen-c4-puretech-130-eat8-96kw-2025-aj-na-splatky-protiucet_28_medium.webp","small":"https:\/\/cdn.assetlog.ai\/assets\/177384\/citroen-c4-puretech-130-eat8-96kw-2025-aj-na-splatky-protiucet_28_small.webp"},{"id":139970,"max":"https:\/\/cdn.assetlog.ai\/assets\/177384\/citroen-c4-puretech-130-eat8-96kw-2025-aj-na-splatky-protiucet_29_max.webp","medium":"https:\/\/cdn.assetlog.ai\/assets\/177384\/citroen-c4-puretech-130-eat8-96kw-2025-aj-na-splatky-protiucet_29_medium.webp","small":"https:\/\/cdn.assetlog.ai\/assets\/177384\/citroen-c4-puretech-130-eat8-96kw-2025-aj-na-splatky-protiucet_29_small.webp"},{"id":139971,"max":"https:\/\/cdn.assetlog.ai\/assets\/177384\/citroen-c4-puretech-130-eat8-96kw-2025-aj-na-splatky-protiucet_30_max.webp","medium":"https:\/\/cdn.assetlog.ai\/assets\/177384\/citroen-c4-puretech-130-eat8-96kw-2025-aj-na-splatky-protiucet_30_medium.webp","small":"https:\/\/cdn.assetlog.ai\/assets\/177384\/citroen-c4-puretech-130-eat8-96kw-2025-aj-na-splatky-protiucet_30_small.webp"},{"id":139972,"max":"https:\/\/cdn.assetlog.ai\/assets\/177384\/citroen-c4-puretech-130-eat8-96kw-2025-aj-na-splatky-protiucet_31_max.webp","medium":"https:\/\/cdn.assetlog.ai\/assets\/177384\/citroen-c4-puretech-130-eat8-96kw-2025-aj-na-splatky-protiucet_31_medium.webp","small":"https:\/\/cdn.assetlog.ai\/assets\/177384\/citroen-c4-puretech-130-eat8-96kw-2025-aj-na-splatky-protiucet_31_small.webp"},{"id":139973,"max":"https:\/\/cdn.assetlog.ai\/assets\/177384\/citroen-c4-puretech-130-eat8-96kw-2025-aj-na-splatky-protiucet_32_max.webp","medium":"https:\/\/cdn.assetlog.ai\/assets\/177384\/citroen-c4-puretech-130-eat8-96kw-2025-aj-na-splatky-protiucet_32_medium.webp","small":"https:\/\/cdn.assetlog.ai\/assets\/177384\/citroen-c4-puretech-130-eat8-96kw-2025-aj-na-splatky-protiucet_32_small.webp"},{"id":139974,"max":"https:\/\/cdn.assetlog.ai\/assets\/177384\/citroen-c4-puretech-130-eat8-96kw-2025-aj-na-splatky-protiucet_33_max.webp","medium":"https:\/\/cdn.assetlog.ai\/assets\/177384\/citroen-c4-puretech-130-eat8-96kw-2025-aj-na-splatky-protiucet_33_medium.webp","small":"https:\/\/cdn.assetlog.ai\/assets\/177384\/citroen-c4-puretech-130-eat8-96kw-2025-aj-na-splatky-protiucet_33_small.webp"},{"id":139975,"max":"https:\/\/cdn.assetlog.ai\/assets\/177384\/citroen-c4-puretech-130-eat8-96kw-2025-aj-na-splatky-protiucet_34_max.webp","medium":"https:\/\/cdn.assetlog.ai\/assets\/177384\/citroen-c4-puretech-130-eat8-96kw-2025-aj-na-splatky-protiucet_34_medium.webp","small":"https:\/\/cdn.assetlog.ai\/assets\/177384\/citroen-c4-puretech-130-eat8-96kw-2025-aj-na-splatky-protiucet_34_small.webp"},{"id":139976,"max":"https:\/\/cdn.assetlog.ai\/assets\/177384\/citroen-c4-puretech-130-eat8-96kw-2025-aj-na-splatky-protiucet_35_max.webp","medium":"https:\/\/cdn.assetlog.ai\/assets\/177384\/citroen-c4-puretech-130-eat8-96kw-2025-aj-na-splatky-protiucet_35_medium.webp","small":"https:\/\/cdn.assetlog.ai\/assets\/177384\/citroen-c4-puretech-130-eat8-96kw-2025-aj-na-splatky-protiucet_35_small.webp"},{"id":139977,"max":"https:\/\/cdn.assetlog.ai\/assets\/177384\/citroen-c4-puretech-130-eat8-96kw-2025-aj-na-splatky-protiucet_36_max.webp","medium":"https:\/\/cdn.assetlog.ai\/assets\/177384\/citroen-c4-puretech-130-eat8-96kw-2025-aj-na-splatky-protiucet_36_medium.webp","small":"https:\/\/cdn.assetlog.ai\/assets\/177384\/citroen-c4-puretech-130-eat8-96kw-2025-aj-na-splatky-protiucet_36_small.webp"},{"id":139978,"max":"https:\/\/cdn.assetlog.ai\/assets\/177384\/citroen-c4-puretech-130-eat8-96kw-2025-aj-na-splatky-protiucet_37_max.webp","medium":"https:\/\/cdn.assetlog.ai\/assets\/177384\/citroen-c4-puretech-130-eat8-96kw-2025-aj-na-splatky-protiucet_37_medium.webp","small":"https:\/\/cdn.assetlog.ai\/assets\/177384\/citroen-c4-puretech-130-eat8-96kw-2025-aj-na-splatky-protiucet_37_small.webp"}],"published_at":null,"expires_at":null,"created_at":"2026-08-29T03:45:57+00:00","updated_at":"2026-09-01T10:52:42+00:00"}}