{"data":{"id":174827,"slug":"fiat-carado-t-338-caravan-2025-103kw-mt6-aj-na-splatky-protiucet","type":"vehicle","title":"Fiat Carado T 338 Caravan 2025 103kW MT\/6\/ AJ ON INSTALLMENTS \/ TRADE-IN","description":"Commission sale - you purchase the vehicle directly from the owner.\n\nTHE VEHICLE IS LOCATED IN \u017dilina. We will be happy to provide you with more information at telephone number 0949 560 842\nThe car was purchased in May 2025, so it is still under warranty. Lower garage for up to 150kg including larger bicycles which is heated. 4 seating places 5 sleeping places. Cabin air conditioning is of course standard + additional Dometic FreshJet 2200 air conditioning, Truma combi, 90 liter water tank.\nA quality and expensive Pioneer radio with Apple CarPlay and Android Auto is installed. A reversing camera is connected to this radio, which is precise and has large display.\nThe front seats are swiveling, the caravan has Isofix, Thule awning, carrier for 3 to 4 bicycles.\nThedford extra large refrigerator, gas connection 12V 230V\nIn the caravan there is also a stand for two 10 kilogram gas bottles. Small equipment, suspension systems, cozy carpet in the cabin and much more are included in the price of the vehicle. Winter tires on wheels are also included with the vehicle.\nThe rear longitudinal beds have dimensions of 190x80 cm and 200x80 cm, and can be joined into one large bed. Optional front sliding bed above the seating has dimensions of 195 x 140 cm.\nThe semi-integrated motorhome Carado T338 (manufactured in the Capron group) for this specific model year 2025 has a total internal floor area of approximately 12.3 to 12.7 m\u00b2.\nIt is a vehicle up to 3.5 tons, dimensions are: 6990 x 2320 x 3150. Unladen weight 2793 kg. As a vehicle, it is a very nice and well-maintained piece, not used as a rental and never has been, exclusively in personal ownership with great attention to cleanliness, maintenance, garage storage and careful use.\n\nThe vehicle has passed inspection of insurance records, execution checks, paint meter reading and document verification. Physically checked, also through the vehicle operation records register.\n\nWe offer favorable financing in monthly installments, so you can enjoy your new car right away and without waiting with 0% down payment and installments up to 96 months.\n\nIf you already own a car, you don't have to worry about selling it \u2013 we'll take it from you directly as a trade-in value. Just drive it to us, we'll assess it and deduct its price from the price of the new car. This way you save time, hassle and money and the entire process is quick and simple \u2013 you drive away in a new car without unnecessary paperwork.\nThe vehicle is located in \u017dilina. We will be happy to provide you with more information at telephone number 0949 560 842. Condition: Used. License plate: AA093PK. Technical inspection validity until: 14. 5. 2029. MOT validity until: 14. 5. 2029.\n\nTechnical specifications\n\nManufacturing year: 05\/25, 2184cm\u00b3, 103kW (140HP), Drive: Front-wheel drive, Manual (4-speed), Diesel, EURO 6, (4-seater), 25,000km, , VIN ZFA25000002Z57976\n\n \n\nFirst owner, Service booklet, Leasing possible, VAT deduction possible, Loan possible, Under warranty, Complete service history","language":"cs","is_translated":true,"title_original":"Fiat Carado T 338 Caravan 2025 103kW MT\/6\/ AJ NA SPL\u00c1TKY \/ PROTI\u00da\u010cET","description_original":"Komisn\u00ed prodej - vozidlo kupujete p\u0159\u00edmo od majitele.\n\nVOZIDLO SE NACH\u00c1Z\u00cd V \u017diline. V\u00edce informac\u00ed v\u00e1m r\u00e1di poskytneme na telefonn\u00edm \u010d\u00edsle 0949 560 842\nAuto je kupovan\u00e9 v m\u00e1ji 2025, \u010di\u017ee je e\u0161te v z\u00e1ruke. Spodn\u00e1 gar\u00e1\u017e do 150kg aj na v\u00e4\u010d\u0161ie bicykle ktor\u00e1 je vykurovan\u00e1. 4 miesta na sedenie 5 miest na spanie. Kab\u00ednov\u00e1 klimatiz\u00e1cia samozrejmos\u0165 + nadstavbov\u00e1 klimatiz\u00e1cia Dometic FreshJet 2200, Truma combi, 90 litrov\u00e1 n\u00e1dr\u017e na vodu.\nNain\u0161talovan\u00e9 kvalitne a drah\u00e9 r\u00e1dio Pioneer s Apple Car play a Android auto. Na toto r\u00e1dio je napojen\u00e1 c\u00favacia kamera ktor\u00e1 je presn\u00e1 a m\u00e1 ve\u013ek\u00e9 zobrazenie.\nPredn\u00e9 sedadl\u00e1 s\u00fa oto\u010dn\u00e9 karavan disponuje Isofix, mark\u00edza Thule, nosi\u010d na 3 a\u017e 4 bicykle.\nChladni\u010dka Thedford extra ve\u013ekos\u0165, plynov\u00e1 pr\u00edpojka 12 V 230V\nV karavane je aj stojan na dve 10 kilogramov\u00e9 plynov\u00e9 f\u013ea\u0161e. V cene vozidla s\u00fa drobn\u00e9 v\u00fdbavy, z\u00e1vesn\u00e9 syst\u00e9my, \u00fatuln\u00fd koberec v kab\u00edne a mnoho \u010fal\u0161ieho. K vozidlu sa d\u00e1vaj\u00fa aj zimn\u00e9 pneumatiky na diskoch.\nZadn\u00e9 pozd\u013a\u017ene postele maj\u00fa rozmer 190x80 cm a 200x80 cm, pri\u010dom sa daj\u00fa spoji\u0165 do jedn\u00e9ho ve\u013ek\u00e9ho letiska. Volite\u013en\u00e1 predn\u00e1 s\u0165ahovacia poste\u013e nad seden\u00edm m\u00e1 rozmer 195 140 cm.\nPolointegrovan\u00fd obytn\u00fd automobil Carado T338 (vyr\u00e1ban\u00fd v koncerne Capron) pre tento konkr\u00e9tny modelov\u00fd rok 2025 m\u00e1 celkov\u00fa vn\u00fatorn\u00fa podlahov\u00fa plochu pribli\u017ene 12,3 a\u017e 12,7 m\u00b2.\nJedn\u00e1 sa o vozidlo do 3,5 t, rozmery s\u00fa: 6990 x 2320 x 3150. Pohotovostn\u00e1 hmotnos\u0165 2793 kg. Ako vozidlo je to ve\u013emi pekn\u00fd a zachoval\u00fd kus, nie je vyu\u017e\u00edvan\u00e9 ako pren\u00e1jom a nikdy ani nebol, v\u00fdhradne v osobnom vlastn\u00edctve s ve\u013ek\u00fdm oh\u013eadom na \u010distotu, \u00fadr\u017ebu, gar\u00e1\u017eovanie a vyu\u017e\u00edvanie.\n\nVozidlo pro\u0161lo kontrolou z\u00e1znam\u016f o poji\u0161t\u011bn\u00ed, exekuc\u00ed, m\u011b\u0159en\u00edm laku a kontrolou doklad\u016f. Zkontrolov\u00e1no fyzicky, tak\u00e9 prost\u0159ednictv\u00edm registru provozn\u00edch z\u00e1znam\u016f vozidla.\n\nNab\u00edz\u00edme v\u00fdhodn\u00e9 financov\u00e1n\u00ed na m\u011bs\u00ed\u010dn\u00ed spl\u00e1tky, tak\u017ee si sv\u016fj nov\u00fd v\u016fz m\u016f\u017eete u\u017e\u00edvat hned a bez \u010dek\u00e1n\u00ed s akontac\u00ed 0 % a spl\u00e1tkami a\u017e na 96 m\u011bs\u00edc\u016f.\n\nPokud ji\u017e vlastn\u00edte auto, nemus\u00edte se zab\u00fdvat jeho prodejem \u2013 p\u0159evezmeme ho od v\u00e1s p\u0159\u00edmo jako protihodnotu. Sta\u010d\u00ed, kdy\u017e s n\u00edm p\u0159ijedete k n\u00e1m, my ho ocen\u00edme a jeho cenu v\u00e1m ode\u010dteme z ceny nov\u00e9ho vozu. U\u0161et\u0159\u00edte tak \u010das, starosti i pen\u00edze a cel\u00fd proces prob\u011bhne rychle a jednodu\u0161e \u2013 odjedete rovnou v nov\u00e9m aut\u011b bez zbyte\u010dn\u00e9ho vy\u0159izov\u00e1n\u00ed.\nVozidlo se nach\u00e1z\u00ed v \u017dilin\u011b. V\u00edce informac\u00ed v\u00e1m r\u00e1di poskytneme na telefonn\u00edm \u010d\u00edsle 0949 560 842. Stav: Pou\u017eit\u00e9. SPZ: AA093PK. Platnost technick\u00e9 kontroly do: 14. 5. 2029. Platnost STK do: 14. 5. 2029.\n\nTechnick\u00e9 \u00fadaje\n\nv.v.: 05\/25, 2184cm\u00b3, 103kW (140PS), Pohon: Pohon p\u0159edn\u00edch kol, Manu\u00e1ln\u00ed (4 st.), Diesel, EURO 6, (4miestne), 25 000km, , VIN ZFA25000002Z57976\n\n\u00a0\n\nPrvn\u00ed majitel, Servisn\u00ed kn\u00ed\u017eka, Mo\u017en\u00fd leasing, Mo\u017en\u00fd odpo\u010det DPH, Mo\u017en\u00fd \u00fav\u011br, V z\u00e1ruce, \u00dapln\u00e1 servisn\u00ed historie","price":"1492719.00","currency":"CZK","status":"active","noindex":true,"location":{"address":null,"full_address":null,"city":"\u017dilina","country":"SK","latitude":49.2234674,"longitude":18.7393139},"metadata":{"vin":"ZFA25000002Z57976","fuel":"diesel","year":2025,"brand":"Fiat","color":"White","doors":0,"drive":"Front-wheel drive","model":"T 338","seats":0,"region":"\u017dilinsk\u00fd kraj","mileage":25000,"emisions":"Euro 6","features":["Alarm","ABS","ESP","ADS","Senzor tlaku","Sledov\u00e1n\u00ed \u00fanavy \u0159idi\u010de","Centr\u00e1ln\u00ed zamyk\u00e1n\u00ed","P\u0159edn\u00ed el. stahovateln\u00e1 okna","Centr\u00e1ln\u00ed zamyk\u00e1n\u00ed na d\u00e1lkov\u00e9 ovl\u00e1d\u00e1n\u00ed","Nez\u00e1visl\u00e9 topen\u00ed","Multifunk\u010dn\u00ed volant","Loketn\u00ed op\u011brka vp\u0159edu","Klimatizovan\u00e1 p\u0159ihr\u00e1dka","Apple Car Play","Android Auto","Imobiliz\u00e9r","Palubn\u00ed po\u010d\u00edta\u010d","Navigace","Tempomat","Elektricky vyh\u0159\u00edvan\u00e1 zp\u011btn\u00e1 zrc\u00e1tka","Senzor st\u011bra\u010d\u016f","Zimn\u00ed sada kol","Parkovac\u00ed kamera","Bluetooth","Dotykov\u00e1 obrazovka","Prv\u00fd majite\u013e","Serv. kni\u017eka","Mo\u017en\u00fd leasing","Mo\u017en\u00fd odpo\u010det DPH","Mo\u017en\u00fd \u00faver","v z\u00e1ruke","\u00dapln\u00e1 servisn\u00e1 hist\u00f3ria","Ledni\u010dka","Kuchy\u0148sk\u00fd kout","Koupelna","Postele","R\u00e1dio","Toaleta","Varn\u00e1 deska","Klimatizace","Asistent brzd\u011bn\u00ed","LED osv\u011btlen\u00ed (interi\u00e9r)"],"power_kw":103,"body_type":"Sport bike","condition":"Used","transmission":"manual","vat_deductible":true,"consumption_city":null,"translation_hash":"e947997a2607a9d9aab099eea238b74279f79f7b","vehicle_category":"motorcycle","engine_volume_cm3":2184,"first_registration":"2025-05-01","translation_status":"done","consumption_highway":null,"consumption_combined":null},"user_id":29,"is_sponsored":false,"views_count":5,"ai_views_count":10,"ai_vendor_counts":{"meta":6,"other":2,"openai":1,"anthropic":1},"visibility":"public","submission_source":null,"submission_ai_name":null,"has_owner_email":true,"can_contact_owner":true,"phone":"0949 560 842","owner_email":"jasek@autorro.sk","user":{"id":29,"slug":"daniel-jasek-29","name":"Daniel Ja\u0161ek","bio":"Makl\u00e9r. P\u016fsob\u00edm v \u017diline a okol\u00ed.\n\nP\u016fsobnost: \u017dilina","nationality":"SK","languages":["cs","sk"],"service_areas":[],"card_style":null,"card_palette":null,"avatar_url":"https:\/\/cdn.assetlog.ai\/avatars\/29\/avatar_max.webp?v=1786535213","avatar_thumb_url":"https:\/\/cdn.assetlog.ai\/avatars\/29\/avatar_small.webp?v=1786535213","reviews_count":0,"avg_rating":null,"seller_badge":"silver","can_calendar":true,"joined_at":"2026-06-07T07:44:46+00:00","primary_intent":null,"seeking":[],"public_assets_count":23,"public_prompts_count":0,"followers_count":0},"images":[{"id":137946,"max":"https:\/\/cdn.assetlog.ai\/assets\/174827\/fiat-carado-t-338-caravan-2025-103kw-mt6-aj-na-splatky-protiucet_1_max.webp","medium":"https:\/\/cdn.assetlog.ai\/assets\/174827\/fiat-carado-t-338-caravan-2025-103kw-mt6-aj-na-splatky-protiucet_1_medium.webp","small":"https:\/\/cdn.assetlog.ai\/assets\/174827\/fiat-carado-t-338-caravan-2025-103kw-mt6-aj-na-splatky-protiucet_1_small.webp"},{"id":137947,"max":"https:\/\/cdn.assetlog.ai\/assets\/174827\/fiat-carado-t-338-caravan-2025-103kw-mt6-aj-na-splatky-protiucet_2_max.webp","medium":"https:\/\/cdn.assetlog.ai\/assets\/174827\/fiat-carado-t-338-caravan-2025-103kw-mt6-aj-na-splatky-protiucet_2_medium.webp","small":"https:\/\/cdn.assetlog.ai\/assets\/174827\/fiat-carado-t-338-caravan-2025-103kw-mt6-aj-na-splatky-protiucet_2_small.webp"},{"id":137948,"max":"https:\/\/cdn.assetlog.ai\/assets\/174827\/fiat-carado-t-338-caravan-2025-103kw-mt6-aj-na-splatky-protiucet_3_max.webp","medium":"https:\/\/cdn.assetlog.ai\/assets\/174827\/fiat-carado-t-338-caravan-2025-103kw-mt6-aj-na-splatky-protiucet_3_medium.webp","small":"https:\/\/cdn.assetlog.ai\/assets\/174827\/fiat-carado-t-338-caravan-2025-103kw-mt6-aj-na-splatky-protiucet_3_small.webp"},{"id":137949,"max":"https:\/\/cdn.assetlog.ai\/assets\/174827\/fiat-carado-t-338-caravan-2025-103kw-mt6-aj-na-splatky-protiucet_4_max.webp","medium":"https:\/\/cdn.assetlog.ai\/assets\/174827\/fiat-carado-t-338-caravan-2025-103kw-mt6-aj-na-splatky-protiucet_4_medium.webp","small":"https:\/\/cdn.assetlog.ai\/assets\/174827\/fiat-carado-t-338-caravan-2025-103kw-mt6-aj-na-splatky-protiucet_4_small.webp"},{"id":137950,"max":"https:\/\/cdn.assetlog.ai\/assets\/174827\/fiat-carado-t-338-caravan-2025-103kw-mt6-aj-na-splatky-protiucet_5_max.webp","medium":"https:\/\/cdn.assetlog.ai\/assets\/174827\/fiat-carado-t-338-caravan-2025-103kw-mt6-aj-na-splatky-protiucet_5_medium.webp","small":"https:\/\/cdn.assetlog.ai\/assets\/174827\/fiat-carado-t-338-caravan-2025-103kw-mt6-aj-na-splatky-protiucet_5_small.webp"},{"id":137951,"max":"https:\/\/cdn.assetlog.ai\/assets\/174827\/fiat-carado-t-338-caravan-2025-103kw-mt6-aj-na-splatky-protiucet_6_max.webp","medium":"https:\/\/cdn.assetlog.ai\/assets\/174827\/fiat-carado-t-338-caravan-2025-103kw-mt6-aj-na-splatky-protiucet_6_medium.webp","small":"https:\/\/cdn.assetlog.ai\/assets\/174827\/fiat-carado-t-338-caravan-2025-103kw-mt6-aj-na-splatky-protiucet_6_small.webp"},{"id":137952,"max":"https:\/\/cdn.assetlog.ai\/assets\/174827\/fiat-carado-t-338-caravan-2025-103kw-mt6-aj-na-splatky-protiucet_7_max.webp","medium":"https:\/\/cdn.assetlog.ai\/assets\/174827\/fiat-carado-t-338-caravan-2025-103kw-mt6-aj-na-splatky-protiucet_7_medium.webp","small":"https:\/\/cdn.assetlog.ai\/assets\/174827\/fiat-carado-t-338-caravan-2025-103kw-mt6-aj-na-splatky-protiucet_7_small.webp"},{"id":137953,"max":"https:\/\/cdn.assetlog.ai\/assets\/174827\/fiat-carado-t-338-caravan-2025-103kw-mt6-aj-na-splatky-protiucet_8_max.webp","medium":"https:\/\/cdn.assetlog.ai\/assets\/174827\/fiat-carado-t-338-caravan-2025-103kw-mt6-aj-na-splatky-protiucet_8_medium.webp","small":"https:\/\/cdn.assetlog.ai\/assets\/174827\/fiat-carado-t-338-caravan-2025-103kw-mt6-aj-na-splatky-protiucet_8_small.webp"},{"id":137954,"max":"https:\/\/cdn.assetlog.ai\/assets\/174827\/fiat-carado-t-338-caravan-2025-103kw-mt6-aj-na-splatky-protiucet_9_max.webp","medium":"https:\/\/cdn.assetlog.ai\/assets\/174827\/fiat-carado-t-338-caravan-2025-103kw-mt6-aj-na-splatky-protiucet_9_medium.webp","small":"https:\/\/cdn.assetlog.ai\/assets\/174827\/fiat-carado-t-338-caravan-2025-103kw-mt6-aj-na-splatky-protiucet_9_small.webp"},{"id":137955,"max":"https:\/\/cdn.assetlog.ai\/assets\/174827\/fiat-carado-t-338-caravan-2025-103kw-mt6-aj-na-splatky-protiucet_10_max.webp","medium":"https:\/\/cdn.assetlog.ai\/assets\/174827\/fiat-carado-t-338-caravan-2025-103kw-mt6-aj-na-splatky-protiucet_10_medium.webp","small":"https:\/\/cdn.assetlog.ai\/assets\/174827\/fiat-carado-t-338-caravan-2025-103kw-mt6-aj-na-splatky-protiucet_10_small.webp"},{"id":137956,"max":"https:\/\/cdn.assetlog.ai\/assets\/174827\/fiat-carado-t-338-caravan-2025-103kw-mt6-aj-na-splatky-protiucet_11_max.webp","medium":"https:\/\/cdn.assetlog.ai\/assets\/174827\/fiat-carado-t-338-caravan-2025-103kw-mt6-aj-na-splatky-protiucet_11_medium.webp","small":"https:\/\/cdn.assetlog.ai\/assets\/174827\/fiat-carado-t-338-caravan-2025-103kw-mt6-aj-na-splatky-protiucet_11_small.webp"},{"id":137957,"max":"https:\/\/cdn.assetlog.ai\/assets\/174827\/fiat-carado-t-338-caravan-2025-103kw-mt6-aj-na-splatky-protiucet_12_max.webp","medium":"https:\/\/cdn.assetlog.ai\/assets\/174827\/fiat-carado-t-338-caravan-2025-103kw-mt6-aj-na-splatky-protiucet_12_medium.webp","small":"https:\/\/cdn.assetlog.ai\/assets\/174827\/fiat-carado-t-338-caravan-2025-103kw-mt6-aj-na-splatky-protiucet_12_small.webp"},{"id":137958,"max":"https:\/\/cdn.assetlog.ai\/assets\/174827\/fiat-carado-t-338-caravan-2025-103kw-mt6-aj-na-splatky-protiucet_13_max.webp","medium":"https:\/\/cdn.assetlog.ai\/assets\/174827\/fiat-carado-t-338-caravan-2025-103kw-mt6-aj-na-splatky-protiucet_13_medium.webp","small":"https:\/\/cdn.assetlog.ai\/assets\/174827\/fiat-carado-t-338-caravan-2025-103kw-mt6-aj-na-splatky-protiucet_13_small.webp"},{"id":137959,"max":"https:\/\/cdn.assetlog.ai\/assets\/174827\/fiat-carado-t-338-caravan-2025-103kw-mt6-aj-na-splatky-protiucet_14_max.webp","medium":"https:\/\/cdn.assetlog.ai\/assets\/174827\/fiat-carado-t-338-caravan-2025-103kw-mt6-aj-na-splatky-protiucet_14_medium.webp","small":"https:\/\/cdn.assetlog.ai\/assets\/174827\/fiat-carado-t-338-caravan-2025-103kw-mt6-aj-na-splatky-protiucet_14_small.webp"},{"id":137960,"max":"https:\/\/cdn.assetlog.ai\/assets\/174827\/fiat-carado-t-338-caravan-2025-103kw-mt6-aj-na-splatky-protiucet_15_max.webp","medium":"https:\/\/cdn.assetlog.ai\/assets\/174827\/fiat-carado-t-338-caravan-2025-103kw-mt6-aj-na-splatky-protiucet_15_medium.webp","small":"https:\/\/cdn.assetlog.ai\/assets\/174827\/fiat-carado-t-338-caravan-2025-103kw-mt6-aj-na-splatky-protiucet_15_small.webp"},{"id":137961,"max":"https:\/\/cdn.assetlog.ai\/assets\/174827\/fiat-carado-t-338-caravan-2025-103kw-mt6-aj-na-splatky-protiucet_16_max.webp","medium":"https:\/\/cdn.assetlog.ai\/assets\/174827\/fiat-carado-t-338-caravan-2025-103kw-mt6-aj-na-splatky-protiucet_16_medium.webp","small":"https:\/\/cdn.assetlog.ai\/assets\/174827\/fiat-carado-t-338-caravan-2025-103kw-mt6-aj-na-splatky-protiucet_16_small.webp"},{"id":137962,"max":"https:\/\/cdn.assetlog.ai\/assets\/174827\/fiat-carado-t-338-caravan-2025-103kw-mt6-aj-na-splatky-protiucet_17_max.webp","medium":"https:\/\/cdn.assetlog.ai\/assets\/174827\/fiat-carado-t-338-caravan-2025-103kw-mt6-aj-na-splatky-protiucet_17_medium.webp","small":"https:\/\/cdn.assetlog.ai\/assets\/174827\/fiat-carado-t-338-caravan-2025-103kw-mt6-aj-na-splatky-protiucet_17_small.webp"},{"id":137963,"max":"https:\/\/cdn.assetlog.ai\/assets\/174827\/fiat-carado-t-338-caravan-2025-103kw-mt6-aj-na-splatky-protiucet_18_max.webp","medium":"https:\/\/cdn.assetlog.ai\/assets\/174827\/fiat-carado-t-338-caravan-2025-103kw-mt6-aj-na-splatky-protiucet_18_medium.webp","small":"https:\/\/cdn.assetlog.ai\/assets\/174827\/fiat-carado-t-338-caravan-2025-103kw-mt6-aj-na-splatky-protiucet_18_small.webp"},{"id":137964,"max":"https:\/\/cdn.assetlog.ai\/assets\/174827\/fiat-carado-t-338-caravan-2025-103kw-mt6-aj-na-splatky-protiucet_19_max.webp","medium":"https:\/\/cdn.assetlog.ai\/assets\/174827\/fiat-carado-t-338-caravan-2025-103kw-mt6-aj-na-splatky-protiucet_19_medium.webp","small":"https:\/\/cdn.assetlog.ai\/assets\/174827\/fiat-carado-t-338-caravan-2025-103kw-mt6-aj-na-splatky-protiucet_19_small.webp"},{"id":137965,"max":"https:\/\/cdn.assetlog.ai\/assets\/174827\/fiat-carado-t-338-caravan-2025-103kw-mt6-aj-na-splatky-protiucet_20_max.webp","medium":"https:\/\/cdn.assetlog.ai\/assets\/174827\/fiat-carado-t-338-caravan-2025-103kw-mt6-aj-na-splatky-protiucet_20_medium.webp","small":"https:\/\/cdn.assetlog.ai\/assets\/174827\/fiat-carado-t-338-caravan-2025-103kw-mt6-aj-na-splatky-protiucet_20_small.webp"},{"id":137966,"max":"https:\/\/cdn.assetlog.ai\/assets\/174827\/fiat-carado-t-338-caravan-2025-103kw-mt6-aj-na-splatky-protiucet_21_max.webp","medium":"https:\/\/cdn.assetlog.ai\/assets\/174827\/fiat-carado-t-338-caravan-2025-103kw-mt6-aj-na-splatky-protiucet_21_medium.webp","small":"https:\/\/cdn.assetlog.ai\/assets\/174827\/fiat-carado-t-338-caravan-2025-103kw-mt6-aj-na-splatky-protiucet_21_small.webp"},{"id":137967,"max":"https:\/\/cdn.assetlog.ai\/assets\/174827\/fiat-carado-t-338-caravan-2025-103kw-mt6-aj-na-splatky-protiucet_22_max.webp","medium":"https:\/\/cdn.assetlog.ai\/assets\/174827\/fiat-carado-t-338-caravan-2025-103kw-mt6-aj-na-splatky-protiucet_22_medium.webp","small":"https:\/\/cdn.assetlog.ai\/assets\/174827\/fiat-carado-t-338-caravan-2025-103kw-mt6-aj-na-splatky-protiucet_22_small.webp"},{"id":137968,"max":"https:\/\/cdn.assetlog.ai\/assets\/174827\/fiat-carado-t-338-caravan-2025-103kw-mt6-aj-na-splatky-protiucet_23_max.webp","medium":"https:\/\/cdn.assetlog.ai\/assets\/174827\/fiat-carado-t-338-caravan-2025-103kw-mt6-aj-na-splatky-protiucet_23_medium.webp","small":"https:\/\/cdn.assetlog.ai\/assets\/174827\/fiat-carado-t-338-caravan-2025-103kw-mt6-aj-na-splatky-protiucet_23_small.webp"},{"id":137969,"max":"https:\/\/cdn.assetlog.ai\/assets\/174827\/fiat-carado-t-338-caravan-2025-103kw-mt6-aj-na-splatky-protiucet_24_max.webp","medium":"https:\/\/cdn.assetlog.ai\/assets\/174827\/fiat-carado-t-338-caravan-2025-103kw-mt6-aj-na-splatky-protiucet_24_medium.webp","small":"https:\/\/cdn.assetlog.ai\/assets\/174827\/fiat-carado-t-338-caravan-2025-103kw-mt6-aj-na-splatky-protiucet_24_small.webp"},{"id":137970,"max":"https:\/\/cdn.assetlog.ai\/assets\/174827\/fiat-carado-t-338-caravan-2025-103kw-mt6-aj-na-splatky-protiucet_25_max.webp","medium":"https:\/\/cdn.assetlog.ai\/assets\/174827\/fiat-carado-t-338-caravan-2025-103kw-mt6-aj-na-splatky-protiucet_25_medium.webp","small":"https:\/\/cdn.assetlog.ai\/assets\/174827\/fiat-carado-t-338-caravan-2025-103kw-mt6-aj-na-splatky-protiucet_25_small.webp"},{"id":137971,"max":"https:\/\/cdn.assetlog.ai\/assets\/174827\/fiat-carado-t-338-caravan-2025-103kw-mt6-aj-na-splatky-protiucet_26_max.webp","medium":"https:\/\/cdn.assetlog.ai\/assets\/174827\/fiat-carado-t-338-caravan-2025-103kw-mt6-aj-na-splatky-protiucet_26_medium.webp","small":"https:\/\/cdn.assetlog.ai\/assets\/174827\/fiat-carado-t-338-caravan-2025-103kw-mt6-aj-na-splatky-protiucet_26_small.webp"},{"id":137972,"max":"https:\/\/cdn.assetlog.ai\/assets\/174827\/fiat-carado-t-338-caravan-2025-103kw-mt6-aj-na-splatky-protiucet_27_max.webp","medium":"https:\/\/cdn.assetlog.ai\/assets\/174827\/fiat-carado-t-338-caravan-2025-103kw-mt6-aj-na-splatky-protiucet_27_medium.webp","small":"https:\/\/cdn.assetlog.ai\/assets\/174827\/fiat-carado-t-338-caravan-2025-103kw-mt6-aj-na-splatky-protiucet_27_small.webp"},{"id":137973,"max":"https:\/\/cdn.assetlog.ai\/assets\/174827\/fiat-carado-t-338-caravan-2025-103kw-mt6-aj-na-splatky-protiucet_28_max.webp","medium":"https:\/\/cdn.assetlog.ai\/assets\/174827\/fiat-carado-t-338-caravan-2025-103kw-mt6-aj-na-splatky-protiucet_28_medium.webp","small":"https:\/\/cdn.assetlog.ai\/assets\/174827\/fiat-carado-t-338-caravan-2025-103kw-mt6-aj-na-splatky-protiucet_28_small.webp"},{"id":137974,"max":"https:\/\/cdn.assetlog.ai\/assets\/174827\/fiat-carado-t-338-caravan-2025-103kw-mt6-aj-na-splatky-protiucet_29_max.webp","medium":"https:\/\/cdn.assetlog.ai\/assets\/174827\/fiat-carado-t-338-caravan-2025-103kw-mt6-aj-na-splatky-protiucet_29_medium.webp","small":"https:\/\/cdn.assetlog.ai\/assets\/174827\/fiat-carado-t-338-caravan-2025-103kw-mt6-aj-na-splatky-protiucet_29_small.webp"},{"id":137975,"max":"https:\/\/cdn.assetlog.ai\/assets\/174827\/fiat-carado-t-338-caravan-2025-103kw-mt6-aj-na-splatky-protiucet_30_max.webp","medium":"https:\/\/cdn.assetlog.ai\/assets\/174827\/fiat-carado-t-338-caravan-2025-103kw-mt6-aj-na-splatky-protiucet_30_medium.webp","small":"https:\/\/cdn.assetlog.ai\/assets\/174827\/fiat-carado-t-338-caravan-2025-103kw-mt6-aj-na-splatky-protiucet_30_small.webp"},{"id":137976,"max":"https:\/\/cdn.assetlog.ai\/assets\/174827\/fiat-carado-t-338-caravan-2025-103kw-mt6-aj-na-splatky-protiucet_31_max.webp","medium":"https:\/\/cdn.assetlog.ai\/assets\/174827\/fiat-carado-t-338-caravan-2025-103kw-mt6-aj-na-splatky-protiucet_31_medium.webp","small":"https:\/\/cdn.assetlog.ai\/assets\/174827\/fiat-carado-t-338-caravan-2025-103kw-mt6-aj-na-splatky-protiucet_31_small.webp"},{"id":137977,"max":"https:\/\/cdn.assetlog.ai\/assets\/174827\/fiat-carado-t-338-caravan-2025-103kw-mt6-aj-na-splatky-protiucet_32_max.webp","medium":"https:\/\/cdn.assetlog.ai\/assets\/174827\/fiat-carado-t-338-caravan-2025-103kw-mt6-aj-na-splatky-protiucet_32_medium.webp","small":"https:\/\/cdn.assetlog.ai\/assets\/174827\/fiat-carado-t-338-caravan-2025-103kw-mt6-aj-na-splatky-protiucet_32_small.webp"},{"id":137978,"max":"https:\/\/cdn.assetlog.ai\/assets\/174827\/fiat-carado-t-338-caravan-2025-103kw-mt6-aj-na-splatky-protiucet_33_max.webp","medium":"https:\/\/cdn.assetlog.ai\/assets\/174827\/fiat-carado-t-338-caravan-2025-103kw-mt6-aj-na-splatky-protiucet_33_medium.webp","small":"https:\/\/cdn.assetlog.ai\/assets\/174827\/fiat-carado-t-338-caravan-2025-103kw-mt6-aj-na-splatky-protiucet_33_small.webp"},{"id":137979,"max":"https:\/\/cdn.assetlog.ai\/assets\/174827\/fiat-carado-t-338-caravan-2025-103kw-mt6-aj-na-splatky-protiucet_34_max.webp","medium":"https:\/\/cdn.assetlog.ai\/assets\/174827\/fiat-carado-t-338-caravan-2025-103kw-mt6-aj-na-splatky-protiucet_34_medium.webp","small":"https:\/\/cdn.assetlog.ai\/assets\/174827\/fiat-carado-t-338-caravan-2025-103kw-mt6-aj-na-splatky-protiucet_34_small.webp"},{"id":137980,"max":"https:\/\/cdn.assetlog.ai\/assets\/174827\/fiat-carado-t-338-caravan-2025-103kw-mt6-aj-na-splatky-protiucet_35_max.webp","medium":"https:\/\/cdn.assetlog.ai\/assets\/174827\/fiat-carado-t-338-caravan-2025-103kw-mt6-aj-na-splatky-protiucet_35_medium.webp","small":"https:\/\/cdn.assetlog.ai\/assets\/174827\/fiat-carado-t-338-caravan-2025-103kw-mt6-aj-na-splatky-protiucet_35_small.webp"},{"id":137981,"max":"https:\/\/cdn.assetlog.ai\/assets\/174827\/fiat-carado-t-338-caravan-2025-103kw-mt6-aj-na-splatky-protiucet_36_max.webp","medium":"https:\/\/cdn.assetlog.ai\/assets\/174827\/fiat-carado-t-338-caravan-2025-103kw-mt6-aj-na-splatky-protiucet_36_medium.webp","small":"https:\/\/cdn.assetlog.ai\/assets\/174827\/fiat-carado-t-338-caravan-2025-103kw-mt6-aj-na-splatky-protiucet_36_small.webp"},{"id":137982,"max":"https:\/\/cdn.assetlog.ai\/assets\/174827\/fiat-carado-t-338-caravan-2025-103kw-mt6-aj-na-splatky-protiucet_37_max.webp","medium":"https:\/\/cdn.assetlog.ai\/assets\/174827\/fiat-carado-t-338-caravan-2025-103kw-mt6-aj-na-splatky-protiucet_37_medium.webp","small":"https:\/\/cdn.assetlog.ai\/assets\/174827\/fiat-carado-t-338-caravan-2025-103kw-mt6-aj-na-splatky-protiucet_37_small.webp"},{"id":137983,"max":"https:\/\/cdn.assetlog.ai\/assets\/174827\/fiat-carado-t-338-caravan-2025-103kw-mt6-aj-na-splatky-protiucet_38_max.webp","medium":"https:\/\/cdn.assetlog.ai\/assets\/174827\/fiat-carado-t-338-caravan-2025-103kw-mt6-aj-na-splatky-protiucet_38_medium.webp","small":"https:\/\/cdn.assetlog.ai\/assets\/174827\/fiat-carado-t-338-caravan-2025-103kw-mt6-aj-na-splatky-protiucet_38_small.webp"},{"id":137984,"max":"https:\/\/cdn.assetlog.ai\/assets\/174827\/fiat-carado-t-338-caravan-2025-103kw-mt6-aj-na-splatky-protiucet_39_max.webp","medium":"https:\/\/cdn.assetlog.ai\/assets\/174827\/fiat-carado-t-338-caravan-2025-103kw-mt6-aj-na-splatky-protiucet_39_medium.webp","small":"https:\/\/cdn.assetlog.ai\/assets\/174827\/fiat-carado-t-338-caravan-2025-103kw-mt6-aj-na-splatky-protiucet_39_small.webp"},{"id":137985,"max":"https:\/\/cdn.assetlog.ai\/assets\/174827\/fiat-carado-t-338-caravan-2025-103kw-mt6-aj-na-splatky-protiucet_40_max.webp","medium":"https:\/\/cdn.assetlog.ai\/assets\/174827\/fiat-carado-t-338-caravan-2025-103kw-mt6-aj-na-splatky-protiucet_40_medium.webp","small":"https:\/\/cdn.assetlog.ai\/assets\/174827\/fiat-carado-t-338-caravan-2025-103kw-mt6-aj-na-splatky-protiucet_40_small.webp"}],"published_at":null,"expires_at":null,"created_at":"2026-08-27T03:40:17+00:00","updated_at":"2026-09-01T03:40:33+00:00"}}