{"data":{"id":181150,"slug":"ford-mondeo-combi-st-22-tdci-dpf-147kw-m6-5d-aj-na-splatky-protiucet","type":"vehicle","title":"Ford Mondeo Combi ST 2.2 TDCi DPF, 147kW, M6, 5-door \/ AVAILABLE ON INSTALLMENTS \/ TRADE-IN \/","description":"Commission sale - you purchase the vehicle directly from the owner.\n\nFord Mondeo ST in sports version with powerful 2.2 TDCi diesel engine with 147 kW output and six-speed manual transmission offers distinctive sports character, comfort and plenty of space in a practical estate car body.\nThe vehicle was imported from Germany as a four-year-old and comes with a service book. The ST version impresses with two-layer Panther Black metallic paint, sports suspension, protective chrome trim and rear spoiler.\nIt is equipped with summer tires R18, and a set of winter tires R18 on alloy wheels is also available.\nAt 220,000 km the timing belt was replaced, at 280,000 km the front brake discs and brake pads were replaced, and at 296,200 km maintenance was performed including engine oil and filter change.\n\nWe offer favorable financing with monthly installments, so you can enjoy your new car right away and without waiting with 0% down payment and installments up to 96 months.\n\nIf you already own a car, you don't need to worry about selling it - we will take it directly from you in exchange. Just come to us with it, we will assess it and deduct the value from your new car. This way you save time, stress and money and the entire process will be quick and easy - you drive away in your new car without unnecessary paperwork.\n\nVEHICLE LOCATED IN Levice.\nMore information available at telephone number 0902 712 917.\n\nVehicle number: GAN6STA. MOT valid until: 8. 7. 2027. MOT valid until: 8. 7. 2027.\n\nTechnical data\n\nYear: 11\/11, 2179cc, 147kW (200HP), Drive: Front-wheel drive, Manual (6-speed), Diesel, EURO 5, 5-door, (5-seater), 303,457 km, Black metallic, VIN WF0GXXGBBGBU00976\n\nFuel consumption (l\/100km)\n\nUrban: 7.8, Extra-urban: 5, Combined: 6\n\nService book, Trade-in possible, Financing available","language":"cs","is_translated":true,"title_original":"Ford Mondeo Combi ST  2.2 TDCi DPF, 147kW, M6, 5d. \/ AJ NA SPL\u00c1TKY \/ PROTI\u00da\u010cET \/","description_original":"Komisn\u00ed prodej - vozidlo kupujete p\u0159\u00edmo od majitele.\n\nFord Mondeo ST ve sportovn\u00ed verzi s v\u00fdkonn\u00fdm dieselov\u00fdm motorem 2.2 TDCi o v\u00fdkonu 147 kW a \u0161estistup\u0148ovou manu\u00e1ln\u00ed p\u0159evodovkou nab\u00edz\u00ed v\u00fdrazn\u00fd sportovn\u00ed charakter, komfort a dostatek prostoru v praktick\u00e9 karoserii kombi.\nVozidlo bylo dovezeno z N\u011bmecka jako \u010dty\u0159let\u00e9 a je k n\u011bmu p\u0159ilo\u017eena servisn\u00ed kn\u00ed\u017eka. Verze ST zaujme dvouvrstv\u00fdm \u010dern\u00fdm metal\u00edzem Panther Black, sportovn\u00edm podvozkem, ochrann\u00fdmi chromov\u00fdmi li\u0161tami a zadn\u00edm spoilerem.\nJe obuto na letn\u00ed pneumatiky R18, k dispozici je tak\u00e9 sada zimn\u00edch pneumatik R18 na hlin\u00edkov\u00fdch r\u00e1fc\u00edch.\nP\u0159i 220 000 km byl vym\u011bn\u011bn rozvodov\u00fd \u0159emen, p\u0159i 280 000 km p\u0159edn\u00ed brzdov\u00e9 kotou\u010de a brzdov\u00e9 desti\u010dky a p\u0159i 296 200 km prob\u011bhla \u00fadr\u017eba s v\u00fdm\u011bnou motorov\u00e9ho oleje a filtru.\n\nNab\u00edz\u00edme v\u00fdhodn\u00e9 financov\u00e1n\u00ed na m\u011bs\u00ed\u010dn\u00ed spl\u00e1tky, tak\u017ee si sv\u016fj nov\u00fd v\u016fz m\u016f\u017eete u\u017e\u00edvat hned a bez \u010dek\u00e1n\u00ed s akontac\u00ed 0 % a spl\u00e1tkami a\u017e na 96 m\u011bs\u00edc\u016f.\n\nPokud ji\u017e v\u016fz vlastn\u00edte, nemus\u00edte se zab\u00fdvat jeho prodejem - na opl\u00e1tku si ho od v\u00e1s p\u0159\u00edmo vezmeme. Sta\u010d\u00ed, kdy\u017e k n\u00e1m s n\u00edm p\u0159ijdete, my ho ocen\u00edme a n\u00e1klady ode\u010dteme od hodnoty va\u0161eho nov\u00e9ho vozu. U\u0161et\u0159\u00edte tak \u010das, starosti i pen\u00edze a cel\u00fd proces bude rychl\u00fd a snadn\u00fd - odjedete rovnou ve sv\u00e9m nov\u00e9m voze bez zbyte\u010dn\u00e9ho pap\u00edrov\u00e1n\u00ed.\n\nVOZIDLO SE NACH\u00c1Z\u00cd V Leviciach.\nViac inform\u00e1ci\u00ed V\u00e1m poskytneme na telefonn\u00edm \u010d\u00edsle 0902 712 917.\n\n\u010c\u00edslo vozidla: GAN6STA. Platnost technick\u00e9 kontroly do: 8. 7. 2027. Platnost technick\u00e9 kontroly do: 8. 7. 2027.\n\nTechnick\u00e9 \u00fadaje\n\nv.v.: 11\/11, 2179cm\u00b3, 147kW (200PS), Pohon: Pohon p\u0159edn\u00edch kol, Manu\u00e1ln\u00ed (6 st.), Diesel, EURO 5, 5 dv., (5-m\u00edstn\u00fd), 303 457km, \u010cern\u00e1 metal\u00edza, VIN WF0GXXGBBGBU00976\n\nSpot\u0159eba vozidla (l\/100km)\n\nVe m\u011bst\u011b: 7.8, mimo m\u011bsto: 5, kombinovan\u00e1: 6\n\nServisn\u00ed kn\u00ed\u017eka, Mo\u017en\u00e1 v\u00fdm\u011bna, Mo\u017en\u00fd \u00fav\u011br","price":"156813.00","currency":"CZK","status":"active","noindex":true,"location":{"address":null,"full_address":null,"city":"Levice","country":"SK","latitude":48.2163194,"longitude":18.6000869},"metadata":{"vin":"WF0GXXGBBGBU00976","fuel":"diesel","year":2011,"brand":"Ford","color":"Black","doors":5,"drive":"Front-wheel drive","model":"Mondeo Combi","seats":5,"region":"Nitriansky kraj","mileage":303457,"emisions":"Euro 5","features":["Alarm","6x airbag","Posilova\u010d \u0159\u00edzen\u00ed","ABS","ADS","DSC\/DTC","Brzdov\u00fd asistent (EBA, BAS)","ISOFIX na zadn\u00edch sedadlech","Deaktivace airbagu spolujezdce","Nat\u00e1\u010dec\u00ed sv\u011btlomety","Senzor tlaku","Asistent d\u00e1lkov\u00fdch sv\u011btel (HBA)","Centr\u00e1ln\u00ed zamyk\u00e1n\u00ed","Zadn\u00ed el. stahovateln\u00e1 okna","El. nastaviteln\u00e1 p\u0159edn\u00ed sedadla","Elektricky nastaviteln\u00e1 zp\u011btn\u00e1 zrc\u00e1tka","Automatick\u00e1 2-z\u00f3nov\u00e1 klimatizace","Centr\u00e1ln\u00ed zamyk\u00e1n\u00ed na d\u00e1lkov\u00e9 ovl\u00e1d\u00e1n\u00ed","Autor\u00e1dio","Vyh\u0159\u00edvan\u00e9 \u010deln\u00ed sklo","Multifunk\u010dn\u00ed volant","Loketn\u00ed op\u011brka vp\u0159edu","Venkovn\u00ed teplom\u011br","Klimatizovan\u00e1 p\u0159ihr\u00e1dka","Ost\u0159ikova\u010de sv\u011btlomet\u016f","Apple Car Play","Android Auto","Welcome light","Bezdr\u00e1tov\u00e1 nab\u00edje\u010dka mobiln\u00edch telefon\u016f","Lit\u00e1 kola","Mlhovky","Palubn\u00ed po\u010d\u00edta\u010d","Navigace","St\u0159e\u0161n\u00ed okno","St\u0159e\u0161n\u00ed nosi\u010d","Vyh\u0159\u00edvan\u00e1 sedadla","Elektricky vyh\u0159\u00edvan\u00e1 zp\u011btn\u00e1 zrc\u00e1tka","F\u00f3lie","Senzor st\u011bra\u010d\u016f","Sv\u011bteln\u00fd senzor","Xenonov\u00e9 sv\u011btlomety","Zimn\u00ed sada kol","Start\/Stop syst\u00e9m","Parkovac\u00ed kamera","P\u0159edn\u00ed a zadn\u00ed parkovac\u00ed senzory","Adaptivn\u00ed tempomat","Bluetooth","Denn\u00ed sv\u00edcen\u00ed","Pam\u011b\u0165 nastaven\u00ed sedadla \u0159idi\u010de","Serv. kni\u017eka","Mo\u017en\u00e1 v\u00fdmena","Mo\u017en\u00fd \u00faver","Ko\u017een\u00fd paket","Odo-pass","Asistent udr\u017eov\u00e1n\u00ed j\u00edzdn\u00edho pruhu","Kontrola mrtv\u00e9ho \u00fahlu","LCD panel","CD m\u011bni\u010d","Sportovn\u00ed sedadla","Elektricky sklopn\u00e1 zp\u011btn\u00e1 zrc\u00e1tka","subwoofer v prostoru pro rezervn\u00ed kolo","navigace Blaupunkt","tepeln\u011b izola\u010dn\u00ed a vyh\u0159\u00edvan\u00e9 \u010deln\u00ed sklo","t\u00f3novan\u00e1 skla","Alcantara + k\u016f\u017ee"],"power_kw":147,"body_type":"Estate","condition":"Used","transmission":"manual","vat_deductible":false,"consumption_city":7.8,"translation_hash":"9c08125c77f203ede243f31eaca87302181afd56","vehicle_category":"car","engine_volume_cm3":2179,"first_registration":"2011-11-01","translation_status":"done","consumption_highway":5,"consumption_combined":6},"user_id":76,"is_sponsored":false,"views_count":0,"ai_views_count":1,"ai_vendor_counts":{"anthropic":1},"visibility":"public","submission_source":null,"submission_ai_name":null,"has_owner_email":true,"can_contact_owner":true,"phone":"0902 712 917","owner_email":"ondruska@autorro.sk","user":{"id":76,"slug":"ing-marek-ondruska-76","name":"Ing. Marek Ondru\u0161ka","bio":"Makl\u00e9r. P\u016fsob\u00edm v Nitre a okol\u00ed.\n\nP\u016fsobnost: Nitra","nationality":null,"languages":[],"service_areas":[],"card_style":null,"card_palette":null,"avatar_url":"https:\/\/cdn.assetlog.ai\/avatars\/76\/avatar_max.webp?v=1786535213","avatar_thumb_url":"https:\/\/cdn.assetlog.ai\/avatars\/76\/avatar_small.webp?v=1786535213","reviews_count":0,"avg_rating":null,"seller_badge":"silver","can_calendar":true,"joined_at":"2026-07-30T03:46:23+00:00","primary_intent":null,"seeking":[],"public_assets_count":24,"public_prompts_count":0,"followers_count":0},"images":[{"id":140786,"max":"https:\/\/cdn.assetlog.ai\/assets\/181150\/ford-mondeo-combi-st-22-tdci-dpf-147kw-m6-5d-aj-na-splatky-protiucet_1_max.webp","medium":"https:\/\/cdn.assetlog.ai\/assets\/181150\/ford-mondeo-combi-st-22-tdci-dpf-147kw-m6-5d-aj-na-splatky-protiucet_1_medium.webp","small":"https:\/\/cdn.assetlog.ai\/assets\/181150\/ford-mondeo-combi-st-22-tdci-dpf-147kw-m6-5d-aj-na-splatky-protiucet_1_small.webp"},{"id":140787,"max":"https:\/\/cdn.assetlog.ai\/assets\/181150\/ford-mondeo-combi-st-22-tdci-dpf-147kw-m6-5d-aj-na-splatky-protiucet_2_max.webp","medium":"https:\/\/cdn.assetlog.ai\/assets\/181150\/ford-mondeo-combi-st-22-tdci-dpf-147kw-m6-5d-aj-na-splatky-protiucet_2_medium.webp","small":"https:\/\/cdn.assetlog.ai\/assets\/181150\/ford-mondeo-combi-st-22-tdci-dpf-147kw-m6-5d-aj-na-splatky-protiucet_2_small.webp"},{"id":140788,"max":"https:\/\/cdn.assetlog.ai\/assets\/181150\/ford-mondeo-combi-st-22-tdci-dpf-147kw-m6-5d-aj-na-splatky-protiucet_3_max.webp","medium":"https:\/\/cdn.assetlog.ai\/assets\/181150\/ford-mondeo-combi-st-22-tdci-dpf-147kw-m6-5d-aj-na-splatky-protiucet_3_medium.webp","small":"https:\/\/cdn.assetlog.ai\/assets\/181150\/ford-mondeo-combi-st-22-tdci-dpf-147kw-m6-5d-aj-na-splatky-protiucet_3_small.webp"},{"id":140789,"max":"https:\/\/cdn.assetlog.ai\/assets\/181150\/ford-mondeo-combi-st-22-tdci-dpf-147kw-m6-5d-aj-na-splatky-protiucet_4_max.webp","medium":"https:\/\/cdn.assetlog.ai\/assets\/181150\/ford-mondeo-combi-st-22-tdci-dpf-147kw-m6-5d-aj-na-splatky-protiucet_4_medium.webp","small":"https:\/\/cdn.assetlog.ai\/assets\/181150\/ford-mondeo-combi-st-22-tdci-dpf-147kw-m6-5d-aj-na-splatky-protiucet_4_small.webp"},{"id":140790,"max":"https:\/\/cdn.assetlog.ai\/assets\/181150\/ford-mondeo-combi-st-22-tdci-dpf-147kw-m6-5d-aj-na-splatky-protiucet_5_max.webp","medium":"https:\/\/cdn.assetlog.ai\/assets\/181150\/ford-mondeo-combi-st-22-tdci-dpf-147kw-m6-5d-aj-na-splatky-protiucet_5_medium.webp","small":"https:\/\/cdn.assetlog.ai\/assets\/181150\/ford-mondeo-combi-st-22-tdci-dpf-147kw-m6-5d-aj-na-splatky-protiucet_5_small.webp"},{"id":140791,"max":"https:\/\/cdn.assetlog.ai\/assets\/181150\/ford-mondeo-combi-st-22-tdci-dpf-147kw-m6-5d-aj-na-splatky-protiucet_6_max.webp","medium":"https:\/\/cdn.assetlog.ai\/assets\/181150\/ford-mondeo-combi-st-22-tdci-dpf-147kw-m6-5d-aj-na-splatky-protiucet_6_medium.webp","small":"https:\/\/cdn.assetlog.ai\/assets\/181150\/ford-mondeo-combi-st-22-tdci-dpf-147kw-m6-5d-aj-na-splatky-protiucet_6_small.webp"},{"id":140792,"max":"https:\/\/cdn.assetlog.ai\/assets\/181150\/ford-mondeo-combi-st-22-tdci-dpf-147kw-m6-5d-aj-na-splatky-protiucet_7_max.webp","medium":"https:\/\/cdn.assetlog.ai\/assets\/181150\/ford-mondeo-combi-st-22-tdci-dpf-147kw-m6-5d-aj-na-splatky-protiucet_7_medium.webp","small":"https:\/\/cdn.assetlog.ai\/assets\/181150\/ford-mondeo-combi-st-22-tdci-dpf-147kw-m6-5d-aj-na-splatky-protiucet_7_small.webp"},{"id":140793,"max":"https:\/\/cdn.assetlog.ai\/assets\/181150\/ford-mondeo-combi-st-22-tdci-dpf-147kw-m6-5d-aj-na-splatky-protiucet_8_max.webp","medium":"https:\/\/cdn.assetlog.ai\/assets\/181150\/ford-mondeo-combi-st-22-tdci-dpf-147kw-m6-5d-aj-na-splatky-protiucet_8_medium.webp","small":"https:\/\/cdn.assetlog.ai\/assets\/181150\/ford-mondeo-combi-st-22-tdci-dpf-147kw-m6-5d-aj-na-splatky-protiucet_8_small.webp"},{"id":140794,"max":"https:\/\/cdn.assetlog.ai\/assets\/181150\/ford-mondeo-combi-st-22-tdci-dpf-147kw-m6-5d-aj-na-splatky-protiucet_9_max.webp","medium":"https:\/\/cdn.assetlog.ai\/assets\/181150\/ford-mondeo-combi-st-22-tdci-dpf-147kw-m6-5d-aj-na-splatky-protiucet_9_medium.webp","small":"https:\/\/cdn.assetlog.ai\/assets\/181150\/ford-mondeo-combi-st-22-tdci-dpf-147kw-m6-5d-aj-na-splatky-protiucet_9_small.webp"},{"id":140795,"max":"https:\/\/cdn.assetlog.ai\/assets\/181150\/ford-mondeo-combi-st-22-tdci-dpf-147kw-m6-5d-aj-na-splatky-protiucet_10_max.webp","medium":"https:\/\/cdn.assetlog.ai\/assets\/181150\/ford-mondeo-combi-st-22-tdci-dpf-147kw-m6-5d-aj-na-splatky-protiucet_10_medium.webp","small":"https:\/\/cdn.assetlog.ai\/assets\/181150\/ford-mondeo-combi-st-22-tdci-dpf-147kw-m6-5d-aj-na-splatky-protiucet_10_small.webp"},{"id":140796,"max":"https:\/\/cdn.assetlog.ai\/assets\/181150\/ford-mondeo-combi-st-22-tdci-dpf-147kw-m6-5d-aj-na-splatky-protiucet_11_max.webp","medium":"https:\/\/cdn.assetlog.ai\/assets\/181150\/ford-mondeo-combi-st-22-tdci-dpf-147kw-m6-5d-aj-na-splatky-protiucet_11_medium.webp","small":"https:\/\/cdn.assetlog.ai\/assets\/181150\/ford-mondeo-combi-st-22-tdci-dpf-147kw-m6-5d-aj-na-splatky-protiucet_11_small.webp"},{"id":140797,"max":"https:\/\/cdn.assetlog.ai\/assets\/181150\/ford-mondeo-combi-st-22-tdci-dpf-147kw-m6-5d-aj-na-splatky-protiucet_12_max.webp","medium":"https:\/\/cdn.assetlog.ai\/assets\/181150\/ford-mondeo-combi-st-22-tdci-dpf-147kw-m6-5d-aj-na-splatky-protiucet_12_medium.webp","small":"https:\/\/cdn.assetlog.ai\/assets\/181150\/ford-mondeo-combi-st-22-tdci-dpf-147kw-m6-5d-aj-na-splatky-protiucet_12_small.webp"},{"id":140798,"max":"https:\/\/cdn.assetlog.ai\/assets\/181150\/ford-mondeo-combi-st-22-tdci-dpf-147kw-m6-5d-aj-na-splatky-protiucet_13_max.webp","medium":"https:\/\/cdn.assetlog.ai\/assets\/181150\/ford-mondeo-combi-st-22-tdci-dpf-147kw-m6-5d-aj-na-splatky-protiucet_13_medium.webp","small":"https:\/\/cdn.assetlog.ai\/assets\/181150\/ford-mondeo-combi-st-22-tdci-dpf-147kw-m6-5d-aj-na-splatky-protiucet_13_small.webp"},{"id":140799,"max":"https:\/\/cdn.assetlog.ai\/assets\/181150\/ford-mondeo-combi-st-22-tdci-dpf-147kw-m6-5d-aj-na-splatky-protiucet_14_max.webp","medium":"https:\/\/cdn.assetlog.ai\/assets\/181150\/ford-mondeo-combi-st-22-tdci-dpf-147kw-m6-5d-aj-na-splatky-protiucet_14_medium.webp","small":"https:\/\/cdn.assetlog.ai\/assets\/181150\/ford-mondeo-combi-st-22-tdci-dpf-147kw-m6-5d-aj-na-splatky-protiucet_14_small.webp"},{"id":140800,"max":"https:\/\/cdn.assetlog.ai\/assets\/181150\/ford-mondeo-combi-st-22-tdci-dpf-147kw-m6-5d-aj-na-splatky-protiucet_15_max.webp","medium":"https:\/\/cdn.assetlog.ai\/assets\/181150\/ford-mondeo-combi-st-22-tdci-dpf-147kw-m6-5d-aj-na-splatky-protiucet_15_medium.webp","small":"https:\/\/cdn.assetlog.ai\/assets\/181150\/ford-mondeo-combi-st-22-tdci-dpf-147kw-m6-5d-aj-na-splatky-protiucet_15_small.webp"},{"id":140801,"max":"https:\/\/cdn.assetlog.ai\/assets\/181150\/ford-mondeo-combi-st-22-tdci-dpf-147kw-m6-5d-aj-na-splatky-protiucet_16_max.webp","medium":"https:\/\/cdn.assetlog.ai\/assets\/181150\/ford-mondeo-combi-st-22-tdci-dpf-147kw-m6-5d-aj-na-splatky-protiucet_16_medium.webp","small":"https:\/\/cdn.assetlog.ai\/assets\/181150\/ford-mondeo-combi-st-22-tdci-dpf-147kw-m6-5d-aj-na-splatky-protiucet_16_small.webp"},{"id":140802,"max":"https:\/\/cdn.assetlog.ai\/assets\/181150\/ford-mondeo-combi-st-22-tdci-dpf-147kw-m6-5d-aj-na-splatky-protiucet_17_max.webp","medium":"https:\/\/cdn.assetlog.ai\/assets\/181150\/ford-mondeo-combi-st-22-tdci-dpf-147kw-m6-5d-aj-na-splatky-protiucet_17_medium.webp","small":"https:\/\/cdn.assetlog.ai\/assets\/181150\/ford-mondeo-combi-st-22-tdci-dpf-147kw-m6-5d-aj-na-splatky-protiucet_17_small.webp"},{"id":140803,"max":"https:\/\/cdn.assetlog.ai\/assets\/181150\/ford-mondeo-combi-st-22-tdci-dpf-147kw-m6-5d-aj-na-splatky-protiucet_18_max.webp","medium":"https:\/\/cdn.assetlog.ai\/assets\/181150\/ford-mondeo-combi-st-22-tdci-dpf-147kw-m6-5d-aj-na-splatky-protiucet_18_medium.webp","small":"https:\/\/cdn.assetlog.ai\/assets\/181150\/ford-mondeo-combi-st-22-tdci-dpf-147kw-m6-5d-aj-na-splatky-protiucet_18_small.webp"},{"id":140804,"max":"https:\/\/cdn.assetlog.ai\/assets\/181150\/ford-mondeo-combi-st-22-tdci-dpf-147kw-m6-5d-aj-na-splatky-protiucet_19_max.webp","medium":"https:\/\/cdn.assetlog.ai\/assets\/181150\/ford-mondeo-combi-st-22-tdci-dpf-147kw-m6-5d-aj-na-splatky-protiucet_19_medium.webp","small":"https:\/\/cdn.assetlog.ai\/assets\/181150\/ford-mondeo-combi-st-22-tdci-dpf-147kw-m6-5d-aj-na-splatky-protiucet_19_small.webp"},{"id":140805,"max":"https:\/\/cdn.assetlog.ai\/assets\/181150\/ford-mondeo-combi-st-22-tdci-dpf-147kw-m6-5d-aj-na-splatky-protiucet_20_max.webp","medium":"https:\/\/cdn.assetlog.ai\/assets\/181150\/ford-mondeo-combi-st-22-tdci-dpf-147kw-m6-5d-aj-na-splatky-protiucet_20_medium.webp","small":"https:\/\/cdn.assetlog.ai\/assets\/181150\/ford-mondeo-combi-st-22-tdci-dpf-147kw-m6-5d-aj-na-splatky-protiucet_20_small.webp"},{"id":140806,"max":"https:\/\/cdn.assetlog.ai\/assets\/181150\/ford-mondeo-combi-st-22-tdci-dpf-147kw-m6-5d-aj-na-splatky-protiucet_21_max.webp","medium":"https:\/\/cdn.assetlog.ai\/assets\/181150\/ford-mondeo-combi-st-22-tdci-dpf-147kw-m6-5d-aj-na-splatky-protiucet_21_medium.webp","small":"https:\/\/cdn.assetlog.ai\/assets\/181150\/ford-mondeo-combi-st-22-tdci-dpf-147kw-m6-5d-aj-na-splatky-protiucet_21_small.webp"},{"id":140807,"max":"https:\/\/cdn.assetlog.ai\/assets\/181150\/ford-mondeo-combi-st-22-tdci-dpf-147kw-m6-5d-aj-na-splatky-protiucet_22_max.webp","medium":"https:\/\/cdn.assetlog.ai\/assets\/181150\/ford-mondeo-combi-st-22-tdci-dpf-147kw-m6-5d-aj-na-splatky-protiucet_22_medium.webp","small":"https:\/\/cdn.assetlog.ai\/assets\/181150\/ford-mondeo-combi-st-22-tdci-dpf-147kw-m6-5d-aj-na-splatky-protiucet_22_small.webp"},{"id":140808,"max":"https:\/\/cdn.assetlog.ai\/assets\/181150\/ford-mondeo-combi-st-22-tdci-dpf-147kw-m6-5d-aj-na-splatky-protiucet_23_max.webp","medium":"https:\/\/cdn.assetlog.ai\/assets\/181150\/ford-mondeo-combi-st-22-tdci-dpf-147kw-m6-5d-aj-na-splatky-protiucet_23_medium.webp","small":"https:\/\/cdn.assetlog.ai\/assets\/181150\/ford-mondeo-combi-st-22-tdci-dpf-147kw-m6-5d-aj-na-splatky-protiucet_23_small.webp"},{"id":140809,"max":"https:\/\/cdn.assetlog.ai\/assets\/181150\/ford-mondeo-combi-st-22-tdci-dpf-147kw-m6-5d-aj-na-splatky-protiucet_24_max.webp","medium":"https:\/\/cdn.assetlog.ai\/assets\/181150\/ford-mondeo-combi-st-22-tdci-dpf-147kw-m6-5d-aj-na-splatky-protiucet_24_medium.webp","small":"https:\/\/cdn.assetlog.ai\/assets\/181150\/ford-mondeo-combi-st-22-tdci-dpf-147kw-m6-5d-aj-na-splatky-protiucet_24_small.webp"},{"id":140810,"max":"https:\/\/cdn.assetlog.ai\/assets\/181150\/ford-mondeo-combi-st-22-tdci-dpf-147kw-m6-5d-aj-na-splatky-protiucet_25_max.webp","medium":"https:\/\/cdn.assetlog.ai\/assets\/181150\/ford-mondeo-combi-st-22-tdci-dpf-147kw-m6-5d-aj-na-splatky-protiucet_25_medium.webp","small":"https:\/\/cdn.assetlog.ai\/assets\/181150\/ford-mondeo-combi-st-22-tdci-dpf-147kw-m6-5d-aj-na-splatky-protiucet_25_small.webp"},{"id":140811,"max":"https:\/\/cdn.assetlog.ai\/assets\/181150\/ford-mondeo-combi-st-22-tdci-dpf-147kw-m6-5d-aj-na-splatky-protiucet_26_max.webp","medium":"https:\/\/cdn.assetlog.ai\/assets\/181150\/ford-mondeo-combi-st-22-tdci-dpf-147kw-m6-5d-aj-na-splatky-protiucet_26_medium.webp","small":"https:\/\/cdn.assetlog.ai\/assets\/181150\/ford-mondeo-combi-st-22-tdci-dpf-147kw-m6-5d-aj-na-splatky-protiucet_26_small.webp"},{"id":140812,"max":"https:\/\/cdn.assetlog.ai\/assets\/181150\/ford-mondeo-combi-st-22-tdci-dpf-147kw-m6-5d-aj-na-splatky-protiucet_27_max.webp","medium":"https:\/\/cdn.assetlog.ai\/assets\/181150\/ford-mondeo-combi-st-22-tdci-dpf-147kw-m6-5d-aj-na-splatky-protiucet_27_medium.webp","small":"https:\/\/cdn.assetlog.ai\/assets\/181150\/ford-mondeo-combi-st-22-tdci-dpf-147kw-m6-5d-aj-na-splatky-protiucet_27_small.webp"},{"id":140813,"max":"https:\/\/cdn.assetlog.ai\/assets\/181150\/ford-mondeo-combi-st-22-tdci-dpf-147kw-m6-5d-aj-na-splatky-protiucet_28_max.webp","medium":"https:\/\/cdn.assetlog.ai\/assets\/181150\/ford-mondeo-combi-st-22-tdci-dpf-147kw-m6-5d-aj-na-splatky-protiucet_28_medium.webp","small":"https:\/\/cdn.assetlog.ai\/assets\/181150\/ford-mondeo-combi-st-22-tdci-dpf-147kw-m6-5d-aj-na-splatky-protiucet_28_small.webp"},{"id":140814,"max":"https:\/\/cdn.assetlog.ai\/assets\/181150\/ford-mondeo-combi-st-22-tdci-dpf-147kw-m6-5d-aj-na-splatky-protiucet_29_max.webp","medium":"https:\/\/cdn.assetlog.ai\/assets\/181150\/ford-mondeo-combi-st-22-tdci-dpf-147kw-m6-5d-aj-na-splatky-protiucet_29_medium.webp","small":"https:\/\/cdn.assetlog.ai\/assets\/181150\/ford-mondeo-combi-st-22-tdci-dpf-147kw-m6-5d-aj-na-splatky-protiucet_29_small.webp"},{"id":140815,"max":"https:\/\/cdn.assetlog.ai\/assets\/181150\/ford-mondeo-combi-st-22-tdci-dpf-147kw-m6-5d-aj-na-splatky-protiucet_30_max.webp","medium":"https:\/\/cdn.assetlog.ai\/assets\/181150\/ford-mondeo-combi-st-22-tdci-dpf-147kw-m6-5d-aj-na-splatky-protiucet_30_medium.webp","small":"https:\/\/cdn.assetlog.ai\/assets\/181150\/ford-mondeo-combi-st-22-tdci-dpf-147kw-m6-5d-aj-na-splatky-protiucet_30_small.webp"},{"id":140816,"max":"https:\/\/cdn.assetlog.ai\/assets\/181150\/ford-mondeo-combi-st-22-tdci-dpf-147kw-m6-5d-aj-na-splatky-protiucet_31_max.webp","medium":"https:\/\/cdn.assetlog.ai\/assets\/181150\/ford-mondeo-combi-st-22-tdci-dpf-147kw-m6-5d-aj-na-splatky-protiucet_31_medium.webp","small":"https:\/\/cdn.assetlog.ai\/assets\/181150\/ford-mondeo-combi-st-22-tdci-dpf-147kw-m6-5d-aj-na-splatky-protiucet_31_small.webp"},{"id":140817,"max":"https:\/\/cdn.assetlog.ai\/assets\/181150\/ford-mondeo-combi-st-22-tdci-dpf-147kw-m6-5d-aj-na-splatky-protiucet_32_max.webp","medium":"https:\/\/cdn.assetlog.ai\/assets\/181150\/ford-mondeo-combi-st-22-tdci-dpf-147kw-m6-5d-aj-na-splatky-protiucet_32_medium.webp","small":"https:\/\/cdn.assetlog.ai\/assets\/181150\/ford-mondeo-combi-st-22-tdci-dpf-147kw-m6-5d-aj-na-splatky-protiucet_32_small.webp"},{"id":140818,"max":"https:\/\/cdn.assetlog.ai\/assets\/181150\/ford-mondeo-combi-st-22-tdci-dpf-147kw-m6-5d-aj-na-splatky-protiucet_33_max.webp","medium":"https:\/\/cdn.assetlog.ai\/assets\/181150\/ford-mondeo-combi-st-22-tdci-dpf-147kw-m6-5d-aj-na-splatky-protiucet_33_medium.webp","small":"https:\/\/cdn.assetlog.ai\/assets\/181150\/ford-mondeo-combi-st-22-tdci-dpf-147kw-m6-5d-aj-na-splatky-protiucet_33_small.webp"},{"id":140819,"max":"https:\/\/cdn.assetlog.ai\/assets\/181150\/ford-mondeo-combi-st-22-tdci-dpf-147kw-m6-5d-aj-na-splatky-protiucet_34_max.webp","medium":"https:\/\/cdn.assetlog.ai\/assets\/181150\/ford-mondeo-combi-st-22-tdci-dpf-147kw-m6-5d-aj-na-splatky-protiucet_34_medium.webp","small":"https:\/\/cdn.assetlog.ai\/assets\/181150\/ford-mondeo-combi-st-22-tdci-dpf-147kw-m6-5d-aj-na-splatky-protiucet_34_small.webp"},{"id":140820,"max":"https:\/\/cdn.assetlog.ai\/assets\/181150\/ford-mondeo-combi-st-22-tdci-dpf-147kw-m6-5d-aj-na-splatky-protiucet_35_max.webp","medium":"https:\/\/cdn.assetlog.ai\/assets\/181150\/ford-mondeo-combi-st-22-tdci-dpf-147kw-m6-5d-aj-na-splatky-protiucet_35_medium.webp","small":"https:\/\/cdn.assetlog.ai\/assets\/181150\/ford-mondeo-combi-st-22-tdci-dpf-147kw-m6-5d-aj-na-splatky-protiucet_35_small.webp"},{"id":140821,"max":"https:\/\/cdn.assetlog.ai\/assets\/181150\/ford-mondeo-combi-st-22-tdci-dpf-147kw-m6-5d-aj-na-splatky-protiucet_36_max.webp","medium":"https:\/\/cdn.assetlog.ai\/assets\/181150\/ford-mondeo-combi-st-22-tdci-dpf-147kw-m6-5d-aj-na-splatky-protiucet_36_medium.webp","small":"https:\/\/cdn.assetlog.ai\/assets\/181150\/ford-mondeo-combi-st-22-tdci-dpf-147kw-m6-5d-aj-na-splatky-protiucet_36_small.webp"},{"id":140822,"max":"https:\/\/cdn.assetlog.ai\/assets\/181150\/ford-mondeo-combi-st-22-tdci-dpf-147kw-m6-5d-aj-na-splatky-protiucet_37_max.webp","medium":"https:\/\/cdn.assetlog.ai\/assets\/181150\/ford-mondeo-combi-st-22-tdci-dpf-147kw-m6-5d-aj-na-splatky-protiucet_37_medium.webp","small":"https:\/\/cdn.assetlog.ai\/assets\/181150\/ford-mondeo-combi-st-22-tdci-dpf-147kw-m6-5d-aj-na-splatky-protiucet_37_small.webp"},{"id":140823,"max":"https:\/\/cdn.assetlog.ai\/assets\/181150\/ford-mondeo-combi-st-22-tdci-dpf-147kw-m6-5d-aj-na-splatky-protiucet_38_max.webp","medium":"https:\/\/cdn.assetlog.ai\/assets\/181150\/ford-mondeo-combi-st-22-tdci-dpf-147kw-m6-5d-aj-na-splatky-protiucet_38_medium.webp","small":"https:\/\/cdn.assetlog.ai\/assets\/181150\/ford-mondeo-combi-st-22-tdci-dpf-147kw-m6-5d-aj-na-splatky-protiucet_38_small.webp"},{"id":140824,"max":"https:\/\/cdn.assetlog.ai\/assets\/181150\/ford-mondeo-combi-st-22-tdci-dpf-147kw-m6-5d-aj-na-splatky-protiucet_39_max.webp","medium":"https:\/\/cdn.assetlog.ai\/assets\/181150\/ford-mondeo-combi-st-22-tdci-dpf-147kw-m6-5d-aj-na-splatky-protiucet_39_medium.webp","small":"https:\/\/cdn.assetlog.ai\/assets\/181150\/ford-mondeo-combi-st-22-tdci-dpf-147kw-m6-5d-aj-na-splatky-protiucet_39_small.webp"},{"id":140825,"max":"https:\/\/cdn.assetlog.ai\/assets\/181150\/ford-mondeo-combi-st-22-tdci-dpf-147kw-m6-5d-aj-na-splatky-protiucet_40_max.webp","medium":"https:\/\/cdn.assetlog.ai\/assets\/181150\/ford-mondeo-combi-st-22-tdci-dpf-147kw-m6-5d-aj-na-splatky-protiucet_40_medium.webp","small":"https:\/\/cdn.assetlog.ai\/assets\/181150\/ford-mondeo-combi-st-22-tdci-dpf-147kw-m6-5d-aj-na-splatky-protiucet_40_small.webp"}],"published_at":null,"expires_at":null,"created_at":"2026-09-01T03:40:04+00:00","updated_at":"2026-09-01T04:00:11+00:00"}}