{"data":{"id":144423,"slug":"ford-transit-van-22-tdci-63kw-m5-aj-na-splatky-protiucet","type":"vehicle","title":"Ford Transit Van 2.2 TDCi \/ 63kW \/ M5 \/ INSTALLMENT PAYMENTS \/ TRADE-IN","description":"The 2.2 TDCi diesel engine is in good technical condition and offers sufficient power even under working load. A major advantage is the possibility of comfortable sleeping directly in the vehicle, which will be appreciated especially by workers on construction sites or for assignments away from their home.\n\nService at 250,000 km:\n\nComplete replacement of front and rear brake pads\n\nAdditional information:\n\n2 vehicle keys\nEngine in good condition\nRemovable sleeping set for 2 people\nPractical solution in case you need to sleep\n\nThe Ford Transit Van 2.2 TDCi is a practical and durable commercial van that offers large interior space and wide range of uses. In addition to work use, the vehicle also features an interesting removable sleeping set for two people, making it suitable for longer business trips or outings.\n\nCommission sale - you buy the vehicle directly from the owner.\n\nWe offer favorable financing with monthly installments, so you can enjoy your new vehicle immediately, without unnecessary waiting, with down payment from 0% and installments up to 96 months. On the Autorro website you can fill out a non-binding financing form.\n\nFor your greater comfort and peace of mind, we can provide you with an extended warranty of up to 12-36 months.\n\nIf you already own a vehicle, you don't have to deal with its sale - in return we will take it directly from you. All you need to do is come to us with it, we will appraise it and deduct the costs from the value of your new vehicle. This way you save time, hassle and money and the entire process will be quick and easy - you drive away in your new vehicle without unnecessary paperwork.\n\nVEHICLE IS LOCATED IN Brezno.\nMore information available at phone number 0915 330 807. ECN: PT821BG. Technical inspection valid until: 2028-03-06. Emission test valid until: 2028-03-06.\n\nTechnical specifications\n\nYear of manufacture: 04\/08, 2198cc, 63kW (86PS), Vehicle generation: , Drive: Front-wheel drive, Manual (5-speed), Diesel, EURO 4, 5-door, (3-seater), 290,087km, White, VIN WF0XXXTTFX8A33895\n\nFuel consumption (l\/100km)\n\nIn city: , outside city: , combined:\n\nLeasing possible, Credit possible","language":"cs","is_translated":true,"title_original":"Ford Transit Van 2.2 TDCi \/ 63kW \/ M5 \/ AJ NA SPL\u00c1TKY \/ PROTI\u00da\u010cET","description_original":"Dieselov\u00fd motor 2.2 TDCi je v dobr\u00e9m technick\u00e9m stavu a nab\u00edz\u00ed dostate\u010dn\u00fd v\u00fdkon i p\u0159i pracovn\u00edm zat\u00ed\u017een\u00ed. Velkou v\u00fdhodou je pr\u00e1v\u011b mo\u017enost pohodln\u00e9ho p\u0159esp\u00e1n\u00ed p\u0159\u00edmo ve vozidle, co\u017e ocen\u00ed zejm\u00e9na pracovn\u00edci na stavb\u00e1ch nebo p\u0159i zak\u00e1zk\u00e1ch mimo m\u00edsto sv\u00e9ho bydli\u0161t\u011b.\n\nServis p\u0159i 250 000 km:\n\nKompletn\u00ed v\u00fdm\u011bna p\u0159edn\u00edch a zadn\u00edch brzdov\u00fdch desti\u010dek\n\nDal\u0161\u00ed informace:\n\n2 kl\u00ed\u010de od vozidla\nMotor v dobr\u00e9m stavu\nOdn\u00edmateln\u00e1 spac\u00ed souprava pro 2 osoby\nPraktick\u00e9 \u0159e\u0161en\u00ed pro p\u0159\u00edpad, \u017ee je t\u0159eba p\u0159espat\n\nFord Transit Van 2.2 TDCi je praktick\u00e1 a odoln\u00e1 u\u017eitkov\u00e1 dod\u00e1vka, kter\u00e1 nab\u00edz\u00ed velk\u00fd vnit\u0159n\u00ed prostor a \u0161irok\u00e9 mo\u017enosti vyu\u017eit\u00ed. Krom\u011b pracovn\u00edho vyu\u017eit\u00ed disponuje vozidlo tak\u00e9 zaj\u00edmavou odn\u00edmatelnou spac\u00ed soupravou pro dv\u011b osoby, d\u00edky \u010demu\u017e se hod\u00ed i pro del\u0161\u00ed slu\u017eebn\u00ed cesty nebo v\u00fdjezdy.\n\nKomisn\u00ed prodej - vozidlo kupujete p\u0159\u00edmo od majitele.\n\nNab\u00edz\u00edme mo\u017enost v\u00fdhodn\u00e9ho financov\u00e1n\u00ed s m\u011bs\u00ed\u010dn\u00edmi spl\u00e1tkami, tak\u017ee si sv\u00e9 nov\u00e9 vozidlo m\u016f\u017eete u\u017e\u00edt ihned, bez zbyte\u010dn\u00e9ho \u010dek\u00e1n\u00ed, s akontac\u00ed od 0 % a spl\u00e1tkami a\u017e na 96 m\u011bs\u00edc\u016f. Na str\u00e1nk\u00e1ch Autorro m\u016f\u017eete vyplnit nez\u00e1vazn\u00fd formul\u00e1\u0159 pro financov\u00e1n\u00ed.\n\nPro va\u0161e v\u011bt\u0161\u00ed pohodl\u00ed a jistotu v\u00e1m m\u016f\u017eeme poskytnout prodlou\u017eenou z\u00e1ruku a\u017e na 12-36 m\u011bs\u00edc\u016f.\n\nPokud ji\u017e v\u016fz vlastn\u00edte, nemus\u00edte se zab\u00fdvat jeho prodejem - na opl\u00e1tku si ho od v\u00e1s p\u0159\u00edmo vezmeme. Sta\u010d\u00ed, kdy\u017e k n\u00e1m s n\u00edm p\u0159ijdete, my ho ocen\u00edme a n\u00e1klady ode\u010dteme od hodnoty va\u0161eho nov\u00e9ho vozu. U\u0161et\u0159\u00edte tak \u010das, starosti i pen\u00edze a cel\u00fd proces bude rychl\u00fd a snadn\u00fd - odjedete rovnou ve sv\u00e9m nov\u00e9m voze bez zbyte\u010dn\u00e9ho pap\u00edrov\u00e1n\u00ed.\n\nVOZIDLO SE NACH\u00c1Z\u00cd V Brezne.\nViac inform\u00e1ci\u00ed V\u00e1m poskytneme na telefonn\u00edm \u010d\u00edsle 0915 330 807. E\u010cV: PT821BG. EK platn\u00e1 do: 2028-03-06. STK platn\u00e1 do: 2028-03-06.\n\nTechnick\u00e9 \u00fadaje\n\nv.v.: 04\/08, 2198cm\u00b3, 63kW (86PS), Generace vozidla: , Pohon: Pohon p\u0159edn\u00edch kol, Manu\u00e1ln\u00ed (5 st.), Diesel, EURO 4, 5 dv., (3-m\u00edstn\u00fd), 290 087km, B\u00edl\u00e1, VIN WF0XXXTTFX8A33895\n\nSpot\u0159eba vozidla (l\/100km)\n\nVe m\u011bst\u011b: , mimo m\u011bsto: , kombinovan\u00e1:\n\nMo\u017en\u00fd leasing, Mo\u017en\u00fd \u00fav\u011br","price":"142957.00","currency":"CZK","status":"active","noindex":true,"location":{"address":null,"full_address":null,"city":"Brezno","country":"SK","latitude":48.8053349,"longitude":19.6409612},"metadata":{"vin":"WF0XXXTTFX8A33895","fuel":"diesel","year":2008,"brand":"Ford","color":"White","doors":5,"drive":"Front-wheel drive","model":"Transit Van","seats":3,"region":"Banskobystrick\u00fd kraj","mileage":290087,"emisions":"Euro 4","features":["ABS","Protiprokluzov\u00fd syst\u00e9m kol (TC, ASR)","Manu\u00e1ln\u00ed klimatizace","Autor\u00e1dio","Loketn\u00ed op\u011brka vp\u0159edu","Imobiliz\u00e9r","Palubn\u00ed po\u010d\u00edta\u010d","Navigace","Ta\u017en\u00e9 za\u0159\u00edzen\u00ed","Mo\u017en\u00fd leasing","Mo\u017en\u00fd \u00faver","Odo-pass"],"power_kw":63,"body_type":"Van","condition":"Used","transmission":"manual","vat_deductible":false,"consumption_city":null,"translation_hash":"a93aeea7d7872264646582e9f86703e5856cdd32","vehicle_category":"van","engine_volume_cm3":2198,"first_registration":"2008-04-01","translation_status":"done","consumption_highway":null,"consumption_combined":null},"user_id":77,"is_sponsored":false,"views_count":8,"ai_views_count":9,"ai_vendor_counts":{"meta":4,"other":2,"openai":2,"anthropic":1},"visibility":"public","submission_source":null,"submission_ai_name":null,"has_owner_email":true,"can_contact_owner":true,"phone":"0915 330 807","owner_email":"pinter@autorro.sk","user":{"id":77,"slug":"mgr-matej-pinter-77","name":"Mgr. Matej Pint\u00e9r","bio":"Makl\u00e9r. P\u016fsob\u00edm v Brezne, Banskej Bystrici a okol\u00ed.\n\nP\u016fsobnost: Brezno, Bansk\u00e1 Bystrica","nationality":null,"languages":[],"service_areas":[],"card_style":null,"card_palette":null,"avatar_url":"https:\/\/cdn.assetlog.ai\/avatars\/77\/avatar_max.webp?v=1786535213","avatar_thumb_url":"https:\/\/cdn.assetlog.ai\/avatars\/77\/avatar_small.webp?v=1786535213","reviews_count":0,"avg_rating":null,"seller_badge":"silver","can_calendar":true,"joined_at":"2026-08-11T03:40:05+00:00","primary_intent":null,"seeking":[],"public_assets_count":14,"public_prompts_count":0,"followers_count":0},"images":[{"id":114704,"max":"https:\/\/cdn.assetlog.ai\/assets\/144423\/ford-transit-van-22-tdci-63kw-m5-aj-na-splatky-protiucet_1_max.webp","medium":"https:\/\/cdn.assetlog.ai\/assets\/144423\/ford-transit-van-22-tdci-63kw-m5-aj-na-splatky-protiucet_1_medium.webp","small":"https:\/\/cdn.assetlog.ai\/assets\/144423\/ford-transit-van-22-tdci-63kw-m5-aj-na-splatky-protiucet_1_small.webp"},{"id":114705,"max":"https:\/\/cdn.assetlog.ai\/assets\/144423\/ford-transit-van-22-tdci-63kw-m5-aj-na-splatky-protiucet_2_max.webp","medium":"https:\/\/cdn.assetlog.ai\/assets\/144423\/ford-transit-van-22-tdci-63kw-m5-aj-na-splatky-protiucet_2_medium.webp","small":"https:\/\/cdn.assetlog.ai\/assets\/144423\/ford-transit-van-22-tdci-63kw-m5-aj-na-splatky-protiucet_2_small.webp"},{"id":114706,"max":"https:\/\/cdn.assetlog.ai\/assets\/144423\/ford-transit-van-22-tdci-63kw-m5-aj-na-splatky-protiucet_3_max.webp","medium":"https:\/\/cdn.assetlog.ai\/assets\/144423\/ford-transit-van-22-tdci-63kw-m5-aj-na-splatky-protiucet_3_medium.webp","small":"https:\/\/cdn.assetlog.ai\/assets\/144423\/ford-transit-van-22-tdci-63kw-m5-aj-na-splatky-protiucet_3_small.webp"},{"id":114707,"max":"https:\/\/cdn.assetlog.ai\/assets\/144423\/ford-transit-van-22-tdci-63kw-m5-aj-na-splatky-protiucet_4_max.webp","medium":"https:\/\/cdn.assetlog.ai\/assets\/144423\/ford-transit-van-22-tdci-63kw-m5-aj-na-splatky-protiucet_4_medium.webp","small":"https:\/\/cdn.assetlog.ai\/assets\/144423\/ford-transit-van-22-tdci-63kw-m5-aj-na-splatky-protiucet_4_small.webp"},{"id":114708,"max":"https:\/\/cdn.assetlog.ai\/assets\/144423\/ford-transit-van-22-tdci-63kw-m5-aj-na-splatky-protiucet_5_max.webp","medium":"https:\/\/cdn.assetlog.ai\/assets\/144423\/ford-transit-van-22-tdci-63kw-m5-aj-na-splatky-protiucet_5_medium.webp","small":"https:\/\/cdn.assetlog.ai\/assets\/144423\/ford-transit-van-22-tdci-63kw-m5-aj-na-splatky-protiucet_5_small.webp"},{"id":114709,"max":"https:\/\/cdn.assetlog.ai\/assets\/144423\/ford-transit-van-22-tdci-63kw-m5-aj-na-splatky-protiucet_6_max.webp","medium":"https:\/\/cdn.assetlog.ai\/assets\/144423\/ford-transit-van-22-tdci-63kw-m5-aj-na-splatky-protiucet_6_medium.webp","small":"https:\/\/cdn.assetlog.ai\/assets\/144423\/ford-transit-van-22-tdci-63kw-m5-aj-na-splatky-protiucet_6_small.webp"},{"id":114710,"max":"https:\/\/cdn.assetlog.ai\/assets\/144423\/ford-transit-van-22-tdci-63kw-m5-aj-na-splatky-protiucet_7_max.webp","medium":"https:\/\/cdn.assetlog.ai\/assets\/144423\/ford-transit-van-22-tdci-63kw-m5-aj-na-splatky-protiucet_7_medium.webp","small":"https:\/\/cdn.assetlog.ai\/assets\/144423\/ford-transit-van-22-tdci-63kw-m5-aj-na-splatky-protiucet_7_small.webp"},{"id":114711,"max":"https:\/\/cdn.assetlog.ai\/assets\/144423\/ford-transit-van-22-tdci-63kw-m5-aj-na-splatky-protiucet_8_max.webp","medium":"https:\/\/cdn.assetlog.ai\/assets\/144423\/ford-transit-van-22-tdci-63kw-m5-aj-na-splatky-protiucet_8_medium.webp","small":"https:\/\/cdn.assetlog.ai\/assets\/144423\/ford-transit-van-22-tdci-63kw-m5-aj-na-splatky-protiucet_8_small.webp"},{"id":114712,"max":"https:\/\/cdn.assetlog.ai\/assets\/144423\/ford-transit-van-22-tdci-63kw-m5-aj-na-splatky-protiucet_9_max.webp","medium":"https:\/\/cdn.assetlog.ai\/assets\/144423\/ford-transit-van-22-tdci-63kw-m5-aj-na-splatky-protiucet_9_medium.webp","small":"https:\/\/cdn.assetlog.ai\/assets\/144423\/ford-transit-van-22-tdci-63kw-m5-aj-na-splatky-protiucet_9_small.webp"},{"id":114713,"max":"https:\/\/cdn.assetlog.ai\/assets\/144423\/ford-transit-van-22-tdci-63kw-m5-aj-na-splatky-protiucet_10_max.webp","medium":"https:\/\/cdn.assetlog.ai\/assets\/144423\/ford-transit-van-22-tdci-63kw-m5-aj-na-splatky-protiucet_10_medium.webp","small":"https:\/\/cdn.assetlog.ai\/assets\/144423\/ford-transit-van-22-tdci-63kw-m5-aj-na-splatky-protiucet_10_small.webp"},{"id":114714,"max":"https:\/\/cdn.assetlog.ai\/assets\/144423\/ford-transit-van-22-tdci-63kw-m5-aj-na-splatky-protiucet_11_max.webp","medium":"https:\/\/cdn.assetlog.ai\/assets\/144423\/ford-transit-van-22-tdci-63kw-m5-aj-na-splatky-protiucet_11_medium.webp","small":"https:\/\/cdn.assetlog.ai\/assets\/144423\/ford-transit-van-22-tdci-63kw-m5-aj-na-splatky-protiucet_11_small.webp"},{"id":114715,"max":"https:\/\/cdn.assetlog.ai\/assets\/144423\/ford-transit-van-22-tdci-63kw-m5-aj-na-splatky-protiucet_12_max.webp","medium":"https:\/\/cdn.assetlog.ai\/assets\/144423\/ford-transit-van-22-tdci-63kw-m5-aj-na-splatky-protiucet_12_medium.webp","small":"https:\/\/cdn.assetlog.ai\/assets\/144423\/ford-transit-van-22-tdci-63kw-m5-aj-na-splatky-protiucet_12_small.webp"},{"id":114716,"max":"https:\/\/cdn.assetlog.ai\/assets\/144423\/ford-transit-van-22-tdci-63kw-m5-aj-na-splatky-protiucet_13_max.webp","medium":"https:\/\/cdn.assetlog.ai\/assets\/144423\/ford-transit-van-22-tdci-63kw-m5-aj-na-splatky-protiucet_13_medium.webp","small":"https:\/\/cdn.assetlog.ai\/assets\/144423\/ford-transit-van-22-tdci-63kw-m5-aj-na-splatky-protiucet_13_small.webp"},{"id":114717,"max":"https:\/\/cdn.assetlog.ai\/assets\/144423\/ford-transit-van-22-tdci-63kw-m5-aj-na-splatky-protiucet_14_max.webp","medium":"https:\/\/cdn.assetlog.ai\/assets\/144423\/ford-transit-van-22-tdci-63kw-m5-aj-na-splatky-protiucet_14_medium.webp","small":"https:\/\/cdn.assetlog.ai\/assets\/144423\/ford-transit-van-22-tdci-63kw-m5-aj-na-splatky-protiucet_14_small.webp"},{"id":114718,"max":"https:\/\/cdn.assetlog.ai\/assets\/144423\/ford-transit-van-22-tdci-63kw-m5-aj-na-splatky-protiucet_15_max.webp","medium":"https:\/\/cdn.assetlog.ai\/assets\/144423\/ford-transit-van-22-tdci-63kw-m5-aj-na-splatky-protiucet_15_medium.webp","small":"https:\/\/cdn.assetlog.ai\/assets\/144423\/ford-transit-van-22-tdci-63kw-m5-aj-na-splatky-protiucet_15_small.webp"},{"id":114719,"max":"https:\/\/cdn.assetlog.ai\/assets\/144423\/ford-transit-van-22-tdci-63kw-m5-aj-na-splatky-protiucet_16_max.webp","medium":"https:\/\/cdn.assetlog.ai\/assets\/144423\/ford-transit-van-22-tdci-63kw-m5-aj-na-splatky-protiucet_16_medium.webp","small":"https:\/\/cdn.assetlog.ai\/assets\/144423\/ford-transit-van-22-tdci-63kw-m5-aj-na-splatky-protiucet_16_small.webp"},{"id":114720,"max":"https:\/\/cdn.assetlog.ai\/assets\/144423\/ford-transit-van-22-tdci-63kw-m5-aj-na-splatky-protiucet_17_max.webp","medium":"https:\/\/cdn.assetlog.ai\/assets\/144423\/ford-transit-van-22-tdci-63kw-m5-aj-na-splatky-protiucet_17_medium.webp","small":"https:\/\/cdn.assetlog.ai\/assets\/144423\/ford-transit-van-22-tdci-63kw-m5-aj-na-splatky-protiucet_17_small.webp"},{"id":114721,"max":"https:\/\/cdn.assetlog.ai\/assets\/144423\/ford-transit-van-22-tdci-63kw-m5-aj-na-splatky-protiucet_18_max.webp","medium":"https:\/\/cdn.assetlog.ai\/assets\/144423\/ford-transit-van-22-tdci-63kw-m5-aj-na-splatky-protiucet_18_medium.webp","small":"https:\/\/cdn.assetlog.ai\/assets\/144423\/ford-transit-van-22-tdci-63kw-m5-aj-na-splatky-protiucet_18_small.webp"},{"id":114722,"max":"https:\/\/cdn.assetlog.ai\/assets\/144423\/ford-transit-van-22-tdci-63kw-m5-aj-na-splatky-protiucet_19_max.webp","medium":"https:\/\/cdn.assetlog.ai\/assets\/144423\/ford-transit-van-22-tdci-63kw-m5-aj-na-splatky-protiucet_19_medium.webp","small":"https:\/\/cdn.assetlog.ai\/assets\/144423\/ford-transit-van-22-tdci-63kw-m5-aj-na-splatky-protiucet_19_small.webp"},{"id":114723,"max":"https:\/\/cdn.assetlog.ai\/assets\/144423\/ford-transit-van-22-tdci-63kw-m5-aj-na-splatky-protiucet_20_max.webp","medium":"https:\/\/cdn.assetlog.ai\/assets\/144423\/ford-transit-van-22-tdci-63kw-m5-aj-na-splatky-protiucet_20_medium.webp","small":"https:\/\/cdn.assetlog.ai\/assets\/144423\/ford-transit-van-22-tdci-63kw-m5-aj-na-splatky-protiucet_20_small.webp"}],"published_at":null,"expires_at":null,"created_at":"2026-08-14T03:40:03+00:00","updated_at":"2026-09-01T03:41:10+00:00"}}