{"data":{"id":143377,"slug":"hyundai-grand-santa-fe-145kw-at6-4x4-7-miest-aj-na-splatky-protiucet","type":"vehicle","title":"Hyundai Grand Santa Fe 145kW AT\/6 4x4 - 7 Seater \/ CAR ON INSTALLMENTS \/ TRADE-IN","description":"Commission sale - you purchase the vehicle directly from the owner.\n\nI am selling a seven-seater SUV Hyundai Grand Santa Fe, year of manufacture 2015, in black metallic. The vehicle was purchased in Slovakia and the sale includes two keys, seasonal tires, and a service booklet. The vehicle has undergone service: at 210,000 kilometers, brake discs and brake pads were replaced on both the front and rear axles, and during this opportunity the transmission oil was also changed.\n\nWe offer the option of favorable financing with monthly installments, so you can enjoy your new vehicle immediately, without unnecessary waiting, with a down payment from 0% and payments up to 96 months. On the Autorro website, you can fill out a non-binding financing form.\n\nFor your greater convenience and peace of mind, we can provide you with an extended warranty of up to 12-36 months.\n\nIf you already own a vehicle, you don't have to deal with selling it - in return, we will take it directly from you. Simply come to us with it, we will evaluate it and deduct the costs from the value of your new vehicle. This way you will save time, hassle, and money, and the entire process will be quick and easy - you will drive away in your new vehicle without unnecessary paperwork.\n\nTHE VEHICLE IS LOCATED IN Lu\u010denec.\nMore information will be provided to you at telephone number 0907 097 633. Registration number: ZC076BU. Valid until: 2028-04-28. Technical inspection valid until: 2028-04-28.\n\nTechnical data\n\nYear of manufacture: 08\/15, 2199cm\u00b3, 145kW (197PS), Drive: 4\u00d74, Automatic transmission (6-speed), Diesel, EURO 5, 5 doors, (7-seater), 251,000km, Black metallic, VIN KMHSR81XDFU127757\n\nVehicle consumption (l\/100km)\n\nCity: , Outside city: , Combined: 7.6\n\nService booklet, Leasing possible, Like new purchased in Slovakia, Loan possible","language":"cs","is_translated":true,"title_original":"Hyundai Grand Santa Fe 145kW AT\/6 4x4 - 7 Miest \/ AJ NA SPL\u00c1TKY \/ PROTI\u00da\u010cET","description_original":"Komisn\u00ed prodej - vozidlo kupujete p\u0159\u00edmo od majitele.\n\nProd\u00e1v\u00e1m sedmim\u00edstn\u00e9 SUV Hyundai Grand Santa Fe, rok v\u00fdroby 2015, v \u010dern\u00e9 metal\u00edze. Vozidlo bylo zakoupeno na Slovensku a sou\u010d\u00e1st\u00ed prodeje jsou dva kl\u00ed\u010de, sez\u00f3nn\u00ed pneumatiky a servisn\u00ed kn\u00ed\u017eka. Vozidlo pro\u0161lo servisem: p\u0159i 210 000 kilometrech byly vym\u011bn\u011bny brzdov\u00e9 kotou\u010de i brzdov\u00e9 desti\u010dky na p\u0159edn\u00ed i zadn\u00ed n\u00e1prav\u011b a p\u0159i t\u00e9 p\u0159\u00edle\u017eitosti byl tak\u00e9 vym\u011bn\u011bn olej v p\u0159evodovce.\n\nNab\u00edz\u00edme mo\u017enost v\u00fdhodn\u00e9ho financov\u00e1n\u00ed s m\u011bs\u00ed\u010dn\u00edmi spl\u00e1tkami, tak\u017ee si sv\u00e9 nov\u00e9 vozidlo m\u016f\u017eete u\u017e\u00edt ihned, bez zbyte\u010dn\u00e9ho \u010dek\u00e1n\u00ed, s akontac\u00ed od 0 % a spl\u00e1tkami a\u017e na 96 m\u011bs\u00edc\u016f. Na str\u00e1nk\u00e1ch Autorro m\u016f\u017eete vyplnit nez\u00e1vazn\u00fd formul\u00e1\u0159 pro financov\u00e1n\u00ed.\n\nPro va\u0161e v\u011bt\u0161\u00ed pohodl\u00ed a jistotu v\u00e1m m\u016f\u017eeme poskytnout prodlou\u017eenou z\u00e1ruku a\u017e na 12-36 m\u011bs\u00edc\u016f.\n\nPokud ji\u017e v\u016fz vlastn\u00edte, nemus\u00edte se zab\u00fdvat jeho prodejem - na opl\u00e1tku si ho od v\u00e1s p\u0159\u00edmo vezmeme. Sta\u010d\u00ed, kdy\u017e k n\u00e1m s n\u00edm p\u0159ijdete, my ho ocen\u00edme a n\u00e1klady ode\u010dteme od hodnoty va\u0161eho nov\u00e9ho vozu. U\u0161et\u0159\u00edte tak \u010das, starosti i pen\u00edze a cel\u00fd proces bude rychl\u00fd a snadn\u00fd - odjedete rovnou ve sv\u00e9m nov\u00e9m voze bez zbyte\u010dn\u00e9ho pap\u00edrov\u00e1n\u00ed.\n\nVOZIDLO SE NACH\u00c1Z\u00cd V Lu\u010denci.\nViac inform\u00e1ci\u00ed V\u00e1m poskytneme na telefonn\u00edm \u010d\u00edsle 0907 097 633. E\u010cV: ZC076BU. EK platn\u00e1 do: 2028-04-28. STK platn\u00e1 do: 2028-04-28.\n\nTechnick\u00e9 \u00fadaje\n\nv.v.: 08\/15, 2199cm\u00b3, 145kW (197PS), Pohon: 4\u00d74, Automatick\u00e1 p\u0159evodovka (6 st.), Diesel, EURO 5, 5 dv., (7-m\u00edstn\u00fd), 251 000km, \u010cern\u00e1 metal\u00edza, VIN KMHSR81XDFU127757\n\nSpot\u0159eba vozidla (l\/100km)\n\nVe m\u011bst\u011b: , mimo m\u011bsto: , kombinovan\u00e1: 7.6\n\nServisn\u00ed kn\u00ed\u017eka, Mo\u017en\u00fd leasing, Jako nov\u00e9 koupen\u00e9 v SR, Mo\u017en\u00fd \u00fav\u011br","price":"293776.00","currency":"CZK","status":"active","noindex":true,"location":{"address":null,"full_address":null,"city":"Lu\u010denec","country":"SK","latitude":48.3303886,"longitude":19.6634149},"metadata":{"vin":"KMHSR81XDFU127757","fuel":"diesel","year":2015,"brand":"Hyundai","color":"Black","doors":5,"drive":"AWD \/ 4x4","model":"Grand Santa Fe","seats":7,"region":"Banskobystrick\u00fd kraj","mileage":251000,"emisions":"Euro 5","features":["Posilova\u010d \u0159\u00edzen\u00ed","ABS","ESP","Brzdov\u00fd asistent (EBA, BAS)","ISOFIX na zadn\u00edch sedadlech","Senzor tlaku","Centr\u00e1ln\u00ed zamyk\u00e1n\u00ed","Zadn\u00ed el. stahovateln\u00e1 okna","El. nastaviteln\u00e1 p\u0159edn\u00ed sedadla","Elektricky nastaviteln\u00e1 zp\u011btn\u00e1 zrc\u00e1tka","Automatick\u00e1 2-z\u00f3nov\u00e1 klimatizace","Centr\u00e1ln\u00ed zamyk\u00e1n\u00ed na d\u00e1lkov\u00e9 ovl\u00e1d\u00e1n\u00ed","Vyh\u0159\u00edvan\u00e9 \u010deln\u00ed sklo","Multifunk\u010dn\u00ed volant","Loketn\u00ed op\u011brka vp\u0159edu","Start\/Stop syst\u00e9m","Lit\u00e1 kola","Mlhovky","Imobiliz\u00e9r","Palubn\u00ed po\u010d\u00edta\u010d","Navigace","Automatick\u00e9 parkov\u00e1n\u00ed","Tempomat","Ko\u017een\u00fd interi\u00e9r","Vyh\u0159\u00edvan\u00e1 sedadla","Elektricky vyh\u0159\u00edvan\u00e1 zp\u011btn\u00e1 zrc\u00e1tka","Senzor st\u011bra\u010d\u016f","Zimn\u00ed sada kol","Parkovac\u00ed kamera","P\u0159edn\u00ed a zadn\u00ed parkovac\u00ed senzory","Bezkl\u00ed\u010dov\u00fd vstup","El. ovl\u00e1dan\u00fd kufr","Elektrick\u00e9 dov\u00edr\u00e1n\u00ed zavazadlov\u00e9ho prostoru","Ventilovan\u00e1 p\u0159edn\u00ed sedadla","Panoramatick\u00e1 st\u0159echa","Bluetooth","Bezdotykov\u00e9 ovl\u00e1d\u00e1n\u00ed v\u00edka zavazadlov\u00e9ho prostoru","Serv. kni\u017eka","Mo\u017en\u00fd leasing","Ako nov\u00e9 k\u00fapen\u00e9 v SR","Mo\u017en\u00fd \u00faver","Ko\u017een\u00fd bal\u00ed\u010dek","Odo-pass","Asistent udr\u017eov\u00e1n\u00ed j\u00edzdn\u00edho pruhu","Drive Select (j\u00edzdy re\u017eimy)"],"power_kw":145,"body_type":"SUV","condition":"Used","transmission":"automatic","vat_deductible":false,"consumption_city":null,"translation_hash":"519b4a478e195b9d74406e220eed73711127e9d5","vehicle_category":"car","engine_volume_cm3":2199,"first_registration":"2015-08-01","translation_status":"done","consumption_highway":null,"consumption_combined":7.6},"user_id":40,"is_sponsored":false,"views_count":7,"ai_views_count":8,"ai_vendor_counts":{"meta":3,"other":2,"openai":2,"anthropic":1},"visibility":"public","submission_source":null,"submission_ai_name":null,"has_owner_email":true,"can_contact_owner":true,"phone":"0907 097 633","owner_email":"juhaniak@autorro.sk","user":{"id":40,"slug":"david-juhaniak-40","name":"David Juhaniak","bio":"Makl\u00e9r. P\u016fsob\u00edm v Rimavskej Sobote a okol\u00ed.\n\nP\u016fsobnost: Rimavsk\u00e1 Sobota","nationality":"SK","languages":["cs","sk"],"service_areas":[],"card_style":null,"card_palette":null,"avatar_url":"https:\/\/cdn.assetlog.ai\/avatars\/40\/avatar_max.webp?v=1786535213","avatar_thumb_url":"https:\/\/cdn.assetlog.ai\/avatars\/40\/avatar_small.webp?v=1786535213","reviews_count":0,"avg_rating":null,"seller_badge":"silver","can_calendar":true,"joined_at":"2026-06-07T07:44:55+00:00","primary_intent":null,"seeking":[],"public_assets_count":55,"public_prompts_count":0,"followers_count":0},"images":[{"id":113242,"max":"https:\/\/cdn.assetlog.ai\/assets\/143377\/hyundai-grand-santa-fe-145kw-at6-4x4-7-miest-aj-na-splatky-protiucet_1_max.webp","medium":"https:\/\/cdn.assetlog.ai\/assets\/143377\/hyundai-grand-santa-fe-145kw-at6-4x4-7-miest-aj-na-splatky-protiucet_1_medium.webp","small":"https:\/\/cdn.assetlog.ai\/assets\/143377\/hyundai-grand-santa-fe-145kw-at6-4x4-7-miest-aj-na-splatky-protiucet_1_small.webp"},{"id":113243,"max":"https:\/\/cdn.assetlog.ai\/assets\/143377\/hyundai-grand-santa-fe-145kw-at6-4x4-7-miest-aj-na-splatky-protiucet_2_max.webp","medium":"https:\/\/cdn.assetlog.ai\/assets\/143377\/hyundai-grand-santa-fe-145kw-at6-4x4-7-miest-aj-na-splatky-protiucet_2_medium.webp","small":"https:\/\/cdn.assetlog.ai\/assets\/143377\/hyundai-grand-santa-fe-145kw-at6-4x4-7-miest-aj-na-splatky-protiucet_2_small.webp"},{"id":113244,"max":"https:\/\/cdn.assetlog.ai\/assets\/143377\/hyundai-grand-santa-fe-145kw-at6-4x4-7-miest-aj-na-splatky-protiucet_3_max.webp","medium":"https:\/\/cdn.assetlog.ai\/assets\/143377\/hyundai-grand-santa-fe-145kw-at6-4x4-7-miest-aj-na-splatky-protiucet_3_medium.webp","small":"https:\/\/cdn.assetlog.ai\/assets\/143377\/hyundai-grand-santa-fe-145kw-at6-4x4-7-miest-aj-na-splatky-protiucet_3_small.webp"},{"id":113245,"max":"https:\/\/cdn.assetlog.ai\/assets\/143377\/hyundai-grand-santa-fe-145kw-at6-4x4-7-miest-aj-na-splatky-protiucet_4_max.webp","medium":"https:\/\/cdn.assetlog.ai\/assets\/143377\/hyundai-grand-santa-fe-145kw-at6-4x4-7-miest-aj-na-splatky-protiucet_4_medium.webp","small":"https:\/\/cdn.assetlog.ai\/assets\/143377\/hyundai-grand-santa-fe-145kw-at6-4x4-7-miest-aj-na-splatky-protiucet_4_small.webp"},{"id":113246,"max":"https:\/\/cdn.assetlog.ai\/assets\/143377\/hyundai-grand-santa-fe-145kw-at6-4x4-7-miest-aj-na-splatky-protiucet_5_max.webp","medium":"https:\/\/cdn.assetlog.ai\/assets\/143377\/hyundai-grand-santa-fe-145kw-at6-4x4-7-miest-aj-na-splatky-protiucet_5_medium.webp","small":"https:\/\/cdn.assetlog.ai\/assets\/143377\/hyundai-grand-santa-fe-145kw-at6-4x4-7-miest-aj-na-splatky-protiucet_5_small.webp"},{"id":113247,"max":"https:\/\/cdn.assetlog.ai\/assets\/143377\/hyundai-grand-santa-fe-145kw-at6-4x4-7-miest-aj-na-splatky-protiucet_6_max.webp","medium":"https:\/\/cdn.assetlog.ai\/assets\/143377\/hyundai-grand-santa-fe-145kw-at6-4x4-7-miest-aj-na-splatky-protiucet_6_medium.webp","small":"https:\/\/cdn.assetlog.ai\/assets\/143377\/hyundai-grand-santa-fe-145kw-at6-4x4-7-miest-aj-na-splatky-protiucet_6_small.webp"},{"id":113248,"max":"https:\/\/cdn.assetlog.ai\/assets\/143377\/hyundai-grand-santa-fe-145kw-at6-4x4-7-miest-aj-na-splatky-protiucet_7_max.webp","medium":"https:\/\/cdn.assetlog.ai\/assets\/143377\/hyundai-grand-santa-fe-145kw-at6-4x4-7-miest-aj-na-splatky-protiucet_7_medium.webp","small":"https:\/\/cdn.assetlog.ai\/assets\/143377\/hyundai-grand-santa-fe-145kw-at6-4x4-7-miest-aj-na-splatky-protiucet_7_small.webp"},{"id":113249,"max":"https:\/\/cdn.assetlog.ai\/assets\/143377\/hyundai-grand-santa-fe-145kw-at6-4x4-7-miest-aj-na-splatky-protiucet_8_max.webp","medium":"https:\/\/cdn.assetlog.ai\/assets\/143377\/hyundai-grand-santa-fe-145kw-at6-4x4-7-miest-aj-na-splatky-protiucet_8_medium.webp","small":"https:\/\/cdn.assetlog.ai\/assets\/143377\/hyundai-grand-santa-fe-145kw-at6-4x4-7-miest-aj-na-splatky-protiucet_8_small.webp"},{"id":113250,"max":"https:\/\/cdn.assetlog.ai\/assets\/143377\/hyundai-grand-santa-fe-145kw-at6-4x4-7-miest-aj-na-splatky-protiucet_9_max.webp","medium":"https:\/\/cdn.assetlog.ai\/assets\/143377\/hyundai-grand-santa-fe-145kw-at6-4x4-7-miest-aj-na-splatky-protiucet_9_medium.webp","small":"https:\/\/cdn.assetlog.ai\/assets\/143377\/hyundai-grand-santa-fe-145kw-at6-4x4-7-miest-aj-na-splatky-protiucet_9_small.webp"},{"id":113251,"max":"https:\/\/cdn.assetlog.ai\/assets\/143377\/hyundai-grand-santa-fe-145kw-at6-4x4-7-miest-aj-na-splatky-protiucet_10_max.webp","medium":"https:\/\/cdn.assetlog.ai\/assets\/143377\/hyundai-grand-santa-fe-145kw-at6-4x4-7-miest-aj-na-splatky-protiucet_10_medium.webp","small":"https:\/\/cdn.assetlog.ai\/assets\/143377\/hyundai-grand-santa-fe-145kw-at6-4x4-7-miest-aj-na-splatky-protiucet_10_small.webp"},{"id":113252,"max":"https:\/\/cdn.assetlog.ai\/assets\/143377\/hyundai-grand-santa-fe-145kw-at6-4x4-7-miest-aj-na-splatky-protiucet_11_max.webp","medium":"https:\/\/cdn.assetlog.ai\/assets\/143377\/hyundai-grand-santa-fe-145kw-at6-4x4-7-miest-aj-na-splatky-protiucet_11_medium.webp","small":"https:\/\/cdn.assetlog.ai\/assets\/143377\/hyundai-grand-santa-fe-145kw-at6-4x4-7-miest-aj-na-splatky-protiucet_11_small.webp"},{"id":113253,"max":"https:\/\/cdn.assetlog.ai\/assets\/143377\/hyundai-grand-santa-fe-145kw-at6-4x4-7-miest-aj-na-splatky-protiucet_12_max.webp","medium":"https:\/\/cdn.assetlog.ai\/assets\/143377\/hyundai-grand-santa-fe-145kw-at6-4x4-7-miest-aj-na-splatky-protiucet_12_medium.webp","small":"https:\/\/cdn.assetlog.ai\/assets\/143377\/hyundai-grand-santa-fe-145kw-at6-4x4-7-miest-aj-na-splatky-protiucet_12_small.webp"},{"id":113254,"max":"https:\/\/cdn.assetlog.ai\/assets\/143377\/hyundai-grand-santa-fe-145kw-at6-4x4-7-miest-aj-na-splatky-protiucet_13_max.webp","medium":"https:\/\/cdn.assetlog.ai\/assets\/143377\/hyundai-grand-santa-fe-145kw-at6-4x4-7-miest-aj-na-splatky-protiucet_13_medium.webp","small":"https:\/\/cdn.assetlog.ai\/assets\/143377\/hyundai-grand-santa-fe-145kw-at6-4x4-7-miest-aj-na-splatky-protiucet_13_small.webp"},{"id":113255,"max":"https:\/\/cdn.assetlog.ai\/assets\/143377\/hyundai-grand-santa-fe-145kw-at6-4x4-7-miest-aj-na-splatky-protiucet_14_max.webp","medium":"https:\/\/cdn.assetlog.ai\/assets\/143377\/hyundai-grand-santa-fe-145kw-at6-4x4-7-miest-aj-na-splatky-protiucet_14_medium.webp","small":"https:\/\/cdn.assetlog.ai\/assets\/143377\/hyundai-grand-santa-fe-145kw-at6-4x4-7-miest-aj-na-splatky-protiucet_14_small.webp"},{"id":113256,"max":"https:\/\/cdn.assetlog.ai\/assets\/143377\/hyundai-grand-santa-fe-145kw-at6-4x4-7-miest-aj-na-splatky-protiucet_15_max.webp","medium":"https:\/\/cdn.assetlog.ai\/assets\/143377\/hyundai-grand-santa-fe-145kw-at6-4x4-7-miest-aj-na-splatky-protiucet_15_medium.webp","small":"https:\/\/cdn.assetlog.ai\/assets\/143377\/hyundai-grand-santa-fe-145kw-at6-4x4-7-miest-aj-na-splatky-protiucet_15_small.webp"},{"id":113257,"max":"https:\/\/cdn.assetlog.ai\/assets\/143377\/hyundai-grand-santa-fe-145kw-at6-4x4-7-miest-aj-na-splatky-protiucet_16_max.webp","medium":"https:\/\/cdn.assetlog.ai\/assets\/143377\/hyundai-grand-santa-fe-145kw-at6-4x4-7-miest-aj-na-splatky-protiucet_16_medium.webp","small":"https:\/\/cdn.assetlog.ai\/assets\/143377\/hyundai-grand-santa-fe-145kw-at6-4x4-7-miest-aj-na-splatky-protiucet_16_small.webp"},{"id":113258,"max":"https:\/\/cdn.assetlog.ai\/assets\/143377\/hyundai-grand-santa-fe-145kw-at6-4x4-7-miest-aj-na-splatky-protiucet_17_max.webp","medium":"https:\/\/cdn.assetlog.ai\/assets\/143377\/hyundai-grand-santa-fe-145kw-at6-4x4-7-miest-aj-na-splatky-protiucet_17_medium.webp","small":"https:\/\/cdn.assetlog.ai\/assets\/143377\/hyundai-grand-santa-fe-145kw-at6-4x4-7-miest-aj-na-splatky-protiucet_17_small.webp"},{"id":113259,"max":"https:\/\/cdn.assetlog.ai\/assets\/143377\/hyundai-grand-santa-fe-145kw-at6-4x4-7-miest-aj-na-splatky-protiucet_18_max.webp","medium":"https:\/\/cdn.assetlog.ai\/assets\/143377\/hyundai-grand-santa-fe-145kw-at6-4x4-7-miest-aj-na-splatky-protiucet_18_medium.webp","small":"https:\/\/cdn.assetlog.ai\/assets\/143377\/hyundai-grand-santa-fe-145kw-at6-4x4-7-miest-aj-na-splatky-protiucet_18_small.webp"},{"id":113260,"max":"https:\/\/cdn.assetlog.ai\/assets\/143377\/hyundai-grand-santa-fe-145kw-at6-4x4-7-miest-aj-na-splatky-protiucet_19_max.webp","medium":"https:\/\/cdn.assetlog.ai\/assets\/143377\/hyundai-grand-santa-fe-145kw-at6-4x4-7-miest-aj-na-splatky-protiucet_19_medium.webp","small":"https:\/\/cdn.assetlog.ai\/assets\/143377\/hyundai-grand-santa-fe-145kw-at6-4x4-7-miest-aj-na-splatky-protiucet_19_small.webp"},{"id":113261,"max":"https:\/\/cdn.assetlog.ai\/assets\/143377\/hyundai-grand-santa-fe-145kw-at6-4x4-7-miest-aj-na-splatky-protiucet_20_max.webp","medium":"https:\/\/cdn.assetlog.ai\/assets\/143377\/hyundai-grand-santa-fe-145kw-at6-4x4-7-miest-aj-na-splatky-protiucet_20_medium.webp","small":"https:\/\/cdn.assetlog.ai\/assets\/143377\/hyundai-grand-santa-fe-145kw-at6-4x4-7-miest-aj-na-splatky-protiucet_20_small.webp"},{"id":113262,"max":"https:\/\/cdn.assetlog.ai\/assets\/143377\/hyundai-grand-santa-fe-145kw-at6-4x4-7-miest-aj-na-splatky-protiucet_21_max.webp","medium":"https:\/\/cdn.assetlog.ai\/assets\/143377\/hyundai-grand-santa-fe-145kw-at6-4x4-7-miest-aj-na-splatky-protiucet_21_medium.webp","small":"https:\/\/cdn.assetlog.ai\/assets\/143377\/hyundai-grand-santa-fe-145kw-at6-4x4-7-miest-aj-na-splatky-protiucet_21_small.webp"},{"id":113263,"max":"https:\/\/cdn.assetlog.ai\/assets\/143377\/hyundai-grand-santa-fe-145kw-at6-4x4-7-miest-aj-na-splatky-protiucet_22_max.webp","medium":"https:\/\/cdn.assetlog.ai\/assets\/143377\/hyundai-grand-santa-fe-145kw-at6-4x4-7-miest-aj-na-splatky-protiucet_22_medium.webp","small":"https:\/\/cdn.assetlog.ai\/assets\/143377\/hyundai-grand-santa-fe-145kw-at6-4x4-7-miest-aj-na-splatky-protiucet_22_small.webp"},{"id":113264,"max":"https:\/\/cdn.assetlog.ai\/assets\/143377\/hyundai-grand-santa-fe-145kw-at6-4x4-7-miest-aj-na-splatky-protiucet_23_max.webp","medium":"https:\/\/cdn.assetlog.ai\/assets\/143377\/hyundai-grand-santa-fe-145kw-at6-4x4-7-miest-aj-na-splatky-protiucet_23_medium.webp","small":"https:\/\/cdn.assetlog.ai\/assets\/143377\/hyundai-grand-santa-fe-145kw-at6-4x4-7-miest-aj-na-splatky-protiucet_23_small.webp"},{"id":113265,"max":"https:\/\/cdn.assetlog.ai\/assets\/143377\/hyundai-grand-santa-fe-145kw-at6-4x4-7-miest-aj-na-splatky-protiucet_24_max.webp","medium":"https:\/\/cdn.assetlog.ai\/assets\/143377\/hyundai-grand-santa-fe-145kw-at6-4x4-7-miest-aj-na-splatky-protiucet_24_medium.webp","small":"https:\/\/cdn.assetlog.ai\/assets\/143377\/hyundai-grand-santa-fe-145kw-at6-4x4-7-miest-aj-na-splatky-protiucet_24_small.webp"},{"id":113266,"max":"https:\/\/cdn.assetlog.ai\/assets\/143377\/hyundai-grand-santa-fe-145kw-at6-4x4-7-miest-aj-na-splatky-protiucet_25_max.webp","medium":"https:\/\/cdn.assetlog.ai\/assets\/143377\/hyundai-grand-santa-fe-145kw-at6-4x4-7-miest-aj-na-splatky-protiucet_25_medium.webp","small":"https:\/\/cdn.assetlog.ai\/assets\/143377\/hyundai-grand-santa-fe-145kw-at6-4x4-7-miest-aj-na-splatky-protiucet_25_small.webp"},{"id":113267,"max":"https:\/\/cdn.assetlog.ai\/assets\/143377\/hyundai-grand-santa-fe-145kw-at6-4x4-7-miest-aj-na-splatky-protiucet_26_max.webp","medium":"https:\/\/cdn.assetlog.ai\/assets\/143377\/hyundai-grand-santa-fe-145kw-at6-4x4-7-miest-aj-na-splatky-protiucet_26_medium.webp","small":"https:\/\/cdn.assetlog.ai\/assets\/143377\/hyundai-grand-santa-fe-145kw-at6-4x4-7-miest-aj-na-splatky-protiucet_26_small.webp"},{"id":113268,"max":"https:\/\/cdn.assetlog.ai\/assets\/143377\/hyundai-grand-santa-fe-145kw-at6-4x4-7-miest-aj-na-splatky-protiucet_27_max.webp","medium":"https:\/\/cdn.assetlog.ai\/assets\/143377\/hyundai-grand-santa-fe-145kw-at6-4x4-7-miest-aj-na-splatky-protiucet_27_medium.webp","small":"https:\/\/cdn.assetlog.ai\/assets\/143377\/hyundai-grand-santa-fe-145kw-at6-4x4-7-miest-aj-na-splatky-protiucet_27_small.webp"},{"id":113269,"max":"https:\/\/cdn.assetlog.ai\/assets\/143377\/hyundai-grand-santa-fe-145kw-at6-4x4-7-miest-aj-na-splatky-protiucet_28_max.webp","medium":"https:\/\/cdn.assetlog.ai\/assets\/143377\/hyundai-grand-santa-fe-145kw-at6-4x4-7-miest-aj-na-splatky-protiucet_28_medium.webp","small":"https:\/\/cdn.assetlog.ai\/assets\/143377\/hyundai-grand-santa-fe-145kw-at6-4x4-7-miest-aj-na-splatky-protiucet_28_small.webp"},{"id":113270,"max":"https:\/\/cdn.assetlog.ai\/assets\/143377\/hyundai-grand-santa-fe-145kw-at6-4x4-7-miest-aj-na-splatky-protiucet_29_max.webp","medium":"https:\/\/cdn.assetlog.ai\/assets\/143377\/hyundai-grand-santa-fe-145kw-at6-4x4-7-miest-aj-na-splatky-protiucet_29_medium.webp","small":"https:\/\/cdn.assetlog.ai\/assets\/143377\/hyundai-grand-santa-fe-145kw-at6-4x4-7-miest-aj-na-splatky-protiucet_29_small.webp"},{"id":113271,"max":"https:\/\/cdn.assetlog.ai\/assets\/143377\/hyundai-grand-santa-fe-145kw-at6-4x4-7-miest-aj-na-splatky-protiucet_30_max.webp","medium":"https:\/\/cdn.assetlog.ai\/assets\/143377\/hyundai-grand-santa-fe-145kw-at6-4x4-7-miest-aj-na-splatky-protiucet_30_medium.webp","small":"https:\/\/cdn.assetlog.ai\/assets\/143377\/hyundai-grand-santa-fe-145kw-at6-4x4-7-miest-aj-na-splatky-protiucet_30_small.webp"},{"id":113272,"max":"https:\/\/cdn.assetlog.ai\/assets\/143377\/hyundai-grand-santa-fe-145kw-at6-4x4-7-miest-aj-na-splatky-protiucet_31_max.webp","medium":"https:\/\/cdn.assetlog.ai\/assets\/143377\/hyundai-grand-santa-fe-145kw-at6-4x4-7-miest-aj-na-splatky-protiucet_31_medium.webp","small":"https:\/\/cdn.assetlog.ai\/assets\/143377\/hyundai-grand-santa-fe-145kw-at6-4x4-7-miest-aj-na-splatky-protiucet_31_small.webp"},{"id":113273,"max":"https:\/\/cdn.assetlog.ai\/assets\/143377\/hyundai-grand-santa-fe-145kw-at6-4x4-7-miest-aj-na-splatky-protiucet_32_max.webp","medium":"https:\/\/cdn.assetlog.ai\/assets\/143377\/hyundai-grand-santa-fe-145kw-at6-4x4-7-miest-aj-na-splatky-protiucet_32_medium.webp","small":"https:\/\/cdn.assetlog.ai\/assets\/143377\/hyundai-grand-santa-fe-145kw-at6-4x4-7-miest-aj-na-splatky-protiucet_32_small.webp"},{"id":113274,"max":"https:\/\/cdn.assetlog.ai\/assets\/143377\/hyundai-grand-santa-fe-145kw-at6-4x4-7-miest-aj-na-splatky-protiucet_33_max.webp","medium":"https:\/\/cdn.assetlog.ai\/assets\/143377\/hyundai-grand-santa-fe-145kw-at6-4x4-7-miest-aj-na-splatky-protiucet_33_medium.webp","small":"https:\/\/cdn.assetlog.ai\/assets\/143377\/hyundai-grand-santa-fe-145kw-at6-4x4-7-miest-aj-na-splatky-protiucet_33_small.webp"},{"id":113275,"max":"https:\/\/cdn.assetlog.ai\/assets\/143377\/hyundai-grand-santa-fe-145kw-at6-4x4-7-miest-aj-na-splatky-protiucet_34_max.webp","medium":"https:\/\/cdn.assetlog.ai\/assets\/143377\/hyundai-grand-santa-fe-145kw-at6-4x4-7-miest-aj-na-splatky-protiucet_34_medium.webp","small":"https:\/\/cdn.assetlog.ai\/assets\/143377\/hyundai-grand-santa-fe-145kw-at6-4x4-7-miest-aj-na-splatky-protiucet_34_small.webp"},{"id":113276,"max":"https:\/\/cdn.assetlog.ai\/assets\/143377\/hyundai-grand-santa-fe-145kw-at6-4x4-7-miest-aj-na-splatky-protiucet_35_max.webp","medium":"https:\/\/cdn.assetlog.ai\/assets\/143377\/hyundai-grand-santa-fe-145kw-at6-4x4-7-miest-aj-na-splatky-protiucet_35_medium.webp","small":"https:\/\/cdn.assetlog.ai\/assets\/143377\/hyundai-grand-santa-fe-145kw-at6-4x4-7-miest-aj-na-splatky-protiucet_35_small.webp"},{"id":113277,"max":"https:\/\/cdn.assetlog.ai\/assets\/143377\/hyundai-grand-santa-fe-145kw-at6-4x4-7-miest-aj-na-splatky-protiucet_36_max.webp","medium":"https:\/\/cdn.assetlog.ai\/assets\/143377\/hyundai-grand-santa-fe-145kw-at6-4x4-7-miest-aj-na-splatky-protiucet_36_medium.webp","small":"https:\/\/cdn.assetlog.ai\/assets\/143377\/hyundai-grand-santa-fe-145kw-at6-4x4-7-miest-aj-na-splatky-protiucet_36_small.webp"},{"id":113278,"max":"https:\/\/cdn.assetlog.ai\/assets\/143377\/hyundai-grand-santa-fe-145kw-at6-4x4-7-miest-aj-na-splatky-protiucet_37_max.webp","medium":"https:\/\/cdn.assetlog.ai\/assets\/143377\/hyundai-grand-santa-fe-145kw-at6-4x4-7-miest-aj-na-splatky-protiucet_37_medium.webp","small":"https:\/\/cdn.assetlog.ai\/assets\/143377\/hyundai-grand-santa-fe-145kw-at6-4x4-7-miest-aj-na-splatky-protiucet_37_small.webp"},{"id":113279,"max":"https:\/\/cdn.assetlog.ai\/assets\/143377\/hyundai-grand-santa-fe-145kw-at6-4x4-7-miest-aj-na-splatky-protiucet_38_max.webp","medium":"https:\/\/cdn.assetlog.ai\/assets\/143377\/hyundai-grand-santa-fe-145kw-at6-4x4-7-miest-aj-na-splatky-protiucet_38_medium.webp","small":"https:\/\/cdn.assetlog.ai\/assets\/143377\/hyundai-grand-santa-fe-145kw-at6-4x4-7-miest-aj-na-splatky-protiucet_38_small.webp"},{"id":113280,"max":"https:\/\/cdn.assetlog.ai\/assets\/143377\/hyundai-grand-santa-fe-145kw-at6-4x4-7-miest-aj-na-splatky-protiucet_39_max.webp","medium":"https:\/\/cdn.assetlog.ai\/assets\/143377\/hyundai-grand-santa-fe-145kw-at6-4x4-7-miest-aj-na-splatky-protiucet_39_medium.webp","small":"https:\/\/cdn.assetlog.ai\/assets\/143377\/hyundai-grand-santa-fe-145kw-at6-4x4-7-miest-aj-na-splatky-protiucet_39_small.webp"},{"id":113281,"max":"https:\/\/cdn.assetlog.ai\/assets\/143377\/hyundai-grand-santa-fe-145kw-at6-4x4-7-miest-aj-na-splatky-protiucet_40_max.webp","medium":"https:\/\/cdn.assetlog.ai\/assets\/143377\/hyundai-grand-santa-fe-145kw-at6-4x4-7-miest-aj-na-splatky-protiucet_40_medium.webp","small":"https:\/\/cdn.assetlog.ai\/assets\/143377\/hyundai-grand-santa-fe-145kw-at6-4x4-7-miest-aj-na-splatky-protiucet_40_small.webp"}],"published_at":null,"expires_at":null,"created_at":"2026-08-12T03:40:03+00:00","updated_at":"2026-09-01T03:40:34+00:00"}}