{"data":{"id":186120,"slug":"individnara-hvb-soker-engagerad-verksamhetschef","type":"job","title":"Individn\u00e4ra HVB s\u00f6ker engagerad verksamhetschef","description":"Om Active omsorg - en del av Viljan\nActive omsorg bedriver HVB verksamheter med individanpassad behandling f\u00f6r ungdomar. V\u00e5rt koncept skiljer sig fr\u00e5n traditionella HVB-hem d\u00e5 v\u00e5ra ungdomar bor i en egen fullt utrustad l\u00e4genhet med personal n\u00e4ra till hands dygnet runt. Vi \u00e4r en del av Viljan, det bredaste utbudet av specialiserad omsorg, med b\u00e4sta effekt f\u00f6r individ och samh\u00e4lle. Hos oss f\u00e5r du m\u00f6jlighet att g\u00f6ra skillnad varje dag i en verksamhet som arbetar med engagemang, struktur och hj\u00e4rta!\nOm Viljan Active omsorg B\u00e4ckv\u00e4gen\nActive omsorgs verksamhet p\u00e5 B\u00e4ckv\u00e4gen \u00e4r individn\u00e4ra HVB bel\u00e4get i H\u00e4gersten, Stockholm. Vi tar emot barn och unga mellan 16-20 \u00e5r i behov av individuell behandling i v\u00e5rt l\u00e4genhetskoncept. Vi arbetar aktivt och m\u00e5linriktat f\u00f6r att skapa en trygg, tillitsfull samt l\u00e4rande- och meningsfull tillvaro.\nBeskrivning av tj\u00e4nsten som verksamhetschef\nI din roll som Verksamhetschef arbetar du sj\u00e4lvst\u00e4ndigt med att driva, leda och utveckla verksamheten utifr\u00e5n ett sp\u00e4nnande koncept inom behandlingsv\u00e5rd f\u00f6r barn och unga. I verksamheten finns ett v\u00e4l inarbetat kvalitetsarbete och ett systematiskt arbetsmilj\u00f6arbete med st\u00f6d fr\u00e5n regionala resurser samt kvalitets-, ekonomi-, marknads- och HR-avdelning.\nVi vill och kan g\u00f6ra skillnad med fokus p\u00e5 kund, medarbetare och best\u00e4llare samt f\u00f6r samh\u00e4llet i stort. V\u00e4gen dit g\u00e5r genom ett tydligt och utvecklande ledarskap.\nV\u00e5r ledarkompass best\u00e5r av fyra omr\u00e5den:\u00a0\n\u2022 Skapa v\u00e4rde\n\u2022 Vi tillsammans\n\u2022 Bygga tillit\n\u2022 T\u00e4nka nytt\n Kompassen hj\u00e4lper oss att n\u00e5 v\u00e5ra l\u00e5ngsiktiga m\u00e5l, leda och utveckla v\u00e5r verksamhet och aff\u00e4r fram\u00e5t samt fungerar som ett verktyg f\u00f6r att leda oss sj\u00e4lva och andra.\nDu rapporterar direkt till Regionchef och ing\u00e5r i en kompetent ledningsgrupp d\u00e4r du f\u00e5r st\u00f6d och v\u00e4gledning f\u00f6r att n\u00e5 framg\u00e5ng i din roll.\u00a0 \nHuvudsakliga arbetsuppgifter:\nAnsvar f\u00f6r den dagliga operativa verksamheten, personal och schemal\u00e4ggning\n\n\nBedriva systematiskt kvalitets- och utvecklingsarbete\n\n\nS\u00e4kerst\u00e4lla att avtal, uppdrag och regelverk efterf\u00f6ljs\n\n\nBedriva l\u00f6pande kontakt med kunder, medarbetare och anh\u00f6riga\n\n\nEkonomi och budget kopplat till verksamheten\n\n\nS\u00e4kerst\u00e4lla bel\u00e4ggning utifr\u00e5n budget och uppsatta m\u00e5l\n\n\nSamarbeta med st\u00f6dfunktioner inom koncernen\n\n Kvalifikationer\nKrav:\n\nH\u00f6gskoleutbildning s\u00e5som socionom, beteendevetare eller annan likv\u00e4rdig utbildning, enligt krav fr\u00e5n Inspektionen f\u00f6r v\u00e5rd och omsorg (IVO) f\u00f6r att vara tillst\u00e5ndsb\u00e4rare\n\n\nUtbildning i socialr\u00e4tt minst 7,5 hp (om ej utbildad socionom)\n\n\nMinst 2 \u00e5rs erfarenhet av ledande befattning inom h\u00e4lso-och sjukv\u00e5rd och\/eller social omsorg.\n\n\nErfarenhet av budgetarbete och ekonomisk analys\n\n\nMycket goda kunskaper i svenska spr\u00e5ket i s\u00e5v\u00e4l tal och skrift\n\n\nB-k\u00f6rkort\n\n\n  Meriterande:\n\nErfarenhet fr\u00e5n arbete inom privat omsorgsverksamhet\n\n\nErfarenhet av behandlingsarbete p\u00e5 HVB\n\n\nGrundl\u00e4ggande psykoterapiutbildning\n\n\nErfarenhet av att leda verksamheter i utveckling och f\u00f6r\u00e4ndring\n\n\nArbetat i en st\u00f6rre organisation och\/eller f\u00f6retag i stark tillv\u00e4xt\n\nSammanfattning\nRoll: Verksamhetschef\nAnst\u00e4llningsform: Tillsvidare med provanst\u00e4llning.\nTj\u00e4nstg\u00f6ringsgrad: Heltid\nArbetstid: Dagtid\nTilltr\u00e4de: Enligt \u00f6verenskommelse\nKollektivavtal: Vision \nVad kan vi erbjuda dig?\nViljan \u00e4r en del av Attendo, en trygg arbetsgivare som kan erbjuda dig som vill goda m\u00f6jligheter att ta mer ansvar eller att g\u00e5 vidare till nya roller. Vi erbjuder dig som medarbetare utbildningsm\u00f6jligheter, kollektivavtal, friskv\u00e5rd samt flera andra f\u00f6rm\u00e5ner och och personalrabatter via v\u00e5r f\u00f6rm\u00e5nsportal AttendoPlus, i samarbete med Benifex.\nOm rekryteringsprocessen\nF\u00f6re eventuell anst\u00e4llning ska utdrag ur belastningsregistret tillsammans med giltig fotolegitimation visas upp. Om du blir kallad till en intervju beh\u00f6ver du kunna styrka att du har r\u00e4tt att arbeta i Sverige, genom att uppvisa att du har medborgarskap inom EU\/EES eller ett giltigt arbetstillst\u00e5nd.\nSista ans\u00f6kningsdag 24\/9 men urval och intervjuer sker l\u00f6pande, s\u00e5 v\u00e4nta inte med din ans\u00f6kan.\nOm Viljan\/Attendo\nViljan \u00e4r en del av Attendo, som \u00e4r ett av Nordens st\u00f6rsta omsorgsf\u00f6retag och startades 1985. Vi \u00e4r verksamma inom IOF. V\u00e5ra v\u00e4rderingar omtanke, engagemang och kompetens v\u00e4gleder oss dagligen i v\u00e5rt arbete f\u00f6r att alla ska uppleva trivsel, delaktighet, gemenskap och arbetsgl\u00e4dje.\nOm du vill vara med och hj\u00e4lpa m\u00e4nniskor att ta n\u00e4sta positiva steg i livet s\u00e5 \u00e4r Viljan arbetsplatsen f\u00f6r dig.\nSom en del av v\u00e5rt arbete f\u00f6r en trygg och s\u00e4ker arbetsmilj\u00f6 genomf\u00f6r vi slumpm\u00e4ssiga alkohol- och drogtester.\nV\u00e4lkommen med din ans\u00f6kan!Tillsammans f\u00f6r en b\u00e4ttre morgondag!\n\nVid fr\u00e5gor om tj\u00e4nsten \u00e4r du v\u00e4lkommen att kontakta: \nAndreas Riddez; andreas.riddez@viljan.se, 070-2722650\nMika Fischer; mika.fischer@viljan.se, 070.3055133","language":"sv","is_translated":false,"price":null,"currency":"SEK","status":"active","noindex":true,"location":{"address":"B\u00e4ckv\u00e4gen 135","full_address":null,"city":"H\u00e4gersten","country":"SE","latitude":59.301274688365,"longitude":17.987470177302},"metadata":{"region":"Stockholms l\u00e4n","duration":"Tills vidare","employer":"Viljan Individ och Familj AB","postcode":"12933","positions":1,"profession":"Enhetschef inom social omsorg","salary_type":"Fast m\u00e5nads- vecko- eller timl\u00f6n","employer_url":"https:\/\/viljaniof.teamtailor.com","scope_of_work":"100\u2013100 %","working_hours":"Heltid","employment_type":"full_time","occupation_field":"Chefer och verksamhetsledare","employer_workplace":"Viljan","experience_required":true,"employment_type_label":"Vanlig anst\u00e4llning"},"user_id":null,"is_sponsored":false,"views_count":0,"ai_views_count":1,"ai_vendor_counts":{"anthropic":1},"visibility":"public","submission_source":null,"submission_ai_name":null,"has_owner_email":true,"can_contact_owner":true,"phone":"070-2722650","owner_email":"andreas.riddez@viljan.se","images":[],"published_at":"2026-09-03T11:52:29+00:00","expires_at":"2026-09-24T23:59:59+00:00","created_at":"2026-09-04T03:21:15+00:00","updated_at":"2026-09-04T03:21:15+00:00"}}