{"data":{"id":116962,"slug":"lada-vesta-16-benzin-lpg-78kw-m5-aj-na-splatky-protiucet","type":"vehicle","title":"Lada Vesta 1.6 gasoline + LPG, 78kW, M5 \/ YES FOR INSTALLMENTS \/ TRADE-IN \/","description":"Commission sale - you purchase the vehicle directly from the owner.\n\nLada Vesta is a practical and economical sedan with a 1.6 liter gasoline engine with 78 kW power and a five-speed manual transmission. Thanks to dual fuel operation on gasoline and LPG, it offers very low operating costs while maintaining reliability and easy maintenance. It is an ideal choice for everyday commuting, business purposes, and for drivers who want to drive economically.\nThe vehicle comes from the first owner, was purchased as new in Slovakia, has complete service history and original paint. The equipment includes cruise control, automatic air conditioning, heated front seats, towing equipment and many other comfort features. The car is equipped with Matador R17 winter tires and a set of summer tires is also included in the sale.\n\nWe offer favorable financing with monthly installments, so you can enjoy your new car right away without waiting with 0% down payment and installments up to 96 months.\n\nFor your greater convenience and peace of mind, we can provide you with extended warranty up to 12-36 months.\n\nIf you already own a vehicle, you don't need to worry about selling it - in exchange we will take it directly from you. All you need to do is come to us with it, we will appraise it and deduct the costs from the value of your new car. This way you save time, hassle and money and the whole process will be quick and easy - you drive away in your new car without unnecessary paperwork.\n\nVEHICLE IS LOCATED IN Bratislava.\nMore information will be provided to you at phone number 0908 391 874. License plate: BL078TC. Technical inspection valid until: 2027-01-22. Emissions test valid until: 2027-01-22.\n\nTechnical specifications\n\nYear of manufacture: 07\/18, 1596cm\u00b3, 78kW (106HP), Drive: Front-wheel drive, Manual (5 speed), LPG + gasoline, EURO, 5 doors, (5 seats), 129,865km, White, VIN XTAGFK110JY203631\n\nFirst owner, Service booklet, Never damaged, Purchased as new in Slovakia, Trade-in possible, Financing available, Complete service history","language":"cs","is_translated":true,"title_original":"Lada Vesta 1.6 benz\u00edn + LPG, 78kW, M5 \/ AJ NA SPL\u00c1TKY \/ PROTI\u00da\u010cET \/","description_original":"Komisn\u00ed prodej - vozidlo kupujete p\u0159\u00edmo od majitele.\n\nLada Vesta je praktick\u00fd a \u00fasporn\u00fd sedan s benz\u00ednov\u00fdm motorem 1,6 o v\u00fdkonu 78 kW a p\u011btistup\u0148ovou manu\u00e1ln\u00ed p\u0159evodovkou. D\u00edky pohonu na benz\u00edn i LPG nab\u00edz\u00ed velmi n\u00edzk\u00e9 provozn\u00ed n\u00e1klady, p\u0159i\u010dem\u017e si zachov\u00e1v\u00e1 spolehlivost a snadnou \u00fadr\u017ebu. Je ide\u00e1ln\u00ed volbou pro ka\u017edodenn\u00ed doj\u00ed\u017ed\u011bn\u00ed, slu\u017eebn\u00ed \u00fa\u010dely i pro \u0159idi\u010de, kte\u0159\u00ed cht\u011bj\u00ed jezdit \u00fasporn\u011b.\nVozidlo poch\u00e1z\u00ed od prvn\u00edho majitele, bylo zakoupeno jako nov\u00e9 na Slovensku, m\u00e1 kompletn\u00ed servisn\u00ed historii a p\u016fvodn\u00ed lak. Z v\u00fdbavy nab\u00edz\u00ed tempomat, automatickou klimatizaci, vyh\u0159\u00edvan\u00e1 p\u0159edn\u00ed sedadla, ta\u017en\u00e9 za\u0159\u00edzen\u00ed a \u0159adu dal\u0161\u00edch komfortn\u00edch prvk\u016f. Auto je obuto na zimn\u00ed pneumatiky Matador R17 a sou\u010d\u00e1st\u00ed prodeje je tak\u00e9 sada letn\u00edch pneumatik.\n\nNab\u00edz\u00edme v\u00fdhodn\u00e9 financov\u00e1n\u00ed na m\u011bs\u00ed\u010dn\u00ed spl\u00e1tky, tak\u017ee si sv\u016fj nov\u00fd v\u016fz m\u016f\u017eete u\u017e\u00edvat hned a bez \u010dek\u00e1n\u00ed s akontac\u00ed 0 % a spl\u00e1tkami a\u017e na 96 m\u011bs\u00edc\u016f.\n\nPro va\u0161e v\u011bt\u0161\u00ed pohodl\u00ed a jistotu v\u00e1m m\u016f\u017eeme poskytnout prodlou\u017eenou z\u00e1ruku a\u017e na 12-36 m\u011bs\u00edc\u016f.\n\nPokud ji\u017e v\u016fz vlastn\u00edte, nemus\u00edte se zab\u00fdvat jeho prodejem - na opl\u00e1tku si ho od v\u00e1s p\u0159\u00edmo vezmeme. Sta\u010d\u00ed, kdy\u017e k n\u00e1m s n\u00edm p\u0159ijdete, my ho ocen\u00edme a n\u00e1klady ode\u010dteme od hodnoty va\u0161eho nov\u00e9ho vozu. U\u0161et\u0159\u00edte tak \u010das, starosti i pen\u00edze a cel\u00fd proces bude rychl\u00fd a snadn\u00fd - odjedete rovnou ve sv\u00e9m nov\u00e9m voze bez zbyte\u010dn\u00e9ho pap\u00edrov\u00e1n\u00ed.\n\nVOZIDLO SE NACH\u00c1Z\u00cd V Bratislave.\nViac inform\u00e1ci\u00ed V\u00e1m poskytneme na telefonn\u00edm \u010d\u00edsle 0908 391 874. E\u010cV: BL078TC. EK platn\u00e1 do: 2027-01-22. STK platn\u00e1 do: 2027-01-22.\n\nTechnick\u00e9 \u00fadaje\n\nv.v.: 07\/18, 1596cm\u00b3, 78kW (106PS), Pohon: Pohon p\u0159edn\u00edch kol, Manu\u00e1ln\u00ed (5 st.), LPG + benz\u00edn, EURO , 5 dv., (5-m\u00edstn\u00fd), 129 865km, B\u00edl\u00e1, VIN XTAGFK110JY203631\n\nPrvn\u00ed majitel, Servisn\u00ed kn\u00ed\u017eka, Nikdy neb\u00faran\u00e9, Jako nov\u00e9 koupen\u00e9 v SR, Mo\u017en\u00e1 v\u00fdm\u011bna, Mo\u017en\u00fd \u00fav\u011br, \u00dapln\u00e1 servisn\u00ed historie","price":"175328.00","currency":"CZK","status":"active","noindex":true,"location":{"address":null,"full_address":null,"city":"Bratislava","country":"SK","latitude":48.1516988,"longitude":17.1093063},"metadata":{"vin":"XTAGFK110JY203631","fuel":"petrol","year":2018,"brand":"Lada","color":"White","doors":5,"drive":"Front-wheel drive","model":"Vesta","seats":5,"region":"Bratislavsk\u00fd kraj","mileage":129865,"emisions":"Euro 6","features":["Alarm","6x airbag","EBD\/EBV","Posilova\u010d \u0159\u00edzen\u00ed","ABS","ESP","Protiprokluzov\u00fd syst\u00e9m kol (TC, ASR)","Brzdov\u00fd asistent (EBA, BAS)","ISOFIX na zadn\u00edch sedadlech","Senzor tlaku","Automatick\u00e1 klimatizace","Centr\u00e1ln\u00ed zamyk\u00e1n\u00ed","Zadn\u00ed el. stahovateln\u00e1 okna","Elektricky nastaviteln\u00e1 zp\u011btn\u00e1 zrc\u00e1tka","Centr\u00e1ln\u00ed zamyk\u00e1n\u00ed na d\u00e1lkov\u00e9 ovl\u00e1d\u00e1n\u00ed","Autor\u00e1dio","Multifunk\u010dn\u00ed volant","Lit\u00e1 kola","Mlhovky","Imobiliz\u00e9r","Palubn\u00ed po\u010d\u00edta\u010d","Ta\u017en\u00e9 za\u0159\u00edzen\u00ed","Tempomat","Vyh\u0159\u00edvan\u00e1 sedadla","Elektricky vyh\u0159\u00edvan\u00e1 zp\u011btn\u00e1 zrc\u00e1tka","Senzor st\u011bra\u010d\u016f","Sv\u011bteln\u00fd senzor","Zimn\u00ed sada kol","Bluetooth","Prv\u00fd majite\u013e","Serv. kni\u017eka","Nikdy neb\u00faran\u00e9","Ako nov\u00e9 k\u00fapen\u00e9 v SR","Mo\u017en\u00e1 v\u00fdmena","Mo\u017en\u00fd \u00faver","\u00dapln\u00e1 servisn\u00e1 hist\u00f3ria","Odo-pass","asistent rozjezdu do kopce"],"power_kw":78,"body_type":"Estate","condition":"Used","transmission":"manual","vat_deductible":false,"consumption_city":null,"translation_hash":"2a322cd68cb9e0516cc0a1ef342f0e09b6dd45f1","vehicle_category":"car","engine_volume_cm3":1596,"first_registration":"2018-07-01","translation_status":"done","consumption_highway":null,"consumption_combined":null},"user_id":66,"is_sponsored":false,"views_count":15,"ai_views_count":8,"ai_vendor_counts":{"other":1,"openai":3,"anthropic":4},"visibility":"public","submission_source":null,"submission_ai_name":null,"has_owner_email":true,"can_contact_owner":true,"phone":"0908 391 874","owner_email":"macko@autorro.sk","user":{"id":66,"slug":"lubomir-macko-66","name":"\u013dubom\u00edr Macko","bio":"Makl\u00e9r. P\u016fsob\u00edm v Bratislave a okol\u00ed.\n\nP\u016fsobnost: Bratislava","nationality":null,"languages":[],"service_areas":[],"card_style":null,"card_palette":null,"avatar_url":"https:\/\/cdn.assetlog.ai\/avatars\/66\/avatar_max.webp?v=1786535213","avatar_thumb_url":"https:\/\/cdn.assetlog.ai\/avatars\/66\/avatar_small.webp?v=1786535213","reviews_count":0,"avg_rating":null,"seller_badge":"silver","can_calendar":true,"joined_at":"2026-06-12T06:35:24+00:00","primary_intent":null,"seeking":[],"public_assets_count":47,"public_prompts_count":0,"followers_count":0},"images":[{"id":95936,"max":"https:\/\/cdn.assetlog.ai\/assets\/116962\/lada-vesta-16-benzin-lpg-78kw-m5-aj-na-splatky-protiucet_1_max.webp","medium":"https:\/\/cdn.assetlog.ai\/assets\/116962\/lada-vesta-16-benzin-lpg-78kw-m5-aj-na-splatky-protiucet_1_medium.webp","small":"https:\/\/cdn.assetlog.ai\/assets\/116962\/lada-vesta-16-benzin-lpg-78kw-m5-aj-na-splatky-protiucet_1_small.webp"},{"id":95937,"max":"https:\/\/cdn.assetlog.ai\/assets\/116962\/lada-vesta-16-benzin-lpg-78kw-m5-aj-na-splatky-protiucet_2_max.webp","medium":"https:\/\/cdn.assetlog.ai\/assets\/116962\/lada-vesta-16-benzin-lpg-78kw-m5-aj-na-splatky-protiucet_2_medium.webp","small":"https:\/\/cdn.assetlog.ai\/assets\/116962\/lada-vesta-16-benzin-lpg-78kw-m5-aj-na-splatky-protiucet_2_small.webp"},{"id":95938,"max":"https:\/\/cdn.assetlog.ai\/assets\/116962\/lada-vesta-16-benzin-lpg-78kw-m5-aj-na-splatky-protiucet_3_max.webp","medium":"https:\/\/cdn.assetlog.ai\/assets\/116962\/lada-vesta-16-benzin-lpg-78kw-m5-aj-na-splatky-protiucet_3_medium.webp","small":"https:\/\/cdn.assetlog.ai\/assets\/116962\/lada-vesta-16-benzin-lpg-78kw-m5-aj-na-splatky-protiucet_3_small.webp"},{"id":95939,"max":"https:\/\/cdn.assetlog.ai\/assets\/116962\/lada-vesta-16-benzin-lpg-78kw-m5-aj-na-splatky-protiucet_4_max.webp","medium":"https:\/\/cdn.assetlog.ai\/assets\/116962\/lada-vesta-16-benzin-lpg-78kw-m5-aj-na-splatky-protiucet_4_medium.webp","small":"https:\/\/cdn.assetlog.ai\/assets\/116962\/lada-vesta-16-benzin-lpg-78kw-m5-aj-na-splatky-protiucet_4_small.webp"},{"id":95940,"max":"https:\/\/cdn.assetlog.ai\/assets\/116962\/lada-vesta-16-benzin-lpg-78kw-m5-aj-na-splatky-protiucet_5_max.webp","medium":"https:\/\/cdn.assetlog.ai\/assets\/116962\/lada-vesta-16-benzin-lpg-78kw-m5-aj-na-splatky-protiucet_5_medium.webp","small":"https:\/\/cdn.assetlog.ai\/assets\/116962\/lada-vesta-16-benzin-lpg-78kw-m5-aj-na-splatky-protiucet_5_small.webp"},{"id":95941,"max":"https:\/\/cdn.assetlog.ai\/assets\/116962\/lada-vesta-16-benzin-lpg-78kw-m5-aj-na-splatky-protiucet_6_max.webp","medium":"https:\/\/cdn.assetlog.ai\/assets\/116962\/lada-vesta-16-benzin-lpg-78kw-m5-aj-na-splatky-protiucet_6_medium.webp","small":"https:\/\/cdn.assetlog.ai\/assets\/116962\/lada-vesta-16-benzin-lpg-78kw-m5-aj-na-splatky-protiucet_6_small.webp"},{"id":95942,"max":"https:\/\/cdn.assetlog.ai\/assets\/116962\/lada-vesta-16-benzin-lpg-78kw-m5-aj-na-splatky-protiucet_7_max.webp","medium":"https:\/\/cdn.assetlog.ai\/assets\/116962\/lada-vesta-16-benzin-lpg-78kw-m5-aj-na-splatky-protiucet_7_medium.webp","small":"https:\/\/cdn.assetlog.ai\/assets\/116962\/lada-vesta-16-benzin-lpg-78kw-m5-aj-na-splatky-protiucet_7_small.webp"},{"id":95943,"max":"https:\/\/cdn.assetlog.ai\/assets\/116962\/lada-vesta-16-benzin-lpg-78kw-m5-aj-na-splatky-protiucet_8_max.webp","medium":"https:\/\/cdn.assetlog.ai\/assets\/116962\/lada-vesta-16-benzin-lpg-78kw-m5-aj-na-splatky-protiucet_8_medium.webp","small":"https:\/\/cdn.assetlog.ai\/assets\/116962\/lada-vesta-16-benzin-lpg-78kw-m5-aj-na-splatky-protiucet_8_small.webp"},{"id":95944,"max":"https:\/\/cdn.assetlog.ai\/assets\/116962\/lada-vesta-16-benzin-lpg-78kw-m5-aj-na-splatky-protiucet_9_max.webp","medium":"https:\/\/cdn.assetlog.ai\/assets\/116962\/lada-vesta-16-benzin-lpg-78kw-m5-aj-na-splatky-protiucet_9_medium.webp","small":"https:\/\/cdn.assetlog.ai\/assets\/116962\/lada-vesta-16-benzin-lpg-78kw-m5-aj-na-splatky-protiucet_9_small.webp"},{"id":95945,"max":"https:\/\/cdn.assetlog.ai\/assets\/116962\/lada-vesta-16-benzin-lpg-78kw-m5-aj-na-splatky-protiucet_10_max.webp","medium":"https:\/\/cdn.assetlog.ai\/assets\/116962\/lada-vesta-16-benzin-lpg-78kw-m5-aj-na-splatky-protiucet_10_medium.webp","small":"https:\/\/cdn.assetlog.ai\/assets\/116962\/lada-vesta-16-benzin-lpg-78kw-m5-aj-na-splatky-protiucet_10_small.webp"},{"id":95946,"max":"https:\/\/cdn.assetlog.ai\/assets\/116962\/lada-vesta-16-benzin-lpg-78kw-m5-aj-na-splatky-protiucet_11_max.webp","medium":"https:\/\/cdn.assetlog.ai\/assets\/116962\/lada-vesta-16-benzin-lpg-78kw-m5-aj-na-splatky-protiucet_11_medium.webp","small":"https:\/\/cdn.assetlog.ai\/assets\/116962\/lada-vesta-16-benzin-lpg-78kw-m5-aj-na-splatky-protiucet_11_small.webp"},{"id":95947,"max":"https:\/\/cdn.assetlog.ai\/assets\/116962\/lada-vesta-16-benzin-lpg-78kw-m5-aj-na-splatky-protiucet_12_max.webp","medium":"https:\/\/cdn.assetlog.ai\/assets\/116962\/lada-vesta-16-benzin-lpg-78kw-m5-aj-na-splatky-protiucet_12_medium.webp","small":"https:\/\/cdn.assetlog.ai\/assets\/116962\/lada-vesta-16-benzin-lpg-78kw-m5-aj-na-splatky-protiucet_12_small.webp"},{"id":95948,"max":"https:\/\/cdn.assetlog.ai\/assets\/116962\/lada-vesta-16-benzin-lpg-78kw-m5-aj-na-splatky-protiucet_13_max.webp","medium":"https:\/\/cdn.assetlog.ai\/assets\/116962\/lada-vesta-16-benzin-lpg-78kw-m5-aj-na-splatky-protiucet_13_medium.webp","small":"https:\/\/cdn.assetlog.ai\/assets\/116962\/lada-vesta-16-benzin-lpg-78kw-m5-aj-na-splatky-protiucet_13_small.webp"},{"id":95949,"max":"https:\/\/cdn.assetlog.ai\/assets\/116962\/lada-vesta-16-benzin-lpg-78kw-m5-aj-na-splatky-protiucet_14_max.webp","medium":"https:\/\/cdn.assetlog.ai\/assets\/116962\/lada-vesta-16-benzin-lpg-78kw-m5-aj-na-splatky-protiucet_14_medium.webp","small":"https:\/\/cdn.assetlog.ai\/assets\/116962\/lada-vesta-16-benzin-lpg-78kw-m5-aj-na-splatky-protiucet_14_small.webp"},{"id":95950,"max":"https:\/\/cdn.assetlog.ai\/assets\/116962\/lada-vesta-16-benzin-lpg-78kw-m5-aj-na-splatky-protiucet_15_max.webp","medium":"https:\/\/cdn.assetlog.ai\/assets\/116962\/lada-vesta-16-benzin-lpg-78kw-m5-aj-na-splatky-protiucet_15_medium.webp","small":"https:\/\/cdn.assetlog.ai\/assets\/116962\/lada-vesta-16-benzin-lpg-78kw-m5-aj-na-splatky-protiucet_15_small.webp"},{"id":95951,"max":"https:\/\/cdn.assetlog.ai\/assets\/116962\/lada-vesta-16-benzin-lpg-78kw-m5-aj-na-splatky-protiucet_16_max.webp","medium":"https:\/\/cdn.assetlog.ai\/assets\/116962\/lada-vesta-16-benzin-lpg-78kw-m5-aj-na-splatky-protiucet_16_medium.webp","small":"https:\/\/cdn.assetlog.ai\/assets\/116962\/lada-vesta-16-benzin-lpg-78kw-m5-aj-na-splatky-protiucet_16_small.webp"},{"id":95952,"max":"https:\/\/cdn.assetlog.ai\/assets\/116962\/lada-vesta-16-benzin-lpg-78kw-m5-aj-na-splatky-protiucet_17_max.webp","medium":"https:\/\/cdn.assetlog.ai\/assets\/116962\/lada-vesta-16-benzin-lpg-78kw-m5-aj-na-splatky-protiucet_17_medium.webp","small":"https:\/\/cdn.assetlog.ai\/assets\/116962\/lada-vesta-16-benzin-lpg-78kw-m5-aj-na-splatky-protiucet_17_small.webp"},{"id":95953,"max":"https:\/\/cdn.assetlog.ai\/assets\/116962\/lada-vesta-16-benzin-lpg-78kw-m5-aj-na-splatky-protiucet_18_max.webp","medium":"https:\/\/cdn.assetlog.ai\/assets\/116962\/lada-vesta-16-benzin-lpg-78kw-m5-aj-na-splatky-protiucet_18_medium.webp","small":"https:\/\/cdn.assetlog.ai\/assets\/116962\/lada-vesta-16-benzin-lpg-78kw-m5-aj-na-splatky-protiucet_18_small.webp"},{"id":95954,"max":"https:\/\/cdn.assetlog.ai\/assets\/116962\/lada-vesta-16-benzin-lpg-78kw-m5-aj-na-splatky-protiucet_19_max.webp","medium":"https:\/\/cdn.assetlog.ai\/assets\/116962\/lada-vesta-16-benzin-lpg-78kw-m5-aj-na-splatky-protiucet_19_medium.webp","small":"https:\/\/cdn.assetlog.ai\/assets\/116962\/lada-vesta-16-benzin-lpg-78kw-m5-aj-na-splatky-protiucet_19_small.webp"},{"id":95955,"max":"https:\/\/cdn.assetlog.ai\/assets\/116962\/lada-vesta-16-benzin-lpg-78kw-m5-aj-na-splatky-protiucet_20_max.webp","medium":"https:\/\/cdn.assetlog.ai\/assets\/116962\/lada-vesta-16-benzin-lpg-78kw-m5-aj-na-splatky-protiucet_20_medium.webp","small":"https:\/\/cdn.assetlog.ai\/assets\/116962\/lada-vesta-16-benzin-lpg-78kw-m5-aj-na-splatky-protiucet_20_small.webp"},{"id":95956,"max":"https:\/\/cdn.assetlog.ai\/assets\/116962\/lada-vesta-16-benzin-lpg-78kw-m5-aj-na-splatky-protiucet_21_max.webp","medium":"https:\/\/cdn.assetlog.ai\/assets\/116962\/lada-vesta-16-benzin-lpg-78kw-m5-aj-na-splatky-protiucet_21_medium.webp","small":"https:\/\/cdn.assetlog.ai\/assets\/116962\/lada-vesta-16-benzin-lpg-78kw-m5-aj-na-splatky-protiucet_21_small.webp"},{"id":95957,"max":"https:\/\/cdn.assetlog.ai\/assets\/116962\/lada-vesta-16-benzin-lpg-78kw-m5-aj-na-splatky-protiucet_22_max.webp","medium":"https:\/\/cdn.assetlog.ai\/assets\/116962\/lada-vesta-16-benzin-lpg-78kw-m5-aj-na-splatky-protiucet_22_medium.webp","small":"https:\/\/cdn.assetlog.ai\/assets\/116962\/lada-vesta-16-benzin-lpg-78kw-m5-aj-na-splatky-protiucet_22_small.webp"},{"id":95958,"max":"https:\/\/cdn.assetlog.ai\/assets\/116962\/lada-vesta-16-benzin-lpg-78kw-m5-aj-na-splatky-protiucet_23_max.webp","medium":"https:\/\/cdn.assetlog.ai\/assets\/116962\/lada-vesta-16-benzin-lpg-78kw-m5-aj-na-splatky-protiucet_23_medium.webp","small":"https:\/\/cdn.assetlog.ai\/assets\/116962\/lada-vesta-16-benzin-lpg-78kw-m5-aj-na-splatky-protiucet_23_small.webp"},{"id":95959,"max":"https:\/\/cdn.assetlog.ai\/assets\/116962\/lada-vesta-16-benzin-lpg-78kw-m5-aj-na-splatky-protiucet_24_max.webp","medium":"https:\/\/cdn.assetlog.ai\/assets\/116962\/lada-vesta-16-benzin-lpg-78kw-m5-aj-na-splatky-protiucet_24_medium.webp","small":"https:\/\/cdn.assetlog.ai\/assets\/116962\/lada-vesta-16-benzin-lpg-78kw-m5-aj-na-splatky-protiucet_24_small.webp"}],"published_at":null,"expires_at":null,"created_at":"2026-07-11T03:40:07+00:00","updated_at":"2026-09-01T03:41:59+00:00"}}