{"data":{"id":176714,"slug":"mazda-3-e-skyactiv-2023-hybrid-110kw-at6-aj-na-splatky-protiucet","type":"vehicle","title":"Mazda 3 e-Skyactiv 2023 Hybrid 110kW AT\/6 \/ ON INSTALLMENTS \/ TRADE-IN","description":"Commission sale - you buy the vehicle directly from the owner.\n\nI am selling a Mazda 3 with an economical hybrid powertrain, year of manufacture 2023, in light brown metallic. The vehicle was purchased as new in Slovakia, is being sold by the first owner and comes with a service booklet and complete service history. The car is still under factory warranty until 9 April 2027. Seasonal tire replacement is also included in the sale.\n\nThe vehicle has passed insurance record verification, execution checks, paint thickness measurement and document verification. Inspected physically, also through the vehicle operation record registry.\n\nWe offer favorable financing with monthly installments, so you can enjoy your new car right away without waiting with 0% down payment and installments for up to 96 months.\n\nIf you already own a car, you don't need to deal with selling it - in return, we'll take it directly from you. Just come to us with it, we'll value it and deduct the costs from the value of your new car. You'll save time, hassle and money, and the whole process will be quick and easy - you'll drive away in your new car without unnecessary paperwork.\n\nTHE VEHICLE IS LOCATED IN Michalovce.\nI will be very happy to provide you with more information at phone number 0905 683 884. Registration number: MI738FU. MOT valid until: 2027-04-23. Technical inspection valid until: 2027-04-23.\n\nTechnical data\n\nYear: 04\/23, 1998cm\u00b3, 110kW (150PS), Drive: Front-wheel drive, Automatic transmission (6-speed), Hybrid (electric + petrol), EURO 6, 5-door, (5-seater), 24,021km, Light brown metallic, VIN JM4BP6HGA01318423\n\nVehicle consumption (l\/100km)\n\nIn city: , outside city: , combined: 6.1\n\nFirst owner, Leasing possible, Purchased new in Slovakia, Loan possible, Under warranty, Complete service history","language":"cs","is_translated":true,"title_original":"Mazda 3 e-Skyactiv 2023 Hybrid 110kW AT\/6 \/ AJ NA SPL\u00c1TKY \/ PROTI\u00da\u010cET","description_original":"Komisn\u00ed prodej - vozidlo kupujete p\u0159\u00edmo od majitele.\n\nProd\u00e1v\u00e1m Mazdu 3 s \u00fasporn\u00fdm hybridn\u00edm pohonem, rok v\u00fdroby 2023, ve sv\u011btle hn\u011bd\u00e9 metal\u00edze. Vozidlo bylo zakoupeno jako nov\u00e9 na Slovensku, prod\u00e1v\u00e1 se od prvn\u00edho majitele a je k n\u011bmu p\u0159ilo\u017eena servisn\u00ed kn\u00ed\u017eka a kompletn\u00ed servisn\u00ed historie. V\u016fz je st\u00e1le v platn\u00e9 tov\u00e1rn\u00ed z\u00e1ruce do 9. 4. 2027. Sou\u010d\u00e1st\u00ed prodeje je tak\u00e9 sez\u00f3nn\u00ed v\u00fdm\u011bna pneumatik.\n\nVozidlo pro\u0161lo kontrolou z\u00e1znam\u016f o poji\u0161t\u011bn\u00ed, exekuc\u00ed, m\u011b\u0159en\u00edm laku a kontrolou doklad\u016f. Zkontrolov\u00e1no fyzicky, tak\u00e9 prost\u0159ednictv\u00edm registru provozn\u00edch z\u00e1znam\u016f vozidla.\n\nNab\u00edz\u00edme v\u00fdhodn\u00e9 financov\u00e1n\u00ed na m\u011bs\u00ed\u010dn\u00ed spl\u00e1tky, tak\u017ee si sv\u016fj nov\u00fd v\u016fz m\u016f\u017eete u\u017e\u00edvat hned a bez \u010dek\u00e1n\u00ed s akontac\u00ed 0 % a spl\u00e1tkami a\u017e na 96 m\u011bs\u00edc\u016f.\n\nPokud ji\u017e v\u016fz vlastn\u00edte, nemus\u00edte se zab\u00fdvat jeho prodejem - na opl\u00e1tku si ho od v\u00e1s p\u0159\u00edmo vezmeme. Sta\u010d\u00ed, kdy\u017e k n\u00e1m s n\u00edm p\u0159ijdete, my ho ocen\u00edme a n\u00e1klady ode\u010dteme od hodnoty va\u0161eho nov\u00e9ho vozu. U\u0161et\u0159\u00edte tak \u010das, starosti i pen\u00edze a cel\u00fd proces bude rychl\u00fd a snadn\u00fd - odjedete rovnou ve sv\u00e9m nov\u00e9m voze bez zbyte\u010dn\u00e9ho pap\u00edrov\u00e1n\u00ed.\n\nVOZIDLO SE NACH\u00c1Z\u00cd V Michaloviach.\nViac inform\u00e1ci\u00ed V\u00e1m ve\u013emi r\u00e1d poskytnem na tel. \u010d\u00edsle 0905 683 884. E\u010cV: MI738FU. EK platn\u00e1 do: 2027-04-23. STK platn\u00e1 do: 2027-04-23.\n\nTechnick\u00e9 \u00fadaje\n\nv.v.: 04\/23, 1998cm\u00b3, 110kW (150PS),Pohon: Pohon p\u0159edn\u00edch kol, Automatick\u00e1 p\u0159evodovka (6 st.), Hybrid (elektro + benz\u00edn), EURO 6, 5 dv., (5-m\u00edstn\u00fd), 24 021km, Hn\u011bd\u00e1 sv. metal\u00edza, VIN JM4BP6HGA01318423\n\nSpot\u0159eba vozidla (l\/100km)\n\nVe m\u011bst\u011b: , mimo m\u011bsto: , kombinovan\u00e1: 6.1\n\nPrvn\u00ed majitel, Mo\u017en\u00fd leasing, Jako nov\u00e9 koupen\u00e9 v SR, Mo\u017en\u00fd \u00fav\u011br, V z\u00e1ruce, \u00dapln\u00e1 servisn\u00ed historie","price":"543150.00","currency":"CZK","status":"active","noindex":true,"location":{"address":null,"full_address":null,"city":"Michalovce","country":"SK","latitude":48.7514383,"longitude":21.9211949},"metadata":{"vin":"JM4BP6HGA01318423","fuel":"hybrid","year":2023,"brand":"Mazda","color":"Brown","doors":5,"drive":"Front-wheel drive","model":"3","seats":5,"region":"Ko\u0161ick\u00fd kraj","mileage":24021,"emisions":"Euro 6","features":["Alarm","Posilova\u010d \u0159\u00edzen\u00ed","ABS","ESP","Protiprokluzov\u00fd syst\u00e9m kol (TC, ASR)","Brzdov\u00fd asistent (EBA, BAS)","ISOFIX na zadn\u00edch sedadlech","Deaktivace airbagu spolujezdce","Senzor tlaku","Syst\u00e9m rozpozn\u00e1v\u00e1n\u00ed dopravn\u00edch zna\u010dek","Sledov\u00e1n\u00ed \u00fanavy \u0159idi\u010de","Asistent d\u00e1lkov\u00fdch sv\u011btel (HBA)","Centr\u00e1ln\u00ed zamyk\u00e1n\u00ed","Zadn\u00ed el. stahovateln\u00e1 okna","Elektricky nastaviteln\u00e1 zp\u011btn\u00e1 zrc\u00e1tka","Automatick\u00e1 2-z\u00f3nov\u00e1 klimatizace","Centr\u00e1ln\u00ed zamyk\u00e1n\u00ed na d\u00e1lkov\u00e9 ovl\u00e1d\u00e1n\u00ed","Autor\u00e1dio","Vyh\u0159\u00edvan\u00e9 \u010deln\u00ed sklo","Multifunk\u010dn\u00ed volant","Loketn\u00ed op\u011brka vp\u0159edu","Head-up display","Start\/Stop syst\u00e9m","Ost\u0159ikova\u010de sv\u011btlomet\u016f","Apple Car Play","Android Auto","Welcome light","P\u00e1dla pod volantem","Lit\u00e1 kola","Imobiliz\u00e9r","Palubn\u00ed po\u010d\u00edta\u010d","Navigace","Tempomat","Vyh\u0159\u00edvan\u00e1 sedadla","Elektricky vyh\u0159\u00edvan\u00e1 zp\u011btn\u00e1 zrc\u00e1tka","F\u00f3lie","Senzor st\u011bra\u010d\u016f","Sv\u011bteln\u00fd senzor","Zimn\u00ed sada kol","Parkovac\u00ed kamera","P\u0159edn\u00ed a zadn\u00ed parkovac\u00ed senzory","Adaptivn\u00ed tempomat","Bezkl\u00ed\u010dov\u00fd vstup","Bluetooth","Vyh\u0159\u00edvan\u00fd volant","Denn\u00ed sv\u00edcen\u00ed","LED sv\u011btlomety","Prv\u00fd majite\u013e","Mo\u017en\u00fd leasing","Ako nov\u00e9 k\u00fapen\u00e9 v SR","Mo\u017en\u00fd \u00faver","v z\u00e1ruke","\u00dapln\u00e1 servisn\u00e1 hist\u00f3ria","Ko\u017een\u00fd bal\u00ed\u010dek","Odo-pass","Asistent udr\u017eov\u00e1n\u00ed j\u00edzdn\u00edho pruhu","Asistent rozjezdu do kopce","ACC","Drive Select (j\u00edzdenn\u00ed re\u017eimy)","Pr\u00e9miov\u00fd audiosyst\u00e9m (B&O, Harman, Bose...)","Elektricky sklopn\u00e1 zp\u011btn\u00e1 zrc\u00e1tka","Rozpozn\u00e1v\u00e1n\u00ed chodc\u016f"],"power_kw":110,"body_type":"Hatchback","condition":"Used","transmission":"automatic","vat_deductible":false,"consumption_city":null,"translation_hash":"ae1e55b475cc16cac0f9ec24f01889505de4fcbd","vehicle_category":"car","engine_volume_cm3":1998,"first_registration":"2023-04-01","translation_status":"done","consumption_highway":null,"consumption_combined":6.1},"user_id":37,"is_sponsored":false,"views_count":3,"ai_views_count":10,"ai_vendor_counts":{"meta":6,"other":2,"openai":1,"anthropic":1},"visibility":"public","submission_source":null,"submission_ai_name":null,"has_owner_email":true,"can_contact_owner":true,"phone":"0905 683 884","owner_email":"slivka@autorro.sk","user":{"id":37,"slug":"jan-slivka-37","name":"J\u00e1n Slivka","bio":"Makl\u00e9r. P\u016fsob\u00edm v Michalovciach a okol\u00ed.\n\nP\u016fsobnost: Michalovce, Humenn\u00e9","nationality":"SK","languages":["cs","sk"],"service_areas":[],"card_style":null,"card_palette":null,"avatar_url":"https:\/\/cdn.assetlog.ai\/avatars\/37\/avatar_max.webp?v=1786535213","avatar_thumb_url":"https:\/\/cdn.assetlog.ai\/avatars\/37\/avatar_small.webp?v=1786535213","reviews_count":0,"avg_rating":null,"seller_badge":"silver","can_calendar":true},"images":[{"id":138676,"max":"https:\/\/cdn.assetlog.ai\/assets\/176714\/mazda-3-e-skyactiv-2023-hybrid-110kw-at6-aj-na-splatky-protiucet_1_max.webp","medium":"https:\/\/cdn.assetlog.ai\/assets\/176714\/mazda-3-e-skyactiv-2023-hybrid-110kw-at6-aj-na-splatky-protiucet_1_medium.webp","small":"https:\/\/cdn.assetlog.ai\/assets\/176714\/mazda-3-e-skyactiv-2023-hybrid-110kw-at6-aj-na-splatky-protiucet_1_small.webp"},{"id":138677,"max":"https:\/\/cdn.assetlog.ai\/assets\/176714\/mazda-3-e-skyactiv-2023-hybrid-110kw-at6-aj-na-splatky-protiucet_2_max.webp","medium":"https:\/\/cdn.assetlog.ai\/assets\/176714\/mazda-3-e-skyactiv-2023-hybrid-110kw-at6-aj-na-splatky-protiucet_2_medium.webp","small":"https:\/\/cdn.assetlog.ai\/assets\/176714\/mazda-3-e-skyactiv-2023-hybrid-110kw-at6-aj-na-splatky-protiucet_2_small.webp"},{"id":138678,"max":"https:\/\/cdn.assetlog.ai\/assets\/176714\/mazda-3-e-skyactiv-2023-hybrid-110kw-at6-aj-na-splatky-protiucet_3_max.webp","medium":"https:\/\/cdn.assetlog.ai\/assets\/176714\/mazda-3-e-skyactiv-2023-hybrid-110kw-at6-aj-na-splatky-protiucet_3_medium.webp","small":"https:\/\/cdn.assetlog.ai\/assets\/176714\/mazda-3-e-skyactiv-2023-hybrid-110kw-at6-aj-na-splatky-protiucet_3_small.webp"},{"id":138679,"max":"https:\/\/cdn.assetlog.ai\/assets\/176714\/mazda-3-e-skyactiv-2023-hybrid-110kw-at6-aj-na-splatky-protiucet_4_max.webp","medium":"https:\/\/cdn.assetlog.ai\/assets\/176714\/mazda-3-e-skyactiv-2023-hybrid-110kw-at6-aj-na-splatky-protiucet_4_medium.webp","small":"https:\/\/cdn.assetlog.ai\/assets\/176714\/mazda-3-e-skyactiv-2023-hybrid-110kw-at6-aj-na-splatky-protiucet_4_small.webp"},{"id":138680,"max":"https:\/\/cdn.assetlog.ai\/assets\/176714\/mazda-3-e-skyactiv-2023-hybrid-110kw-at6-aj-na-splatky-protiucet_5_max.webp","medium":"https:\/\/cdn.assetlog.ai\/assets\/176714\/mazda-3-e-skyactiv-2023-hybrid-110kw-at6-aj-na-splatky-protiucet_5_medium.webp","small":"https:\/\/cdn.assetlog.ai\/assets\/176714\/mazda-3-e-skyactiv-2023-hybrid-110kw-at6-aj-na-splatky-protiucet_5_small.webp"},{"id":138681,"max":"https:\/\/cdn.assetlog.ai\/assets\/176714\/mazda-3-e-skyactiv-2023-hybrid-110kw-at6-aj-na-splatky-protiucet_6_max.webp","medium":"https:\/\/cdn.assetlog.ai\/assets\/176714\/mazda-3-e-skyactiv-2023-hybrid-110kw-at6-aj-na-splatky-protiucet_6_medium.webp","small":"https:\/\/cdn.assetlog.ai\/assets\/176714\/mazda-3-e-skyactiv-2023-hybrid-110kw-at6-aj-na-splatky-protiucet_6_small.webp"},{"id":138682,"max":"https:\/\/cdn.assetlog.ai\/assets\/176714\/mazda-3-e-skyactiv-2023-hybrid-110kw-at6-aj-na-splatky-protiucet_7_max.webp","medium":"https:\/\/cdn.assetlog.ai\/assets\/176714\/mazda-3-e-skyactiv-2023-hybrid-110kw-at6-aj-na-splatky-protiucet_7_medium.webp","small":"https:\/\/cdn.assetlog.ai\/assets\/176714\/mazda-3-e-skyactiv-2023-hybrid-110kw-at6-aj-na-splatky-protiucet_7_small.webp"},{"id":138683,"max":"https:\/\/cdn.assetlog.ai\/assets\/176714\/mazda-3-e-skyactiv-2023-hybrid-110kw-at6-aj-na-splatky-protiucet_8_max.webp","medium":"https:\/\/cdn.assetlog.ai\/assets\/176714\/mazda-3-e-skyactiv-2023-hybrid-110kw-at6-aj-na-splatky-protiucet_8_medium.webp","small":"https:\/\/cdn.assetlog.ai\/assets\/176714\/mazda-3-e-skyactiv-2023-hybrid-110kw-at6-aj-na-splatky-protiucet_8_small.webp"},{"id":138684,"max":"https:\/\/cdn.assetlog.ai\/assets\/176714\/mazda-3-e-skyactiv-2023-hybrid-110kw-at6-aj-na-splatky-protiucet_9_max.webp","medium":"https:\/\/cdn.assetlog.ai\/assets\/176714\/mazda-3-e-skyactiv-2023-hybrid-110kw-at6-aj-na-splatky-protiucet_9_medium.webp","small":"https:\/\/cdn.assetlog.ai\/assets\/176714\/mazda-3-e-skyactiv-2023-hybrid-110kw-at6-aj-na-splatky-protiucet_9_small.webp"},{"id":138685,"max":"https:\/\/cdn.assetlog.ai\/assets\/176714\/mazda-3-e-skyactiv-2023-hybrid-110kw-at6-aj-na-splatky-protiucet_10_max.webp","medium":"https:\/\/cdn.assetlog.ai\/assets\/176714\/mazda-3-e-skyactiv-2023-hybrid-110kw-at6-aj-na-splatky-protiucet_10_medium.webp","small":"https:\/\/cdn.assetlog.ai\/assets\/176714\/mazda-3-e-skyactiv-2023-hybrid-110kw-at6-aj-na-splatky-protiucet_10_small.webp"},{"id":138686,"max":"https:\/\/cdn.assetlog.ai\/assets\/176714\/mazda-3-e-skyactiv-2023-hybrid-110kw-at6-aj-na-splatky-protiucet_11_max.webp","medium":"https:\/\/cdn.assetlog.ai\/assets\/176714\/mazda-3-e-skyactiv-2023-hybrid-110kw-at6-aj-na-splatky-protiucet_11_medium.webp","small":"https:\/\/cdn.assetlog.ai\/assets\/176714\/mazda-3-e-skyactiv-2023-hybrid-110kw-at6-aj-na-splatky-protiucet_11_small.webp"},{"id":138687,"max":"https:\/\/cdn.assetlog.ai\/assets\/176714\/mazda-3-e-skyactiv-2023-hybrid-110kw-at6-aj-na-splatky-protiucet_12_max.webp","medium":"https:\/\/cdn.assetlog.ai\/assets\/176714\/mazda-3-e-skyactiv-2023-hybrid-110kw-at6-aj-na-splatky-protiucet_12_medium.webp","small":"https:\/\/cdn.assetlog.ai\/assets\/176714\/mazda-3-e-skyactiv-2023-hybrid-110kw-at6-aj-na-splatky-protiucet_12_small.webp"},{"id":138688,"max":"https:\/\/cdn.assetlog.ai\/assets\/176714\/mazda-3-e-skyactiv-2023-hybrid-110kw-at6-aj-na-splatky-protiucet_13_max.webp","medium":"https:\/\/cdn.assetlog.ai\/assets\/176714\/mazda-3-e-skyactiv-2023-hybrid-110kw-at6-aj-na-splatky-protiucet_13_medium.webp","small":"https:\/\/cdn.assetlog.ai\/assets\/176714\/mazda-3-e-skyactiv-2023-hybrid-110kw-at6-aj-na-splatky-protiucet_13_small.webp"},{"id":138689,"max":"https:\/\/cdn.assetlog.ai\/assets\/176714\/mazda-3-e-skyactiv-2023-hybrid-110kw-at6-aj-na-splatky-protiucet_14_max.webp","medium":"https:\/\/cdn.assetlog.ai\/assets\/176714\/mazda-3-e-skyactiv-2023-hybrid-110kw-at6-aj-na-splatky-protiucet_14_medium.webp","small":"https:\/\/cdn.assetlog.ai\/assets\/176714\/mazda-3-e-skyactiv-2023-hybrid-110kw-at6-aj-na-splatky-protiucet_14_small.webp"},{"id":138690,"max":"https:\/\/cdn.assetlog.ai\/assets\/176714\/mazda-3-e-skyactiv-2023-hybrid-110kw-at6-aj-na-splatky-protiucet_15_max.webp","medium":"https:\/\/cdn.assetlog.ai\/assets\/176714\/mazda-3-e-skyactiv-2023-hybrid-110kw-at6-aj-na-splatky-protiucet_15_medium.webp","small":"https:\/\/cdn.assetlog.ai\/assets\/176714\/mazda-3-e-skyactiv-2023-hybrid-110kw-at6-aj-na-splatky-protiucet_15_small.webp"},{"id":138691,"max":"https:\/\/cdn.assetlog.ai\/assets\/176714\/mazda-3-e-skyactiv-2023-hybrid-110kw-at6-aj-na-splatky-protiucet_16_max.webp","medium":"https:\/\/cdn.assetlog.ai\/assets\/176714\/mazda-3-e-skyactiv-2023-hybrid-110kw-at6-aj-na-splatky-protiucet_16_medium.webp","small":"https:\/\/cdn.assetlog.ai\/assets\/176714\/mazda-3-e-skyactiv-2023-hybrid-110kw-at6-aj-na-splatky-protiucet_16_small.webp"},{"id":138692,"max":"https:\/\/cdn.assetlog.ai\/assets\/176714\/mazda-3-e-skyactiv-2023-hybrid-110kw-at6-aj-na-splatky-protiucet_17_max.webp","medium":"https:\/\/cdn.assetlog.ai\/assets\/176714\/mazda-3-e-skyactiv-2023-hybrid-110kw-at6-aj-na-splatky-protiucet_17_medium.webp","small":"https:\/\/cdn.assetlog.ai\/assets\/176714\/mazda-3-e-skyactiv-2023-hybrid-110kw-at6-aj-na-splatky-protiucet_17_small.webp"},{"id":138693,"max":"https:\/\/cdn.assetlog.ai\/assets\/176714\/mazda-3-e-skyactiv-2023-hybrid-110kw-at6-aj-na-splatky-protiucet_18_max.webp","medium":"https:\/\/cdn.assetlog.ai\/assets\/176714\/mazda-3-e-skyactiv-2023-hybrid-110kw-at6-aj-na-splatky-protiucet_18_medium.webp","small":"https:\/\/cdn.assetlog.ai\/assets\/176714\/mazda-3-e-skyactiv-2023-hybrid-110kw-at6-aj-na-splatky-protiucet_18_small.webp"},{"id":138694,"max":"https:\/\/cdn.assetlog.ai\/assets\/176714\/mazda-3-e-skyactiv-2023-hybrid-110kw-at6-aj-na-splatky-protiucet_19_max.webp","medium":"https:\/\/cdn.assetlog.ai\/assets\/176714\/mazda-3-e-skyactiv-2023-hybrid-110kw-at6-aj-na-splatky-protiucet_19_medium.webp","small":"https:\/\/cdn.assetlog.ai\/assets\/176714\/mazda-3-e-skyactiv-2023-hybrid-110kw-at6-aj-na-splatky-protiucet_19_small.webp"},{"id":138695,"max":"https:\/\/cdn.assetlog.ai\/assets\/176714\/mazda-3-e-skyactiv-2023-hybrid-110kw-at6-aj-na-splatky-protiucet_20_max.webp","medium":"https:\/\/cdn.assetlog.ai\/assets\/176714\/mazda-3-e-skyactiv-2023-hybrid-110kw-at6-aj-na-splatky-protiucet_20_medium.webp","small":"https:\/\/cdn.assetlog.ai\/assets\/176714\/mazda-3-e-skyactiv-2023-hybrid-110kw-at6-aj-na-splatky-protiucet_20_small.webp"},{"id":138696,"max":"https:\/\/cdn.assetlog.ai\/assets\/176714\/mazda-3-e-skyactiv-2023-hybrid-110kw-at6-aj-na-splatky-protiucet_21_max.webp","medium":"https:\/\/cdn.assetlog.ai\/assets\/176714\/mazda-3-e-skyactiv-2023-hybrid-110kw-at6-aj-na-splatky-protiucet_21_medium.webp","small":"https:\/\/cdn.assetlog.ai\/assets\/176714\/mazda-3-e-skyactiv-2023-hybrid-110kw-at6-aj-na-splatky-protiucet_21_small.webp"},{"id":138697,"max":"https:\/\/cdn.assetlog.ai\/assets\/176714\/mazda-3-e-skyactiv-2023-hybrid-110kw-at6-aj-na-splatky-protiucet_22_max.webp","medium":"https:\/\/cdn.assetlog.ai\/assets\/176714\/mazda-3-e-skyactiv-2023-hybrid-110kw-at6-aj-na-splatky-protiucet_22_medium.webp","small":"https:\/\/cdn.assetlog.ai\/assets\/176714\/mazda-3-e-skyactiv-2023-hybrid-110kw-at6-aj-na-splatky-protiucet_22_small.webp"},{"id":138698,"max":"https:\/\/cdn.assetlog.ai\/assets\/176714\/mazda-3-e-skyactiv-2023-hybrid-110kw-at6-aj-na-splatky-protiucet_23_max.webp","medium":"https:\/\/cdn.assetlog.ai\/assets\/176714\/mazda-3-e-skyactiv-2023-hybrid-110kw-at6-aj-na-splatky-protiucet_23_medium.webp","small":"https:\/\/cdn.assetlog.ai\/assets\/176714\/mazda-3-e-skyactiv-2023-hybrid-110kw-at6-aj-na-splatky-protiucet_23_small.webp"},{"id":138699,"max":"https:\/\/cdn.assetlog.ai\/assets\/176714\/mazda-3-e-skyactiv-2023-hybrid-110kw-at6-aj-na-splatky-protiucet_24_max.webp","medium":"https:\/\/cdn.assetlog.ai\/assets\/176714\/mazda-3-e-skyactiv-2023-hybrid-110kw-at6-aj-na-splatky-protiucet_24_medium.webp","small":"https:\/\/cdn.assetlog.ai\/assets\/176714\/mazda-3-e-skyactiv-2023-hybrid-110kw-at6-aj-na-splatky-protiucet_24_small.webp"},{"id":138700,"max":"https:\/\/cdn.assetlog.ai\/assets\/176714\/mazda-3-e-skyactiv-2023-hybrid-110kw-at6-aj-na-splatky-protiucet_25_max.webp","medium":"https:\/\/cdn.assetlog.ai\/assets\/176714\/mazda-3-e-skyactiv-2023-hybrid-110kw-at6-aj-na-splatky-protiucet_25_medium.webp","small":"https:\/\/cdn.assetlog.ai\/assets\/176714\/mazda-3-e-skyactiv-2023-hybrid-110kw-at6-aj-na-splatky-protiucet_25_small.webp"},{"id":138701,"max":"https:\/\/cdn.assetlog.ai\/assets\/176714\/mazda-3-e-skyactiv-2023-hybrid-110kw-at6-aj-na-splatky-protiucet_26_max.webp","medium":"https:\/\/cdn.assetlog.ai\/assets\/176714\/mazda-3-e-skyactiv-2023-hybrid-110kw-at6-aj-na-splatky-protiucet_26_medium.webp","small":"https:\/\/cdn.assetlog.ai\/assets\/176714\/mazda-3-e-skyactiv-2023-hybrid-110kw-at6-aj-na-splatky-protiucet_26_small.webp"},{"id":138702,"max":"https:\/\/cdn.assetlog.ai\/assets\/176714\/mazda-3-e-skyactiv-2023-hybrid-110kw-at6-aj-na-splatky-protiucet_27_max.webp","medium":"https:\/\/cdn.assetlog.ai\/assets\/176714\/mazda-3-e-skyactiv-2023-hybrid-110kw-at6-aj-na-splatky-protiucet_27_medium.webp","small":"https:\/\/cdn.assetlog.ai\/assets\/176714\/mazda-3-e-skyactiv-2023-hybrid-110kw-at6-aj-na-splatky-protiucet_27_small.webp"},{"id":138703,"max":"https:\/\/cdn.assetlog.ai\/assets\/176714\/mazda-3-e-skyactiv-2023-hybrid-110kw-at6-aj-na-splatky-protiucet_28_max.webp","medium":"https:\/\/cdn.assetlog.ai\/assets\/176714\/mazda-3-e-skyactiv-2023-hybrid-110kw-at6-aj-na-splatky-protiucet_28_medium.webp","small":"https:\/\/cdn.assetlog.ai\/assets\/176714\/mazda-3-e-skyactiv-2023-hybrid-110kw-at6-aj-na-splatky-protiucet_28_small.webp"},{"id":138704,"max":"https:\/\/cdn.assetlog.ai\/assets\/176714\/mazda-3-e-skyactiv-2023-hybrid-110kw-at6-aj-na-splatky-protiucet_29_max.webp","medium":"https:\/\/cdn.assetlog.ai\/assets\/176714\/mazda-3-e-skyactiv-2023-hybrid-110kw-at6-aj-na-splatky-protiucet_29_medium.webp","small":"https:\/\/cdn.assetlog.ai\/assets\/176714\/mazda-3-e-skyactiv-2023-hybrid-110kw-at6-aj-na-splatky-protiucet_29_small.webp"},{"id":138705,"max":"https:\/\/cdn.assetlog.ai\/assets\/176714\/mazda-3-e-skyactiv-2023-hybrid-110kw-at6-aj-na-splatky-protiucet_30_max.webp","medium":"https:\/\/cdn.assetlog.ai\/assets\/176714\/mazda-3-e-skyactiv-2023-hybrid-110kw-at6-aj-na-splatky-protiucet_30_medium.webp","small":"https:\/\/cdn.assetlog.ai\/assets\/176714\/mazda-3-e-skyactiv-2023-hybrid-110kw-at6-aj-na-splatky-protiucet_30_small.webp"},{"id":138706,"max":"https:\/\/cdn.assetlog.ai\/assets\/176714\/mazda-3-e-skyactiv-2023-hybrid-110kw-at6-aj-na-splatky-protiucet_31_max.webp","medium":"https:\/\/cdn.assetlog.ai\/assets\/176714\/mazda-3-e-skyactiv-2023-hybrid-110kw-at6-aj-na-splatky-protiucet_31_medium.webp","small":"https:\/\/cdn.assetlog.ai\/assets\/176714\/mazda-3-e-skyactiv-2023-hybrid-110kw-at6-aj-na-splatky-protiucet_31_small.webp"},{"id":138707,"max":"https:\/\/cdn.assetlog.ai\/assets\/176714\/mazda-3-e-skyactiv-2023-hybrid-110kw-at6-aj-na-splatky-protiucet_32_max.webp","medium":"https:\/\/cdn.assetlog.ai\/assets\/176714\/mazda-3-e-skyactiv-2023-hybrid-110kw-at6-aj-na-splatky-protiucet_32_medium.webp","small":"https:\/\/cdn.assetlog.ai\/assets\/176714\/mazda-3-e-skyactiv-2023-hybrid-110kw-at6-aj-na-splatky-protiucet_32_small.webp"},{"id":138708,"max":"https:\/\/cdn.assetlog.ai\/assets\/176714\/mazda-3-e-skyactiv-2023-hybrid-110kw-at6-aj-na-splatky-protiucet_33_max.webp","medium":"https:\/\/cdn.assetlog.ai\/assets\/176714\/mazda-3-e-skyactiv-2023-hybrid-110kw-at6-aj-na-splatky-protiucet_33_medium.webp","small":"https:\/\/cdn.assetlog.ai\/assets\/176714\/mazda-3-e-skyactiv-2023-hybrid-110kw-at6-aj-na-splatky-protiucet_33_small.webp"},{"id":138709,"max":"https:\/\/cdn.assetlog.ai\/assets\/176714\/mazda-3-e-skyactiv-2023-hybrid-110kw-at6-aj-na-splatky-protiucet_34_max.webp","medium":"https:\/\/cdn.assetlog.ai\/assets\/176714\/mazda-3-e-skyactiv-2023-hybrid-110kw-at6-aj-na-splatky-protiucet_34_medium.webp","small":"https:\/\/cdn.assetlog.ai\/assets\/176714\/mazda-3-e-skyactiv-2023-hybrid-110kw-at6-aj-na-splatky-protiucet_34_small.webp"},{"id":138710,"max":"https:\/\/cdn.assetlog.ai\/assets\/176714\/mazda-3-e-skyactiv-2023-hybrid-110kw-at6-aj-na-splatky-protiucet_35_max.webp","medium":"https:\/\/cdn.assetlog.ai\/assets\/176714\/mazda-3-e-skyactiv-2023-hybrid-110kw-at6-aj-na-splatky-protiucet_35_medium.webp","small":"https:\/\/cdn.assetlog.ai\/assets\/176714\/mazda-3-e-skyactiv-2023-hybrid-110kw-at6-aj-na-splatky-protiucet_35_small.webp"},{"id":138711,"max":"https:\/\/cdn.assetlog.ai\/assets\/176714\/mazda-3-e-skyactiv-2023-hybrid-110kw-at6-aj-na-splatky-protiucet_36_max.webp","medium":"https:\/\/cdn.assetlog.ai\/assets\/176714\/mazda-3-e-skyactiv-2023-hybrid-110kw-at6-aj-na-splatky-protiucet_36_medium.webp","small":"https:\/\/cdn.assetlog.ai\/assets\/176714\/mazda-3-e-skyactiv-2023-hybrid-110kw-at6-aj-na-splatky-protiucet_36_small.webp"},{"id":138712,"max":"https:\/\/cdn.assetlog.ai\/assets\/176714\/mazda-3-e-skyactiv-2023-hybrid-110kw-at6-aj-na-splatky-protiucet_37_max.webp","medium":"https:\/\/cdn.assetlog.ai\/assets\/176714\/mazda-3-e-skyactiv-2023-hybrid-110kw-at6-aj-na-splatky-protiucet_37_medium.webp","small":"https:\/\/cdn.assetlog.ai\/assets\/176714\/mazda-3-e-skyactiv-2023-hybrid-110kw-at6-aj-na-splatky-protiucet_37_small.webp"},{"id":138713,"max":"https:\/\/cdn.assetlog.ai\/assets\/176714\/mazda-3-e-skyactiv-2023-hybrid-110kw-at6-aj-na-splatky-protiucet_38_max.webp","medium":"https:\/\/cdn.assetlog.ai\/assets\/176714\/mazda-3-e-skyactiv-2023-hybrid-110kw-at6-aj-na-splatky-protiucet_38_medium.webp","small":"https:\/\/cdn.assetlog.ai\/assets\/176714\/mazda-3-e-skyactiv-2023-hybrid-110kw-at6-aj-na-splatky-protiucet_38_small.webp"},{"id":138714,"max":"https:\/\/cdn.assetlog.ai\/assets\/176714\/mazda-3-e-skyactiv-2023-hybrid-110kw-at6-aj-na-splatky-protiucet_39_max.webp","medium":"https:\/\/cdn.assetlog.ai\/assets\/176714\/mazda-3-e-skyactiv-2023-hybrid-110kw-at6-aj-na-splatky-protiucet_39_medium.webp","small":"https:\/\/cdn.assetlog.ai\/assets\/176714\/mazda-3-e-skyactiv-2023-hybrid-110kw-at6-aj-na-splatky-protiucet_39_small.webp"},{"id":138715,"max":"https:\/\/cdn.assetlog.ai\/assets\/176714\/mazda-3-e-skyactiv-2023-hybrid-110kw-at6-aj-na-splatky-protiucet_40_max.webp","medium":"https:\/\/cdn.assetlog.ai\/assets\/176714\/mazda-3-e-skyactiv-2023-hybrid-110kw-at6-aj-na-splatky-protiucet_40_medium.webp","small":"https:\/\/cdn.assetlog.ai\/assets\/176714\/mazda-3-e-skyactiv-2023-hybrid-110kw-at6-aj-na-splatky-protiucet_40_small.webp"}],"published_at":null,"expires_at":null,"created_at":"2026-08-28T03:41:14+00:00","updated_at":"2026-09-01T03:40:31+00:00"}}