{"data":{"id":154767,"slug":"mazda-6-combi-wagon-25-skyactiv-g-at-143kw-2022-aj-na-splatky-protiucet","type":"vehicle","title":"Mazda 6 Combi (Wagon) 2.5 Skyactiv-G A\/T, 143kW (2022) \/ AVAILABLE FOR INSTALLMENTS \/ TRADE-IN ACCEPTED \/","description":"Mazda 6 2.5 Skyactiv-G A\/T, 143 kW (2022)\n\nElegant, comfortable and yet capable of delivering real performance when needed. This Mazda 6 with a **2.5 Skyactiv-G petrol engine with 143 kW power and automatic transmission** is a car for someone who refuses to compromise between comfort, technology and a genuine driving experience. Simply put, a car in which you travel well, but it won't bore you.\n\nRich equipment:\n- 360\u00b0 camera\n- Parking sensors front and rear\n- Adaptive cruise control\n- Navigation system\n- Automatic dual-zone air conditioning\n- Heated front seats\n- Heated steering wheel\n- Premium BOSE audio system\n- Head-Up display\n- Contactless start and door opening\n- Apple CarPlay \/ Android Auto\n\nMazda adds quality interior, pleasant comfort and character that you don't always see in modern cars anymore. The **2.5 Skyactiv-G engine and automatic transmission** form a combination that can be calm and comfortable, but the moment you step on the gas, Mazda quickly reminds you that it has **143 kW** under the hood.\n\n- Slovak car, from the first owner, who was an absolute perfectionist and took excellent care of the vehicle.\n- Vehicle is in excellent condition.\n- Low mileage: 61,106 km.\n- New technical inspection and emissions inspection valid until 06\/2028\n\nThe vehicle was regularly serviced in accordance with service intervals exclusively at an authorized service center.\n\nIncluded with the vehicle:\n- Set of summer tires and original Mazda aluminum alloy wheels R19\n- Set of winter tires and original Mazda aluminum alloy wheels R19\n\nThe car has never been in an accident or repainted (verified by paint thickness measurement) - of course it is verified through the Vehicle Operating Records Registry - AUTOPASS (execution and insurance records, blocks and liens) and ODOPASS (mileage verification).\n\n***If interested, please feel free to contact me anytime at tel. 0902239802***\n\nWe will refinance your vehicle conveniently, quickly and hassle-free. The monthly installment will be tailored to your requirements with a down payment from 0% and installments up to 96 months. If you have been in business for at least 3 months, you have the option to take the vehicle on installments up to 15 thousand without providing income documentation and from 0% down payment. The vehicle is located in Ko\u0161ice.\n\nVehicle number: KS734FZ. Technical certificate valid until: June 16, 2028. Technical inspection valid until: June 16, 2028.\n\nTechnical specifications\n\nManufacturing date: 05\/22, 2488cc, 143kW (194PS), Vehicle generation: , Drive: Front-wheel drive, Automatic transmission (6-speed), Petrol, EURO 6, 5-door, (5-seater), 61,106km, Grey metallic, VIN JMZGL69M801809689\n\nVehicle consumption (l\/100km)\n\nCity: 8.9, Highway: 5.6, Combined: 6.8\n\nFirst owner, Never damaged, Leasing possible, Purchased new in Slovakia, Financing possible, Top condition","language":"cs","is_translated":true,"title_original":"Mazda 6 Combi (Wagon) 2.5 Skyactiv-G A\/T, 143kW (2022) \/ AJ NA SPL\u00c1TKY \/ PROTI\u00da\u010cET \/","description_original":"Mazda 6 2,5 Skyactiv-G A\/T, 143 kW (2022)\n\nElegantn\u00ed, pohodln\u00e1 a z\u00e1rove\u0148 dok\u00e1\u017ee po\u0159\u00e1dn\u011b zabrat, kdy\u017e na to p\u0159ijde. Tato Mazda 6 s benz\u00ednov\u00fdm motorem **2.5 Skyactiv-G o v\u00fdkonu 143 kW a automatickou p\u0159evodovkou** je auto pro \u010dlov\u011bka, kter\u00fd nechce d\u011blat kompromisy mezi komfortem, technologiemi a po\u0159\u00e1dn\u00fdm z\u00e1\u017eitkem z j\u00edzdy. Zkr\u00e1tka auto, ve kter\u00e9m se dob\u0159e cestuje, ale z\u00e1rove\u0148 v\u00e1s nebude nudit.\n\nBohat\u00e1 v\u00fdbava:\n- 360\u00b0 kamera\n- Parkovac\u00ed senzory vp\u0159edu i vzadu\n- Adaptivn\u00ed tempomat\n- Naviga\u010dn\u00ed syst\u00e9m\n- Automatick\u00e1 dvouz\u00f3nov\u00e1 klimatizace\n- Vyh\u0159\u00edvan\u00e1 p\u0159edn\u00ed sedadla\n- Vyh\u0159\u00edvan\u00fd volant\n- Pr\u00e9miov\u00fd audiosyst\u00e9m BOSE\n- Head-Up displej\n- Bezkontaktn\u00ed startov\u00e1n\u00ed a otev\u00edr\u00e1n\u00ed dve\u0159\u00ed\n- Apple CarPlay \/ Android Auto\n\nMazda k tomu p\u0159id\u00e1v\u00e1 kvalitn\u00ed interi\u00e9r, p\u0159\u00edjemn\u00fd komfort a charakter, kter\u00fd se u modern\u00edch aut u\u017e ne v\u017edy vid\u00ed. **Motor 2,5 Skyactiv-G a automatick\u00e1 p\u0159evodovka** nav\u00edc tvo\u0159\u00ed kombinaci, kter\u00e1 dok\u00e1\u017ee b\u00fdt klidn\u00e1 a pohodln\u00e1, ale jakmile se\u0161l\u00e1pnete plyn, Mazda v\u00e1m velmi rychle p\u0159ipomene, \u017ee pod kapotou m\u00e1 **143 kW**.\n\n- Slovensk\u00e9 auto, od prvn\u00edho majitele, kter\u00fd byl naprost\u00fd pedant a o vozidlo se skv\u011ble staral.\n- Vozidlo je ve v\u00fdborn\u00e9m stavu.\n- N\u00edzk\u00fd po\u010det najet\u00fdch kilometr\u016f: 61 106 km.\n- Nov\u00e1 technick\u00e1 kontrola a emisn\u00ed kontrola platn\u00e1 do 06\/2028\n\nVozidlo bylo pravideln\u011b servisov\u00e1no v souladu se servisn\u00edmi intervaly v\u00fdhradn\u011b v autorizovan\u00e9m servisu.\n\nSou\u010d\u00e1st\u00ed vozidla je:\n- Sada letn\u00edch pneumatik a origin\u00e1ln\u00edch hlin\u00edkov\u00fdch r\u00e1fk\u016f Mazda R19\n- Sada zimn\u00edch pneumatik a origin\u00e1ln\u00edch hlin\u00edkov\u00fdch r\u00e1fk\u016f Mazda R19\n\nV\u016fz nebyl nikdy havarov\u00e1n ani lakov\u00e1n (ov\u011b\u0159eno m\u011b\u0159en\u00edm laku) - je samoz\u0159ejm\u011b ov\u011b\u0159en prost\u0159ednictv\u00edm Registru provozn\u00edch z\u00e1znam\u016f vozidel -AUTOPASS (z\u00e1znamy o exekuc\u00edch a poji\u0161t\u011bn\u00ed, blokac\u00edch a z\u00e1stav\u00e1ch) a ODOPASS (ov\u011b\u0159en\u00ed po\u010dtu najet\u00fdch kilometr\u016f).\n\n***V p\u0159\u00edpad\u011b z\u00e1jmu m\u011b nev\u00e1hejte kdykoli kontaktovat na tel. 0902239802***\n\nVa\u0161e vozidlo refinancujeme pohodln\u011b, rychle a bezstarostn\u011b. M\u011bs\u00ed\u010dn\u00ed spl\u00e1tku p\u0159izp\u016fsob\u00edme va\u0161im po\u017eadavk\u016fm s akontac\u00ed od 0 % a spl\u00e1tkami a\u017e na 96 m\u011bs\u00edc\u016f. Pokud podnik\u00e1te alespo\u0148 3 m\u011bs\u00edce, m\u00e1te mo\u017enost vz\u00edt si vozidlo na spl\u00e1tky a\u017e do v\u00fd\u0161e 15 tis\u00edc bez dokl\u00e1d\u00e1n\u00ed p\u0159\u00edjm\u016f a od 0% akontace. Vozidlo se nach\u00e1z\u00ed v Ko\u0161ic\u00edch.\n\n\u010c\u00edslo vozidla: KS734FZ. Platnost technick\u00e9ho osv\u011bd\u010den\u00ed do: 16. 6. 2028. Platnost technick\u00e9 kontroly do: 16. 6. 2028.\n\nTechnick\u00e9 \u00fadaje\n\nv.v.: 05\/22, 2488cm\u00b3, 143kW (194PS), Generace vozidla: , Pohon: Pohon p\u0159edn\u00edch kol, Automatick\u00e1 p\u0159evodovka (6 st.), Benz\u00edn, EURO 6, 5 dv., (5-m\u00edstn\u00fd), 61 106km, \u0160ed\u00e1 metal\u00edza, VIN JMZGL69M801809689\n\nSpot\u0159eba vozidla (l\/100km)\n\nVe m\u011bst\u011b: 8.9, mimo m\u011bsto: 5.6, kombinovan\u00e1: 6.8\n\nPrvn\u00ed majitel, Nikdy neb\u00faran\u00e9, Mo\u017en\u00fd leasing, Jako nov\u00e9 koupen\u00e9 v SR, Mo\u017en\u00fd \u00fav\u011br, TOP stav","price":"605008.00","currency":"CZK","status":"active","noindex":true,"location":{"address":null,"full_address":null,"city":"Ko\u0161ice","country":"SK","latitude":48.7172272,"longitude":21.2496774},"metadata":{"vin":"JMZGL69M801809689","fuel":"petrol","year":2022,"brand":"Mazda","color":"Grey","doors":5,"drive":"Front-wheel drive","model":"6 Wagon","seats":5,"region":"Ko\u0161ick\u00fd kraj","mileage":61106,"emisions":"Euro 6","features":["Alarm","EBD\/EBV","Posilova\u010d \u0159\u00edzen\u00ed","ABS","ESP","Brzdov\u00fd asistent (EBA, BAS)","ISOFIX na zadn\u00edch sedadlech","Deaktivace airbagu spolujezdce","Nat\u00e1\u010dec\u00ed sv\u011btlomety","Senzor tlaku","Syst\u00e9m rozpozn\u00e1v\u00e1n\u00ed dopravn\u00edch zna\u010dek","Varov\u00e1n\u00ed o vzd\u00e1lenosti (BAS Plus)","Sledov\u00e1n\u00ed \u00fanavy \u0159idi\u010de","T\u00eds\u0148ov\u00e9 vol\u00e1n\u00ed","Upozorn\u011bn\u00ed na p\u0159ij\u00ed\u017ed\u011bj\u00edc\u00ed vozidla p\u0159i couv\u00e1n\u00ed (RCTA)","360\u00b0 monitorovac\u00ed syst\u00e9m (AVM)","Asistent d\u00e1lkov\u00fdch sv\u011btel (HBA)","Centr\u00e1ln\u00ed zamyk\u00e1n\u00ed","Zadn\u00ed el. stahovateln\u00e1 okna","Elektricky nastaviteln\u00e1 zp\u011btn\u00e1 zrc\u00e1tka","Automatick\u00e1 2-z\u00f3nov\u00e1 klimatizace","Centr\u00e1ln\u00ed zamyk\u00e1n\u00ed na d\u00e1lkov\u00e9 ovl\u00e1d\u00e1n\u00ed","Autor\u00e1dio","Multifunk\u010dn\u00ed volant","Loketn\u00ed op\u011brka vp\u0159edu","Head-up display","Start\/Stop syst\u00e9m","Venkovn\u00ed teplom\u011br","Ost\u0159ikova\u010de sv\u011btlomet\u016f","Apple Car Play","Android Auto","Welcome light","P\u00e1dla pod volantem","Lit\u00e1 kola","Mlhovky","Imobiliz\u00e9r","Palubn\u00ed po\u010d\u00edta\u010d","Navigace","St\u0159e\u0161n\u00ed nosi\u010d","Vyh\u0159\u00edvan\u00e1 sedadla","Elektricky vyh\u0159\u00edvan\u00e1 zp\u011btn\u00e1 zrc\u00e1tka","F\u00f3lie","Senzor st\u011bra\u010d\u016f","Sv\u011bteln\u00fd senzor","Zimn\u00ed sada kol","P\u0159edn\u00ed a zadn\u00ed parkovac\u00ed senzory","Adaptivn\u00ed tempomat","Bezkl\u00ed\u010dov\u00fd vstup","Bluetooth","Vyh\u0159\u00edvan\u00fd volant","Denn\u00ed sv\u00edcen\u00ed","LED sv\u011btlomety","Prv\u00fd majite\u013e","Nikdy neb\u00faran\u00e9","Mo\u017en\u00fd leasing","Ako nov\u00e9 k\u00fapen\u00e9 v SR","Mo\u017en\u00fd \u00faver","TOP stav!","Odo-pass","asistent udr\u017eov\u00e1n\u00ed j\u00edzdn\u00edho pruhu","asistent rozjezdu do kopce","syst\u00e9m sledov\u00e1n\u00ed mrtv\u00e9ho \u00fahlu","pr\u00e9miov\u00fd audiosyst\u00e9m BOSE","head-up displej","ko\u017een\u00fd volant","vyh\u0159\u00edvan\u00e9 zadn\u00ed sklo","dr\u017e\u00e1ky na n\u00e1poje","re\u017eim SPORT","elektronick\u00e1 parkovac\u00ed brzda s funkc\u00ed auto-hold","ant\u00e9na ve tvaru \u017eralo\u010d\u00ed ploutve","elektricky sklopn\u00e1 zp\u011btn\u00e1 zrc\u00e1tka"],"power_kw":143,"body_type":"Estate","condition":"Used","transmission":"automatic","vat_deductible":false,"consumption_city":8.9,"translation_hash":"8833db26515c6ca977ff67cea1e7e50501f2f77c","vehicle_category":"car","engine_volume_cm3":2488,"first_registration":"2022-05-01","translation_status":"done","consumption_highway":5.6,"consumption_combined":6.8},"user_id":22,"is_sponsored":false,"views_count":5,"ai_views_count":9,"ai_vendor_counts":{"meta":5,"other":1,"openai":2,"anthropic":1},"visibility":"public","submission_source":null,"submission_ai_name":null,"has_owner_email":true,"can_contact_owner":true,"phone":"0902 239 802","owner_email":"hazlinsky@autorro.sk","user":{"id":22,"slug":"ing-jaroslav-hazlinsky-22","name":"Ing. Jaroslav Ha\u017elinsk\u00fd","bio":"Makl\u00e9r. P\u016fsob\u00edm v Ko\u0161iciach a okol\u00ed.\n\nP\u016fsobnost: Ko\u0161ice","nationality":"SK","languages":["cs","sk"],"service_areas":[],"card_style":null,"card_palette":null,"avatar_url":"https:\/\/cdn.assetlog.ai\/avatars\/22\/avatar_max.webp?v=1786535213","avatar_thumb_url":"https:\/\/cdn.assetlog.ai\/avatars\/22\/avatar_small.webp?v=1786535213","reviews_count":0,"avg_rating":null,"seller_badge":"silver","can_calendar":true},"images":[{"id":116193,"max":"https:\/\/cdn.assetlog.ai\/assets\/154767\/mazda-6-combi-wagon-25-skyactiv-g-at-143kw-2022-aj-na-splatky-protiucet_1_max.webp","medium":"https:\/\/cdn.assetlog.ai\/assets\/154767\/mazda-6-combi-wagon-25-skyactiv-g-at-143kw-2022-aj-na-splatky-protiucet_1_medium.webp","small":"https:\/\/cdn.assetlog.ai\/assets\/154767\/mazda-6-combi-wagon-25-skyactiv-g-at-143kw-2022-aj-na-splatky-protiucet_1_small.webp"},{"id":116194,"max":"https:\/\/cdn.assetlog.ai\/assets\/154767\/mazda-6-combi-wagon-25-skyactiv-g-at-143kw-2022-aj-na-splatky-protiucet_2_max.webp","medium":"https:\/\/cdn.assetlog.ai\/assets\/154767\/mazda-6-combi-wagon-25-skyactiv-g-at-143kw-2022-aj-na-splatky-protiucet_2_medium.webp","small":"https:\/\/cdn.assetlog.ai\/assets\/154767\/mazda-6-combi-wagon-25-skyactiv-g-at-143kw-2022-aj-na-splatky-protiucet_2_small.webp"},{"id":116195,"max":"https:\/\/cdn.assetlog.ai\/assets\/154767\/mazda-6-combi-wagon-25-skyactiv-g-at-143kw-2022-aj-na-splatky-protiucet_3_max.webp","medium":"https:\/\/cdn.assetlog.ai\/assets\/154767\/mazda-6-combi-wagon-25-skyactiv-g-at-143kw-2022-aj-na-splatky-protiucet_3_medium.webp","small":"https:\/\/cdn.assetlog.ai\/assets\/154767\/mazda-6-combi-wagon-25-skyactiv-g-at-143kw-2022-aj-na-splatky-protiucet_3_small.webp"},{"id":116196,"max":"https:\/\/cdn.assetlog.ai\/assets\/154767\/mazda-6-combi-wagon-25-skyactiv-g-at-143kw-2022-aj-na-splatky-protiucet_4_max.webp","medium":"https:\/\/cdn.assetlog.ai\/assets\/154767\/mazda-6-combi-wagon-25-skyactiv-g-at-143kw-2022-aj-na-splatky-protiucet_4_medium.webp","small":"https:\/\/cdn.assetlog.ai\/assets\/154767\/mazda-6-combi-wagon-25-skyactiv-g-at-143kw-2022-aj-na-splatky-protiucet_4_small.webp"},{"id":116197,"max":"https:\/\/cdn.assetlog.ai\/assets\/154767\/mazda-6-combi-wagon-25-skyactiv-g-at-143kw-2022-aj-na-splatky-protiucet_5_max.webp","medium":"https:\/\/cdn.assetlog.ai\/assets\/154767\/mazda-6-combi-wagon-25-skyactiv-g-at-143kw-2022-aj-na-splatky-protiucet_5_medium.webp","small":"https:\/\/cdn.assetlog.ai\/assets\/154767\/mazda-6-combi-wagon-25-skyactiv-g-at-143kw-2022-aj-na-splatky-protiucet_5_small.webp"},{"id":116198,"max":"https:\/\/cdn.assetlog.ai\/assets\/154767\/mazda-6-combi-wagon-25-skyactiv-g-at-143kw-2022-aj-na-splatky-protiucet_6_max.webp","medium":"https:\/\/cdn.assetlog.ai\/assets\/154767\/mazda-6-combi-wagon-25-skyactiv-g-at-143kw-2022-aj-na-splatky-protiucet_6_medium.webp","small":"https:\/\/cdn.assetlog.ai\/assets\/154767\/mazda-6-combi-wagon-25-skyactiv-g-at-143kw-2022-aj-na-splatky-protiucet_6_small.webp"},{"id":116199,"max":"https:\/\/cdn.assetlog.ai\/assets\/154767\/mazda-6-combi-wagon-25-skyactiv-g-at-143kw-2022-aj-na-splatky-protiucet_7_max.webp","medium":"https:\/\/cdn.assetlog.ai\/assets\/154767\/mazda-6-combi-wagon-25-skyactiv-g-at-143kw-2022-aj-na-splatky-protiucet_7_medium.webp","small":"https:\/\/cdn.assetlog.ai\/assets\/154767\/mazda-6-combi-wagon-25-skyactiv-g-at-143kw-2022-aj-na-splatky-protiucet_7_small.webp"},{"id":116200,"max":"https:\/\/cdn.assetlog.ai\/assets\/154767\/mazda-6-combi-wagon-25-skyactiv-g-at-143kw-2022-aj-na-splatky-protiucet_8_max.webp","medium":"https:\/\/cdn.assetlog.ai\/assets\/154767\/mazda-6-combi-wagon-25-skyactiv-g-at-143kw-2022-aj-na-splatky-protiucet_8_medium.webp","small":"https:\/\/cdn.assetlog.ai\/assets\/154767\/mazda-6-combi-wagon-25-skyactiv-g-at-143kw-2022-aj-na-splatky-protiucet_8_small.webp"},{"id":116201,"max":"https:\/\/cdn.assetlog.ai\/assets\/154767\/mazda-6-combi-wagon-25-skyactiv-g-at-143kw-2022-aj-na-splatky-protiucet_9_max.webp","medium":"https:\/\/cdn.assetlog.ai\/assets\/154767\/mazda-6-combi-wagon-25-skyactiv-g-at-143kw-2022-aj-na-splatky-protiucet_9_medium.webp","small":"https:\/\/cdn.assetlog.ai\/assets\/154767\/mazda-6-combi-wagon-25-skyactiv-g-at-143kw-2022-aj-na-splatky-protiucet_9_small.webp"},{"id":116202,"max":"https:\/\/cdn.assetlog.ai\/assets\/154767\/mazda-6-combi-wagon-25-skyactiv-g-at-143kw-2022-aj-na-splatky-protiucet_10_max.webp","medium":"https:\/\/cdn.assetlog.ai\/assets\/154767\/mazda-6-combi-wagon-25-skyactiv-g-at-143kw-2022-aj-na-splatky-protiucet_10_medium.webp","small":"https:\/\/cdn.assetlog.ai\/assets\/154767\/mazda-6-combi-wagon-25-skyactiv-g-at-143kw-2022-aj-na-splatky-protiucet_10_small.webp"},{"id":116203,"max":"https:\/\/cdn.assetlog.ai\/assets\/154767\/mazda-6-combi-wagon-25-skyactiv-g-at-143kw-2022-aj-na-splatky-protiucet_11_max.webp","medium":"https:\/\/cdn.assetlog.ai\/assets\/154767\/mazda-6-combi-wagon-25-skyactiv-g-at-143kw-2022-aj-na-splatky-protiucet_11_medium.webp","small":"https:\/\/cdn.assetlog.ai\/assets\/154767\/mazda-6-combi-wagon-25-skyactiv-g-at-143kw-2022-aj-na-splatky-protiucet_11_small.webp"},{"id":116204,"max":"https:\/\/cdn.assetlog.ai\/assets\/154767\/mazda-6-combi-wagon-25-skyactiv-g-at-143kw-2022-aj-na-splatky-protiucet_12_max.webp","medium":"https:\/\/cdn.assetlog.ai\/assets\/154767\/mazda-6-combi-wagon-25-skyactiv-g-at-143kw-2022-aj-na-splatky-protiucet_12_medium.webp","small":"https:\/\/cdn.assetlog.ai\/assets\/154767\/mazda-6-combi-wagon-25-skyactiv-g-at-143kw-2022-aj-na-splatky-protiucet_12_small.webp"},{"id":116205,"max":"https:\/\/cdn.assetlog.ai\/assets\/154767\/mazda-6-combi-wagon-25-skyactiv-g-at-143kw-2022-aj-na-splatky-protiucet_13_max.webp","medium":"https:\/\/cdn.assetlog.ai\/assets\/154767\/mazda-6-combi-wagon-25-skyactiv-g-at-143kw-2022-aj-na-splatky-protiucet_13_medium.webp","small":"https:\/\/cdn.assetlog.ai\/assets\/154767\/mazda-6-combi-wagon-25-skyactiv-g-at-143kw-2022-aj-na-splatky-protiucet_13_small.webp"},{"id":116206,"max":"https:\/\/cdn.assetlog.ai\/assets\/154767\/mazda-6-combi-wagon-25-skyactiv-g-at-143kw-2022-aj-na-splatky-protiucet_14_max.webp","medium":"https:\/\/cdn.assetlog.ai\/assets\/154767\/mazda-6-combi-wagon-25-skyactiv-g-at-143kw-2022-aj-na-splatky-protiucet_14_medium.webp","small":"https:\/\/cdn.assetlog.ai\/assets\/154767\/mazda-6-combi-wagon-25-skyactiv-g-at-143kw-2022-aj-na-splatky-protiucet_14_small.webp"},{"id":116207,"max":"https:\/\/cdn.assetlog.ai\/assets\/154767\/mazda-6-combi-wagon-25-skyactiv-g-at-143kw-2022-aj-na-splatky-protiucet_15_max.webp","medium":"https:\/\/cdn.assetlog.ai\/assets\/154767\/mazda-6-combi-wagon-25-skyactiv-g-at-143kw-2022-aj-na-splatky-protiucet_15_medium.webp","small":"https:\/\/cdn.assetlog.ai\/assets\/154767\/mazda-6-combi-wagon-25-skyactiv-g-at-143kw-2022-aj-na-splatky-protiucet_15_small.webp"},{"id":116208,"max":"https:\/\/cdn.assetlog.ai\/assets\/154767\/mazda-6-combi-wagon-25-skyactiv-g-at-143kw-2022-aj-na-splatky-protiucet_16_max.webp","medium":"https:\/\/cdn.assetlog.ai\/assets\/154767\/mazda-6-combi-wagon-25-skyactiv-g-at-143kw-2022-aj-na-splatky-protiucet_16_medium.webp","small":"https:\/\/cdn.assetlog.ai\/assets\/154767\/mazda-6-combi-wagon-25-skyactiv-g-at-143kw-2022-aj-na-splatky-protiucet_16_small.webp"},{"id":116209,"max":"https:\/\/cdn.assetlog.ai\/assets\/154767\/mazda-6-combi-wagon-25-skyactiv-g-at-143kw-2022-aj-na-splatky-protiucet_17_max.webp","medium":"https:\/\/cdn.assetlog.ai\/assets\/154767\/mazda-6-combi-wagon-25-skyactiv-g-at-143kw-2022-aj-na-splatky-protiucet_17_medium.webp","small":"https:\/\/cdn.assetlog.ai\/assets\/154767\/mazda-6-combi-wagon-25-skyactiv-g-at-143kw-2022-aj-na-splatky-protiucet_17_small.webp"},{"id":116210,"max":"https:\/\/cdn.assetlog.ai\/assets\/154767\/mazda-6-combi-wagon-25-skyactiv-g-at-143kw-2022-aj-na-splatky-protiucet_18_max.webp","medium":"https:\/\/cdn.assetlog.ai\/assets\/154767\/mazda-6-combi-wagon-25-skyactiv-g-at-143kw-2022-aj-na-splatky-protiucet_18_medium.webp","small":"https:\/\/cdn.assetlog.ai\/assets\/154767\/mazda-6-combi-wagon-25-skyactiv-g-at-143kw-2022-aj-na-splatky-protiucet_18_small.webp"},{"id":116211,"max":"https:\/\/cdn.assetlog.ai\/assets\/154767\/mazda-6-combi-wagon-25-skyactiv-g-at-143kw-2022-aj-na-splatky-protiucet_19_max.webp","medium":"https:\/\/cdn.assetlog.ai\/assets\/154767\/mazda-6-combi-wagon-25-skyactiv-g-at-143kw-2022-aj-na-splatky-protiucet_19_medium.webp","small":"https:\/\/cdn.assetlog.ai\/assets\/154767\/mazda-6-combi-wagon-25-skyactiv-g-at-143kw-2022-aj-na-splatky-protiucet_19_small.webp"},{"id":116212,"max":"https:\/\/cdn.assetlog.ai\/assets\/154767\/mazda-6-combi-wagon-25-skyactiv-g-at-143kw-2022-aj-na-splatky-protiucet_20_max.webp","medium":"https:\/\/cdn.assetlog.ai\/assets\/154767\/mazda-6-combi-wagon-25-skyactiv-g-at-143kw-2022-aj-na-splatky-protiucet_20_medium.webp","small":"https:\/\/cdn.assetlog.ai\/assets\/154767\/mazda-6-combi-wagon-25-skyactiv-g-at-143kw-2022-aj-na-splatky-protiucet_20_small.webp"},{"id":116213,"max":"https:\/\/cdn.assetlog.ai\/assets\/154767\/mazda-6-combi-wagon-25-skyactiv-g-at-143kw-2022-aj-na-splatky-protiucet_21_max.webp","medium":"https:\/\/cdn.assetlog.ai\/assets\/154767\/mazda-6-combi-wagon-25-skyactiv-g-at-143kw-2022-aj-na-splatky-protiucet_21_medium.webp","small":"https:\/\/cdn.assetlog.ai\/assets\/154767\/mazda-6-combi-wagon-25-skyactiv-g-at-143kw-2022-aj-na-splatky-protiucet_21_small.webp"},{"id":116214,"max":"https:\/\/cdn.assetlog.ai\/assets\/154767\/mazda-6-combi-wagon-25-skyactiv-g-at-143kw-2022-aj-na-splatky-protiucet_22_max.webp","medium":"https:\/\/cdn.assetlog.ai\/assets\/154767\/mazda-6-combi-wagon-25-skyactiv-g-at-143kw-2022-aj-na-splatky-protiucet_22_medium.webp","small":"https:\/\/cdn.assetlog.ai\/assets\/154767\/mazda-6-combi-wagon-25-skyactiv-g-at-143kw-2022-aj-na-splatky-protiucet_22_small.webp"},{"id":116215,"max":"https:\/\/cdn.assetlog.ai\/assets\/154767\/mazda-6-combi-wagon-25-skyactiv-g-at-143kw-2022-aj-na-splatky-protiucet_23_max.webp","medium":"https:\/\/cdn.assetlog.ai\/assets\/154767\/mazda-6-combi-wagon-25-skyactiv-g-at-143kw-2022-aj-na-splatky-protiucet_23_medium.webp","small":"https:\/\/cdn.assetlog.ai\/assets\/154767\/mazda-6-combi-wagon-25-skyactiv-g-at-143kw-2022-aj-na-splatky-protiucet_23_small.webp"},{"id":116216,"max":"https:\/\/cdn.assetlog.ai\/assets\/154767\/mazda-6-combi-wagon-25-skyactiv-g-at-143kw-2022-aj-na-splatky-protiucet_24_max.webp","medium":"https:\/\/cdn.assetlog.ai\/assets\/154767\/mazda-6-combi-wagon-25-skyactiv-g-at-143kw-2022-aj-na-splatky-protiucet_24_medium.webp","small":"https:\/\/cdn.assetlog.ai\/assets\/154767\/mazda-6-combi-wagon-25-skyactiv-g-at-143kw-2022-aj-na-splatky-protiucet_24_small.webp"},{"id":116217,"max":"https:\/\/cdn.assetlog.ai\/assets\/154767\/mazda-6-combi-wagon-25-skyactiv-g-at-143kw-2022-aj-na-splatky-protiucet_25_max.webp","medium":"https:\/\/cdn.assetlog.ai\/assets\/154767\/mazda-6-combi-wagon-25-skyactiv-g-at-143kw-2022-aj-na-splatky-protiucet_25_medium.webp","small":"https:\/\/cdn.assetlog.ai\/assets\/154767\/mazda-6-combi-wagon-25-skyactiv-g-at-143kw-2022-aj-na-splatky-protiucet_25_small.webp"},{"id":116218,"max":"https:\/\/cdn.assetlog.ai\/assets\/154767\/mazda-6-combi-wagon-25-skyactiv-g-at-143kw-2022-aj-na-splatky-protiucet_26_max.webp","medium":"https:\/\/cdn.assetlog.ai\/assets\/154767\/mazda-6-combi-wagon-25-skyactiv-g-at-143kw-2022-aj-na-splatky-protiucet_26_medium.webp","small":"https:\/\/cdn.assetlog.ai\/assets\/154767\/mazda-6-combi-wagon-25-skyactiv-g-at-143kw-2022-aj-na-splatky-protiucet_26_small.webp"},{"id":116219,"max":"https:\/\/cdn.assetlog.ai\/assets\/154767\/mazda-6-combi-wagon-25-skyactiv-g-at-143kw-2022-aj-na-splatky-protiucet_27_max.webp","medium":"https:\/\/cdn.assetlog.ai\/assets\/154767\/mazda-6-combi-wagon-25-skyactiv-g-at-143kw-2022-aj-na-splatky-protiucet_27_medium.webp","small":"https:\/\/cdn.assetlog.ai\/assets\/154767\/mazda-6-combi-wagon-25-skyactiv-g-at-143kw-2022-aj-na-splatky-protiucet_27_small.webp"},{"id":116220,"max":"https:\/\/cdn.assetlog.ai\/assets\/154767\/mazda-6-combi-wagon-25-skyactiv-g-at-143kw-2022-aj-na-splatky-protiucet_28_max.webp","medium":"https:\/\/cdn.assetlog.ai\/assets\/154767\/mazda-6-combi-wagon-25-skyactiv-g-at-143kw-2022-aj-na-splatky-protiucet_28_medium.webp","small":"https:\/\/cdn.assetlog.ai\/assets\/154767\/mazda-6-combi-wagon-25-skyactiv-g-at-143kw-2022-aj-na-splatky-protiucet_28_small.webp"},{"id":116221,"max":"https:\/\/cdn.assetlog.ai\/assets\/154767\/mazda-6-combi-wagon-25-skyactiv-g-at-143kw-2022-aj-na-splatky-protiucet_29_max.webp","medium":"https:\/\/cdn.assetlog.ai\/assets\/154767\/mazda-6-combi-wagon-25-skyactiv-g-at-143kw-2022-aj-na-splatky-protiucet_29_medium.webp","small":"https:\/\/cdn.assetlog.ai\/assets\/154767\/mazda-6-combi-wagon-25-skyactiv-g-at-143kw-2022-aj-na-splatky-protiucet_29_small.webp"},{"id":116222,"max":"https:\/\/cdn.assetlog.ai\/assets\/154767\/mazda-6-combi-wagon-25-skyactiv-g-at-143kw-2022-aj-na-splatky-protiucet_30_max.webp","medium":"https:\/\/cdn.assetlog.ai\/assets\/154767\/mazda-6-combi-wagon-25-skyactiv-g-at-143kw-2022-aj-na-splatky-protiucet_30_medium.webp","small":"https:\/\/cdn.assetlog.ai\/assets\/154767\/mazda-6-combi-wagon-25-skyactiv-g-at-143kw-2022-aj-na-splatky-protiucet_30_small.webp"},{"id":116223,"max":"https:\/\/cdn.assetlog.ai\/assets\/154767\/mazda-6-combi-wagon-25-skyactiv-g-at-143kw-2022-aj-na-splatky-protiucet_31_max.webp","medium":"https:\/\/cdn.assetlog.ai\/assets\/154767\/mazda-6-combi-wagon-25-skyactiv-g-at-143kw-2022-aj-na-splatky-protiucet_31_medium.webp","small":"https:\/\/cdn.assetlog.ai\/assets\/154767\/mazda-6-combi-wagon-25-skyactiv-g-at-143kw-2022-aj-na-splatky-protiucet_31_small.webp"},{"id":116224,"max":"https:\/\/cdn.assetlog.ai\/assets\/154767\/mazda-6-combi-wagon-25-skyactiv-g-at-143kw-2022-aj-na-splatky-protiucet_32_max.webp","medium":"https:\/\/cdn.assetlog.ai\/assets\/154767\/mazda-6-combi-wagon-25-skyactiv-g-at-143kw-2022-aj-na-splatky-protiucet_32_medium.webp","small":"https:\/\/cdn.assetlog.ai\/assets\/154767\/mazda-6-combi-wagon-25-skyactiv-g-at-143kw-2022-aj-na-splatky-protiucet_32_small.webp"},{"id":116225,"max":"https:\/\/cdn.assetlog.ai\/assets\/154767\/mazda-6-combi-wagon-25-skyactiv-g-at-143kw-2022-aj-na-splatky-protiucet_33_max.webp","medium":"https:\/\/cdn.assetlog.ai\/assets\/154767\/mazda-6-combi-wagon-25-skyactiv-g-at-143kw-2022-aj-na-splatky-protiucet_33_medium.webp","small":"https:\/\/cdn.assetlog.ai\/assets\/154767\/mazda-6-combi-wagon-25-skyactiv-g-at-143kw-2022-aj-na-splatky-protiucet_33_small.webp"},{"id":116226,"max":"https:\/\/cdn.assetlog.ai\/assets\/154767\/mazda-6-combi-wagon-25-skyactiv-g-at-143kw-2022-aj-na-splatky-protiucet_34_max.webp","medium":"https:\/\/cdn.assetlog.ai\/assets\/154767\/mazda-6-combi-wagon-25-skyactiv-g-at-143kw-2022-aj-na-splatky-protiucet_34_medium.webp","small":"https:\/\/cdn.assetlog.ai\/assets\/154767\/mazda-6-combi-wagon-25-skyactiv-g-at-143kw-2022-aj-na-splatky-protiucet_34_small.webp"},{"id":116227,"max":"https:\/\/cdn.assetlog.ai\/assets\/154767\/mazda-6-combi-wagon-25-skyactiv-g-at-143kw-2022-aj-na-splatky-protiucet_35_max.webp","medium":"https:\/\/cdn.assetlog.ai\/assets\/154767\/mazda-6-combi-wagon-25-skyactiv-g-at-143kw-2022-aj-na-splatky-protiucet_35_medium.webp","small":"https:\/\/cdn.assetlog.ai\/assets\/154767\/mazda-6-combi-wagon-25-skyactiv-g-at-143kw-2022-aj-na-splatky-protiucet_35_small.webp"},{"id":116228,"max":"https:\/\/cdn.assetlog.ai\/assets\/154767\/mazda-6-combi-wagon-25-skyactiv-g-at-143kw-2022-aj-na-splatky-protiucet_36_max.webp","medium":"https:\/\/cdn.assetlog.ai\/assets\/154767\/mazda-6-combi-wagon-25-skyactiv-g-at-143kw-2022-aj-na-splatky-protiucet_36_medium.webp","small":"https:\/\/cdn.assetlog.ai\/assets\/154767\/mazda-6-combi-wagon-25-skyactiv-g-at-143kw-2022-aj-na-splatky-protiucet_36_small.webp"},{"id":116229,"max":"https:\/\/cdn.assetlog.ai\/assets\/154767\/mazda-6-combi-wagon-25-skyactiv-g-at-143kw-2022-aj-na-splatky-protiucet_37_max.webp","medium":"https:\/\/cdn.assetlog.ai\/assets\/154767\/mazda-6-combi-wagon-25-skyactiv-g-at-143kw-2022-aj-na-splatky-protiucet_37_medium.webp","small":"https:\/\/cdn.assetlog.ai\/assets\/154767\/mazda-6-combi-wagon-25-skyactiv-g-at-143kw-2022-aj-na-splatky-protiucet_37_small.webp"},{"id":116230,"max":"https:\/\/cdn.assetlog.ai\/assets\/154767\/mazda-6-combi-wagon-25-skyactiv-g-at-143kw-2022-aj-na-splatky-protiucet_38_max.webp","medium":"https:\/\/cdn.assetlog.ai\/assets\/154767\/mazda-6-combi-wagon-25-skyactiv-g-at-143kw-2022-aj-na-splatky-protiucet_38_medium.webp","small":"https:\/\/cdn.assetlog.ai\/assets\/154767\/mazda-6-combi-wagon-25-skyactiv-g-at-143kw-2022-aj-na-splatky-protiucet_38_small.webp"},{"id":116231,"max":"https:\/\/cdn.assetlog.ai\/assets\/154767\/mazda-6-combi-wagon-25-skyactiv-g-at-143kw-2022-aj-na-splatky-protiucet_39_max.webp","medium":"https:\/\/cdn.assetlog.ai\/assets\/154767\/mazda-6-combi-wagon-25-skyactiv-g-at-143kw-2022-aj-na-splatky-protiucet_39_medium.webp","small":"https:\/\/cdn.assetlog.ai\/assets\/154767\/mazda-6-combi-wagon-25-skyactiv-g-at-143kw-2022-aj-na-splatky-protiucet_39_small.webp"},{"id":116232,"max":"https:\/\/cdn.assetlog.ai\/assets\/154767\/mazda-6-combi-wagon-25-skyactiv-g-at-143kw-2022-aj-na-splatky-protiucet_40_max.webp","medium":"https:\/\/cdn.assetlog.ai\/assets\/154767\/mazda-6-combi-wagon-25-skyactiv-g-at-143kw-2022-aj-na-splatky-protiucet_40_medium.webp","small":"https:\/\/cdn.assetlog.ai\/assets\/154767\/mazda-6-combi-wagon-25-skyactiv-g-at-143kw-2022-aj-na-splatky-protiucet_40_small.webp"}],"published_at":null,"expires_at":null,"created_at":"2026-08-15T03:41:52+00:00","updated_at":"2026-09-01T03:41:07+00:00"}}