{"data":{"id":157610,"slug":"mercedes-benz-a-trieda-a180-amg-line-2023-100kw-mhev-at7-aj-na-splatky-protiucet","type":"vehicle","title":"Mercedes-Benz A-Class A180 AMG line 2023 100kW MHEV AT\/7 \/ ON INSTALLMENTS \/ TRADE-IN ACCEPTED","description":"Commission sale - you are buying the vehicle directly from the owner.\n\nI am selling a Mercedes-Benz A180 with a mild-hybrid engine with a power output of 100 kW, year of manufacture 2023, with the option of VAT deduction. The vehicle was purchased as new in Bratislava from a Mercedes dealer, it is sold by the first owner and has an extended warranty valid until 2028. The vehicle comes with a service booklet and complete service history, with the car being serviced exclusively at an authorized service center. The bodywork is in original unpainted condition without any damage. The vehicle was used for daily commuting to work and regular use. It is in perfect, nearly new condition without the need for any investments and the sale also includes seasonal tire replacement.\n\nWe offer favorable financing with monthly installments, so you can enjoy your new car right away without waiting with 0% down payment and installments up to 96 months.\n\nIf you already own a car, you don't have to deal with selling it - in return, we will take it directly from you. Just come to us with it, we will appraise it and deduct the costs from the value of your new car. This way you will save time, hassle and money and the entire process will be quick and easy - you will drive away in your new car without unnecessary paperwork.\n\nTHE VEHICLE IS LOCATED IN Malacky.\nFor more information, please call us at 0950 261 833. License plate: AA657AU. Technical inspection valid until: 2027-05-25. Emissions test valid until: 2027-05-25.\n\nTechnical specifications\n\nYear: 05\/23, 1332cc, 100kW (136 HP), Drive: Front-wheel drive, Automatic transmission (7-speed), Hybrid (electric + petrol), EURO 6, 5-door, (-seater), 31,431 km, Black, VIN W1K3F8EB3PN315222\n\nVehicle consumption (l\/100km)\n\nUrban: , extra-urban: , combined: 6\n\nFirst owner, Service booklet, Leasing available, Purchased as new in Slovakia, VAT deduction available, Loan available, Under warranty, Complete service history","language":"cs","is_translated":true,"title_original":"Mercedes-Benz A trieda A180 AMG line 2023 100kW MHEV AT\/7 \/ AJ NA SPL\u00c1TKY \/ PROTI\u00da\u010cET","description_original":"Komisn\u00ed prodej - vozidlo kupujete p\u0159\u00edmo od majitele.\n\nProd\u00e1v\u00e1m Mercedes-Benz A180 s mild-hybridn\u00edm motorem o v\u00fdkonu 100 kW, rok v\u00fdroby 2023, s mo\u017enost\u00ed odpo\u010dtu DPH. Vozidlo bylo zakoupeno jako nov\u00e9 v Bratislav\u011b u dealera Mercedes, prod\u00e1v\u00e1 ho prvn\u00ed majitel a m\u00e1 prodlou\u017eenou z\u00e1ruku p\u0159\u00edmo do roku 2028. Sou\u010d\u00e1st\u00ed vozu je servisn\u00ed kn\u00ed\u017eka a kompletn\u00ed servisn\u00ed historie, p\u0159i\u010dem\u017e v\u016fz byl servisov\u00e1n v\u00fdhradn\u011b v autorizovan\u00e9m servisu. Karoserie je v p\u016fvodn\u00edm nelakovan\u00e9m stavu bez jak\u00fdchkoli po\u0161kozen\u00ed. Vozidlo slou\u017eilo k ka\u017edodenn\u00edm doj\u00ed\u017ed\u011bn\u00edm do pr\u00e1ce a b\u011b\u017en\u00e9mu pou\u017e\u00edv\u00e1n\u00ed. Je v perfektn\u00edm, t\u00e9m\u011b\u0159 nov\u00e9m stavu bez nutnosti jak\u00fdchkoli investic a sou\u010d\u00e1st\u00ed prodeje je i sez\u00f3nn\u00ed v\u00fdm\u011bna pneumatik.\n\nNab\u00edz\u00edme v\u00fdhodn\u00e9 financov\u00e1n\u00ed na m\u011bs\u00ed\u010dn\u00ed spl\u00e1tky, tak\u017ee si sv\u016fj nov\u00fd v\u016fz m\u016f\u017eete u\u017e\u00edvat hned a bez \u010dek\u00e1n\u00ed s akontac\u00ed 0 % a spl\u00e1tkami a\u017e na 96 m\u011bs\u00edc\u016f.\n\nPokud ji\u017e v\u016fz vlastn\u00edte, nemus\u00edte se zab\u00fdvat jeho prodejem - na opl\u00e1tku si ho od v\u00e1s p\u0159\u00edmo vezmeme. Sta\u010d\u00ed, kdy\u017e k n\u00e1m s n\u00edm p\u0159ijdete, my ho ocen\u00edme a n\u00e1klady ode\u010dteme od hodnoty va\u0161eho nov\u00e9ho vozu. U\u0161et\u0159\u00edte tak \u010das, starosti i pen\u00edze a cel\u00fd proces bude rychl\u00fd a snadn\u00fd - odjedete rovnou ve sv\u00e9m nov\u00e9m voze bez zbyte\u010dn\u00e9ho pap\u00edrov\u00e1n\u00ed.\n\nVOZIDLO SE NACH\u00c1Z\u00cd V Malacky.\nViac inform\u00e1ci\u00ed V\u00e1m poskytneme na telefonn\u00edm \u010d\u00edsle 0950 261 833. E\u010cV: AA657AU. EK platn\u00e1 do: 2027-05-25. STK platn\u00e1 do: 2027-05-25.\n\nTechnick\u00e9 \u00fadaje\n\nv.v.: 05\/23, 1332cm\u00b3, 100kW (136PS), Pohon: Pohon p\u0159edn\u00edch kol, Automatick\u00e1 p\u0159evodovka (7 st.), Hybrid (elektro + benz\u00edn), EURO 6, 5 dv., (-m\u00edstn\u00fd), 31 431km, \u010cern\u00e1, VIN W1K3F8EB3PN315222\n\nSpot\u0159eba vozidla (l\/100km)\n\nVe m\u011bst\u011b: , mimo m\u011bsto: , kombinovan\u00e1: 6\n\nPrvn\u00ed majitel, Servisn\u00ed kn\u00ed\u017eka, Mo\u017en\u00fd leasing, Jako nov\u00e9 koupen\u00e9 v SR, Mo\u017en\u00fd odpo\u010det DPH, Mo\u017en\u00fd \u00fav\u011br, V z\u00e1ruce, \u00dapln\u00e1 servisn\u00ed historie","price":"653670.00","currency":"CZK","status":"active","noindex":true,"location":{"address":null,"full_address":null,"city":"Malacky","country":"SK","latitude":48.4362992,"longitude":17.0200447},"metadata":{"vin":"W1K3F8EB3PN315222","fuel":"petrol","year":2023,"brand":"Mercedes-Benz","color":"Black","doors":5,"drive":"Front-wheel drive","model":"A trieda","seats":0,"region":"Bratislavsk\u00fd kraj","mileage":31431,"emisions":"Euro 6","features":["Alarm","8x airbag","EBD\/EBV","Posilova\u010d \u0159\u00edzen\u00ed","ABS","ESP","Protiprokluzov\u00fd syst\u00e9m kol (TC, ASR)","ADS","Brzdov\u00fd asistent (EBA, BAS)","ISOFIX na zadn\u00edch sedadlech","Deaktivace airbagu spolujezdce","Nat\u00e1\u010dec\u00ed sv\u011btlomety","Senzor tlaku","Syst\u00e9m rozpozn\u00e1v\u00e1n\u00ed dopravn\u00edch zna\u010dek","Sledov\u00e1n\u00ed \u00fanavy \u0159idi\u010de","Asistent d\u00e1lkov\u00fdch sv\u011btel (HBA)","CD p\u0159ehr\u00e1va\u010d","Centr\u00e1ln\u00ed zamyk\u00e1n\u00ed","Zadn\u00ed el. stahovateln\u00e1 okna","El. nastaviteln\u00e1 p\u0159edn\u00ed sedadla","Elektricky nastaviteln\u00e1 zp\u011btn\u00e1 zrc\u00e1tka","Centr\u00e1ln\u00ed zamyk\u00e1n\u00ed na d\u00e1lkov\u00e9 ovl\u00e1d\u00e1n\u00ed","Autor\u00e1dio","Vyh\u0159\u00edvan\u00e9 \u010deln\u00ed sklo","Multifunk\u010dn\u00ed volant","Loketn\u00ed op\u011brka vp\u0159edu","Start\/Stop syst\u00e9m","Automatick\u00e1 3-z\u00f3nov\u00e1 klimatizace","Apple Car Play","Android Auto","Welcome light","Digit\u00e1ln\u00ed p\u0159\u00edstrojov\u00e1 deska","Bezdr\u00e1tov\u00e1 nab\u00edje\u010dka mobiln\u00edch telefon\u016f","Lit\u00e1 kola","Mlhovky","Imobiliz\u00e9r","Palubn\u00ed po\u010d\u00edta\u010d","Navigace","Automatick\u00e9 parkov\u00e1n\u00ed","Tempomat","Ko\u017een\u00fd interi\u00e9r","Vyh\u0159\u00edvan\u00e1 sedadla","Elektricky vyh\u0159\u00edvan\u00e1 zp\u011btn\u00e1 zrc\u00e1tka","Senzor st\u011bra\u010d\u016f","Sv\u011bteln\u00fd senzor","Zimn\u00ed sada kol","Parkovac\u00ed kamera","P\u0159edn\u00ed a zadn\u00ed parkovac\u00ed senzory","Adaptivn\u00ed tempomat","No\u010dn\u00ed vid\u011bn\u00ed","Bezkl\u00ed\u010dov\u00fd vstup","Bluetooth","Denn\u00ed sv\u00edcen\u00ed","LED sv\u011btlomety","Ambientn\u00ed LED osv\u011btlen\u00ed interi\u00e9ru","Prv\u00fd majite\u013e","Serv. kni\u017eka","Mo\u017en\u00fd leasing","Ako nov\u00e9 k\u00fapen\u00e9 v SR","Mo\u017en\u00fd odpo\u010det DPH","Mo\u017en\u00fd \u00faver","v z\u00e1ruke","\u00dapln\u00e1 servisn\u00e1 hist\u00f3ria","Ko\u017een\u00fd paket","Odo-pass","Asistent udr\u017eov\u00e1n\u00ed j\u00edzdn\u00edho pruhu","Asistent rozjezdu do kopce","Kontrola mrtv\u00e9ho \u00fahlu","ACC","MSR","LCD panel","Sportovn\u00ed sedadla","Drive Select (j\u00edzdy re\u017eimy)","elektricky sklopn\u00e1 zp\u011btn\u00e1 zrc\u00e1tka","ovl\u00e1d\u00e1n\u00ed gesty","rozpozn\u00e1v\u00e1n\u00ed chodc\u016f"],"power_kw":100,"body_type":"Hatchback","condition":"Used","transmission":"automatic","vat_deductible":true,"consumption_city":null,"translation_hash":"9faf85d6367030a8ceedf58bae2b040a54e9e3aa","vehicle_category":"car","engine_volume_cm3":1332,"first_registration":"2023-05-01","translation_status":"done","consumption_highway":null,"consumption_combined":6},"user_id":41,"is_sponsored":false,"views_count":12,"ai_views_count":8,"ai_vendor_counts":{"meta":5,"openai":2,"anthropic":1},"visibility":"public","submission_source":null,"submission_ai_name":null,"has_owner_email":true,"can_contact_owner":true,"phone":"0950 261 833","owner_email":"hromada@autorro.sk","user":{"id":41,"slug":"matej-hromada-41","name":"Matej Hromada","bio":"Makl\u00e9r. P\u016fsob\u00edm v Malack\u00e1ch a okol\u00ed.\n\nP\u016fsobnost: Malacky","nationality":"SK","languages":["cs","sk"],"service_areas":[],"card_style":null,"card_palette":null,"avatar_url":"https:\/\/cdn.assetlog.ai\/avatars\/41\/avatar_max.webp?v=1786535213","avatar_thumb_url":"https:\/\/cdn.assetlog.ai\/avatars\/41\/avatar_small.webp?v=1786535213","reviews_count":0,"avg_rating":null,"seller_badge":"silver","can_calendar":true},"images":[{"id":132486,"max":"https:\/\/cdn.assetlog.ai\/assets\/157610\/mercedes-benz-a-trieda-a180-amg-line-2023-100kw-mhev-at7-aj-na-splatky-protiucet_1_max.webp","medium":"https:\/\/cdn.assetlog.ai\/assets\/157610\/mercedes-benz-a-trieda-a180-amg-line-2023-100kw-mhev-at7-aj-na-splatky-protiucet_1_medium.webp","small":"https:\/\/cdn.assetlog.ai\/assets\/157610\/mercedes-benz-a-trieda-a180-amg-line-2023-100kw-mhev-at7-aj-na-splatky-protiucet_1_small.webp"},{"id":132487,"max":"https:\/\/cdn.assetlog.ai\/assets\/157610\/mercedes-benz-a-trieda-a180-amg-line-2023-100kw-mhev-at7-aj-na-splatky-protiucet_2_max.webp","medium":"https:\/\/cdn.assetlog.ai\/assets\/157610\/mercedes-benz-a-trieda-a180-amg-line-2023-100kw-mhev-at7-aj-na-splatky-protiucet_2_medium.webp","small":"https:\/\/cdn.assetlog.ai\/assets\/157610\/mercedes-benz-a-trieda-a180-amg-line-2023-100kw-mhev-at7-aj-na-splatky-protiucet_2_small.webp"},{"id":132488,"max":"https:\/\/cdn.assetlog.ai\/assets\/157610\/mercedes-benz-a-trieda-a180-amg-line-2023-100kw-mhev-at7-aj-na-splatky-protiucet_3_max.webp","medium":"https:\/\/cdn.assetlog.ai\/assets\/157610\/mercedes-benz-a-trieda-a180-amg-line-2023-100kw-mhev-at7-aj-na-splatky-protiucet_3_medium.webp","small":"https:\/\/cdn.assetlog.ai\/assets\/157610\/mercedes-benz-a-trieda-a180-amg-line-2023-100kw-mhev-at7-aj-na-splatky-protiucet_3_small.webp"},{"id":132489,"max":"https:\/\/cdn.assetlog.ai\/assets\/157610\/mercedes-benz-a-trieda-a180-amg-line-2023-100kw-mhev-at7-aj-na-splatky-protiucet_4_max.webp","medium":"https:\/\/cdn.assetlog.ai\/assets\/157610\/mercedes-benz-a-trieda-a180-amg-line-2023-100kw-mhev-at7-aj-na-splatky-protiucet_4_medium.webp","small":"https:\/\/cdn.assetlog.ai\/assets\/157610\/mercedes-benz-a-trieda-a180-amg-line-2023-100kw-mhev-at7-aj-na-splatky-protiucet_4_small.webp"},{"id":132490,"max":"https:\/\/cdn.assetlog.ai\/assets\/157610\/mercedes-benz-a-trieda-a180-amg-line-2023-100kw-mhev-at7-aj-na-splatky-protiucet_5_max.webp","medium":"https:\/\/cdn.assetlog.ai\/assets\/157610\/mercedes-benz-a-trieda-a180-amg-line-2023-100kw-mhev-at7-aj-na-splatky-protiucet_5_medium.webp","small":"https:\/\/cdn.assetlog.ai\/assets\/157610\/mercedes-benz-a-trieda-a180-amg-line-2023-100kw-mhev-at7-aj-na-splatky-protiucet_5_small.webp"},{"id":132491,"max":"https:\/\/cdn.assetlog.ai\/assets\/157610\/mercedes-benz-a-trieda-a180-amg-line-2023-100kw-mhev-at7-aj-na-splatky-protiucet_6_max.webp","medium":"https:\/\/cdn.assetlog.ai\/assets\/157610\/mercedes-benz-a-trieda-a180-amg-line-2023-100kw-mhev-at7-aj-na-splatky-protiucet_6_medium.webp","small":"https:\/\/cdn.assetlog.ai\/assets\/157610\/mercedes-benz-a-trieda-a180-amg-line-2023-100kw-mhev-at7-aj-na-splatky-protiucet_6_small.webp"},{"id":132492,"max":"https:\/\/cdn.assetlog.ai\/assets\/157610\/mercedes-benz-a-trieda-a180-amg-line-2023-100kw-mhev-at7-aj-na-splatky-protiucet_7_max.webp","medium":"https:\/\/cdn.assetlog.ai\/assets\/157610\/mercedes-benz-a-trieda-a180-amg-line-2023-100kw-mhev-at7-aj-na-splatky-protiucet_7_medium.webp","small":"https:\/\/cdn.assetlog.ai\/assets\/157610\/mercedes-benz-a-trieda-a180-amg-line-2023-100kw-mhev-at7-aj-na-splatky-protiucet_7_small.webp"},{"id":132493,"max":"https:\/\/cdn.assetlog.ai\/assets\/157610\/mercedes-benz-a-trieda-a180-amg-line-2023-100kw-mhev-at7-aj-na-splatky-protiucet_8_max.webp","medium":"https:\/\/cdn.assetlog.ai\/assets\/157610\/mercedes-benz-a-trieda-a180-amg-line-2023-100kw-mhev-at7-aj-na-splatky-protiucet_8_medium.webp","small":"https:\/\/cdn.assetlog.ai\/assets\/157610\/mercedes-benz-a-trieda-a180-amg-line-2023-100kw-mhev-at7-aj-na-splatky-protiucet_8_small.webp"},{"id":132494,"max":"https:\/\/cdn.assetlog.ai\/assets\/157610\/mercedes-benz-a-trieda-a180-amg-line-2023-100kw-mhev-at7-aj-na-splatky-protiucet_9_max.webp","medium":"https:\/\/cdn.assetlog.ai\/assets\/157610\/mercedes-benz-a-trieda-a180-amg-line-2023-100kw-mhev-at7-aj-na-splatky-protiucet_9_medium.webp","small":"https:\/\/cdn.assetlog.ai\/assets\/157610\/mercedes-benz-a-trieda-a180-amg-line-2023-100kw-mhev-at7-aj-na-splatky-protiucet_9_small.webp"},{"id":132495,"max":"https:\/\/cdn.assetlog.ai\/assets\/157610\/mercedes-benz-a-trieda-a180-amg-line-2023-100kw-mhev-at7-aj-na-splatky-protiucet_10_max.webp","medium":"https:\/\/cdn.assetlog.ai\/assets\/157610\/mercedes-benz-a-trieda-a180-amg-line-2023-100kw-mhev-at7-aj-na-splatky-protiucet_10_medium.webp","small":"https:\/\/cdn.assetlog.ai\/assets\/157610\/mercedes-benz-a-trieda-a180-amg-line-2023-100kw-mhev-at7-aj-na-splatky-protiucet_10_small.webp"},{"id":132496,"max":"https:\/\/cdn.assetlog.ai\/assets\/157610\/mercedes-benz-a-trieda-a180-amg-line-2023-100kw-mhev-at7-aj-na-splatky-protiucet_11_max.webp","medium":"https:\/\/cdn.assetlog.ai\/assets\/157610\/mercedes-benz-a-trieda-a180-amg-line-2023-100kw-mhev-at7-aj-na-splatky-protiucet_11_medium.webp","small":"https:\/\/cdn.assetlog.ai\/assets\/157610\/mercedes-benz-a-trieda-a180-amg-line-2023-100kw-mhev-at7-aj-na-splatky-protiucet_11_small.webp"},{"id":132497,"max":"https:\/\/cdn.assetlog.ai\/assets\/157610\/mercedes-benz-a-trieda-a180-amg-line-2023-100kw-mhev-at7-aj-na-splatky-protiucet_12_max.webp","medium":"https:\/\/cdn.assetlog.ai\/assets\/157610\/mercedes-benz-a-trieda-a180-amg-line-2023-100kw-mhev-at7-aj-na-splatky-protiucet_12_medium.webp","small":"https:\/\/cdn.assetlog.ai\/assets\/157610\/mercedes-benz-a-trieda-a180-amg-line-2023-100kw-mhev-at7-aj-na-splatky-protiucet_12_small.webp"},{"id":132498,"max":"https:\/\/cdn.assetlog.ai\/assets\/157610\/mercedes-benz-a-trieda-a180-amg-line-2023-100kw-mhev-at7-aj-na-splatky-protiucet_13_max.webp","medium":"https:\/\/cdn.assetlog.ai\/assets\/157610\/mercedes-benz-a-trieda-a180-amg-line-2023-100kw-mhev-at7-aj-na-splatky-protiucet_13_medium.webp","small":"https:\/\/cdn.assetlog.ai\/assets\/157610\/mercedes-benz-a-trieda-a180-amg-line-2023-100kw-mhev-at7-aj-na-splatky-protiucet_13_small.webp"},{"id":132499,"max":"https:\/\/cdn.assetlog.ai\/assets\/157610\/mercedes-benz-a-trieda-a180-amg-line-2023-100kw-mhev-at7-aj-na-splatky-protiucet_14_max.webp","medium":"https:\/\/cdn.assetlog.ai\/assets\/157610\/mercedes-benz-a-trieda-a180-amg-line-2023-100kw-mhev-at7-aj-na-splatky-protiucet_14_medium.webp","small":"https:\/\/cdn.assetlog.ai\/assets\/157610\/mercedes-benz-a-trieda-a180-amg-line-2023-100kw-mhev-at7-aj-na-splatky-protiucet_14_small.webp"},{"id":132500,"max":"https:\/\/cdn.assetlog.ai\/assets\/157610\/mercedes-benz-a-trieda-a180-amg-line-2023-100kw-mhev-at7-aj-na-splatky-protiucet_15_max.webp","medium":"https:\/\/cdn.assetlog.ai\/assets\/157610\/mercedes-benz-a-trieda-a180-amg-line-2023-100kw-mhev-at7-aj-na-splatky-protiucet_15_medium.webp","small":"https:\/\/cdn.assetlog.ai\/assets\/157610\/mercedes-benz-a-trieda-a180-amg-line-2023-100kw-mhev-at7-aj-na-splatky-protiucet_15_small.webp"},{"id":132501,"max":"https:\/\/cdn.assetlog.ai\/assets\/157610\/mercedes-benz-a-trieda-a180-amg-line-2023-100kw-mhev-at7-aj-na-splatky-protiucet_16_max.webp","medium":"https:\/\/cdn.assetlog.ai\/assets\/157610\/mercedes-benz-a-trieda-a180-amg-line-2023-100kw-mhev-at7-aj-na-splatky-protiucet_16_medium.webp","small":"https:\/\/cdn.assetlog.ai\/assets\/157610\/mercedes-benz-a-trieda-a180-amg-line-2023-100kw-mhev-at7-aj-na-splatky-protiucet_16_small.webp"},{"id":132502,"max":"https:\/\/cdn.assetlog.ai\/assets\/157610\/mercedes-benz-a-trieda-a180-amg-line-2023-100kw-mhev-at7-aj-na-splatky-protiucet_17_max.webp","medium":"https:\/\/cdn.assetlog.ai\/assets\/157610\/mercedes-benz-a-trieda-a180-amg-line-2023-100kw-mhev-at7-aj-na-splatky-protiucet_17_medium.webp","small":"https:\/\/cdn.assetlog.ai\/assets\/157610\/mercedes-benz-a-trieda-a180-amg-line-2023-100kw-mhev-at7-aj-na-splatky-protiucet_17_small.webp"},{"id":132503,"max":"https:\/\/cdn.assetlog.ai\/assets\/157610\/mercedes-benz-a-trieda-a180-amg-line-2023-100kw-mhev-at7-aj-na-splatky-protiucet_18_max.webp","medium":"https:\/\/cdn.assetlog.ai\/assets\/157610\/mercedes-benz-a-trieda-a180-amg-line-2023-100kw-mhev-at7-aj-na-splatky-protiucet_18_medium.webp","small":"https:\/\/cdn.assetlog.ai\/assets\/157610\/mercedes-benz-a-trieda-a180-amg-line-2023-100kw-mhev-at7-aj-na-splatky-protiucet_18_small.webp"},{"id":132504,"max":"https:\/\/cdn.assetlog.ai\/assets\/157610\/mercedes-benz-a-trieda-a180-amg-line-2023-100kw-mhev-at7-aj-na-splatky-protiucet_19_max.webp","medium":"https:\/\/cdn.assetlog.ai\/assets\/157610\/mercedes-benz-a-trieda-a180-amg-line-2023-100kw-mhev-at7-aj-na-splatky-protiucet_19_medium.webp","small":"https:\/\/cdn.assetlog.ai\/assets\/157610\/mercedes-benz-a-trieda-a180-amg-line-2023-100kw-mhev-at7-aj-na-splatky-protiucet_19_small.webp"},{"id":132505,"max":"https:\/\/cdn.assetlog.ai\/assets\/157610\/mercedes-benz-a-trieda-a180-amg-line-2023-100kw-mhev-at7-aj-na-splatky-protiucet_20_max.webp","medium":"https:\/\/cdn.assetlog.ai\/assets\/157610\/mercedes-benz-a-trieda-a180-amg-line-2023-100kw-mhev-at7-aj-na-splatky-protiucet_20_medium.webp","small":"https:\/\/cdn.assetlog.ai\/assets\/157610\/mercedes-benz-a-trieda-a180-amg-line-2023-100kw-mhev-at7-aj-na-splatky-protiucet_20_small.webp"},{"id":132506,"max":"https:\/\/cdn.assetlog.ai\/assets\/157610\/mercedes-benz-a-trieda-a180-amg-line-2023-100kw-mhev-at7-aj-na-splatky-protiucet_21_max.webp","medium":"https:\/\/cdn.assetlog.ai\/assets\/157610\/mercedes-benz-a-trieda-a180-amg-line-2023-100kw-mhev-at7-aj-na-splatky-protiucet_21_medium.webp","small":"https:\/\/cdn.assetlog.ai\/assets\/157610\/mercedes-benz-a-trieda-a180-amg-line-2023-100kw-mhev-at7-aj-na-splatky-protiucet_21_small.webp"},{"id":132507,"max":"https:\/\/cdn.assetlog.ai\/assets\/157610\/mercedes-benz-a-trieda-a180-amg-line-2023-100kw-mhev-at7-aj-na-splatky-protiucet_22_max.webp","medium":"https:\/\/cdn.assetlog.ai\/assets\/157610\/mercedes-benz-a-trieda-a180-amg-line-2023-100kw-mhev-at7-aj-na-splatky-protiucet_22_medium.webp","small":"https:\/\/cdn.assetlog.ai\/assets\/157610\/mercedes-benz-a-trieda-a180-amg-line-2023-100kw-mhev-at7-aj-na-splatky-protiucet_22_small.webp"},{"id":132508,"max":"https:\/\/cdn.assetlog.ai\/assets\/157610\/mercedes-benz-a-trieda-a180-amg-line-2023-100kw-mhev-at7-aj-na-splatky-protiucet_23_max.webp","medium":"https:\/\/cdn.assetlog.ai\/assets\/157610\/mercedes-benz-a-trieda-a180-amg-line-2023-100kw-mhev-at7-aj-na-splatky-protiucet_23_medium.webp","small":"https:\/\/cdn.assetlog.ai\/assets\/157610\/mercedes-benz-a-trieda-a180-amg-line-2023-100kw-mhev-at7-aj-na-splatky-protiucet_23_small.webp"},{"id":132509,"max":"https:\/\/cdn.assetlog.ai\/assets\/157610\/mercedes-benz-a-trieda-a180-amg-line-2023-100kw-mhev-at7-aj-na-splatky-protiucet_24_max.webp","medium":"https:\/\/cdn.assetlog.ai\/assets\/157610\/mercedes-benz-a-trieda-a180-amg-line-2023-100kw-mhev-at7-aj-na-splatky-protiucet_24_medium.webp","small":"https:\/\/cdn.assetlog.ai\/assets\/157610\/mercedes-benz-a-trieda-a180-amg-line-2023-100kw-mhev-at7-aj-na-splatky-protiucet_24_small.webp"},{"id":132510,"max":"https:\/\/cdn.assetlog.ai\/assets\/157610\/mercedes-benz-a-trieda-a180-amg-line-2023-100kw-mhev-at7-aj-na-splatky-protiucet_25_max.webp","medium":"https:\/\/cdn.assetlog.ai\/assets\/157610\/mercedes-benz-a-trieda-a180-amg-line-2023-100kw-mhev-at7-aj-na-splatky-protiucet_25_medium.webp","small":"https:\/\/cdn.assetlog.ai\/assets\/157610\/mercedes-benz-a-trieda-a180-amg-line-2023-100kw-mhev-at7-aj-na-splatky-protiucet_25_small.webp"},{"id":132511,"max":"https:\/\/cdn.assetlog.ai\/assets\/157610\/mercedes-benz-a-trieda-a180-amg-line-2023-100kw-mhev-at7-aj-na-splatky-protiucet_26_max.webp","medium":"https:\/\/cdn.assetlog.ai\/assets\/157610\/mercedes-benz-a-trieda-a180-amg-line-2023-100kw-mhev-at7-aj-na-splatky-protiucet_26_medium.webp","small":"https:\/\/cdn.assetlog.ai\/assets\/157610\/mercedes-benz-a-trieda-a180-amg-line-2023-100kw-mhev-at7-aj-na-splatky-protiucet_26_small.webp"},{"id":132512,"max":"https:\/\/cdn.assetlog.ai\/assets\/157610\/mercedes-benz-a-trieda-a180-amg-line-2023-100kw-mhev-at7-aj-na-splatky-protiucet_27_max.webp","medium":"https:\/\/cdn.assetlog.ai\/assets\/157610\/mercedes-benz-a-trieda-a180-amg-line-2023-100kw-mhev-at7-aj-na-splatky-protiucet_27_medium.webp","small":"https:\/\/cdn.assetlog.ai\/assets\/157610\/mercedes-benz-a-trieda-a180-amg-line-2023-100kw-mhev-at7-aj-na-splatky-protiucet_27_small.webp"},{"id":132513,"max":"https:\/\/cdn.assetlog.ai\/assets\/157610\/mercedes-benz-a-trieda-a180-amg-line-2023-100kw-mhev-at7-aj-na-splatky-protiucet_28_max.webp","medium":"https:\/\/cdn.assetlog.ai\/assets\/157610\/mercedes-benz-a-trieda-a180-amg-line-2023-100kw-mhev-at7-aj-na-splatky-protiucet_28_medium.webp","small":"https:\/\/cdn.assetlog.ai\/assets\/157610\/mercedes-benz-a-trieda-a180-amg-line-2023-100kw-mhev-at7-aj-na-splatky-protiucet_28_small.webp"},{"id":132514,"max":"https:\/\/cdn.assetlog.ai\/assets\/157610\/mercedes-benz-a-trieda-a180-amg-line-2023-100kw-mhev-at7-aj-na-splatky-protiucet_29_max.webp","medium":"https:\/\/cdn.assetlog.ai\/assets\/157610\/mercedes-benz-a-trieda-a180-amg-line-2023-100kw-mhev-at7-aj-na-splatky-protiucet_29_medium.webp","small":"https:\/\/cdn.assetlog.ai\/assets\/157610\/mercedes-benz-a-trieda-a180-amg-line-2023-100kw-mhev-at7-aj-na-splatky-protiucet_29_small.webp"},{"id":132515,"max":"https:\/\/cdn.assetlog.ai\/assets\/157610\/mercedes-benz-a-trieda-a180-amg-line-2023-100kw-mhev-at7-aj-na-splatky-protiucet_30_max.webp","medium":"https:\/\/cdn.assetlog.ai\/assets\/157610\/mercedes-benz-a-trieda-a180-amg-line-2023-100kw-mhev-at7-aj-na-splatky-protiucet_30_medium.webp","small":"https:\/\/cdn.assetlog.ai\/assets\/157610\/mercedes-benz-a-trieda-a180-amg-line-2023-100kw-mhev-at7-aj-na-splatky-protiucet_30_small.webp"},{"id":132516,"max":"https:\/\/cdn.assetlog.ai\/assets\/157610\/mercedes-benz-a-trieda-a180-amg-line-2023-100kw-mhev-at7-aj-na-splatky-protiucet_31_max.webp","medium":"https:\/\/cdn.assetlog.ai\/assets\/157610\/mercedes-benz-a-trieda-a180-amg-line-2023-100kw-mhev-at7-aj-na-splatky-protiucet_31_medium.webp","small":"https:\/\/cdn.assetlog.ai\/assets\/157610\/mercedes-benz-a-trieda-a180-amg-line-2023-100kw-mhev-at7-aj-na-splatky-protiucet_31_small.webp"},{"id":132517,"max":"https:\/\/cdn.assetlog.ai\/assets\/157610\/mercedes-benz-a-trieda-a180-amg-line-2023-100kw-mhev-at7-aj-na-splatky-protiucet_32_max.webp","medium":"https:\/\/cdn.assetlog.ai\/assets\/157610\/mercedes-benz-a-trieda-a180-amg-line-2023-100kw-mhev-at7-aj-na-splatky-protiucet_32_medium.webp","small":"https:\/\/cdn.assetlog.ai\/assets\/157610\/mercedes-benz-a-trieda-a180-amg-line-2023-100kw-mhev-at7-aj-na-splatky-protiucet_32_small.webp"},{"id":132518,"max":"https:\/\/cdn.assetlog.ai\/assets\/157610\/mercedes-benz-a-trieda-a180-amg-line-2023-100kw-mhev-at7-aj-na-splatky-protiucet_33_max.webp","medium":"https:\/\/cdn.assetlog.ai\/assets\/157610\/mercedes-benz-a-trieda-a180-amg-line-2023-100kw-mhev-at7-aj-na-splatky-protiucet_33_medium.webp","small":"https:\/\/cdn.assetlog.ai\/assets\/157610\/mercedes-benz-a-trieda-a180-amg-line-2023-100kw-mhev-at7-aj-na-splatky-protiucet_33_small.webp"},{"id":132519,"max":"https:\/\/cdn.assetlog.ai\/assets\/157610\/mercedes-benz-a-trieda-a180-amg-line-2023-100kw-mhev-at7-aj-na-splatky-protiucet_34_max.webp","medium":"https:\/\/cdn.assetlog.ai\/assets\/157610\/mercedes-benz-a-trieda-a180-amg-line-2023-100kw-mhev-at7-aj-na-splatky-protiucet_34_medium.webp","small":"https:\/\/cdn.assetlog.ai\/assets\/157610\/mercedes-benz-a-trieda-a180-amg-line-2023-100kw-mhev-at7-aj-na-splatky-protiucet_34_small.webp"},{"id":132520,"max":"https:\/\/cdn.assetlog.ai\/assets\/157610\/mercedes-benz-a-trieda-a180-amg-line-2023-100kw-mhev-at7-aj-na-splatky-protiucet_35_max.webp","medium":"https:\/\/cdn.assetlog.ai\/assets\/157610\/mercedes-benz-a-trieda-a180-amg-line-2023-100kw-mhev-at7-aj-na-splatky-protiucet_35_medium.webp","small":"https:\/\/cdn.assetlog.ai\/assets\/157610\/mercedes-benz-a-trieda-a180-amg-line-2023-100kw-mhev-at7-aj-na-splatky-protiucet_35_small.webp"},{"id":132521,"max":"https:\/\/cdn.assetlog.ai\/assets\/157610\/mercedes-benz-a-trieda-a180-amg-line-2023-100kw-mhev-at7-aj-na-splatky-protiucet_36_max.webp","medium":"https:\/\/cdn.assetlog.ai\/assets\/157610\/mercedes-benz-a-trieda-a180-amg-line-2023-100kw-mhev-at7-aj-na-splatky-protiucet_36_medium.webp","small":"https:\/\/cdn.assetlog.ai\/assets\/157610\/mercedes-benz-a-trieda-a180-amg-line-2023-100kw-mhev-at7-aj-na-splatky-protiucet_36_small.webp"},{"id":132522,"max":"https:\/\/cdn.assetlog.ai\/assets\/157610\/mercedes-benz-a-trieda-a180-amg-line-2023-100kw-mhev-at7-aj-na-splatky-protiucet_37_max.webp","medium":"https:\/\/cdn.assetlog.ai\/assets\/157610\/mercedes-benz-a-trieda-a180-amg-line-2023-100kw-mhev-at7-aj-na-splatky-protiucet_37_medium.webp","small":"https:\/\/cdn.assetlog.ai\/assets\/157610\/mercedes-benz-a-trieda-a180-amg-line-2023-100kw-mhev-at7-aj-na-splatky-protiucet_37_small.webp"},{"id":132523,"max":"https:\/\/cdn.assetlog.ai\/assets\/157610\/mercedes-benz-a-trieda-a180-amg-line-2023-100kw-mhev-at7-aj-na-splatky-protiucet_38_max.webp","medium":"https:\/\/cdn.assetlog.ai\/assets\/157610\/mercedes-benz-a-trieda-a180-amg-line-2023-100kw-mhev-at7-aj-na-splatky-protiucet_38_medium.webp","small":"https:\/\/cdn.assetlog.ai\/assets\/157610\/mercedes-benz-a-trieda-a180-amg-line-2023-100kw-mhev-at7-aj-na-splatky-protiucet_38_small.webp"},{"id":132524,"max":"https:\/\/cdn.assetlog.ai\/assets\/157610\/mercedes-benz-a-trieda-a180-amg-line-2023-100kw-mhev-at7-aj-na-splatky-protiucet_39_max.webp","medium":"https:\/\/cdn.assetlog.ai\/assets\/157610\/mercedes-benz-a-trieda-a180-amg-line-2023-100kw-mhev-at7-aj-na-splatky-protiucet_39_medium.webp","small":"https:\/\/cdn.assetlog.ai\/assets\/157610\/mercedes-benz-a-trieda-a180-amg-line-2023-100kw-mhev-at7-aj-na-splatky-protiucet_39_small.webp"},{"id":132525,"max":"https:\/\/cdn.assetlog.ai\/assets\/157610\/mercedes-benz-a-trieda-a180-amg-line-2023-100kw-mhev-at7-aj-na-splatky-protiucet_40_max.webp","medium":"https:\/\/cdn.assetlog.ai\/assets\/157610\/mercedes-benz-a-trieda-a180-amg-line-2023-100kw-mhev-at7-aj-na-splatky-protiucet_40_medium.webp","small":"https:\/\/cdn.assetlog.ai\/assets\/157610\/mercedes-benz-a-trieda-a180-amg-line-2023-100kw-mhev-at7-aj-na-splatky-protiucet_40_small.webp"}],"published_at":null,"expires_at":null,"created_at":"2026-08-18T03:45:48+00:00","updated_at":"2026-09-01T03:41:05+00:00"}}