{"data":{"id":157544,"slug":"mercedes-benz-amg-gt-63-s-e-performance-phev-4matic-at-470kw-a9-aj-na-splatky-protiucet","type":"vehicle","title":"Mercedes-Benz AMG GT 63 S E Performance PHEV 4MATIC+ A\/T, 470kW, A9 \/ AJ ON INSTALLMENTS \/ TRADE-IN","description":"FINANCING \/ SALE FOR COMMISSION \/ WARRANTY\nSale on commission \u2013 you purchase the vehicle directly from the owner.\n\nMercedes-AMG GT 63 S E Performance PHEV 4MATIC+, 470 kW represents the most powerful version of the AMG GT model line. The plug-in hybrid drive combined with AMG Performance technology and intelligent all-wheel drive 4MATIC+ offers exceptional dynamics, power and comfort for everyday use. This is the highest and most powerful version of the model line.\nThe vehicle comes from the first owner, was purchased in Slovakia and is still under warranty \u2013 prepaid 6-year service and warranty included. It has been serviced exclusively at the Mercedes service center in Nitra. It is in like-new condition and features extensive equipment. The front of the vehicle, including door handles, is protected with PPF film.\nThe vehicle is fitted with summer Michelin R21 tires and comes with 2 keys.\n\nWe offer favorable financing options with monthly installments, so you can enjoy your new vehicle immediately, without unnecessary waiting, with a down payment from 0% and installments up to 96 months. On the Autorro website you can fill out a non-binding financing form.\n\nFor your greater convenience and peace of mind, we can provide you with an extended warranty of up to 12-36 months.\n\nIf you already own a vehicle, you don't have to worry about selling it - we will take it directly from you instead. Just come to us with it, we will appraise it and deduct the costs from the value of your new vehicle. You'll save time, hassle and money, and the entire process will be quick and easy - you'll drive away in your new vehicle right away without unnecessary paperwork.\n\nVEHICLE IS LOCATED IN Nitra.\nFor more information, please call 0902 712 917.\n\nValidity of technical inspection until: January 2, 2028. Validity of emission test until: January 2, 2028.\n\nTechnical specifications\n\nYear: 01\/24, 3982 cc, 620kW (843HP), Drive: 4x4, Automatic transmission (9-speed), Plug-in hybrid, EURO 6, 5-door, (4-seater), 22,929 km, Gray metallic, VIN W1K7X7KB0PA057553\n\nFirst owner, Service booklet, Garaged, Never damaged, Leasing possible, Like new purchased in SR, VAT deduction possible, Trade-in possible, Loan possible, Under warranty, TOP condition, Full service history","language":"cs","is_translated":true,"title_original":"Mercedes-Benz AMG GT 63 S E Performance PHEV 4MATIC+ A\/T, 470kW, A9 \/ AJ NA SPL\u00c1TKY \/ PROTI\u00da\u010cET","description_original":"FINANCOV\u00c1N\u00cd \/ PRODEJ NA PRODEJ \/ Z\u00c1RUKA\nProdej na provizi \u2013 vozidlo kupujete p\u0159\u00edmo od majitele.\n\nMercedes-AMG GT 63 S E Performance PHEV 4MATIC+, 470 kW p\u0159edstavuje nejv\u00fdkonn\u011bj\u0161\u00ed verzi modelov\u00e9 \u0159ady AMG GT. Plug-in hybridn\u00ed pohon v kombinaci s technologi\u00ed AMG Performance a inteligentn\u00edm pohonem v\u0161ech kol 4MATIC+ nab\u00edz\u00ed mimo\u0159\u00e1dnou dynamiku, v\u00fdkon a z\u00e1rove\u0148 komfort p\u0159i ka\u017edodenn\u00edm pou\u017e\u00edv\u00e1n\u00ed. Jedn\u00e1 se o nejvy\u0161\u0161\u00ed a nejv\u00fdkonn\u011bj\u0161\u00ed verzi modelov\u00e9 \u0159ady.\nVozidlo poch\u00e1z\u00ed od prvn\u00edho majitele, bylo zakoupeno na Slovensku a je st\u00e1le v z\u00e1ruce \u2013 p\u0159edplacen\u00fd 6let\u00fd servis i z\u00e1ruka. Servisov\u00e1no bylo v\u00fdhradn\u011b v servisu Mercedes v Nit\u0159e. Je ve stavu jako nov\u00e9 a disponuje bohatou v\u00fdbavou. P\u0159edn\u00ed \u010d\u00e1st vozu v\u010detn\u011b klik je chr\u00e1n\u011bna f\u00f3li\u00ed PPF.\nVozidlo je obuto na letn\u00ed pneumatiky Michelin R21 a sou\u010d\u00e1st\u00ed v\u00fdbavy jsou 2 kl\u00ed\u010de.\n\nNab\u00edz\u00edme mo\u017enost v\u00fdhodn\u00e9ho financov\u00e1n\u00ed s m\u011bs\u00ed\u010dn\u00edmi spl\u00e1tkami, tak\u017ee si sv\u00e9 nov\u00e9 vozidlo m\u016f\u017eete u\u017e\u00edt ihned, bez zbyte\u010dn\u00e9ho \u010dek\u00e1n\u00ed, s akontac\u00ed od 0 % a spl\u00e1tkami a\u017e na 96 m\u011bs\u00edc\u016f. Na str\u00e1nk\u00e1ch Autorro m\u016f\u017eete vyplnit nez\u00e1vazn\u00fd formul\u00e1\u0159 pro financov\u00e1n\u00ed.\n\nPro va\u0161e v\u011bt\u0161\u00ed pohodl\u00ed a jistotu v\u00e1m m\u016f\u017eeme poskytnout prodlou\u017eenou z\u00e1ruku a\u017e na 12-36 m\u011bs\u00edc\u016f.\n\nPokud ji\u017e v\u016fz vlastn\u00edte, nemus\u00edte se zab\u00fdvat jeho prodejem - na opl\u00e1tku si ho od v\u00e1s p\u0159\u00edmo vezmeme. Sta\u010d\u00ed, kdy\u017e k n\u00e1m s n\u00edm p\u0159ijdete, my ho ocen\u00edme a n\u00e1klady ode\u010dteme od hodnoty va\u0161eho nov\u00e9ho vozu. U\u0161et\u0159\u00edte tak \u010das, starosti i pen\u00edze a cel\u00fd proces bude rychl\u00fd a snadn\u00fd - odjedete rovnou ve sv\u00e9m nov\u00e9m voze bez zbyte\u010dn\u00e9ho pap\u00edrov\u00e1n\u00ed.\n\nVOZIDLO SE NACH\u00c1Z\u00cd V Nitre.\nViac inform\u00e1ci\u00ed V\u00e1m poskytneme na telefonn\u00edm \u010d\u00edsle 0902 712 917.\n\nPlatnost EK do: 2. 1. 2028. Platnost STK do: 2. 1. 2028.\n\nTechnick\u00e9 \u00fadaje\n\nv.v.: 01\/24, 3982cm\u00b3, 620kW (843PS), Pohon: 4\u00d74, Automatick\u00e1 p\u0159evodovka (9 st.), Plug-in hybrid, EURO 6, 5 dv., (4-m\u00edstn\u00fd), 22 929km, \u0160ed\u00e1 metal\u00edza, VIN W1K7X7KB0PA057553\n\nPrvn\u00ed majitel, Servisn\u00ed kn\u00ed\u017eka, Gar\u00e1\u017eovan\u00e9, Nikdy neb\u00faran\u00e9, Mo\u017en\u00fd leasing, Jako nov\u00e9 koupen\u00e9 v SR, Mo\u017en\u00fd odpo\u010det DPH, Mo\u017en\u00e1 v\u00fdm\u011bna, Mo\u017en\u00fd \u00fav\u011br, V z\u00e1ruce, TOP stav, \u00dapln\u00e1 servisn\u00ed historie","price":"3291200.00","currency":"CZK","status":"active","noindex":true,"location":{"address":null,"full_address":null,"city":"Nitra","country":"SK","latitude":48.31295,"longitude":18.0894593},"metadata":{"vin":"W1K7X7KB0PA057553","fuel":"petrol","year":2024,"brand":"Mercedes-Benz","color":"Grey","doors":5,"drive":"AWD \/ 4x4","model":"AMG GT","seats":4,"region":"Nitriansky kraj","mileage":22929,"emisions":"Euro 6","features":["Alarm","EBD\/EBV","Posilova\u010d \u0159\u00edzen\u00ed","ABS","ESP","Protiprokluzov\u00fd syst\u00e9m kol (TC, ASR)","10x airbag","ADS","Brzdov\u00fd asistent (EBA, BAS)","ISOFIX na zadn\u00edch sedadlech","Deaktivace airbagu spolujezdce","Nat\u00e1\u010dec\u00ed sv\u011btlomety","Senzor tlaku","Syst\u00e9m rozpozn\u00e1v\u00e1n\u00ed dopravn\u00edch zna\u010dek","360\u00b0 monitorovac\u00ed syst\u00e9m (AVM)","Asistent d\u00e1lkov\u00fdch sv\u011btel (HBA)","Centr\u00e1ln\u00ed zamyk\u00e1n\u00ed","Zadn\u00ed el. stahovateln\u00e1 okna","El. nastaviteln\u00e1 p\u0159edn\u00ed sedadla","Elektricky nastaviteln\u00e1 zp\u011btn\u00e1 zrc\u00e1tka","Centr\u00e1ln\u00ed zamyk\u00e1n\u00ed na d\u00e1lkov\u00e9 ovl\u00e1d\u00e1n\u00ed","Automatick\u00e1 4-z\u00f3nov\u00e1 klimatizace","Autor\u00e1dio","Nez\u00e1visl\u00e9 topen\u00ed","Vyh\u0159\u00edvan\u00e9 \u010deln\u00ed sklo","Multifunk\u010dn\u00ed volant","Loketn\u00ed op\u011brka vp\u0159edu","Head-up display","Start\/Stop syst\u00e9m","Vzduchov\u00e9 odpru\u017een\u00ed","Venkovn\u00ed teplom\u011br","Klimatizovan\u00e1 p\u0159ihr\u00e1dka","Apple Car Play","Android Auto","Welcome light","Digit\u00e1ln\u00ed p\u0159\u00edstrojov\u00e1 deska","P\u00e1dla pod volantem","Bezdr\u00e1tov\u00e1 nab\u00edje\u010dka mobiln\u00edch telefon\u016f","Lit\u00e1 kola","Imobiliz\u00e9r","Palubn\u00ed po\u010d\u00edta\u010d","Navigace","Automatick\u00e9 parkov\u00e1n\u00ed","St\u0159e\u0161n\u00ed okno","Ko\u017een\u00fd interi\u00e9r","Vyh\u0159\u00edvan\u00e1 sedadla","F\u00f3lie","Senzor st\u011bra\u010d\u016f","Sv\u011bteln\u00fd senzor","Parkovac\u00ed kamera","P\u0159edn\u00ed a zadn\u00ed parkovac\u00ed senzory","Adaptivn\u00ed tempomat","Elektrick\u00e9 dov\u00edr\u00e1n\u00ed v\u0161ech dve\u0159\u00ed","Bezkl\u00ed\u010dov\u00fd vstup","El. ovl\u00e1dan\u00fd kufr","Elektrick\u00e9 dov\u00edr\u00e1n\u00ed zavazadlov\u00e9ho prostoru","Mas\u00e1\u017en\u00ed sedadlo \u0159idi\u010de","Ventilovan\u00e1 p\u0159edn\u00ed sedadla","Vyh\u0159\u00edvan\u00e1 zadn\u00ed sedadla","Panoramatick\u00e1 st\u0159echa","Bluetooth","Vyh\u0159\u00edvan\u00fd volant","Denn\u00ed sv\u00edcen\u00ed","LED sv\u011btlomety","Bezdotykov\u00e9 ovl\u00e1d\u00e1n\u00ed v\u00edka zavazadlov\u00e9ho prostoru","Pam\u011b\u0165 nastaven\u00ed sedadla \u0159idi\u010de","Ambientn\u00ed LED osv\u011btlen\u00ed interi\u00e9ru","Prv\u00fd majite\u013e","Serv. kni\u017eka","Gar\u00e1\u017eovan\u00e9","Nikdy neb\u00faran\u00e9","Mo\u017en\u00fd leasing","Ako nov\u00e9 k\u00fapen\u00e9 v SR","Mo\u017en\u00fd odpo\u010det DPH","Mo\u017en\u00e1 v\u00fdmena","Mo\u017en\u00fd \u00faver","v z\u00e1ruke","TOP stav!","\u00dapln\u00e1 servisn\u00e1 hist\u00f3ria","Adaptivn\u00ed podvozek","ko\u017een\u00fd paket","Odo-pass","asistent udr\u017eov\u00e1n\u00ed j\u00edzdn\u00edho pruhu","asistent rozjezdu do kopce","kontrola mrtv\u00e9ho \u00fahlu","pr\u00e9miov\u00fd audiosyst\u00e9m Burmester","21\" disky AMG","sportovn\u00ed volant AMG","sportovn\u00ed sedadla AMG","virtu\u00e1ln\u00ed kokpit (12,3\")","ko\u017een\u00fd interi\u00e9r Nappa","MBUX Navigation Premium","AMG SPEEDSHIFT MCT 9G","AMG Ride Control+ \u2013 adaptivn\u00ed podvozek","AMG ACTIVE RIDE \/ aktivn\u00ed stabilizace n\u00e1klonu","\u0159\u00edzen\u00ed zadn\u00ed n\u00e1pravy","Elektronick\u00fd samosvorn\u00fd zadn\u00ed diferenci\u00e1l","AMG DYNAMIC SELECT \u2013 j\u00edzdn\u00ed re\u017eimy","vzduchov\u00e9 odpru\u017een\u00ed AMG","keramick\u00e9 brzdy AMG Performance","DIGITAL LIGHT s adaptivn\u00edmi funkcemi","360\u00b0 kamera","aktivn\u00ed parkovac\u00ed asistent","KEYLESS-GO","HANDS-FREE ACCESS","LCD panel","sportovn\u00ed sedadla","elektricky sklopn\u00e1 zp\u011btn\u00e1 zrc\u00e1tka","elektricky nastaviteln\u00fd volant","rozpozn\u00e1v\u00e1n\u00ed chodc\u016f"],"power_kw":620,"body_type":"Estate","condition":"Used","transmission":"automatic","vat_deductible":true,"consumption_city":null,"translation_hash":"eb189e3d96be0564dd5e828feff1126e0448d4f3","vehicle_category":"car","engine_volume_cm3":3982,"first_registration":"2024-01-01","translation_status":"done","consumption_highway":null,"consumption_combined":null},"user_id":76,"is_sponsored":false,"views_count":8,"ai_views_count":6,"ai_vendor_counts":{"meta":3,"openai":2,"anthropic":1},"visibility":"public","submission_source":null,"submission_ai_name":null,"has_owner_email":true,"can_contact_owner":true,"phone":"0902 712 917","owner_email":"ondruska@autorro.sk","user":{"id":76,"slug":"ing-marek-ondruska-76","name":"Ing. Marek Ondru\u0161ka","bio":"Makl\u00e9r. P\u016fsob\u00edm v Nitre a okol\u00ed.\n\nP\u016fsobnost: Nitra","nationality":null,"languages":[],"service_areas":[],"card_style":null,"card_palette":null,"avatar_url":"https:\/\/cdn.assetlog.ai\/avatars\/76\/avatar_max.webp?v=1786535213","avatar_thumb_url":"https:\/\/cdn.assetlog.ai\/avatars\/76\/avatar_small.webp?v=1786535213","reviews_count":0,"avg_rating":null,"seller_badge":"silver","can_calendar":true,"joined_at":"2026-07-30T03:46:23+00:00","primary_intent":null,"seeking":[],"public_assets_count":24,"public_prompts_count":0,"followers_count":0},"images":[{"id":132112,"max":"https:\/\/cdn.assetlog.ai\/assets\/157544\/mercedes-benz-amg-gt-63-s-e-performance-phev-4matic-at-470kw-a9-aj-na-splatky-protiucet_1_max.webp","medium":"https:\/\/cdn.assetlog.ai\/assets\/157544\/mercedes-benz-amg-gt-63-s-e-performance-phev-4matic-at-470kw-a9-aj-na-splatky-protiucet_1_medium.webp","small":"https:\/\/cdn.assetlog.ai\/assets\/157544\/mercedes-benz-amg-gt-63-s-e-performance-phev-4matic-at-470kw-a9-aj-na-splatky-protiucet_1_small.webp"},{"id":132113,"max":"https:\/\/cdn.assetlog.ai\/assets\/157544\/mercedes-benz-amg-gt-63-s-e-performance-phev-4matic-at-470kw-a9-aj-na-splatky-protiucet_2_max.webp","medium":"https:\/\/cdn.assetlog.ai\/assets\/157544\/mercedes-benz-amg-gt-63-s-e-performance-phev-4matic-at-470kw-a9-aj-na-splatky-protiucet_2_medium.webp","small":"https:\/\/cdn.assetlog.ai\/assets\/157544\/mercedes-benz-amg-gt-63-s-e-performance-phev-4matic-at-470kw-a9-aj-na-splatky-protiucet_2_small.webp"},{"id":132114,"max":"https:\/\/cdn.assetlog.ai\/assets\/157544\/mercedes-benz-amg-gt-63-s-e-performance-phev-4matic-at-470kw-a9-aj-na-splatky-protiucet_3_max.webp","medium":"https:\/\/cdn.assetlog.ai\/assets\/157544\/mercedes-benz-amg-gt-63-s-e-performance-phev-4matic-at-470kw-a9-aj-na-splatky-protiucet_3_medium.webp","small":"https:\/\/cdn.assetlog.ai\/assets\/157544\/mercedes-benz-amg-gt-63-s-e-performance-phev-4matic-at-470kw-a9-aj-na-splatky-protiucet_3_small.webp"},{"id":132115,"max":"https:\/\/cdn.assetlog.ai\/assets\/157544\/mercedes-benz-amg-gt-63-s-e-performance-phev-4matic-at-470kw-a9-aj-na-splatky-protiucet_4_max.webp","medium":"https:\/\/cdn.assetlog.ai\/assets\/157544\/mercedes-benz-amg-gt-63-s-e-performance-phev-4matic-at-470kw-a9-aj-na-splatky-protiucet_4_medium.webp","small":"https:\/\/cdn.assetlog.ai\/assets\/157544\/mercedes-benz-amg-gt-63-s-e-performance-phev-4matic-at-470kw-a9-aj-na-splatky-protiucet_4_small.webp"},{"id":132116,"max":"https:\/\/cdn.assetlog.ai\/assets\/157544\/mercedes-benz-amg-gt-63-s-e-performance-phev-4matic-at-470kw-a9-aj-na-splatky-protiucet_5_max.webp","medium":"https:\/\/cdn.assetlog.ai\/assets\/157544\/mercedes-benz-amg-gt-63-s-e-performance-phev-4matic-at-470kw-a9-aj-na-splatky-protiucet_5_medium.webp","small":"https:\/\/cdn.assetlog.ai\/assets\/157544\/mercedes-benz-amg-gt-63-s-e-performance-phev-4matic-at-470kw-a9-aj-na-splatky-protiucet_5_small.webp"},{"id":132117,"max":"https:\/\/cdn.assetlog.ai\/assets\/157544\/mercedes-benz-amg-gt-63-s-e-performance-phev-4matic-at-470kw-a9-aj-na-splatky-protiucet_6_max.webp","medium":"https:\/\/cdn.assetlog.ai\/assets\/157544\/mercedes-benz-amg-gt-63-s-e-performance-phev-4matic-at-470kw-a9-aj-na-splatky-protiucet_6_medium.webp","small":"https:\/\/cdn.assetlog.ai\/assets\/157544\/mercedes-benz-amg-gt-63-s-e-performance-phev-4matic-at-470kw-a9-aj-na-splatky-protiucet_6_small.webp"},{"id":132118,"max":"https:\/\/cdn.assetlog.ai\/assets\/157544\/mercedes-benz-amg-gt-63-s-e-performance-phev-4matic-at-470kw-a9-aj-na-splatky-protiucet_7_max.webp","medium":"https:\/\/cdn.assetlog.ai\/assets\/157544\/mercedes-benz-amg-gt-63-s-e-performance-phev-4matic-at-470kw-a9-aj-na-splatky-protiucet_7_medium.webp","small":"https:\/\/cdn.assetlog.ai\/assets\/157544\/mercedes-benz-amg-gt-63-s-e-performance-phev-4matic-at-470kw-a9-aj-na-splatky-protiucet_7_small.webp"},{"id":132119,"max":"https:\/\/cdn.assetlog.ai\/assets\/157544\/mercedes-benz-amg-gt-63-s-e-performance-phev-4matic-at-470kw-a9-aj-na-splatky-protiucet_8_max.webp","medium":"https:\/\/cdn.assetlog.ai\/assets\/157544\/mercedes-benz-amg-gt-63-s-e-performance-phev-4matic-at-470kw-a9-aj-na-splatky-protiucet_8_medium.webp","small":"https:\/\/cdn.assetlog.ai\/assets\/157544\/mercedes-benz-amg-gt-63-s-e-performance-phev-4matic-at-470kw-a9-aj-na-splatky-protiucet_8_small.webp"},{"id":132120,"max":"https:\/\/cdn.assetlog.ai\/assets\/157544\/mercedes-benz-amg-gt-63-s-e-performance-phev-4matic-at-470kw-a9-aj-na-splatky-protiucet_9_max.webp","medium":"https:\/\/cdn.assetlog.ai\/assets\/157544\/mercedes-benz-amg-gt-63-s-e-performance-phev-4matic-at-470kw-a9-aj-na-splatky-protiucet_9_medium.webp","small":"https:\/\/cdn.assetlog.ai\/assets\/157544\/mercedes-benz-amg-gt-63-s-e-performance-phev-4matic-at-470kw-a9-aj-na-splatky-protiucet_9_small.webp"},{"id":132121,"max":"https:\/\/cdn.assetlog.ai\/assets\/157544\/mercedes-benz-amg-gt-63-s-e-performance-phev-4matic-at-470kw-a9-aj-na-splatky-protiucet_10_max.webp","medium":"https:\/\/cdn.assetlog.ai\/assets\/157544\/mercedes-benz-amg-gt-63-s-e-performance-phev-4matic-at-470kw-a9-aj-na-splatky-protiucet_10_medium.webp","small":"https:\/\/cdn.assetlog.ai\/assets\/157544\/mercedes-benz-amg-gt-63-s-e-performance-phev-4matic-at-470kw-a9-aj-na-splatky-protiucet_10_small.webp"},{"id":132122,"max":"https:\/\/cdn.assetlog.ai\/assets\/157544\/mercedes-benz-amg-gt-63-s-e-performance-phev-4matic-at-470kw-a9-aj-na-splatky-protiucet_11_max.webp","medium":"https:\/\/cdn.assetlog.ai\/assets\/157544\/mercedes-benz-amg-gt-63-s-e-performance-phev-4matic-at-470kw-a9-aj-na-splatky-protiucet_11_medium.webp","small":"https:\/\/cdn.assetlog.ai\/assets\/157544\/mercedes-benz-amg-gt-63-s-e-performance-phev-4matic-at-470kw-a9-aj-na-splatky-protiucet_11_small.webp"},{"id":132123,"max":"https:\/\/cdn.assetlog.ai\/assets\/157544\/mercedes-benz-amg-gt-63-s-e-performance-phev-4matic-at-470kw-a9-aj-na-splatky-protiucet_12_max.webp","medium":"https:\/\/cdn.assetlog.ai\/assets\/157544\/mercedes-benz-amg-gt-63-s-e-performance-phev-4matic-at-470kw-a9-aj-na-splatky-protiucet_12_medium.webp","small":"https:\/\/cdn.assetlog.ai\/assets\/157544\/mercedes-benz-amg-gt-63-s-e-performance-phev-4matic-at-470kw-a9-aj-na-splatky-protiucet_12_small.webp"},{"id":132124,"max":"https:\/\/cdn.assetlog.ai\/assets\/157544\/mercedes-benz-amg-gt-63-s-e-performance-phev-4matic-at-470kw-a9-aj-na-splatky-protiucet_13_max.webp","medium":"https:\/\/cdn.assetlog.ai\/assets\/157544\/mercedes-benz-amg-gt-63-s-e-performance-phev-4matic-at-470kw-a9-aj-na-splatky-protiucet_13_medium.webp","small":"https:\/\/cdn.assetlog.ai\/assets\/157544\/mercedes-benz-amg-gt-63-s-e-performance-phev-4matic-at-470kw-a9-aj-na-splatky-protiucet_13_small.webp"},{"id":132125,"max":"https:\/\/cdn.assetlog.ai\/assets\/157544\/mercedes-benz-amg-gt-63-s-e-performance-phev-4matic-at-470kw-a9-aj-na-splatky-protiucet_14_max.webp","medium":"https:\/\/cdn.assetlog.ai\/assets\/157544\/mercedes-benz-amg-gt-63-s-e-performance-phev-4matic-at-470kw-a9-aj-na-splatky-protiucet_14_medium.webp","small":"https:\/\/cdn.assetlog.ai\/assets\/157544\/mercedes-benz-amg-gt-63-s-e-performance-phev-4matic-at-470kw-a9-aj-na-splatky-protiucet_14_small.webp"},{"id":132126,"max":"https:\/\/cdn.assetlog.ai\/assets\/157544\/mercedes-benz-amg-gt-63-s-e-performance-phev-4matic-at-470kw-a9-aj-na-splatky-protiucet_15_max.webp","medium":"https:\/\/cdn.assetlog.ai\/assets\/157544\/mercedes-benz-amg-gt-63-s-e-performance-phev-4matic-at-470kw-a9-aj-na-splatky-protiucet_15_medium.webp","small":"https:\/\/cdn.assetlog.ai\/assets\/157544\/mercedes-benz-amg-gt-63-s-e-performance-phev-4matic-at-470kw-a9-aj-na-splatky-protiucet_15_small.webp"},{"id":132127,"max":"https:\/\/cdn.assetlog.ai\/assets\/157544\/mercedes-benz-amg-gt-63-s-e-performance-phev-4matic-at-470kw-a9-aj-na-splatky-protiucet_16_max.webp","medium":"https:\/\/cdn.assetlog.ai\/assets\/157544\/mercedes-benz-amg-gt-63-s-e-performance-phev-4matic-at-470kw-a9-aj-na-splatky-protiucet_16_medium.webp","small":"https:\/\/cdn.assetlog.ai\/assets\/157544\/mercedes-benz-amg-gt-63-s-e-performance-phev-4matic-at-470kw-a9-aj-na-splatky-protiucet_16_small.webp"},{"id":132128,"max":"https:\/\/cdn.assetlog.ai\/assets\/157544\/mercedes-benz-amg-gt-63-s-e-performance-phev-4matic-at-470kw-a9-aj-na-splatky-protiucet_17_max.webp","medium":"https:\/\/cdn.assetlog.ai\/assets\/157544\/mercedes-benz-amg-gt-63-s-e-performance-phev-4matic-at-470kw-a9-aj-na-splatky-protiucet_17_medium.webp","small":"https:\/\/cdn.assetlog.ai\/assets\/157544\/mercedes-benz-amg-gt-63-s-e-performance-phev-4matic-at-470kw-a9-aj-na-splatky-protiucet_17_small.webp"},{"id":132129,"max":"https:\/\/cdn.assetlog.ai\/assets\/157544\/mercedes-benz-amg-gt-63-s-e-performance-phev-4matic-at-470kw-a9-aj-na-splatky-protiucet_18_max.webp","medium":"https:\/\/cdn.assetlog.ai\/assets\/157544\/mercedes-benz-amg-gt-63-s-e-performance-phev-4matic-at-470kw-a9-aj-na-splatky-protiucet_18_medium.webp","small":"https:\/\/cdn.assetlog.ai\/assets\/157544\/mercedes-benz-amg-gt-63-s-e-performance-phev-4matic-at-470kw-a9-aj-na-splatky-protiucet_18_small.webp"},{"id":132130,"max":"https:\/\/cdn.assetlog.ai\/assets\/157544\/mercedes-benz-amg-gt-63-s-e-performance-phev-4matic-at-470kw-a9-aj-na-splatky-protiucet_19_max.webp","medium":"https:\/\/cdn.assetlog.ai\/assets\/157544\/mercedes-benz-amg-gt-63-s-e-performance-phev-4matic-at-470kw-a9-aj-na-splatky-protiucet_19_medium.webp","small":"https:\/\/cdn.assetlog.ai\/assets\/157544\/mercedes-benz-amg-gt-63-s-e-performance-phev-4matic-at-470kw-a9-aj-na-splatky-protiucet_19_small.webp"},{"id":132131,"max":"https:\/\/cdn.assetlog.ai\/assets\/157544\/mercedes-benz-amg-gt-63-s-e-performance-phev-4matic-at-470kw-a9-aj-na-splatky-protiucet_20_max.webp","medium":"https:\/\/cdn.assetlog.ai\/assets\/157544\/mercedes-benz-amg-gt-63-s-e-performance-phev-4matic-at-470kw-a9-aj-na-splatky-protiucet_20_medium.webp","small":"https:\/\/cdn.assetlog.ai\/assets\/157544\/mercedes-benz-amg-gt-63-s-e-performance-phev-4matic-at-470kw-a9-aj-na-splatky-protiucet_20_small.webp"},{"id":132132,"max":"https:\/\/cdn.assetlog.ai\/assets\/157544\/mercedes-benz-amg-gt-63-s-e-performance-phev-4matic-at-470kw-a9-aj-na-splatky-protiucet_21_max.webp","medium":"https:\/\/cdn.assetlog.ai\/assets\/157544\/mercedes-benz-amg-gt-63-s-e-performance-phev-4matic-at-470kw-a9-aj-na-splatky-protiucet_21_medium.webp","small":"https:\/\/cdn.assetlog.ai\/assets\/157544\/mercedes-benz-amg-gt-63-s-e-performance-phev-4matic-at-470kw-a9-aj-na-splatky-protiucet_21_small.webp"},{"id":132133,"max":"https:\/\/cdn.assetlog.ai\/assets\/157544\/mercedes-benz-amg-gt-63-s-e-performance-phev-4matic-at-470kw-a9-aj-na-splatky-protiucet_22_max.webp","medium":"https:\/\/cdn.assetlog.ai\/assets\/157544\/mercedes-benz-amg-gt-63-s-e-performance-phev-4matic-at-470kw-a9-aj-na-splatky-protiucet_22_medium.webp","small":"https:\/\/cdn.assetlog.ai\/assets\/157544\/mercedes-benz-amg-gt-63-s-e-performance-phev-4matic-at-470kw-a9-aj-na-splatky-protiucet_22_small.webp"},{"id":132134,"max":"https:\/\/cdn.assetlog.ai\/assets\/157544\/mercedes-benz-amg-gt-63-s-e-performance-phev-4matic-at-470kw-a9-aj-na-splatky-protiucet_23_max.webp","medium":"https:\/\/cdn.assetlog.ai\/assets\/157544\/mercedes-benz-amg-gt-63-s-e-performance-phev-4matic-at-470kw-a9-aj-na-splatky-protiucet_23_medium.webp","small":"https:\/\/cdn.assetlog.ai\/assets\/157544\/mercedes-benz-amg-gt-63-s-e-performance-phev-4matic-at-470kw-a9-aj-na-splatky-protiucet_23_small.webp"},{"id":132135,"max":"https:\/\/cdn.assetlog.ai\/assets\/157544\/mercedes-benz-amg-gt-63-s-e-performance-phev-4matic-at-470kw-a9-aj-na-splatky-protiucet_24_max.webp","medium":"https:\/\/cdn.assetlog.ai\/assets\/157544\/mercedes-benz-amg-gt-63-s-e-performance-phev-4matic-at-470kw-a9-aj-na-splatky-protiucet_24_medium.webp","small":"https:\/\/cdn.assetlog.ai\/assets\/157544\/mercedes-benz-amg-gt-63-s-e-performance-phev-4matic-at-470kw-a9-aj-na-splatky-protiucet_24_small.webp"},{"id":132136,"max":"https:\/\/cdn.assetlog.ai\/assets\/157544\/mercedes-benz-amg-gt-63-s-e-performance-phev-4matic-at-470kw-a9-aj-na-splatky-protiucet_25_max.webp","medium":"https:\/\/cdn.assetlog.ai\/assets\/157544\/mercedes-benz-amg-gt-63-s-e-performance-phev-4matic-at-470kw-a9-aj-na-splatky-protiucet_25_medium.webp","small":"https:\/\/cdn.assetlog.ai\/assets\/157544\/mercedes-benz-amg-gt-63-s-e-performance-phev-4matic-at-470kw-a9-aj-na-splatky-protiucet_25_small.webp"},{"id":132137,"max":"https:\/\/cdn.assetlog.ai\/assets\/157544\/mercedes-benz-amg-gt-63-s-e-performance-phev-4matic-at-470kw-a9-aj-na-splatky-protiucet_26_max.webp","medium":"https:\/\/cdn.assetlog.ai\/assets\/157544\/mercedes-benz-amg-gt-63-s-e-performance-phev-4matic-at-470kw-a9-aj-na-splatky-protiucet_26_medium.webp","small":"https:\/\/cdn.assetlog.ai\/assets\/157544\/mercedes-benz-amg-gt-63-s-e-performance-phev-4matic-at-470kw-a9-aj-na-splatky-protiucet_26_small.webp"},{"id":132138,"max":"https:\/\/cdn.assetlog.ai\/assets\/157544\/mercedes-benz-amg-gt-63-s-e-performance-phev-4matic-at-470kw-a9-aj-na-splatky-protiucet_27_max.webp","medium":"https:\/\/cdn.assetlog.ai\/assets\/157544\/mercedes-benz-amg-gt-63-s-e-performance-phev-4matic-at-470kw-a9-aj-na-splatky-protiucet_27_medium.webp","small":"https:\/\/cdn.assetlog.ai\/assets\/157544\/mercedes-benz-amg-gt-63-s-e-performance-phev-4matic-at-470kw-a9-aj-na-splatky-protiucet_27_small.webp"},{"id":132139,"max":"https:\/\/cdn.assetlog.ai\/assets\/157544\/mercedes-benz-amg-gt-63-s-e-performance-phev-4matic-at-470kw-a9-aj-na-splatky-protiucet_28_max.webp","medium":"https:\/\/cdn.assetlog.ai\/assets\/157544\/mercedes-benz-amg-gt-63-s-e-performance-phev-4matic-at-470kw-a9-aj-na-splatky-protiucet_28_medium.webp","small":"https:\/\/cdn.assetlog.ai\/assets\/157544\/mercedes-benz-amg-gt-63-s-e-performance-phev-4matic-at-470kw-a9-aj-na-splatky-protiucet_28_small.webp"},{"id":132140,"max":"https:\/\/cdn.assetlog.ai\/assets\/157544\/mercedes-benz-amg-gt-63-s-e-performance-phev-4matic-at-470kw-a9-aj-na-splatky-protiucet_29_max.webp","medium":"https:\/\/cdn.assetlog.ai\/assets\/157544\/mercedes-benz-amg-gt-63-s-e-performance-phev-4matic-at-470kw-a9-aj-na-splatky-protiucet_29_medium.webp","small":"https:\/\/cdn.assetlog.ai\/assets\/157544\/mercedes-benz-amg-gt-63-s-e-performance-phev-4matic-at-470kw-a9-aj-na-splatky-protiucet_29_small.webp"},{"id":132141,"max":"https:\/\/cdn.assetlog.ai\/assets\/157544\/mercedes-benz-amg-gt-63-s-e-performance-phev-4matic-at-470kw-a9-aj-na-splatky-protiucet_30_max.webp","medium":"https:\/\/cdn.assetlog.ai\/assets\/157544\/mercedes-benz-amg-gt-63-s-e-performance-phev-4matic-at-470kw-a9-aj-na-splatky-protiucet_30_medium.webp","small":"https:\/\/cdn.assetlog.ai\/assets\/157544\/mercedes-benz-amg-gt-63-s-e-performance-phev-4matic-at-470kw-a9-aj-na-splatky-protiucet_30_small.webp"},{"id":132142,"max":"https:\/\/cdn.assetlog.ai\/assets\/157544\/mercedes-benz-amg-gt-63-s-e-performance-phev-4matic-at-470kw-a9-aj-na-splatky-protiucet_31_max.webp","medium":"https:\/\/cdn.assetlog.ai\/assets\/157544\/mercedes-benz-amg-gt-63-s-e-performance-phev-4matic-at-470kw-a9-aj-na-splatky-protiucet_31_medium.webp","small":"https:\/\/cdn.assetlog.ai\/assets\/157544\/mercedes-benz-amg-gt-63-s-e-performance-phev-4matic-at-470kw-a9-aj-na-splatky-protiucet_31_small.webp"},{"id":132143,"max":"https:\/\/cdn.assetlog.ai\/assets\/157544\/mercedes-benz-amg-gt-63-s-e-performance-phev-4matic-at-470kw-a9-aj-na-splatky-protiucet_32_max.webp","medium":"https:\/\/cdn.assetlog.ai\/assets\/157544\/mercedes-benz-amg-gt-63-s-e-performance-phev-4matic-at-470kw-a9-aj-na-splatky-protiucet_32_medium.webp","small":"https:\/\/cdn.assetlog.ai\/assets\/157544\/mercedes-benz-amg-gt-63-s-e-performance-phev-4matic-at-470kw-a9-aj-na-splatky-protiucet_32_small.webp"},{"id":132144,"max":"https:\/\/cdn.assetlog.ai\/assets\/157544\/mercedes-benz-amg-gt-63-s-e-performance-phev-4matic-at-470kw-a9-aj-na-splatky-protiucet_33_max.webp","medium":"https:\/\/cdn.assetlog.ai\/assets\/157544\/mercedes-benz-amg-gt-63-s-e-performance-phev-4matic-at-470kw-a9-aj-na-splatky-protiucet_33_medium.webp","small":"https:\/\/cdn.assetlog.ai\/assets\/157544\/mercedes-benz-amg-gt-63-s-e-performance-phev-4matic-at-470kw-a9-aj-na-splatky-protiucet_33_small.webp"},{"id":132145,"max":"https:\/\/cdn.assetlog.ai\/assets\/157544\/mercedes-benz-amg-gt-63-s-e-performance-phev-4matic-at-470kw-a9-aj-na-splatky-protiucet_34_max.webp","medium":"https:\/\/cdn.assetlog.ai\/assets\/157544\/mercedes-benz-amg-gt-63-s-e-performance-phev-4matic-at-470kw-a9-aj-na-splatky-protiucet_34_medium.webp","small":"https:\/\/cdn.assetlog.ai\/assets\/157544\/mercedes-benz-amg-gt-63-s-e-performance-phev-4matic-at-470kw-a9-aj-na-splatky-protiucet_34_small.webp"},{"id":132146,"max":"https:\/\/cdn.assetlog.ai\/assets\/157544\/mercedes-benz-amg-gt-63-s-e-performance-phev-4matic-at-470kw-a9-aj-na-splatky-protiucet_35_max.webp","medium":"https:\/\/cdn.assetlog.ai\/assets\/157544\/mercedes-benz-amg-gt-63-s-e-performance-phev-4matic-at-470kw-a9-aj-na-splatky-protiucet_35_medium.webp","small":"https:\/\/cdn.assetlog.ai\/assets\/157544\/mercedes-benz-amg-gt-63-s-e-performance-phev-4matic-at-470kw-a9-aj-na-splatky-protiucet_35_small.webp"},{"id":132147,"max":"https:\/\/cdn.assetlog.ai\/assets\/157544\/mercedes-benz-amg-gt-63-s-e-performance-phev-4matic-at-470kw-a9-aj-na-splatky-protiucet_36_max.webp","medium":"https:\/\/cdn.assetlog.ai\/assets\/157544\/mercedes-benz-amg-gt-63-s-e-performance-phev-4matic-at-470kw-a9-aj-na-splatky-protiucet_36_medium.webp","small":"https:\/\/cdn.assetlog.ai\/assets\/157544\/mercedes-benz-amg-gt-63-s-e-performance-phev-4matic-at-470kw-a9-aj-na-splatky-protiucet_36_small.webp"},{"id":132148,"max":"https:\/\/cdn.assetlog.ai\/assets\/157544\/mercedes-benz-amg-gt-63-s-e-performance-phev-4matic-at-470kw-a9-aj-na-splatky-protiucet_37_max.webp","medium":"https:\/\/cdn.assetlog.ai\/assets\/157544\/mercedes-benz-amg-gt-63-s-e-performance-phev-4matic-at-470kw-a9-aj-na-splatky-protiucet_37_medium.webp","small":"https:\/\/cdn.assetlog.ai\/assets\/157544\/mercedes-benz-amg-gt-63-s-e-performance-phev-4matic-at-470kw-a9-aj-na-splatky-protiucet_37_small.webp"},{"id":132149,"max":"https:\/\/cdn.assetlog.ai\/assets\/157544\/mercedes-benz-amg-gt-63-s-e-performance-phev-4matic-at-470kw-a9-aj-na-splatky-protiucet_38_max.webp","medium":"https:\/\/cdn.assetlog.ai\/assets\/157544\/mercedes-benz-amg-gt-63-s-e-performance-phev-4matic-at-470kw-a9-aj-na-splatky-protiucet_38_medium.webp","small":"https:\/\/cdn.assetlog.ai\/assets\/157544\/mercedes-benz-amg-gt-63-s-e-performance-phev-4matic-at-470kw-a9-aj-na-splatky-protiucet_38_small.webp"},{"id":132150,"max":"https:\/\/cdn.assetlog.ai\/assets\/157544\/mercedes-benz-amg-gt-63-s-e-performance-phev-4matic-at-470kw-a9-aj-na-splatky-protiucet_39_max.webp","medium":"https:\/\/cdn.assetlog.ai\/assets\/157544\/mercedes-benz-amg-gt-63-s-e-performance-phev-4matic-at-470kw-a9-aj-na-splatky-protiucet_39_medium.webp","small":"https:\/\/cdn.assetlog.ai\/assets\/157544\/mercedes-benz-amg-gt-63-s-e-performance-phev-4matic-at-470kw-a9-aj-na-splatky-protiucet_39_small.webp"},{"id":132151,"max":"https:\/\/cdn.assetlog.ai\/assets\/157544\/mercedes-benz-amg-gt-63-s-e-performance-phev-4matic-at-470kw-a9-aj-na-splatky-protiucet_40_max.webp","medium":"https:\/\/cdn.assetlog.ai\/assets\/157544\/mercedes-benz-amg-gt-63-s-e-performance-phev-4matic-at-470kw-a9-aj-na-splatky-protiucet_40_medium.webp","small":"https:\/\/cdn.assetlog.ai\/assets\/157544\/mercedes-benz-amg-gt-63-s-e-performance-phev-4matic-at-470kw-a9-aj-na-splatky-protiucet_40_small.webp"}],"published_at":null,"expires_at":null,"created_at":"2026-08-18T03:45:13+00:00","updated_at":"2026-09-01T03:41:04+00:00"}}